{"id":267073,"date":"2024-04-02T10:00:00","date_gmt":"2024-04-02T10:00:00","guid":{"rendered":"https:\/\/transinfo.pl\/x\/infotrans\/via-vistula-zajmie-sie-wroclawskimi-badaniami-ruchu-za-ponad-2-mln-zl\/"},"modified":"2024-04-02T10:00:00","modified_gmt":"2024-04-02T10:00:00","slug":"via-vistula-zajmie-sie-wroclawskimi-badaniami-ruchu-za-ponad-2-mln-zl","status":"publish","type":"infotrans","link":"https:\/\/transinfo.pl\/x\/infotrans\/via-vistula-zajmie-sie-wroclawskimi-badaniami-ruchu-za-ponad-2-mln-zl\/","title":{"rendered":"Via Vistula zajmie si\u0119 wroc\u0142awskimi badaniami ruchu. Za ponad 2 mln z\u0142"},"content":{"rendered":"<style>h1,h2,h3,h4,h5,h6{margin:0 0 1.25rem;font-family:Arial,sans-serif;font-weight:600;color:#050505}h1{font-size:1.875rem;line-height:1.1em;text-transform:none}@media(min-width: 768px){h1{font-size:2.375rem}}h2{font-size:1.1875rem;line-height:1.2em;text-transform:uppercase}@media(min-width: 768px){h2{font-size:1.0625rem}}h3{font-size:0.9375rem;line-height:1.4em;font-weight:900;margin-bottom:0.9375rem}h4{font-size:0.875rem;line-height:1.2em;font-weight:500}h5{font-size:0.9375rem;line-height:1.6;font-weight:400}h6{font-size:0.9375rem;line-height:1.6;font-weight:600}\n<\/style>\n<h3 class=\"wp-block-heading\" id=\"h-po-swietach-we-wroclawiu-ruszy-kompleksowe-badanie-ruchu-kbr-ktore-pokaze-sposob-przemieszczania-sie-mieszkancow-miasta-i-gmin-sasiednich\">Po \u015awi\u0119tach we Wroc\u0142awiu ruszy Kompleksowe Badanie Ruchu (KBR).kt\u00f3re poka\u017ce spos\u00f3b przemieszczania si\u0119 mieszka\u0144c\u00f3w miasta i gmin s\u0105siednich.<\/h3>\n\n\n<style>p{margin:0 0 1.5rem}p:last-child{margin:0}p.is-style-uppercase{text-transform:uppercase}p.is-style-preheading{color:#12406a;text-transform:uppercase}p.is-style-leadparagraph{font-size:1rem;line-height:1.625;font-weight:700}@media(min-width: 768px){p.is-style-leadparagraph{font-size:1.125rem;line-height:1.5555555556}}p.has-small-margin{margin-bottom:0.625rem}p.has-small-margin+h1,p.has-small-margin+h2,p.has-small-margin+h3{margin-top:1.875rem}\n<\/style>\n<p>Tak kompleksowe przedsi\u0119wzi\u0119cie Wroc\u0142aw realizuje raz na kilka lat. Wyniki bada\u0144 s\u0105 bardzo potrzebne, aby w\u0142a\u015bciwie planowa\u0107 inwestycje czy dokonywa\u0107 korekt w kursowaniu komunikacji miejskiej. To w kierunku stworzenia bardziej atrakcyjnego transportu publicznego.<\/p>\n\n\n\n<h2 class=\"wp-block-heading\" id=\"h-kompleksowe-badanie-ruchu\">Kompleksowe Badanie Ruchu<\/h2>\n\n\n\n<p>KBR analizuje spos\u00f3b przemieszczania si\u0119 mieszka\u0144c\u00f3w Wroc\u0142awia i gmin s\u0105siednich. Pierwsze zrealizowano w latach 2010\/11, kolejne w 2018 roku, a teraz b\u0119dzie ich najnowsza edycja. Obejmie obszar aglomeracji wroc\u0142awskiej, czyli poza Wroc\u0142awiem tak\u017ce dziewi\u0119\u0107 gmin o\u015bciennych.<\/p>\n\n\n\n<p>\u0141\u0105cznie ankieterzy spotkaj\u0105 si\u0119 z oko\u0142o dziewi\u0119cioma tysi\u0105cami os\u00f3b. B\u0119d\u0105 wyposa\u017ceni w identyfikatory. Ka\u017cdy b\u0119dzie mia\u0142 r\u00f3wnie\u017c przy sobie kopi\u0119 listu podpisanego przez prezydenta Jacka Sutryka uzasadniaj\u0105cego potrzeb\u0119 przeprowadzenia tego badania. Ankieterzy b\u0119d\u0105 odwiedza\u0107 mieszka\u0144c\u00f3w w domach i mieszkaniach, ale tak\u017ce rozmawia\u0107 z nimi np. na przystankach.<\/p>\n\n\n<style>.wp-block-quote{border-left:0.1875rem solid var(--page-color);font-size:1rem;font-style:italic;margin:0 0 1.6875rem;padding:1.25rem}.wp-block-quote cite{color:#050505}.wp-block-quote.is-style-large p{margin-bottom:10px}.wp-block-quote.is-style-large cite{color:#12406a}\n<\/style>\n<blockquote class=\"wp-block-quote is-layout-flow wp-block-quote-is-layout-flow\">\n<p>-\u201eJednym z g\u0142\u00f3wnych sk\u0142adowych bada\u0144 s\u0105 wywiady ankietowe przeprowadzane z mieszka\u0144cami w ich gospodarstwach domowych, podczas kt\u00f3rych zbierane s\u0105 informacje o wszystkich podr\u00f3\u017cach, kt\u00f3re odbyli oni w typowy dzie\u0144 roboczy. W badaniu uczestniczy zazwyczaj oko\u0142o jednego procenta losowo wybranych mieszka\u0144c\u00f3w. Poka\u017ce to, w jakich godzinach, sk\u0105d, dok\u0105d, jakimi \u015brodkami transportu i w jakim celu przemieszczamy si\u0119 po Wroc\u0142awiu i okolicach \u2013 powiedzia\u0142a Monika Koz\u0142owska-\u015awi\u0119conek z Biura Zr\u00f3wnowa\u017conej Mobilno\u015bci.<\/p>\n<\/blockquote>\n\n\n\n<p>Tegoroczne badania rusza zaraz po \u015bwi\u0119tach.<\/p>\n\n\n\n<blockquote class=\"wp-block-quote is-layout-flow wp-block-quote-is-layout-flow\">\n<p>-\u201eNasi ankieterzy b\u0119d\u0105 nie tylko odwiedza\u0107 mieszka\u0144c\u00f3w w domach, ale tak\u017ce rozmawia\u0107 z nimi na przystankach czy ulicach. Przy pomocy tablet\u00f3w b\u0119d\u0105 odnotowywa\u0107 odpowiedzi respondent\u00f3w. Bardzo liczymy na zaanga\u017cowanie wroc\u0142awian. O post\u0119pach i kolejnych etapach b\u0119dziemy informowa\u0107 na bie\u017c\u0105co, bo przed nami ca\u0142a kampania informacyjna. Badania potrwaj\u0105 do ko\u0144ca roku szkolnego \u2013 przekaza\u0142 Bart\u0142omiej Wiertel z firmy Via Vistula, kt\u00f3ra wykonuje badanie ruchu.<\/p>\n<\/blockquote>\n\n\n\n<p>ViaVistula badanie przeprowadzi badanie za 2,3 mln z\u0142. To by\u0142a najkorzystniejsza oferta w przetargu przeprowadzonym na pocz\u0105tku roku.<\/p>\n\n\n<style>.wp-block-image{margin:1.25rem 0;text-align:center}.wp-block-image figcaption{padding:0 0.9375rem;text-align:center}\n<\/style>\n<figure class=\"wp-block-image size-full\"><img decoding=\"async\" src=\"https:\/\/transinfo.pl\/wp-content\/uploads\/2024\/03\/konferencja-foto-1.jpg\" alt=\"Wroc\u0142aw: Rusza Kompleksowe Badanie Ruchu\" class=\"wp-image-469572\" \/><figcaption class=\"wp-element-caption\">Wroc\u0142aw: Rusza Kompleksowe Badanie Ruchu<\/figcaption><\/figure>\n\n\n\n<h2 class=\"wp-block-heading\" id=\"h-policza-samochody-i-pasazerow-w-mpk\">Policz\u0105 samochody i pasa\u017cer\u00f3w w MPK<\/h2>\n\n\n\n<p>Innym elementem badania s\u0105 pomiary liczby samochod\u00f3w, rowerzyst\u00f3w i pieszych oraz liczby pasa\u017cer\u00f3w korzystaj\u0105cych z komunikacji zbiorowej. Kamery oraz obserwatorzy licz\u0105 pojazdy i podr\u00f3\u017cnych w kilkuset punktach pomiarowych, co pozwala na wierne odwzorowanie sytuacji transportowej na ulicach i w komunikacji zbiorowej w ca\u0142ym badanym obszarze.<\/p>\n\n\n\n<p>To dzi\u0119ki kompleksowemu badaniu ruchu urz\u0105d miejski m.in. wie, \u017ce w 2018 roku 41 proc. podr\u00f3\u017cy wroc\u0142awianie odbywali samochodami osobowymi, a mieszka\u0144cy gmin s\u0105siednich a\u017c 66 proc., co przek\u0142ada\u0142o si\u0119 na ponad 240 tys. aut wje\u017cd\u017caj\u0105cych codziennie do Wroc\u0142awia. Z kolei podr\u00f3\u017ce wroc\u0142awian w prawie 28 proc. stanowi\u0142y przejazdy komunikacj\u0105 zbiorow\u0105, a podr\u00f3\u017ce mieszka\u0144c\u00f3w gmin o\u015bciennych jedynie w 14 proc. Znaczna cz\u0119\u015b\u0107 tych wszystkich podr\u00f3\u017cy by\u0142a zwi\u0105zana z prac\u0105, a wi\u0119c by\u0142y to codziennie obowi\u0105zkowe dojazdy.<\/p>\n\n\n\n<p>W czasie trwania badania zdiagnozowane zostan\u0105 tak\u017ce najcz\u0119\u015bciej wybierane linie transportu zbiorowego, najbardziej oblegane odcinki tras tramwajowych, czy te\u017c stacje i dworce kolejowe z najwi\u0119ksz\u0105 liczb\u0105 pasa\u017cer\u00f3w. Wszystko to, i wiele innych danych, pozwoli na racjonalne oraz efektywne planowanie rozwoju transportu w mie\u015bcie, jak na przyk\u0142ad korekty siatki po\u0142\u0105cze\u0144 komunikacji zbiorowej, lokalizacj\u0119 nowych parking\u00f3w P+R czy planowanie nowych inwestycji drogowych.<\/p>\n\n\n\n<p>Wyniki bada\u0144 poznamy w listopadzie.<\/p>\n\n\n\n<figure class=\"wp-block-image aligncenter size-full\"><img decoding=\"async\" src=\"https:\/\/transinfo.pl\/wp-content\/uploads\/2024\/03\/kbr_prezentacja_konferencja-prasowa-27.03.2024_slajd8-2.jpg\" alt=\"Wroc\u0142aw: Rusza Kompleksowe Badanie Ruchu\" class=\"wp-image-469577\" \/><figcaption class=\"wp-element-caption\">Wroc\u0142aw: Rusza Kompleksowe Badanie Ruchu<\/figcaption><\/figure>\n","protected":false},"author":2,"featured_media":267074,"comment_status":"","ping_status":"closed","template":"","categories":[28],"tags":[594,137,3103,20227,55],"class_list":["post-267073","infotrans","type-infotrans","status-publish","has-post-thumbnail","hentry","category-pasazer","tag-badanie","tag-komunikacja-miejska","tag-transport-publiczny","tag-via-vistula","tag-wroclaw"],"acf":[],"yoast_head":"<!-- This site is optimized with the Yoast SEO Premium plugin v21.8 (Yoast SEO v23.7) - https:\/\/yoast.com\/wordpress\/plugins\/seo\/ -->\n<title>Via Vistula zajmie si\u0119 wroc\u0142awskimi badaniami ruchu. Za ponad 2 mln z\u0142 - TransInfo Archiwum<\/title>\n<meta name=\"description\" content=\"Po \u015awi\u0119tach we Wroc\u0142awiu ruszy Kompleksowe Badanie Ruchu (KBR).kt\u00f3re poka\u017ce spos\u00f3b przemieszczania si\u0119 mieszka\u0144c\u00f3w miasta i gmin s\u0105siednich.\" \/>\n<meta name=\"robots\" content=\"index, follow, max-snippet:-1, max-image-preview:large, max-video-preview:-1\" \/>\n<link rel=\"canonical\" href=\"https:\/\/transinfo.pl\/x\/infotrans\/via-vistula-zajmie-sie-wroclawskimi-badaniami-ruchu-za-ponad-2-mln-zl\/\" \/>\n<meta property=\"og:locale\" content=\"pl_PL\" \/>\n<meta property=\"og:type\" content=\"article\" \/>\n<meta property=\"og:title\" content=\"Via Vistula zajmie si\u0119 wroc\u0142awskimi badaniami ruchu. Za ponad 2 mln z\u0142\" \/>\n<meta property=\"og:description\" content=\"Po \u015awi\u0119tach we Wroc\u0142awiu ruszy Kompleksowe Badanie Ruchu (KBR).kt\u00f3re poka\u017ce spos\u00f3b przemieszczania si\u0119 mieszka\u0144c\u00f3w miasta i gmin s\u0105siednich.\" \/>\n<meta property=\"og:url\" content=\"https:\/\/transinfo.pl\/x\/infotrans\/via-vistula-zajmie-sie-wroclawskimi-badaniami-ruchu-za-ponad-2-mln-zl\/\" \/>\n<meta property=\"og:site_name\" content=\"TransInfo Archiwum\" \/>\n<meta property=\"og:image\" content=\"https:\/\/transinfo.pl\/x\/wp-content\/uploads\/2024\/03\/konferencja-foto2.jpg\" \/>\n\t<meta property=\"og:image:width\" content=\"1\" \/>\n\t<meta property=\"og:image:height\" content=\"1\" \/>\n\t<meta property=\"og:image:type\" content=\"image\/jpeg\" \/>\n<meta name=\"twitter:card\" content=\"summary_large_image\" \/>\n<meta name=\"twitter:label1\" content=\"Szacowany czas czytania\" \/>\n\t<meta name=\"twitter:data1\" content=\"3 minuty\" \/>\n<script type=\"application\/ld+json\" class=\"yoast-schema-graph\">{\"@context\":\"https:\/\/schema.org\",\"@graph\":[{\"@type\":\"WebPage\",\"@id\":\"https:\/\/transinfo.pl\/x\/infotrans\/via-vistula-zajmie-sie-wroclawskimi-badaniami-ruchu-za-ponad-2-mln-zl\/\",\"url\":\"https:\/\/transinfo.pl\/x\/infotrans\/via-vistula-zajmie-sie-wroclawskimi-badaniami-ruchu-za-ponad-2-mln-zl\/\",\"name\":\"Via Vistula zajmie si\u0119 wroc\u0142awskimi badaniami ruchu. Za ponad 2 mln z\u0142 - TransInfo Archiwum\",\"isPartOf\":{\"@id\":\"https:\/\/transinfo.pl\/x\/#website\"},\"primaryImageOfPage\":{\"@id\":\"https:\/\/transinfo.pl\/x\/infotrans\/via-vistula-zajmie-sie-wroclawskimi-badaniami-ruchu-za-ponad-2-mln-zl\/#primaryimage\"},\"image\":{\"@id\":\"https:\/\/transinfo.pl\/x\/infotrans\/via-vistula-zajmie-sie-wroclawskimi-badaniami-ruchu-za-ponad-2-mln-zl\/#primaryimage\"},\"thumbnailUrl\":\"https:\/\/transinfo.pl\/x\/wp-content\/uploads\/2024\/03\/konferencja-foto2.jpg\",\"datePublished\":\"2024-04-02T10:00:00+00:00\",\"dateModified\":\"2024-04-02T10:00:00+00:00\",\"description\":\"Po \u015awi\u0119tach we Wroc\u0142awiu ruszy Kompleksowe Badanie Ruchu (KBR).kt\u00f3re poka\u017ce spos\u00f3b przemieszczania si\u0119 mieszka\u0144c\u00f3w miasta i gmin s\u0105siednich.\",\"breadcrumb\":{\"@id\":\"https:\/\/transinfo.pl\/x\/infotrans\/via-vistula-zajmie-sie-wroclawskimi-badaniami-ruchu-za-ponad-2-mln-zl\/#breadcrumb\"},\"inLanguage\":\"pl-PL\",\"potentialAction\":[{\"@type\":\"ReadAction\",\"target\":[\"https:\/\/transinfo.pl\/x\/infotrans\/via-vistula-zajmie-sie-wroclawskimi-badaniami-ruchu-za-ponad-2-mln-zl\/\"]}]},{\"@type\":\"ImageObject\",\"inLanguage\":\"pl-PL\",\"@id\":\"https:\/\/transinfo.pl\/x\/infotrans\/via-vistula-zajmie-sie-wroclawskimi-badaniami-ruchu-za-ponad-2-mln-zl\/#primaryimage\",\"url\":\"https:\/\/transinfo.pl\/x\/wp-content\/uploads\/2024\/03\/konferencja-foto2.jpg\",\"contentUrl\":\"https:\/\/transinfo.pl\/x\/wp-content\/uploads\/2024\/03\/konferencja-foto2.jpg\"},{\"@type\":\"BreadcrumbList\",\"@id\":\"https:\/\/transinfo.pl\/x\/infotrans\/via-vistula-zajmie-sie-wroclawskimi-badaniami-ruchu-za-ponad-2-mln-zl\/#breadcrumb\",\"itemListElement\":[{\"@type\":\"ListItem\",\"position\":1,\"name\":\"Home\",\"item\":\"https:\/\/transinfo.pl\/x\/\"},{\"@type\":\"ListItem\",\"position\":2,\"name\":\"Infotrans\",\"item\":\"https:\/\/transinfo.pl\/x\/infotrans\/\"},{\"@type\":\"ListItem\",\"position\":3,\"name\":\"Via Vistula zajmie si\u0119 wroc\u0142awskimi badaniami ruchu. Za ponad 2 mln z\u0142\"}]},{\"@type\":\"WebSite\",\"@id\":\"https:\/\/transinfo.pl\/x\/#website\",\"url\":\"https:\/\/transinfo.pl\/x\/\",\"name\":\"TransInfo Archiwum\",\"description\":\"Ca\u0142y transport w jednym miejscu\",\"publisher\":{\"@id\":\"https:\/\/transinfo.pl\/x\/#organization\"},\"potentialAction\":[{\"@type\":\"SearchAction\",\"target\":{\"@type\":\"EntryPoint\",\"urlTemplate\":\"https:\/\/transinfo.pl\/x\/?s={search_term_string}\"},\"query-input\":{\"@type\":\"PropertyValueSpecification\",\"valueRequired\":true,\"valueName\":\"search_term_string\"}}],\"inLanguage\":\"pl-PL\"},{\"@type\":\"Organization\",\"@id\":\"https:\/\/transinfo.pl\/x\/#organization\",\"name\":\"TransInfo\",\"url\":\"https:\/\/transinfo.pl\/x\/\",\"logo\":{\"@type\":\"ImageObject\",\"inLanguage\":\"pl-PL\",\"@id\":\"https:\/\/transinfo.pl\/x\/#\/schema\/logo\/image\/\",\"url\":\"https:\/\/transinfo.pl\/x\/wp-content\/uploads\/2024\/10\/favicon.png\",\"contentUrl\":\"https:\/\/transinfo.pl\/x\/wp-content\/uploads\/2024\/10\/favicon.png\",\"width\":512,\"height\":512,\"caption\":\"TransInfo\"},\"image\":{\"@id\":\"https:\/\/transinfo.pl\/x\/#\/schema\/logo\/image\/\"}}]}<\/script>\n<!-- \/ Yoast SEO Premium plugin. -->","yoast_head_json":{"title":"Via Vistula zajmie si\u0119 wroc\u0142awskimi badaniami ruchu. Za ponad 2 mln z\u0142 - TransInfo Archiwum","description":"Po \u015awi\u0119tach we Wroc\u0142awiu ruszy Kompleksowe Badanie Ruchu (KBR).kt\u00f3re poka\u017ce spos\u00f3b przemieszczania si\u0119 mieszka\u0144c\u00f3w miasta i gmin s\u0105siednich.","robots":{"index":"index","follow":"follow","max-snippet":"max-snippet:-1","max-image-preview":"max-image-preview:large","max-video-preview":"max-video-preview:-1"},"canonical":"https:\/\/transinfo.pl\/x\/infotrans\/via-vistula-zajmie-sie-wroclawskimi-badaniami-ruchu-za-ponad-2-mln-zl\/","og_locale":"pl_PL","og_type":"article","og_title":"Via Vistula zajmie si\u0119 wroc\u0142awskimi badaniami ruchu. Za ponad 2 mln z\u0142","og_description":"Po \u015awi\u0119tach we Wroc\u0142awiu ruszy Kompleksowe Badanie Ruchu (KBR).kt\u00f3re poka\u017ce spos\u00f3b przemieszczania si\u0119 mieszka\u0144c\u00f3w miasta i gmin s\u0105siednich.","og_url":"https:\/\/transinfo.pl\/x\/infotrans\/via-vistula-zajmie-sie-wroclawskimi-badaniami-ruchu-za-ponad-2-mln-zl\/","og_site_name":"TransInfo Archiwum","og_image":[{"url":"https:\/\/transinfo.pl\/x\/wp-content\/uploads\/2024\/03\/konferencja-foto2.jpg","width":1,"height":1,"type":"image\/jpeg"}],"twitter_card":"summary_large_image","twitter_misc":{"Szacowany czas czytania":"3 minuty"},"schema":{"@context":"https:\/\/schema.org","@graph":[{"@type":"WebPage","@id":"https:\/\/transinfo.pl\/x\/infotrans\/via-vistula-zajmie-sie-wroclawskimi-badaniami-ruchu-za-ponad-2-mln-zl\/","url":"https:\/\/transinfo.pl\/x\/infotrans\/via-vistula-zajmie-sie-wroclawskimi-badaniami-ruchu-za-ponad-2-mln-zl\/","name":"Via Vistula zajmie si\u0119 wroc\u0142awskimi badaniami ruchu. Za ponad 2 mln z\u0142 - TransInfo Archiwum","isPartOf":{"@id":"https:\/\/transinfo.pl\/x\/#website"},"primaryImageOfPage":{"@id":"https:\/\/transinfo.pl\/x\/infotrans\/via-vistula-zajmie-sie-wroclawskimi-badaniami-ruchu-za-ponad-2-mln-zl\/#primaryimage"},"image":{"@id":"https:\/\/transinfo.pl\/x\/infotrans\/via-vistula-zajmie-sie-wroclawskimi-badaniami-ruchu-za-ponad-2-mln-zl\/#primaryimage"},"thumbnailUrl":"https:\/\/transinfo.pl\/x\/wp-content\/uploads\/2024\/03\/konferencja-foto2.jpg","datePublished":"2024-04-02T10:00:00+00:00","dateModified":"2024-04-02T10:00:00+00:00","description":"Po \u015awi\u0119tach we Wroc\u0142awiu ruszy Kompleksowe Badanie Ruchu (KBR).kt\u00f3re poka\u017ce spos\u00f3b przemieszczania si\u0119 mieszka\u0144c\u00f3w miasta i gmin s\u0105siednich.","breadcrumb":{"@id":"https:\/\/transinfo.pl\/x\/infotrans\/via-vistula-zajmie-sie-wroclawskimi-badaniami-ruchu-za-ponad-2-mln-zl\/#breadcrumb"},"inLanguage":"pl-PL","potentialAction":[{"@type":"ReadAction","target":["https:\/\/transinfo.pl\/x\/infotrans\/via-vistula-zajmie-sie-wroclawskimi-badaniami-ruchu-za-ponad-2-mln-zl\/"]}]},{"@type":"ImageObject","inLanguage":"pl-PL","@id":"https:\/\/transinfo.pl\/x\/infotrans\/via-vistula-zajmie-sie-wroclawskimi-badaniami-ruchu-za-ponad-2-mln-zl\/#primaryimage","url":"https:\/\/transinfo.pl\/x\/wp-content\/uploads\/2024\/03\/konferencja-foto2.jpg","contentUrl":"https:\/\/transinfo.pl\/x\/wp-content\/uploads\/2024\/03\/konferencja-foto2.jpg"},{"@type":"BreadcrumbList","@id":"https:\/\/transinfo.pl\/x\/infotrans\/via-vistula-zajmie-sie-wroclawskimi-badaniami-ruchu-za-ponad-2-mln-zl\/#breadcrumb","itemListElement":[{"@type":"ListItem","position":1,"name":"Home","item":"https:\/\/transinfo.pl\/x\/"},{"@type":"ListItem","position":2,"name":"Infotrans","item":"https:\/\/transinfo.pl\/x\/infotrans\/"},{"@type":"ListItem","position":3,"name":"Via Vistula zajmie si\u0119 wroc\u0142awskimi badaniami ruchu. Za ponad 2 mln z\u0142"}]},{"@type":"WebSite","@id":"https:\/\/transinfo.pl\/x\/#website","url":"https:\/\/transinfo.pl\/x\/","name":"TransInfo Archiwum","description":"Ca\u0142y transport w jednym miejscu","publisher":{"@id":"https:\/\/transinfo.pl\/x\/#organization"},"potentialAction":[{"@type":"SearchAction","target":{"@type":"EntryPoint","urlTemplate":"https:\/\/transinfo.pl\/x\/?s={search_term_string}"},"query-input":{"@type":"PropertyValueSpecification","valueRequired":true,"valueName":"search_term_string"}}],"inLanguage":"pl-PL"},{"@type":"Organization","@id":"https:\/\/transinfo.pl\/x\/#organization","name":"TransInfo","url":"https:\/\/transinfo.pl\/x\/","logo":{"@type":"ImageObject","inLanguage":"pl-PL","@id":"https:\/\/transinfo.pl\/x\/#\/schema\/logo\/image\/","url":"https:\/\/transinfo.pl\/x\/wp-content\/uploads\/2024\/10\/favicon.png","contentUrl":"https:\/\/transinfo.pl\/x\/wp-content\/uploads\/2024\/10\/favicon.png","width":512,"height":512,"caption":"TransInfo"},"image":{"@id":"https:\/\/transinfo.pl\/x\/#\/schema\/logo\/image\/"}}]}},"_links":{"self":[{"href":"https:\/\/transinfo.pl\/x\/wp-json\/wp\/v2\/infotrans\/267073","targetHints":{"allow":["GET"]}}],"collection":[{"href":"https:\/\/transinfo.pl\/x\/wp-json\/wp\/v2\/infotrans"}],"about":[{"href":"https:\/\/transinfo.pl\/x\/wp-json\/wp\/v2\/types\/infotrans"}],"author":[{"embeddable":true,"href":"https:\/\/transinfo.pl\/x\/wp-json\/wp\/v2\/users\/2"}],"replies":[{"embeddable":true,"href":"https:\/\/transinfo.pl\/x\/wp-json\/wp\/v2\/comments?post=267073"}],"wp:featuredmedia":[{"embeddable":true,"href":"https:\/\/transinfo.pl\/x\/wp-json\/wp\/v2\/media\/267074"}],"wp:attachment":[{"href":"https:\/\/transinfo.pl\/x\/wp-json\/wp\/v2\/media?parent=267073"}],"wp:term":[{"taxonomy":"category","embeddable":true,"href":"https:\/\/transinfo.pl\/x\/wp-json\/wp\/v2\/categories?post=267073"},{"taxonomy":"post_tag","embeddable":true,"href":"https:\/\/transinfo.pl\/x\/wp-json\/wp\/v2\/tags?post=267073"}],"curies":[{"name":"wp","href":"https:\/\/api.w.org\/{rel}","templated":true}]}}