{"id":266829,"date":"2024-03-26T21:09:00","date_gmt":"2024-03-26T21:09:00","guid":{"rendered":"https:\/\/transinfo.pl\/x\/infotrans\/uczniowie-i-studenci-pojada-lodzka-koleja-aglomeracyjna-za-darmo-od-lipca\/"},"modified":"2024-03-26T21:09:00","modified_gmt":"2024-03-26T21:09:00","slug":"uczniowie-i-studenci-pojada-lodzka-koleja-aglomeracyjna-za-darmo-od-lipca","status":"publish","type":"infotrans","link":"https:\/\/transinfo.pl\/x\/infotrans\/uczniowie-i-studenci-pojada-lodzka-koleja-aglomeracyjna-za-darmo-od-lipca\/","title":{"rendered":"Uczniowie i studenci pojad\u0105 \u0141\u00f3dzk\u0105 Kolej\u0105 Aglomeracyjn\u0105 za darmo. Od lipca"},"content":{"rendered":"<style>p{margin:0 0 1.5rem}p:last-child{margin:0}p.is-style-uppercase{text-transform:uppercase}p.is-style-preheading{color:#12406a;text-transform:uppercase}p.is-style-leadparagraph{font-size:1rem;line-height:1.625;font-weight:700}@media(min-width: 768px){p.is-style-leadparagraph{font-size:1.125rem;line-height:1.5555555556}}p.has-small-margin{margin-bottom:0.625rem}p.has-small-margin+h1,p.has-small-margin+h2,p.has-small-margin+h3{margin-top:1.875rem}\n<\/style>\n<p><strong>Ju\u017c od lipca ucz\u0105ce si\u0119 dzieci i m\u0142odzie\u017c oraz studenci b\u0119d\u0105 mogli je\u017adzi\u0107 poci\u0105gami i autobusami \u0141\u00f3dzkiej Kolei Aglomeracyjnej bez op\u0142at. <\/strong><\/p>\n\n\n\n<p>To kolejny krok samorz\u0105du w walce z wykluczeniem komunikacyjnym w wojew\u00f3dztwie i jeden z pomys\u0142\u00f3w na rozw\u00f3j naszego regionalnego przewo\u017anika. Now\u0105 ofert\u0119 i plany m.in. na po\u0142\u0105czenia do Cz\u0119stochowy i Kielc, przedstawi\u0142 26 marca marsza\u0142ek Grzegorz Schreiber przy okazji przekazania <a href=\"https:\/\/transinfo.pl\/infobus\/lodzka-kolej-aglomeracyjna-odebrala-pierwsze-autobusy-mini-od-creobus\/\">sp\u00f3\u0142ce minibus\u00f3w kupionych z projektu Centralny Port Komunikacyjny.<\/a><\/p>\n\n\n<style>h1,h2,h3,h4,h5,h6{margin:0 0 1.25rem;font-family:Arial,sans-serif;font-weight:600;color:#050505}h1{font-size:1.875rem;line-height:1.1em;text-transform:none}@media(min-width: 768px){h1{font-size:2.375rem}}h2{font-size:1.1875rem;line-height:1.2em;text-transform:uppercase}@media(min-width: 768px){h2{font-size:1.0625rem}}h3{font-size:0.9375rem;line-height:1.4em;font-weight:900;margin-bottom:0.9375rem}h4{font-size:0.875rem;line-height:1.2em;font-weight:500}h5{font-size:0.9375rem;line-height:1.6;font-weight:400}h6{font-size:0.9375rem;line-height:1.6;font-weight:600}\n<\/style>\n<h2 class=\"wp-block-heading\" id=\"h-zerowy-bilet\">zerowy bilet <\/h2>\n\n\n\n<p>Bilet zero z\u0142otych dla uczni\u00f3w i student\u00f3w do 26. roku \u017cycia to wyj\u015bcie naprzeciw potrzebom os\u00f3b m\u0142odych, najbardziej aktywnych, a cz\u0119sto nie maj\u0105cych swojego samochodu, czyli innego \u015brodka komunikacji. <\/p>\n\n\n<style>.wp-block-quote{border-left:0.1875rem solid var(--page-color);font-size:1rem;font-style:italic;margin:0 0 1.6875rem;padding:1.25rem}.wp-block-quote cite{color:#050505}.wp-block-quote.is-style-large p{margin-bottom:10px}.wp-block-quote.is-style-large cite{color:#12406a}\n<\/style>\n<blockquote class=\"wp-block-quote is-layout-flow wp-block-quote-is-layout-flow\">\n<p>-&#8222;W ten spos\u00f3b chcemy zapewni\u0107 im mo\u017cliwo\u015b\u0107 \u0142atwiejszego przemieszczania si\u0119 po naszym wojew\u00f3dztwie \u2013 m\u00f3wi marsza\u0142ek Grzegorz Schreiber. \u2013 Przejazd autobusem czy poci\u0105giem np. do stolicy wojew\u00f3dztwa, umo\u017cliwia im nauk\u0119, rozw\u00f3j i realizacj\u0119 pasji.<\/p>\n<\/blockquote>\n\n\n\n<p>Nowy bilet b\u0119dzie obowi\u0105zywa\u0142 od 1 lipca. W tym momencie trwa przygotowanie szczeg\u00f3\u0142\u00f3w oferty.<\/p>\n\n\n\n<p>Zwolnienie uczni\u00f3w i student\u00f3w z koszt\u00f3w podr\u00f3\u017cy \u0141KA w \u0141\u00f3dzkiem to tylko cz\u0119\u015b\u0107 tegorocznych plan\u00f3w sp\u00f3\u0142ki. Po grudniowej korekcie rozk\u0142adu jazdy, poci\u0105gi \u0141KA \u2013 na pocz\u0105tek w weekendy \u2013 b\u0119d\u0105 jeszcze w tym roku dowozi\u0107 pasa\u017cer\u00f3w do Cz\u0119stochowy i Kielc. Przyb\u0119dzie te\u017c nowych po\u0142\u0105cze\u0144 w ramach projektu Kolejowej Komunikacji Autobusowej. Po otwarciu wiaduktu w Bedoniu, autobusy KKA b\u0119d\u0105 dowozi\u0107 na tamtejsz\u0105 stacj\u0119 kolejow\u0105 mieszka\u0144c\u00f3w Brzezin, Woli Rakowej i Bukowca, ale na 2024 rok zaplanowane jest utworzenie kolejnych 6 linii tzw. \u201eostatniej mili\u201d.<\/p>\n\n\n<style>.wp-block-image{margin:1.25rem 0;text-align:center}.wp-block-image figcaption{padding:0 0.9375rem;text-align:center}\n<\/style>\n<figure class=\"wp-block-image size-large\"><a href=\"https:\/\/transinfo.pl\/wp-content\/uploads\/2024\/03\/transport-publiczny-lodzkie-3-2.jpg\"><img decoding=\"async\" src=\"https:\/\/transinfo.pl\/wp-content\/uploads\/2024\/03\/transport-publiczny-lodzkie-3-2-1024x683.jpg\" alt=\"Uczniowie i studenci b\u0119d\u0105 podr\u00f3\u017cowa\u0107 \u0141KA za darmo \" class=\"wp-image-469161\" \/><\/a><figcaption class=\"wp-element-caption\">Uczniowie i studenci b\u0119d\u0105 podr\u00f3\u017cowa\u0107 \u0141KA za darmo<\/figcaption><\/figure>\n\n\n\n<h2 class=\"wp-block-heading\" id=\"h-nowe-autobusy\">Nowe autobusy <\/h2>\n\n\n\n<p>W\u0142a\u015bnie na tych liniach mieszka\u0144c\u00f3w \u0141\u00f3dzkiego b\u0119d\u0105 wozi\u0107 nowe minibusy przekazane naszemu wojew\u00f3dztwu przez sp\u00f3\u0142k\u0119 CPK. Umowa obejmuje dostaw\u0119 14 pojazd\u00f3w, a na pocz\u0105tek na zaplecze techniczne \u0141KA trafi\u0142o sze\u015b\u0107 nowiutkich mercedes\u00f3w, z kt\u00f3rych ka\u017cdy dysponuje 22 miejscami siedz\u0105cymi.<\/p>\n\n\n\n<blockquote class=\"wp-block-quote is-layout-flow wp-block-quote-is-layout-flow\">\n<p>-&#8222;Gdy w listopadzie podpisywali\u015bmy umow\u0119 z \u00f3wczesnym ministrem Marcinem Hora\u0142\u0105, naszym celem by\u0142 rozw\u00f3j naszych gmin, powiat\u00f3w i naszego wojew\u00f3dztwa w ramach ca\u0142ego projektu Centralnego Portu Komunikacyjnego i walka z wykluczeniem komunikacyjnym \u2013 przypomina marsza\u0142ek Grzegorz Schreiber. \u2013 Tym sposobem zwi\u0119kszamy liczb\u0119 pasa\u017cer\u00f3w \u0141KA, je\u017cd\u017c\u0105cych do \u0141odzi czy \u2013 perspektywicznie \u2013 do CPK.<\/p>\n<\/blockquote>\n\n\n\n<figure class=\"wp-block-image size-large\"><a href=\"https:\/\/transinfo.pl\/wp-content\/uploads\/2024\/03\/transport-publiczny-lodzkie-1.jpg\"><img decoding=\"async\" src=\"https:\/\/transinfo.pl\/wp-content\/uploads\/2024\/03\/transport-publiczny-lodzkie-1-1024x683.jpg\" alt=\"Uczniowie i studenci b\u0119d\u0105 podr\u00f3\u017cowa\u0107 \u0141KA za darmo \" class=\"wp-image-469157\" \/><\/a><figcaption class=\"wp-element-caption\">Uczniowie i studenci b\u0119d\u0105 podr\u00f3\u017cowa\u0107 \u0141KA za darmo<\/figcaption><\/figure>\n\n\n\n<h2 class=\"wp-block-heading\" id=\"h-nowe-pociagi\">Nowe poci\u0105gi <\/h2>\n\n\n\n<p>W prezentacji nowych bus\u00f3w, kt\u00f3re w teren wyjad\u0105\u00a0 ju\u017c na prze\u0142omie kwietnia i maja, wzi\u0105\u0142 tak\u017ce udzia\u0142 Janusz Malinowski, prezes \u0141KA. M\u00f3wi\u0142 o inwestycjach w tabor, bo sp\u00f3\u0142ka, w zwi\u0105zku z rosn\u0105c\u0105 liczb\u0105 pasa\u017cer\u00f3w oraz planami poszerzenia listy po\u0142\u0105cze\u0144 czeka na 4 trzycz\u0142onowe, elektryczne poci\u0105gi PESA. Na tory w \u0141\u00f3dzkiem wyjad\u0105 one w przysz\u0142ym roku, a w maju 2026 \u0141KA dostanie 10 nast\u0119pnych zespo\u0142\u00f3w. Tabor sp\u00f3\u0142ki wzmocni te\u017c w ci\u0105gu najbli\u017cszych lat 10 nowych poci\u0105g\u00f3w pi\u0119ciocz\u0142onowych. \u0141KA szykuje si\u0119 r\u00f3wnie\u017c do budowy nowego zaplecza technicznego na Janowie.<\/p>\n\n\n\n<p>Nowe poci\u0105gi s\u0105 niezb\u0119dne ze wzgl\u0119du na realizacj\u0119 przez samorz\u0105d \u0141\u00f3dzkiego dw\u00f3ch projekt\u00f3w z programu Kolej Plus (odbudowa linii nr 24 Be\u0142chat\u00f3w &#8211; Piotrk\u00f3w Tryb. i budowa nowej linii kolejowej Chorzew Siemkowice \u2013 Wielu\u0144), a tak\u017ce plany nowych po\u0142\u0105cze\u0144 na terenie wojew\u00f3dztwa i aglomeracji \u0142\u00f3dzkiej:<\/p>\n\n\n<style>.page-content ul:not([class]),.acf-block ul:not([class]),.editor-rich-text ul,ol{padding-left:0.9375rem;margin-top:0;margin-bottom:1.5rem}.page-content ul:not([class]) ul,.page-content ul:not([class]) ol,.acf-block ul:not([class]) ul,.acf-block ul:not([class]) ol,.editor-rich-text ul ul,.editor-rich-text ul ol,ol ul,ol ol{margin:0}.page-content ul:not([class]) li,.acf-block ul:not([class]) li,.editor-rich-text ul li,ol li{margin-bottom:1.5rem}ul.with-icons{list-style:none;margin-left:0;padding-left:0}ul.with-icons li{margin-bottom:1.875rem}ul.with-icons li img{margin-bottom:15px}\n<\/style>\n<ul class=\"wp-block-list\">\n<li>\u0141\u00f3d\u017a Kaliska &#8211; Zdu\u0144ska Wola\/Karsznice &#8211; Chorzew Siemkowice \u2013 Cz\u0119stochowa<br>(grudzie\u0144 br.)<\/li>\n\n\n\n<li>2 linie aglomeracyjne 2026r (W1: Zgierz &#8211; \u0141\u00f3d\u017a \u017babieniec \u2013 \u0141\u00f3d\u017a Koziny \u2013 \u0141\u00f3d\u017a Polesie &#8211; \u0141\u00f3d\u017a \u015ar\u00f3dmie\u015bcie &#8211; \u0141\u00f3d\u017a Fabryczna &#8211; \u0141\u00f3d\u017a Niciarniana &#8211; \u0141\u00f3d\u017a Widzew\/Koluszki) oraz W2: Pabianice &#8211; \u0141\u00f3d\u017a Kaliska &#8211; \u0141\u00f3d\u017a Koziny \u2013 \u0141\u00f3d\u017a Polesie &#8211; \u0141\u00f3d\u017a \u015ar\u00f3dmie\u015bcie &#8211; \u0141\u00f3d\u017a Fabryczna &#8211; \u0141\u00f3d\u017a Niciarniana &#8211; \u0141\u00f3d\u017a Widzew\/Koluszki)<\/li>\n\n\n\n<li>Be\u0142chat\u00f3w &#8211; Piotrk\u00f3w Trybunalski &#8211; \u0141\u00f3d\u017a Fabryczna (2028r.)<\/li>\n\n\n\n<li>\u0141\u00f3d\u017a Kaliska &#8211; Chorzew Siemkowice \u2013 Wielu\u0144 &#8211; Wierusz\u00f3w (2028r.).<\/li>\n<\/ul>\n","protected":false},"author":2,"featured_media":266830,"comment_status":"","ping_status":"closed","template":"","categories":[28],"tags":[795,21986,2576,1045,3103,2088],"class_list":["post-266829","infotrans","type-infotrans","status-publish","has-post-thumbnail","hentry","category-pasazer","tag-bilet","tag-komunikacja-regionalna","tag-lka","tag-lodzkie","tag-transport-publiczny","tag-ulga"],"acf":[],"yoast_head":"<!-- This site is optimized with the Yoast SEO Premium plugin v21.8 (Yoast SEO v23.7) - https:\/\/yoast.com\/wordpress\/plugins\/seo\/ -->\n<title>Uczniowie i studenci pojad\u0105 \u0141\u00f3dzk\u0105 Kolej\u0105 Aglomeracyjn\u0105 za darmo. Od lipca - TransInfo Archiwum<\/title>\n<meta name=\"description\" content=\"Ju\u017c od lipca ucz\u0105ce si\u0119 dzieci i m\u0142odzie\u017c oraz studenci b\u0119d\u0105 mogli je\u017adzi\u0107 poci\u0105gami i autobusami \u0141\u00f3dzkiej Kolei Aglomeracyjnej bez op\u0142at.\" \/>\n<meta name=\"robots\" content=\"index, follow, max-snippet:-1, max-image-preview:large, max-video-preview:-1\" \/>\n<link rel=\"canonical\" href=\"https:\/\/transinfo.pl\/x\/infotrans\/uczniowie-i-studenci-pojada-lodzka-koleja-aglomeracyjna-za-darmo-od-lipca\/\" \/>\n<meta property=\"og:locale\" content=\"pl_PL\" \/>\n<meta property=\"og:type\" content=\"article\" \/>\n<meta property=\"og:title\" content=\"Uczniowie i studenci pojad\u0105 \u0141\u00f3dzk\u0105 Kolej\u0105 Aglomeracyjn\u0105 za darmo. Od lipca\" \/>\n<meta property=\"og:description\" content=\"Ju\u017c od lipca ucz\u0105ce si\u0119 dzieci i m\u0142odzie\u017c oraz studenci b\u0119d\u0105 mogli je\u017adzi\u0107 poci\u0105gami i autobusami \u0141\u00f3dzkiej Kolei Aglomeracyjnej bez op\u0142at.\" \/>\n<meta property=\"og:url\" content=\"https:\/\/transinfo.pl\/x\/infotrans\/uczniowie-i-studenci-pojada-lodzka-koleja-aglomeracyjna-za-darmo-od-lipca\/\" \/>\n<meta property=\"og:site_name\" content=\"TransInfo Archiwum\" \/>\n<meta property=\"og:image\" content=\"https:\/\/transinfo.pl\/x\/wp-content\/uploads\/2024\/03\/transport-publiczny-lodzkie-2.jpg\" \/>\n\t<meta property=\"og:image:width\" content=\"1\" \/>\n\t<meta property=\"og:image:height\" content=\"1\" \/>\n\t<meta property=\"og:image:type\" content=\"image\/jpeg\" \/>\n<meta name=\"twitter:card\" content=\"summary_large_image\" \/>\n<meta name=\"twitter:label1\" content=\"Szacowany czas czytania\" \/>\n\t<meta name=\"twitter:data1\" content=\"3 minuty\" \/>\n<script type=\"application\/ld+json\" class=\"yoast-schema-graph\">{\"@context\":\"https:\/\/schema.org\",\"@graph\":[{\"@type\":\"WebPage\",\"@id\":\"https:\/\/transinfo.pl\/x\/infotrans\/uczniowie-i-studenci-pojada-lodzka-koleja-aglomeracyjna-za-darmo-od-lipca\/\",\"url\":\"https:\/\/transinfo.pl\/x\/infotrans\/uczniowie-i-studenci-pojada-lodzka-koleja-aglomeracyjna-za-darmo-od-lipca\/\",\"name\":\"Uczniowie i studenci pojad\u0105 \u0141\u00f3dzk\u0105 Kolej\u0105 Aglomeracyjn\u0105 za darmo. Od lipca - TransInfo Archiwum\",\"isPartOf\":{\"@id\":\"https:\/\/transinfo.pl\/x\/#website\"},\"primaryImageOfPage\":{\"@id\":\"https:\/\/transinfo.pl\/x\/infotrans\/uczniowie-i-studenci-pojada-lodzka-koleja-aglomeracyjna-za-darmo-od-lipca\/#primaryimage\"},\"image\":{\"@id\":\"https:\/\/transinfo.pl\/x\/infotrans\/uczniowie-i-studenci-pojada-lodzka-koleja-aglomeracyjna-za-darmo-od-lipca\/#primaryimage\"},\"thumbnailUrl\":\"https:\/\/transinfo.pl\/x\/wp-content\/uploads\/2024\/03\/transport-publiczny-lodzkie-2.jpg\",\"datePublished\":\"2024-03-26T21:09:00+00:00\",\"dateModified\":\"2024-03-26T21:09:00+00:00\",\"description\":\"Ju\u017c od lipca ucz\u0105ce si\u0119 dzieci i m\u0142odzie\u017c oraz studenci b\u0119d\u0105 mogli je\u017adzi\u0107 poci\u0105gami i autobusami \u0141\u00f3dzkiej Kolei Aglomeracyjnej bez op\u0142at.\",\"breadcrumb\":{\"@id\":\"https:\/\/transinfo.pl\/x\/infotrans\/uczniowie-i-studenci-pojada-lodzka-koleja-aglomeracyjna-za-darmo-od-lipca\/#breadcrumb\"},\"inLanguage\":\"pl-PL\",\"potentialAction\":[{\"@type\":\"ReadAction\",\"target\":[\"https:\/\/transinfo.pl\/x\/infotrans\/uczniowie-i-studenci-pojada-lodzka-koleja-aglomeracyjna-za-darmo-od-lipca\/\"]}]},{\"@type\":\"ImageObject\",\"inLanguage\":\"pl-PL\",\"@id\":\"https:\/\/transinfo.pl\/x\/infotrans\/uczniowie-i-studenci-pojada-lodzka-koleja-aglomeracyjna-za-darmo-od-lipca\/#primaryimage\",\"url\":\"https:\/\/transinfo.pl\/x\/wp-content\/uploads\/2024\/03\/transport-publiczny-lodzkie-2.jpg\",\"contentUrl\":\"https:\/\/transinfo.pl\/x\/wp-content\/uploads\/2024\/03\/transport-publiczny-lodzkie-2.jpg\"},{\"@type\":\"BreadcrumbList\",\"@id\":\"https:\/\/transinfo.pl\/x\/infotrans\/uczniowie-i-studenci-pojada-lodzka-koleja-aglomeracyjna-za-darmo-od-lipca\/#breadcrumb\",\"itemListElement\":[{\"@type\":\"ListItem\",\"position\":1,\"name\":\"Home\",\"item\":\"https:\/\/transinfo.pl\/x\/\"},{\"@type\":\"ListItem\",\"position\":2,\"name\":\"Infotrans\",\"item\":\"https:\/\/transinfo.pl\/x\/infotrans\/\"},{\"@type\":\"ListItem\",\"position\":3,\"name\":\"Uczniowie i studenci pojad\u0105 \u0141\u00f3dzk\u0105 Kolej\u0105 Aglomeracyjn\u0105 za darmo. Od lipca\"}]},{\"@type\":\"WebSite\",\"@id\":\"https:\/\/transinfo.pl\/x\/#website\",\"url\":\"https:\/\/transinfo.pl\/x\/\",\"name\":\"TransInfo Archiwum\",\"description\":\"Ca\u0142y transport w jednym miejscu\",\"publisher\":{\"@id\":\"https:\/\/transinfo.pl\/x\/#organization\"},\"potentialAction\":[{\"@type\":\"SearchAction\",\"target\":{\"@type\":\"EntryPoint\",\"urlTemplate\":\"https:\/\/transinfo.pl\/x\/?s={search_term_string}\"},\"query-input\":{\"@type\":\"PropertyValueSpecification\",\"valueRequired\":true,\"valueName\":\"search_term_string\"}}],\"inLanguage\":\"pl-PL\"},{\"@type\":\"Organization\",\"@id\":\"https:\/\/transinfo.pl\/x\/#organization\",\"name\":\"TransInfo\",\"url\":\"https:\/\/transinfo.pl\/x\/\",\"logo\":{\"@type\":\"ImageObject\",\"inLanguage\":\"pl-PL\",\"@id\":\"https:\/\/transinfo.pl\/x\/#\/schema\/logo\/image\/\",\"url\":\"https:\/\/transinfo.pl\/x\/wp-content\/uploads\/2024\/10\/favicon.png\",\"contentUrl\":\"https:\/\/transinfo.pl\/x\/wp-content\/uploads\/2024\/10\/favicon.png\",\"width\":512,\"height\":512,\"caption\":\"TransInfo\"},\"image\":{\"@id\":\"https:\/\/transinfo.pl\/x\/#\/schema\/logo\/image\/\"}}]}<\/script>\n<!-- \/ Yoast SEO Premium plugin. -->","yoast_head_json":{"title":"Uczniowie i studenci pojad\u0105 \u0141\u00f3dzk\u0105 Kolej\u0105 Aglomeracyjn\u0105 za darmo. Od lipca - TransInfo Archiwum","description":"Ju\u017c od lipca ucz\u0105ce si\u0119 dzieci i m\u0142odzie\u017c oraz studenci b\u0119d\u0105 mogli je\u017adzi\u0107 poci\u0105gami i autobusami \u0141\u00f3dzkiej Kolei Aglomeracyjnej bez op\u0142at.","robots":{"index":"index","follow":"follow","max-snippet":"max-snippet:-1","max-image-preview":"max-image-preview:large","max-video-preview":"max-video-preview:-1"},"canonical":"https:\/\/transinfo.pl\/x\/infotrans\/uczniowie-i-studenci-pojada-lodzka-koleja-aglomeracyjna-za-darmo-od-lipca\/","og_locale":"pl_PL","og_type":"article","og_title":"Uczniowie i studenci pojad\u0105 \u0141\u00f3dzk\u0105 Kolej\u0105 Aglomeracyjn\u0105 za darmo. Od lipca","og_description":"Ju\u017c od lipca ucz\u0105ce si\u0119 dzieci i m\u0142odzie\u017c oraz studenci b\u0119d\u0105 mogli je\u017adzi\u0107 poci\u0105gami i autobusami \u0141\u00f3dzkiej Kolei Aglomeracyjnej bez op\u0142at.","og_url":"https:\/\/transinfo.pl\/x\/infotrans\/uczniowie-i-studenci-pojada-lodzka-koleja-aglomeracyjna-za-darmo-od-lipca\/","og_site_name":"TransInfo Archiwum","og_image":[{"url":"https:\/\/transinfo.pl\/x\/wp-content\/uploads\/2024\/03\/transport-publiczny-lodzkie-2.jpg","width":1,"height":1,"type":"image\/jpeg"}],"twitter_card":"summary_large_image","twitter_misc":{"Szacowany czas czytania":"3 minuty"},"schema":{"@context":"https:\/\/schema.org","@graph":[{"@type":"WebPage","@id":"https:\/\/transinfo.pl\/x\/infotrans\/uczniowie-i-studenci-pojada-lodzka-koleja-aglomeracyjna-za-darmo-od-lipca\/","url":"https:\/\/transinfo.pl\/x\/infotrans\/uczniowie-i-studenci-pojada-lodzka-koleja-aglomeracyjna-za-darmo-od-lipca\/","name":"Uczniowie i studenci pojad\u0105 \u0141\u00f3dzk\u0105 Kolej\u0105 Aglomeracyjn\u0105 za darmo. Od lipca - TransInfo Archiwum","isPartOf":{"@id":"https:\/\/transinfo.pl\/x\/#website"},"primaryImageOfPage":{"@id":"https:\/\/transinfo.pl\/x\/infotrans\/uczniowie-i-studenci-pojada-lodzka-koleja-aglomeracyjna-za-darmo-od-lipca\/#primaryimage"},"image":{"@id":"https:\/\/transinfo.pl\/x\/infotrans\/uczniowie-i-studenci-pojada-lodzka-koleja-aglomeracyjna-za-darmo-od-lipca\/#primaryimage"},"thumbnailUrl":"https:\/\/transinfo.pl\/x\/wp-content\/uploads\/2024\/03\/transport-publiczny-lodzkie-2.jpg","datePublished":"2024-03-26T21:09:00+00:00","dateModified":"2024-03-26T21:09:00+00:00","description":"Ju\u017c od lipca ucz\u0105ce si\u0119 dzieci i m\u0142odzie\u017c oraz studenci b\u0119d\u0105 mogli je\u017adzi\u0107 poci\u0105gami i autobusami \u0141\u00f3dzkiej Kolei Aglomeracyjnej bez op\u0142at.","breadcrumb":{"@id":"https:\/\/transinfo.pl\/x\/infotrans\/uczniowie-i-studenci-pojada-lodzka-koleja-aglomeracyjna-za-darmo-od-lipca\/#breadcrumb"},"inLanguage":"pl-PL","potentialAction":[{"@type":"ReadAction","target":["https:\/\/transinfo.pl\/x\/infotrans\/uczniowie-i-studenci-pojada-lodzka-koleja-aglomeracyjna-za-darmo-od-lipca\/"]}]},{"@type":"ImageObject","inLanguage":"pl-PL","@id":"https:\/\/transinfo.pl\/x\/infotrans\/uczniowie-i-studenci-pojada-lodzka-koleja-aglomeracyjna-za-darmo-od-lipca\/#primaryimage","url":"https:\/\/transinfo.pl\/x\/wp-content\/uploads\/2024\/03\/transport-publiczny-lodzkie-2.jpg","contentUrl":"https:\/\/transinfo.pl\/x\/wp-content\/uploads\/2024\/03\/transport-publiczny-lodzkie-2.jpg"},{"@type":"BreadcrumbList","@id":"https:\/\/transinfo.pl\/x\/infotrans\/uczniowie-i-studenci-pojada-lodzka-koleja-aglomeracyjna-za-darmo-od-lipca\/#breadcrumb","itemListElement":[{"@type":"ListItem","position":1,"name":"Home","item":"https:\/\/transinfo.pl\/x\/"},{"@type":"ListItem","position":2,"name":"Infotrans","item":"https:\/\/transinfo.pl\/x\/infotrans\/"},{"@type":"ListItem","position":3,"name":"Uczniowie i studenci pojad\u0105 \u0141\u00f3dzk\u0105 Kolej\u0105 Aglomeracyjn\u0105 za darmo. Od lipca"}]},{"@type":"WebSite","@id":"https:\/\/transinfo.pl\/x\/#website","url":"https:\/\/transinfo.pl\/x\/","name":"TransInfo Archiwum","description":"Ca\u0142y transport w jednym miejscu","publisher":{"@id":"https:\/\/transinfo.pl\/x\/#organization"},"potentialAction":[{"@type":"SearchAction","target":{"@type":"EntryPoint","urlTemplate":"https:\/\/transinfo.pl\/x\/?s={search_term_string}"},"query-input":{"@type":"PropertyValueSpecification","valueRequired":true,"valueName":"search_term_string"}}],"inLanguage":"pl-PL"},{"@type":"Organization","@id":"https:\/\/transinfo.pl\/x\/#organization","name":"TransInfo","url":"https:\/\/transinfo.pl\/x\/","logo":{"@type":"ImageObject","inLanguage":"pl-PL","@id":"https:\/\/transinfo.pl\/x\/#\/schema\/logo\/image\/","url":"https:\/\/transinfo.pl\/x\/wp-content\/uploads\/2024\/10\/favicon.png","contentUrl":"https:\/\/transinfo.pl\/x\/wp-content\/uploads\/2024\/10\/favicon.png","width":512,"height":512,"caption":"TransInfo"},"image":{"@id":"https:\/\/transinfo.pl\/x\/#\/schema\/logo\/image\/"}}]}},"_links":{"self":[{"href":"https:\/\/transinfo.pl\/x\/wp-json\/wp\/v2\/infotrans\/266829","targetHints":{"allow":["GET"]}}],"collection":[{"href":"https:\/\/transinfo.pl\/x\/wp-json\/wp\/v2\/infotrans"}],"about":[{"href":"https:\/\/transinfo.pl\/x\/wp-json\/wp\/v2\/types\/infotrans"}],"author":[{"embeddable":true,"href":"https:\/\/transinfo.pl\/x\/wp-json\/wp\/v2\/users\/2"}],"replies":[{"embeddable":true,"href":"https:\/\/transinfo.pl\/x\/wp-json\/wp\/v2\/comments?post=266829"}],"wp:featuredmedia":[{"embeddable":true,"href":"https:\/\/transinfo.pl\/x\/wp-json\/wp\/v2\/media\/266830"}],"wp:attachment":[{"href":"https:\/\/transinfo.pl\/x\/wp-json\/wp\/v2\/media?parent=266829"}],"wp:term":[{"taxonomy":"category","embeddable":true,"href":"https:\/\/transinfo.pl\/x\/wp-json\/wp\/v2\/categories?post=266829"},{"taxonomy":"post_tag","embeddable":true,"href":"https:\/\/transinfo.pl\/x\/wp-json\/wp\/v2\/tags?post=266829"}],"curies":[{"name":"wp","href":"https:\/\/api.w.org\/{rel}","templated":true}]}}