{"id":266806,"date":"2024-03-26T14:08:00","date_gmt":"2024-03-26T14:08:00","guid":{"rendered":"https:\/\/transinfo.pl\/x\/infotrans\/mimo-podwyzek-rosnie-liczba-wakatow-wsrod-kierowcow-i-motorniczych-mpk-wroclaw\/"},"modified":"2024-03-26T14:08:00","modified_gmt":"2024-03-26T14:08:00","slug":"mimo-podwyzek-rosnie-liczba-wakatow-wsrod-kierowcow-i-motorniczych-mpk-wroclaw","status":"publish","type":"infotrans","link":"https:\/\/transinfo.pl\/x\/infotrans\/mimo-podwyzek-rosnie-liczba-wakatow-wsrod-kierowcow-i-motorniczych-mpk-wroclaw\/","title":{"rendered":"Mimo podwy\u017cek ro\u015bnie liczba wakat\u00f3w w\u015br\u00f3d kierowc\u00f3w i motorniczych MPK Wroc\u0142aw"},"content":{"rendered":"<style>h1,h2,h3,h4,h5,h6{margin:0 0 1.25rem;font-family:Arial,sans-serif;font-weight:600;color:#050505}h1{font-size:1.875rem;line-height:1.1em;text-transform:none}@media(min-width: 768px){h1{font-size:2.375rem}}h2{font-size:1.1875rem;line-height:1.2em;text-transform:uppercase}@media(min-width: 768px){h2{font-size:1.0625rem}}h3{font-size:0.9375rem;line-height:1.4em;font-weight:900;margin-bottom:0.9375rem}h4{font-size:0.875rem;line-height:1.2em;font-weight:500}h5{font-size:0.9375rem;line-height:1.6;font-weight:400}h6{font-size:0.9375rem;line-height:1.6;font-weight:600}\n<\/style>\n<h3 class=\"wp-block-heading\" id=\"h-blisko-150-kierowcow-i-motorniczych-brakuje-w-miejskim-przedsiebiorstwie-komunikacyjnemu-we-wroclawiu-wypadaja-tez-kursy\">Blisko 150 kierowc\u00f3w i\u00a0motorniczych brakuje w\u00a0Miejskim Przedsi\u0119biorstwie Komunikacyjnemu we Wroc\u0142awiu. Wypadaj\u0105 te\u017c kursy. <\/h3>\n\n\n<style>p{margin:0 0 1.5rem}p:last-child{margin:0}p.is-style-uppercase{text-transform:uppercase}p.is-style-preheading{color:#12406a;text-transform:uppercase}p.is-style-leadparagraph{font-size:1rem;line-height:1.625;font-weight:700}@media(min-width: 768px){p.is-style-leadparagraph{font-size:1.125rem;line-height:1.5555555556}}p.has-small-margin{margin-bottom:0.625rem}p.has-small-margin+h1,p.has-small-margin+h2,p.has-small-margin+h3{margin-top:1.875rem}\n<\/style>\n<p>Najwi\u0119ksz\u0105 fal\u0119 odej\u015b\u0107 MPK do\u015bwiadczy\u0142o w&nbsp;pandemii, ale wraz ze zniesieniem ogranicze\u0144 tendencji nie uda\u0142o si\u0119 odwr\u00f3ci\u0107 i&nbsp;miejski transport wci\u0105\u017c boryka si\u0119 z&nbsp;brakami w&nbsp;kadrach. Jesieni\u0105 ta sytuacja sta\u0142a si\u0119 jeszcze trudniejsza &#8211; wraz ze zwi\u0119kszeniem zada\u0144 przewozowych.<\/p>\n\n\n\n<h2 class=\"wp-block-heading\" id=\"h-statystki-strato-kursow\">Statystki strato kurs\u00f3w <\/h2>\n\n\n\n<p>Efekt? Ponad 7,5 tys. odwo\u0142anych kurs\u00f3w MPK Wroc\u0142aw, w tym: &nbsp;<\/p>\n\n\n<style>.page-content ul:not([class]),.acf-block ul:not([class]),.editor-rich-text ul,ol{padding-left:0.9375rem;margin-top:0;margin-bottom:1.5rem}.page-content ul:not([class]) ul,.page-content ul:not([class]) ol,.acf-block ul:not([class]) ul,.acf-block ul:not([class]) ol,.editor-rich-text ul ul,.editor-rich-text ul ol,ol ul,ol ol{margin:0}.page-content ul:not([class]) li,.acf-block ul:not([class]) li,.editor-rich-text ul li,ol li{margin-bottom:1.5rem}ul.with-icons{list-style:none;margin-left:0;padding-left:0}ul.with-icons li{margin-bottom:1.875rem}ul.with-icons li img{margin-bottom:15px}\n<\/style>\n<ul class=\"wp-block-list\">\n<li>4988 razy w zakresie autobus\u00f3w, w tym 2532 &#8222;strat kurs\u00f3w&#8221; wynika\u0142o z braku kierowc\u00f3w, 2364 z tzw. zdarze\u0144 losowych a 91 z braku pojazd\u00f3w;<\/li>\n<\/ul>\n\n\n\n<ul class=\"wp-block-list\">\n<li>2590 razy w zakresie tramwaj\u00f3w, w tym 832 &#8222;strat kurs\u00f3w&#8221; wynika\u0142o z braku motorniczych, 1487 z tzw. zdarze\u0144 losowych.<\/li>\n<\/ul>\n\n\n\n<p>To statystyki dotycz\u0105 okresu od pocz\u0105tku stycznia do po\u0142owy lutego bie\u017c\u0105cego roku. Co jest tego powodem? Najwi\u0119cej przez awarie i zmiany tras. Brakuje te\u017c motorniczych i kierowc\u00f3w<\/p>\n\n\n\n<p>MPK i jego podwykonawcy dysponuj\u0105 wi\u0119c odpowiedni\u0105 flot\u0105. Autobus\u00f3w jest na tyle du\u017co, \u017ce s\u0105 one w stanie pokry\u0107 wszystkie linie.<\/p>\n\n\n\n<p>Najwi\u0119ksze problemy pojawia\u0142y si\u0119 m.in. 9 i 10 stycznia, kiedy \u0142\u0105cznie nie uda\u0142o si\u0119 zrealizowa\u0107 prawie 500 kurs\u00f3w. 18 stycznia by\u0142 dniem rekordowym z a\u017c 273 &#8222;stratami&#8221; kurs\u00f3w. Wcale nie lepiej by\u0142o 15 lutego (219 &#8222;strat&#8221;). Najspokojniej na mie\u015bcie by\u0142o 14 stycznia, kiedy tylko 12 razy autobusy nie uko\u0144czy\u0142y swoich kurs\u00f3w lub w og\u00f3le nie wyjecha\u0142y na wroc\u0142awskie ulice.<\/p>\n\n\n<style>.wp-block-image{margin:1.25rem 0;text-align:center}.wp-block-image figcaption{padding:0 0.9375rem;text-align:center}\n<\/style>\n<figure class=\"wp-block-image aligncenter size-full\"><a href=\"https:\/\/transinfo.pl\/wp-content\/uploads\/2024\/03\/rekrutacja-MPK-Wroclaw-1.jpg\"><img decoding=\"async\" src=\"https:\/\/transinfo.pl\/wp-content\/uploads\/2024\/03\/rekrutacja-MPK-Wroclaw-1.jpg\" alt=\"\" class=\"wp-image-468866\" \/><\/a><\/figure>\n\n\n\n<p><\/p>\n\n\n\n<h2 class=\"wp-block-heading\" id=\"h-ile-zarabiaja-kierowcy-i-motorniczy\">Ile zarabiaj\u0105 kierowcy i motorniczy?<\/h2>\n\n\n<style>.wp-block-quote{border-left:0.1875rem solid var(--page-color);font-size:1rem;font-style:italic;margin:0 0 1.6875rem;padding:1.25rem}.wp-block-quote cite{color:#050505}.wp-block-quote.is-style-large p{margin-bottom:10px}.wp-block-quote.is-style-large cite{color:#12406a}\n<\/style>\n<blockquote class=\"wp-block-quote is-layout-flow wp-block-quote-is-layout-flow\">\n<p>-&#8222;Braki kadrowe w\u015br\u00f3d motorniczych mi\u0119dzy styczniem i&nbsp;wrze\u015bniem 2023 r. kszta\u0142towa\u0142y si\u0119 na poziomie 9&nbsp;etat\u00f3w, natomiast od pa\u017adziernika wraz ze zwi\u0119kszeniem zada\u0144 przewozowych wzros\u0142y do \u015brednio&nbsp;57 etat\u00f3w w&nbsp;okresie od pa\u017adziernika do grudnia&nbsp;&#8211;&nbsp;wylicza w&nbsp;rozmowie z&nbsp;Portalem Samorz\u0105dowym Daniel Misiek z&nbsp;MPK Wroc\u0142aw.<\/p>\n<\/blockquote>\n\n\n\n<p>Zatrudnieni ledwie umo\u017cliwiaj\u0105 pokrycie obsady wszystkich pojazd\u00f3w obs\u0142uguj\u0105cych sie\u0107 po\u0142\u0105cze\u0144. W\u015br\u00f3d kierowc\u00f3w autobus\u00f3w w&nbsp;grudniu&nbsp;niedob\u00f3r dotyczy\u0142 111 etat\u00f3w.<\/p>\n\n\n\n<p>Miasto stara\u0142o si\u0119 za\u017cegna\u0107 problem poprzez podnoszenie p\u0142ac. Na przestrzeni ostatnich sze\u015bciu&nbsp;lat sukcesywnie wprowadza\u0142o podwy\u017cki. Z&nbsp;czego najwi\u0119ksza zosta\u0142a przyznana z&nbsp;pocz\u0105tkiem 2023 r.&nbsp;By\u0142o to w\u00f3wczas 500 z\u0142 na r\u0119k\u0119 dla kierowc\u00f3w i&nbsp;motorniczych.<\/p>\n\n\n\n<p>Teraz podstawowe wynagrodzenia we wroc\u0142awskim MPK oscyluj\u0105 w&nbsp;wide\u0142kach&nbsp;od 5100 do 6200 z\u0142 na r\u0119k\u0119 w&nbsp;zale\u017cno\u015bci od sta\u017cu pracy.<\/p>\n\n\n\n<p>We wroc\u0142awskim miejskim transporcie zatrudnionych jest obecnie 2753 os\u00f3b, z&nbsp;czego 1706 to w\u0142a\u015bnie kierowcy i&nbsp;motorniczy (760 motorniczych i&nbsp;946 kierowc\u00f3w). <\/p>\n\n\n\n<p>MPK stale poszukuje kandydat\u00f3w do pracy na stanowiska:<\/p>\n\n\n\n<ul class=\"wp-block-list\">\n<li>kierowca autobusu\/Motorniczy tramwaju;<\/li>\n\n\n\n<li>\u015blusarz, elektromechanik, elektromonter taboru szynowego;<\/li>\n\n\n\n<li>administracyjne, np. w obszarze ksi\u0119gowo\u015bci, IT;<\/li>\n\n\n\n<li>a tak\u017ce os\u00f3b zainteresowanych uzyskaniem uprawnie\u0144 w ramach udzia\u0142u w bezp\u0142atnych kursach dla przysz\u0142ych kierowc\u00f3w\/motorniczych, z gwarancj\u0105 zatrudnienia po uzyskaniu stosownych dokument\u00f3w. <\/li>\n<\/ul>\n\n\n\n<p>Firma zaprasza do zapoznania si\u0119 z aktualn\u0105 ofert\u0105 na stronie: <a href=\"https:\/\/mpk.wroc.pl\/kariera\/praca-w-mpk-wroclaw\">https:\/\/mpk.wroc.pl\/kariera\/praca-w-mpk-wroclaw<\/a> i aplikowania za jej po\u015brednictwem.<\/p>\n","protected":false},"author":2,"featured_media":266807,"comment_status":"","ping_status":"closed","template":"","categories":[26],"tags":[137,880,6895,3103,55],"class_list":["post-266806","infotrans","type-infotrans","status-publish","has-post-thumbnail","hentry","category-przewoznicy","tag-komunikacja-miejska","tag-mpk-wroclaw","tag-rekrutacja","tag-transport-publiczny","tag-wroclaw"],"acf":[],"yoast_head":"<!-- This site is optimized with the Yoast SEO Premium plugin v21.8 (Yoast SEO v23.7) - https:\/\/yoast.com\/wordpress\/plugins\/seo\/ -->\n<title>Mimo podwy\u017cek ro\u015bnie liczba wakat\u00f3w w\u015br\u00f3d kierowc\u00f3w i motorniczych MPK Wroc\u0142aw - TransInfo Archiwum<\/title>\n<meta name=\"description\" content=\"Wi\u0119cej zada\u0144, a pracownik\u00f3w coraz niej. Blisko 150 kierowc\u00f3w i\u00a0motorniczych brakuje w\u00a0Miejskim Przedsi\u0119biorstwie Komunikacyjnemu we Wroc\u0142awiu\" \/>\n<meta name=\"robots\" content=\"index, follow, max-snippet:-1, max-image-preview:large, max-video-preview:-1\" \/>\n<link rel=\"canonical\" href=\"https:\/\/transinfo.pl\/x\/infotrans\/mimo-podwyzek-rosnie-liczba-wakatow-wsrod-kierowcow-i-motorniczych-mpk-wroclaw\/\" \/>\n<meta property=\"og:locale\" content=\"pl_PL\" \/>\n<meta property=\"og:type\" content=\"article\" \/>\n<meta property=\"og:title\" content=\"Mimo podwy\u017cek ro\u015bnie liczba wakat\u00f3w w\u015br\u00f3d kierowc\u00f3w i motorniczych MPK Wroc\u0142aw\" \/>\n<meta property=\"og:description\" content=\"Wi\u0119cej zada\u0144, a pracownik\u00f3w coraz niej. Blisko 150 kierowc\u00f3w i\u00a0motorniczych brakuje w\u00a0Miejskim Przedsi\u0119biorstwie Komunikacyjnemu we Wroc\u0142awiu\" \/>\n<meta property=\"og:url\" content=\"https:\/\/transinfo.pl\/x\/infotrans\/mimo-podwyzek-rosnie-liczba-wakatow-wsrod-kierowcow-i-motorniczych-mpk-wroclaw\/\" \/>\n<meta property=\"og:site_name\" content=\"TransInfo Archiwum\" \/>\n<meta property=\"og:image\" content=\"https:\/\/transinfo.pl\/x\/wp-content\/uploads\/2024\/03\/rekrutacja-MPK-Wroclaw-31.jpg\" \/>\n\t<meta property=\"og:image:width\" content=\"1\" \/>\n\t<meta property=\"og:image:height\" content=\"1\" \/>\n\t<meta property=\"og:image:type\" content=\"image\/jpeg\" \/>\n<meta name=\"twitter:card\" content=\"summary_large_image\" \/>\n<meta name=\"twitter:label1\" content=\"Szacowany czas czytania\" \/>\n\t<meta name=\"twitter:data1\" content=\"3 minuty\" \/>\n<script type=\"application\/ld+json\" class=\"yoast-schema-graph\">{\"@context\":\"https:\/\/schema.org\",\"@graph\":[{\"@type\":\"WebPage\",\"@id\":\"https:\/\/transinfo.pl\/x\/infotrans\/mimo-podwyzek-rosnie-liczba-wakatow-wsrod-kierowcow-i-motorniczych-mpk-wroclaw\/\",\"url\":\"https:\/\/transinfo.pl\/x\/infotrans\/mimo-podwyzek-rosnie-liczba-wakatow-wsrod-kierowcow-i-motorniczych-mpk-wroclaw\/\",\"name\":\"Mimo podwy\u017cek ro\u015bnie liczba wakat\u00f3w w\u015br\u00f3d kierowc\u00f3w i motorniczych MPK Wroc\u0142aw - TransInfo Archiwum\",\"isPartOf\":{\"@id\":\"https:\/\/transinfo.pl\/x\/#website\"},\"primaryImageOfPage\":{\"@id\":\"https:\/\/transinfo.pl\/x\/infotrans\/mimo-podwyzek-rosnie-liczba-wakatow-wsrod-kierowcow-i-motorniczych-mpk-wroclaw\/#primaryimage\"},\"image\":{\"@id\":\"https:\/\/transinfo.pl\/x\/infotrans\/mimo-podwyzek-rosnie-liczba-wakatow-wsrod-kierowcow-i-motorniczych-mpk-wroclaw\/#primaryimage\"},\"thumbnailUrl\":\"https:\/\/transinfo.pl\/x\/wp-content\/uploads\/2024\/03\/rekrutacja-MPK-Wroclaw-31.jpg\",\"datePublished\":\"2024-03-26T14:08:00+00:00\",\"dateModified\":\"2024-03-26T14:08:00+00:00\",\"description\":\"Wi\u0119cej zada\u0144, a pracownik\u00f3w coraz niej. Blisko 150 kierowc\u00f3w i\u00a0motorniczych brakuje w\u00a0Miejskim Przedsi\u0119biorstwie Komunikacyjnemu we Wroc\u0142awiu\",\"breadcrumb\":{\"@id\":\"https:\/\/transinfo.pl\/x\/infotrans\/mimo-podwyzek-rosnie-liczba-wakatow-wsrod-kierowcow-i-motorniczych-mpk-wroclaw\/#breadcrumb\"},\"inLanguage\":\"pl-PL\",\"potentialAction\":[{\"@type\":\"ReadAction\",\"target\":[\"https:\/\/transinfo.pl\/x\/infotrans\/mimo-podwyzek-rosnie-liczba-wakatow-wsrod-kierowcow-i-motorniczych-mpk-wroclaw\/\"]}]},{\"@type\":\"ImageObject\",\"inLanguage\":\"pl-PL\",\"@id\":\"https:\/\/transinfo.pl\/x\/infotrans\/mimo-podwyzek-rosnie-liczba-wakatow-wsrod-kierowcow-i-motorniczych-mpk-wroclaw\/#primaryimage\",\"url\":\"https:\/\/transinfo.pl\/x\/wp-content\/uploads\/2024\/03\/rekrutacja-MPK-Wroclaw-31.jpg\",\"contentUrl\":\"https:\/\/transinfo.pl\/x\/wp-content\/uploads\/2024\/03\/rekrutacja-MPK-Wroclaw-31.jpg\"},{\"@type\":\"BreadcrumbList\",\"@id\":\"https:\/\/transinfo.pl\/x\/infotrans\/mimo-podwyzek-rosnie-liczba-wakatow-wsrod-kierowcow-i-motorniczych-mpk-wroclaw\/#breadcrumb\",\"itemListElement\":[{\"@type\":\"ListItem\",\"position\":1,\"name\":\"Home\",\"item\":\"https:\/\/transinfo.pl\/x\/\"},{\"@type\":\"ListItem\",\"position\":2,\"name\":\"Infotrans\",\"item\":\"https:\/\/transinfo.pl\/x\/infotrans\/\"},{\"@type\":\"ListItem\",\"position\":3,\"name\":\"Mimo podwy\u017cek ro\u015bnie liczba wakat\u00f3w w\u015br\u00f3d kierowc\u00f3w i motorniczych MPK Wroc\u0142aw\"}]},{\"@type\":\"WebSite\",\"@id\":\"https:\/\/transinfo.pl\/x\/#website\",\"url\":\"https:\/\/transinfo.pl\/x\/\",\"name\":\"TransInfo Archiwum\",\"description\":\"Ca\u0142y transport w jednym miejscu\",\"publisher\":{\"@id\":\"https:\/\/transinfo.pl\/x\/#organization\"},\"potentialAction\":[{\"@type\":\"SearchAction\",\"target\":{\"@type\":\"EntryPoint\",\"urlTemplate\":\"https:\/\/transinfo.pl\/x\/?s={search_term_string}\"},\"query-input\":{\"@type\":\"PropertyValueSpecification\",\"valueRequired\":true,\"valueName\":\"search_term_string\"}}],\"inLanguage\":\"pl-PL\"},{\"@type\":\"Organization\",\"@id\":\"https:\/\/transinfo.pl\/x\/#organization\",\"name\":\"TransInfo\",\"url\":\"https:\/\/transinfo.pl\/x\/\",\"logo\":{\"@type\":\"ImageObject\",\"inLanguage\":\"pl-PL\",\"@id\":\"https:\/\/transinfo.pl\/x\/#\/schema\/logo\/image\/\",\"url\":\"https:\/\/transinfo.pl\/x\/wp-content\/uploads\/2024\/10\/favicon.png\",\"contentUrl\":\"https:\/\/transinfo.pl\/x\/wp-content\/uploads\/2024\/10\/favicon.png\",\"width\":512,\"height\":512,\"caption\":\"TransInfo\"},\"image\":{\"@id\":\"https:\/\/transinfo.pl\/x\/#\/schema\/logo\/image\/\"}}]}<\/script>\n<!-- \/ Yoast SEO Premium plugin. -->","yoast_head_json":{"title":"Mimo podwy\u017cek ro\u015bnie liczba wakat\u00f3w w\u015br\u00f3d kierowc\u00f3w i motorniczych MPK Wroc\u0142aw - TransInfo Archiwum","description":"Wi\u0119cej zada\u0144, a pracownik\u00f3w coraz niej. Blisko 150 kierowc\u00f3w i\u00a0motorniczych brakuje w\u00a0Miejskim Przedsi\u0119biorstwie Komunikacyjnemu we Wroc\u0142awiu","robots":{"index":"index","follow":"follow","max-snippet":"max-snippet:-1","max-image-preview":"max-image-preview:large","max-video-preview":"max-video-preview:-1"},"canonical":"https:\/\/transinfo.pl\/x\/infotrans\/mimo-podwyzek-rosnie-liczba-wakatow-wsrod-kierowcow-i-motorniczych-mpk-wroclaw\/","og_locale":"pl_PL","og_type":"article","og_title":"Mimo podwy\u017cek ro\u015bnie liczba wakat\u00f3w w\u015br\u00f3d kierowc\u00f3w i motorniczych MPK Wroc\u0142aw","og_description":"Wi\u0119cej zada\u0144, a pracownik\u00f3w coraz niej. Blisko 150 kierowc\u00f3w i\u00a0motorniczych brakuje w\u00a0Miejskim Przedsi\u0119biorstwie Komunikacyjnemu we Wroc\u0142awiu","og_url":"https:\/\/transinfo.pl\/x\/infotrans\/mimo-podwyzek-rosnie-liczba-wakatow-wsrod-kierowcow-i-motorniczych-mpk-wroclaw\/","og_site_name":"TransInfo Archiwum","og_image":[{"url":"https:\/\/transinfo.pl\/x\/wp-content\/uploads\/2024\/03\/rekrutacja-MPK-Wroclaw-31.jpg","width":1,"height":1,"type":"image\/jpeg"}],"twitter_card":"summary_large_image","twitter_misc":{"Szacowany czas czytania":"3 minuty"},"schema":{"@context":"https:\/\/schema.org","@graph":[{"@type":"WebPage","@id":"https:\/\/transinfo.pl\/x\/infotrans\/mimo-podwyzek-rosnie-liczba-wakatow-wsrod-kierowcow-i-motorniczych-mpk-wroclaw\/","url":"https:\/\/transinfo.pl\/x\/infotrans\/mimo-podwyzek-rosnie-liczba-wakatow-wsrod-kierowcow-i-motorniczych-mpk-wroclaw\/","name":"Mimo podwy\u017cek ro\u015bnie liczba wakat\u00f3w w\u015br\u00f3d kierowc\u00f3w i motorniczych MPK Wroc\u0142aw - TransInfo Archiwum","isPartOf":{"@id":"https:\/\/transinfo.pl\/x\/#website"},"primaryImageOfPage":{"@id":"https:\/\/transinfo.pl\/x\/infotrans\/mimo-podwyzek-rosnie-liczba-wakatow-wsrod-kierowcow-i-motorniczych-mpk-wroclaw\/#primaryimage"},"image":{"@id":"https:\/\/transinfo.pl\/x\/infotrans\/mimo-podwyzek-rosnie-liczba-wakatow-wsrod-kierowcow-i-motorniczych-mpk-wroclaw\/#primaryimage"},"thumbnailUrl":"https:\/\/transinfo.pl\/x\/wp-content\/uploads\/2024\/03\/rekrutacja-MPK-Wroclaw-31.jpg","datePublished":"2024-03-26T14:08:00+00:00","dateModified":"2024-03-26T14:08:00+00:00","description":"Wi\u0119cej zada\u0144, a pracownik\u00f3w coraz niej. Blisko 150 kierowc\u00f3w i\u00a0motorniczych brakuje w\u00a0Miejskim Przedsi\u0119biorstwie Komunikacyjnemu we Wroc\u0142awiu","breadcrumb":{"@id":"https:\/\/transinfo.pl\/x\/infotrans\/mimo-podwyzek-rosnie-liczba-wakatow-wsrod-kierowcow-i-motorniczych-mpk-wroclaw\/#breadcrumb"},"inLanguage":"pl-PL","potentialAction":[{"@type":"ReadAction","target":["https:\/\/transinfo.pl\/x\/infotrans\/mimo-podwyzek-rosnie-liczba-wakatow-wsrod-kierowcow-i-motorniczych-mpk-wroclaw\/"]}]},{"@type":"ImageObject","inLanguage":"pl-PL","@id":"https:\/\/transinfo.pl\/x\/infotrans\/mimo-podwyzek-rosnie-liczba-wakatow-wsrod-kierowcow-i-motorniczych-mpk-wroclaw\/#primaryimage","url":"https:\/\/transinfo.pl\/x\/wp-content\/uploads\/2024\/03\/rekrutacja-MPK-Wroclaw-31.jpg","contentUrl":"https:\/\/transinfo.pl\/x\/wp-content\/uploads\/2024\/03\/rekrutacja-MPK-Wroclaw-31.jpg"},{"@type":"BreadcrumbList","@id":"https:\/\/transinfo.pl\/x\/infotrans\/mimo-podwyzek-rosnie-liczba-wakatow-wsrod-kierowcow-i-motorniczych-mpk-wroclaw\/#breadcrumb","itemListElement":[{"@type":"ListItem","position":1,"name":"Home","item":"https:\/\/transinfo.pl\/x\/"},{"@type":"ListItem","position":2,"name":"Infotrans","item":"https:\/\/transinfo.pl\/x\/infotrans\/"},{"@type":"ListItem","position":3,"name":"Mimo podwy\u017cek ro\u015bnie liczba wakat\u00f3w w\u015br\u00f3d kierowc\u00f3w i motorniczych MPK Wroc\u0142aw"}]},{"@type":"WebSite","@id":"https:\/\/transinfo.pl\/x\/#website","url":"https:\/\/transinfo.pl\/x\/","name":"TransInfo Archiwum","description":"Ca\u0142y transport w jednym miejscu","publisher":{"@id":"https:\/\/transinfo.pl\/x\/#organization"},"potentialAction":[{"@type":"SearchAction","target":{"@type":"EntryPoint","urlTemplate":"https:\/\/transinfo.pl\/x\/?s={search_term_string}"},"query-input":{"@type":"PropertyValueSpecification","valueRequired":true,"valueName":"search_term_string"}}],"inLanguage":"pl-PL"},{"@type":"Organization","@id":"https:\/\/transinfo.pl\/x\/#organization","name":"TransInfo","url":"https:\/\/transinfo.pl\/x\/","logo":{"@type":"ImageObject","inLanguage":"pl-PL","@id":"https:\/\/transinfo.pl\/x\/#\/schema\/logo\/image\/","url":"https:\/\/transinfo.pl\/x\/wp-content\/uploads\/2024\/10\/favicon.png","contentUrl":"https:\/\/transinfo.pl\/x\/wp-content\/uploads\/2024\/10\/favicon.png","width":512,"height":512,"caption":"TransInfo"},"image":{"@id":"https:\/\/transinfo.pl\/x\/#\/schema\/logo\/image\/"}}]}},"_links":{"self":[{"href":"https:\/\/transinfo.pl\/x\/wp-json\/wp\/v2\/infotrans\/266806","targetHints":{"allow":["GET"]}}],"collection":[{"href":"https:\/\/transinfo.pl\/x\/wp-json\/wp\/v2\/infotrans"}],"about":[{"href":"https:\/\/transinfo.pl\/x\/wp-json\/wp\/v2\/types\/infotrans"}],"author":[{"embeddable":true,"href":"https:\/\/transinfo.pl\/x\/wp-json\/wp\/v2\/users\/2"}],"replies":[{"embeddable":true,"href":"https:\/\/transinfo.pl\/x\/wp-json\/wp\/v2\/comments?post=266806"}],"wp:featuredmedia":[{"embeddable":true,"href":"https:\/\/transinfo.pl\/x\/wp-json\/wp\/v2\/media\/266807"}],"wp:attachment":[{"href":"https:\/\/transinfo.pl\/x\/wp-json\/wp\/v2\/media?parent=266806"}],"wp:term":[{"taxonomy":"category","embeddable":true,"href":"https:\/\/transinfo.pl\/x\/wp-json\/wp\/v2\/categories?post=266806"},{"taxonomy":"post_tag","embeddable":true,"href":"https:\/\/transinfo.pl\/x\/wp-json\/wp\/v2\/tags?post=266806"}],"curies":[{"name":"wp","href":"https:\/\/api.w.org\/{rel}","templated":true}]}}