{"id":266609,"date":"2024-03-21T17:00:47","date_gmt":"2024-03-21T17:00:47","guid":{"rendered":"https:\/\/transinfo.pl\/x\/infotrans\/takie-same-ulgi-w-autobusach-i-pociagach-wiemy-ile-to-bedzie-kosztowalo\/"},"modified":"2024-03-21T17:00:47","modified_gmt":"2024-03-21T17:00:47","slug":"takie-same-ulgi-w-autobusach-i-pociagach-wiemy-ile-to-bedzie-kosztowalo","status":"publish","type":"infotrans","link":"https:\/\/transinfo.pl\/x\/infotrans\/takie-same-ulgi-w-autobusach-i-pociagach-wiemy-ile-to-bedzie-kosztowalo\/","title":{"rendered":"Takie same ulgi w autobusach i poci\u0105gach? Wiemy, ile to b\u0119dzie kosztowa\u0142o"},"content":{"rendered":"<style>h1,h2,h3,h4,h5,h6{margin:0 0 1.25rem;font-family:Arial,sans-serif;font-weight:600;color:#050505}h1{font-size:1.875rem;line-height:1.1em;text-transform:none}@media(min-width: 768px){h1{font-size:2.375rem}}h2{font-size:1.1875rem;line-height:1.2em;text-transform:uppercase}@media(min-width: 768px){h2{font-size:1.0625rem}}h3{font-size:0.9375rem;line-height:1.4em;font-weight:900;margin-bottom:0.9375rem}h4{font-size:0.875rem;line-height:1.2em;font-weight:500}h5{font-size:0.9375rem;line-height:1.6;font-weight:400}h6{font-size:0.9375rem;line-height:1.6;font-weight:600}\n<\/style>\n<h3 class=\"wp-block-heading\" id=\"h-21-marca-prasowej-minister-infrastruktury-dariusz-klimczak-poinformowal-ze-koszt-ujednolicenia-ulg-ustawowych-w-transporcie-drogowym-moze-siegnac-600-mln-zl\">21 marca prasowej minister infrastruktury Dariusz Klimczak poinformowa\u0142, \u017ce koszt ujednolicenia ulg ustawowych w transporcie drogowym mo\u017ce si\u0119gn\u0105\u0107 600 mln z\u0142.<\/h3>\n\n\n<style>p{margin:0 0 1.5rem}p:last-child{margin:0}p.is-style-uppercase{text-transform:uppercase}p.is-style-preheading{color:#12406a;text-transform:uppercase}p.is-style-leadparagraph{font-size:1rem;line-height:1.625;font-weight:700}@media(min-width: 768px){p.is-style-leadparagraph{font-size:1.125rem;line-height:1.5555555556}}p.has-small-margin{margin-bottom:0.625rem}p.has-small-margin+h1,p.has-small-margin+h2,p.has-small-margin+h3{margin-top:1.875rem}\n<\/style>\n<p>To wyliczenie jest efektem wcze\u015bniejszej zapowiedzi ministra, \u017ce oko\u0142o 2027 roku b\u0119dziemy mieli w Polsce wsp\u00f3lny bilet, kt\u00f3ry mia\u0142by obejmowa\u0107 po\u0142\u0105czenia aglomeracyjne i miejskie. O tej zapowiedzi <a href=\"https:\/\/transinfo.pl\/infotrans\/minister-klimczak-zapowiada-wspolny-bilet-na-transport-publiczny-w-polsce-w-okolicy-2027\/\">pisali\u015bmy ju\u017c wcze\u015bniej w TransIn<\/a>fo. W\u00f3wczas resort nie poda\u0142 dalszych szczeg\u00f3\u0142\u00f3w. Teraz mamy pierwszy konkret. <\/p>\n\n\n\n<h2 class=\"wp-block-heading\" id=\"h-kolejny-krok\">Kolejny krok <\/h2>\n\n\n\n<p>Minister Klimczak zapowiedzia\u0142 w czwartek, \u017ce sp\u00f3\u0142ka PKP SA powr\u00f3ci pod zarz\u0105d resortu infrastruktury z resortu aktyw\u00f3w pa\u0144stwowych. Poinformowa\u0142 te\u017c, \u017ce w planach resortu jest &#8222;dynamiczne zwi\u0119kszenie budowy dr\u00f3g i kolei&#8221;.<\/p>\n\n\n<style>.wp-block-quote{border-left:0.1875rem solid var(--page-color);font-size:1rem;font-style:italic;margin:0 0 1.6875rem;padding:1.25rem}.wp-block-quote cite{color:#050505}.wp-block-quote.is-style-large p{margin-bottom:10px}.wp-block-quote.is-style-large cite{color:#12406a}\n<\/style>\n<blockquote class=\"wp-block-quote is-layout-flow wp-block-quote-is-layout-flow\">\n<p>&#8222;Koncepcj\u0119 dotycz\u0105c\u0105 ujenolicenia ulg ju\u017c mam na biurku i wiem jak ona powinna wygl\u0105da\u0107, natomiast krokiem nast\u0119pnym jest pr\u00f3ba uzgodnienia tego z samorz\u0105dami. C\u00f3\u017c z tego, \u017ce ujednolicimy ulgi w przestrzeni publicznej, pa\u0144stwowej, nazwijmy j\u0105 tak ramowo, natomiast szereg przewoz\u00f3w jest prowadzonych przez przewo\u017anik\u00f3w samorz\u0105dowych&#8221; &#8211; powiedzia\u0142 szef resortu infrastruktury.<\/p>\n<\/blockquote>\n\n\n\n<p>Doda\u0142, \u017ce wed\u0142ug wst\u0119pnych szacunk\u00f3w resortu i infrastruktury, koszt ujednolicenia ulg ustawowych w transporcie l\u0105dowym mo\u017ce si\u0119gn\u0105\u0107 600 mln z\u0142.<\/p>\n\n\n\n<blockquote class=\"wp-block-quote is-layout-flow wp-block-quote-is-layout-flow\">\n<p>&#8222;O takie pieni\u0105dze b\u0119d\u0119 stara\u0142 si\u0119 w nast\u0119pnym bud\u017cecie wynegocjowa\u0107, czy w tym bud\u017cecie, w kt\u00f3rym b\u0119dziemy chcieli wprowadzi\u0107 tego typu rozwi\u0105zania&#8221; &#8211; powiedzia\u0142 Klimczak.<\/p>\n<\/blockquote>\n\n\n\n<p>Minister poinformowa\u0142 te\u017c, \u017ce resort pracuje nad kwest\u0105 op\u0142at za badania techniczne pojazd\u00f3w.<\/p>\n\n\n\n<blockquote class=\"wp-block-quote is-layout-flow wp-block-quote-is-layout-flow\">\n<p>&#8222;Pracujemy nad takim rozwi\u0105zaniem, kt\u00f3re z jednej strony b\u0119dzie satysfakcjonuj\u0105ce dla kieszeni zwyk\u0142ego Polaka i z drugiej strony w uszanowaniu dla tych, kt\u00f3rzy prowadz\u0105 dzia\u0142alno\u015b\u0107 gospodarcz\u0105 w tym obszarze&#8221; &#8211; powiedzia\u0142.<\/p>\n<\/blockquote>\n\n\n\n<p>Doda\u0142, \u017ce szczeg\u00f3\u0142y rozwi\u0105zania, nad kt\u00f3rym pracuje si\u0119 w resorcie przedstawione zostan\u0105 wkr\u00f3tce.<\/p>\n\n\n<style>.wp-block-image{margin:1.25rem 0;text-align:center}.wp-block-image figcaption{padding:0 0.9375rem;text-align:center}\n<\/style>\n<figure class=\"wp-block-image size-large\"><a href=\"https:\/\/transinfo.pl\/wp-content\/uploads\/2024\/03\/transport-publiczny-ministerstwo-infrastruktury-5-2.jpg\"><img decoding=\"async\" src=\"https:\/\/transinfo.pl\/wp-content\/uploads\/2024\/03\/transport-publiczny-ministerstwo-infrastruktury-5-2-1024x683.jpg\" alt=\"Minister Klimczak: koszt ujednolicenia ulg ustawowych w transporcie to ok. 600 mln z\u0142\" class=\"wp-image-468564\" \/><\/a><figcaption class=\"wp-element-caption\">Minister Klimczak: koszt ujednolicenia ulg ustawowych w transporcie to ok. 600 mln z\u0142<\/figcaption><\/figure>\n\n\n\n<h2 class=\"wp-block-heading\" id=\"h-dalsze-zmiany\">Dalsze zmiany <\/h2>\n\n\n\n<p>Minister Klimczak zapowiedzia\u0142 w czwartek, \u017ce sp\u00f3\u0142ka PKP SA powr\u00f3ci pod zarz\u0105d resortu infrastruktury z resortu aktyw\u00f3w pa\u0144stwowych. <\/p>\n\n\n\n<p>Poinformowa\u0142 te\u017c, \u017ce w planach resortu jest &#8222;dynamiczne zwi\u0119kszenie budowy dr\u00f3g i kolei&#8221;.<\/p>\n\n\n\n<blockquote class=\"wp-block-quote is-layout-flow wp-block-quote-is-layout-flow\">\n<p>&#8222;Stawiamy na inwestycje, bo wiemy, \u017ce s\u0105 one potrzebne nie tylko pasa\u017cerowi, nie tylko kierowcy, ale przede wszystkim polskiej gospodarce. Nie tylko utrzymamy dotychczasowy stopie\u0144 zaanga\u017cowania w budow\u0119, ale go zwi\u0119kszymy, i nasza w tym g\u0142owa, \u017ceby\u015bmy znale\u017ali na to pieni\u0105dze, przekonali ministra finans\u00f3w, przekonali rz\u0105d do tego, \u017ce jest wielka potrzeba inwestowania&#8221; &#8211; powiedzia\u0142 Klimczak. <\/p>\n<\/blockquote>\n\n\n\n<p>Z kolei wiceminister infrastruktury Piotr Malepszak zapowiedzia\u0142 przeprowadzenie zmian w zarz\u0105dzie PKP Intercity. Jak stwierdzi\u0142 podczas czwartkowej konferencji prasowej, jest to kwestia kilku tygodni.<\/p>\n\n\n\n<blockquote class=\"wp-block-quote is-layout-flow wp-block-quote-is-layout-flow\">\n<p>&#8222;Zmiany kadrowe s\u0105 nieub\u0142agane, to jest perspektywa nast\u0119pnych kilku tygodni&#8221; &#8211; powiedzia\u0142 Malepszak zapytany o to, czy mo\u017cna si\u0119 spodziewa\u0107 zmian w zarz\u0105dzie PKP Intercity.<\/p>\n<\/blockquote>\n\n\n\n<blockquote class=\"wp-block-quote is-layout-flow wp-block-quote-is-layout-flow\">\n<p>&#8222;Je\u015bli chodzi o dzia\u0142alno\u015b\u0107 PKP Intercity, trzeba powiedzie\u0107 jasno, \u017ce ostatnie lata s\u0105 niew\u0105tpliwym sukcesem, je\u015bli chodzi o liczb\u0119 pasa\u017cer\u00f3w, tak jak ros\u0142a liczba pasa\u017cer\u00f3w innych przewo\u017anik\u00f3w, szczeg\u00f3lnie u przewo\u017anik\u00f3w samorz\u0105dowych&#8221; &#8211; doda\u0142.<\/p>\n<\/blockquote>\n\n\n\n<p>Jak m\u00f3wi\u0142, jednym z pierwszych element\u00f3w, kt\u00f3re b\u0119dzie musia\u0142 uzdrowi\u0107 nowy zarz\u0105d, jest kwestia wykorzystania taboru sp\u00f3\u0142ki, gdy\u017c ponad 40 proc. wagon\u00f3w tego przewo\u017anika nie je\u017adzi.<\/p>\n\n\n\n<blockquote class=\"wp-block-quote is-layout-flow wp-block-quote-is-layout-flow\">\n<p>&#8222;Ma by\u0107 wi\u0119ksze wykorzystanie zasob\u00f3w technicznych, zasob\u00f3w zwi\u0105zanych z poci\u0105gami, ma by\u0107 lepsze wykorzystanie i nowy system sprzeda\u017cy, bo system sprzeda\u017cy, kt\u00f3ry obecnie funkcjonuje, jest systemem r\u0119cznym, systemem niedynamicznym&#8221; &#8211; powiedzia\u0142 Malepszak.<\/p>\n<\/blockquote>\n\n\n\n<figure class=\"wp-block-image size-large\"><a href=\"https:\/\/transinfo.pl\/wp-content\/uploads\/2024\/03\/transport-publiczny-ministerstwo-infrastruktury-3-1.jpg\"><img decoding=\"async\" src=\"https:\/\/transinfo.pl\/wp-content\/uploads\/2024\/03\/transport-publiczny-ministerstwo-infrastruktury-3-1-1024x683.jpg\" alt=\"Wiceminister infrastruktury zapowiada zmiany w zarz\u0105dzie PKP Intercity\" class=\"wp-image-468561\" \/><\/a><figcaption class=\"wp-element-caption\">Wiceminister infrastruktury zapowiada zmiany w zarz\u0105dzie PKP Intercity<\/figcaption><\/figure>\n\n\n\n<h2 class=\"wp-block-heading\" id=\"h-z-ukraina\">Z Ukrain\u0105 <\/h2>\n\n\n\n<p>Umowa dotycz\u0105ca transportu drogowego pomi\u0119dzy Uni\u0105 Europejsk\u0105 a Ukrain\u0105 powinna zosta\u0107 zmieniona do czerwca tego roku &#8211; poinformowa\u0142 podczas czwartkowej konferencji prasowej minister infrastruktury Dariusz Klimczak.<\/p>\n\n\n\n<blockquote class=\"wp-block-quote is-layout-flow wp-block-quote-is-layout-flow\">\n<p>&#8222;To, co jest wa\u017cnym osi\u0105gni\u0119ciem resortu infrastruktury, to nie tylko porozumienie si\u0119 z protestuj\u0105cymi przewo\u017anikami (drogowymi &#8211; PAP), ale przede wszystkim wyra\u017cenie zgody przez Komisj\u0119 Europejsk\u0105 na zmian\u0119 umowy o liberalizacji transportu mi\u0119dzy Uni\u0105 Europejsk\u0105 a Ukrain\u0105, kt\u00f3ra w naszym przekonaniu (&#8230;) ma swoje luki, powinna by\u0107 uzupe\u0142niona. Takie propozycje przedstawili\u015bmy i jeste\u015bmy na etapie prac, tak \u017ceby jeszcze przed czerwcem ta umowa zosta\u0142a zmieniona&#8221; &#8211; powiedzia\u0142 Klimczak.<\/p>\n<\/blockquote>\n\n\n\n<p>Na pocz\u0105tku marca tego roku Komisja Europejska zaproponowa\u0142a przed\u0142u\u017cenie umowy o transporcie drogowym z Ukrain\u0105, wprowadzaj\u0105c jednocze\u015bnie do niej zmiany. KE postuluje m.in. dodanie nowej klauzuli ochronnej, pozwalaj\u0105cej na zawieszenie umowy, je\u015bli na okre\u015blonym obszarze dojdzie do zak\u0142\u00f3ce\u0144 rynku.<\/p>\n\n\n\n<p>Poniewa\u017c umowa z Ukrain\u0105 doprowadzi\u0142a do powa\u017cnych zak\u0142\u00f3ce\u0144 w dzia\u0142aniu rynku przewoz\u00f3w drogowych niekt\u00f3rych pa\u0144stw cz\u0142onkowskich, w tym Polski, i protest\u00f3w przedstawicieli sektora, KE uwzgl\u0119dni\u0142a wnioski p\u0142yn\u0105ce z &#8222;wymiany informacji z pa\u0144stwami cz\u0142onkowskimi, Ukrain\u0105 i zainteresowanymi stronami&#8221;.<\/p>\n\n\n\n<p>W praktyce oznacza to m.in. wprowadzenie obowi\u0105zku posiadania dokument\u00f3w potwierdzaj\u0105cych, \u017ce przewo\u017anik jest nale\u017cycie upowa\u017cniony do wykonywania przewoz\u00f3w mi\u0119dzynarodowych oraz \u017ce transport jest wykonywany na mocy wspomnianej umowy; wzmocnienie przestrzegania przez przewo\u017anik\u00f3w obowi\u0105zk\u00f3w zwi\u0105zanych z operacjami dozwolonymi na mocy umowy, zwalczanie oszustw lub fa\u0142szowania dokument\u00f3w; dodanie nowej klauzuli ochronnej: w przypadku gdy krajowy rynek transportu drogowego na okre\u015blonym obszarze geograficznym dostrze\u017ce powa\u017cne zak\u0142\u00f3cenia, kt\u00f3re mo\u017cna przypisa\u0107 umowie, umowa mo\u017ce zosta\u0107 zawieszona na tym obszarze geograficznym.<\/p>\n\n\n\n<p>Pierwotnie umow\u0119 podpisano w czerwcu 2022 r., a nast\u0119pnie przed\u0142u\u017cono j\u0105 do ko\u0144ca czerwca 2024 r. Przyznaje ona przewo\u017anikom ukrai\u0144skim i unijnym prawa do transportu dwustronnego na terytoriach obu stron.<\/p>\n\n\n\n<figure class=\"wp-block-image aligncenter size-large\"><a href=\"https:\/\/transinfo.pl\/wp-content\/uploads\/2024\/03\/transport-publiczny-ministerstwo-infrastruktury-4.jpg\"><img decoding=\"async\" src=\"https:\/\/transinfo.pl\/wp-content\/uploads\/2024\/03\/transport-publiczny-ministerstwo-infrastruktury-4-1024x683.jpg\" alt=\"Minister Klimczak: koszt ujednolicenia ulg ustawowych w transporcie to ok. 600 mln z\u0142\" class=\"wp-image-468565\" \/><\/a><figcaption class=\"wp-element-caption\">Minister Klimczak: koszt ujednolicenia ulg ustawowych w transporcie to ok. 600 mln z\u0142<\/figcaption><\/figure>\n","protected":false},"author":2,"featured_media":266610,"comment_status":"","ping_status":"closed","template":"","categories":[24],"tags":[795,21986,72,3103,2673,2989],"class_list":["post-266609","infotrans","type-infotrans","status-publish","has-post-thumbnail","hentry","category-prawo","tag-bilet","tag-komunikacja-regionalna","tag-ministerstwo-infrastruktury","tag-transport-publiczny","tag-ulgi","tag-wspolny-bilet"],"acf":[],"yoast_head":"<!-- This site is optimized with the Yoast SEO Premium plugin v21.8 (Yoast SEO v23.7) - https:\/\/yoast.com\/wordpress\/plugins\/seo\/ -->\n<title>Takie same ulgi w autobusach i poci\u0105gach? Wiemy, ile to b\u0119dzie kosztowa\u0142o - TransInfo Archiwum<\/title>\n<meta name=\"description\" content=\"Minister infrastruktury Dariusz Klimczak poinformowa\u0142, \u017ce koszt ujednolicenia ulg ustawowych w transporcie drogowym mo\u017ce si\u0119gn\u0105\u0107 600 mln z\u0142.\" \/>\n<meta name=\"robots\" content=\"index, follow, max-snippet:-1, max-image-preview:large, max-video-preview:-1\" \/>\n<link rel=\"canonical\" href=\"https:\/\/transinfo.pl\/x\/infotrans\/takie-same-ulgi-w-autobusach-i-pociagach-wiemy-ile-to-bedzie-kosztowalo\/\" \/>\n<meta property=\"og:locale\" content=\"pl_PL\" \/>\n<meta property=\"og:type\" content=\"article\" \/>\n<meta property=\"og:title\" content=\"Takie same ulgi w autobusach i poci\u0105gach? Wiemy, ile to b\u0119dzie kosztowa\u0142o\" \/>\n<meta property=\"og:description\" content=\"Minister infrastruktury Dariusz Klimczak poinformowa\u0142, \u017ce koszt ujednolicenia ulg ustawowych w transporcie drogowym mo\u017ce si\u0119gn\u0105\u0107 600 mln z\u0142.\" \/>\n<meta property=\"og:url\" content=\"https:\/\/transinfo.pl\/x\/infotrans\/takie-same-ulgi-w-autobusach-i-pociagach-wiemy-ile-to-bedzie-kosztowalo\/\" \/>\n<meta property=\"og:site_name\" content=\"TransInfo Archiwum\" \/>\n<meta property=\"og:image\" content=\"https:\/\/transinfo.pl\/x\/wp-content\/uploads\/2024\/03\/transport-publiczny-ministerstwo-infrastruktury-21.jpg\" \/>\n\t<meta property=\"og:image:width\" content=\"1\" \/>\n\t<meta property=\"og:image:height\" content=\"1\" \/>\n\t<meta property=\"og:image:type\" content=\"image\/jpeg\" \/>\n<meta name=\"twitter:card\" content=\"summary_large_image\" \/>\n<meta name=\"twitter:label1\" content=\"Szacowany czas czytania\" \/>\n\t<meta name=\"twitter:data1\" content=\"5 minut\" \/>\n<script type=\"application\/ld+json\" class=\"yoast-schema-graph\">{\"@context\":\"https:\/\/schema.org\",\"@graph\":[{\"@type\":\"WebPage\",\"@id\":\"https:\/\/transinfo.pl\/x\/infotrans\/takie-same-ulgi-w-autobusach-i-pociagach-wiemy-ile-to-bedzie-kosztowalo\/\",\"url\":\"https:\/\/transinfo.pl\/x\/infotrans\/takie-same-ulgi-w-autobusach-i-pociagach-wiemy-ile-to-bedzie-kosztowalo\/\",\"name\":\"Takie same ulgi w autobusach i poci\u0105gach? Wiemy, ile to b\u0119dzie kosztowa\u0142o - TransInfo Archiwum\",\"isPartOf\":{\"@id\":\"https:\/\/transinfo.pl\/x\/#website\"},\"primaryImageOfPage\":{\"@id\":\"https:\/\/transinfo.pl\/x\/infotrans\/takie-same-ulgi-w-autobusach-i-pociagach-wiemy-ile-to-bedzie-kosztowalo\/#primaryimage\"},\"image\":{\"@id\":\"https:\/\/transinfo.pl\/x\/infotrans\/takie-same-ulgi-w-autobusach-i-pociagach-wiemy-ile-to-bedzie-kosztowalo\/#primaryimage\"},\"thumbnailUrl\":\"https:\/\/transinfo.pl\/x\/wp-content\/uploads\/2024\/03\/transport-publiczny-ministerstwo-infrastruktury-21.jpg\",\"datePublished\":\"2024-03-21T17:00:47+00:00\",\"dateModified\":\"2024-03-21T17:00:47+00:00\",\"description\":\"Minister infrastruktury Dariusz Klimczak poinformowa\u0142, \u017ce koszt ujednolicenia ulg ustawowych w transporcie drogowym mo\u017ce si\u0119gn\u0105\u0107 600 mln z\u0142.\",\"breadcrumb\":{\"@id\":\"https:\/\/transinfo.pl\/x\/infotrans\/takie-same-ulgi-w-autobusach-i-pociagach-wiemy-ile-to-bedzie-kosztowalo\/#breadcrumb\"},\"inLanguage\":\"pl-PL\",\"potentialAction\":[{\"@type\":\"ReadAction\",\"target\":[\"https:\/\/transinfo.pl\/x\/infotrans\/takie-same-ulgi-w-autobusach-i-pociagach-wiemy-ile-to-bedzie-kosztowalo\/\"]}]},{\"@type\":\"ImageObject\",\"inLanguage\":\"pl-PL\",\"@id\":\"https:\/\/transinfo.pl\/x\/infotrans\/takie-same-ulgi-w-autobusach-i-pociagach-wiemy-ile-to-bedzie-kosztowalo\/#primaryimage\",\"url\":\"https:\/\/transinfo.pl\/x\/wp-content\/uploads\/2024\/03\/transport-publiczny-ministerstwo-infrastruktury-21.jpg\",\"contentUrl\":\"https:\/\/transinfo.pl\/x\/wp-content\/uploads\/2024\/03\/transport-publiczny-ministerstwo-infrastruktury-21.jpg\"},{\"@type\":\"BreadcrumbList\",\"@id\":\"https:\/\/transinfo.pl\/x\/infotrans\/takie-same-ulgi-w-autobusach-i-pociagach-wiemy-ile-to-bedzie-kosztowalo\/#breadcrumb\",\"itemListElement\":[{\"@type\":\"ListItem\",\"position\":1,\"name\":\"Home\",\"item\":\"https:\/\/transinfo.pl\/x\/\"},{\"@type\":\"ListItem\",\"position\":2,\"name\":\"Infotrans\",\"item\":\"https:\/\/transinfo.pl\/x\/infotrans\/\"},{\"@type\":\"ListItem\",\"position\":3,\"name\":\"Takie same ulgi w autobusach i poci\u0105gach? Wiemy, ile to b\u0119dzie kosztowa\u0142o\"}]},{\"@type\":\"WebSite\",\"@id\":\"https:\/\/transinfo.pl\/x\/#website\",\"url\":\"https:\/\/transinfo.pl\/x\/\",\"name\":\"TransInfo Archiwum\",\"description\":\"Ca\u0142y transport w jednym miejscu\",\"publisher\":{\"@id\":\"https:\/\/transinfo.pl\/x\/#organization\"},\"potentialAction\":[{\"@type\":\"SearchAction\",\"target\":{\"@type\":\"EntryPoint\",\"urlTemplate\":\"https:\/\/transinfo.pl\/x\/?s={search_term_string}\"},\"query-input\":{\"@type\":\"PropertyValueSpecification\",\"valueRequired\":true,\"valueName\":\"search_term_string\"}}],\"inLanguage\":\"pl-PL\"},{\"@type\":\"Organization\",\"@id\":\"https:\/\/transinfo.pl\/x\/#organization\",\"name\":\"TransInfo\",\"url\":\"https:\/\/transinfo.pl\/x\/\",\"logo\":{\"@type\":\"ImageObject\",\"inLanguage\":\"pl-PL\",\"@id\":\"https:\/\/transinfo.pl\/x\/#\/schema\/logo\/image\/\",\"url\":\"https:\/\/transinfo.pl\/x\/wp-content\/uploads\/2024\/10\/favicon.png\",\"contentUrl\":\"https:\/\/transinfo.pl\/x\/wp-content\/uploads\/2024\/10\/favicon.png\",\"width\":512,\"height\":512,\"caption\":\"TransInfo\"},\"image\":{\"@id\":\"https:\/\/transinfo.pl\/x\/#\/schema\/logo\/image\/\"}}]}<\/script>\n<!-- \/ Yoast SEO Premium plugin. -->","yoast_head_json":{"title":"Takie same ulgi w autobusach i poci\u0105gach? Wiemy, ile to b\u0119dzie kosztowa\u0142o - TransInfo Archiwum","description":"Minister infrastruktury Dariusz Klimczak poinformowa\u0142, \u017ce koszt ujednolicenia ulg ustawowych w transporcie drogowym mo\u017ce si\u0119gn\u0105\u0107 600 mln z\u0142.","robots":{"index":"index","follow":"follow","max-snippet":"max-snippet:-1","max-image-preview":"max-image-preview:large","max-video-preview":"max-video-preview:-1"},"canonical":"https:\/\/transinfo.pl\/x\/infotrans\/takie-same-ulgi-w-autobusach-i-pociagach-wiemy-ile-to-bedzie-kosztowalo\/","og_locale":"pl_PL","og_type":"article","og_title":"Takie same ulgi w autobusach i poci\u0105gach? Wiemy, ile to b\u0119dzie kosztowa\u0142o","og_description":"Minister infrastruktury Dariusz Klimczak poinformowa\u0142, \u017ce koszt ujednolicenia ulg ustawowych w transporcie drogowym mo\u017ce si\u0119gn\u0105\u0107 600 mln z\u0142.","og_url":"https:\/\/transinfo.pl\/x\/infotrans\/takie-same-ulgi-w-autobusach-i-pociagach-wiemy-ile-to-bedzie-kosztowalo\/","og_site_name":"TransInfo Archiwum","og_image":[{"url":"https:\/\/transinfo.pl\/x\/wp-content\/uploads\/2024\/03\/transport-publiczny-ministerstwo-infrastruktury-21.jpg","width":1,"height":1,"type":"image\/jpeg"}],"twitter_card":"summary_large_image","twitter_misc":{"Szacowany czas czytania":"5 minut"},"schema":{"@context":"https:\/\/schema.org","@graph":[{"@type":"WebPage","@id":"https:\/\/transinfo.pl\/x\/infotrans\/takie-same-ulgi-w-autobusach-i-pociagach-wiemy-ile-to-bedzie-kosztowalo\/","url":"https:\/\/transinfo.pl\/x\/infotrans\/takie-same-ulgi-w-autobusach-i-pociagach-wiemy-ile-to-bedzie-kosztowalo\/","name":"Takie same ulgi w autobusach i poci\u0105gach? Wiemy, ile to b\u0119dzie kosztowa\u0142o - TransInfo Archiwum","isPartOf":{"@id":"https:\/\/transinfo.pl\/x\/#website"},"primaryImageOfPage":{"@id":"https:\/\/transinfo.pl\/x\/infotrans\/takie-same-ulgi-w-autobusach-i-pociagach-wiemy-ile-to-bedzie-kosztowalo\/#primaryimage"},"image":{"@id":"https:\/\/transinfo.pl\/x\/infotrans\/takie-same-ulgi-w-autobusach-i-pociagach-wiemy-ile-to-bedzie-kosztowalo\/#primaryimage"},"thumbnailUrl":"https:\/\/transinfo.pl\/x\/wp-content\/uploads\/2024\/03\/transport-publiczny-ministerstwo-infrastruktury-21.jpg","datePublished":"2024-03-21T17:00:47+00:00","dateModified":"2024-03-21T17:00:47+00:00","description":"Minister infrastruktury Dariusz Klimczak poinformowa\u0142, \u017ce koszt ujednolicenia ulg ustawowych w transporcie drogowym mo\u017ce si\u0119gn\u0105\u0107 600 mln z\u0142.","breadcrumb":{"@id":"https:\/\/transinfo.pl\/x\/infotrans\/takie-same-ulgi-w-autobusach-i-pociagach-wiemy-ile-to-bedzie-kosztowalo\/#breadcrumb"},"inLanguage":"pl-PL","potentialAction":[{"@type":"ReadAction","target":["https:\/\/transinfo.pl\/x\/infotrans\/takie-same-ulgi-w-autobusach-i-pociagach-wiemy-ile-to-bedzie-kosztowalo\/"]}]},{"@type":"ImageObject","inLanguage":"pl-PL","@id":"https:\/\/transinfo.pl\/x\/infotrans\/takie-same-ulgi-w-autobusach-i-pociagach-wiemy-ile-to-bedzie-kosztowalo\/#primaryimage","url":"https:\/\/transinfo.pl\/x\/wp-content\/uploads\/2024\/03\/transport-publiczny-ministerstwo-infrastruktury-21.jpg","contentUrl":"https:\/\/transinfo.pl\/x\/wp-content\/uploads\/2024\/03\/transport-publiczny-ministerstwo-infrastruktury-21.jpg"},{"@type":"BreadcrumbList","@id":"https:\/\/transinfo.pl\/x\/infotrans\/takie-same-ulgi-w-autobusach-i-pociagach-wiemy-ile-to-bedzie-kosztowalo\/#breadcrumb","itemListElement":[{"@type":"ListItem","position":1,"name":"Home","item":"https:\/\/transinfo.pl\/x\/"},{"@type":"ListItem","position":2,"name":"Infotrans","item":"https:\/\/transinfo.pl\/x\/infotrans\/"},{"@type":"ListItem","position":3,"name":"Takie same ulgi w autobusach i poci\u0105gach? Wiemy, ile to b\u0119dzie kosztowa\u0142o"}]},{"@type":"WebSite","@id":"https:\/\/transinfo.pl\/x\/#website","url":"https:\/\/transinfo.pl\/x\/","name":"TransInfo Archiwum","description":"Ca\u0142y transport w jednym miejscu","publisher":{"@id":"https:\/\/transinfo.pl\/x\/#organization"},"potentialAction":[{"@type":"SearchAction","target":{"@type":"EntryPoint","urlTemplate":"https:\/\/transinfo.pl\/x\/?s={search_term_string}"},"query-input":{"@type":"PropertyValueSpecification","valueRequired":true,"valueName":"search_term_string"}}],"inLanguage":"pl-PL"},{"@type":"Organization","@id":"https:\/\/transinfo.pl\/x\/#organization","name":"TransInfo","url":"https:\/\/transinfo.pl\/x\/","logo":{"@type":"ImageObject","inLanguage":"pl-PL","@id":"https:\/\/transinfo.pl\/x\/#\/schema\/logo\/image\/","url":"https:\/\/transinfo.pl\/x\/wp-content\/uploads\/2024\/10\/favicon.png","contentUrl":"https:\/\/transinfo.pl\/x\/wp-content\/uploads\/2024\/10\/favicon.png","width":512,"height":512,"caption":"TransInfo"},"image":{"@id":"https:\/\/transinfo.pl\/x\/#\/schema\/logo\/image\/"}}]}},"_links":{"self":[{"href":"https:\/\/transinfo.pl\/x\/wp-json\/wp\/v2\/infotrans\/266609","targetHints":{"allow":["GET"]}}],"collection":[{"href":"https:\/\/transinfo.pl\/x\/wp-json\/wp\/v2\/infotrans"}],"about":[{"href":"https:\/\/transinfo.pl\/x\/wp-json\/wp\/v2\/types\/infotrans"}],"author":[{"embeddable":true,"href":"https:\/\/transinfo.pl\/x\/wp-json\/wp\/v2\/users\/2"}],"replies":[{"embeddable":true,"href":"https:\/\/transinfo.pl\/x\/wp-json\/wp\/v2\/comments?post=266609"}],"wp:featuredmedia":[{"embeddable":true,"href":"https:\/\/transinfo.pl\/x\/wp-json\/wp\/v2\/media\/266610"}],"wp:attachment":[{"href":"https:\/\/transinfo.pl\/x\/wp-json\/wp\/v2\/media?parent=266609"}],"wp:term":[{"taxonomy":"category","embeddable":true,"href":"https:\/\/transinfo.pl\/x\/wp-json\/wp\/v2\/categories?post=266609"},{"taxonomy":"post_tag","embeddable":true,"href":"https:\/\/transinfo.pl\/x\/wp-json\/wp\/v2\/tags?post=266609"}],"curies":[{"name":"wp","href":"https:\/\/api.w.org\/{rel}","templated":true}]}}