{"id":266160,"date":"2024-03-12T10:00:00","date_gmt":"2024-03-12T10:00:00","guid":{"rendered":"https:\/\/transinfo.pl\/x\/infotrans\/zditm-w-lublinie-czyli-transport-publiczny-i-drogi-pod-jednym-szyldem-od-lipca\/"},"modified":"2024-03-12T10:00:00","modified_gmt":"2024-03-12T10:00:00","slug":"zditm-w-lublinie-czyli-transport-publiczny-i-drogi-pod-jednym-szyldem-od-lipca","status":"publish","type":"infotrans","link":"https:\/\/transinfo.pl\/x\/infotrans\/zditm-w-lublinie-czyli-transport-publiczny-i-drogi-pod-jednym-szyldem-od-lipca\/","title":{"rendered":"ZDiTM w Lublinie, czyli transport publiczny i drogi pod jednym szyldem. Od lipca"},"content":{"rendered":"<style>h1,h2,h3,h4,h5,h6{margin:0 0 1.25rem;font-family:Arial,sans-serif;font-weight:600;color:#050505}h1{font-size:1.875rem;line-height:1.1em;text-transform:none}@media(min-width: 768px){h1{font-size:2.375rem}}h2{font-size:1.1875rem;line-height:1.2em;text-transform:uppercase}@media(min-width: 768px){h2{font-size:1.0625rem}}h3{font-size:0.9375rem;line-height:1.4em;font-weight:900;margin-bottom:0.9375rem}h4{font-size:0.875rem;line-height:1.2em;font-weight:500}h5{font-size:0.9375rem;line-height:1.6;font-weight:400}h6{font-size:0.9375rem;line-height:1.6;font-weight:600}\n<\/style>\n<h3 class=\"wp-block-heading\" id=\"h-1-lipca-2024-roku-zacznie-funkcjonowac-zarzad-drog-i-transportu-miejskiego-w-lublinie-ktory-polaczy-dwie-osobne-do-tej-pory-jednostki-ztm-i-zdim\">1 lipca 2024 roku zacznie funkcjonowa\u0107 Zarz\u0105d Dr\u00f3g i Transportu Miejskiego w Lublinie, kt\u00f3ry po\u0142\u0105czy dwie osobne do tej pory jednostki: ZTM i ZDiM.<\/h3>\n\n\n<style>p{margin:0 0 1.5rem}p:last-child{margin:0}p.is-style-uppercase{text-transform:uppercase}p.is-style-preheading{color:#12406a;text-transform:uppercase}p.is-style-leadparagraph{font-size:1rem;line-height:1.625;font-weight:700}@media(min-width: 768px){p.is-style-leadparagraph{font-size:1.125rem;line-height:1.5555555556}}p.has-small-margin{margin-bottom:0.625rem}p.has-small-margin+h1,p.has-small-margin+h2,p.has-small-margin+h3{margin-top:1.875rem}\n<\/style>\n<p>Nowa organizacja w jednym miejscu i w ramach jednej struktury skupi zadania realizowane dotychczas przez Zarz\u0105d Dr\u00f3g i Most\u00f3w oraz Zarz\u0105d Transportu Miejskiego. Przypomnijmy, \u017ce r\u00f3wnolegle miasto chce znacz\u0105co odm\u0142odzi tabor MPK Lublin, a ZTM wprowadzi szereg zmian w ramach aktualnej sieci linii komunikacji. I to ju\u017c 18 marca. Szeroko!<\/p>\n\n\n\n<h2 class=\"wp-block-heading\" id=\"h-czas-zmian\">Czas zmian<\/h2>\n\n\n\n<p>Wraz z oddaniem do u\u017cytkowania Dworca Lublin, jednej z najwi\u0119kszych inwestycji ostatnich lat, Miasto zako\u0144czy\u0142o kolejny etap wielkich projekt\u00f3w drogowo-transportowych. W nowej perspektywie unijnej wi\u0119kszo\u015b\u0107 program\u00f3w \u0142\u0105czy budow\u0119 dr\u00f3g z komponentem transportowym, dlatego maj\u0105c na celu optymalizacj\u0119 realizowanych proces\u00f3w powo\u0142ano now\u0105 miejsk\u0105 jednostk\u0119.<\/p>\n\n\n\n<p>Uchwa\u0142a w tej sprawie zapad\u0142a na styczniowej sesji Rady Miasta Lublin. Takie rozwi\u0105zanie jest ju\u017c z powodzeniem praktykowane np. w \u0141odzi, S\u0142upsku, Koszalinie, Szczecinie czy Bydgoszczy.<\/p>\n\n\n<style>.wp-block-quote{border-left:0.1875rem solid var(--page-color);font-size:1rem;font-style:italic;margin:0 0 1.6875rem;padding:1.25rem}.wp-block-quote cite{color:#050505}.wp-block-quote.is-style-large p{margin-bottom:10px}.wp-block-quote.is-style-large cite{color:#12406a}\n<\/style>\n<blockquote class=\"wp-block-quote is-layout-flow wp-block-quote-is-layout-flow\">\n<p>-\u201eMy\u015bl\u0105c o poruszaniu si\u0119 po mie\u015bcie uwzgl\u0119dniamy potrzeby wszystkich u\u017cytkownik\u00f3w. Od lat rozwijamy i modernizujemy sie\u0107 dr\u00f3g w mie\u015bcie, remontujemy i budujemy nowe chodniki, uszczelniamy sie\u0107 \u015bcie\u017cek rowerowych, a najwi\u0119kszy projekt komunikacyjny jaki realizowali\u015bmy, dotyczy\u0142 autobus\u00f3w. Kamieniem milowym by\u0142o uruchomienie Dworca Lublin, kt\u00f3ry spina klamr\u0105 wszystkie komunikacyjne projekty. Chcemy, by w perspektywie kilku lat, nast\u0105pi\u0142a realna zmiana w tym, jak przemieszczamy si\u0119 po mie\u015bcie, aby\u015bmy jeszcze ch\u0119tniej wybierali autobus, rower i inne ekologiczne \u015brodki, a rzadziej jechali w\u0142asnym autem. To nie tylko kwestia zmniejszenia kork\u00f3w, ale tak\u017ce realna korzy\u015b\u0107 dla \u015brodowiska\u201d \u2013 powiedzia\u0142 Krzysztof \u017buk, prezydent Miasta Lublin.<\/p>\n<\/blockquote>\n\n\n\n<p>R\u00f3wnolegle, Zarz\u0105d Transportu Miejskiego w Lublinie wdra\u017ca drugi etap zmian oferty przewozowej. Zgodnie z zapowiedziami i przyj\u0119tym po konsultacjach spo\u0142ecznych harmonogramem dzia\u0142a\u0144, uruchomione zostan\u0105 2 zupe\u0142nie nowe linie pospieszne. Zmiany w kursowaniu komunikacji miejskiej zaczn\u0105 obowi\u0105zywa\u0107 od 18 marca.<\/p>\n\n\n<style>.wp-block-image{margin:1.25rem 0;text-align:center}.wp-block-image figcaption{padding:0 0.9375rem;text-align:center}\n<\/style>\n<figure class=\"wp-block-image size-full\"><img decoding=\"async\" src=\"https:\/\/transinfo.pl\/wp-content\/uploads\/2024\/03\/konferencja_na_dworcu_w_sprawie_komunikacji__1klOWfqWibGpC785HlXs.jpg\" alt=\"\" class=\"wp-image-467158\" \/><figcaption class=\"wp-element-caption\">Artur Szymczyk, zast\u0119pca prezydenta Miasta Lublin i  Krzysztof \u017buk, prezydent Miasta Lublin \/ fot. UM Lublin <\/figcaption><\/figure>\n\n\n\n<h2 class=\"wp-block-heading\" id=\"h-drogowa-sieci\">Drogowa sieci<\/h2>\n\n\n\n<p>W tym roku na inwestycje drogowe oraz remonty jezdni i chodnik\u00f3w Miasto zaplanowa\u0142o ok. 200 mln z\u0142, co pozwoli na realizacj\u0119 blisko 75 zada\u0144.<\/p>\n\n\n\n<blockquote class=\"wp-block-quote is-layout-flow wp-block-quote-is-layout-flow\">\n<p>-\u201eSystematycznie rozwijamy sie\u0107 infrastruktury drogowej, buduj\u0105c nowe ulice w mie\u015bcie. Dzi\u0119ki temu poprawiamy bezpiecze\u0144stwo oraz komfort jazdy po Lublinie oraz obs\u0142ug\u0119 komunikacyjn\u0105. Z uwagi na zakres prac oraz ich koszt, cz\u0119\u015b\u0107 realizowanych zada\u0144 inwestycyjnych jest wsp\u00f3\u0142finansowana przy udziale \u015brodk\u00f3w zewn\u0119trznych \u2013 doda\u0142 Artur Szymczyk, zast\u0119pca prezydenta Miasta Lublin ds. Inwestycji i Rozwoju.<\/p>\n<\/blockquote>\n\n\n\n<p> Kontynuowane s\u0105 prace przy przed\u0142u\u017ceniu ul. Lubelskiego Lipca &#8217;80 (96 mln z\u0142). Drogowcy pracuj\u0105 te\u017c ju\u017c przy budowie przed\u0142u\u017cenia ul. W\u0119glarza (blisko 49 mln z\u0142). Trwa rozbudowa ul. Zorza (ponad 19,5 mln), Wallenroda (ponad 13,3 mln z\u0142) i Monta\u017cowej (ponad 6,8 mln z\u0142) oraz budowa ul. S\u0142awinek (ponad 7,8 mln z\u0142). Prace rozpocz\u0119\u0142y si\u0119 te\u017c przy przebudowie k\u0142adki na ul. Filaret\u00f3w (ponad 4,1 mln z\u0142). W trakcie jest z kolei post\u0119powanie na przebudow\u0119 ul. Samsonowicza oraz budow\u0119 ul. Kruszynowej. <\/p>\n\n\n\n<p>Dodatkowo trwaj\u0105 prace nad kompletn\u0105 dokumentacj\u0105 projektow\u0105 na przebudow\u0119 ul. Zana na ca\u0142ym odcinku. Og\u0142oszono te\u017c post\u0119powania na wyb\u00f3r biura projektowego, kt\u00f3re opracuje dokumentacj\u0119 dla przebudowy ul. Turystycznej. Opracowanie dokumentacji przysz\u0142o\u015bciowej Miasto chce r\u00f3wnie\u017c zleci\u0107 dla rozbudowy ul. Na\u0142\u0119czowskiej (na odcinku od skrzy\u017cowania z al. Mazowieckiego do granic miasta). W 2024 r. planowana jest te\u017c przebudowa ulic: Pogodnej, Pliszczy\u0144skiej, Janowskiej i Budowlanej. Modernizacje obejmuj\u0105 te\u017c przyleg\u0142e do ulic chodniki, a tak\u017ce rozwi\u0105zania chroni\u0105ce pieszych i kierowc\u00f3w.<\/p>\n\n\n\n<figure class=\"wp-block-image aligncenter size-full\"><a href=\"https:\/\/transinfo.pl\/wp-content\/uploads\/2024\/03\/autobus-mpk-lublin-4-2.jpg\"><img decoding=\"async\" src=\"https:\/\/transinfo.pl\/wp-content\/uploads\/2024\/03\/autobus-mpk-lublin-4-2.jpg\" alt=\"\" class=\"wp-image-467161\" \/><\/a><figcaption class=\"wp-element-caption\">Od 1 lipca zacznie funkcjonowa\u0107 Zarz\u0105d Dr\u00f3g i Transportu Miejskiego w Lublinie.<\/figcaption><\/figure>\n","protected":false},"author":2,"featured_media":266161,"comment_status":"","ping_status":"closed","template":"","categories":[23],"tags":[137,112,3103,2106],"class_list":["post-266160","infotrans","type-infotrans","status-publish","has-post-thumbnail","hentry","category-infrastruktura","tag-komunikacja-miejska","tag-lublin","tag-transport-publiczny","tag-ztm-lublin"],"acf":[],"yoast_head":"<!-- This site is optimized with the Yoast SEO Premium plugin v21.8 (Yoast SEO v23.7) - https:\/\/yoast.com\/wordpress\/plugins\/seo\/ -->\n<title>ZDiTM w Lublinie, czyli transport publiczny i drogi pod jednym szyldem. Od lipca - TransInfo Archiwum<\/title>\n<meta name=\"description\" content=\"1 lipca 2024 roku zacznie funkcjonowa\u0107 Zarz\u0105d Dr\u00f3g i Transportu Miejskiego w Lublinie, kt\u00f3ry po\u0142\u0105czy osobne do tej pory jednostki: ZTM i ZDiM\" \/>\n<meta name=\"robots\" content=\"index, follow, max-snippet:-1, max-image-preview:large, max-video-preview:-1\" \/>\n<link rel=\"canonical\" href=\"https:\/\/transinfo.pl\/x\/infotrans\/zditm-w-lublinie-czyli-transport-publiczny-i-drogi-pod-jednym-szyldem-od-lipca\/\" \/>\n<meta property=\"og:locale\" content=\"pl_PL\" \/>\n<meta property=\"og:type\" content=\"article\" \/>\n<meta property=\"og:title\" content=\"ZDiTM w Lublinie, czyli transport publiczny i drogi pod jednym szyldem. Od lipca\" \/>\n<meta property=\"og:description\" content=\"1 lipca 2024 roku zacznie funkcjonowa\u0107 Zarz\u0105d Dr\u00f3g i Transportu Miejskiego w Lublinie, kt\u00f3ry po\u0142\u0105czy osobne do tej pory jednostki: ZTM i ZDiM\" \/>\n<meta property=\"og:url\" content=\"https:\/\/transinfo.pl\/x\/infotrans\/zditm-w-lublinie-czyli-transport-publiczny-i-drogi-pod-jednym-szyldem-od-lipca\/\" \/>\n<meta property=\"og:site_name\" content=\"TransInfo Archiwum\" \/>\n<meta property=\"og:image\" content=\"https:\/\/transinfo.pl\/x\/wp-content\/uploads\/2024\/03\/konferencja_na_dworcu_w_sprawie_komunikacji__3klOWfqWibGpC785HlXs-1.jpg\" \/>\n\t<meta property=\"og:image:width\" content=\"1\" \/>\n\t<meta property=\"og:image:height\" content=\"1\" \/>\n\t<meta property=\"og:image:type\" content=\"image\/jpeg\" \/>\n<meta name=\"twitter:card\" content=\"summary_large_image\" \/>\n<meta name=\"twitter:label1\" content=\"Szacowany czas czytania\" \/>\n\t<meta name=\"twitter:data1\" content=\"3 minuty\" \/>\n<script type=\"application\/ld+json\" class=\"yoast-schema-graph\">{\"@context\":\"https:\/\/schema.org\",\"@graph\":[{\"@type\":\"WebPage\",\"@id\":\"https:\/\/transinfo.pl\/x\/infotrans\/zditm-w-lublinie-czyli-transport-publiczny-i-drogi-pod-jednym-szyldem-od-lipca\/\",\"url\":\"https:\/\/transinfo.pl\/x\/infotrans\/zditm-w-lublinie-czyli-transport-publiczny-i-drogi-pod-jednym-szyldem-od-lipca\/\",\"name\":\"ZDiTM w Lublinie, czyli transport publiczny i drogi pod jednym szyldem. Od lipca - TransInfo Archiwum\",\"isPartOf\":{\"@id\":\"https:\/\/transinfo.pl\/x\/#website\"},\"primaryImageOfPage\":{\"@id\":\"https:\/\/transinfo.pl\/x\/infotrans\/zditm-w-lublinie-czyli-transport-publiczny-i-drogi-pod-jednym-szyldem-od-lipca\/#primaryimage\"},\"image\":{\"@id\":\"https:\/\/transinfo.pl\/x\/infotrans\/zditm-w-lublinie-czyli-transport-publiczny-i-drogi-pod-jednym-szyldem-od-lipca\/#primaryimage\"},\"thumbnailUrl\":\"https:\/\/transinfo.pl\/x\/wp-content\/uploads\/2024\/03\/konferencja_na_dworcu_w_sprawie_komunikacji__3klOWfqWibGpC785HlXs-1.jpg\",\"datePublished\":\"2024-03-12T10:00:00+00:00\",\"dateModified\":\"2024-03-12T10:00:00+00:00\",\"description\":\"1 lipca 2024 roku zacznie funkcjonowa\u0107 Zarz\u0105d Dr\u00f3g i Transportu Miejskiego w Lublinie, kt\u00f3ry po\u0142\u0105czy osobne do tej pory jednostki: ZTM i ZDiM\",\"breadcrumb\":{\"@id\":\"https:\/\/transinfo.pl\/x\/infotrans\/zditm-w-lublinie-czyli-transport-publiczny-i-drogi-pod-jednym-szyldem-od-lipca\/#breadcrumb\"},\"inLanguage\":\"pl-PL\",\"potentialAction\":[{\"@type\":\"ReadAction\",\"target\":[\"https:\/\/transinfo.pl\/x\/infotrans\/zditm-w-lublinie-czyli-transport-publiczny-i-drogi-pod-jednym-szyldem-od-lipca\/\"]}]},{\"@type\":\"ImageObject\",\"inLanguage\":\"pl-PL\",\"@id\":\"https:\/\/transinfo.pl\/x\/infotrans\/zditm-w-lublinie-czyli-transport-publiczny-i-drogi-pod-jednym-szyldem-od-lipca\/#primaryimage\",\"url\":\"https:\/\/transinfo.pl\/x\/wp-content\/uploads\/2024\/03\/konferencja_na_dworcu_w_sprawie_komunikacji__3klOWfqWibGpC785HlXs-1.jpg\",\"contentUrl\":\"https:\/\/transinfo.pl\/x\/wp-content\/uploads\/2024\/03\/konferencja_na_dworcu_w_sprawie_komunikacji__3klOWfqWibGpC785HlXs-1.jpg\"},{\"@type\":\"BreadcrumbList\",\"@id\":\"https:\/\/transinfo.pl\/x\/infotrans\/zditm-w-lublinie-czyli-transport-publiczny-i-drogi-pod-jednym-szyldem-od-lipca\/#breadcrumb\",\"itemListElement\":[{\"@type\":\"ListItem\",\"position\":1,\"name\":\"Home\",\"item\":\"https:\/\/transinfo.pl\/x\/\"},{\"@type\":\"ListItem\",\"position\":2,\"name\":\"Infotrans\",\"item\":\"https:\/\/transinfo.pl\/x\/infotrans\/\"},{\"@type\":\"ListItem\",\"position\":3,\"name\":\"ZDiTM w Lublinie, czyli transport publiczny i drogi pod jednym szyldem. Od lipca\"}]},{\"@type\":\"WebSite\",\"@id\":\"https:\/\/transinfo.pl\/x\/#website\",\"url\":\"https:\/\/transinfo.pl\/x\/\",\"name\":\"TransInfo Archiwum\",\"description\":\"Ca\u0142y transport w jednym miejscu\",\"publisher\":{\"@id\":\"https:\/\/transinfo.pl\/x\/#organization\"},\"potentialAction\":[{\"@type\":\"SearchAction\",\"target\":{\"@type\":\"EntryPoint\",\"urlTemplate\":\"https:\/\/transinfo.pl\/x\/?s={search_term_string}\"},\"query-input\":{\"@type\":\"PropertyValueSpecification\",\"valueRequired\":true,\"valueName\":\"search_term_string\"}}],\"inLanguage\":\"pl-PL\"},{\"@type\":\"Organization\",\"@id\":\"https:\/\/transinfo.pl\/x\/#organization\",\"name\":\"TransInfo\",\"url\":\"https:\/\/transinfo.pl\/x\/\",\"logo\":{\"@type\":\"ImageObject\",\"inLanguage\":\"pl-PL\",\"@id\":\"https:\/\/transinfo.pl\/x\/#\/schema\/logo\/image\/\",\"url\":\"https:\/\/transinfo.pl\/x\/wp-content\/uploads\/2024\/10\/favicon.png\",\"contentUrl\":\"https:\/\/transinfo.pl\/x\/wp-content\/uploads\/2024\/10\/favicon.png\",\"width\":512,\"height\":512,\"caption\":\"TransInfo\"},\"image\":{\"@id\":\"https:\/\/transinfo.pl\/x\/#\/schema\/logo\/image\/\"}}]}<\/script>\n<!-- \/ Yoast SEO Premium plugin. -->","yoast_head_json":{"title":"ZDiTM w Lublinie, czyli transport publiczny i drogi pod jednym szyldem. Od lipca - TransInfo Archiwum","description":"1 lipca 2024 roku zacznie funkcjonowa\u0107 Zarz\u0105d Dr\u00f3g i Transportu Miejskiego w Lublinie, kt\u00f3ry po\u0142\u0105czy osobne do tej pory jednostki: ZTM i ZDiM","robots":{"index":"index","follow":"follow","max-snippet":"max-snippet:-1","max-image-preview":"max-image-preview:large","max-video-preview":"max-video-preview:-1"},"canonical":"https:\/\/transinfo.pl\/x\/infotrans\/zditm-w-lublinie-czyli-transport-publiczny-i-drogi-pod-jednym-szyldem-od-lipca\/","og_locale":"pl_PL","og_type":"article","og_title":"ZDiTM w Lublinie, czyli transport publiczny i drogi pod jednym szyldem. Od lipca","og_description":"1 lipca 2024 roku zacznie funkcjonowa\u0107 Zarz\u0105d Dr\u00f3g i Transportu Miejskiego w Lublinie, kt\u00f3ry po\u0142\u0105czy osobne do tej pory jednostki: ZTM i ZDiM","og_url":"https:\/\/transinfo.pl\/x\/infotrans\/zditm-w-lublinie-czyli-transport-publiczny-i-drogi-pod-jednym-szyldem-od-lipca\/","og_site_name":"TransInfo Archiwum","og_image":[{"url":"https:\/\/transinfo.pl\/x\/wp-content\/uploads\/2024\/03\/konferencja_na_dworcu_w_sprawie_komunikacji__3klOWfqWibGpC785HlXs-1.jpg","width":1,"height":1,"type":"image\/jpeg"}],"twitter_card":"summary_large_image","twitter_misc":{"Szacowany czas czytania":"3 minuty"},"schema":{"@context":"https:\/\/schema.org","@graph":[{"@type":"WebPage","@id":"https:\/\/transinfo.pl\/x\/infotrans\/zditm-w-lublinie-czyli-transport-publiczny-i-drogi-pod-jednym-szyldem-od-lipca\/","url":"https:\/\/transinfo.pl\/x\/infotrans\/zditm-w-lublinie-czyli-transport-publiczny-i-drogi-pod-jednym-szyldem-od-lipca\/","name":"ZDiTM w Lublinie, czyli transport publiczny i drogi pod jednym szyldem. Od lipca - TransInfo Archiwum","isPartOf":{"@id":"https:\/\/transinfo.pl\/x\/#website"},"primaryImageOfPage":{"@id":"https:\/\/transinfo.pl\/x\/infotrans\/zditm-w-lublinie-czyli-transport-publiczny-i-drogi-pod-jednym-szyldem-od-lipca\/#primaryimage"},"image":{"@id":"https:\/\/transinfo.pl\/x\/infotrans\/zditm-w-lublinie-czyli-transport-publiczny-i-drogi-pod-jednym-szyldem-od-lipca\/#primaryimage"},"thumbnailUrl":"https:\/\/transinfo.pl\/x\/wp-content\/uploads\/2024\/03\/konferencja_na_dworcu_w_sprawie_komunikacji__3klOWfqWibGpC785HlXs-1.jpg","datePublished":"2024-03-12T10:00:00+00:00","dateModified":"2024-03-12T10:00:00+00:00","description":"1 lipca 2024 roku zacznie funkcjonowa\u0107 Zarz\u0105d Dr\u00f3g i Transportu Miejskiego w Lublinie, kt\u00f3ry po\u0142\u0105czy osobne do tej pory jednostki: ZTM i ZDiM","breadcrumb":{"@id":"https:\/\/transinfo.pl\/x\/infotrans\/zditm-w-lublinie-czyli-transport-publiczny-i-drogi-pod-jednym-szyldem-od-lipca\/#breadcrumb"},"inLanguage":"pl-PL","potentialAction":[{"@type":"ReadAction","target":["https:\/\/transinfo.pl\/x\/infotrans\/zditm-w-lublinie-czyli-transport-publiczny-i-drogi-pod-jednym-szyldem-od-lipca\/"]}]},{"@type":"ImageObject","inLanguage":"pl-PL","@id":"https:\/\/transinfo.pl\/x\/infotrans\/zditm-w-lublinie-czyli-transport-publiczny-i-drogi-pod-jednym-szyldem-od-lipca\/#primaryimage","url":"https:\/\/transinfo.pl\/x\/wp-content\/uploads\/2024\/03\/konferencja_na_dworcu_w_sprawie_komunikacji__3klOWfqWibGpC785HlXs-1.jpg","contentUrl":"https:\/\/transinfo.pl\/x\/wp-content\/uploads\/2024\/03\/konferencja_na_dworcu_w_sprawie_komunikacji__3klOWfqWibGpC785HlXs-1.jpg"},{"@type":"BreadcrumbList","@id":"https:\/\/transinfo.pl\/x\/infotrans\/zditm-w-lublinie-czyli-transport-publiczny-i-drogi-pod-jednym-szyldem-od-lipca\/#breadcrumb","itemListElement":[{"@type":"ListItem","position":1,"name":"Home","item":"https:\/\/transinfo.pl\/x\/"},{"@type":"ListItem","position":2,"name":"Infotrans","item":"https:\/\/transinfo.pl\/x\/infotrans\/"},{"@type":"ListItem","position":3,"name":"ZDiTM w Lublinie, czyli transport publiczny i drogi pod jednym szyldem. Od lipca"}]},{"@type":"WebSite","@id":"https:\/\/transinfo.pl\/x\/#website","url":"https:\/\/transinfo.pl\/x\/","name":"TransInfo Archiwum","description":"Ca\u0142y transport w jednym miejscu","publisher":{"@id":"https:\/\/transinfo.pl\/x\/#organization"},"potentialAction":[{"@type":"SearchAction","target":{"@type":"EntryPoint","urlTemplate":"https:\/\/transinfo.pl\/x\/?s={search_term_string}"},"query-input":{"@type":"PropertyValueSpecification","valueRequired":true,"valueName":"search_term_string"}}],"inLanguage":"pl-PL"},{"@type":"Organization","@id":"https:\/\/transinfo.pl\/x\/#organization","name":"TransInfo","url":"https:\/\/transinfo.pl\/x\/","logo":{"@type":"ImageObject","inLanguage":"pl-PL","@id":"https:\/\/transinfo.pl\/x\/#\/schema\/logo\/image\/","url":"https:\/\/transinfo.pl\/x\/wp-content\/uploads\/2024\/10\/favicon.png","contentUrl":"https:\/\/transinfo.pl\/x\/wp-content\/uploads\/2024\/10\/favicon.png","width":512,"height":512,"caption":"TransInfo"},"image":{"@id":"https:\/\/transinfo.pl\/x\/#\/schema\/logo\/image\/"}}]}},"_links":{"self":[{"href":"https:\/\/transinfo.pl\/x\/wp-json\/wp\/v2\/infotrans\/266160","targetHints":{"allow":["GET"]}}],"collection":[{"href":"https:\/\/transinfo.pl\/x\/wp-json\/wp\/v2\/infotrans"}],"about":[{"href":"https:\/\/transinfo.pl\/x\/wp-json\/wp\/v2\/types\/infotrans"}],"author":[{"embeddable":true,"href":"https:\/\/transinfo.pl\/x\/wp-json\/wp\/v2\/users\/2"}],"replies":[{"embeddable":true,"href":"https:\/\/transinfo.pl\/x\/wp-json\/wp\/v2\/comments?post=266160"}],"wp:featuredmedia":[{"embeddable":true,"href":"https:\/\/transinfo.pl\/x\/wp-json\/wp\/v2\/media\/266161"}],"wp:attachment":[{"href":"https:\/\/transinfo.pl\/x\/wp-json\/wp\/v2\/media?parent=266160"}],"wp:term":[{"taxonomy":"category","embeddable":true,"href":"https:\/\/transinfo.pl\/x\/wp-json\/wp\/v2\/categories?post=266160"},{"taxonomy":"post_tag","embeddable":true,"href":"https:\/\/transinfo.pl\/x\/wp-json\/wp\/v2\/tags?post=266160"}],"curies":[{"name":"wp","href":"https:\/\/api.w.org\/{rel}","templated":true}]}}