{"id":266085,"date":"2024-03-11T10:30:42","date_gmt":"2024-03-11T10:30:42","guid":{"rendered":"https:\/\/transinfo.pl\/x\/infotrans\/dzisiaj-protest-rolnikow-w-wielkopolsce-ztm-poznan-ostrzega\/"},"modified":"2024-03-11T10:30:42","modified_gmt":"2024-03-11T10:30:42","slug":"dzisiaj-protest-rolnikow-w-wielkopolsce-ztm-poznan-ostrzega","status":"publish","type":"infotrans","link":"https:\/\/transinfo.pl\/x\/infotrans\/dzisiaj-protest-rolnikow-w-wielkopolsce-ztm-poznan-ostrzega\/","title":{"rendered":"Dzisiaj protest rolnik\u00f3w w Wielkopolsce. ZTM Pozna\u0144 ostrzega"},"content":{"rendered":"<style>h1,h2,h3,h4,h5,h6{margin:0 0 1.25rem;font-family:Arial,sans-serif;font-weight:600;color:#050505}h1{font-size:1.875rem;line-height:1.1em;text-transform:none}@media(min-width: 768px){h1{font-size:2.375rem}}h2{font-size:1.1875rem;line-height:1.2em;text-transform:uppercase}@media(min-width: 768px){h2{font-size:1.0625rem}}h3{font-size:0.9375rem;line-height:1.4em;font-weight:900;margin-bottom:0.9375rem}h4{font-size:0.875rem;line-height:1.2em;font-weight:500}h5{font-size:0.9375rem;line-height:1.6;font-weight:400}h6{font-size:0.9375rem;line-height:1.6;font-weight:600}\n<\/style>\n<h3 class=\"wp-block-heading\" id=\"h-11-marca-wielkopolscy-pasazerowie-i-kierowcy-musza-sie-liczyc-z-wieloma-utrudnieniami-wszystko-to-w-zwiazku-z-protestami-rolnikow\">11 marca wielkopolscy pasa\u017cerowie i kierowcy musz\u0105 si\u0119 liczy\u0107 z wieloma utrudnieniami. Wszystko to w zwi\u0105zku z protestami rolnik\u00f3w.<\/h3>\n\n\n<style>p{margin:0 0 1.5rem}p:last-child{margin:0}p.is-style-uppercase{text-transform:uppercase}p.is-style-preheading{color:#12406a;text-transform:uppercase}p.is-style-leadparagraph{font-size:1rem;line-height:1.625;font-weight:700}@media(min-width: 768px){p.is-style-leadparagraph{font-size:1.125rem;line-height:1.5555555556}}p.has-small-margin{margin-bottom:0.625rem}p.has-small-margin+h1,p.has-small-margin+h2,p.has-small-margin+h3{margin-top:1.875rem}\n<\/style>\n<p>Utrudnienia s\u0105 m.in. na autostradzie A2, na drodze S11, S5, dk 32, dk 24, czy dk 92. Z kolei Zarz\u0105d Komunikacji Miejskiej w Poznaniu ostrzega przed blokadami w obr\u0119bie aglomeracji: -\u201eUwaga pasa\u017cerowie komunikacji podmiejskiej! W poniedzia\u0142ek, 11 marca, w zwi\u0105zku z zapowiadanym protestem rolnik\u00f3w, mog\u0105 wyst\u0105pi\u0107 utrudnienia w funkcjonowaniu komunikacji podmiejskiej \u2013 zw\u0142aszcza na drogach dojazdowych do Poznania z kierunk\u00f3w: Komorniki, Tarnowo Podg\u00f3rne, Zakrzewo, Chludowo i Kostrzyn.<\/p>\n\n\n\n<h2 class=\"wp-block-heading\" id=\"h-trudny-poniedzialek\">Trudny poniedzia\u0142ek<\/h2>\n\n\n\n<p>Pierwsze protesty rozpocz\u0119\u0142y si\u0119 w poniedzia\u0142ek ok. godz. 8. Obecnie, jak poinformowa\u0142 dy\u017curny Punktu Informacji Drogowej pozna\u0144skiego oddzia\u0142u GDDKiA \u2013 wed\u0142ug informacji na godz. 10.30 \u2013 utrudnia wyst\u0119puj\u0105 m.in. na dk 32 w Grodzisku Wielkopolskim. Protest polega na blokadzie dw\u00f3ch rond &#8211; skrzy\u017cowania z DW308 do Ko\u015bciana oraz skrzy\u017cowania z DW308 do Nowego Tomy\u015bla.<\/p>\n\n\n\n<p>Rolnicy protestuj\u0105 tak\u017ce na dk 24 w Kwilczu mi\u0119dzy miejscowo\u015bci Pniewy i Gorzy\u0144. Tam protest polega na blokadzie na skrzy\u017cowaniu DK 24 z DW 186 oraz drogami powiatowymi P1735 i P1734. Utrudnienia wyst\u0119puj\u0105 tak\u017ce na dk 92 w miejscowo\u015bci Bolewicko \u2013 na odcinku Miedzichowo \u2013 Bolewice blokowane jest skrzy\u017cowania DK 92 z DW 305.<\/p>\n\n\n\n<p>Zablokowana jest tak\u017ce obecnie dk 32 w miejscowo\u015bci Strykowo na odcinku Grodzisk Wielkopolski \u2013 St\u0119szew.<\/p>\n\n\n\n<p>Utrudnienia wyst\u0119puj\u0105 tak\u017ce na autostradzie A2 na 285 kilometrze trasy w kierunku Warszawy. Dy\u017curny poda\u0142, \u017ce mi\u0119dzy w\u0119z\u0142ami Konin Wsch\u00f3d i D\u0105bie &#8211; w zwi\u0105zku z protestem rolnik\u00f3w polegaj\u0105cym na blokadzie autostrady A2 na terenie wojew\u00f3dztwa \u0142\u00f3dzkiego &#8211; autostrada A2 jest zamkni\u0119ta od w\u0119z\u0142a Ko\u0142o w kierunku Warszawy. Policja wyznaczy\u0142a objazd dla pojazd\u00f3w ci\u0119\u017carowych od w. Ko\u0142o \u2013 DW470 &#8211; Ko\u015bcielec &#8211; DK92, dla pojazd\u00f3w osobowych w D\u0105bie &#8211; DW 473-DW 263 \u2013 K\u0142odawa \u2013 DK 92.<\/p>\n\n\n\n<p>Utrudnienia \u2013 w obu kierunkach &#8211; s\u0105 tak\u017ce na drodze S5 mi\u0119dzy w\u0119z\u0142ami Pozna\u0144 Mosina i Ko\u015bcian Po\u0142udnie. Tam zamkni\u0119ty jest ci\u0105g g\u0142\u00f3wny drogi ekspresowej pomi\u0119dzy w\u0119z\u0142ami Pozna\u0144 Mosina a Ko\u015bcian Po\u0142udnie. Brak mo\u017cliwo\u015bci wjazdu i zjazdu na w\u0119z\u0142ach. Na S5 utrudnienia wyst\u0119puj\u0105 tak\u017ce na w\u0119\u017ale Pozna\u0144 Zach\u00f3d.<\/p>\n\n\n\n<p>Z powodu protest\u00f3w utrudnienia wyst\u0119puj\u0105 tak\u017ce na S11. Tam mi\u0119dzy w\u0119z\u0142ami Pozna\u0144 Napachanie i Pozna\u0144 Zach\u00f3d zamkni\u0119ty jest ci\u0105g g\u0142\u00f3wny drogi ekspresowej. Brak jest mo\u017cliwo\u015bci wjazdu i zjazdu na w\u0119z\u0142ach z wyj\u0105tkiem &#8211; od strony Pi\u0142y mo\u017cliwo\u015b\u0107 zjazdu na w\u0119\u017ale Pozna\u0144 Napachanie.<\/p>\n\n\n<style>.wp-block-image{margin:1.25rem 0;text-align:center}.wp-block-image figcaption{padding:0 0.9375rem;text-align:center}\n<\/style>\n<figure class=\"wp-block-image aligncenter size-large is-resized\"><img loading=\"lazy\" decoding=\"async\" src=\"https:\/\/transinfo.pl\/wp-content\/uploads\/2024\/03\/transport-publiczny-poznan-6-922x1024.jpg\" alt=\"Uwaga pasa\u017cerowie: na poniedzia\u0142ek (11 marca) rolnicy zapowiadaj\u0105 protest, kt\u00f3ry utrudni dojazd i przemieszczanie si\u0119\" class=\"wp-image-467100\" width=\"576\" height=\"639\" \/><figcaption class=\"wp-element-caption\">Uwaga pasa\u017cerowie: na poniedzia\u0142ek (11 marca) rolnicy zapowiadaj\u0105 protest, kt\u00f3ry utrudni dojazd i przemieszczanie si\u0119 \/ fot. ZTM Pozna\u0144 <\/figcaption><\/figure>\n\n\n\n<h2 class=\"wp-block-heading\" id=\"h-ztm-poznan-ostrzega\">ZTM Pozna\u0144 ostrzega<\/h2>\n\n\n\n<p>Jak przekaza\u0142 zarz\u0105d Komunikacji Miejskiej w Poznaniu, w poniedzia\u0142ek, 11 marca, w zwi\u0105zku z zapowiadanym protestem rolnik\u00f3w, mog\u0105 wyst\u0105pi\u0107 utrudnienia w funkcjonowaniu komunikacji podmiejskiej \u2013 zw\u0142aszcza na drogach dojazdowych do Poznania z kierunk\u00f3w: Komorniki, Tarnowo Podg\u00f3rne, Zakrzewo, Chludowo i Kostrzyn.<\/p>\n\n\n\n<p>Utrudnienia wyst\u0105pi\u0105 m.in. na drogach dojazdowych do Poznania.<\/p>\n\n\n\n<p>Na wje\u017adzie od po\u0142udnia Poznania:<\/p>\n\n\n\n<p>&#8211; na ul. G\u0142ogowskiej &#8211; w okolicy w\u0119z\u0142a z autostrad\u0105 A2 oraz na wysoko\u015bci ulic: Marii Lange i Op\u0142otki.<\/p>\n\n\n\n<p>&#8211; w Komornikach na ul. Pozna\u0144skiej do skrzy\u017cowania z ul. Jeziorn\u0105 oraz na samej ul. Jeziornej, a tak\u017ce na rondzie Or\u0142a Bia\u0142ego wraz z dojazdami od ul. Malinowskiego, ks. Piotra Wawrzyniaka, ul. Kolumba.<\/p>\n\n\n\n<p>Na zachodzie Poznania:<\/p>\n\n\n\n<p>&#8211; w Jankowicach: na skrzy\u017cowaniu ulic Pozna\u0144skiej i Przemys\u0142owej<\/p>\n\n\n\n<p>&#8211; w Tarnowie Podg\u00f3rnym: al. Solidarno\u015bci od ronda im. Lecha Wa\u0142\u0119sy przez rondo im. Jacka Kuronia do ronda Tadeusza Mazowieckiego, dodatkowo tak\u017ce odcinek drogi DK 92 od ronda Wa\u0142\u0119sy do zjazdu z DK 92 na wysoko\u015bci ul. \u015bw. Miko\u0142aja\/\u015bw. Antoniego,<\/p>\n\n\n\n<p>&#8211; w Swadzimiu: odcinek S11 na wysoko\u015bci w\u0119z\u0142a Swadzim.<\/p>\n\n\n\n<p>Na po\u0142udniu Poznania:<\/p>\n\n\n\n<p>&#8211; odcinek S5: na wysoko\u015bci w\u0119z\u0142a Konarzewo,&nbsp;<\/p>\n\n\n\n<p>&#8211; St\u0119szew: skrzy\u017cowanie dr\u00f3g nr 306 i 311 (ulica D\u0105browskiego, Wroc\u0142awska, B\u0142onie, Bukowska), na prawym pasie ruchu wyjazdowym z ronda ul. D\u0105browskiego do ul. Kwiatowej, na prawym pasie wyjazdowym z ronda ul. Bukowsk\u0105 do cmentarza, na prawym pasie wyjazdowym ul. B\u0142onie do ul. Ko\u015bcia\u0144skiej, w ci\u0105gu ul. Wroc\u0142awskiej od ul. Grodziskiej, na prawym pasie ruchu dojazdowym do ronda,<\/p>\n\n\n\n<p>&#8211; droga S11: na wysoko\u015bci w\u0119z\u0142a D\u0105br\u00f3wka.<\/p>\n\n\n\n<p>Na wschodzie Poznania:<\/p>\n\n\n\n<p>&#8211; Kostrzyn Wielkopolski: na odcinku w Kostrzynie Wielkopolskim oraz na ul. \u017bniwnej, Granicznej, Okr\u0119\u017cnej.<\/p>\n\n\n\n<p>Pocz\u0105tek utrudnie\u0144 komunikacyjnych przewidziany jest na godzin\u0119 9:00 w poniedzia\u0142ek (11 marca), planowane zako\u0144czenie o godzinie 18:00.<\/p>\n\n\n\n<p>Odpowiednie s\u0142u\u017cby b\u0119d\u0105 stara\u0142y si\u0119 reagowa\u0107 na bie\u017c\u0105co i pr\u00f3bowa\u0107 zmniejsza\u0107 niedogodno\u015bci, niemniej jednak nale\u017cy si\u0119 przygotowa\u0107 na bardzo du\u017ce problemy w przemieszczaniu si\u0119 komunikacj\u0105.<\/p>\n","protected":false},"author":2,"featured_media":266086,"comment_status":"","ping_status":"closed","template":"","categories":[28],"tags":[21986,622,3103,672],"class_list":["post-266085","infotrans","type-infotrans","status-publish","has-post-thumbnail","hentry","category-pasazer","tag-komunikacja-regionalna","tag-protest","tag-transport-publiczny","tag-wielkopolskie"],"acf":[],"yoast_head":"<!-- This site is optimized with the Yoast SEO Premium plugin v21.8 (Yoast SEO v23.7) - https:\/\/yoast.com\/wordpress\/plugins\/seo\/ -->\n<title>Dzisiaj protest rolnik\u00f3w w Wielkopolsce. ZTM Pozna\u0144 ostrzega - TransInfo Archiwum<\/title>\n<meta name=\"description\" content=\"11 marca wielkopolscy pasa\u017cerowie i kierowcy musz\u0105 si\u0119 liczy\u0107 z wieloma utrudnieniami. Wszystko to w zwi\u0105zku z protestami rolnik\u00f3w.\" \/>\n<meta name=\"robots\" content=\"index, follow, max-snippet:-1, max-image-preview:large, max-video-preview:-1\" \/>\n<link rel=\"canonical\" href=\"https:\/\/transinfo.pl\/x\/infotrans\/dzisiaj-protest-rolnikow-w-wielkopolsce-ztm-poznan-ostrzega\/\" \/>\n<meta property=\"og:locale\" content=\"pl_PL\" \/>\n<meta property=\"og:type\" content=\"article\" \/>\n<meta property=\"og:title\" content=\"Dzisiaj protest rolnik\u00f3w w Wielkopolsce. ZTM Pozna\u0144 ostrzega\" \/>\n<meta property=\"og:description\" content=\"11 marca wielkopolscy pasa\u017cerowie i kierowcy musz\u0105 si\u0119 liczy\u0107 z wieloma utrudnieniami. Wszystko to w zwi\u0105zku z protestami rolnik\u00f3w.\" \/>\n<meta property=\"og:url\" content=\"https:\/\/transinfo.pl\/x\/infotrans\/dzisiaj-protest-rolnikow-w-wielkopolsce-ztm-poznan-ostrzega\/\" \/>\n<meta property=\"og:site_name\" content=\"TransInfo Archiwum\" \/>\n<meta property=\"og:image\" content=\"https:\/\/transinfo.pl\/x\/wp-content\/uploads\/2024\/03\/transport-publiczny-poznan-7.jpg\" \/>\n\t<meta property=\"og:image:width\" content=\"1\" \/>\n\t<meta property=\"og:image:height\" content=\"1\" \/>\n\t<meta property=\"og:image:type\" content=\"image\/jpeg\" \/>\n<meta name=\"twitter:card\" content=\"summary_large_image\" \/>\n<meta name=\"twitter:label1\" content=\"Szacowany czas czytania\" \/>\n\t<meta name=\"twitter:data1\" content=\"4 minuty\" \/>\n<script type=\"application\/ld+json\" class=\"yoast-schema-graph\">{\"@context\":\"https:\/\/schema.org\",\"@graph\":[{\"@type\":\"WebPage\",\"@id\":\"https:\/\/transinfo.pl\/x\/infotrans\/dzisiaj-protest-rolnikow-w-wielkopolsce-ztm-poznan-ostrzega\/\",\"url\":\"https:\/\/transinfo.pl\/x\/infotrans\/dzisiaj-protest-rolnikow-w-wielkopolsce-ztm-poznan-ostrzega\/\",\"name\":\"Dzisiaj protest rolnik\u00f3w w Wielkopolsce. ZTM Pozna\u0144 ostrzega - TransInfo Archiwum\",\"isPartOf\":{\"@id\":\"https:\/\/transinfo.pl\/x\/#website\"},\"primaryImageOfPage\":{\"@id\":\"https:\/\/transinfo.pl\/x\/infotrans\/dzisiaj-protest-rolnikow-w-wielkopolsce-ztm-poznan-ostrzega\/#primaryimage\"},\"image\":{\"@id\":\"https:\/\/transinfo.pl\/x\/infotrans\/dzisiaj-protest-rolnikow-w-wielkopolsce-ztm-poznan-ostrzega\/#primaryimage\"},\"thumbnailUrl\":\"https:\/\/transinfo.pl\/x\/wp-content\/uploads\/2024\/03\/transport-publiczny-poznan-7.jpg\",\"datePublished\":\"2024-03-11T10:30:42+00:00\",\"dateModified\":\"2024-03-11T10:30:42+00:00\",\"description\":\"11 marca wielkopolscy pasa\u017cerowie i kierowcy musz\u0105 si\u0119 liczy\u0107 z wieloma utrudnieniami. Wszystko to w zwi\u0105zku z protestami rolnik\u00f3w.\",\"breadcrumb\":{\"@id\":\"https:\/\/transinfo.pl\/x\/infotrans\/dzisiaj-protest-rolnikow-w-wielkopolsce-ztm-poznan-ostrzega\/#breadcrumb\"},\"inLanguage\":\"pl-PL\",\"potentialAction\":[{\"@type\":\"ReadAction\",\"target\":[\"https:\/\/transinfo.pl\/x\/infotrans\/dzisiaj-protest-rolnikow-w-wielkopolsce-ztm-poznan-ostrzega\/\"]}]},{\"@type\":\"ImageObject\",\"inLanguage\":\"pl-PL\",\"@id\":\"https:\/\/transinfo.pl\/x\/infotrans\/dzisiaj-protest-rolnikow-w-wielkopolsce-ztm-poznan-ostrzega\/#primaryimage\",\"url\":\"https:\/\/transinfo.pl\/x\/wp-content\/uploads\/2024\/03\/transport-publiczny-poznan-7.jpg\",\"contentUrl\":\"https:\/\/transinfo.pl\/x\/wp-content\/uploads\/2024\/03\/transport-publiczny-poznan-7.jpg\"},{\"@type\":\"BreadcrumbList\",\"@id\":\"https:\/\/transinfo.pl\/x\/infotrans\/dzisiaj-protest-rolnikow-w-wielkopolsce-ztm-poznan-ostrzega\/#breadcrumb\",\"itemListElement\":[{\"@type\":\"ListItem\",\"position\":1,\"name\":\"Home\",\"item\":\"https:\/\/transinfo.pl\/x\/\"},{\"@type\":\"ListItem\",\"position\":2,\"name\":\"Infotrans\",\"item\":\"https:\/\/transinfo.pl\/x\/infotrans\/\"},{\"@type\":\"ListItem\",\"position\":3,\"name\":\"Dzisiaj protest rolnik\u00f3w w Wielkopolsce. ZTM Pozna\u0144 ostrzega\"}]},{\"@type\":\"WebSite\",\"@id\":\"https:\/\/transinfo.pl\/x\/#website\",\"url\":\"https:\/\/transinfo.pl\/x\/\",\"name\":\"TransInfo Archiwum\",\"description\":\"Ca\u0142y transport w jednym miejscu\",\"publisher\":{\"@id\":\"https:\/\/transinfo.pl\/x\/#organization\"},\"potentialAction\":[{\"@type\":\"SearchAction\",\"target\":{\"@type\":\"EntryPoint\",\"urlTemplate\":\"https:\/\/transinfo.pl\/x\/?s={search_term_string}\"},\"query-input\":{\"@type\":\"PropertyValueSpecification\",\"valueRequired\":true,\"valueName\":\"search_term_string\"}}],\"inLanguage\":\"pl-PL\"},{\"@type\":\"Organization\",\"@id\":\"https:\/\/transinfo.pl\/x\/#organization\",\"name\":\"TransInfo\",\"url\":\"https:\/\/transinfo.pl\/x\/\",\"logo\":{\"@type\":\"ImageObject\",\"inLanguage\":\"pl-PL\",\"@id\":\"https:\/\/transinfo.pl\/x\/#\/schema\/logo\/image\/\",\"url\":\"https:\/\/transinfo.pl\/x\/wp-content\/uploads\/2024\/10\/favicon.png\",\"contentUrl\":\"https:\/\/transinfo.pl\/x\/wp-content\/uploads\/2024\/10\/favicon.png\",\"width\":512,\"height\":512,\"caption\":\"TransInfo\"},\"image\":{\"@id\":\"https:\/\/transinfo.pl\/x\/#\/schema\/logo\/image\/\"}}]}<\/script>\n<!-- \/ Yoast SEO Premium plugin. -->","yoast_head_json":{"title":"Dzisiaj protest rolnik\u00f3w w Wielkopolsce. ZTM Pozna\u0144 ostrzega - TransInfo Archiwum","description":"11 marca wielkopolscy pasa\u017cerowie i kierowcy musz\u0105 si\u0119 liczy\u0107 z wieloma utrudnieniami. Wszystko to w zwi\u0105zku z protestami rolnik\u00f3w.","robots":{"index":"index","follow":"follow","max-snippet":"max-snippet:-1","max-image-preview":"max-image-preview:large","max-video-preview":"max-video-preview:-1"},"canonical":"https:\/\/transinfo.pl\/x\/infotrans\/dzisiaj-protest-rolnikow-w-wielkopolsce-ztm-poznan-ostrzega\/","og_locale":"pl_PL","og_type":"article","og_title":"Dzisiaj protest rolnik\u00f3w w Wielkopolsce. ZTM Pozna\u0144 ostrzega","og_description":"11 marca wielkopolscy pasa\u017cerowie i kierowcy musz\u0105 si\u0119 liczy\u0107 z wieloma utrudnieniami. Wszystko to w zwi\u0105zku z protestami rolnik\u00f3w.","og_url":"https:\/\/transinfo.pl\/x\/infotrans\/dzisiaj-protest-rolnikow-w-wielkopolsce-ztm-poznan-ostrzega\/","og_site_name":"TransInfo Archiwum","og_image":[{"url":"https:\/\/transinfo.pl\/x\/wp-content\/uploads\/2024\/03\/transport-publiczny-poznan-7.jpg","width":1,"height":1,"type":"image\/jpeg"}],"twitter_card":"summary_large_image","twitter_misc":{"Szacowany czas czytania":"4 minuty"},"schema":{"@context":"https:\/\/schema.org","@graph":[{"@type":"WebPage","@id":"https:\/\/transinfo.pl\/x\/infotrans\/dzisiaj-protest-rolnikow-w-wielkopolsce-ztm-poznan-ostrzega\/","url":"https:\/\/transinfo.pl\/x\/infotrans\/dzisiaj-protest-rolnikow-w-wielkopolsce-ztm-poznan-ostrzega\/","name":"Dzisiaj protest rolnik\u00f3w w Wielkopolsce. ZTM Pozna\u0144 ostrzega - TransInfo Archiwum","isPartOf":{"@id":"https:\/\/transinfo.pl\/x\/#website"},"primaryImageOfPage":{"@id":"https:\/\/transinfo.pl\/x\/infotrans\/dzisiaj-protest-rolnikow-w-wielkopolsce-ztm-poznan-ostrzega\/#primaryimage"},"image":{"@id":"https:\/\/transinfo.pl\/x\/infotrans\/dzisiaj-protest-rolnikow-w-wielkopolsce-ztm-poznan-ostrzega\/#primaryimage"},"thumbnailUrl":"https:\/\/transinfo.pl\/x\/wp-content\/uploads\/2024\/03\/transport-publiczny-poznan-7.jpg","datePublished":"2024-03-11T10:30:42+00:00","dateModified":"2024-03-11T10:30:42+00:00","description":"11 marca wielkopolscy pasa\u017cerowie i kierowcy musz\u0105 si\u0119 liczy\u0107 z wieloma utrudnieniami. Wszystko to w zwi\u0105zku z protestami rolnik\u00f3w.","breadcrumb":{"@id":"https:\/\/transinfo.pl\/x\/infotrans\/dzisiaj-protest-rolnikow-w-wielkopolsce-ztm-poznan-ostrzega\/#breadcrumb"},"inLanguage":"pl-PL","potentialAction":[{"@type":"ReadAction","target":["https:\/\/transinfo.pl\/x\/infotrans\/dzisiaj-protest-rolnikow-w-wielkopolsce-ztm-poznan-ostrzega\/"]}]},{"@type":"ImageObject","inLanguage":"pl-PL","@id":"https:\/\/transinfo.pl\/x\/infotrans\/dzisiaj-protest-rolnikow-w-wielkopolsce-ztm-poznan-ostrzega\/#primaryimage","url":"https:\/\/transinfo.pl\/x\/wp-content\/uploads\/2024\/03\/transport-publiczny-poznan-7.jpg","contentUrl":"https:\/\/transinfo.pl\/x\/wp-content\/uploads\/2024\/03\/transport-publiczny-poznan-7.jpg"},{"@type":"BreadcrumbList","@id":"https:\/\/transinfo.pl\/x\/infotrans\/dzisiaj-protest-rolnikow-w-wielkopolsce-ztm-poznan-ostrzega\/#breadcrumb","itemListElement":[{"@type":"ListItem","position":1,"name":"Home","item":"https:\/\/transinfo.pl\/x\/"},{"@type":"ListItem","position":2,"name":"Infotrans","item":"https:\/\/transinfo.pl\/x\/infotrans\/"},{"@type":"ListItem","position":3,"name":"Dzisiaj protest rolnik\u00f3w w Wielkopolsce. ZTM Pozna\u0144 ostrzega"}]},{"@type":"WebSite","@id":"https:\/\/transinfo.pl\/x\/#website","url":"https:\/\/transinfo.pl\/x\/","name":"TransInfo Archiwum","description":"Ca\u0142y transport w jednym miejscu","publisher":{"@id":"https:\/\/transinfo.pl\/x\/#organization"},"potentialAction":[{"@type":"SearchAction","target":{"@type":"EntryPoint","urlTemplate":"https:\/\/transinfo.pl\/x\/?s={search_term_string}"},"query-input":{"@type":"PropertyValueSpecification","valueRequired":true,"valueName":"search_term_string"}}],"inLanguage":"pl-PL"},{"@type":"Organization","@id":"https:\/\/transinfo.pl\/x\/#organization","name":"TransInfo","url":"https:\/\/transinfo.pl\/x\/","logo":{"@type":"ImageObject","inLanguage":"pl-PL","@id":"https:\/\/transinfo.pl\/x\/#\/schema\/logo\/image\/","url":"https:\/\/transinfo.pl\/x\/wp-content\/uploads\/2024\/10\/favicon.png","contentUrl":"https:\/\/transinfo.pl\/x\/wp-content\/uploads\/2024\/10\/favicon.png","width":512,"height":512,"caption":"TransInfo"},"image":{"@id":"https:\/\/transinfo.pl\/x\/#\/schema\/logo\/image\/"}}]}},"_links":{"self":[{"href":"https:\/\/transinfo.pl\/x\/wp-json\/wp\/v2\/infotrans\/266085","targetHints":{"allow":["GET"]}}],"collection":[{"href":"https:\/\/transinfo.pl\/x\/wp-json\/wp\/v2\/infotrans"}],"about":[{"href":"https:\/\/transinfo.pl\/x\/wp-json\/wp\/v2\/types\/infotrans"}],"author":[{"embeddable":true,"href":"https:\/\/transinfo.pl\/x\/wp-json\/wp\/v2\/users\/2"}],"replies":[{"embeddable":true,"href":"https:\/\/transinfo.pl\/x\/wp-json\/wp\/v2\/comments?post=266085"}],"wp:featuredmedia":[{"embeddable":true,"href":"https:\/\/transinfo.pl\/x\/wp-json\/wp\/v2\/media\/266086"}],"wp:attachment":[{"href":"https:\/\/transinfo.pl\/x\/wp-json\/wp\/v2\/media?parent=266085"}],"wp:term":[{"taxonomy":"category","embeddable":true,"href":"https:\/\/transinfo.pl\/x\/wp-json\/wp\/v2\/categories?post=266085"},{"taxonomy":"post_tag","embeddable":true,"href":"https:\/\/transinfo.pl\/x\/wp-json\/wp\/v2\/tags?post=266085"}],"curies":[{"name":"wp","href":"https:\/\/api.w.org\/{rel}","templated":true}]}}