{"id":265728,"date":"2024-03-04T10:00:02","date_gmt":"2024-03-04T10:00:02","guid":{"rendered":"https:\/\/transinfo.pl\/x\/infotrans\/koniec-kontroli-na-granicy-ze-slowacja-po-pieciu-miesiacach\/"},"modified":"2024-03-04T10:00:02","modified_gmt":"2024-03-04T10:00:02","slug":"koniec-kontroli-na-granicy-ze-slowacja-po-pieciu-miesiacach","status":"publish","type":"infotrans","link":"https:\/\/transinfo.pl\/x\/infotrans\/koniec-kontroli-na-granicy-ze-slowacja-po-pieciu-miesiacach\/","title":{"rendered":"Koniec kontroli na granicy ze S\u0142owacj\u0105. Po pi\u0119ciu miesi\u0105cach"},"content":{"rendered":"<style>h1,h2,h3,h4,h5,h6{margin:0 0 1.25rem;font-family:Arial,sans-serif;font-weight:600;color:#050505}h1{font-size:1.875rem;line-height:1.1em;text-transform:none}@media(min-width: 768px){h1{font-size:2.375rem}}h2{font-size:1.1875rem;line-height:1.2em;text-transform:uppercase}@media(min-width: 768px){h2{font-size:1.0625rem}}h3{font-size:0.9375rem;line-height:1.4em;font-weight:900;margin-bottom:0.9375rem}h4{font-size:0.875rem;line-height:1.2em;font-weight:500}h5{font-size:0.9375rem;line-height:1.6;font-weight:400}h6{font-size:0.9375rem;line-height:1.6;font-weight:600}\n<\/style>\n<h3 class=\"wp-block-heading\" id=\"h-od-4-pazdziernika-do-2-marca-granice-polsko-slowacka-przekraczac-mozna-tylko-w-wyznaczonych-miejscach-to-juz-historia-oby-na-zawsze\">Od 4 pa\u017adziernika do 2 marca granic\u0119 polsko-s\u0142owack\u0105 przekracza\u0107 mo\u017cna tylko w wyznaczonych miejscach. To ju\u017c historia &#8211; oby na zawsze.  <\/h3>\n\n\n<style>p{margin:0 0 1.5rem}p:last-child{margin:0}p.is-style-uppercase{text-transform:uppercase}p.is-style-preheading{color:#12406a;text-transform:uppercase}p.is-style-leadparagraph{font-size:1rem;line-height:1.625;font-weight:700}@media(min-width: 768px){p.is-style-leadparagraph{font-size:1.125rem;line-height:1.5555555556}}p.has-small-margin{margin-bottom:0.625rem}p.has-small-margin+h1,p.has-small-margin+h2,p.has-small-margin+h3{margin-top:1.875rem}\n<\/style>\n<p>3 marca &#8211; na mocy decyzji Ministra Spraw Wewn\u0119trznych i Administracji &#8211; te kontrole usta\u0142y. MSWiA wyja\u015bni\u0142o w informacji, \u017ce decyzja ta spowodowana jest ustabilizowaniem si\u0119 sytuacji migracyjnej na tzw. szlaku ba\u0142ka\u0144skim i ust\u0105pieniem zagro\u017cenia nielegaln\u0105 migracj\u0105 na polsko-s\u0142owackim odcinku granicy pa\u0144stwowej.<\/p>\n\n\n\n<h2 class=\"wp-block-heading\" id=\"h-graniczna-statystyka\">graniczna statystyka <\/h2>\n\n\n\n<p>W trakcie obowi\u0105zywania tymczasowych kontroli na granicy polsko-s\u0142owackiej sprawdzono ponad 1,67 mln os\u00f3b i prawie 740 tys. pojazd\u00f3w &#8211; poinformowa\u0142a 4 lutego Stra\u017c Graniczna.<\/p>\n\n\n<style>.wp-block-quote{border-left:0.1875rem solid var(--page-color);font-size:1rem;font-style:italic;margin:0 0 1.6875rem;padding:1.25rem}.wp-block-quote cite{color:#050505}.wp-block-quote.is-style-large p{margin-bottom:10px}.wp-block-quote.is-style-large cite{color:#12406a}\n<\/style>\n<blockquote class=\"wp-block-quote is-layout-flow wp-block-quote-is-layout-flow\">\n<p>&#8222;W trakcie tymczasowego przywr\u00f3cenia kontroli granicznej na granicy ze S\u0142owacj\u0105 (4.10.2023r .-1.03.2024 r.) funkcjonariusze SG skontrolowali 1 670 991 os\u00f3b i 739 141 pojazd\u00f3w&#8221; &#8211; napisa\u0142a na platformie X (dawniej Twitter) Stra\u017c Graniczna.<\/p>\n<\/blockquote>\n\n\n\n<p>Tymczasowe kontrole na granicy polsko-s\u0142owackiej zosta\u0142y wprowadzone 4 pa\u017adziernika w zwi\u0105zku z nielegaln\u0105 migracj\u0105. Do p\u00f3\u0142nocy 2 marca granic\u0119 polsko-s\u0142owack\u0105 przekracza\u0107 mo\u017cna by\u0142o wy\u0142\u0105cznie w wyznaczonych miejscach; odbywa\u0142y si\u0119 tam tymczasowe kontrole graniczne, wyrywkowo sprawdzane by\u0142y osoby wje\u017cd\u017caj\u0105ce do Polski, za\u015b podr\u00f3\u017cni musieli mie\u0107 ze sob\u0105 dokument podr\u00f3\u017cy &#8211; dow\u00f3d lub paszport.<\/p>\n\n\n<style>.wp-block-image{margin:1.25rem 0;text-align:center}.wp-block-image figcaption{padding:0 0.9375rem;text-align:center}\n<\/style>\n<figure class=\"wp-block-image aligncenter size-large\"><a href=\"https:\/\/transinfo.pl\/wp-content\/uploads\/2024\/03\/transport-publiczny-granica-4.jpg\"><img decoding=\"async\" src=\"https:\/\/transinfo.pl\/wp-content\/uploads\/2024\/03\/transport-publiczny-granica-4-1024x432.jpg\" alt=\"\" class=\"wp-image-466093\" \/><\/a><figcaption class=\"wp-element-caption\">Minister Spraw Wewn\u0119trznych i Administracji podj\u0105\u0142 decyzj\u0119 o zako\u0144czeniu tymczasowego przywr\u00f3cenia kontroli granicznej na granicy ze S\u0142owacj\u0105. Kontrole trwa\u0142y do p\u00f3\u0142nocy 2 marca 2024 r.<\/figcaption><\/figure>\n\n\n\n<p>W pi\u0105tek MSWiA poinformowa\u0142o, \u017ce decyzja o zako\u0144czeniu kontroli granicznych spowodowana jest ustabilizowaniem si\u0119 sytuacji migracyjnej na tzw. szlaku ba\u0142ka\u0144skim i ust\u0105pieniem zagro\u017cenia nielegaln\u0105 migracj\u0105 na polsko-s\u0142owackim odcinku granicy pa\u0144stwowej.<\/p>\n\n\n\n<blockquote class=\"wp-block-quote is-layout-flow wp-block-quote-is-layout-flow\">\n<p>&#8222;W ramach wsp\u00f3\u0142pracy transgranicznej sytuacja migracyjna b\u0119dzie na bie\u017c\u0105co monitorowana i w przypadku wzrostu zagro\u017cenia dzia\u0142ania kontrolne na granicy mog\u0105 zosta\u0107 wznowione. Stra\u017c Graniczna nadal b\u0119dzie prowadzi\u0107 kontrole wewn\u0105trz kraju ukierunkowane na zwalczanie nielegalnej migracji na g\u0142\u00f3wnych szlakach komunikacyjnych i w innych wytypowanych miejscach&#8221; &#8211; przekaza\u0142 resort.(PAP)<\/p>\n\n\n\n<p><\/p>\n<\/blockquote>\n","protected":false},"author":2,"featured_media":265729,"comment_status":"","ping_status":"closed","template":"","categories":[24],"tags":[244,21988,512,3103],"class_list":["post-265728","infotrans","type-infotrans","status-publish","has-post-thumbnail","hentry","category-prawo","tag-granica","tag-komunikacja-miedzynarodowa","tag-slowacja","tag-transport-publiczny"],"acf":[],"yoast_head":"<!-- This site is optimized with the Yoast SEO Premium plugin v21.8 (Yoast SEO v23.7) - https:\/\/yoast.com\/wordpress\/plugins\/seo\/ -->\n<title>Koniec kontroli na granicy ze S\u0142owacj\u0105. Po pi\u0119ciu miesi\u0105cach - TransInfo Archiwum<\/title>\n<meta name=\"description\" content=\"Zako\u0144czenie tymczasowych kontroli granicznej na granicy ze S\u0142owacj\u0105. Kontrole trwa\u0142y od Od 4 pa\u017adziernika 2023 r. do p\u00f3\u0142nocy 2 marca 2024 r.\" \/>\n<meta name=\"robots\" content=\"index, follow, max-snippet:-1, max-image-preview:large, max-video-preview:-1\" \/>\n<link rel=\"canonical\" href=\"https:\/\/transinfo.pl\/x\/infotrans\/koniec-kontroli-na-granicy-ze-slowacja-po-pieciu-miesiacach\/\" \/>\n<meta property=\"og:locale\" content=\"pl_PL\" \/>\n<meta property=\"og:type\" content=\"article\" \/>\n<meta property=\"og:title\" content=\"Koniec kontroli na granicy ze S\u0142owacj\u0105. Po pi\u0119ciu miesi\u0105cach\" \/>\n<meta property=\"og:description\" content=\"Zako\u0144czenie tymczasowych kontroli granicznej na granicy ze S\u0142owacj\u0105. Kontrole trwa\u0142y od Od 4 pa\u017adziernika 2023 r. do p\u00f3\u0142nocy 2 marca 2024 r.\" \/>\n<meta property=\"og:url\" content=\"https:\/\/transinfo.pl\/x\/infotrans\/koniec-kontroli-na-granicy-ze-slowacja-po-pieciu-miesiacach\/\" \/>\n<meta property=\"og:site_name\" content=\"TransInfo Archiwum\" \/>\n<meta property=\"og:image\" content=\"https:\/\/transinfo.pl\/x\/wp-content\/uploads\/2024\/03\/transport-publiczny-granica-3.jpg\" \/>\n\t<meta property=\"og:image:width\" content=\"1\" \/>\n\t<meta property=\"og:image:height\" content=\"1\" \/>\n\t<meta property=\"og:image:type\" content=\"image\/jpeg\" \/>\n<meta name=\"twitter:card\" content=\"summary_large_image\" \/>\n<meta name=\"twitter:label1\" content=\"Szacowany czas czytania\" \/>\n\t<meta name=\"twitter:data1\" content=\"2 minuty\" \/>\n<script type=\"application\/ld+json\" class=\"yoast-schema-graph\">{\"@context\":\"https:\/\/schema.org\",\"@graph\":[{\"@type\":\"WebPage\",\"@id\":\"https:\/\/transinfo.pl\/x\/infotrans\/koniec-kontroli-na-granicy-ze-slowacja-po-pieciu-miesiacach\/\",\"url\":\"https:\/\/transinfo.pl\/x\/infotrans\/koniec-kontroli-na-granicy-ze-slowacja-po-pieciu-miesiacach\/\",\"name\":\"Koniec kontroli na granicy ze S\u0142owacj\u0105. Po pi\u0119ciu miesi\u0105cach - TransInfo Archiwum\",\"isPartOf\":{\"@id\":\"https:\/\/transinfo.pl\/x\/#website\"},\"primaryImageOfPage\":{\"@id\":\"https:\/\/transinfo.pl\/x\/infotrans\/koniec-kontroli-na-granicy-ze-slowacja-po-pieciu-miesiacach\/#primaryimage\"},\"image\":{\"@id\":\"https:\/\/transinfo.pl\/x\/infotrans\/koniec-kontroli-na-granicy-ze-slowacja-po-pieciu-miesiacach\/#primaryimage\"},\"thumbnailUrl\":\"https:\/\/transinfo.pl\/x\/wp-content\/uploads\/2024\/03\/transport-publiczny-granica-3.jpg\",\"datePublished\":\"2024-03-04T10:00:02+00:00\",\"dateModified\":\"2024-03-04T10:00:02+00:00\",\"description\":\"Zako\u0144czenie tymczasowych kontroli granicznej na granicy ze S\u0142owacj\u0105. Kontrole trwa\u0142y od Od 4 pa\u017adziernika 2023 r. do p\u00f3\u0142nocy 2 marca 2024 r.\",\"breadcrumb\":{\"@id\":\"https:\/\/transinfo.pl\/x\/infotrans\/koniec-kontroli-na-granicy-ze-slowacja-po-pieciu-miesiacach\/#breadcrumb\"},\"inLanguage\":\"pl-PL\",\"potentialAction\":[{\"@type\":\"ReadAction\",\"target\":[\"https:\/\/transinfo.pl\/x\/infotrans\/koniec-kontroli-na-granicy-ze-slowacja-po-pieciu-miesiacach\/\"]}]},{\"@type\":\"ImageObject\",\"inLanguage\":\"pl-PL\",\"@id\":\"https:\/\/transinfo.pl\/x\/infotrans\/koniec-kontroli-na-granicy-ze-slowacja-po-pieciu-miesiacach\/#primaryimage\",\"url\":\"https:\/\/transinfo.pl\/x\/wp-content\/uploads\/2024\/03\/transport-publiczny-granica-3.jpg\",\"contentUrl\":\"https:\/\/transinfo.pl\/x\/wp-content\/uploads\/2024\/03\/transport-publiczny-granica-3.jpg\"},{\"@type\":\"BreadcrumbList\",\"@id\":\"https:\/\/transinfo.pl\/x\/infotrans\/koniec-kontroli-na-granicy-ze-slowacja-po-pieciu-miesiacach\/#breadcrumb\",\"itemListElement\":[{\"@type\":\"ListItem\",\"position\":1,\"name\":\"Home\",\"item\":\"https:\/\/transinfo.pl\/x\/\"},{\"@type\":\"ListItem\",\"position\":2,\"name\":\"Infotrans\",\"item\":\"https:\/\/transinfo.pl\/x\/infotrans\/\"},{\"@type\":\"ListItem\",\"position\":3,\"name\":\"Koniec kontroli na granicy ze S\u0142owacj\u0105. Po pi\u0119ciu miesi\u0105cach\"}]},{\"@type\":\"WebSite\",\"@id\":\"https:\/\/transinfo.pl\/x\/#website\",\"url\":\"https:\/\/transinfo.pl\/x\/\",\"name\":\"TransInfo Archiwum\",\"description\":\"Ca\u0142y transport w jednym miejscu\",\"publisher\":{\"@id\":\"https:\/\/transinfo.pl\/x\/#organization\"},\"potentialAction\":[{\"@type\":\"SearchAction\",\"target\":{\"@type\":\"EntryPoint\",\"urlTemplate\":\"https:\/\/transinfo.pl\/x\/?s={search_term_string}\"},\"query-input\":{\"@type\":\"PropertyValueSpecification\",\"valueRequired\":true,\"valueName\":\"search_term_string\"}}],\"inLanguage\":\"pl-PL\"},{\"@type\":\"Organization\",\"@id\":\"https:\/\/transinfo.pl\/x\/#organization\",\"name\":\"TransInfo\",\"url\":\"https:\/\/transinfo.pl\/x\/\",\"logo\":{\"@type\":\"ImageObject\",\"inLanguage\":\"pl-PL\",\"@id\":\"https:\/\/transinfo.pl\/x\/#\/schema\/logo\/image\/\",\"url\":\"https:\/\/transinfo.pl\/x\/wp-content\/uploads\/2024\/10\/favicon.png\",\"contentUrl\":\"https:\/\/transinfo.pl\/x\/wp-content\/uploads\/2024\/10\/favicon.png\",\"width\":512,\"height\":512,\"caption\":\"TransInfo\"},\"image\":{\"@id\":\"https:\/\/transinfo.pl\/x\/#\/schema\/logo\/image\/\"}}]}<\/script>\n<!-- \/ Yoast SEO Premium plugin. -->","yoast_head_json":{"title":"Koniec kontroli na granicy ze S\u0142owacj\u0105. Po pi\u0119ciu miesi\u0105cach - TransInfo Archiwum","description":"Zako\u0144czenie tymczasowych kontroli granicznej na granicy ze S\u0142owacj\u0105. Kontrole trwa\u0142y od Od 4 pa\u017adziernika 2023 r. do p\u00f3\u0142nocy 2 marca 2024 r.","robots":{"index":"index","follow":"follow","max-snippet":"max-snippet:-1","max-image-preview":"max-image-preview:large","max-video-preview":"max-video-preview:-1"},"canonical":"https:\/\/transinfo.pl\/x\/infotrans\/koniec-kontroli-na-granicy-ze-slowacja-po-pieciu-miesiacach\/","og_locale":"pl_PL","og_type":"article","og_title":"Koniec kontroli na granicy ze S\u0142owacj\u0105. Po pi\u0119ciu miesi\u0105cach","og_description":"Zako\u0144czenie tymczasowych kontroli granicznej na granicy ze S\u0142owacj\u0105. Kontrole trwa\u0142y od Od 4 pa\u017adziernika 2023 r. do p\u00f3\u0142nocy 2 marca 2024 r.","og_url":"https:\/\/transinfo.pl\/x\/infotrans\/koniec-kontroli-na-granicy-ze-slowacja-po-pieciu-miesiacach\/","og_site_name":"TransInfo Archiwum","og_image":[{"url":"https:\/\/transinfo.pl\/x\/wp-content\/uploads\/2024\/03\/transport-publiczny-granica-3.jpg","width":1,"height":1,"type":"image\/jpeg"}],"twitter_card":"summary_large_image","twitter_misc":{"Szacowany czas czytania":"2 minuty"},"schema":{"@context":"https:\/\/schema.org","@graph":[{"@type":"WebPage","@id":"https:\/\/transinfo.pl\/x\/infotrans\/koniec-kontroli-na-granicy-ze-slowacja-po-pieciu-miesiacach\/","url":"https:\/\/transinfo.pl\/x\/infotrans\/koniec-kontroli-na-granicy-ze-slowacja-po-pieciu-miesiacach\/","name":"Koniec kontroli na granicy ze S\u0142owacj\u0105. Po pi\u0119ciu miesi\u0105cach - TransInfo Archiwum","isPartOf":{"@id":"https:\/\/transinfo.pl\/x\/#website"},"primaryImageOfPage":{"@id":"https:\/\/transinfo.pl\/x\/infotrans\/koniec-kontroli-na-granicy-ze-slowacja-po-pieciu-miesiacach\/#primaryimage"},"image":{"@id":"https:\/\/transinfo.pl\/x\/infotrans\/koniec-kontroli-na-granicy-ze-slowacja-po-pieciu-miesiacach\/#primaryimage"},"thumbnailUrl":"https:\/\/transinfo.pl\/x\/wp-content\/uploads\/2024\/03\/transport-publiczny-granica-3.jpg","datePublished":"2024-03-04T10:00:02+00:00","dateModified":"2024-03-04T10:00:02+00:00","description":"Zako\u0144czenie tymczasowych kontroli granicznej na granicy ze S\u0142owacj\u0105. Kontrole trwa\u0142y od Od 4 pa\u017adziernika 2023 r. do p\u00f3\u0142nocy 2 marca 2024 r.","breadcrumb":{"@id":"https:\/\/transinfo.pl\/x\/infotrans\/koniec-kontroli-na-granicy-ze-slowacja-po-pieciu-miesiacach\/#breadcrumb"},"inLanguage":"pl-PL","potentialAction":[{"@type":"ReadAction","target":["https:\/\/transinfo.pl\/x\/infotrans\/koniec-kontroli-na-granicy-ze-slowacja-po-pieciu-miesiacach\/"]}]},{"@type":"ImageObject","inLanguage":"pl-PL","@id":"https:\/\/transinfo.pl\/x\/infotrans\/koniec-kontroli-na-granicy-ze-slowacja-po-pieciu-miesiacach\/#primaryimage","url":"https:\/\/transinfo.pl\/x\/wp-content\/uploads\/2024\/03\/transport-publiczny-granica-3.jpg","contentUrl":"https:\/\/transinfo.pl\/x\/wp-content\/uploads\/2024\/03\/transport-publiczny-granica-3.jpg"},{"@type":"BreadcrumbList","@id":"https:\/\/transinfo.pl\/x\/infotrans\/koniec-kontroli-na-granicy-ze-slowacja-po-pieciu-miesiacach\/#breadcrumb","itemListElement":[{"@type":"ListItem","position":1,"name":"Home","item":"https:\/\/transinfo.pl\/x\/"},{"@type":"ListItem","position":2,"name":"Infotrans","item":"https:\/\/transinfo.pl\/x\/infotrans\/"},{"@type":"ListItem","position":3,"name":"Koniec kontroli na granicy ze S\u0142owacj\u0105. Po pi\u0119ciu miesi\u0105cach"}]},{"@type":"WebSite","@id":"https:\/\/transinfo.pl\/x\/#website","url":"https:\/\/transinfo.pl\/x\/","name":"TransInfo Archiwum","description":"Ca\u0142y transport w jednym miejscu","publisher":{"@id":"https:\/\/transinfo.pl\/x\/#organization"},"potentialAction":[{"@type":"SearchAction","target":{"@type":"EntryPoint","urlTemplate":"https:\/\/transinfo.pl\/x\/?s={search_term_string}"},"query-input":{"@type":"PropertyValueSpecification","valueRequired":true,"valueName":"search_term_string"}}],"inLanguage":"pl-PL"},{"@type":"Organization","@id":"https:\/\/transinfo.pl\/x\/#organization","name":"TransInfo","url":"https:\/\/transinfo.pl\/x\/","logo":{"@type":"ImageObject","inLanguage":"pl-PL","@id":"https:\/\/transinfo.pl\/x\/#\/schema\/logo\/image\/","url":"https:\/\/transinfo.pl\/x\/wp-content\/uploads\/2024\/10\/favicon.png","contentUrl":"https:\/\/transinfo.pl\/x\/wp-content\/uploads\/2024\/10\/favicon.png","width":512,"height":512,"caption":"TransInfo"},"image":{"@id":"https:\/\/transinfo.pl\/x\/#\/schema\/logo\/image\/"}}]}},"_links":{"self":[{"href":"https:\/\/transinfo.pl\/x\/wp-json\/wp\/v2\/infotrans\/265728","targetHints":{"allow":["GET"]}}],"collection":[{"href":"https:\/\/transinfo.pl\/x\/wp-json\/wp\/v2\/infotrans"}],"about":[{"href":"https:\/\/transinfo.pl\/x\/wp-json\/wp\/v2\/types\/infotrans"}],"author":[{"embeddable":true,"href":"https:\/\/transinfo.pl\/x\/wp-json\/wp\/v2\/users\/2"}],"replies":[{"embeddable":true,"href":"https:\/\/transinfo.pl\/x\/wp-json\/wp\/v2\/comments?post=265728"}],"wp:featuredmedia":[{"embeddable":true,"href":"https:\/\/transinfo.pl\/x\/wp-json\/wp\/v2\/media\/265729"}],"wp:attachment":[{"href":"https:\/\/transinfo.pl\/x\/wp-json\/wp\/v2\/media?parent=265728"}],"wp:term":[{"taxonomy":"category","embeddable":true,"href":"https:\/\/transinfo.pl\/x\/wp-json\/wp\/v2\/categories?post=265728"},{"taxonomy":"post_tag","embeddable":true,"href":"https:\/\/transinfo.pl\/x\/wp-json\/wp\/v2\/tags?post=265728"}],"curies":[{"name":"wp","href":"https:\/\/api.w.org\/{rel}","templated":true}]}}