{"id":265351,"date":"2024-02-25T11:02:00","date_gmt":"2024-02-25T11:02:00","guid":{"rendered":"https:\/\/transinfo.pl\/x\/infotrans\/gzm-chce-miec-system-hubow-wokol-wezlow-sieci-ten-t\/"},"modified":"2024-02-25T11:02:00","modified_gmt":"2024-02-25T11:02:00","slug":"gzm-chce-miec-system-hubow-wokol-wezlow-sieci-ten-t","status":"publish","type":"infotrans","link":"https:\/\/transinfo.pl\/x\/infotrans\/gzm-chce-miec-system-hubow-wokol-wezlow-sieci-ten-t\/","title":{"rendered":"GZM chce mie\u0107 system hub\u00f3w wok\u00f3\u0142 w\u0119z\u0142\u00f3w sieci TEN-T"},"content":{"rendered":"<style>h1,h2,h3,h4,h5,h6{margin:0 0 1.25rem;font-family:Arial,sans-serif;font-weight:600;color:#050505}h1{font-size:1.875rem;line-height:1.1em;text-transform:none}@media(min-width: 768px){h1{font-size:2.375rem}}h2{font-size:1.1875rem;line-height:1.2em;text-transform:uppercase}@media(min-width: 768px){h2{font-size:1.0625rem}}h3{font-size:0.9375rem;line-height:1.4em;font-weight:900;margin-bottom:0.9375rem}h4{font-size:0.875rem;line-height:1.2em;font-weight:500}h5{font-size:0.9375rem;line-height:1.6;font-weight:400}h6{font-size:0.9375rem;line-height:1.6;font-weight:600}\n<\/style>\n<h3 class=\"wp-block-heading\" id=\"h-30-stycznia-br-gornoslasko-zaglebiowska-metropolia-zlozyla-wniosek-pod-nazwa-system-hubow-mobilnosci-miejskiej-wokol-wezlow-sieci-ten-t-na-obszarze-metropolii-gzm\">30 stycznia br. G\u00f3rno\u015bl\u0105sko-Zag\u0142\u0119biowska Metropolia z\u0142o\u017cy\u0142a wniosek pod nazw\u0105 \u201eSystem hub\u00f3w mobilno\u015bci miejskiej wok\u00f3\u0142 w\u0119z\u0142\u00f3w sieci TEN-T na obszarze metropolii GZM\u201d<\/h3>\n\n\n<style>p{margin:0 0 1.5rem}p:last-child{margin:0}p.is-style-uppercase{text-transform:uppercase}p.is-style-preheading{color:#12406a;text-transform:uppercase}p.is-style-leadparagraph{font-size:1rem;line-height:1.625;font-weight:700}@media(min-width: 768px){p.is-style-leadparagraph{font-size:1.125rem;line-height:1.5555555556}}p.has-small-margin{margin-bottom:0.625rem}p.has-small-margin+h1,p.has-small-margin+h2,p.has-small-margin+h3{margin-top:1.875rem}\n<\/style>\n<p>Projekt ten \u2013 w fazie projektowej \u2013 ma otrzyma\u0107 dofinansowanie w ramach instrumentu \u0141\u0105cz\u0105c Europ\u0119 2001-27. Jego cl to dalsze wspieranie modernizacji i\u00a0budowy infrastruktury po\u0142o\u017conej na transeuropejskiej sieci transportowej TEN-T, tj. o\u00a0wsp\u00f3lnym znaczeniu dla Unii Europejskiej. <\/p>\n\n\n\n<h2 class=\"wp-block-heading\" id=\"h-18-hubow-mobilnosci-miejskich\">18 hub\u00f3w mobilno\u015bci miejskich<\/h2>\n\n\n\n<p>\u201eWniosek obejmuje opracowanie studium wykonalno\u015bci, dokumentacji projektowej oraz uzyskanie pozwole\u0144 na budow\u0119 dla systemu 18 hub\u00f3w mobilno\u015bci miejskich wok\u00f3\u0142 w\u0119z\u0142\u00f3w sieci TEN-T. Ca\u0142kowity koszt projektu przekracza 3 mln euro, a wnioskowane dofinansowanie 1,5 mln euro\u201d &#8211; przekaza\u0142 przewodnicz\u0105cy zarz\u0105du GZM Kazimierz Karolczak<\/p>\n\n\n\n<p>Co to s\u0105 huby mobilno\u015bci? To wydzielone i specjalnie zaaran\u017cowane miejsca, w kt\u00f3rych udost\u0119pniane s\u0105 r\u00f3\u017cne pojazdy i us\u0142ugi wsp\u00f3\u0142dzielonej mobilno\u015bci oraz ew. dodatkowa infrastruktura lub us\u0142ugi.<\/p>\n\n\n\n<p>Miejsca takie mog\u0105 zosta\u0107 zorganizowane zar\u00f3wno w przestrzeni publicznej, np. przy w\u0119z\u0142ach przesiadkowych transportu zbiorowego, jak r\u00f3wnie\u017c na nieruchomo\u015bciach prywatnych, np. na osiedlach mieszkaniowych, przy biurowcach czy przy galeriach handlowych.<\/p>\n\n\n\n<p>W hubach mobilno\u015bci lokowane s\u0105 r\u00f3\u017cne pojazdy wypo\u017cyczane \u201ena minuty\u201d za po\u015brednictwem aplikacji na smartfona \u2013 np. rowery miejskie, e-hulajnogi, e-skutery, auta z system\u00f3w car sharing, czy inne nowatorskie pojazdy \u2013 jak r\u00f3wnie\u017c dodatkowa infrastruktura, cho\u0107by stojaki, meble miejskie czy te\u017c urz\u0105dzenia do \u0142adowania lub wymiany pakiet\u00f3w baterii w r\u00f3\u017cnego rodzaju pojazdach elektrycznych. Hub mobilno\u015bci jest wi\u0119c miejscem, kt\u00f3re gromadzi ca\u0142y pakiet us\u0142ug wsp\u00f3\u0142dzielonej mobilno\u015bci, wzbogacaj\u0105c tym samym ofert\u0119 transportow\u0105 danej okolicy czy nieruchomo\u015bci, i podnosz\u0105c tym samym jej atrakcyjno\u015b\u0107, i warto\u015b\u0107, a tak\u017ce wpisuj\u0105c si\u0119 w potrzebne dzia\u0142ania na rzecz ochrony klimatu.<\/p>\n\n\n<style>.wp-block-image{margin:1.25rem 0;text-align:center}.wp-block-image figcaption{padding:0 0.9375rem;text-align:center}\n<\/style>\n<figure class=\"wp-block-image aligncenter size-large is-resized\"><a href=\"https:\/\/transinfo.pl\/wp-content\/uploads\/2024\/02\/transport-publiczny-gzm-1-3.jpg\"><img loading=\"lazy\" decoding=\"async\" src=\"https:\/\/transinfo.pl\/wp-content\/uploads\/2024\/02\/transport-publiczny-gzm-1-3-1024x1024.jpg\" alt=\"GZM chce mie\u0107 system hub\u00f3w wok\u00f3\u0142 w\u0119z\u0142\u00f3w sieci TEN-T \/ fot. GZM\" class=\"wp-image-465152\" width=\"620\" height=\"620\" \/><\/a><figcaption class=\"wp-element-caption\">GZM chce mie\u0107 system hub\u00f3w wok\u00f3\u0142 w\u0119z\u0142\u00f3w sieci TEN-T \/ fot. GZM<\/figcaption><\/figure>\n\n\n\n<h2 class=\"wp-block-heading\" id=\"h-unie-wsparcie\">Unie wsparcie<\/h2>\n\n\n\n<p>Metropolitalne huby maj\u0105 powsta\u0107 dzi\u0119ki wsparciu z instrumentu \u201e\u0141\u0105cz\u0105c Europ\u0119\u201d (Connecting Europe Facility \u2013 CEF) 2021-2027, co stanowi kontynuacj\u0119 dzia\u0142ania CEF z&nbsp;perspektywy 2014-2020 i&nbsp;dlatego bywa nazywany CEF 2. Tak\u017ce cel jest ten sam: dalsze wspieranie modernizacji i&nbsp;budowy infrastruktury po\u0142o\u017conej na transeuropejskiej sieci transportowej TEN-T, tj. o&nbsp;wsp\u00f3lnym znaczeniu dla Unii Europejskiej. Infrastruktura znajduj\u0105ca si\u0119 w&nbsp;sieci ma zapewnia\u0107 odpowiednie, wsp\u00f3lne standardy parametr\u00f3w technicznych i&nbsp;funkcjonalnych. Wszystko po to, aby wspiera\u0107 zr\u00f3wnowa\u017cony rozw\u00f3j gospodarczy oraz sp\u00f3jno\u015b\u0107 terytorialn\u0105 UE.<\/p>\n\n\n\n<p>Instytucj\u0105 wdra\u017caj\u0105c\u0105 CEF 2 w Polsce jest Centrum Unijnych Projekt\u00f3w Transportowych , czyli podmiotem, kt\u00f3ry wykonuje zadania dotycz\u0105ce projekt\u00f3w kwalifikuj\u0105cych si\u0119 do otrzymania unijnego wsparcia finansowego.<\/p>\n\n\n\n<p>Beneficjentami Programu mog\u0105 by\u0107:<\/p>\n\n\n<style>.page-content ul:not([class]),.acf-block ul:not([class]),.editor-rich-text ul,ol{padding-left:0.9375rem;margin-top:0;margin-bottom:1.5rem}.page-content ul:not([class]) ul,.page-content ul:not([class]) ol,.acf-block ul:not([class]) ul,.acf-block ul:not([class]) ol,.editor-rich-text ul ul,.editor-rich-text ul ol,ol ul,ol ol{margin:0}.page-content ul:not([class]) li,.acf-block ul:not([class]) li,.editor-rich-text ul li,ol li{margin-bottom:1.5rem}ul.with-icons{list-style:none;margin-left:0;padding-left:0}ul.with-icons li{margin-bottom:1.875rem}ul.with-icons li img{margin-bottom:15px}\n<\/style>\n<ul class=\"wp-block-list\">\n<li>zarz\u0105dcy infrastruktury transportowej (np. GDDKiA, PKP PLK S.A., PKP S.A., PGW Wody Polskie, PA\u017bP, urz\u0119dy morskie, jednostki samorz\u0105du terytorialnego),<\/li>\n\n\n\n<li>podmioty odpowiedzialne za zarz\u0105dzanie portami lotniczymi i&nbsp;morskimi,<\/li>\n\n\n\n<li>przedsi\u0119biorstwa dzia\u0142aj\u0105ce w&nbsp;obszarze transportu oraz paliw alternatywnych.<\/li>\n<\/ul>\n\n\n\n<figure class=\"wp-block-image aligncenter size-large is-resized\"><a href=\"https:\/\/transinfo.pl\/wp-content\/uploads\/2024\/02\/transport-publiczny-gzm-3-1.jpg\"><img loading=\"lazy\" decoding=\"async\" src=\"https:\/\/transinfo.pl\/wp-content\/uploads\/2024\/02\/transport-publiczny-gzm-3-1-682x1024.jpg\" alt=\"GZM chce mie\u0107 system hub\u00f3w wok\u00f3\u0142 w\u0119z\u0142\u00f3w sieci TEN-T \/ fot. GZM\" class=\"wp-image-465151\" width=\"636\" height=\"955\" \/><\/a><figcaption class=\"wp-element-caption\">GZM chce mie\u0107 system hub\u00f3w wok\u00f3\u0142 w\u0119z\u0142\u00f3w sieci TEN-T \/ fot. GZM<\/figcaption><\/figure>\n\n\n\n<h2 class=\"wp-block-heading\" id=\"h-dobra-mobilnosc\">Dobra Mobilno\u015b\u0107<\/h2>\n\n\n\n<p>Ide\u0119 hub\u00f3w mobilno\u015b\u0107 na terenie GZM obejmuje pakiet \u201eDobrej Mobilno\u015bci\u201d, kt\u00f3ry zosta\u0142 przyj\u0119ty uchwa\u0142\u0105 Zarz\u0105du G\u00f3rno\u015bl\u0105sko \u2013 Zag\u0142\u0119biowskiej Metropolii nr 368\/2023 w dniu 5 grudnia 2023 r. Pokazuje on hierarchi\u0119 system\u00f3w transportowych oraz s\u0142u\u017cy koordynacji dzia\u0142a\u0144 dotycz\u0105cych mobilno\u015bci mieszka\u0144c\u00f3w obszaru metropolitalnego i jego otoczenia funkcjonalnego. warto si\u0119 z tymi dokumentami zapozna\u0107. To: <a href=\"https:\/\/bip.metropoliagzm.pl\/attachments\/download\/193334\">\u201eDobra Mobilno\u015b\u0107 30\/50 &#8211; plan zr\u00f3wnowa\u017conej mobilno\u015bci miejskiej dla obszaru Zwi\u0105zku Gmin i Powiat\u00f3w Subregionu Centralnego Wojew\u00f3dztwa \u015al\u0105skiego&#8221;<\/a> pdf, 54.38 MB<\/p>\n\n\n\n<p><a href=\"https:\/\/bip.metropoliagzm.pl\/attachments\/download\/193335\">\u201eDobra Mobilno\u015b\u0107 &#8211; od przeszk\u00f3d do rozwi\u0105za\u0144\u201d<\/a> pdf, 14.7 MB<\/p>\n\n\n\n<p><a href=\"https:\/\/bip.metropoliagzm.pl\/attachments\/download\/193336\">\u201eDobra Mobilno\u015b\u0107 &#8211; (nie)wykorzystane mo\u017cliwo\u015bci\u201d<\/a> pdf, 85.12 MB<\/p>\n\n\n\n<p><a href=\"https:\/\/bip.metropoliagzm.pl\/attachments\/download\/193337\">\u201eDobre centrum &#8211; instrukcja dla ludzi chc\u0105cych uporz\u0105dkowa\u0107 parkowanie w centrum miasta\u201d<\/a> pdf, 866 kB<\/p>\n\n\n\n<p><a href=\"https:\/\/bip.metropoliagzm.pl\/attachments\/download\/193338\">\u201eNie tra\u0107 czasu na dojazdy &#8211; narz\u0119dziownik dla mieszka\u0144c\u00f3w\u201d<\/a> pdf, 781 kB<\/p>\n","protected":false},"author":2,"featured_media":265352,"comment_status":"","ping_status":"closed","template":"","categories":[23],"tags":[1354,1049,137,3103,494],"class_list":["post-265351","infotrans","type-infotrans","status-publish","has-post-thumbnail","hentry","category-infrastruktura","tag-dofinansowanie","tag-gzm","tag-komunikacja-miejska","tag-transport-publiczny","tag-unia"],"acf":[],"yoast_head":"<!-- This site is optimized with the Yoast SEO Premium plugin v21.8 (Yoast SEO v23.7) - https:\/\/yoast.com\/wordpress\/plugins\/seo\/ -->\n<title>GZM chce mie\u0107 system hub\u00f3w wok\u00f3\u0142 w\u0119z\u0142\u00f3w sieci TEN-T - TransInfo Archiwum<\/title>\n<meta name=\"description\" content=\"30 stycznia GZM z\u0142o\u017cy\u0142a wniosek pod nazw\u0105 \u201eSystem hub\u00f3w mobilno\u015bci miejskiej wok\u00f3\u0142 w\u0119z\u0142\u00f3w sieci TEN-T na obszarze metropolii GZM\u201d\" \/>\n<meta name=\"robots\" content=\"index, follow, max-snippet:-1, max-image-preview:large, max-video-preview:-1\" \/>\n<link rel=\"canonical\" href=\"https:\/\/transinfo.pl\/x\/infotrans\/gzm-chce-miec-system-hubow-wokol-wezlow-sieci-ten-t\/\" \/>\n<meta property=\"og:locale\" content=\"pl_PL\" \/>\n<meta property=\"og:type\" content=\"article\" \/>\n<meta property=\"og:title\" content=\"GZM chce mie\u0107 system hub\u00f3w wok\u00f3\u0142 w\u0119z\u0142\u00f3w sieci TEN-T\" \/>\n<meta property=\"og:description\" content=\"30 stycznia GZM z\u0142o\u017cy\u0142a wniosek pod nazw\u0105 \u201eSystem hub\u00f3w mobilno\u015bci miejskiej wok\u00f3\u0142 w\u0119z\u0142\u00f3w sieci TEN-T na obszarze metropolii GZM\u201d\" \/>\n<meta property=\"og:url\" content=\"https:\/\/transinfo.pl\/x\/infotrans\/gzm-chce-miec-system-hubow-wokol-wezlow-sieci-ten-t\/\" \/>\n<meta property=\"og:site_name\" content=\"TransInfo Archiwum\" \/>\n<meta property=\"og:image\" content=\"https:\/\/transinfo.pl\/x\/wp-content\/uploads\/2024\/02\/transport-publiczny-gzm-2.jpg\" \/>\n\t<meta property=\"og:image:width\" content=\"1\" \/>\n\t<meta property=\"og:image:height\" content=\"1\" \/>\n\t<meta property=\"og:image:type\" content=\"image\/jpeg\" \/>\n<meta name=\"twitter:card\" content=\"summary_large_image\" \/>\n<meta name=\"twitter:label1\" content=\"Szacowany czas czytania\" \/>\n\t<meta name=\"twitter:data1\" content=\"3 minuty\" \/>\n<script type=\"application\/ld+json\" class=\"yoast-schema-graph\">{\"@context\":\"https:\/\/schema.org\",\"@graph\":[{\"@type\":\"WebPage\",\"@id\":\"https:\/\/transinfo.pl\/x\/infotrans\/gzm-chce-miec-system-hubow-wokol-wezlow-sieci-ten-t\/\",\"url\":\"https:\/\/transinfo.pl\/x\/infotrans\/gzm-chce-miec-system-hubow-wokol-wezlow-sieci-ten-t\/\",\"name\":\"GZM chce mie\u0107 system hub\u00f3w wok\u00f3\u0142 w\u0119z\u0142\u00f3w sieci TEN-T - TransInfo Archiwum\",\"isPartOf\":{\"@id\":\"https:\/\/transinfo.pl\/x\/#website\"},\"primaryImageOfPage\":{\"@id\":\"https:\/\/transinfo.pl\/x\/infotrans\/gzm-chce-miec-system-hubow-wokol-wezlow-sieci-ten-t\/#primaryimage\"},\"image\":{\"@id\":\"https:\/\/transinfo.pl\/x\/infotrans\/gzm-chce-miec-system-hubow-wokol-wezlow-sieci-ten-t\/#primaryimage\"},\"thumbnailUrl\":\"https:\/\/transinfo.pl\/x\/wp-content\/uploads\/2024\/02\/transport-publiczny-gzm-2.jpg\",\"datePublished\":\"2024-02-25T11:02:00+00:00\",\"dateModified\":\"2024-02-25T11:02:00+00:00\",\"description\":\"30 stycznia GZM z\u0142o\u017cy\u0142a wniosek pod nazw\u0105 \u201eSystem hub\u00f3w mobilno\u015bci miejskiej wok\u00f3\u0142 w\u0119z\u0142\u00f3w sieci TEN-T na obszarze metropolii GZM\u201d\",\"breadcrumb\":{\"@id\":\"https:\/\/transinfo.pl\/x\/infotrans\/gzm-chce-miec-system-hubow-wokol-wezlow-sieci-ten-t\/#breadcrumb\"},\"inLanguage\":\"pl-PL\",\"potentialAction\":[{\"@type\":\"ReadAction\",\"target\":[\"https:\/\/transinfo.pl\/x\/infotrans\/gzm-chce-miec-system-hubow-wokol-wezlow-sieci-ten-t\/\"]}]},{\"@type\":\"ImageObject\",\"inLanguage\":\"pl-PL\",\"@id\":\"https:\/\/transinfo.pl\/x\/infotrans\/gzm-chce-miec-system-hubow-wokol-wezlow-sieci-ten-t\/#primaryimage\",\"url\":\"https:\/\/transinfo.pl\/x\/wp-content\/uploads\/2024\/02\/transport-publiczny-gzm-2.jpg\",\"contentUrl\":\"https:\/\/transinfo.pl\/x\/wp-content\/uploads\/2024\/02\/transport-publiczny-gzm-2.jpg\"},{\"@type\":\"BreadcrumbList\",\"@id\":\"https:\/\/transinfo.pl\/x\/infotrans\/gzm-chce-miec-system-hubow-wokol-wezlow-sieci-ten-t\/#breadcrumb\",\"itemListElement\":[{\"@type\":\"ListItem\",\"position\":1,\"name\":\"Home\",\"item\":\"https:\/\/transinfo.pl\/x\/\"},{\"@type\":\"ListItem\",\"position\":2,\"name\":\"Infotrans\",\"item\":\"https:\/\/transinfo.pl\/x\/infotrans\/\"},{\"@type\":\"ListItem\",\"position\":3,\"name\":\"GZM chce mie\u0107 system hub\u00f3w wok\u00f3\u0142 w\u0119z\u0142\u00f3w sieci TEN-T\"}]},{\"@type\":\"WebSite\",\"@id\":\"https:\/\/transinfo.pl\/x\/#website\",\"url\":\"https:\/\/transinfo.pl\/x\/\",\"name\":\"TransInfo Archiwum\",\"description\":\"Ca\u0142y transport w jednym miejscu\",\"publisher\":{\"@id\":\"https:\/\/transinfo.pl\/x\/#organization\"},\"potentialAction\":[{\"@type\":\"SearchAction\",\"target\":{\"@type\":\"EntryPoint\",\"urlTemplate\":\"https:\/\/transinfo.pl\/x\/?s={search_term_string}\"},\"query-input\":{\"@type\":\"PropertyValueSpecification\",\"valueRequired\":true,\"valueName\":\"search_term_string\"}}],\"inLanguage\":\"pl-PL\"},{\"@type\":\"Organization\",\"@id\":\"https:\/\/transinfo.pl\/x\/#organization\",\"name\":\"TransInfo\",\"url\":\"https:\/\/transinfo.pl\/x\/\",\"logo\":{\"@type\":\"ImageObject\",\"inLanguage\":\"pl-PL\",\"@id\":\"https:\/\/transinfo.pl\/x\/#\/schema\/logo\/image\/\",\"url\":\"https:\/\/transinfo.pl\/x\/wp-content\/uploads\/2024\/10\/favicon.png\",\"contentUrl\":\"https:\/\/transinfo.pl\/x\/wp-content\/uploads\/2024\/10\/favicon.png\",\"width\":512,\"height\":512,\"caption\":\"TransInfo\"},\"image\":{\"@id\":\"https:\/\/transinfo.pl\/x\/#\/schema\/logo\/image\/\"}}]}<\/script>\n<!-- \/ Yoast SEO Premium plugin. -->","yoast_head_json":{"title":"GZM chce mie\u0107 system hub\u00f3w wok\u00f3\u0142 w\u0119z\u0142\u00f3w sieci TEN-T - TransInfo Archiwum","description":"30 stycznia GZM z\u0142o\u017cy\u0142a wniosek pod nazw\u0105 \u201eSystem hub\u00f3w mobilno\u015bci miejskiej wok\u00f3\u0142 w\u0119z\u0142\u00f3w sieci TEN-T na obszarze metropolii GZM\u201d","robots":{"index":"index","follow":"follow","max-snippet":"max-snippet:-1","max-image-preview":"max-image-preview:large","max-video-preview":"max-video-preview:-1"},"canonical":"https:\/\/transinfo.pl\/x\/infotrans\/gzm-chce-miec-system-hubow-wokol-wezlow-sieci-ten-t\/","og_locale":"pl_PL","og_type":"article","og_title":"GZM chce mie\u0107 system hub\u00f3w wok\u00f3\u0142 w\u0119z\u0142\u00f3w sieci TEN-T","og_description":"30 stycznia GZM z\u0142o\u017cy\u0142a wniosek pod nazw\u0105 \u201eSystem hub\u00f3w mobilno\u015bci miejskiej wok\u00f3\u0142 w\u0119z\u0142\u00f3w sieci TEN-T na obszarze metropolii GZM\u201d","og_url":"https:\/\/transinfo.pl\/x\/infotrans\/gzm-chce-miec-system-hubow-wokol-wezlow-sieci-ten-t\/","og_site_name":"TransInfo Archiwum","og_image":[{"url":"https:\/\/transinfo.pl\/x\/wp-content\/uploads\/2024\/02\/transport-publiczny-gzm-2.jpg","width":1,"height":1,"type":"image\/jpeg"}],"twitter_card":"summary_large_image","twitter_misc":{"Szacowany czas czytania":"3 minuty"},"schema":{"@context":"https:\/\/schema.org","@graph":[{"@type":"WebPage","@id":"https:\/\/transinfo.pl\/x\/infotrans\/gzm-chce-miec-system-hubow-wokol-wezlow-sieci-ten-t\/","url":"https:\/\/transinfo.pl\/x\/infotrans\/gzm-chce-miec-system-hubow-wokol-wezlow-sieci-ten-t\/","name":"GZM chce mie\u0107 system hub\u00f3w wok\u00f3\u0142 w\u0119z\u0142\u00f3w sieci TEN-T - TransInfo Archiwum","isPartOf":{"@id":"https:\/\/transinfo.pl\/x\/#website"},"primaryImageOfPage":{"@id":"https:\/\/transinfo.pl\/x\/infotrans\/gzm-chce-miec-system-hubow-wokol-wezlow-sieci-ten-t\/#primaryimage"},"image":{"@id":"https:\/\/transinfo.pl\/x\/infotrans\/gzm-chce-miec-system-hubow-wokol-wezlow-sieci-ten-t\/#primaryimage"},"thumbnailUrl":"https:\/\/transinfo.pl\/x\/wp-content\/uploads\/2024\/02\/transport-publiczny-gzm-2.jpg","datePublished":"2024-02-25T11:02:00+00:00","dateModified":"2024-02-25T11:02:00+00:00","description":"30 stycznia GZM z\u0142o\u017cy\u0142a wniosek pod nazw\u0105 \u201eSystem hub\u00f3w mobilno\u015bci miejskiej wok\u00f3\u0142 w\u0119z\u0142\u00f3w sieci TEN-T na obszarze metropolii GZM\u201d","breadcrumb":{"@id":"https:\/\/transinfo.pl\/x\/infotrans\/gzm-chce-miec-system-hubow-wokol-wezlow-sieci-ten-t\/#breadcrumb"},"inLanguage":"pl-PL","potentialAction":[{"@type":"ReadAction","target":["https:\/\/transinfo.pl\/x\/infotrans\/gzm-chce-miec-system-hubow-wokol-wezlow-sieci-ten-t\/"]}]},{"@type":"ImageObject","inLanguage":"pl-PL","@id":"https:\/\/transinfo.pl\/x\/infotrans\/gzm-chce-miec-system-hubow-wokol-wezlow-sieci-ten-t\/#primaryimage","url":"https:\/\/transinfo.pl\/x\/wp-content\/uploads\/2024\/02\/transport-publiczny-gzm-2.jpg","contentUrl":"https:\/\/transinfo.pl\/x\/wp-content\/uploads\/2024\/02\/transport-publiczny-gzm-2.jpg"},{"@type":"BreadcrumbList","@id":"https:\/\/transinfo.pl\/x\/infotrans\/gzm-chce-miec-system-hubow-wokol-wezlow-sieci-ten-t\/#breadcrumb","itemListElement":[{"@type":"ListItem","position":1,"name":"Home","item":"https:\/\/transinfo.pl\/x\/"},{"@type":"ListItem","position":2,"name":"Infotrans","item":"https:\/\/transinfo.pl\/x\/infotrans\/"},{"@type":"ListItem","position":3,"name":"GZM chce mie\u0107 system hub\u00f3w wok\u00f3\u0142 w\u0119z\u0142\u00f3w sieci TEN-T"}]},{"@type":"WebSite","@id":"https:\/\/transinfo.pl\/x\/#website","url":"https:\/\/transinfo.pl\/x\/","name":"TransInfo Archiwum","description":"Ca\u0142y transport w jednym miejscu","publisher":{"@id":"https:\/\/transinfo.pl\/x\/#organization"},"potentialAction":[{"@type":"SearchAction","target":{"@type":"EntryPoint","urlTemplate":"https:\/\/transinfo.pl\/x\/?s={search_term_string}"},"query-input":{"@type":"PropertyValueSpecification","valueRequired":true,"valueName":"search_term_string"}}],"inLanguage":"pl-PL"},{"@type":"Organization","@id":"https:\/\/transinfo.pl\/x\/#organization","name":"TransInfo","url":"https:\/\/transinfo.pl\/x\/","logo":{"@type":"ImageObject","inLanguage":"pl-PL","@id":"https:\/\/transinfo.pl\/x\/#\/schema\/logo\/image\/","url":"https:\/\/transinfo.pl\/x\/wp-content\/uploads\/2024\/10\/favicon.png","contentUrl":"https:\/\/transinfo.pl\/x\/wp-content\/uploads\/2024\/10\/favicon.png","width":512,"height":512,"caption":"TransInfo"},"image":{"@id":"https:\/\/transinfo.pl\/x\/#\/schema\/logo\/image\/"}}]}},"_links":{"self":[{"href":"https:\/\/transinfo.pl\/x\/wp-json\/wp\/v2\/infotrans\/265351","targetHints":{"allow":["GET"]}}],"collection":[{"href":"https:\/\/transinfo.pl\/x\/wp-json\/wp\/v2\/infotrans"}],"about":[{"href":"https:\/\/transinfo.pl\/x\/wp-json\/wp\/v2\/types\/infotrans"}],"author":[{"embeddable":true,"href":"https:\/\/transinfo.pl\/x\/wp-json\/wp\/v2\/users\/2"}],"replies":[{"embeddable":true,"href":"https:\/\/transinfo.pl\/x\/wp-json\/wp\/v2\/comments?post=265351"}],"wp:featuredmedia":[{"embeddable":true,"href":"https:\/\/transinfo.pl\/x\/wp-json\/wp\/v2\/media\/265352"}],"wp:attachment":[{"href":"https:\/\/transinfo.pl\/x\/wp-json\/wp\/v2\/media?parent=265351"}],"wp:term":[{"taxonomy":"category","embeddable":true,"href":"https:\/\/transinfo.pl\/x\/wp-json\/wp\/v2\/categories?post=265351"},{"taxonomy":"post_tag","embeddable":true,"href":"https:\/\/transinfo.pl\/x\/wp-json\/wp\/v2\/tags?post=265351"}],"curies":[{"name":"wp","href":"https:\/\/api.w.org\/{rel}","templated":true}]}}