{"id":264762,"date":"2024-02-12T14:02:00","date_gmt":"2024-02-12T14:02:00","guid":{"rendered":"https:\/\/transinfo.pl\/x\/infotrans\/szczecinski-zarzad-drog-i-transportu-miejskiego-podsumowal-rok-2023\/"},"modified":"2024-02-12T14:02:00","modified_gmt":"2024-02-12T14:02:00","slug":"szczecinski-zarzad-drog-i-transportu-miejskiego-podsumowal-rok-2023","status":"publish","type":"infotrans","link":"https:\/\/transinfo.pl\/x\/infotrans\/szczecinski-zarzad-drog-i-transportu-miejskiego-podsumowal-rok-2023\/","title":{"rendered":"Szczeci\u0144ski Zarz\u0105d Dr\u00f3g i\u00a0Transportu Miejskiego podsumowa\u0142 rok 2023"},"content":{"rendered":"<style>h1,h2,h3,h4,h5,h6{margin:0 0 1.25rem;font-family:Arial,sans-serif;font-weight:600;color:#050505}h1{font-size:1.875rem;line-height:1.1em;text-transform:none}@media(min-width: 768px){h1{font-size:2.375rem}}h2{font-size:1.1875rem;line-height:1.2em;text-transform:uppercase}@media(min-width: 768px){h2{font-size:1.0625rem}}h3{font-size:0.9375rem;line-height:1.4em;font-weight:900;margin-bottom:0.9375rem}h4{font-size:0.875rem;line-height:1.2em;font-weight:500}h5{font-size:0.9375rem;line-height:1.6;font-weight:400}h6{font-size:0.9375rem;line-height:1.6;font-weight:600}\n<\/style>\n<h3 class=\"wp-block-heading\" id=\"h-wezel-przesiadkowy-w-podjuchach-i-przebudowa-skrzyzowania-ul-walecznych-maczna-pszenna-to-tylko-niektore-z-zadan-inwestycyjnych-realizowanych-przez-zditm-szczecin-w-ubieglych-kilku-latach\">W\u0119ze\u0142 przesiadkowy w Podjuchach i przebudowa skrzy\u017cowania ul. Walecznych \u2013 M\u0105czna \u2013 Pszenna \u2013 to tylko niekt\u00f3re z zada\u0144 inwestycyjnych realizowanych przez ZDiTM Szczecin w ubieg\u0142ych kilku latach.<\/h3>\n\n\n<style>p{margin:0 0 1.5rem}p:last-child{margin:0}p.is-style-uppercase{text-transform:uppercase}p.is-style-preheading{color:#12406a;text-transform:uppercase}p.is-style-leadparagraph{font-size:1rem;line-height:1.625;font-weight:700}@media(min-width: 768px){p.is-style-leadparagraph{font-size:1.125rem;line-height:1.5555555556}}p.has-small-margin{margin-bottom:0.625rem}p.has-small-margin+h1,p.has-small-margin+h2,p.has-small-margin+h3{margin-top:1.875rem}\n<\/style>\n<p>W tym czasie Zarz\u0105d uruchomi\u0142 trzy nowe linie autobusowe, kt\u00f3re znacz\u0105co poprawi\u0142y dost\u0119pno\u015b\u0107 do komunikacji miejskiej mieszka\u0144com p\u00f3\u0142nocnych osiedli Szczecina.<\/p>\n\n\n\n<h2 class=\"wp-block-heading\" id=\"h-komunikacja-miejska\">Komunikacja miejska<\/h2>\n\n\n\n<p>Jak podkre\u015bla ZDiTM Szczecin, wyzwaniem na przestrzeni ostatnich lat by\u0142a organizacja transportu publicznego podczas trwaj\u0105cej w mie\u015bcie torowej rewolucji, czyli najwi\u0119kszych inwestycjach w infrastruktur\u0119 torowo-sieciow\u0105 od lat.<\/p>\n\n\n\n<p>W lipcu 2020 r. uruchomiono tras\u0119 tramwajow\u0105 od p\u0119tli Las Arko\u0144ski przez ul. Arko\u0144sk\u0105 do ronda Olszewskiego. Z kolei we wrze\u015bniu 2021 r. uruchomiono tras\u0119 tramwajow\u0105 od ronda Olszewskiego przez ul. Szafera do p\u0119tli Osiedle Zawadzkiego.<\/p>\n\n\n\n<p>W komunikacji autobusowej jedn\u0105 z najistotniejszych zmian by\u0142o uruchomienie w lutym 2021 r. nowych linii 89, 92 i 99, kursuj\u0105cych m.in. ul.: \u0141\u0105czn\u0105, Ho\u017c\u0105, Warcis\u0142awa i Miodow\u0105. Dzi\u0119ki temu poprawi\u0142a si\u0119 dost\u0119pno\u015b\u0107 do komunikacji miejskiej mieszka\u0144com p\u00f3\u0142nocnych osiedli Szczecina. Tak\u017ce w lutym 2021 r. wybrane kursy linii 56 wyd\u0142u\u017cono do strefy przemys\u0142owej Trzebusz (do momentu zmian, linia nie by\u0142a tak d\u0142uga).<\/p>\n\n\n\n<p>W kwietniu 2021 r. uruchomiono dwie linie autobusowe kursuj\u0105ce po \u015bcis\u0142ym centrum miasta. Z kolei w sierpniu 2021 r. wyd\u0142u\u017cono trasy linii 66, 85 i 904 do p\u0119tli Podjuchy Dworzec do przysz\u0142ego przystanku Szczeci\u0144skiej Kolei Metropolitalnej.<\/p>\n\n\n\n<p>Jak podkre\u015bli\u0142 Zarz\u0105d, pocz\u0105tek 2024 roku przyni\u00f3s\u0142 dobre informacje dla pasa\u017cer\u00f3w.<\/p>\n\n\n<style>.wp-block-quote{border-left:0.1875rem solid var(--page-color);font-size:1rem;font-style:italic;margin:0 0 1.6875rem;padding:1.25rem}.wp-block-quote cite{color:#050505}.wp-block-quote.is-style-large p{margin-bottom:10px}.wp-block-quote.is-style-large cite{color:#12406a}\n<\/style>\n<blockquote class=\"wp-block-quote is-layout-flow wp-block-quote-is-layout-flow\">\n<p>-\u201eW styczniu tramwaje linie 11 wr\u00f3ci\u0142y do pe\u0142nej trasy od ul. Ludowej do Pomorzan. Uda\u0142o si\u0119 tak\u017ce zwi\u0119kszy\u0107 cz\u0119stotliwo\u015b\u0107 kursowania linii B (do momentu zmian, autobusy tej linii nigdy nie je\u017adzi\u0142y tak cz\u0119sto) i wyd\u0142u\u017cy\u0107 lini\u0119 59 przez ul. Nehringa. Braki kadrowe w sp\u00f3\u0142kach przewozowych, kt\u00f3re wcze\u015bniej wp\u0142ywa\u0142y na braki w komunikacji udaje si\u0119 stopniowo uzupe\u0142nia\u0107 \u2013 przekaza\u0142 ZDiTM Szczecin<\/p>\n<\/blockquote>\n\n\n<style>.wp-block-image{margin:1.25rem 0;text-align:center}.wp-block-image figcaption{padding:0 0.9375rem;text-align:center}\n<\/style>\n<figure class=\"wp-block-image size-large\"><a href=\"https:\/\/transinfo.pl\/wp-content\/uploads\/2024\/02\/transport-publiczny-szczecin-2-1024x600.jpg\"><img decoding=\"async\" src=\"https:\/\/transinfo.pl\/wp-content\/uploads\/2024\/02\/transport-publiczny-szczecin-2-1024x600.jpg\" alt=\"Szczecin 2023: W\u0119ze\u0142 przesiadkowy, modernizacje i nowe linie autobusowe\" class=\"wp-image-463528\" \/><\/a><figcaption class=\"wp-element-caption\">Szczecin 2023: W\u0119ze\u0142 przesiadkowy, modernizacje i nowe linie autobusowe<\/figcaption><\/figure>\n\n\n\n<h2 class=\"wp-block-heading\" id=\"h-szczecinskie-inwestycje\">Szczeci\u0144skie Inwestycje<\/h2>\n\n\n\n<p>W 2023 r. przebudowano most nad Kana\u0142em Zielonym w ci\u0105gu ul. Heyki i Celnej. Roboty obj\u0119\u0142y budow\u0119 odwodnienia oraz przebudow\u0119 o\u015bwietlenia ulicznego, kanalizacji telekomunikacyjnej ze \u015bwiat\u0142owodami, linii energetycznych, ruroci\u0105gu wodoci\u0105gowego oraz demonta\u017c nieczynnego gazoci\u0105gu na mo\u015bcie i dojazdach, wraz z rozbi\u00f3rk\u0105 zniszczonych studni i kana\u0142\u00f3w. Wymieniono zniszczone belki korytkowe prz\u0119se\u0142 mostu, zamontowano nowe belki prefabrykowane wraz z now\u0105 warstw\u0105 zbrojonego nadbetonu i odtworzono nawierzchni\u0119 asfaltow\u0105 na obiekcie i dojazdach.<\/p>\n\n\n\n<p>W 2023 r. wybudowano r\u00f3wnie\u017c \u015bcie\u017ck\u0119 dla rower\u00f3w na ul. Papie\u017ca Paw\u0142a VI. W ramach inwestycji powsta\u0142a w miejscu istniej\u0105cego chodnika dwukierunkowa droga dla rower\u00f3w o szeroko\u015bci dw\u00f3ch metr\u00f3w o nawierzchni bitumicznej. Wybudowano tak\u017ce nowy chodnik wzd\u0142u\u017c drogi dla rower\u00f3w. Skanalizowano ruch rowerowy poprzez wykonanie dodatkowego, samodzielnego wlotu na mini rondo oraz pasa rowerowego w ci\u0105gu ul. Zaleskiego, u\u0142atwiaj\u0105cych poruszanie si\u0119 cyklistom kierunku ul. S\u0142owackiego.<\/p>\n\n\n\n<p>W ubieg\u0142ym roku wymieniono tak\u017ce nawierzchni\u0119 bitumiczn\u0105 na jezdniach w obu kierunkach na al. Wojska Polskiego na odcinku od Placu Szereg\u00f3w do W\u0119z\u0142a G\u0142\u0119bokie.<\/p>\n\n\n\n<figure class=\"wp-block-image aligncenter size-large\"><a href=\"https:\/\/transinfo.pl\/wp-content\/uploads\/2024\/02\/transport-publiczny-szczecin-1.jpg\"><img decoding=\"async\" src=\"https:\/\/transinfo.pl\/wp-content\/uploads\/2024\/02\/transport-publiczny-szczecin-1-1024x768.jpg\" alt=\"Szczecin 2023: W\u0119ze\u0142 przesiadkowy, modernizacje i nowe linie autobusowe\" class=\"wp-image-463529\" \/><\/a><figcaption class=\"wp-element-caption\">Szczecin 2023: W\u0119ze\u0142 przesiadkowy, modernizacje i nowe linie autobusowe<\/figcaption><\/figure>\n","protected":false},"author":2,"featured_media":264763,"comment_status":"","ping_status":"closed","template":"","categories":[23],"tags":[137,35,191,3103],"class_list":["post-264762","infotrans","type-infotrans","status-publish","has-post-thumbnail","hentry","category-infrastruktura","tag-komunikacja-miejska","tag-linie","tag-szczecin","tag-transport-publiczny"],"acf":[],"yoast_head":"<!-- This site is optimized with the Yoast SEO Premium plugin v21.8 (Yoast SEO v23.7) - https:\/\/yoast.com\/wordpress\/plugins\/seo\/ -->\n<title>Szczeci\u0144ski Zarz\u0105d Dr\u00f3g i\u00a0Transportu Miejskiego podsumowa\u0142 rok 2023 - TransInfo Archiwum<\/title>\n<meta name=\"description\" content=\"Szczeci\u0144ski Zarz\u0105d Dr\u00f3g i\u00a0Transportu Miejskiego podsumowa\u0142 swoj\u0105 dzia\u0142alno\u015b\u0107 w zakresie transportu publicznego w okresie kilku ostatnich lat\" \/>\n<meta name=\"robots\" content=\"index, follow, max-snippet:-1, max-image-preview:large, max-video-preview:-1\" \/>\n<link rel=\"canonical\" href=\"https:\/\/transinfo.pl\/x\/infotrans\/szczecinski-zarzad-drog-i-transportu-miejskiego-podsumowal-rok-2023\/\" \/>\n<meta property=\"og:locale\" content=\"pl_PL\" \/>\n<meta property=\"og:type\" content=\"article\" \/>\n<meta property=\"og:title\" content=\"Szczeci\u0144ski Zarz\u0105d Dr\u00f3g i\u00a0Transportu Miejskiego podsumowa\u0142 rok 2023\" \/>\n<meta property=\"og:description\" content=\"Szczeci\u0144ski Zarz\u0105d Dr\u00f3g i\u00a0Transportu Miejskiego podsumowa\u0142 swoj\u0105 dzia\u0142alno\u015b\u0107 w zakresie transportu publicznego w okresie kilku ostatnich lat\" \/>\n<meta property=\"og:url\" content=\"https:\/\/transinfo.pl\/x\/infotrans\/szczecinski-zarzad-drog-i-transportu-miejskiego-podsumowal-rok-2023\/\" \/>\n<meta property=\"og:site_name\" content=\"TransInfo Archiwum\" \/>\n<meta property=\"og:image\" content=\"https:\/\/transinfo.pl\/x\/wp-content\/uploads\/2024\/02\/transport-publiczny-szczecin-4.jpg\" \/>\n\t<meta property=\"og:image:width\" content=\"1\" \/>\n\t<meta property=\"og:image:height\" content=\"1\" \/>\n\t<meta property=\"og:image:type\" content=\"image\/jpeg\" \/>\n<meta name=\"twitter:card\" content=\"summary_large_image\" \/>\n<meta name=\"twitter:label1\" content=\"Szacowany czas czytania\" \/>\n\t<meta name=\"twitter:data1\" content=\"3 minuty\" \/>\n<script type=\"application\/ld+json\" class=\"yoast-schema-graph\">{\"@context\":\"https:\/\/schema.org\",\"@graph\":[{\"@type\":\"WebPage\",\"@id\":\"https:\/\/transinfo.pl\/x\/infotrans\/szczecinski-zarzad-drog-i-transportu-miejskiego-podsumowal-rok-2023\/\",\"url\":\"https:\/\/transinfo.pl\/x\/infotrans\/szczecinski-zarzad-drog-i-transportu-miejskiego-podsumowal-rok-2023\/\",\"name\":\"Szczeci\u0144ski Zarz\u0105d Dr\u00f3g i\u00a0Transportu Miejskiego podsumowa\u0142 rok 2023 - TransInfo Archiwum\",\"isPartOf\":{\"@id\":\"https:\/\/transinfo.pl\/x\/#website\"},\"primaryImageOfPage\":{\"@id\":\"https:\/\/transinfo.pl\/x\/infotrans\/szczecinski-zarzad-drog-i-transportu-miejskiego-podsumowal-rok-2023\/#primaryimage\"},\"image\":{\"@id\":\"https:\/\/transinfo.pl\/x\/infotrans\/szczecinski-zarzad-drog-i-transportu-miejskiego-podsumowal-rok-2023\/#primaryimage\"},\"thumbnailUrl\":\"https:\/\/transinfo.pl\/x\/wp-content\/uploads\/2024\/02\/transport-publiczny-szczecin-4.jpg\",\"datePublished\":\"2024-02-12T14:02:00+00:00\",\"dateModified\":\"2024-02-12T14:02:00+00:00\",\"description\":\"Szczeci\u0144ski Zarz\u0105d Dr\u00f3g i\u00a0Transportu Miejskiego podsumowa\u0142 swoj\u0105 dzia\u0142alno\u015b\u0107 w zakresie transportu publicznego w okresie kilku ostatnich lat\",\"breadcrumb\":{\"@id\":\"https:\/\/transinfo.pl\/x\/infotrans\/szczecinski-zarzad-drog-i-transportu-miejskiego-podsumowal-rok-2023\/#breadcrumb\"},\"inLanguage\":\"pl-PL\",\"potentialAction\":[{\"@type\":\"ReadAction\",\"target\":[\"https:\/\/transinfo.pl\/x\/infotrans\/szczecinski-zarzad-drog-i-transportu-miejskiego-podsumowal-rok-2023\/\"]}]},{\"@type\":\"ImageObject\",\"inLanguage\":\"pl-PL\",\"@id\":\"https:\/\/transinfo.pl\/x\/infotrans\/szczecinski-zarzad-drog-i-transportu-miejskiego-podsumowal-rok-2023\/#primaryimage\",\"url\":\"https:\/\/transinfo.pl\/x\/wp-content\/uploads\/2024\/02\/transport-publiczny-szczecin-4.jpg\",\"contentUrl\":\"https:\/\/transinfo.pl\/x\/wp-content\/uploads\/2024\/02\/transport-publiczny-szczecin-4.jpg\"},{\"@type\":\"BreadcrumbList\",\"@id\":\"https:\/\/transinfo.pl\/x\/infotrans\/szczecinski-zarzad-drog-i-transportu-miejskiego-podsumowal-rok-2023\/#breadcrumb\",\"itemListElement\":[{\"@type\":\"ListItem\",\"position\":1,\"name\":\"Home\",\"item\":\"https:\/\/transinfo.pl\/x\/\"},{\"@type\":\"ListItem\",\"position\":2,\"name\":\"Infotrans\",\"item\":\"https:\/\/transinfo.pl\/x\/infotrans\/\"},{\"@type\":\"ListItem\",\"position\":3,\"name\":\"Szczeci\u0144ski Zarz\u0105d Dr\u00f3g i\u00a0Transportu Miejskiego podsumowa\u0142 rok 2023\"}]},{\"@type\":\"WebSite\",\"@id\":\"https:\/\/transinfo.pl\/x\/#website\",\"url\":\"https:\/\/transinfo.pl\/x\/\",\"name\":\"TransInfo Archiwum\",\"description\":\"Ca\u0142y transport w jednym miejscu\",\"publisher\":{\"@id\":\"https:\/\/transinfo.pl\/x\/#organization\"},\"potentialAction\":[{\"@type\":\"SearchAction\",\"target\":{\"@type\":\"EntryPoint\",\"urlTemplate\":\"https:\/\/transinfo.pl\/x\/?s={search_term_string}\"},\"query-input\":{\"@type\":\"PropertyValueSpecification\",\"valueRequired\":true,\"valueName\":\"search_term_string\"}}],\"inLanguage\":\"pl-PL\"},{\"@type\":\"Organization\",\"@id\":\"https:\/\/transinfo.pl\/x\/#organization\",\"name\":\"TransInfo\",\"url\":\"https:\/\/transinfo.pl\/x\/\",\"logo\":{\"@type\":\"ImageObject\",\"inLanguage\":\"pl-PL\",\"@id\":\"https:\/\/transinfo.pl\/x\/#\/schema\/logo\/image\/\",\"url\":\"https:\/\/transinfo.pl\/x\/wp-content\/uploads\/2024\/10\/favicon.png\",\"contentUrl\":\"https:\/\/transinfo.pl\/x\/wp-content\/uploads\/2024\/10\/favicon.png\",\"width\":512,\"height\":512,\"caption\":\"TransInfo\"},\"image\":{\"@id\":\"https:\/\/transinfo.pl\/x\/#\/schema\/logo\/image\/\"}}]}<\/script>\n<!-- \/ Yoast SEO Premium plugin. -->","yoast_head_json":{"title":"Szczeci\u0144ski Zarz\u0105d Dr\u00f3g i\u00a0Transportu Miejskiego podsumowa\u0142 rok 2023 - TransInfo Archiwum","description":"Szczeci\u0144ski Zarz\u0105d Dr\u00f3g i\u00a0Transportu Miejskiego podsumowa\u0142 swoj\u0105 dzia\u0142alno\u015b\u0107 w zakresie transportu publicznego w okresie kilku ostatnich lat","robots":{"index":"index","follow":"follow","max-snippet":"max-snippet:-1","max-image-preview":"max-image-preview:large","max-video-preview":"max-video-preview:-1"},"canonical":"https:\/\/transinfo.pl\/x\/infotrans\/szczecinski-zarzad-drog-i-transportu-miejskiego-podsumowal-rok-2023\/","og_locale":"pl_PL","og_type":"article","og_title":"Szczeci\u0144ski Zarz\u0105d Dr\u00f3g i\u00a0Transportu Miejskiego podsumowa\u0142 rok 2023","og_description":"Szczeci\u0144ski Zarz\u0105d Dr\u00f3g i\u00a0Transportu Miejskiego podsumowa\u0142 swoj\u0105 dzia\u0142alno\u015b\u0107 w zakresie transportu publicznego w okresie kilku ostatnich lat","og_url":"https:\/\/transinfo.pl\/x\/infotrans\/szczecinski-zarzad-drog-i-transportu-miejskiego-podsumowal-rok-2023\/","og_site_name":"TransInfo Archiwum","og_image":[{"url":"https:\/\/transinfo.pl\/x\/wp-content\/uploads\/2024\/02\/transport-publiczny-szczecin-4.jpg","width":1,"height":1,"type":"image\/jpeg"}],"twitter_card":"summary_large_image","twitter_misc":{"Szacowany czas czytania":"3 minuty"},"schema":{"@context":"https:\/\/schema.org","@graph":[{"@type":"WebPage","@id":"https:\/\/transinfo.pl\/x\/infotrans\/szczecinski-zarzad-drog-i-transportu-miejskiego-podsumowal-rok-2023\/","url":"https:\/\/transinfo.pl\/x\/infotrans\/szczecinski-zarzad-drog-i-transportu-miejskiego-podsumowal-rok-2023\/","name":"Szczeci\u0144ski Zarz\u0105d Dr\u00f3g i\u00a0Transportu Miejskiego podsumowa\u0142 rok 2023 - TransInfo Archiwum","isPartOf":{"@id":"https:\/\/transinfo.pl\/x\/#website"},"primaryImageOfPage":{"@id":"https:\/\/transinfo.pl\/x\/infotrans\/szczecinski-zarzad-drog-i-transportu-miejskiego-podsumowal-rok-2023\/#primaryimage"},"image":{"@id":"https:\/\/transinfo.pl\/x\/infotrans\/szczecinski-zarzad-drog-i-transportu-miejskiego-podsumowal-rok-2023\/#primaryimage"},"thumbnailUrl":"https:\/\/transinfo.pl\/x\/wp-content\/uploads\/2024\/02\/transport-publiczny-szczecin-4.jpg","datePublished":"2024-02-12T14:02:00+00:00","dateModified":"2024-02-12T14:02:00+00:00","description":"Szczeci\u0144ski Zarz\u0105d Dr\u00f3g i\u00a0Transportu Miejskiego podsumowa\u0142 swoj\u0105 dzia\u0142alno\u015b\u0107 w zakresie transportu publicznego w okresie kilku ostatnich lat","breadcrumb":{"@id":"https:\/\/transinfo.pl\/x\/infotrans\/szczecinski-zarzad-drog-i-transportu-miejskiego-podsumowal-rok-2023\/#breadcrumb"},"inLanguage":"pl-PL","potentialAction":[{"@type":"ReadAction","target":["https:\/\/transinfo.pl\/x\/infotrans\/szczecinski-zarzad-drog-i-transportu-miejskiego-podsumowal-rok-2023\/"]}]},{"@type":"ImageObject","inLanguage":"pl-PL","@id":"https:\/\/transinfo.pl\/x\/infotrans\/szczecinski-zarzad-drog-i-transportu-miejskiego-podsumowal-rok-2023\/#primaryimage","url":"https:\/\/transinfo.pl\/x\/wp-content\/uploads\/2024\/02\/transport-publiczny-szczecin-4.jpg","contentUrl":"https:\/\/transinfo.pl\/x\/wp-content\/uploads\/2024\/02\/transport-publiczny-szczecin-4.jpg"},{"@type":"BreadcrumbList","@id":"https:\/\/transinfo.pl\/x\/infotrans\/szczecinski-zarzad-drog-i-transportu-miejskiego-podsumowal-rok-2023\/#breadcrumb","itemListElement":[{"@type":"ListItem","position":1,"name":"Home","item":"https:\/\/transinfo.pl\/x\/"},{"@type":"ListItem","position":2,"name":"Infotrans","item":"https:\/\/transinfo.pl\/x\/infotrans\/"},{"@type":"ListItem","position":3,"name":"Szczeci\u0144ski Zarz\u0105d Dr\u00f3g i\u00a0Transportu Miejskiego podsumowa\u0142 rok 2023"}]},{"@type":"WebSite","@id":"https:\/\/transinfo.pl\/x\/#website","url":"https:\/\/transinfo.pl\/x\/","name":"TransInfo Archiwum","description":"Ca\u0142y transport w jednym miejscu","publisher":{"@id":"https:\/\/transinfo.pl\/x\/#organization"},"potentialAction":[{"@type":"SearchAction","target":{"@type":"EntryPoint","urlTemplate":"https:\/\/transinfo.pl\/x\/?s={search_term_string}"},"query-input":{"@type":"PropertyValueSpecification","valueRequired":true,"valueName":"search_term_string"}}],"inLanguage":"pl-PL"},{"@type":"Organization","@id":"https:\/\/transinfo.pl\/x\/#organization","name":"TransInfo","url":"https:\/\/transinfo.pl\/x\/","logo":{"@type":"ImageObject","inLanguage":"pl-PL","@id":"https:\/\/transinfo.pl\/x\/#\/schema\/logo\/image\/","url":"https:\/\/transinfo.pl\/x\/wp-content\/uploads\/2024\/10\/favicon.png","contentUrl":"https:\/\/transinfo.pl\/x\/wp-content\/uploads\/2024\/10\/favicon.png","width":512,"height":512,"caption":"TransInfo"},"image":{"@id":"https:\/\/transinfo.pl\/x\/#\/schema\/logo\/image\/"}}]}},"_links":{"self":[{"href":"https:\/\/transinfo.pl\/x\/wp-json\/wp\/v2\/infotrans\/264762","targetHints":{"allow":["GET"]}}],"collection":[{"href":"https:\/\/transinfo.pl\/x\/wp-json\/wp\/v2\/infotrans"}],"about":[{"href":"https:\/\/transinfo.pl\/x\/wp-json\/wp\/v2\/types\/infotrans"}],"author":[{"embeddable":true,"href":"https:\/\/transinfo.pl\/x\/wp-json\/wp\/v2\/users\/2"}],"replies":[{"embeddable":true,"href":"https:\/\/transinfo.pl\/x\/wp-json\/wp\/v2\/comments?post=264762"}],"wp:featuredmedia":[{"embeddable":true,"href":"https:\/\/transinfo.pl\/x\/wp-json\/wp\/v2\/media\/264763"}],"wp:attachment":[{"href":"https:\/\/transinfo.pl\/x\/wp-json\/wp\/v2\/media?parent=264762"}],"wp:term":[{"taxonomy":"category","embeddable":true,"href":"https:\/\/transinfo.pl\/x\/wp-json\/wp\/v2\/categories?post=264762"},{"taxonomy":"post_tag","embeddable":true,"href":"https:\/\/transinfo.pl\/x\/wp-json\/wp\/v2\/tags?post=264762"}],"curies":[{"name":"wp","href":"https:\/\/api.w.org\/{rel}","templated":true}]}}