{"id":264704,"date":"2024-02-10T17:05:00","date_gmt":"2024-02-10T17:05:00","guid":{"rendered":"https:\/\/transinfo.pl\/x\/infotrans\/poznanska-komunikacja-miejska-i-podmiejska-na-feriach-2024\/"},"modified":"2024-02-10T17:05:00","modified_gmt":"2024-02-10T17:05:00","slug":"poznanska-komunikacja-miejska-i-podmiejska-na-feriach-2024","status":"publish","type":"infotrans","link":"https:\/\/transinfo.pl\/x\/infotrans\/poznanska-komunikacja-miejska-i-podmiejska-na-feriach-2024\/","title":{"rendered":"Pozna\u0144ska komunikacja miejska i podmiejska na Feriach 2024"},"content":{"rendered":"<style>h1,h2,h3,h4,h5,h6{margin:0 0 1.25rem;font-family:Arial,sans-serif;font-weight:600;color:#050505}h1{font-size:1.875rem;line-height:1.1em;text-transform:none}@media(min-width: 768px){h1{font-size:2.375rem}}h2{font-size:1.1875rem;line-height:1.2em;text-transform:uppercase}@media(min-width: 768px){h2{font-size:1.0625rem}}h3{font-size:0.9375rem;line-height:1.4em;font-weight:900;margin-bottom:0.9375rem}h4{font-size:0.875rem;line-height:1.2em;font-weight:500}h5{font-size:0.9375rem;line-height:1.6;font-weight:400}h6{font-size:0.9375rem;line-height:1.6;font-weight:600}\n<\/style>\n<h3 class=\"wp-block-heading\" id=\"h-w-wielkopolsce-rozpoczal-sie-zimowy-odpoczynek-uczniow-i-uczennic-od-nauki\">W Wielkopolsce rozpocz\u0105\u0142 si\u0119 zimowy odpoczynek uczni\u00f3w i uczennic od nauki. <\/h3>\n\n\n<style>p{margin:0 0 1.5rem}p:last-child{margin:0}p.is-style-uppercase{text-transform:uppercase}p.is-style-preheading{color:#12406a;text-transform:uppercase}p.is-style-leadparagraph{font-size:1rem;line-height:1.625;font-weight:700}@media(min-width: 768px){p.is-style-leadparagraph{font-size:1.125rem;line-height:1.5555555556}}p.has-small-margin{margin-bottom:0.625rem}p.has-small-margin+h1,p.has-small-margin+h2,p.has-small-margin+h3{margin-top:1.875rem}\n<\/style>\n<p>Dlatego w okresie ferii (od 12 do 23 lutego) zostan\u0105 wprowadzone zmiany w komunikacji miejskiej i podmiejskiej, wynikaj\u0105ce z mniejszego zapotrzebowania na obs\u0142ug\u0119 szk\u00f3\u0142 i plac\u00f3wek o\u015bwiatowych. Zawieszone b\u0119dzie m.in. funkcjonowanie linii autobusowych nr 124, 886 i 889, a na liniach nr 154, 188 i 198 nie b\u0119d\u0105 wykonywane kusy szkolne.<\/p>\n\n\n\n<p><strong>od 12 lutego (poniedzia\u0142ek) do 23 lutego (pi\u0105tek):<\/strong><\/p>\n\n\n\n<p><strong>Linia nr 124<\/strong>&nbsp;\u2013 brak kurs\u00f3w;<\/p>\n\n\n\n<p><strong>Linie nr 154, 188, 198<\/strong>&nbsp;\u2013 brak kurs\u00f3w szkolnych;<\/p>\n\n\n\n<p><strong>Linia nr 123<\/strong>&nbsp;\u2013 z linii minibusowej b\u0119dzie mo\u017cna tak\u017ce korzysta\u0107 w okresie ferii szkolnych, od 12 lutego (poniedzia\u0142ek) do 23 lutego (pi\u0105tek);<\/p>\n\n\n\n<p><strong>Linia nr 312<\/strong>&nbsp;\u2013 bez wjazd\u00f3w na przystanek Bolechowo-Osiedle\/Zesp\u00f3\u0142 Szk\u00f3\u0142;<\/p>\n\n\n\n<p><strong>Linia nr 323<\/strong>&nbsp;\u2013 bez wjazd\u00f3w &nbsp;na przystanek Mielno\/Lisia;<\/p>\n\n\n\n<p><strong>Linia nr 431<\/strong>&nbsp;\u2013 bez wjazd\u00f3w na przystanek Kleszczewo\/Szko\u0142a II;<\/p>\n\n\n\n<p><strong>Linia nr 432<\/strong>&nbsp;\u2013 bez wjazd\u00f3w na przystanek Bylin\/Wie\u015b i Kleszczewo\/Szko\u0142a II;<\/p>\n\n\n\n<p><strong>Linia nr 501<\/strong>&nbsp;\u2013 brak kursu o godzinie 6:09 z przystanku B\u0142a\u017cejewo\/Os. Przylesie;<\/p>\n\n\n\n<p><strong>Linia nr 502<\/strong>&nbsp;\u2013 bez wjazd\u00f3w na przystanek Szczodrzykowo\/Szko\u0142a;<\/p>\n\n\n\n<p><strong>Linia nr 527<\/strong>&nbsp;\u2013 brak kurs\u00f3w szkolnych oznaczonych liter\u0105 S na trasie Staro\u0142\u0119ka PKM \u2013 Wi\u00f3rek oraz bez wjazd\u00f3w na przystanek Kamionki\/Szko\u0142a (kursy skr\u00f3cone do przystanku Kamionki\/P\u0119tla);<\/p>\n\n\n\n<p><strong>Linia nr 560<\/strong>&nbsp;\u2013 kurs o godzinie 6:12 z przystanku Zaniemy\u015bl\/Ko\u015bci\u00f3\u0142 b\u0119dzie realizowany o godzinie 6:02;<\/p>\n\n\n\n<p><strong>Linia nr 603<\/strong>&nbsp;\u2013 brak kursu o godzinie 7:00 z przystanku \u0141\u0119czyca\/Dworcowa;<\/p>\n\n\n\n<p><strong>Linia nr 729<\/strong>&nbsp;\u2013 z przystanku Ogrody nie b\u0119d\u0105 wykonywane kursy o godzinach: 7:55, 8:30, 13:50, 15:30, 16:15, 17:40, a z przystanku Dopiewo\/Dworzec Kolejowy o godzinach: &nbsp;6:35, 6:50, 8:20, 15:00 i 16:35;<\/p>\n\n\n\n<p><strong>Linia nr 813<\/strong>&nbsp;\u2013 na kursach o godzinach 14:07 i 16:12 z Ogrod\u00f3w autobusy b\u0119d\u0105 dodatkowo wje\u017cd\u017ca\u0107 na p\u0119tl\u0119 w Kokoszczynie;<\/p>\n\n\n\n<p><strong>Linie nr 886 i 889<\/strong>&nbsp;\u2013 brak &nbsp;kurs\u00f3w;<\/p>\n\n\n\n<p><strong>Linia nr 905<\/strong>&nbsp;\u2013 bez wjazd\u00f3w na przystanek Suchy Las\/TAEiS.<\/p>\n","protected":false},"author":2,"featured_media":264705,"comment_status":"","ping_status":"closed","template":"","categories":[26],"tags":[137,106,186,3103],"class_list":["post-264704","infotrans","type-infotrans","status-publish","has-post-thumbnail","hentry","category-przewoznicy","tag-komunikacja-miejska","tag-poznan","tag-rozklad-jazdy","tag-transport-publiczny"],"acf":[],"yoast_head":"<!-- This site is optimized with the Yoast SEO Premium plugin v21.8 (Yoast SEO v23.7) - https:\/\/yoast.com\/wordpress\/plugins\/seo\/ -->\n<title>Pozna\u0144ska komunikacja miejska i podmiejska na Feriach 2024 - TransInfo Archiwum<\/title>\n<meta name=\"description\" content=\"Ferie szkolne (12-23 lutego) \u2013 zmiany w funkcjonowaniu miejskich i podmiejskich linii autobusowych w Poznaniu.\" \/>\n<meta name=\"robots\" content=\"index, follow, max-snippet:-1, max-image-preview:large, max-video-preview:-1\" \/>\n<link rel=\"canonical\" href=\"https:\/\/transinfo.pl\/x\/infotrans\/poznanska-komunikacja-miejska-i-podmiejska-na-feriach-2024\/\" \/>\n<meta property=\"og:locale\" content=\"pl_PL\" \/>\n<meta property=\"og:type\" content=\"article\" \/>\n<meta property=\"og:title\" content=\"Pozna\u0144ska komunikacja miejska i podmiejska na Feriach 2024\" \/>\n<meta property=\"og:description\" content=\"Ferie szkolne (12-23 lutego) \u2013 zmiany w funkcjonowaniu miejskich i podmiejskich linii autobusowych w Poznaniu.\" \/>\n<meta property=\"og:url\" content=\"https:\/\/transinfo.pl\/x\/infotrans\/poznanska-komunikacja-miejska-i-podmiejska-na-feriach-2024\/\" \/>\n<meta property=\"og:site_name\" content=\"TransInfo Archiwum\" \/>\n<meta property=\"og:image\" content=\"https:\/\/transinfo.pl\/x\/wp-content\/uploads\/2024\/02\/transport-publiczny-poznan-1-2-scaled.jpg\" \/>\n\t<meta property=\"og:image:width\" content=\"1\" \/>\n\t<meta property=\"og:image:height\" content=\"1\" \/>\n\t<meta property=\"og:image:type\" content=\"image\/jpeg\" \/>\n<meta name=\"twitter:card\" content=\"summary_large_image\" \/>\n<meta name=\"twitter:label1\" content=\"Szacowany czas czytania\" \/>\n\t<meta name=\"twitter:data1\" content=\"2 minuty\" \/>\n<script type=\"application\/ld+json\" class=\"yoast-schema-graph\">{\"@context\":\"https:\/\/schema.org\",\"@graph\":[{\"@type\":\"WebPage\",\"@id\":\"https:\/\/transinfo.pl\/x\/infotrans\/poznanska-komunikacja-miejska-i-podmiejska-na-feriach-2024\/\",\"url\":\"https:\/\/transinfo.pl\/x\/infotrans\/poznanska-komunikacja-miejska-i-podmiejska-na-feriach-2024\/\",\"name\":\"Pozna\u0144ska komunikacja miejska i podmiejska na Feriach 2024 - TransInfo Archiwum\",\"isPartOf\":{\"@id\":\"https:\/\/transinfo.pl\/x\/#website\"},\"primaryImageOfPage\":{\"@id\":\"https:\/\/transinfo.pl\/x\/infotrans\/poznanska-komunikacja-miejska-i-podmiejska-na-feriach-2024\/#primaryimage\"},\"image\":{\"@id\":\"https:\/\/transinfo.pl\/x\/infotrans\/poznanska-komunikacja-miejska-i-podmiejska-na-feriach-2024\/#primaryimage\"},\"thumbnailUrl\":\"https:\/\/transinfo.pl\/x\/wp-content\/uploads\/2024\/02\/transport-publiczny-poznan-1-2-scaled.jpg\",\"datePublished\":\"2024-02-10T17:05:00+00:00\",\"dateModified\":\"2024-02-10T17:05:00+00:00\",\"description\":\"Ferie szkolne (12-23 lutego) \u2013 zmiany w funkcjonowaniu miejskich i podmiejskich linii autobusowych w Poznaniu.\",\"breadcrumb\":{\"@id\":\"https:\/\/transinfo.pl\/x\/infotrans\/poznanska-komunikacja-miejska-i-podmiejska-na-feriach-2024\/#breadcrumb\"},\"inLanguage\":\"pl-PL\",\"potentialAction\":[{\"@type\":\"ReadAction\",\"target\":[\"https:\/\/transinfo.pl\/x\/infotrans\/poznanska-komunikacja-miejska-i-podmiejska-na-feriach-2024\/\"]}]},{\"@type\":\"ImageObject\",\"inLanguage\":\"pl-PL\",\"@id\":\"https:\/\/transinfo.pl\/x\/infotrans\/poznanska-komunikacja-miejska-i-podmiejska-na-feriach-2024\/#primaryimage\",\"url\":\"https:\/\/transinfo.pl\/x\/wp-content\/uploads\/2024\/02\/transport-publiczny-poznan-1-2-scaled.jpg\",\"contentUrl\":\"https:\/\/transinfo.pl\/x\/wp-content\/uploads\/2024\/02\/transport-publiczny-poznan-1-2-scaled.jpg\"},{\"@type\":\"BreadcrumbList\",\"@id\":\"https:\/\/transinfo.pl\/x\/infotrans\/poznanska-komunikacja-miejska-i-podmiejska-na-feriach-2024\/#breadcrumb\",\"itemListElement\":[{\"@type\":\"ListItem\",\"position\":1,\"name\":\"Home\",\"item\":\"https:\/\/transinfo.pl\/x\/\"},{\"@type\":\"ListItem\",\"position\":2,\"name\":\"Infotrans\",\"item\":\"https:\/\/transinfo.pl\/x\/infotrans\/\"},{\"@type\":\"ListItem\",\"position\":3,\"name\":\"Pozna\u0144ska komunikacja miejska i podmiejska na Feriach 2024\"}]},{\"@type\":\"WebSite\",\"@id\":\"https:\/\/transinfo.pl\/x\/#website\",\"url\":\"https:\/\/transinfo.pl\/x\/\",\"name\":\"TransInfo Archiwum\",\"description\":\"Ca\u0142y transport w jednym miejscu\",\"publisher\":{\"@id\":\"https:\/\/transinfo.pl\/x\/#organization\"},\"potentialAction\":[{\"@type\":\"SearchAction\",\"target\":{\"@type\":\"EntryPoint\",\"urlTemplate\":\"https:\/\/transinfo.pl\/x\/?s={search_term_string}\"},\"query-input\":{\"@type\":\"PropertyValueSpecification\",\"valueRequired\":true,\"valueName\":\"search_term_string\"}}],\"inLanguage\":\"pl-PL\"},{\"@type\":\"Organization\",\"@id\":\"https:\/\/transinfo.pl\/x\/#organization\",\"name\":\"TransInfo\",\"url\":\"https:\/\/transinfo.pl\/x\/\",\"logo\":{\"@type\":\"ImageObject\",\"inLanguage\":\"pl-PL\",\"@id\":\"https:\/\/transinfo.pl\/x\/#\/schema\/logo\/image\/\",\"url\":\"https:\/\/transinfo.pl\/x\/wp-content\/uploads\/2024\/10\/favicon.png\",\"contentUrl\":\"https:\/\/transinfo.pl\/x\/wp-content\/uploads\/2024\/10\/favicon.png\",\"width\":512,\"height\":512,\"caption\":\"TransInfo\"},\"image\":{\"@id\":\"https:\/\/transinfo.pl\/x\/#\/schema\/logo\/image\/\"}}]}<\/script>\n<!-- \/ Yoast SEO Premium plugin. -->","yoast_head_json":{"title":"Pozna\u0144ska komunikacja miejska i podmiejska na Feriach 2024 - TransInfo Archiwum","description":"Ferie szkolne (12-23 lutego) \u2013 zmiany w funkcjonowaniu miejskich i podmiejskich linii autobusowych w Poznaniu.","robots":{"index":"index","follow":"follow","max-snippet":"max-snippet:-1","max-image-preview":"max-image-preview:large","max-video-preview":"max-video-preview:-1"},"canonical":"https:\/\/transinfo.pl\/x\/infotrans\/poznanska-komunikacja-miejska-i-podmiejska-na-feriach-2024\/","og_locale":"pl_PL","og_type":"article","og_title":"Pozna\u0144ska komunikacja miejska i podmiejska na Feriach 2024","og_description":"Ferie szkolne (12-23 lutego) \u2013 zmiany w funkcjonowaniu miejskich i podmiejskich linii autobusowych w Poznaniu.","og_url":"https:\/\/transinfo.pl\/x\/infotrans\/poznanska-komunikacja-miejska-i-podmiejska-na-feriach-2024\/","og_site_name":"TransInfo Archiwum","og_image":[{"url":"https:\/\/transinfo.pl\/x\/wp-content\/uploads\/2024\/02\/transport-publiczny-poznan-1-2-scaled.jpg","width":1,"height":1,"type":"image\/jpeg"}],"twitter_card":"summary_large_image","twitter_misc":{"Szacowany czas czytania":"2 minuty"},"schema":{"@context":"https:\/\/schema.org","@graph":[{"@type":"WebPage","@id":"https:\/\/transinfo.pl\/x\/infotrans\/poznanska-komunikacja-miejska-i-podmiejska-na-feriach-2024\/","url":"https:\/\/transinfo.pl\/x\/infotrans\/poznanska-komunikacja-miejska-i-podmiejska-na-feriach-2024\/","name":"Pozna\u0144ska komunikacja miejska i podmiejska na Feriach 2024 - TransInfo Archiwum","isPartOf":{"@id":"https:\/\/transinfo.pl\/x\/#website"},"primaryImageOfPage":{"@id":"https:\/\/transinfo.pl\/x\/infotrans\/poznanska-komunikacja-miejska-i-podmiejska-na-feriach-2024\/#primaryimage"},"image":{"@id":"https:\/\/transinfo.pl\/x\/infotrans\/poznanska-komunikacja-miejska-i-podmiejska-na-feriach-2024\/#primaryimage"},"thumbnailUrl":"https:\/\/transinfo.pl\/x\/wp-content\/uploads\/2024\/02\/transport-publiczny-poznan-1-2-scaled.jpg","datePublished":"2024-02-10T17:05:00+00:00","dateModified":"2024-02-10T17:05:00+00:00","description":"Ferie szkolne (12-23 lutego) \u2013 zmiany w funkcjonowaniu miejskich i podmiejskich linii autobusowych w Poznaniu.","breadcrumb":{"@id":"https:\/\/transinfo.pl\/x\/infotrans\/poznanska-komunikacja-miejska-i-podmiejska-na-feriach-2024\/#breadcrumb"},"inLanguage":"pl-PL","potentialAction":[{"@type":"ReadAction","target":["https:\/\/transinfo.pl\/x\/infotrans\/poznanska-komunikacja-miejska-i-podmiejska-na-feriach-2024\/"]}]},{"@type":"ImageObject","inLanguage":"pl-PL","@id":"https:\/\/transinfo.pl\/x\/infotrans\/poznanska-komunikacja-miejska-i-podmiejska-na-feriach-2024\/#primaryimage","url":"https:\/\/transinfo.pl\/x\/wp-content\/uploads\/2024\/02\/transport-publiczny-poznan-1-2-scaled.jpg","contentUrl":"https:\/\/transinfo.pl\/x\/wp-content\/uploads\/2024\/02\/transport-publiczny-poznan-1-2-scaled.jpg"},{"@type":"BreadcrumbList","@id":"https:\/\/transinfo.pl\/x\/infotrans\/poznanska-komunikacja-miejska-i-podmiejska-na-feriach-2024\/#breadcrumb","itemListElement":[{"@type":"ListItem","position":1,"name":"Home","item":"https:\/\/transinfo.pl\/x\/"},{"@type":"ListItem","position":2,"name":"Infotrans","item":"https:\/\/transinfo.pl\/x\/infotrans\/"},{"@type":"ListItem","position":3,"name":"Pozna\u0144ska komunikacja miejska i podmiejska na Feriach 2024"}]},{"@type":"WebSite","@id":"https:\/\/transinfo.pl\/x\/#website","url":"https:\/\/transinfo.pl\/x\/","name":"TransInfo Archiwum","description":"Ca\u0142y transport w jednym miejscu","publisher":{"@id":"https:\/\/transinfo.pl\/x\/#organization"},"potentialAction":[{"@type":"SearchAction","target":{"@type":"EntryPoint","urlTemplate":"https:\/\/transinfo.pl\/x\/?s={search_term_string}"},"query-input":{"@type":"PropertyValueSpecification","valueRequired":true,"valueName":"search_term_string"}}],"inLanguage":"pl-PL"},{"@type":"Organization","@id":"https:\/\/transinfo.pl\/x\/#organization","name":"TransInfo","url":"https:\/\/transinfo.pl\/x\/","logo":{"@type":"ImageObject","inLanguage":"pl-PL","@id":"https:\/\/transinfo.pl\/x\/#\/schema\/logo\/image\/","url":"https:\/\/transinfo.pl\/x\/wp-content\/uploads\/2024\/10\/favicon.png","contentUrl":"https:\/\/transinfo.pl\/x\/wp-content\/uploads\/2024\/10\/favicon.png","width":512,"height":512,"caption":"TransInfo"},"image":{"@id":"https:\/\/transinfo.pl\/x\/#\/schema\/logo\/image\/"}}]}},"_links":{"self":[{"href":"https:\/\/transinfo.pl\/x\/wp-json\/wp\/v2\/infotrans\/264704","targetHints":{"allow":["GET"]}}],"collection":[{"href":"https:\/\/transinfo.pl\/x\/wp-json\/wp\/v2\/infotrans"}],"about":[{"href":"https:\/\/transinfo.pl\/x\/wp-json\/wp\/v2\/types\/infotrans"}],"author":[{"embeddable":true,"href":"https:\/\/transinfo.pl\/x\/wp-json\/wp\/v2\/users\/2"}],"replies":[{"embeddable":true,"href":"https:\/\/transinfo.pl\/x\/wp-json\/wp\/v2\/comments?post=264704"}],"wp:featuredmedia":[{"embeddable":true,"href":"https:\/\/transinfo.pl\/x\/wp-json\/wp\/v2\/media\/264705"}],"wp:attachment":[{"href":"https:\/\/transinfo.pl\/x\/wp-json\/wp\/v2\/media?parent=264704"}],"wp:term":[{"taxonomy":"category","embeddable":true,"href":"https:\/\/transinfo.pl\/x\/wp-json\/wp\/v2\/categories?post=264704"},{"taxonomy":"post_tag","embeddable":true,"href":"https:\/\/transinfo.pl\/x\/wp-json\/wp\/v2\/tags?post=264704"}],"curies":[{"name":"wp","href":"https:\/\/api.w.org\/{rel}","templated":true}]}}