{"id":264533,"date":"2024-02-07T14:03:00","date_gmt":"2024-02-07T14:03:00","guid":{"rendered":"https:\/\/transinfo.pl\/x\/infotrans\/zabrze-swietuje-otwarcia-dworcow-autobusowych-8-i-9-lutego\/"},"modified":"2024-02-07T14:03:00","modified_gmt":"2024-02-07T14:03:00","slug":"zabrze-swietuje-otwarcia-dworcow-autobusowych-8-i-9-lutego","status":"publish","type":"infotrans","link":"https:\/\/transinfo.pl\/x\/infotrans\/zabrze-swietuje-otwarcia-dworcow-autobusowych-8-i-9-lutego\/","title":{"rendered":"Zabrze \u015bwi\u0119tuje otwarcia dworc\u00f3w autobusowych. 8 i 9 lutego"},"content":{"rendered":"<style>h1,h2,h3,h4,h5,h6{margin:0 0 1.25rem;font-family:Arial,sans-serif;font-weight:600;color:#050505}h1{font-size:1.875rem;line-height:1.1em;text-transform:none}@media(min-width: 768px){h1{font-size:2.375rem}}h2{font-size:1.1875rem;line-height:1.2em;text-transform:uppercase}@media(min-width: 768px){h2{font-size:1.0625rem}}h3{font-size:0.9375rem;line-height:1.4em;font-weight:900;margin-bottom:0.9375rem}h4{font-size:0.875rem;line-height:1.2em;font-weight:500}h5{font-size:0.9375rem;line-height:1.6;font-weight:400}h6{font-size:0.9375rem;line-height:1.6;font-weight:600}\n<\/style>\n<h3 class=\"wp-block-heading\" id=\"h-na-8-i-9-lutego-br-zabrzanski-samorzad-przygotowuje-imprezy-otwarcia-dwoch-zbudowanych-przy-wsparciu-funduszy-europejskich-nowych-dworcow-autobusowych\">Na 8 i 9 lutego br. zabrza\u0144ski samorz\u0105d przygotowuje imprezy otwarcia dw\u00f3ch zbudowanych przy wsparciu funduszy europejskich nowych dworc\u00f3w autobusowych.<\/h3>\n\n\n<style>p{margin:0 0 1.5rem}p:last-child{margin:0}p.is-style-uppercase{text-transform:uppercase}p.is-style-preheading{color:#12406a;text-transform:uppercase}p.is-style-leadparagraph{font-size:1rem;line-height:1.625;font-weight:700}@media(min-width: 768px){p.is-style-leadparagraph{font-size:1.125rem;line-height:1.5555555556}}p.has-small-margin{margin-bottom:0.625rem}p.has-small-margin+h1,p.has-small-margin+h2,p.has-small-margin+h3{margin-top:1.875rem}\n<\/style>\n<p>Taka informacj\u0119 przekaza\u0142 6 lutego rzecznik tamtejszego magistratu Dawid Wowra. Ruch autobusowy wg nowych zasad zostanie tam uruchomiony ju\u017c w przysz\u0142\u0105 sobot\u0119 &#8211; 10 lutego. Wcze\u015bniej natomiast miasto zaprasza na wydarzenia zwi\u0105zane z prezentacj\u0105 centr\u00f3w dla mieszka\u0144c\u00f3w. W Rokitnicy odb\u0119dzie si\u0119 ono 8 lutego o godz. 16.30, a przy ul. Goethego dzie\u0144 p\u00f3\u017aniej \u2013 9 lutego \u2013 r\u00f3wnie\u017c o godz. 16.30. <\/p>\n\n\n\n<h2 class=\"wp-block-heading\" id=\"h-rokitnica-i-goethego\">Rokitnica i Goethego <\/h2>\n\n\n\n<p>Jak przekaza\u0142 Wowra, w czwartek o godz. 16:30 uroczy\u015bcie otwarty zostanie dworzec w dzielnicy Rokitnica, na skrzy\u017cowaniu ul. Krakowskiej i ul. Ofiar Katynia (wydarzenie dla mieszka\u0144c\u00f3w rozpocznie si\u0119 o godz. 16, po otwarciu na scenie wyst\u0105pi Skolim). Dzie\u0144 p\u00f3\u017aniej o tej samej porze otwarty zostanie dworzec w centrum, przy ul. Goethego 1. Tam z kolei wyst\u0105pi\u0105 Verba i Matt Palmer.<\/p>\n\n\n<style>.wp-block-quote{border-left:0.1875rem solid var(--page-color);font-size:1rem;font-style:italic;margin:0 0 1.6875rem;padding:1.25rem}.wp-block-quote cite{color:#050505}.wp-block-quote.is-style-large p{margin-bottom:10px}.wp-block-quote.is-style-large cite{color:#12406a}\n<\/style>\n<blockquote class=\"wp-block-quote is-layout-flow wp-block-quote-is-layout-flow\">\n<p>&#8222;Zapraszam do udzia\u0142u w wydarzeniach, podczas kt\u00f3rych wsp\u00f3lnie otworzymy nowe centra przesiadkowe przy ul. Goethego i ul. Krakowskiej. Pogoda jest nam niestraszna, bo koncerty odb\u0119d\u0105 si\u0119 pod zadaszeniem obiekt\u00f3w&#8221; &#8211; napisano na facebookowym profilu prezydent Zabrza Ma\u0142gorzaty-Ma\u0144ki Szulik.<\/p>\n<\/blockquote>\n\n\n<style>.wp-block-image{margin:1.25rem 0;text-align:center}.wp-block-image figcaption{padding:0 0.9375rem;text-align:center}\n<\/style>\n<figure class=\"wp-block-image aligncenter size-large\"><a href=\"https:\/\/transinfo.pl\/wp-content\/uploads\/2024\/02\/transport-publiczny-zabrze-1.jpg\"><img decoding=\"async\" src=\"https:\/\/transinfo.pl\/wp-content\/uploads\/2024\/02\/transport-publiczny-zabrze-1-1024x1024.jpg\" alt=\"\u015al\u0105skie\/ Imprezy otwarcia dworc\u00f3w autobusowych 8 i 9 lutego w Zabrzu\" class=\"wp-image-462790\" \/><\/a><figcaption class=\"wp-element-caption\">Ju\u017c wkr\u00f3tce otwarcie dw\u00f3ch zabrza\u0144skich centr\u00f3w przesiadkowych<\/figcaption><\/figure>\n\n\n\n<h2 class=\"wp-block-heading\" id=\"h-realizacja-od-ndi\">Realizacja od NDI <\/h2>\n\n\n\n<p>W poprzednich dniach Zarz\u0105d Transportu Metropolitalnego informowa\u0142 ju\u017c, \u017ce na nowych zbudowanych przez Zabrze dworcach autobusowych, nazywanych przez miasto centrami przesiadkowymi, 10 lutego zaczn\u0105 zatrzymywa\u0107 si\u0119 autobusy prawie 40 linii. ZTM wskazuje, \u017ce oznacza to m.in. liczne zmiany w komunikacji miejskiej w tym mie\u015bcie.<\/p>\n\n\n\n<p>Zabrza\u0144ski samorz\u0105d prowadzi\u0142 przetargi na budow\u0119 &#8211; w ramach unijnego projektu &#8211; dw\u00f3ch dworc\u00f3w autobusowych w miejscu dotychczasowych dworc\u00f3w w 2021 r. w podziale na dwie cz\u0119\u015bci.<\/p>\n\n\n\n<p>Wykonawc\u0119 dworca w centrum, gdzie kubaturowy obiekt z parkingami na dw\u00f3ch pi\u0119trach i otwart\u0105 przestrzeni\u0105 dla o\u015bmiu przystank\u00f3w na poziomie gruntu zast\u0105pi\u0142 plac z wiatami, wy\u0142oniono w pierwszym przetargu.<\/p>\n\n\n\n<p>Wykonawc\u0119 dworca w p\u00f3\u0142nocnej dzielnicy Rokitnica, gdzie w miejsce placu w wiatami powsta\u0142 parterowy obiekt obs\u0142ugi podr\u00f3\u017cnych z pi\u0119cioma przystankami, wybrano w powt\u00f3rzonym post\u0119powaniu. Obie inwestycje realizowa\u0142a firma NDI.<\/p>\n\n\n\n<p>Dworzec przy ul. Goethego ma &#8211; zgodnie z wcze\u015bniejszymi informacjami &#8211; powierzchni\u0119 ok. 10,4 tys. mkw. z peronami komunikacji autobusowej, parkingiem P&amp;R oraz poczekalni\u0105 i punktami us\u0142ugowymi. W Rokitnicy zbudowano perony otwarte, niewielki parking zewn\u0119trzny oraz obiekt o pow. 276 m kw. (poczekalni\u0119 i drobne us\u0142ugi).<\/p>\n\n\n\n<figure class=\"wp-block-image size-large\"><a href=\"https:\/\/transinfo.pl\/wp-content\/uploads\/2024\/02\/transport-publiczny-zabrze-2.jpg\"><img decoding=\"async\" src=\"https:\/\/transinfo.pl\/wp-content\/uploads\/2024\/02\/transport-publiczny-zabrze-2-1024x512.jpg\" alt=\"Ju\u017c wkr\u00f3tce otwarcie dw\u00f3ch zabrza\u0144skich centr\u00f3w przesiadkowych\" class=\"wp-image-462792\" \/><\/a><figcaption class=\"wp-element-caption\">Ju\u017c wkr\u00f3tce otwarcie dw\u00f3ch zabrza\u0144skich centr\u00f3w przesiadkowych<\/figcaption><\/figure>\n\n\n\n<h2 class=\"wp-block-heading\" id=\"h-liniowe-zmiany\">Liniowe zmiany <\/h2>\n\n\n\n<p>W obu miejscach dost\u0119pne maj\u0105 by\u0107 stacje \u0142adowanie pojazd\u00f3w elektrycznych, strefy Kiss&amp;Ride oraz infrastruktura towarzysz\u0105ca (biletomaty, tablice dynamicznej informacji pasa\u017cerskiej i tablice zaj\u0119to\u015bci miejsc na parkingu P&amp;R). Przebudowano fragmenty najbli\u017cszych dr\u00f3g i sieci infrastruktury.<\/p>\n\n\n\n<p>Dworzec autobusowy przy ul. Goethego nie zosta\u0142 po\u0142\u0105czony funkcjonalnie (k\u0142adk\u0105 czy tunelem) z przylegaj\u0105cym do niego peronem zabrza\u0144skiego dworca kolejowego. Pasa\u017cerowie b\u0119d\u0105 nadal pokonywali ponad 200 metr\u00f3w pieszo do istniej\u0105cego budynku dworca kolejowego i dostawali si\u0119 na peron dotychczasowym przej\u015bciem pod torami znajduj\u0105cym si\u0119 w budynku dworca.<\/p>\n\n\n\n<p>Jak wynika z informacji ZTM sprzed kilku dni, na dworcu Zabrze Goethego b\u0119d\u0105 zatrzymywa\u0142y si\u0119 autobusy 33 linii: M16, M24, 6, 7, 7N, 15, 23, 32, 32N, 47, 81, 83, 86, 89, 111, 156, 198, 199, 234, 250, 270, 280, 286, 617, 617N, 647, 659, 706, 709, 720, 840, 840N i 932.<\/p>\n\n\n\n<p>Korzystaj\u0105c z tych po\u0142\u0105cze\u0144 mo\u017cna dojecha\u0107 m.in. do: Biskupic, Grzybowic, Helenki, Ko\u0144czyc, Mikulczyc, Paw\u0142owa i Zaborza w Zabrzu oraz do Bytomia, Chorzowa, Gliwic, Katowic, Knurowa, Piekar \u015al\u0105skich, Rudy \u015al\u0105skiej, \u015awi\u0119toch\u0142owic, czy Tarnowskich G\u00f3r.<\/p>\n\n\n\n<p>Z dworca w Rokitnicy ma korzysta\u0107 11 linii: 15, 20, 57, 81, 83, 92, 111, 132, 158, 169 i 617N. Mo\u017cna nimi dojecha\u0107 m.in. do dzielnic: Helenka, Mikulczyce, Biskupice i Grzybowice w Zabrzu oraz Bytomia, Chorzowa, Gliwic, Pyskowic, Tarnowskich G\u00f3r i Zbros\u0142awic.<\/p>\n\n\n\n<p>Wraz z uruchomieniem dworc\u00f3w wdro\u017cone zostan\u0105 modyfikacje w funkcjonowaniu komunikacji miejskiej w Zabrzu. Najwa\u017cniejsze to: likwidacja tymczasowych przystank\u00f3w Rokitnica P\u0119tla oraz Zabrze Plac Dworcowy, uruchomienie obs\u0142ugi przystank\u00f3w Mikulczyce Moniuszki n\u017c. i Os. Kopernika, przywr\u00f3cenie sta\u0142ych tras linii 32 i 32N oraz kursowania linii 932 w relacji Gliwice CP \u2013 Zabrze Goethego, a tak\u017ce skr\u00f3cenie przejazdu linii 71 do relacji Gliwice CP \u2013 Pyskowice Szpitalna.<\/p>\n\n\n\n<figure class=\"wp-block-image size-large\"><a href=\"https:\/\/transinfo.pl\/wp-content\/uploads\/2024\/02\/transport-publiczny-zabrze-3.jpg\"><img decoding=\"async\" src=\"https:\/\/transinfo.pl\/wp-content\/uploads\/2024\/02\/transport-publiczny-zabrze-3-1024x512.jpg\" alt=\"\" class=\"wp-image-462791\" \/><\/a><figcaption class=\"wp-element-caption\">Ju\u017c wkr\u00f3tce otwarcie dw\u00f3ch zabrza\u0144skich centr\u00f3w przesiadkowych<\/figcaption><\/figure>\n\n\n\n<h2 class=\"wp-block-heading\" id=\"h-z-unijnym-wsparciem\">z unijnym wsparciem <\/h2>\n\n\n\n<p>Miasto oszacowa\u0142o unijny projekt obejmuj\u0105cy oba obiekty na 119,5 mln z\u0142. Dotacja z Regionalnego Programu Operacyjnego Woj. \u015al\u0105skiego na lata 2014-20 to 96,4 mln z\u0142. Oba kontrakty by\u0142y aneksowane &#8211; pod wzgl\u0119dem czasu realizacji i ceny. W listopadzie br. miasto podawa\u0142o, \u017ce cena dworca na Goethego wzros\u0142a z 55 mln z\u0142 do 83 mln z\u0142, a w Rokitnicy &#8211; z 28 mln z\u0142 do 31 mln z\u0142.<\/p>\n\n\n\n<p>Obiekt w centrum by\u0142 formalnie odbierany z ko\u0144cem grudnia ub. roku, a dot\u0105d &#8211; jak przekonywa\u0142o miasto &#8211; usuwano usterki.<\/p>\n","protected":false},"author":2,"featured_media":264534,"comment_status":"","ping_status":"closed","template":"","categories":[23],"tags":[470,1275,137,3103,950],"class_list":["post-264533","infotrans","type-infotrans","status-publish","has-post-thumbnail","hentry","category-infrastruktura","tag-akcja","tag-centrum-przesiadkowe","tag-komunikacja-miejska","tag-transport-publiczny","tag-zabrze"],"acf":[],"yoast_head":"<!-- This site is optimized with the Yoast SEO Premium plugin v21.8 (Yoast SEO v23.7) - https:\/\/yoast.com\/wordpress\/plugins\/seo\/ -->\n<title>Zabrze \u015bwi\u0119tuje otwarcia dworc\u00f3w autobusowych. 8 i 9 lutego - TransInfo Archiwum<\/title>\n<meta name=\"description\" content=\"Zabrza\u0144ski samorz\u0105d przygotowuje imprezy otwarcia dw\u00f3ch zbudowanych przy wsparciu funduszy europejskich nowych dworc\u00f3w autobusowych.\" \/>\n<meta name=\"robots\" content=\"index, follow, max-snippet:-1, max-image-preview:large, max-video-preview:-1\" \/>\n<link rel=\"canonical\" href=\"https:\/\/transinfo.pl\/x\/infotrans\/zabrze-swietuje-otwarcia-dworcow-autobusowych-8-i-9-lutego\/\" \/>\n<meta property=\"og:locale\" content=\"pl_PL\" \/>\n<meta property=\"og:type\" content=\"article\" \/>\n<meta property=\"og:title\" content=\"Zabrze \u015bwi\u0119tuje otwarcia dworc\u00f3w autobusowych. 8 i 9 lutego\" \/>\n<meta property=\"og:description\" content=\"Zabrza\u0144ski samorz\u0105d przygotowuje imprezy otwarcia dw\u00f3ch zbudowanych przy wsparciu funduszy europejskich nowych dworc\u00f3w autobusowych.\" \/>\n<meta property=\"og:url\" content=\"https:\/\/transinfo.pl\/x\/infotrans\/zabrze-swietuje-otwarcia-dworcow-autobusowych-8-i-9-lutego\/\" \/>\n<meta property=\"og:site_name\" content=\"TransInfo Archiwum\" \/>\n<meta property=\"og:image\" content=\"https:\/\/transinfo.pl\/x\/wp-content\/uploads\/2024\/02\/kolaz-zabrze1-scaled.jpg\" \/>\n\t<meta property=\"og:image:width\" content=\"1\" \/>\n\t<meta property=\"og:image:height\" content=\"1\" \/>\n\t<meta property=\"og:image:type\" content=\"image\/jpeg\" \/>\n<meta name=\"twitter:card\" content=\"summary_large_image\" \/>\n<meta name=\"twitter:label1\" content=\"Szacowany czas czytania\" \/>\n\t<meta name=\"twitter:data1\" content=\"4 minuty\" \/>\n<script type=\"application\/ld+json\" class=\"yoast-schema-graph\">{\"@context\":\"https:\/\/schema.org\",\"@graph\":[{\"@type\":\"WebPage\",\"@id\":\"https:\/\/transinfo.pl\/x\/infotrans\/zabrze-swietuje-otwarcia-dworcow-autobusowych-8-i-9-lutego\/\",\"url\":\"https:\/\/transinfo.pl\/x\/infotrans\/zabrze-swietuje-otwarcia-dworcow-autobusowych-8-i-9-lutego\/\",\"name\":\"Zabrze \u015bwi\u0119tuje otwarcia dworc\u00f3w autobusowych. 8 i 9 lutego - TransInfo Archiwum\",\"isPartOf\":{\"@id\":\"https:\/\/transinfo.pl\/x\/#website\"},\"primaryImageOfPage\":{\"@id\":\"https:\/\/transinfo.pl\/x\/infotrans\/zabrze-swietuje-otwarcia-dworcow-autobusowych-8-i-9-lutego\/#primaryimage\"},\"image\":{\"@id\":\"https:\/\/transinfo.pl\/x\/infotrans\/zabrze-swietuje-otwarcia-dworcow-autobusowych-8-i-9-lutego\/#primaryimage\"},\"thumbnailUrl\":\"https:\/\/transinfo.pl\/x\/wp-content\/uploads\/2024\/02\/kolaz-zabrze1-scaled.jpg\",\"datePublished\":\"2024-02-07T14:03:00+00:00\",\"dateModified\":\"2024-02-07T14:03:00+00:00\",\"description\":\"Zabrza\u0144ski samorz\u0105d przygotowuje imprezy otwarcia dw\u00f3ch zbudowanych przy wsparciu funduszy europejskich nowych dworc\u00f3w autobusowych.\",\"breadcrumb\":{\"@id\":\"https:\/\/transinfo.pl\/x\/infotrans\/zabrze-swietuje-otwarcia-dworcow-autobusowych-8-i-9-lutego\/#breadcrumb\"},\"inLanguage\":\"pl-PL\",\"potentialAction\":[{\"@type\":\"ReadAction\",\"target\":[\"https:\/\/transinfo.pl\/x\/infotrans\/zabrze-swietuje-otwarcia-dworcow-autobusowych-8-i-9-lutego\/\"]}]},{\"@type\":\"ImageObject\",\"inLanguage\":\"pl-PL\",\"@id\":\"https:\/\/transinfo.pl\/x\/infotrans\/zabrze-swietuje-otwarcia-dworcow-autobusowych-8-i-9-lutego\/#primaryimage\",\"url\":\"https:\/\/transinfo.pl\/x\/wp-content\/uploads\/2024\/02\/kolaz-zabrze1-scaled.jpg\",\"contentUrl\":\"https:\/\/transinfo.pl\/x\/wp-content\/uploads\/2024\/02\/kolaz-zabrze1-scaled.jpg\"},{\"@type\":\"BreadcrumbList\",\"@id\":\"https:\/\/transinfo.pl\/x\/infotrans\/zabrze-swietuje-otwarcia-dworcow-autobusowych-8-i-9-lutego\/#breadcrumb\",\"itemListElement\":[{\"@type\":\"ListItem\",\"position\":1,\"name\":\"Home\",\"item\":\"https:\/\/transinfo.pl\/x\/\"},{\"@type\":\"ListItem\",\"position\":2,\"name\":\"Infotrans\",\"item\":\"https:\/\/transinfo.pl\/x\/infotrans\/\"},{\"@type\":\"ListItem\",\"position\":3,\"name\":\"Zabrze \u015bwi\u0119tuje otwarcia dworc\u00f3w autobusowych. 8 i 9 lutego\"}]},{\"@type\":\"WebSite\",\"@id\":\"https:\/\/transinfo.pl\/x\/#website\",\"url\":\"https:\/\/transinfo.pl\/x\/\",\"name\":\"TransInfo Archiwum\",\"description\":\"Ca\u0142y transport w jednym miejscu\",\"publisher\":{\"@id\":\"https:\/\/transinfo.pl\/x\/#organization\"},\"potentialAction\":[{\"@type\":\"SearchAction\",\"target\":{\"@type\":\"EntryPoint\",\"urlTemplate\":\"https:\/\/transinfo.pl\/x\/?s={search_term_string}\"},\"query-input\":{\"@type\":\"PropertyValueSpecification\",\"valueRequired\":true,\"valueName\":\"search_term_string\"}}],\"inLanguage\":\"pl-PL\"},{\"@type\":\"Organization\",\"@id\":\"https:\/\/transinfo.pl\/x\/#organization\",\"name\":\"TransInfo\",\"url\":\"https:\/\/transinfo.pl\/x\/\",\"logo\":{\"@type\":\"ImageObject\",\"inLanguage\":\"pl-PL\",\"@id\":\"https:\/\/transinfo.pl\/x\/#\/schema\/logo\/image\/\",\"url\":\"https:\/\/transinfo.pl\/x\/wp-content\/uploads\/2024\/10\/favicon.png\",\"contentUrl\":\"https:\/\/transinfo.pl\/x\/wp-content\/uploads\/2024\/10\/favicon.png\",\"width\":512,\"height\":512,\"caption\":\"TransInfo\"},\"image\":{\"@id\":\"https:\/\/transinfo.pl\/x\/#\/schema\/logo\/image\/\"}}]}<\/script>\n<!-- \/ Yoast SEO Premium plugin. -->","yoast_head_json":{"title":"Zabrze \u015bwi\u0119tuje otwarcia dworc\u00f3w autobusowych. 8 i 9 lutego - TransInfo Archiwum","description":"Zabrza\u0144ski samorz\u0105d przygotowuje imprezy otwarcia dw\u00f3ch zbudowanych przy wsparciu funduszy europejskich nowych dworc\u00f3w autobusowych.","robots":{"index":"index","follow":"follow","max-snippet":"max-snippet:-1","max-image-preview":"max-image-preview:large","max-video-preview":"max-video-preview:-1"},"canonical":"https:\/\/transinfo.pl\/x\/infotrans\/zabrze-swietuje-otwarcia-dworcow-autobusowych-8-i-9-lutego\/","og_locale":"pl_PL","og_type":"article","og_title":"Zabrze \u015bwi\u0119tuje otwarcia dworc\u00f3w autobusowych. 8 i 9 lutego","og_description":"Zabrza\u0144ski samorz\u0105d przygotowuje imprezy otwarcia dw\u00f3ch zbudowanych przy wsparciu funduszy europejskich nowych dworc\u00f3w autobusowych.","og_url":"https:\/\/transinfo.pl\/x\/infotrans\/zabrze-swietuje-otwarcia-dworcow-autobusowych-8-i-9-lutego\/","og_site_name":"TransInfo Archiwum","og_image":[{"url":"https:\/\/transinfo.pl\/x\/wp-content\/uploads\/2024\/02\/kolaz-zabrze1-scaled.jpg","width":1,"height":1,"type":"image\/jpeg"}],"twitter_card":"summary_large_image","twitter_misc":{"Szacowany czas czytania":"4 minuty"},"schema":{"@context":"https:\/\/schema.org","@graph":[{"@type":"WebPage","@id":"https:\/\/transinfo.pl\/x\/infotrans\/zabrze-swietuje-otwarcia-dworcow-autobusowych-8-i-9-lutego\/","url":"https:\/\/transinfo.pl\/x\/infotrans\/zabrze-swietuje-otwarcia-dworcow-autobusowych-8-i-9-lutego\/","name":"Zabrze \u015bwi\u0119tuje otwarcia dworc\u00f3w autobusowych. 8 i 9 lutego - TransInfo Archiwum","isPartOf":{"@id":"https:\/\/transinfo.pl\/x\/#website"},"primaryImageOfPage":{"@id":"https:\/\/transinfo.pl\/x\/infotrans\/zabrze-swietuje-otwarcia-dworcow-autobusowych-8-i-9-lutego\/#primaryimage"},"image":{"@id":"https:\/\/transinfo.pl\/x\/infotrans\/zabrze-swietuje-otwarcia-dworcow-autobusowych-8-i-9-lutego\/#primaryimage"},"thumbnailUrl":"https:\/\/transinfo.pl\/x\/wp-content\/uploads\/2024\/02\/kolaz-zabrze1-scaled.jpg","datePublished":"2024-02-07T14:03:00+00:00","dateModified":"2024-02-07T14:03:00+00:00","description":"Zabrza\u0144ski samorz\u0105d przygotowuje imprezy otwarcia dw\u00f3ch zbudowanych przy wsparciu funduszy europejskich nowych dworc\u00f3w autobusowych.","breadcrumb":{"@id":"https:\/\/transinfo.pl\/x\/infotrans\/zabrze-swietuje-otwarcia-dworcow-autobusowych-8-i-9-lutego\/#breadcrumb"},"inLanguage":"pl-PL","potentialAction":[{"@type":"ReadAction","target":["https:\/\/transinfo.pl\/x\/infotrans\/zabrze-swietuje-otwarcia-dworcow-autobusowych-8-i-9-lutego\/"]}]},{"@type":"ImageObject","inLanguage":"pl-PL","@id":"https:\/\/transinfo.pl\/x\/infotrans\/zabrze-swietuje-otwarcia-dworcow-autobusowych-8-i-9-lutego\/#primaryimage","url":"https:\/\/transinfo.pl\/x\/wp-content\/uploads\/2024\/02\/kolaz-zabrze1-scaled.jpg","contentUrl":"https:\/\/transinfo.pl\/x\/wp-content\/uploads\/2024\/02\/kolaz-zabrze1-scaled.jpg"},{"@type":"BreadcrumbList","@id":"https:\/\/transinfo.pl\/x\/infotrans\/zabrze-swietuje-otwarcia-dworcow-autobusowych-8-i-9-lutego\/#breadcrumb","itemListElement":[{"@type":"ListItem","position":1,"name":"Home","item":"https:\/\/transinfo.pl\/x\/"},{"@type":"ListItem","position":2,"name":"Infotrans","item":"https:\/\/transinfo.pl\/x\/infotrans\/"},{"@type":"ListItem","position":3,"name":"Zabrze \u015bwi\u0119tuje otwarcia dworc\u00f3w autobusowych. 8 i 9 lutego"}]},{"@type":"WebSite","@id":"https:\/\/transinfo.pl\/x\/#website","url":"https:\/\/transinfo.pl\/x\/","name":"TransInfo Archiwum","description":"Ca\u0142y transport w jednym miejscu","publisher":{"@id":"https:\/\/transinfo.pl\/x\/#organization"},"potentialAction":[{"@type":"SearchAction","target":{"@type":"EntryPoint","urlTemplate":"https:\/\/transinfo.pl\/x\/?s={search_term_string}"},"query-input":{"@type":"PropertyValueSpecification","valueRequired":true,"valueName":"search_term_string"}}],"inLanguage":"pl-PL"},{"@type":"Organization","@id":"https:\/\/transinfo.pl\/x\/#organization","name":"TransInfo","url":"https:\/\/transinfo.pl\/x\/","logo":{"@type":"ImageObject","inLanguage":"pl-PL","@id":"https:\/\/transinfo.pl\/x\/#\/schema\/logo\/image\/","url":"https:\/\/transinfo.pl\/x\/wp-content\/uploads\/2024\/10\/favicon.png","contentUrl":"https:\/\/transinfo.pl\/x\/wp-content\/uploads\/2024\/10\/favicon.png","width":512,"height":512,"caption":"TransInfo"},"image":{"@id":"https:\/\/transinfo.pl\/x\/#\/schema\/logo\/image\/"}}]}},"_links":{"self":[{"href":"https:\/\/transinfo.pl\/x\/wp-json\/wp\/v2\/infotrans\/264533","targetHints":{"allow":["GET"]}}],"collection":[{"href":"https:\/\/transinfo.pl\/x\/wp-json\/wp\/v2\/infotrans"}],"about":[{"href":"https:\/\/transinfo.pl\/x\/wp-json\/wp\/v2\/types\/infotrans"}],"author":[{"embeddable":true,"href":"https:\/\/transinfo.pl\/x\/wp-json\/wp\/v2\/users\/2"}],"replies":[{"embeddable":true,"href":"https:\/\/transinfo.pl\/x\/wp-json\/wp\/v2\/comments?post=264533"}],"wp:featuredmedia":[{"embeddable":true,"href":"https:\/\/transinfo.pl\/x\/wp-json\/wp\/v2\/media\/264534"}],"wp:attachment":[{"href":"https:\/\/transinfo.pl\/x\/wp-json\/wp\/v2\/media?parent=264533"}],"wp:term":[{"taxonomy":"category","embeddable":true,"href":"https:\/\/transinfo.pl\/x\/wp-json\/wp\/v2\/categories?post=264533"},{"taxonomy":"post_tag","embeddable":true,"href":"https:\/\/transinfo.pl\/x\/wp-json\/wp\/v2\/tags?post=264533"}],"curies":[{"name":"wp","href":"https:\/\/api.w.org\/{rel}","templated":true}]}}