{"id":256896,"date":"2023-08-28T16:08:00","date_gmt":"2023-08-28T16:08:00","guid":{"rendered":"https:\/\/transinfo.pl\/x\/infotrans\/warszawska-komunikacja-wraca-z-wakacji-2023-m-in-czestsze-kursy-metra\/"},"modified":"2023-08-28T16:08:00","modified_gmt":"2023-08-28T16:08:00","slug":"warszawska-komunikacja-wraca-z-wakacji-2023-m-in-czestsze-kursy-metra","status":"publish","type":"infotrans","link":"https:\/\/transinfo.pl\/x\/infotrans\/warszawska-komunikacja-wraca-z-wakacji-2023-m-in-czestsze-kursy-metra\/","title":{"rendered":"Warszawska komunikacja wraca z Wakacji 2023: M.in. cz\u0119stsze kursy metra"},"content":{"rendered":"<style>p{margin:0 0 1.5rem}p:last-child{margin:0}p.is-style-uppercase{text-transform:uppercase}p.is-style-preheading{color:#12406a;text-transform:uppercase}p.is-style-leadparagraph{font-size:1rem;line-height:1.625;font-weight:700}@media(min-width: 768px){p.is-style-leadparagraph{font-size:1.125rem;line-height:1.5555555556}}p.has-small-margin{margin-bottom:0.625rem}p.has-small-margin+h1,p.has-small-margin+h2,p.has-small-margin+h3{margin-top:1.875rem}\n<\/style>\n<p><strong>Warszawski Transport Publiczny wraz z mieszka\u0144cami stolicy wraca z wakacji. Od 4 wrze\u015bnia sto\u0142eczne tramwaje, metro i wi\u0119kszo\u015b\u0107 linii autobusowych kursowa\u0107 b\u0119dzie z podstawow\u0105 cz\u0119stotliwo\u015bci\u0105. Tramwaje ponownie b\u0119d\u0105 je\u017adzi\u0142y ulic\u0105 Pu\u0142awsk\u0105 przez pl. Unii Lubelskiej. <\/strong><\/p>\n\n\n\n<p>Od poniedzia\u0142ku 4 wrze\u015bnia standardowe rozk\u0142ady jazdy zostan\u0105 przywr\u00f3cone na wi\u0119kszo\u015bci linii. Na sto\u0142eczne ulice wyjedzie o ok. 200 autobus\u00f3w i 100 tramwaj\u00f3w ni\u017c w czasie wakacji. Wszystkie linie tramwajowe wr\u00f3c\u0105 do przedwakacyjnej cz\u0119stotliwo\u015bci kursowania. Poci\u0105gi metra b\u0119d\u0105 podje\u017cd\u017ca\u0142y na stacje cz\u0119\u015bciej&nbsp; &#8211; na linii M1 co 2 minuty i 20 sekund a na linii M2 co 2 minuty i 50 sekund w godzinach szczytu.<\/p>\n\n\n<style>h1,h2,h3,h4,h5,h6{margin:0 0 1.25rem;font-family:Arial,sans-serif;font-weight:600;color:#050505}h1{font-size:1.875rem;line-height:1.1em;text-transform:none}@media(min-width: 768px){h1{font-size:2.375rem}}h2{font-size:1.1875rem;line-height:1.2em;text-transform:uppercase}@media(min-width: 768px){h2{font-size:1.0625rem}}h3{font-size:0.9375rem;line-height:1.4em;font-weight:900;margin-bottom:0.9375rem}h4{font-size:0.875rem;line-height:1.2em;font-weight:500}h5{font-size:0.9375rem;line-height:1.6;font-weight:400}h6{font-size:0.9375rem;line-height:1.6;font-weight:600}\n<\/style>\n<h2 class=\"wp-block-heading\" id=\"h-autobusy\"><strong>Autobusy\u2026<\/strong><strong><\/strong><\/h2>\n\n\n\n<p>Na ulice wr\u00f3c\u0105 autobusy linii 192 (z korekt\u0105 trasy przez ulic\u0119 Lanciego) oraz 332, 339, 340, 356, 379, 809, 815, E-2 (ze zwi\u0119kszon\u0105 cz\u0119stotliwo\u015bci\u0105).<\/p>\n\n\n\n<p>Podstawowe rozk\u0142ady jazdy zostan\u0105 przywr\u00f3cone dla linii 104, 105, 106, 110, 112, 114, 117, 119, 120, 121, 122, 124, 125, 131, 132, 135, 140, 146, 147, 150, 154, 160, 162, 170, 173, 174, 177, 179, 181, 182, 183, 184, 186, 187, 188, 191, 193, 194, 197, 201, 204, 207, 209, 210, 211, 212, 221, 250, 256, 263, 308, 311, 317, 319, 338, 411, 500, 502, 503, 507, 509, 511, 514, 518, 520, 521, 523, 525, 527, 704, 709, 710, 724, 727, 736, 739, 742, 750, 850, 900, E-1, L18, L27, L45, L51, Z-1.<\/p>\n\n\n\n<p>Przywr\u00f3cone zostan\u0105 kursy szkolne linii 121, 142, 150, 152, 164, 226, 502, 522.<\/p>\n\n\n\n<p>Miasto postanowi\u0142o utrzyma\u0107 obecne trasy autobus\u00f3w linii 211, 331, 414 i 517 \u2013 wprowadzone w czerwcu zmiany tras sprawdzi\u0142y si\u0119.<\/p>\n\n\n\n<p>Do ko\u0144ca wakacji akademickich utrzymane zostan\u0105 zmienione trasy i specjalne rozk\u0142ady dla linii 114, 193 \u2013 autobusy wr\u00f3c\u0105 do podstawowych cz\u0119stotliwo\u015bci kursowania od pa\u017adziernika. Przywr\u00f3cone zostanie kursowanie linii 196 na pe\u0142nej trasie, ale na razie tylko w dni powszednie. Autobusy linii 401 b\u0119d\u0105 kursowa\u0142y wed\u0142ug nowego rozk\u0142adu jazdy, ale do pa\u017adziernika na skr\u00f3conej trasie Ursus-Nied\u017awiadek &#8211; Metro S\u0142u\u017cew.<\/p>\n\n\n<style>.wp-block-image{margin:1.25rem 0;text-align:center}.wp-block-image figcaption{padding:0 0.9375rem;text-align:center}\n<\/style>\n<figure class=\"wp-block-image size-large\"><a href=\"https:\/\/transinfo.pl\/wp-content\/uploads\/2023\/08\/tramwaje-wracaja-z-wakacji-m-1.jpg\"><img decoding=\"async\" src=\"https:\/\/transinfo.pl\/wp-content\/uploads\/2023\/08\/tramwaje-wracaja-z-wakacji-m-1-1024x768.jpg\" alt=\"Od 4 wrze\u015bnia sto\u0142eczne tramwaje, metro i wi\u0119kszo\u015b\u0107 linii autobusowych kursowa\u0107 b\u0119dzie z podstawow\u0105 cz\u0119stotliwo\u015bci\u0105. \" class=\"wp-image-442264\" \/><\/a><figcaption class=\"wp-element-caption\">fot. UM Warszawa <\/figcaption><\/figure>\n\n\n\n<p><\/p>\n\n\n\n<h2 class=\"wp-block-heading\" id=\"h-i-tramwaje\"><strong>\u2026 i tramwaje<\/strong><\/h2>\n\n\n\n<p>Wszystkie linie tramwajowe wr\u00f3c\u0105 do cz\u0119stotliwo\u015bci kursowania sprzed wakacji. W zale\u017cno\u015bci od rodzaju linii, tramwaje b\u0119d\u0105 podje\u017cd\u017ca\u0142y na przystanki co 4 minuty w godzinach szczytu (co 6 minut poza szczytem) lub co 8 minut w godzinach szczytu (co 12 minut poza szczytem) i co 15 minut w weekendy.<\/p>\n\n\n\n<p>Trwa budowa linii tramwajowych do Wilanowa oraz wzd\u0142u\u017c ulicy Kasprzaka na Woli a tak\u017ce budowa metra na Bemowie. Od 4 wrze\u015bnia przywr\u00f3cony zostanie ruch tramwaj\u00f3w na ulicy Pu\u0142awskiej oraz na W\u00f3lczy\u0144skiej i do p\u0119tli Annopol.<\/p>\n\n\n\n<p>Przestan\u0105 je\u017adzi\u0107 tramwaje linii 75 i 78, a 4, 10, 18, 31 wr\u00f3c\u0105 na trasy podstawowe:<\/p>\n\n\n<style>.page-content ul:not([class]),.acf-block ul:not([class]),.editor-rich-text ul,ol{padding-left:0.9375rem;margin-top:0;margin-bottom:1.5rem}.page-content ul:not([class]) ul,.page-content ul:not([class]) ol,.acf-block ul:not([class]) ul,.acf-block ul:not([class]) ol,.editor-rich-text ul ul,.editor-rich-text ul ol,ol ul,ol ol{margin:0}.page-content ul:not([class]) li,.acf-block ul:not([class]) li,.editor-rich-text ul li,ol li{margin-bottom:1.5rem}ul.with-icons{list-style:none;margin-left:0;padding-left:0}ul.with-icons li{margin-bottom:1.875rem}ul.with-icons li img{margin-bottom:15px}\n<\/style>\n<ul class=\"wp-block-list\">\n<li>4: ANNOPOL \u2013 \u2026 \u2013 Marsza\u0142kowska \u2013 Pu\u0142awska \u2013 WY\u015aCIGI,<\/li>\n\n\n\n<li>10: PKP WOLA (Wolska) \u2013 \u2026 \u2013 Nowowiejska \u2013 Pu\u0142awska \u2013 WY\u015aCIGI (trasa skr\u00f3cona ze wzgl\u0119du na budow\u0119 trasy tramwajowej wzd\u0142u\u017c ulicy Kasprzaka),<\/li>\n\n\n\n<li>18: \u017bERA\u0143 FSO \u2013 \u2026 \u2013 Marsza\u0142kowska \u2013 Pu\u0142awska \u2013 Woronicza \u2013 \u2026 \u2013 PKP S\u0141U\u017bEWIEC,<\/li>\n\n\n\n<li>31: METRO WIERZBNO \u2013 Woronicza \u2013 Wo\u0142oska \u2013 Marynarska \u2013 PKP S\u0141U\u017bEWIEC.<\/li>\n<\/ul>\n\n\n\n<p>Na Woli tramwaje dalej b\u0119d\u0105 korzysta\u0142y z rozjazd\u00f3w nak\u0142adkowych na ulicy Wolskiej, dlatego zmieniona pozostanie trasa tramwaj\u00f3w linii 26 oraz zawieszone 13 i 27; nadal b\u0119d\u0105 funkcjonowa\u0142y linie 73 i 76 (z korekt\u0105 trasy do M\u0142ocin) oraz zast\u0119pcza autobusowa Z26. Na swoje trasy wr\u00f3c\u0105 tramwaje linii 28 (z korekt\u0105 trasy do p\u0119tli Ko\u0142o) i 33. Tramwaje linii 1, 3 i 4 oraz 25 wr\u00f3c\u0105 na swoje sta\u0142e trasy, tj. b\u0119d\u0105 doje\u017cd\u017ca\u0142y do p\u0119tli Annopol. Do \u017berania Wschodniego b\u0119d\u0105 doje\u017cd\u017ca\u0142y autobusy linii zast\u0119pczej Z-1 oraz 234. W ramach uzupe\u0142nienia istniej\u0105cego uk\u0142adu komunikacyjnego ZTM zdecydowa\u0142 o utrzymaniu obecnej trasy linii 35 mi\u0119dzy Piaskami a p\u0119tl\u0105 przy ulicy Banacha.<\/p>\n\n\n\n<p>N a koniec dodajmy, \u017ce od niedzieli 3 wrze\u015bnia zmieni si\u0119 rozk\u0142ad jazdy poci\u0105g\u00f3w wszystkich przewo\u017anik\u00f3w. Zmiany b\u0119d\u0105 dotyczy\u0142y tak\u017ce poci\u0105g\u00f3w Szybkiej Kolei Miejskiej wszystkich linii oraz Kolei Mazowieckich i Warszawskiej Kolei Dojazdowej.<\/p>\n","protected":false},"author":2,"featured_media":0,"comment_status":"","ping_status":"closed","template":"","categories":[26],"tags":[137,3103,84],"class_list":["post-256896","infotrans","type-infotrans","status-publish","hentry","category-przewoznicy","tag-komunikacja-miejska","tag-transport-publiczny","tag-warszawa"],"acf":[],"yoast_head":"<!-- This site is optimized with the Yoast SEO Premium plugin v21.8 (Yoast SEO v23.7) - https:\/\/yoast.com\/wordpress\/plugins\/seo\/ -->\n<title>Warszawska komunikacja wraca z Wakacji 2023: M.in. cz\u0119stsze kursy metra - TransInfo Archiwum<\/title>\n<meta name=\"description\" content=\"Od 4 wrze\u015bnia sto\u0142eczne tramwaje, metro i wi\u0119kszo\u015b\u0107 linii autobusowych kursowa\u0107 b\u0119dzie z podstawow\u0105 cz\u0119stotliwo\u015bci\u0105.\" \/>\n<meta name=\"robots\" content=\"index, follow, max-snippet:-1, max-image-preview:large, max-video-preview:-1\" \/>\n<link rel=\"canonical\" href=\"https:\/\/transinfo.pl\/x\/infotrans\/warszawska-komunikacja-wraca-z-wakacji-2023-m-in-czestsze-kursy-metra\/\" \/>\n<meta property=\"og:locale\" content=\"pl_PL\" \/>\n<meta property=\"og:type\" content=\"article\" \/>\n<meta property=\"og:title\" content=\"Warszawska komunikacja wraca z Wakacji 2023: M.in. cz\u0119stsze kursy metra\" \/>\n<meta property=\"og:description\" content=\"Od 4 wrze\u015bnia sto\u0142eczne tramwaje, metro i wi\u0119kszo\u015b\u0107 linii autobusowych kursowa\u0107 b\u0119dzie z podstawow\u0105 cz\u0119stotliwo\u015bci\u0105.\" \/>\n<meta property=\"og:url\" content=\"https:\/\/transinfo.pl\/x\/infotrans\/warszawska-komunikacja-wraca-z-wakacji-2023-m-in-czestsze-kursy-metra\/\" \/>\n<meta property=\"og:site_name\" content=\"TransInfo Archiwum\" \/>\n<meta property=\"og:image\" content=\"http:\/\/default\" \/>\n<meta name=\"twitter:card\" content=\"summary_large_image\" \/>\n<meta name=\"twitter:label1\" content=\"Szacowany czas czytania\" \/>\n\t<meta name=\"twitter:data1\" content=\"3 minuty\" \/>\n<script type=\"application\/ld+json\" class=\"yoast-schema-graph\">{\"@context\":\"https:\/\/schema.org\",\"@graph\":[{\"@type\":\"WebPage\",\"@id\":\"https:\/\/transinfo.pl\/x\/infotrans\/warszawska-komunikacja-wraca-z-wakacji-2023-m-in-czestsze-kursy-metra\/\",\"url\":\"https:\/\/transinfo.pl\/x\/infotrans\/warszawska-komunikacja-wraca-z-wakacji-2023-m-in-czestsze-kursy-metra\/\",\"name\":\"Warszawska komunikacja wraca z Wakacji 2023: M.in. cz\u0119stsze kursy metra - TransInfo Archiwum\",\"isPartOf\":{\"@id\":\"https:\/\/transinfo.pl\/x\/#website\"},\"primaryImageOfPage\":{\"@id\":\"https:\/\/transinfo.pl\/x\/infotrans\/warszawska-komunikacja-wraca-z-wakacji-2023-m-in-czestsze-kursy-metra\/#primaryimage\"},\"image\":{\"@id\":\"https:\/\/transinfo.pl\/x\/infotrans\/warszawska-komunikacja-wraca-z-wakacji-2023-m-in-czestsze-kursy-metra\/#primaryimage\"},\"thumbnailUrl\":\"https:\/\/transinfo.pl\/wp-content\/uploads\/2023\/08\/tramwaje-wracaja-z-wakacji-m-1-1024x768.jpg\",\"datePublished\":\"2023-08-28T16:08:00+00:00\",\"dateModified\":\"2023-08-28T16:08:00+00:00\",\"description\":\"Od 4 wrze\u015bnia sto\u0142eczne tramwaje, metro i wi\u0119kszo\u015b\u0107 linii autobusowych kursowa\u0107 b\u0119dzie z podstawow\u0105 cz\u0119stotliwo\u015bci\u0105.\",\"breadcrumb\":{\"@id\":\"https:\/\/transinfo.pl\/x\/infotrans\/warszawska-komunikacja-wraca-z-wakacji-2023-m-in-czestsze-kursy-metra\/#breadcrumb\"},\"inLanguage\":\"pl-PL\",\"potentialAction\":[{\"@type\":\"ReadAction\",\"target\":[\"https:\/\/transinfo.pl\/x\/infotrans\/warszawska-komunikacja-wraca-z-wakacji-2023-m-in-czestsze-kursy-metra\/\"]}]},{\"@type\":\"ImageObject\",\"inLanguage\":\"pl-PL\",\"@id\":\"https:\/\/transinfo.pl\/x\/infotrans\/warszawska-komunikacja-wraca-z-wakacji-2023-m-in-czestsze-kursy-metra\/#primaryimage\",\"url\":\"https:\/\/transinfo.pl\/wp-content\/uploads\/2023\/08\/tramwaje-wracaja-z-wakacji-m-1-1024x768.jpg\",\"contentUrl\":\"https:\/\/transinfo.pl\/wp-content\/uploads\/2023\/08\/tramwaje-wracaja-z-wakacji-m-1-1024x768.jpg\"},{\"@type\":\"BreadcrumbList\",\"@id\":\"https:\/\/transinfo.pl\/x\/infotrans\/warszawska-komunikacja-wraca-z-wakacji-2023-m-in-czestsze-kursy-metra\/#breadcrumb\",\"itemListElement\":[{\"@type\":\"ListItem\",\"position\":1,\"name\":\"Home\",\"item\":\"https:\/\/transinfo.pl\/x\/\"},{\"@type\":\"ListItem\",\"position\":2,\"name\":\"Infotrans\",\"item\":\"https:\/\/transinfo.pl\/x\/infotrans\/\"},{\"@type\":\"ListItem\",\"position\":3,\"name\":\"Warszawska komunikacja wraca z Wakacji 2023: M.in. cz\u0119stsze kursy metra\"}]},{\"@type\":\"WebSite\",\"@id\":\"https:\/\/transinfo.pl\/x\/#website\",\"url\":\"https:\/\/transinfo.pl\/x\/\",\"name\":\"TransInfo Archiwum\",\"description\":\"Ca\u0142y transport w jednym miejscu\",\"publisher\":{\"@id\":\"https:\/\/transinfo.pl\/x\/#organization\"},\"potentialAction\":[{\"@type\":\"SearchAction\",\"target\":{\"@type\":\"EntryPoint\",\"urlTemplate\":\"https:\/\/transinfo.pl\/x\/?s={search_term_string}\"},\"query-input\":{\"@type\":\"PropertyValueSpecification\",\"valueRequired\":true,\"valueName\":\"search_term_string\"}}],\"inLanguage\":\"pl-PL\"},{\"@type\":\"Organization\",\"@id\":\"https:\/\/transinfo.pl\/x\/#organization\",\"name\":\"TransInfo\",\"url\":\"https:\/\/transinfo.pl\/x\/\",\"logo\":{\"@type\":\"ImageObject\",\"inLanguage\":\"pl-PL\",\"@id\":\"https:\/\/transinfo.pl\/x\/#\/schema\/logo\/image\/\",\"url\":\"https:\/\/transinfo.pl\/x\/wp-content\/uploads\/2024\/10\/favicon.png\",\"contentUrl\":\"https:\/\/transinfo.pl\/x\/wp-content\/uploads\/2024\/10\/favicon.png\",\"width\":512,\"height\":512,\"caption\":\"TransInfo\"},\"image\":{\"@id\":\"https:\/\/transinfo.pl\/x\/#\/schema\/logo\/image\/\"}}]}<\/script>\n<!-- \/ Yoast SEO Premium plugin. -->","yoast_head_json":{"title":"Warszawska komunikacja wraca z Wakacji 2023: M.in. cz\u0119stsze kursy metra - TransInfo Archiwum","description":"Od 4 wrze\u015bnia sto\u0142eczne tramwaje, metro i wi\u0119kszo\u015b\u0107 linii autobusowych kursowa\u0107 b\u0119dzie z podstawow\u0105 cz\u0119stotliwo\u015bci\u0105.","robots":{"index":"index","follow":"follow","max-snippet":"max-snippet:-1","max-image-preview":"max-image-preview:large","max-video-preview":"max-video-preview:-1"},"canonical":"https:\/\/transinfo.pl\/x\/infotrans\/warszawska-komunikacja-wraca-z-wakacji-2023-m-in-czestsze-kursy-metra\/","og_locale":"pl_PL","og_type":"article","og_title":"Warszawska komunikacja wraca z Wakacji 2023: M.in. cz\u0119stsze kursy metra","og_description":"Od 4 wrze\u015bnia sto\u0142eczne tramwaje, metro i wi\u0119kszo\u015b\u0107 linii autobusowych kursowa\u0107 b\u0119dzie z podstawow\u0105 cz\u0119stotliwo\u015bci\u0105.","og_url":"https:\/\/transinfo.pl\/x\/infotrans\/warszawska-komunikacja-wraca-z-wakacji-2023-m-in-czestsze-kursy-metra\/","og_site_name":"TransInfo Archiwum","og_image":[{"url":"default"}],"twitter_card":"summary_large_image","twitter_misc":{"Szacowany czas czytania":"3 minuty"},"schema":{"@context":"https:\/\/schema.org","@graph":[{"@type":"WebPage","@id":"https:\/\/transinfo.pl\/x\/infotrans\/warszawska-komunikacja-wraca-z-wakacji-2023-m-in-czestsze-kursy-metra\/","url":"https:\/\/transinfo.pl\/x\/infotrans\/warszawska-komunikacja-wraca-z-wakacji-2023-m-in-czestsze-kursy-metra\/","name":"Warszawska komunikacja wraca z Wakacji 2023: M.in. cz\u0119stsze kursy metra - TransInfo Archiwum","isPartOf":{"@id":"https:\/\/transinfo.pl\/x\/#website"},"primaryImageOfPage":{"@id":"https:\/\/transinfo.pl\/x\/infotrans\/warszawska-komunikacja-wraca-z-wakacji-2023-m-in-czestsze-kursy-metra\/#primaryimage"},"image":{"@id":"https:\/\/transinfo.pl\/x\/infotrans\/warszawska-komunikacja-wraca-z-wakacji-2023-m-in-czestsze-kursy-metra\/#primaryimage"},"thumbnailUrl":"https:\/\/transinfo.pl\/wp-content\/uploads\/2023\/08\/tramwaje-wracaja-z-wakacji-m-1-1024x768.jpg","datePublished":"2023-08-28T16:08:00+00:00","dateModified":"2023-08-28T16:08:00+00:00","description":"Od 4 wrze\u015bnia sto\u0142eczne tramwaje, metro i wi\u0119kszo\u015b\u0107 linii autobusowych kursowa\u0107 b\u0119dzie z podstawow\u0105 cz\u0119stotliwo\u015bci\u0105.","breadcrumb":{"@id":"https:\/\/transinfo.pl\/x\/infotrans\/warszawska-komunikacja-wraca-z-wakacji-2023-m-in-czestsze-kursy-metra\/#breadcrumb"},"inLanguage":"pl-PL","potentialAction":[{"@type":"ReadAction","target":["https:\/\/transinfo.pl\/x\/infotrans\/warszawska-komunikacja-wraca-z-wakacji-2023-m-in-czestsze-kursy-metra\/"]}]},{"@type":"ImageObject","inLanguage":"pl-PL","@id":"https:\/\/transinfo.pl\/x\/infotrans\/warszawska-komunikacja-wraca-z-wakacji-2023-m-in-czestsze-kursy-metra\/#primaryimage","url":"https:\/\/transinfo.pl\/wp-content\/uploads\/2023\/08\/tramwaje-wracaja-z-wakacji-m-1-1024x768.jpg","contentUrl":"https:\/\/transinfo.pl\/wp-content\/uploads\/2023\/08\/tramwaje-wracaja-z-wakacji-m-1-1024x768.jpg"},{"@type":"BreadcrumbList","@id":"https:\/\/transinfo.pl\/x\/infotrans\/warszawska-komunikacja-wraca-z-wakacji-2023-m-in-czestsze-kursy-metra\/#breadcrumb","itemListElement":[{"@type":"ListItem","position":1,"name":"Home","item":"https:\/\/transinfo.pl\/x\/"},{"@type":"ListItem","position":2,"name":"Infotrans","item":"https:\/\/transinfo.pl\/x\/infotrans\/"},{"@type":"ListItem","position":3,"name":"Warszawska komunikacja wraca z Wakacji 2023: M.in. cz\u0119stsze kursy metra"}]},{"@type":"WebSite","@id":"https:\/\/transinfo.pl\/x\/#website","url":"https:\/\/transinfo.pl\/x\/","name":"TransInfo Archiwum","description":"Ca\u0142y transport w jednym miejscu","publisher":{"@id":"https:\/\/transinfo.pl\/x\/#organization"},"potentialAction":[{"@type":"SearchAction","target":{"@type":"EntryPoint","urlTemplate":"https:\/\/transinfo.pl\/x\/?s={search_term_string}"},"query-input":{"@type":"PropertyValueSpecification","valueRequired":true,"valueName":"search_term_string"}}],"inLanguage":"pl-PL"},{"@type":"Organization","@id":"https:\/\/transinfo.pl\/x\/#organization","name":"TransInfo","url":"https:\/\/transinfo.pl\/x\/","logo":{"@type":"ImageObject","inLanguage":"pl-PL","@id":"https:\/\/transinfo.pl\/x\/#\/schema\/logo\/image\/","url":"https:\/\/transinfo.pl\/x\/wp-content\/uploads\/2024\/10\/favicon.png","contentUrl":"https:\/\/transinfo.pl\/x\/wp-content\/uploads\/2024\/10\/favicon.png","width":512,"height":512,"caption":"TransInfo"},"image":{"@id":"https:\/\/transinfo.pl\/x\/#\/schema\/logo\/image\/"}}]}},"_links":{"self":[{"href":"https:\/\/transinfo.pl\/x\/wp-json\/wp\/v2\/infotrans\/256896","targetHints":{"allow":["GET"]}}],"collection":[{"href":"https:\/\/transinfo.pl\/x\/wp-json\/wp\/v2\/infotrans"}],"about":[{"href":"https:\/\/transinfo.pl\/x\/wp-json\/wp\/v2\/types\/infotrans"}],"author":[{"embeddable":true,"href":"https:\/\/transinfo.pl\/x\/wp-json\/wp\/v2\/users\/2"}],"replies":[{"embeddable":true,"href":"https:\/\/transinfo.pl\/x\/wp-json\/wp\/v2\/comments?post=256896"}],"wp:attachment":[{"href":"https:\/\/transinfo.pl\/x\/wp-json\/wp\/v2\/media?parent=256896"}],"wp:term":[{"taxonomy":"category","embeddable":true,"href":"https:\/\/transinfo.pl\/x\/wp-json\/wp\/v2\/categories?post=256896"},{"taxonomy":"post_tag","embeddable":true,"href":"https:\/\/transinfo.pl\/x\/wp-json\/wp\/v2\/tags?post=256896"}],"curies":[{"name":"wp","href":"https:\/\/api.w.org\/{rel}","templated":true}]}}