{"id":256020,"date":"2023-08-03T10:20:28","date_gmt":"2023-08-03T10:20:28","guid":{"rendered":"https:\/\/transinfo.pl\/x\/infotrans\/ztp-krakow-z-oferta-na-weekend-zaparkuj-na-pr-maly-plaszow-i-jedz-na-bagry\/"},"modified":"2023-08-03T10:20:28","modified_gmt":"2023-08-03T10:20:28","slug":"ztp-krakow-z-oferta-na-weekend-zaparkuj-na-pr-maly-plaszow-i-jedz-na-bagry","status":"publish","type":"infotrans","link":"https:\/\/transinfo.pl\/x\/infotrans\/ztp-krakow-z-oferta-na-weekend-zaparkuj-na-pr-maly-plaszow-i-jedz-na-bagry\/","title":{"rendered":"ZTP Krak\u00f3w z ofert\u0105 na weekend: Zaparkuj na P&#038;R Ma\u0142y P\u0142asz\u00f3w i jed\u017a na Bagry!"},"content":{"rendered":"<style>h1,h2,h3,h4,h5,h6{margin:0 0 1.25rem;font-family:Arial,sans-serif;font-weight:600;color:#050505}h1{font-size:1.875rem;line-height:1.1em;text-transform:none}@media(min-width: 768px){h1{font-size:2.375rem}}h2{font-size:1.1875rem;line-height:1.2em;text-transform:uppercase}@media(min-width: 768px){h2{font-size:1.0625rem}}h3{font-size:0.9375rem;line-height:1.4em;font-weight:900;margin-bottom:0.9375rem}h4{font-size:0.875rem;line-height:1.2em;font-weight:500}h5{font-size:0.9375rem;line-height:1.6;font-weight:400}h6{font-size:0.9375rem;line-height:1.6;font-weight:600}\n<\/style>\n<h3 class=\"wp-block-heading\" id=\"h-zarzad-transportu-publicznego-w-krakowie-przygotowal-dla-mieszkancow-i-turystow-sezonowa-oferte-z-ktorej-mozna-skorzystac-w-nadchodzacy-weekend\">Zarz\u0105d Transportu Publicznego w Krakowie przygotowa\u0142 dla mieszka\u0144c\u00f3w i turyst\u00f3w sezonow\u0105 ofert\u0119, z kt\u00f3rej mo\u017cna skorzysta\u0107 w nadchodz\u0105cy weekend.<\/h3>\n\n\n<style>p{margin:0 0 1.5rem}p:last-child{margin:0}p.is-style-uppercase{text-transform:uppercase}p.is-style-preheading{color:#12406a;text-transform:uppercase}p.is-style-leadparagraph{font-size:1rem;line-height:1.625;font-weight:700}@media(min-width: 768px){p.is-style-leadparagraph{font-size:1.125rem;line-height:1.5555555556}}p.has-small-margin{margin-bottom:0.625rem}p.has-small-margin+h1,p.has-small-margin+h2,p.has-small-margin+h3{margin-top:1.875rem}\n<\/style>\n<p>Plan jest prosty &#8211; skorzystaj z parkingu P &amp; R \u201eMa\u0142y P\u0142asz\u00f3w\u201d i przyjed\u017a na Bagry specjalnym autobusem. Bilet za 5 z\u0142, w dwie strony, dla ca\u0142ej rodziny.<\/p>\n\n\n\n<h2 class=\"wp-block-heading\" id=\"h-zmiana-organizacji\">Zmiana organizacji<\/h2>\n\n\n\n<p>Przypominamy, \u017ce od pocz\u0105tku maja na ul. Grochowej \u2013 prowadz\u0105cej bezpo\u015brednio do Bagr\u00f3w \u2013 obowi\u0105zuje nowa organizacja ruchu. W trosce o bezpiecze\u0144stwo mieszka\u0144c\u00f3w wprowadzono tam zakaz zatrzymywania si\u0119 po obu stronach jezdni. Samochody kierowc\u00f3w \u0142ami\u0105cych zakaz parkowania s\u0105 odholowywane.<\/p>\n\n\n\n<p>W poprzednich latach droga ta by\u0142a nagminnie blokowana przez kierowc\u00f3w parkuj\u0105cych niezgodnie z przepisami. Przez ul. Grochow\u0105 nie mog\u0142y te\u017c przejecha\u0107 autobusy MPK, a ponadto jest to te\u017c korytarz ratunkowy dla s\u0142u\u017cb.<\/p>\n\n\n\n<p>Na Bagry najpro\u015bciej dojecha\u0107 komunikacj\u0105 miejsk\u0105. Sw\u00f3j samoch\u00f3d najlepiej zaparkowa\u0107 na parkingu P&amp;R \u201eMa\u0142y P\u0142asz\u00f3w\u201d. Z tego miejsca w s\u0142oneczne weekendy kursuje specjalna linia autobusowa nr 497. Bilet kosztuje 5 z\u0142 w dwie strony, dost\u0119pny jest dla ca\u0142ej rodziny.<\/p>\n\n\n\n<p>Rozk\u0142ad linii nr 497 dost\u0119pny jest na stronie <a href=\"https:\/\/ztp.krakow.pl\/transport-publiczny\/komunikacja-miejska\/rozklady-jazdy-kmk\" target=\"_blank\" rel=\"noreferrer noopener\"><strong>ztp.krakow.pl<\/strong><\/a>.<\/p>\n\n\n<style>.wp-block-image{margin:1.25rem 0;text-align:center}.wp-block-image figcaption{padding:0 0.9375rem;text-align:center}\n<\/style>\n<figure class=\"wp-block-image aligncenter size-large\"><a href=\"https:\/\/transinfo.pl\/wp-content\/uploads\/2023\/08\/363378960_606855994893683_6973299927833812697_n.jpg\"><img decoding=\"async\" src=\"https:\/\/transinfo.pl\/wp-content\/uploads\/2023\/08\/363378960_606855994893683_6973299927833812697_n-493x1024.jpg\" alt=\"\" class=\"wp-image-439344\" \/><\/a><\/figure>\n","protected":false},"author":2,"featured_media":0,"comment_status":"","ping_status":"closed","template":"","categories":[26],"tags":[137,58,4544,35,3103,1073],"class_list":["post-256020","infotrans","type-infotrans","status-publish","hentry","category-przewoznicy","tag-komunikacja-miejska","tag-krakow","tag-linia-sezonowa","tag-linie","tag-transport-publiczny","tag-ztp-krakow"],"acf":[],"yoast_head":"<!-- This site is optimized with the Yoast SEO Premium plugin v21.8 (Yoast SEO v23.7) - https:\/\/yoast.com\/wordpress\/plugins\/seo\/ -->\n<title>ZTP Krak\u00f3w z ofert\u0105 na weekend: Zaparkuj na P&amp;R Ma\u0142y P\u0142asz\u00f3w i jed\u017a na Bagry! - TransInfo Archiwum<\/title>\n<meta name=\"description\" content=\"Zarz\u0105d Transportu Publicznego w Krakowie przygotowa\u0142 dla mieszka\u0144c\u00f3w i turyst\u00f3w sezonow\u0105 ofert\u0119, z kt\u00f3rej mo\u017cna skorzysta\u0107 w nadchodz\u0105cy weekend.\" \/>\n<meta name=\"robots\" content=\"index, follow, max-snippet:-1, max-image-preview:large, max-video-preview:-1\" \/>\n<link rel=\"canonical\" href=\"https:\/\/transinfo.pl\/x\/infotrans\/ztp-krakow-z-oferta-na-weekend-zaparkuj-na-pr-maly-plaszow-i-jedz-na-bagry\/\" \/>\n<meta property=\"og:locale\" content=\"pl_PL\" \/>\n<meta property=\"og:type\" content=\"article\" \/>\n<meta property=\"og:title\" content=\"ZTP Krak\u00f3w z ofert\u0105 na weekend: Zaparkuj na P&amp;R Ma\u0142y P\u0142asz\u00f3w i jed\u017a na Bagry!\" \/>\n<meta property=\"og:description\" content=\"Zarz\u0105d Transportu Publicznego w Krakowie przygotowa\u0142 dla mieszka\u0144c\u00f3w i turyst\u00f3w sezonow\u0105 ofert\u0119, z kt\u00f3rej mo\u017cna skorzysta\u0107 w nadchodz\u0105cy weekend.\" \/>\n<meta property=\"og:url\" content=\"https:\/\/transinfo.pl\/x\/infotrans\/ztp-krakow-z-oferta-na-weekend-zaparkuj-na-pr-maly-plaszow-i-jedz-na-bagry\/\" \/>\n<meta property=\"og:site_name\" content=\"TransInfo Archiwum\" \/>\n<meta property=\"og:image\" content=\"http:\/\/default\" \/>\n<meta name=\"twitter:card\" content=\"summary_large_image\" \/>\n<meta name=\"twitter:label1\" content=\"Szacowany czas czytania\" \/>\n\t<meta name=\"twitter:data1\" content=\"1 minuta\" \/>\n<script type=\"application\/ld+json\" class=\"yoast-schema-graph\">{\"@context\":\"https:\/\/schema.org\",\"@graph\":[{\"@type\":\"WebPage\",\"@id\":\"https:\/\/transinfo.pl\/x\/infotrans\/ztp-krakow-z-oferta-na-weekend-zaparkuj-na-pr-maly-plaszow-i-jedz-na-bagry\/\",\"url\":\"https:\/\/transinfo.pl\/x\/infotrans\/ztp-krakow-z-oferta-na-weekend-zaparkuj-na-pr-maly-plaszow-i-jedz-na-bagry\/\",\"name\":\"ZTP Krak\u00f3w z ofert\u0105 na weekend: Zaparkuj na P&R Ma\u0142y P\u0142asz\u00f3w i jed\u017a na Bagry! - TransInfo Archiwum\",\"isPartOf\":{\"@id\":\"https:\/\/transinfo.pl\/x\/#website\"},\"primaryImageOfPage\":{\"@id\":\"https:\/\/transinfo.pl\/x\/infotrans\/ztp-krakow-z-oferta-na-weekend-zaparkuj-na-pr-maly-plaszow-i-jedz-na-bagry\/#primaryimage\"},\"image\":{\"@id\":\"https:\/\/transinfo.pl\/x\/infotrans\/ztp-krakow-z-oferta-na-weekend-zaparkuj-na-pr-maly-plaszow-i-jedz-na-bagry\/#primaryimage\"},\"thumbnailUrl\":\"https:\/\/transinfo.pl\/wp-content\/uploads\/2023\/08\/363378960_606855994893683_6973299927833812697_n-493x1024.jpg\",\"datePublished\":\"2023-08-03T10:20:28+00:00\",\"dateModified\":\"2023-08-03T10:20:28+00:00\",\"description\":\"Zarz\u0105d Transportu Publicznego w Krakowie przygotowa\u0142 dla mieszka\u0144c\u00f3w i turyst\u00f3w sezonow\u0105 ofert\u0119, z kt\u00f3rej mo\u017cna skorzysta\u0107 w nadchodz\u0105cy weekend.\",\"breadcrumb\":{\"@id\":\"https:\/\/transinfo.pl\/x\/infotrans\/ztp-krakow-z-oferta-na-weekend-zaparkuj-na-pr-maly-plaszow-i-jedz-na-bagry\/#breadcrumb\"},\"inLanguage\":\"pl-PL\",\"potentialAction\":[{\"@type\":\"ReadAction\",\"target\":[\"https:\/\/transinfo.pl\/x\/infotrans\/ztp-krakow-z-oferta-na-weekend-zaparkuj-na-pr-maly-plaszow-i-jedz-na-bagry\/\"]}]},{\"@type\":\"ImageObject\",\"inLanguage\":\"pl-PL\",\"@id\":\"https:\/\/transinfo.pl\/x\/infotrans\/ztp-krakow-z-oferta-na-weekend-zaparkuj-na-pr-maly-plaszow-i-jedz-na-bagry\/#primaryimage\",\"url\":\"https:\/\/transinfo.pl\/wp-content\/uploads\/2023\/08\/363378960_606855994893683_6973299927833812697_n-493x1024.jpg\",\"contentUrl\":\"https:\/\/transinfo.pl\/wp-content\/uploads\/2023\/08\/363378960_606855994893683_6973299927833812697_n-493x1024.jpg\"},{\"@type\":\"BreadcrumbList\",\"@id\":\"https:\/\/transinfo.pl\/x\/infotrans\/ztp-krakow-z-oferta-na-weekend-zaparkuj-na-pr-maly-plaszow-i-jedz-na-bagry\/#breadcrumb\",\"itemListElement\":[{\"@type\":\"ListItem\",\"position\":1,\"name\":\"Home\",\"item\":\"https:\/\/transinfo.pl\/x\/\"},{\"@type\":\"ListItem\",\"position\":2,\"name\":\"Infotrans\",\"item\":\"https:\/\/transinfo.pl\/x\/infotrans\/\"},{\"@type\":\"ListItem\",\"position\":3,\"name\":\"ZTP Krak\u00f3w z ofert\u0105 na weekend: Zaparkuj na P&#038;R Ma\u0142y P\u0142asz\u00f3w i jed\u017a na Bagry!\"}]},{\"@type\":\"WebSite\",\"@id\":\"https:\/\/transinfo.pl\/x\/#website\",\"url\":\"https:\/\/transinfo.pl\/x\/\",\"name\":\"TransInfo Archiwum\",\"description\":\"Ca\u0142y transport w jednym miejscu\",\"publisher\":{\"@id\":\"https:\/\/transinfo.pl\/x\/#organization\"},\"potentialAction\":[{\"@type\":\"SearchAction\",\"target\":{\"@type\":\"EntryPoint\",\"urlTemplate\":\"https:\/\/transinfo.pl\/x\/?s={search_term_string}\"},\"query-input\":{\"@type\":\"PropertyValueSpecification\",\"valueRequired\":true,\"valueName\":\"search_term_string\"}}],\"inLanguage\":\"pl-PL\"},{\"@type\":\"Organization\",\"@id\":\"https:\/\/transinfo.pl\/x\/#organization\",\"name\":\"TransInfo\",\"url\":\"https:\/\/transinfo.pl\/x\/\",\"logo\":{\"@type\":\"ImageObject\",\"inLanguage\":\"pl-PL\",\"@id\":\"https:\/\/transinfo.pl\/x\/#\/schema\/logo\/image\/\",\"url\":\"https:\/\/transinfo.pl\/x\/wp-content\/uploads\/2024\/10\/favicon.png\",\"contentUrl\":\"https:\/\/transinfo.pl\/x\/wp-content\/uploads\/2024\/10\/favicon.png\",\"width\":512,\"height\":512,\"caption\":\"TransInfo\"},\"image\":{\"@id\":\"https:\/\/transinfo.pl\/x\/#\/schema\/logo\/image\/\"}}]}<\/script>\n<!-- \/ Yoast SEO Premium plugin. -->","yoast_head_json":{"title":"ZTP Krak\u00f3w z ofert\u0105 na weekend: Zaparkuj na P&R Ma\u0142y P\u0142asz\u00f3w i jed\u017a na Bagry! - TransInfo Archiwum","description":"Zarz\u0105d Transportu Publicznego w Krakowie przygotowa\u0142 dla mieszka\u0144c\u00f3w i turyst\u00f3w sezonow\u0105 ofert\u0119, z kt\u00f3rej mo\u017cna skorzysta\u0107 w nadchodz\u0105cy weekend.","robots":{"index":"index","follow":"follow","max-snippet":"max-snippet:-1","max-image-preview":"max-image-preview:large","max-video-preview":"max-video-preview:-1"},"canonical":"https:\/\/transinfo.pl\/x\/infotrans\/ztp-krakow-z-oferta-na-weekend-zaparkuj-na-pr-maly-plaszow-i-jedz-na-bagry\/","og_locale":"pl_PL","og_type":"article","og_title":"ZTP Krak\u00f3w z ofert\u0105 na weekend: Zaparkuj na P&R Ma\u0142y P\u0142asz\u00f3w i jed\u017a na Bagry!","og_description":"Zarz\u0105d Transportu Publicznego w Krakowie przygotowa\u0142 dla mieszka\u0144c\u00f3w i turyst\u00f3w sezonow\u0105 ofert\u0119, z kt\u00f3rej mo\u017cna skorzysta\u0107 w nadchodz\u0105cy weekend.","og_url":"https:\/\/transinfo.pl\/x\/infotrans\/ztp-krakow-z-oferta-na-weekend-zaparkuj-na-pr-maly-plaszow-i-jedz-na-bagry\/","og_site_name":"TransInfo Archiwum","og_image":[{"url":"default"}],"twitter_card":"summary_large_image","twitter_misc":{"Szacowany czas czytania":"1 minuta"},"schema":{"@context":"https:\/\/schema.org","@graph":[{"@type":"WebPage","@id":"https:\/\/transinfo.pl\/x\/infotrans\/ztp-krakow-z-oferta-na-weekend-zaparkuj-na-pr-maly-plaszow-i-jedz-na-bagry\/","url":"https:\/\/transinfo.pl\/x\/infotrans\/ztp-krakow-z-oferta-na-weekend-zaparkuj-na-pr-maly-plaszow-i-jedz-na-bagry\/","name":"ZTP Krak\u00f3w z ofert\u0105 na weekend: Zaparkuj na P&R Ma\u0142y P\u0142asz\u00f3w i jed\u017a na Bagry! - TransInfo Archiwum","isPartOf":{"@id":"https:\/\/transinfo.pl\/x\/#website"},"primaryImageOfPage":{"@id":"https:\/\/transinfo.pl\/x\/infotrans\/ztp-krakow-z-oferta-na-weekend-zaparkuj-na-pr-maly-plaszow-i-jedz-na-bagry\/#primaryimage"},"image":{"@id":"https:\/\/transinfo.pl\/x\/infotrans\/ztp-krakow-z-oferta-na-weekend-zaparkuj-na-pr-maly-plaszow-i-jedz-na-bagry\/#primaryimage"},"thumbnailUrl":"https:\/\/transinfo.pl\/wp-content\/uploads\/2023\/08\/363378960_606855994893683_6973299927833812697_n-493x1024.jpg","datePublished":"2023-08-03T10:20:28+00:00","dateModified":"2023-08-03T10:20:28+00:00","description":"Zarz\u0105d Transportu Publicznego w Krakowie przygotowa\u0142 dla mieszka\u0144c\u00f3w i turyst\u00f3w sezonow\u0105 ofert\u0119, z kt\u00f3rej mo\u017cna skorzysta\u0107 w nadchodz\u0105cy weekend.","breadcrumb":{"@id":"https:\/\/transinfo.pl\/x\/infotrans\/ztp-krakow-z-oferta-na-weekend-zaparkuj-na-pr-maly-plaszow-i-jedz-na-bagry\/#breadcrumb"},"inLanguage":"pl-PL","potentialAction":[{"@type":"ReadAction","target":["https:\/\/transinfo.pl\/x\/infotrans\/ztp-krakow-z-oferta-na-weekend-zaparkuj-na-pr-maly-plaszow-i-jedz-na-bagry\/"]}]},{"@type":"ImageObject","inLanguage":"pl-PL","@id":"https:\/\/transinfo.pl\/x\/infotrans\/ztp-krakow-z-oferta-na-weekend-zaparkuj-na-pr-maly-plaszow-i-jedz-na-bagry\/#primaryimage","url":"https:\/\/transinfo.pl\/wp-content\/uploads\/2023\/08\/363378960_606855994893683_6973299927833812697_n-493x1024.jpg","contentUrl":"https:\/\/transinfo.pl\/wp-content\/uploads\/2023\/08\/363378960_606855994893683_6973299927833812697_n-493x1024.jpg"},{"@type":"BreadcrumbList","@id":"https:\/\/transinfo.pl\/x\/infotrans\/ztp-krakow-z-oferta-na-weekend-zaparkuj-na-pr-maly-plaszow-i-jedz-na-bagry\/#breadcrumb","itemListElement":[{"@type":"ListItem","position":1,"name":"Home","item":"https:\/\/transinfo.pl\/x\/"},{"@type":"ListItem","position":2,"name":"Infotrans","item":"https:\/\/transinfo.pl\/x\/infotrans\/"},{"@type":"ListItem","position":3,"name":"ZTP Krak\u00f3w z ofert\u0105 na weekend: Zaparkuj na P&#038;R Ma\u0142y P\u0142asz\u00f3w i jed\u017a na Bagry!"}]},{"@type":"WebSite","@id":"https:\/\/transinfo.pl\/x\/#website","url":"https:\/\/transinfo.pl\/x\/","name":"TransInfo Archiwum","description":"Ca\u0142y transport w jednym miejscu","publisher":{"@id":"https:\/\/transinfo.pl\/x\/#organization"},"potentialAction":[{"@type":"SearchAction","target":{"@type":"EntryPoint","urlTemplate":"https:\/\/transinfo.pl\/x\/?s={search_term_string}"},"query-input":{"@type":"PropertyValueSpecification","valueRequired":true,"valueName":"search_term_string"}}],"inLanguage":"pl-PL"},{"@type":"Organization","@id":"https:\/\/transinfo.pl\/x\/#organization","name":"TransInfo","url":"https:\/\/transinfo.pl\/x\/","logo":{"@type":"ImageObject","inLanguage":"pl-PL","@id":"https:\/\/transinfo.pl\/x\/#\/schema\/logo\/image\/","url":"https:\/\/transinfo.pl\/x\/wp-content\/uploads\/2024\/10\/favicon.png","contentUrl":"https:\/\/transinfo.pl\/x\/wp-content\/uploads\/2024\/10\/favicon.png","width":512,"height":512,"caption":"TransInfo"},"image":{"@id":"https:\/\/transinfo.pl\/x\/#\/schema\/logo\/image\/"}}]}},"_links":{"self":[{"href":"https:\/\/transinfo.pl\/x\/wp-json\/wp\/v2\/infotrans\/256020","targetHints":{"allow":["GET"]}}],"collection":[{"href":"https:\/\/transinfo.pl\/x\/wp-json\/wp\/v2\/infotrans"}],"about":[{"href":"https:\/\/transinfo.pl\/x\/wp-json\/wp\/v2\/types\/infotrans"}],"author":[{"embeddable":true,"href":"https:\/\/transinfo.pl\/x\/wp-json\/wp\/v2\/users\/2"}],"replies":[{"embeddable":true,"href":"https:\/\/transinfo.pl\/x\/wp-json\/wp\/v2\/comments?post=256020"}],"wp:attachment":[{"href":"https:\/\/transinfo.pl\/x\/wp-json\/wp\/v2\/media?parent=256020"}],"wp:term":[{"taxonomy":"category","embeddable":true,"href":"https:\/\/transinfo.pl\/x\/wp-json\/wp\/v2\/categories?post=256020"},{"taxonomy":"post_tag","embeddable":true,"href":"https:\/\/transinfo.pl\/x\/wp-json\/wp\/v2\/tags?post=256020"}],"curies":[{"name":"wp","href":"https:\/\/api.w.org\/{rel}","templated":true}]}}