{"id":255913,"date":"2023-07-31T12:07:00","date_gmt":"2023-07-31T12:07:00","guid":{"rendered":"https:\/\/transinfo.pl\/x\/infotrans\/szczecinski-transport-publiczny-ma-problem-w-jeden-dzien-odwolano-240-kursow\/"},"modified":"2023-07-31T12:07:00","modified_gmt":"2023-07-31T12:07:00","slug":"szczecinski-transport-publiczny-ma-problem-w-jeden-dzien-odwolano-240-kursow","status":"publish","type":"infotrans","link":"https:\/\/transinfo.pl\/x\/infotrans\/szczecinski-transport-publiczny-ma-problem-w-jeden-dzien-odwolano-240-kursow\/","title":{"rendered":"Szczeci\u0144ski transport publiczny ma problem. W jeden dzie\u0144 odwo\u0142ano 240 kurs\u00f3w"},"content":{"rendered":"<style>h1,h2,h3,h4,h5,h6{margin:0 0 1.25rem;font-family:Arial,sans-serif;font-weight:600;color:#050505}h1{font-size:1.875rem;line-height:1.1em;text-transform:none}@media(min-width: 768px){h1{font-size:2.375rem}}h2{font-size:1.1875rem;line-height:1.2em;text-transform:uppercase}@media(min-width: 768px){h2{font-size:1.0625rem}}h3{font-size:0.9375rem;line-height:1.4em;font-weight:900;margin-bottom:0.9375rem}h4{font-size:0.875rem;line-height:1.2em;font-weight:500}h5{font-size:0.9375rem;line-height:1.6;font-weight:400}h6{font-size:0.9375rem;line-height:1.6;font-weight:600}\n<\/style>\n<h3 class=\"wp-block-heading\" id=\"h-31-lipca-z-rozkladu-jazdy-wypadlo-ponad-190-kursow-tramwajowych-i-blisko-50-kursow-autobusowych-poinformowal-pap-zarzad-drog-i-transportu-miejskiego-w-szczecinie\">31 lipca z rozk\u0142adu jazdy wypad\u0142o ponad 190 kurs\u00f3w tramwajowych i blisko 50 kurs\u00f3w autobusowych \u2013 poinformowa\u0142 PAP Zarz\u0105d Dr\u00f3g i Transportu Miejskiego w Szczecinie. <\/h3>\n\n\n<style>p{margin:0 0 1.5rem}p:last-child{margin:0}p.is-style-uppercase{text-transform:uppercase}p.is-style-preheading{color:#12406a;text-transform:uppercase}p.is-style-leadparagraph{font-size:1rem;line-height:1.625;font-weight:700}@media(min-width: 768px){p.is-style-leadparagraph{font-size:1.125rem;line-height:1.5555555556}}p.has-small-margin{margin-bottom:0.625rem}p.has-small-margin+h1,p.has-small-margin+h2,p.has-small-margin+h3{margin-top:1.875rem}\n<\/style>\n<p>Powodem braki kadrowe. Na dzi\u015b w sp\u00f3\u0142ce Tramwaje Szczeci\u0144skie brakuje ok. 30 motorniczych. Firma ca\u0142y czas prowadzi rekrutacj\u0119 na kolejne kursy. <\/p>\n\n\n\n<h2 class=\"wp-block-heading\" id=\"h-zwiekszona-absencja\">zwi\u0119kszona absencja <\/h2>\n\n\n<style>.wp-block-quote{border-left:0.1875rem solid var(--page-color);font-size:1rem;font-style:italic;margin:0 0 1.6875rem;padding:1.25rem}.wp-block-quote cite{color:#050505}.wp-block-quote.is-style-large p{margin-bottom:10px}.wp-block-quote.is-style-large cite{color:#12406a}\n<\/style>\n<blockquote class=\"wp-block-quote is-layout-flow wp-block-quote-is-layout-flow\">\n<p>&#8222;W ostatnim okresie zwi\u0119kszona liczba kurs\u00f3w, kt\u00f3re nie odby\u0142y si\u0119 zwi\u0105zana jest g\u0142\u00f3wnie z konieczno\u015bci\u0105 przeprowadzenia w kr\u00f3tkim terminie do 30 sierpnia szkole\u0144 pracownik\u00f3w w zakresie BHP po odwo\u0142aniu stanu zagro\u017cenia epidemicznego, a tak\u017ce zwi\u0119kszon\u0105 liczb\u0105 absencji chorobowych w\u015br\u00f3d motorniczych&#8221; \u2013 przekaza\u0142 PAP rzecznik prasowy Zarz\u0105du Dr\u00f3g i Transportu Miejskiego Kacper Reszczy\u0144ski.<\/p>\n<\/blockquote>\n\n\n\n<p>Jak poinformowa\u0142, w poniedzia\u0142ek nie odb\u0119dzie si\u0119 ponad 190 kurs\u00f3w tramwajowych i blisko 50 kurs\u00f3w autobusowych. Utrudnie\u0144 spodziewa\u0107 mo\u017cna si\u0119 m.in. na liniach autobusowych 107, 68 i 61.<\/p>\n\n\n\n<blockquote class=\"wp-block-quote is-layout-flow wp-block-quote-is-layout-flow\">\n<p>&#8222;ZDiTM zosta\u0142 poinformowany o porannych kursach, kt\u00f3re nie wyjad\u0105 31 lipca z powodu braku czterech motorniczych na liniach: 1, 7, 9 i 12. Na popo\u0142udnie przewidywane s\u0105 braki dwunastu motorniczych&#8221; \u2013 doda\u0142 Reszczy\u0144ski.<\/p>\n<\/blockquote>\n\n\n\n<p>W obowi\u0105zuj\u0105cym od soboty rozk\u0142adzie jazdy sp\u00f3\u0142ka Tramwaje Szczeci\u0144skie wysy\u0142a na trasy 58 brygad; dzienna obs\u0142uga to 116 os\u00f3b.<\/p>\n\n\n\n<p>Jak poinformowa\u0142 Reszczy\u0144ski, aktualnie trwa bezp\u0142atny kurs dla kandydat\u00f3w na motorniczych z gwarancj\u0105 zatrudnienia, w kt\u00f3rym uczestniczy trzyna\u015bcie os\u00f3b. Planowany termin jego zako\u0144czenia to pa\u017adziernik 2023 r.<\/p>\n","protected":false},"author":2,"featured_media":0,"comment_status":"","ping_status":"closed","template":"","categories":[26],"tags":[137,6895,2132,191,874,3103],"class_list":["post-255913","infotrans","type-infotrans","status-publish","hentry","category-przewoznicy","tag-komunikacja-miejska","tag-rekrutacja","tag-rozklad","tag-szczecin","tag-tramwaje-szczecinskie","tag-transport-publiczny"],"acf":[],"yoast_head":"<!-- This site is optimized with the Yoast SEO Premium plugin v21.8 (Yoast SEO v23.7) - https:\/\/yoast.com\/wordpress\/plugins\/seo\/ -->\n<title>Szczeci\u0144ski transport publiczny ma problem. W jeden dzie\u0144 odwo\u0142ano 240 kurs\u00f3w - TransInfo Archiwum<\/title>\n<meta name=\"description\" content=\"31 lipca z rozk\u0142adu jazdy wypad\u0142o ponad 190 kurs\u00f3w tramwajowych i blisko 50 kurs\u00f3w autobusowych \u2013 poinformowa\u0142 PAP ZDiTM Szczecin.\" \/>\n<meta name=\"robots\" content=\"index, follow, max-snippet:-1, max-image-preview:large, max-video-preview:-1\" \/>\n<link rel=\"canonical\" href=\"https:\/\/transinfo.pl\/x\/infotrans\/szczecinski-transport-publiczny-ma-problem-w-jeden-dzien-odwolano-240-kursow\/\" \/>\n<meta property=\"og:locale\" content=\"pl_PL\" \/>\n<meta property=\"og:type\" content=\"article\" \/>\n<meta property=\"og:title\" content=\"Szczeci\u0144ski transport publiczny ma problem. W jeden dzie\u0144 odwo\u0142ano 240 kurs\u00f3w\" \/>\n<meta property=\"og:description\" content=\"31 lipca z rozk\u0142adu jazdy wypad\u0142o ponad 190 kurs\u00f3w tramwajowych i blisko 50 kurs\u00f3w autobusowych \u2013 poinformowa\u0142 PAP ZDiTM Szczecin.\" \/>\n<meta property=\"og:url\" content=\"https:\/\/transinfo.pl\/x\/infotrans\/szczecinski-transport-publiczny-ma-problem-w-jeden-dzien-odwolano-240-kursow\/\" \/>\n<meta property=\"og:site_name\" content=\"TransInfo Archiwum\" \/>\n<meta property=\"og:image\" content=\"http:\/\/default\" \/>\n<meta name=\"twitter:card\" content=\"summary_large_image\" \/>\n<meta name=\"twitter:label1\" content=\"Szacowany czas czytania\" \/>\n\t<meta name=\"twitter:data1\" content=\"1 minuta\" \/>\n<script type=\"application\/ld+json\" class=\"yoast-schema-graph\">{\"@context\":\"https:\/\/schema.org\",\"@graph\":[{\"@type\":\"WebPage\",\"@id\":\"https:\/\/transinfo.pl\/x\/infotrans\/szczecinski-transport-publiczny-ma-problem-w-jeden-dzien-odwolano-240-kursow\/\",\"url\":\"https:\/\/transinfo.pl\/x\/infotrans\/szczecinski-transport-publiczny-ma-problem-w-jeden-dzien-odwolano-240-kursow\/\",\"name\":\"Szczeci\u0144ski transport publiczny ma problem. W jeden dzie\u0144 odwo\u0142ano 240 kurs\u00f3w - TransInfo Archiwum\",\"isPartOf\":{\"@id\":\"https:\/\/transinfo.pl\/x\/#website\"},\"datePublished\":\"2023-07-31T12:07:00+00:00\",\"dateModified\":\"2023-07-31T12:07:00+00:00\",\"description\":\"31 lipca z rozk\u0142adu jazdy wypad\u0142o ponad 190 kurs\u00f3w tramwajowych i blisko 50 kurs\u00f3w autobusowych \u2013 poinformowa\u0142 PAP ZDiTM Szczecin.\",\"breadcrumb\":{\"@id\":\"https:\/\/transinfo.pl\/x\/infotrans\/szczecinski-transport-publiczny-ma-problem-w-jeden-dzien-odwolano-240-kursow\/#breadcrumb\"},\"inLanguage\":\"pl-PL\",\"potentialAction\":[{\"@type\":\"ReadAction\",\"target\":[\"https:\/\/transinfo.pl\/x\/infotrans\/szczecinski-transport-publiczny-ma-problem-w-jeden-dzien-odwolano-240-kursow\/\"]}]},{\"@type\":\"BreadcrumbList\",\"@id\":\"https:\/\/transinfo.pl\/x\/infotrans\/szczecinski-transport-publiczny-ma-problem-w-jeden-dzien-odwolano-240-kursow\/#breadcrumb\",\"itemListElement\":[{\"@type\":\"ListItem\",\"position\":1,\"name\":\"Home\",\"item\":\"https:\/\/transinfo.pl\/x\/\"},{\"@type\":\"ListItem\",\"position\":2,\"name\":\"Infotrans\",\"item\":\"https:\/\/transinfo.pl\/x\/infotrans\/\"},{\"@type\":\"ListItem\",\"position\":3,\"name\":\"Szczeci\u0144ski transport publiczny ma problem. W jeden dzie\u0144 odwo\u0142ano 240 kurs\u00f3w\"}]},{\"@type\":\"WebSite\",\"@id\":\"https:\/\/transinfo.pl\/x\/#website\",\"url\":\"https:\/\/transinfo.pl\/x\/\",\"name\":\"TransInfo Archiwum\",\"description\":\"Ca\u0142y transport w jednym miejscu\",\"publisher\":{\"@id\":\"https:\/\/transinfo.pl\/x\/#organization\"},\"potentialAction\":[{\"@type\":\"SearchAction\",\"target\":{\"@type\":\"EntryPoint\",\"urlTemplate\":\"https:\/\/transinfo.pl\/x\/?s={search_term_string}\"},\"query-input\":{\"@type\":\"PropertyValueSpecification\",\"valueRequired\":true,\"valueName\":\"search_term_string\"}}],\"inLanguage\":\"pl-PL\"},{\"@type\":\"Organization\",\"@id\":\"https:\/\/transinfo.pl\/x\/#organization\",\"name\":\"TransInfo\",\"url\":\"https:\/\/transinfo.pl\/x\/\",\"logo\":{\"@type\":\"ImageObject\",\"inLanguage\":\"pl-PL\",\"@id\":\"https:\/\/transinfo.pl\/x\/#\/schema\/logo\/image\/\",\"url\":\"https:\/\/transinfo.pl\/x\/wp-content\/uploads\/2024\/10\/favicon.png\",\"contentUrl\":\"https:\/\/transinfo.pl\/x\/wp-content\/uploads\/2024\/10\/favicon.png\",\"width\":512,\"height\":512,\"caption\":\"TransInfo\"},\"image\":{\"@id\":\"https:\/\/transinfo.pl\/x\/#\/schema\/logo\/image\/\"}}]}<\/script>\n<!-- \/ Yoast SEO Premium plugin. -->","yoast_head_json":{"title":"Szczeci\u0144ski transport publiczny ma problem. W jeden dzie\u0144 odwo\u0142ano 240 kurs\u00f3w - TransInfo Archiwum","description":"31 lipca z rozk\u0142adu jazdy wypad\u0142o ponad 190 kurs\u00f3w tramwajowych i blisko 50 kurs\u00f3w autobusowych \u2013 poinformowa\u0142 PAP ZDiTM Szczecin.","robots":{"index":"index","follow":"follow","max-snippet":"max-snippet:-1","max-image-preview":"max-image-preview:large","max-video-preview":"max-video-preview:-1"},"canonical":"https:\/\/transinfo.pl\/x\/infotrans\/szczecinski-transport-publiczny-ma-problem-w-jeden-dzien-odwolano-240-kursow\/","og_locale":"pl_PL","og_type":"article","og_title":"Szczeci\u0144ski transport publiczny ma problem. W jeden dzie\u0144 odwo\u0142ano 240 kurs\u00f3w","og_description":"31 lipca z rozk\u0142adu jazdy wypad\u0142o ponad 190 kurs\u00f3w tramwajowych i blisko 50 kurs\u00f3w autobusowych \u2013 poinformowa\u0142 PAP ZDiTM Szczecin.","og_url":"https:\/\/transinfo.pl\/x\/infotrans\/szczecinski-transport-publiczny-ma-problem-w-jeden-dzien-odwolano-240-kursow\/","og_site_name":"TransInfo Archiwum","og_image":[{"url":"default"}],"twitter_card":"summary_large_image","twitter_misc":{"Szacowany czas czytania":"1 minuta"},"schema":{"@context":"https:\/\/schema.org","@graph":[{"@type":"WebPage","@id":"https:\/\/transinfo.pl\/x\/infotrans\/szczecinski-transport-publiczny-ma-problem-w-jeden-dzien-odwolano-240-kursow\/","url":"https:\/\/transinfo.pl\/x\/infotrans\/szczecinski-transport-publiczny-ma-problem-w-jeden-dzien-odwolano-240-kursow\/","name":"Szczeci\u0144ski transport publiczny ma problem. W jeden dzie\u0144 odwo\u0142ano 240 kurs\u00f3w - TransInfo Archiwum","isPartOf":{"@id":"https:\/\/transinfo.pl\/x\/#website"},"datePublished":"2023-07-31T12:07:00+00:00","dateModified":"2023-07-31T12:07:00+00:00","description":"31 lipca z rozk\u0142adu jazdy wypad\u0142o ponad 190 kurs\u00f3w tramwajowych i blisko 50 kurs\u00f3w autobusowych \u2013 poinformowa\u0142 PAP ZDiTM Szczecin.","breadcrumb":{"@id":"https:\/\/transinfo.pl\/x\/infotrans\/szczecinski-transport-publiczny-ma-problem-w-jeden-dzien-odwolano-240-kursow\/#breadcrumb"},"inLanguage":"pl-PL","potentialAction":[{"@type":"ReadAction","target":["https:\/\/transinfo.pl\/x\/infotrans\/szczecinski-transport-publiczny-ma-problem-w-jeden-dzien-odwolano-240-kursow\/"]}]},{"@type":"BreadcrumbList","@id":"https:\/\/transinfo.pl\/x\/infotrans\/szczecinski-transport-publiczny-ma-problem-w-jeden-dzien-odwolano-240-kursow\/#breadcrumb","itemListElement":[{"@type":"ListItem","position":1,"name":"Home","item":"https:\/\/transinfo.pl\/x\/"},{"@type":"ListItem","position":2,"name":"Infotrans","item":"https:\/\/transinfo.pl\/x\/infotrans\/"},{"@type":"ListItem","position":3,"name":"Szczeci\u0144ski transport publiczny ma problem. W jeden dzie\u0144 odwo\u0142ano 240 kurs\u00f3w"}]},{"@type":"WebSite","@id":"https:\/\/transinfo.pl\/x\/#website","url":"https:\/\/transinfo.pl\/x\/","name":"TransInfo Archiwum","description":"Ca\u0142y transport w jednym miejscu","publisher":{"@id":"https:\/\/transinfo.pl\/x\/#organization"},"potentialAction":[{"@type":"SearchAction","target":{"@type":"EntryPoint","urlTemplate":"https:\/\/transinfo.pl\/x\/?s={search_term_string}"},"query-input":{"@type":"PropertyValueSpecification","valueRequired":true,"valueName":"search_term_string"}}],"inLanguage":"pl-PL"},{"@type":"Organization","@id":"https:\/\/transinfo.pl\/x\/#organization","name":"TransInfo","url":"https:\/\/transinfo.pl\/x\/","logo":{"@type":"ImageObject","inLanguage":"pl-PL","@id":"https:\/\/transinfo.pl\/x\/#\/schema\/logo\/image\/","url":"https:\/\/transinfo.pl\/x\/wp-content\/uploads\/2024\/10\/favicon.png","contentUrl":"https:\/\/transinfo.pl\/x\/wp-content\/uploads\/2024\/10\/favicon.png","width":512,"height":512,"caption":"TransInfo"},"image":{"@id":"https:\/\/transinfo.pl\/x\/#\/schema\/logo\/image\/"}}]}},"_links":{"self":[{"href":"https:\/\/transinfo.pl\/x\/wp-json\/wp\/v2\/infotrans\/255913","targetHints":{"allow":["GET"]}}],"collection":[{"href":"https:\/\/transinfo.pl\/x\/wp-json\/wp\/v2\/infotrans"}],"about":[{"href":"https:\/\/transinfo.pl\/x\/wp-json\/wp\/v2\/types\/infotrans"}],"author":[{"embeddable":true,"href":"https:\/\/transinfo.pl\/x\/wp-json\/wp\/v2\/users\/2"}],"replies":[{"embeddable":true,"href":"https:\/\/transinfo.pl\/x\/wp-json\/wp\/v2\/comments?post=255913"}],"wp:attachment":[{"href":"https:\/\/transinfo.pl\/x\/wp-json\/wp\/v2\/media?parent=255913"}],"wp:term":[{"taxonomy":"category","embeddable":true,"href":"https:\/\/transinfo.pl\/x\/wp-json\/wp\/v2\/categories?post=255913"},{"taxonomy":"post_tag","embeddable":true,"href":"https:\/\/transinfo.pl\/x\/wp-json\/wp\/v2\/tags?post=255913"}],"curies":[{"name":"wp","href":"https:\/\/api.w.org\/{rel}","templated":true}]}}