{"id":209840,"date":"2020-03-20T07:30:00","date_gmt":"2020-03-20T07:30:00","guid":{"rendered":"https:\/\/transinfo.pl\/x\/infotrans\/warszawa-pojedzie-jak-w-sobote-ale-ze-wsparciem-film-_more_122254\/"},"modified":"2020-03-20T07:30:00","modified_gmt":"2020-03-20T07:30:00","slug":"warszawa-pojedzie-jak-w-sobote-ale-ze-wsparciem-film-_more_122254","status":"publish","type":"infotrans","link":"https:\/\/transinfo.pl\/x\/infotrans\/warszawa-pojedzie-jak-w-sobote-ale-ze-wsparciem-film-_more_122254\/","title":{"rendered":"Warszawa pojedzie jak w sobot\u0119. Ale ze wsparciem [FILM]"},"content":{"rendered":"<p><span style=\"font-weight: bold\">Od 23 marca komunikacja miejska b\u0119dzie funkcjonowa\u0142a w systemie sobotnim. Jednak w godzinach szczytu wyjedzie wi\u0119cej tramwaj\u00f3w, autobus\u00f3w i poci\u0105g\u00f3w metra \u2013 poinformowa\u0142 ratusz.<\/span><\/p>\n<p>W informacji przekazanej PAP sto\u0142eczny ratusz podkre\u015bli\u0142, \u017ce &#8222;miasto zapewnia ci\u0105g\u0142o\u015b\u0107 funkcjonowania transportu zbiorowego&#8221;. Poinformowa\u0142, \u017ce od poniedzia\u0142ku 23 marca komunikacja b\u0119dzie kursowa\u0142 wed\u0142ug sobotnich rozk\u0142ad\u00f3w jazdy.<\/p>\n<p> <img decoding=\"async\" src=\"https:\/\/scontent.fwaw5-1.fna.fbcdn.net\/v\/t1.0-9\/s960x960\/90298737_3137544769618020_6591016259360391168_o.jpg?_nc_cat=107&amp;_nc_sid=8024bb&amp;_nc_ohc=Ys8KWKx9kDsAX_49aCG&amp;_nc_ht=scontent.fwaw5-1.fna&amp;_nc_tp=7&amp;oh=5ad166b51602fa8edf7089900d574786&amp;oe=5E9B6A90\" alt=\"\" style=\"margin-left: 66px\" width=\"66%\" border=\"0px\"><\/p>\n<p><\/p>\n<h3>Liniowe wzmocnienia<br \/><\/h3>\n<p>Urz\u0119dnicy dodali, \u017ce w godzinach komunikacyjnego szczytu, na trasy najwa\u017cniejszych linii autobusowych i tramwajowych wyjad\u0105 dodatkowe autobusy. Te linie to: 2, 24, 26, 31, 122, 132, 138, 145, 150, 155, 162, 167, 182, 189, 190, 504, 507, 517, 520, 523, 527, 709, 710, 719, 723, 739.<\/p>\n<p>Dodatkowo uruchomione zostan\u0105 linie: 317, 326, 340, 345, 401, 402, 412, 414.<\/p>\n<p>Metro b\u0119dzie kursowa\u0142o z cz\u0119stotliwo\u015bci\u0105 sobotni\u0105, z dodatkowymi poci\u0105gami w godzinach szczytu. <\/p>\n<p><span style=\"font-style: italic\">\u2013 Ca\u0142y czas prowadzimy obserwacj\u0119 ruchu na ulicach miasta i liczby pasa\u017cer\u00f3w transportu publicznego. Komunikacja miejska ob\u0142o\u017cona jest w tej chwili w oko\u0142o 30 proc., podj\u0105\u0142em decyzj\u0119, \u017ce od poniedzia\u0142ku przechodzimy na sobotni rozk\u0142ad jazdy \u2013 m\u00f3wi Rafa\u0142 Trzaskowski, prezydent m.st. Warszawy. \u2013 W dalszym ci\u0105gu b\u0119dziemy prowadzi\u0107 analizy. Zale\u017cy nam przede wszystkim na tym by w pojazdach komunikacji miejskiej pasa\u017cerowie mogli zachowa\u0107 odpowiednio odst\u0119py \u2013 zaznacza. <br \/><\/span><\/p>\n<p>&#8222;<\/p>\n","protected":false},"author":1,"featured_media":209841,"comment_status":"","ping_status":"closed","template":"","categories":[25],"tags":[2132,84,47],"class_list":["post-209840","infotrans","type-infotrans","status-publish","has-post-thumbnail","hentry","category-producenci","tag-rozklad","tag-warszawa","tag-wirus"],"acf":[],"yoast_head":"<!-- This site is optimized with the Yoast SEO Premium plugin v21.8 (Yoast SEO v23.7) - https:\/\/yoast.com\/wordpress\/plugins\/seo\/ -->\n<title>Warszawa pojedzie jak w sobot\u0119. Ale ze wsparciem [FILM] - TransInfo Archiwum<\/title>\n<meta name=\"robots\" content=\"index, follow, max-snippet:-1, max-image-preview:large, max-video-preview:-1\" \/>\n<link rel=\"canonical\" href=\"https:\/\/transinfo.pl\/x\/infotrans\/warszawa-pojedzie-jak-w-sobote-ale-ze-wsparciem-film-_more_122254\/\" \/>\n<meta property=\"og:locale\" content=\"pl_PL\" \/>\n<meta property=\"og:type\" content=\"article\" \/>\n<meta property=\"og:title\" content=\"Warszawa pojedzie jak w sobot\u0119. Ale ze wsparciem [FILM]\" \/>\n<meta property=\"og:description\" content=\"Od 23 marca komunikacja miejska b\u0119dzie funkcjonowa\u0142a w systemie sobotnim. Jednak w godzinach szczytu...\" \/>\n<meta property=\"og:url\" content=\"https:\/\/transinfo.pl\/x\/infotrans\/warszawa-pojedzie-jak-w-sobote-ale-ze-wsparciem-film-_more_122254\/\" \/>\n<meta property=\"og:site_name\" content=\"TransInfo Archiwum\" \/>\n<meta property=\"og:image\" content=\"https:\/\/scontent.fwaw5-1.fna.fbcdn.net\/v\/t1.0-9\/s960x960\/90298737_3137544769618020_6591016259360391168_o.jpg?_nc_cat=107&amp;_nc_sid=8024bb&amp;_nc_ohc=Ys8KWKx9kDsAX_49aCG&amp;_nc_ht=scontent.fwaw5-1.fna&amp;_nc_tp=7&amp;oh=5ad166b51602fa8edf7089900d574786&amp;oe=5E9B6A90\" \/>\n<meta name=\"twitter:card\" content=\"summary_large_image\" \/>\n<meta name=\"twitter:label1\" content=\"Szacowany czas czytania\" \/>\n\t<meta name=\"twitter:data1\" content=\"1 minuta\" \/>\n<script type=\"application\/ld+json\" class=\"yoast-schema-graph\">{\"@context\":\"https:\/\/schema.org\",\"@graph\":[{\"@type\":\"WebPage\",\"@id\":\"https:\/\/transinfo.pl\/x\/infotrans\/warszawa-pojedzie-jak-w-sobote-ale-ze-wsparciem-film-_more_122254\/\",\"url\":\"https:\/\/transinfo.pl\/x\/infotrans\/warszawa-pojedzie-jak-w-sobote-ale-ze-wsparciem-film-_more_122254\/\",\"name\":\"Warszawa pojedzie jak w sobot\u0119. Ale ze wsparciem [FILM] - TransInfo Archiwum\",\"isPartOf\":{\"@id\":\"https:\/\/transinfo.pl\/x\/#website\"},\"primaryImageOfPage\":{\"@id\":\"https:\/\/transinfo.pl\/x\/infotrans\/warszawa-pojedzie-jak-w-sobote-ale-ze-wsparciem-film-_more_122254\/#primaryimage\"},\"image\":{\"@id\":\"https:\/\/transinfo.pl\/x\/infotrans\/warszawa-pojedzie-jak-w-sobote-ale-ze-wsparciem-film-_more_122254\/#primaryimage\"},\"thumbnailUrl\":\"https:\/\/transinfo.pl\/x\/wp-content\/uploads\/2022\/01\/ZTM-Warszawa-pojedzie-jak-w-sobote.-Ale-ze-wsparciem-fot.-ZTM-Warszawa-0-1-1.jpg\",\"datePublished\":\"2020-03-20T07:30:00+00:00\",\"dateModified\":\"2020-03-20T07:30:00+00:00\",\"breadcrumb\":{\"@id\":\"https:\/\/transinfo.pl\/x\/infotrans\/warszawa-pojedzie-jak-w-sobote-ale-ze-wsparciem-film-_more_122254\/#breadcrumb\"},\"inLanguage\":\"pl-PL\",\"potentialAction\":[{\"@type\":\"ReadAction\",\"target\":[\"https:\/\/transinfo.pl\/x\/infotrans\/warszawa-pojedzie-jak-w-sobote-ale-ze-wsparciem-film-_more_122254\/\"]}]},{\"@type\":\"ImageObject\",\"inLanguage\":\"pl-PL\",\"@id\":\"https:\/\/transinfo.pl\/x\/infotrans\/warszawa-pojedzie-jak-w-sobote-ale-ze-wsparciem-film-_more_122254\/#primaryimage\",\"url\":\"https:\/\/transinfo.pl\/x\/wp-content\/uploads\/2022\/01\/ZTM-Warszawa-pojedzie-jak-w-sobote.-Ale-ze-wsparciem-fot.-ZTM-Warszawa-0-1-1.jpg\",\"contentUrl\":\"https:\/\/transinfo.pl\/x\/wp-content\/uploads\/2022\/01\/ZTM-Warszawa-pojedzie-jak-w-sobote.-Ale-ze-wsparciem-fot.-ZTM-Warszawa-0-1-1.jpg\"},{\"@type\":\"BreadcrumbList\",\"@id\":\"https:\/\/transinfo.pl\/x\/infotrans\/warszawa-pojedzie-jak-w-sobote-ale-ze-wsparciem-film-_more_122254\/#breadcrumb\",\"itemListElement\":[{\"@type\":\"ListItem\",\"position\":1,\"name\":\"Home\",\"item\":\"https:\/\/transinfo.pl\/x\/\"},{\"@type\":\"ListItem\",\"position\":2,\"name\":\"Infotrans\",\"item\":\"https:\/\/transinfo.pl\/x\/infotrans\/\"},{\"@type\":\"ListItem\",\"position\":3,\"name\":\"Warszawa pojedzie jak w sobot\u0119. Ale ze wsparciem [FILM]\"}]},{\"@type\":\"WebSite\",\"@id\":\"https:\/\/transinfo.pl\/x\/#website\",\"url\":\"https:\/\/transinfo.pl\/x\/\",\"name\":\"TransInfo Archiwum\",\"description\":\"Ca\u0142y transport w jednym miejscu\",\"publisher\":{\"@id\":\"https:\/\/transinfo.pl\/x\/#organization\"},\"potentialAction\":[{\"@type\":\"SearchAction\",\"target\":{\"@type\":\"EntryPoint\",\"urlTemplate\":\"https:\/\/transinfo.pl\/x\/?s={search_term_string}\"},\"query-input\":{\"@type\":\"PropertyValueSpecification\",\"valueRequired\":true,\"valueName\":\"search_term_string\"}}],\"inLanguage\":\"pl-PL\"},{\"@type\":\"Organization\",\"@id\":\"https:\/\/transinfo.pl\/x\/#organization\",\"name\":\"TransInfo\",\"url\":\"https:\/\/transinfo.pl\/x\/\",\"logo\":{\"@type\":\"ImageObject\",\"inLanguage\":\"pl-PL\",\"@id\":\"https:\/\/transinfo.pl\/x\/#\/schema\/logo\/image\/\",\"url\":\"https:\/\/transinfo.pl\/x\/wp-content\/uploads\/2024\/10\/favicon.png\",\"contentUrl\":\"https:\/\/transinfo.pl\/x\/wp-content\/uploads\/2024\/10\/favicon.png\",\"width\":512,\"height\":512,\"caption\":\"TransInfo\"},\"image\":{\"@id\":\"https:\/\/transinfo.pl\/x\/#\/schema\/logo\/image\/\"}}]}<\/script>\n<!-- \/ Yoast SEO Premium plugin. -->","yoast_head_json":{"title":"Warszawa pojedzie jak w sobot\u0119. Ale ze wsparciem [FILM] - TransInfo Archiwum","robots":{"index":"index","follow":"follow","max-snippet":"max-snippet:-1","max-image-preview":"max-image-preview:large","max-video-preview":"max-video-preview:-1"},"canonical":"https:\/\/transinfo.pl\/x\/infotrans\/warszawa-pojedzie-jak-w-sobote-ale-ze-wsparciem-film-_more_122254\/","og_locale":"pl_PL","og_type":"article","og_title":"Warszawa pojedzie jak w sobot\u0119. Ale ze wsparciem [FILM]","og_description":"Od 23 marca komunikacja miejska b\u0119dzie funkcjonowa\u0142a w systemie sobotnim. Jednak w godzinach szczytu...","og_url":"https:\/\/transinfo.pl\/x\/infotrans\/warszawa-pojedzie-jak-w-sobote-ale-ze-wsparciem-film-_more_122254\/","og_site_name":"TransInfo Archiwum","og_image":[{"url":"https:\/\/scontent.fwaw5-1.fna.fbcdn.net\/v\/t1.0-9\/s960x960\/90298737_3137544769618020_6591016259360391168_o.jpg?_nc_cat=107&amp;_nc_sid=8024bb&amp;_nc_ohc=Ys8KWKx9kDsAX_49aCG&amp;_nc_ht=scontent.fwaw5-1.fna&amp;_nc_tp=7&amp;oh=5ad166b51602fa8edf7089900d574786&amp;oe=5E9B6A90"}],"twitter_card":"summary_large_image","twitter_misc":{"Szacowany czas czytania":"1 minuta"},"schema":{"@context":"https:\/\/schema.org","@graph":[{"@type":"WebPage","@id":"https:\/\/transinfo.pl\/x\/infotrans\/warszawa-pojedzie-jak-w-sobote-ale-ze-wsparciem-film-_more_122254\/","url":"https:\/\/transinfo.pl\/x\/infotrans\/warszawa-pojedzie-jak-w-sobote-ale-ze-wsparciem-film-_more_122254\/","name":"Warszawa pojedzie jak w sobot\u0119. Ale ze wsparciem [FILM] - TransInfo Archiwum","isPartOf":{"@id":"https:\/\/transinfo.pl\/x\/#website"},"primaryImageOfPage":{"@id":"https:\/\/transinfo.pl\/x\/infotrans\/warszawa-pojedzie-jak-w-sobote-ale-ze-wsparciem-film-_more_122254\/#primaryimage"},"image":{"@id":"https:\/\/transinfo.pl\/x\/infotrans\/warszawa-pojedzie-jak-w-sobote-ale-ze-wsparciem-film-_more_122254\/#primaryimage"},"thumbnailUrl":"https:\/\/transinfo.pl\/x\/wp-content\/uploads\/2022\/01\/ZTM-Warszawa-pojedzie-jak-w-sobote.-Ale-ze-wsparciem-fot.-ZTM-Warszawa-0-1-1.jpg","datePublished":"2020-03-20T07:30:00+00:00","dateModified":"2020-03-20T07:30:00+00:00","breadcrumb":{"@id":"https:\/\/transinfo.pl\/x\/infotrans\/warszawa-pojedzie-jak-w-sobote-ale-ze-wsparciem-film-_more_122254\/#breadcrumb"},"inLanguage":"pl-PL","potentialAction":[{"@type":"ReadAction","target":["https:\/\/transinfo.pl\/x\/infotrans\/warszawa-pojedzie-jak-w-sobote-ale-ze-wsparciem-film-_more_122254\/"]}]},{"@type":"ImageObject","inLanguage":"pl-PL","@id":"https:\/\/transinfo.pl\/x\/infotrans\/warszawa-pojedzie-jak-w-sobote-ale-ze-wsparciem-film-_more_122254\/#primaryimage","url":"https:\/\/transinfo.pl\/x\/wp-content\/uploads\/2022\/01\/ZTM-Warszawa-pojedzie-jak-w-sobote.-Ale-ze-wsparciem-fot.-ZTM-Warszawa-0-1-1.jpg","contentUrl":"https:\/\/transinfo.pl\/x\/wp-content\/uploads\/2022\/01\/ZTM-Warszawa-pojedzie-jak-w-sobote.-Ale-ze-wsparciem-fot.-ZTM-Warszawa-0-1-1.jpg"},{"@type":"BreadcrumbList","@id":"https:\/\/transinfo.pl\/x\/infotrans\/warszawa-pojedzie-jak-w-sobote-ale-ze-wsparciem-film-_more_122254\/#breadcrumb","itemListElement":[{"@type":"ListItem","position":1,"name":"Home","item":"https:\/\/transinfo.pl\/x\/"},{"@type":"ListItem","position":2,"name":"Infotrans","item":"https:\/\/transinfo.pl\/x\/infotrans\/"},{"@type":"ListItem","position":3,"name":"Warszawa pojedzie jak w sobot\u0119. Ale ze wsparciem [FILM]"}]},{"@type":"WebSite","@id":"https:\/\/transinfo.pl\/x\/#website","url":"https:\/\/transinfo.pl\/x\/","name":"TransInfo Archiwum","description":"Ca\u0142y transport w jednym miejscu","publisher":{"@id":"https:\/\/transinfo.pl\/x\/#organization"},"potentialAction":[{"@type":"SearchAction","target":{"@type":"EntryPoint","urlTemplate":"https:\/\/transinfo.pl\/x\/?s={search_term_string}"},"query-input":{"@type":"PropertyValueSpecification","valueRequired":true,"valueName":"search_term_string"}}],"inLanguage":"pl-PL"},{"@type":"Organization","@id":"https:\/\/transinfo.pl\/x\/#organization","name":"TransInfo","url":"https:\/\/transinfo.pl\/x\/","logo":{"@type":"ImageObject","inLanguage":"pl-PL","@id":"https:\/\/transinfo.pl\/x\/#\/schema\/logo\/image\/","url":"https:\/\/transinfo.pl\/x\/wp-content\/uploads\/2024\/10\/favicon.png","contentUrl":"https:\/\/transinfo.pl\/x\/wp-content\/uploads\/2024\/10\/favicon.png","width":512,"height":512,"caption":"TransInfo"},"image":{"@id":"https:\/\/transinfo.pl\/x\/#\/schema\/logo\/image\/"}}]}},"_links":{"self":[{"href":"https:\/\/transinfo.pl\/x\/wp-json\/wp\/v2\/infotrans\/209840","targetHints":{"allow":["GET"]}}],"collection":[{"href":"https:\/\/transinfo.pl\/x\/wp-json\/wp\/v2\/infotrans"}],"about":[{"href":"https:\/\/transinfo.pl\/x\/wp-json\/wp\/v2\/types\/infotrans"}],"author":[{"embeddable":true,"href":"https:\/\/transinfo.pl\/x\/wp-json\/wp\/v2\/users\/1"}],"replies":[{"embeddable":true,"href":"https:\/\/transinfo.pl\/x\/wp-json\/wp\/v2\/comments?post=209840"}],"wp:featuredmedia":[{"embeddable":true,"href":"https:\/\/transinfo.pl\/x\/wp-json\/wp\/v2\/media\/209841"}],"wp:attachment":[{"href":"https:\/\/transinfo.pl\/x\/wp-json\/wp\/v2\/media?parent=209840"}],"wp:term":[{"taxonomy":"category","embeddable":true,"href":"https:\/\/transinfo.pl\/x\/wp-json\/wp\/v2\/categories?post=209840"},{"taxonomy":"post_tag","embeddable":true,"href":"https:\/\/transinfo.pl\/x\/wp-json\/wp\/v2\/tags?post=209840"}],"curies":[{"name":"wp","href":"https:\/\/api.w.org\/{rel}","templated":true}]}}