{"id":267593,"date":"2024-04-10T16:45:00","date_gmt":"2024-04-10T16:45:00","guid":{"rendered":"https:\/\/transinfo.pl\/x\/infotram\/trwaja-prace-przy-budowie-linii-do-wilanowa-kolejne-zmiany-dla-kierowcow-i-pasazerow-od-12-kwietnia\/"},"modified":"2024-04-10T16:45:00","modified_gmt":"2024-04-10T16:45:00","slug":"trwaja-prace-przy-budowie-linii-do-wilanowa-kolejne-zmiany-dla-kierowcow-i-pasazerow-od-12-kwietnia","status":"publish","type":"infotram","link":"https:\/\/transinfo.pl\/x\/infotram\/trwaja-prace-przy-budowie-linii-do-wilanowa-kolejne-zmiany-dla-kierowcow-i-pasazerow-od-12-kwietnia\/","title":{"rendered":"Trwaj\u0105 prace przy budowie linii do Wilanowa. Kolejne zmiany dla kierowc\u00f3w i pasa\u017cer\u00f3w od 12 kwietnia"},"content":{"rendered":"<style>h1,h2,h3,h4,h5,h6{margin:0 0 1.25rem;font-family:Arial,sans-serif;font-weight:600;color:#050505}h1{font-size:1.875rem;line-height:1.1em;text-transform:none}@media(min-width: 768px){h1{font-size:2.375rem}}h2{font-size:1.1875rem;line-height:1.2em;text-transform:uppercase}@media(min-width: 768px){h2{font-size:1.0625rem}}h3{font-size:0.9375rem;line-height:1.4em;font-weight:900;margin-bottom:0.9375rem}h4{font-size:0.875rem;line-height:1.2em;font-weight:500}h5{font-size:0.9375rem;line-height:1.6;font-weight:400}h6{font-size:0.9375rem;line-height:1.6;font-weight:600}\n<\/style>\n<h3 class=\"wp-block-heading\" id=\"h-budowa-kolektora-i-trasy-tramwajowej-na-ulicy-jurija-gagarina-dobiega-konca-w-piatkowy-wieczor-12-kwietnia-rozpoczna-sie-ostatnie-prace-asfaltowe-na-jezdni-w-kierunku-czerniakowskiej\"><strong>Budowa kolektora i trasy tramwajowej na ulicy Jurija Gagarina dobiega ko\u0144ca. W pi\u0105tkowy wiecz\u00f3r, 12 kwietnia, rozpoczn\u0105 si\u0119 ostatnie prace asfaltowe na jezdni w kierunku Czerniakowskiej. <\/strong><\/h3>\n\n\n<style>p{margin:0 0 1.5rem}p:last-child{margin:0}p.is-style-uppercase{text-transform:uppercase}p.is-style-preheading{color:#12406a;text-transform:uppercase}p.is-style-leadparagraph{font-size:1rem;line-height:1.625;font-weight:700}@media(min-width: 768px){p.is-style-leadparagraph{font-size:1.125rem;line-height:1.5555555556}}p.has-small-margin{margin-bottom:0.625rem}p.has-small-margin+h1,p.has-small-margin+h2,p.has-small-margin+h3{margin-top:1.875rem}\n<\/style>\n<p>Na odcinku od Sieleckiej do Czerniakowskiej kierowcy pojad\u0105 jedn\u0105 jezdni\u0105. Zw\u0119\u017cona zostanie r\u00f3wnie\u017c sama Czerniakowska. Po weekendzie prace przenios\u0105 si\u0119 w pobli\u017ce Belwederskiej.<\/p>\n\n\n\n<h2 class=\"wp-block-heading\" id=\"h-jedna-jezdnia-na-gagarina\"><strong>Jedn\u0105 jezdni\u0105 na Gagarina<\/strong><\/h2>\n\n\n\n<p>Pod koniec ubieg\u0142ego roku kierowcy wr\u00f3cili na ulic\u0119 Gagarina. Samochody je\u017cd\u017c\u0105 jeszcze po tak zwanej warstwie wi\u0105\u017c\u0105cej. Uk\u0142adanie ostatniej, czyli \u015bcieralnej warstwy, od\u0142o\u017cono na cieplejsze dni. Pocz\u0105tek wiosny to najlepszy moment na takie roboty.<\/p>\n\n\n\n<p>Ostatnie prace na ulicy Gagarina zosta\u0142y podzielone na kilka etap\u00f3w. Drogowcy zaczn\u0105 od jezdni prowadz\u0105cej w kierunku Czerniakowskiej. W pi\u0105tek, 12 kwietnia, oko\u0142o godziny 22:00 zamkn\u0105 j\u0105 pomi\u0119dzy Sieleck\u0105 a Czerniakowsk\u0105. Kierowcy b\u0119d\u0105 je\u017adzili drug\u0105 jezdni\u0105 w obu kierunkach. Ulice Sielecka, Iwicka i Czerska (wszystkie po po\u0142udniowej stronie) strac\u0105 po\u0142\u0105czenie z Gagarina. Dojecha\u0107 do nich mo\u017cna od strony Che\u0142mskiej.<\/p>\n\n\n\n<p><\/p>\n\n\n<style>.wp-block-image{margin:1.25rem 0;text-align:center}.wp-block-image figcaption{padding:0 0.9375rem;text-align:center}\n<\/style>\n<figure class=\"wp-block-image size-large\"><a href=\"https:\/\/transinfo.pl\/wp-content\/uploads\/2024\/04\/Gagarina_prace_kwiecien_03_fot.-S.-Pulcyn-UM-Warszawa.jpg\"><img decoding=\"async\" src=\"https:\/\/transinfo.pl\/wp-content\/uploads\/2024\/04\/Gagarina_prace_kwiecien_03_fot.-S.-Pulcyn-UM-Warszawa-1024x683.jpg\" alt=\"Budowa kolektora i trasy tramwajowej na ulicy Jurija Gagarina dobiega ko\u0144ca. W pi\u0105tkowy wiecz\u00f3r, 12 kwietnia, rozpoczn\u0105 si\u0119 ostatnie prace asfaltowe na jezdni w kierunku Czerniakowskiej. \" class=\"wp-image-470921\" \/><\/a><figcaption class=\"wp-element-caption\">Prace na ul. Gagarina\/foto: UM Warszawa<\/figcaption><\/figure>\n\n\n\n<p><\/p>\n\n\n\n<h2 class=\"wp-block-heading\" id=\"h-wezsza-czerniakowska\"><strong>W\u0119\u017csza Czerniakowska<\/strong><\/h2>\n\n\n\n<p>Przy skrzy\u017cowaniu z Gagarina zamkni\u0119ta b\u0119dzie tak\u017ce jezdnia ulicy Czerniakowskiej w kierunku Wilanowa. Ruch w obu kierunkach zostanie prze\u0142o\u017cony na drug\u0105 nitk\u0119. Kierowcy pojad\u0105 prosto po dw\u00f3ch pasach w ka\u017cd\u0105 stron\u0119. Z jednego z nich skr\u0119c\u0105 w prawo, a do skr\u0119tu w lewo b\u0119d\u0105 mieli dodatkowy pas. Wyjazd z alei Polski Walcz\u0105cej b\u0119dzie w\u0119\u017cszy o jeden pas, ale utrzymane zostan\u0105 wszystkie relacje. Nie b\u0119dzie natomiast skr\u0119tu w lewo z Gagarina w Czerniakowsk\u0105 w stron\u0119 Trasy \u0141azienkowskiej.<\/p>\n\n\n\n<p>Przej\u015bcia dla pieszych przez Gagarina i Czerniakowsk\u0105 pozostan\u0105 otwarte. Prace potrwaj\u0105 tu do poniedzia\u0142ku, 15 kwietnia, do godziny 4:00.<\/p>\n\n\n\n<h2 class=\"wp-block-heading\" id=\"h-autobusy-zmienia-trasy\"><strong>Autobusy zmieni\u0105 trasy<\/strong><\/h2>\n\n\n\n<p>Prace drogowc\u00f3w b\u0119d\u0105 mia\u0142y wp\u0142yw na kursowanie pojazd\u00f3w Warszawskiego Transportu Publicznego. W weekend, 12-15 kwietna, zmieni\u0105 si\u0119 trasy autobus\u00f3w linii 107 i 119. Autobusy linii 107, jad\u0105ce w kierunku p\u0119tli Esperanto, wr\u00f3c\u0105 w tym czasie na tras\u0119 podstawow\u0105, czyli z ulicy Bobrowieckiej skr\u0119c\u0105 w prawo w Che\u0142msk\u0105, a nast\u0119pnie w lewo w Czerniakowsk\u0105. Z kolei autobusy linii 119, jad\u0105ce z Wi\u015bniowej G\u00f3ry na Mokot\u00f3w, skr\u0119c\u0105 z alei Becka w prawo w alej\u0119 Polski Walcz\u0105cej i p\u00f3\u0142nocn\u0105 jezdni\u0105 Gagarina dojad\u0105 do Belwederskiej (wraca\u0107 b\u0119d\u0105 przez Spacerow\u0105).<\/p>\n\n\n\n<p><\/p>\n\n\n\n<figure class=\"wp-block-image size-large\"><a href=\"https:\/\/transinfo.pl\/wp-content\/uploads\/2024\/04\/Gagarina_prace_kwiecien_06_fot.-S.-Pulcyn-UM-Warszawa.jpg\"><img decoding=\"async\" src=\"https:\/\/transinfo.pl\/wp-content\/uploads\/2024\/04\/Gagarina_prace_kwiecien_06_fot.-S.-Pulcyn-UM-Warszawa-1024x683.jpg\" alt=\"Budowa kolektora i trasy tramwajowej na ulicy Jurija Gagarina dobiega ko\u0144ca. W pi\u0105tkowy wiecz\u00f3r, 12 kwietnia, rozpoczn\u0105 si\u0119 ostatnie prace asfaltowe na jezdni w kierunku Czerniakowskiej. \" class=\"wp-image-470920\" \/><\/a><figcaption class=\"wp-element-caption\">Prace na ul. Gagarina\/foto: UM Warszawa<\/figcaption><\/figure>\n\n\n\n<p><\/p>\n\n\n\n<h2 class=\"wp-block-heading\" id=\"h-a-jak-po-weekendzie\"><strong>A jak po weekendzie?<\/strong><\/h2>\n\n\n\n<p>W poniedzia\u0142ek, 15 kwietnia, oko\u0142o godziny 4:00 drogowcy przenios\u0105 si\u0119 na odcinek od Su\u0142kowickiej do Sieleckiej. Zamkni\u0119ta b\u0119dzie po\u0142udniowa jezdnia Gagarina, czyli ta, kt\u00f3r\u0105 kierowcy je\u017cd\u017c\u0105 zazwyczaj w kierunku Czerniakowskiej. Obecnie mo\u017cna ni\u0105 dojecha\u0107 tylko do ulic poprzecznych. Na czas asfaltowania b\u0119dzie ca\u0142kowicie zamkni\u0119ta. Ulice Nabielaka, G\u00f3rska i St\u0119pi\u0144ska b\u0119d\u0105 mia\u0142y wyjazd tylko na Che\u0142msk\u0105.<\/p>\n\n\n\n<p>Utrudnienia w tym miejscu potrwaj\u0105 do pi\u0105tku, 19 kwietnia, do godziny 22:00. W kolejny weekend rozpoczn\u0105 si\u0119 prace na drugiej jezdni Gagarina.<\/p>\n\n\n\n<p><\/p>\n\n\n\n<figure class=\"wp-block-image size-large\"><a href=\"https:\/\/transinfo.pl\/wp-content\/uploads\/2024\/04\/Prace-asfaltowe-na-ulicy-Gagarina_graf.-Infoulice-Warszawa-scaled.jpg\"><img decoding=\"async\" src=\"https:\/\/transinfo.pl\/wp-content\/uploads\/2024\/04\/Prace-asfaltowe-na-ulicy-Gagarina_graf.-Infoulice-Warszawa-1024x576.jpg\" alt=\"Budowa kolektora i trasy tramwajowej na ulicy Jurija Gagarina dobiega ko\u0144ca. W pi\u0105tkowy wiecz\u00f3r, 12 kwietnia, rozpoczn\u0105 si\u0119 ostatnie prace asfaltowe na jezdni w kierunku Czerniakowskiej. \" class=\"wp-image-470919\" \/><\/a><figcaption class=\"wp-element-caption\">Organizacja ruchu na ul. Gagarina<\/figcaption><\/figure>\n\n\n\n<p><\/p>\n\n\n\n<h2 class=\"wp-block-heading\" id=\"h-tory-na-gagarina-gotowe\"><strong>Tory na Gagarina gotowe<\/strong><\/h2>\n\n\n\n<p>Wykonawca trasy do Wilanowa, kt\u00f3ra po\u0142\u0105czy si\u0119 z odnog\u0105 na Gagarina, pracuje nad odcinkiem wzd\u0142u\u017c Goworka i Spacerowej oraz na skrzy\u017cowaniu z Belwedersk\u0105. U\u0142o\u017cona zosta\u0142a ju\u017c wi\u0119kszo\u015b\u0107 szyn i rozjazdy, rozwieszona jest te\u017c sie\u0107 trakcyjna. Na maj planowane jest przywr\u00f3cenie ruchu drogowego w dw\u00f3ch kierunkach po Spacerowej. W tym samym czasie ma zosta\u0107 otwarte po\u0142\u0105czenie ulicy Che\u0142mskiej z Jana III Sobieskiego i zamkni\u0119ty wlot ulicy Dolnej. Wykonawca \u2013 Budimex \u2013 b\u0119dzie m\u00f3g\u0142 si\u0119 zaj\u0105\u0107 przebudow\u0105 instalacji podziemnych pod drug\u0105 cz\u0119\u015bci\u0105 skrzy\u017cowania.<\/p>\n\n\n\n<p>Budimex dok\u0142ada wszelkich stara\u0144 by do ko\u0144ca kwietnia odby\u0142y si\u0119 przejazdy techniczne tramwaju po ulicy Gagarina i Spacerowej. To bezpo\u015brednio wp\u0142ynie na rozpocz\u0119cie kursowania z pasa\u017cerami. Wykonawca informuje tak\u017ce, \u017ce we wrze\u015bniu, na pocz\u0105tku roku szkolnego, tramwaje dotr\u0105 do Wilanowa, do przystanku przy Branickiego.<\/p>\n","protected":false},"author":3,"featured_media":267594,"comment_status":"","ping_status":"closed","template":"","categories":[23],"tags":[695,36,123,238,4955,84],"class_list":["post-267593","infotram","type-infotram","status-publish","has-post-thumbnail","hentry","category-infrastruktura","tag-budowa","tag-linia","tag-pasazer","tag-tramwaj","tag-utrudnienia","tag-warszawa"],"acf":[],"yoast_head":"<!-- This site is optimized with the Yoast SEO Premium plugin v21.8 (Yoast SEO v23.7) - https:\/\/yoast.com\/wordpress\/plugins\/seo\/ -->\n<title>Trwaj\u0105 prace przy budowie linii do Wilanowa. Kolejne zmiany dla kierowc\u00f3w i pasa\u017cer\u00f3w od 12 kwietnia - TransInfo Archiwum<\/title>\n<meta name=\"description\" content=\"Budowa kolektora i trasy tramwajowej na ulicy Jurija Gagarina dobiega ko\u0144ca. W pi\u0105tkowy wiecz\u00f3r rozpoczn\u0105 si\u0119 ostatnie prace asfaltowe.\" \/>\n<meta name=\"robots\" content=\"index, follow, max-snippet:-1, max-image-preview:large, max-video-preview:-1\" \/>\n<link rel=\"canonical\" href=\"https:\/\/transinfo.pl\/x\/infotram\/trwaja-prace-przy-budowie-linii-do-wilanowa-kolejne-zmiany-dla-kierowcow-i-pasazerow-od-12-kwietnia\/\" \/>\n<meta property=\"og:locale\" content=\"pl_PL\" \/>\n<meta property=\"og:type\" content=\"article\" \/>\n<meta property=\"og:title\" content=\"Trwaj\u0105 prace przy budowie linii do Wilanowa. Kolejne zmiany dla kierowc\u00f3w i pasa\u017cer\u00f3w od 12 kwietnia\" \/>\n<meta property=\"og:description\" content=\"Budowa kolektora i trasy tramwajowej na ulicy Jurija Gagarina dobiega ko\u0144ca. W pi\u0105tkowy wiecz\u00f3r rozpoczn\u0105 si\u0119 ostatnie prace asfaltowe.\" \/>\n<meta property=\"og:url\" content=\"https:\/\/transinfo.pl\/x\/infotram\/trwaja-prace-przy-budowie-linii-do-wilanowa-kolejne-zmiany-dla-kierowcow-i-pasazerow-od-12-kwietnia\/\" \/>\n<meta property=\"og:site_name\" content=\"TransInfo Archiwum\" \/>\n<meta property=\"og:image\" content=\"https:\/\/transinfo.pl\/x\/wp-content\/uploads\/2024\/04\/Gagarina_prace_kwiecien_01_fot.-S.-Pulcyn-UM-Warszawa.jpg\" \/>\n\t<meta property=\"og:image:width\" content=\"1\" \/>\n\t<meta property=\"og:image:height\" content=\"1\" \/>\n\t<meta property=\"og:image:type\" content=\"image\/jpeg\" \/>\n<meta name=\"twitter:card\" content=\"summary_large_image\" \/>\n<meta name=\"twitter:label1\" content=\"Szacowany czas czytania\" \/>\n\t<meta name=\"twitter:data1\" content=\"3 minuty\" \/>\n<script type=\"application\/ld+json\" class=\"yoast-schema-graph\">{\"@context\":\"https:\/\/schema.org\",\"@graph\":[{\"@type\":\"WebPage\",\"@id\":\"https:\/\/transinfo.pl\/x\/infotram\/trwaja-prace-przy-budowie-linii-do-wilanowa-kolejne-zmiany-dla-kierowcow-i-pasazerow-od-12-kwietnia\/\",\"url\":\"https:\/\/transinfo.pl\/x\/infotram\/trwaja-prace-przy-budowie-linii-do-wilanowa-kolejne-zmiany-dla-kierowcow-i-pasazerow-od-12-kwietnia\/\",\"name\":\"Trwaj\u0105 prace przy budowie linii do Wilanowa. Kolejne zmiany dla kierowc\u00f3w i pasa\u017cer\u00f3w od 12 kwietnia - TransInfo Archiwum\",\"isPartOf\":{\"@id\":\"https:\/\/transinfo.pl\/x\/#website\"},\"primaryImageOfPage\":{\"@id\":\"https:\/\/transinfo.pl\/x\/infotram\/trwaja-prace-przy-budowie-linii-do-wilanowa-kolejne-zmiany-dla-kierowcow-i-pasazerow-od-12-kwietnia\/#primaryimage\"},\"image\":{\"@id\":\"https:\/\/transinfo.pl\/x\/infotram\/trwaja-prace-przy-budowie-linii-do-wilanowa-kolejne-zmiany-dla-kierowcow-i-pasazerow-od-12-kwietnia\/#primaryimage\"},\"thumbnailUrl\":\"https:\/\/transinfo.pl\/x\/wp-content\/uploads\/2024\/04\/Gagarina_prace_kwiecien_01_fot.-S.-Pulcyn-UM-Warszawa.jpg\",\"datePublished\":\"2024-04-10T16:45:00+00:00\",\"dateModified\":\"2024-04-10T16:45:00+00:00\",\"description\":\"Budowa kolektora i trasy tramwajowej na ulicy Jurija Gagarina dobiega ko\u0144ca. W pi\u0105tkowy wiecz\u00f3r rozpoczn\u0105 si\u0119 ostatnie prace asfaltowe.\",\"breadcrumb\":{\"@id\":\"https:\/\/transinfo.pl\/x\/infotram\/trwaja-prace-przy-budowie-linii-do-wilanowa-kolejne-zmiany-dla-kierowcow-i-pasazerow-od-12-kwietnia\/#breadcrumb\"},\"inLanguage\":\"pl-PL\",\"potentialAction\":[{\"@type\":\"ReadAction\",\"target\":[\"https:\/\/transinfo.pl\/x\/infotram\/trwaja-prace-przy-budowie-linii-do-wilanowa-kolejne-zmiany-dla-kierowcow-i-pasazerow-od-12-kwietnia\/\"]}]},{\"@type\":\"ImageObject\",\"inLanguage\":\"pl-PL\",\"@id\":\"https:\/\/transinfo.pl\/x\/infotram\/trwaja-prace-przy-budowie-linii-do-wilanowa-kolejne-zmiany-dla-kierowcow-i-pasazerow-od-12-kwietnia\/#primaryimage\",\"url\":\"https:\/\/transinfo.pl\/x\/wp-content\/uploads\/2024\/04\/Gagarina_prace_kwiecien_01_fot.-S.-Pulcyn-UM-Warszawa.jpg\",\"contentUrl\":\"https:\/\/transinfo.pl\/x\/wp-content\/uploads\/2024\/04\/Gagarina_prace_kwiecien_01_fot.-S.-Pulcyn-UM-Warszawa.jpg\"},{\"@type\":\"BreadcrumbList\",\"@id\":\"https:\/\/transinfo.pl\/x\/infotram\/trwaja-prace-przy-budowie-linii-do-wilanowa-kolejne-zmiany-dla-kierowcow-i-pasazerow-od-12-kwietnia\/#breadcrumb\",\"itemListElement\":[{\"@type\":\"ListItem\",\"position\":1,\"name\":\"Home\",\"item\":\"https:\/\/transinfo.pl\/x\/\"},{\"@type\":\"ListItem\",\"position\":2,\"name\":\"Infotram\",\"item\":\"https:\/\/transinfo.pl\/x\/infotram\/\"},{\"@type\":\"ListItem\",\"position\":3,\"name\":\"Trwaj\u0105 prace przy budowie linii do Wilanowa. Kolejne zmiany dla kierowc\u00f3w i pasa\u017cer\u00f3w od 12 kwietnia\"}]},{\"@type\":\"WebSite\",\"@id\":\"https:\/\/transinfo.pl\/x\/#website\",\"url\":\"https:\/\/transinfo.pl\/x\/\",\"name\":\"TransInfo Archiwum\",\"description\":\"Ca\u0142y transport w jednym miejscu\",\"publisher\":{\"@id\":\"https:\/\/transinfo.pl\/x\/#organization\"},\"potentialAction\":[{\"@type\":\"SearchAction\",\"target\":{\"@type\":\"EntryPoint\",\"urlTemplate\":\"https:\/\/transinfo.pl\/x\/?s={search_term_string}\"},\"query-input\":{\"@type\":\"PropertyValueSpecification\",\"valueRequired\":true,\"valueName\":\"search_term_string\"}}],\"inLanguage\":\"pl-PL\"},{\"@type\":\"Organization\",\"@id\":\"https:\/\/transinfo.pl\/x\/#organization\",\"name\":\"TransInfo\",\"url\":\"https:\/\/transinfo.pl\/x\/\",\"logo\":{\"@type\":\"ImageObject\",\"inLanguage\":\"pl-PL\",\"@id\":\"https:\/\/transinfo.pl\/x\/#\/schema\/logo\/image\/\",\"url\":\"https:\/\/transinfo.pl\/x\/wp-content\/uploads\/2024\/10\/favicon.png\",\"contentUrl\":\"https:\/\/transinfo.pl\/x\/wp-content\/uploads\/2024\/10\/favicon.png\",\"width\":512,\"height\":512,\"caption\":\"TransInfo\"},\"image\":{\"@id\":\"https:\/\/transinfo.pl\/x\/#\/schema\/logo\/image\/\"}}]}<\/script>\n<!-- \/ Yoast SEO Premium plugin. -->","yoast_head_json":{"title":"Trwaj\u0105 prace przy budowie linii do Wilanowa. Kolejne zmiany dla kierowc\u00f3w i pasa\u017cer\u00f3w od 12 kwietnia - TransInfo Archiwum","description":"Budowa kolektora i trasy tramwajowej na ulicy Jurija Gagarina dobiega ko\u0144ca. W pi\u0105tkowy wiecz\u00f3r rozpoczn\u0105 si\u0119 ostatnie prace asfaltowe.","robots":{"index":"index","follow":"follow","max-snippet":"max-snippet:-1","max-image-preview":"max-image-preview:large","max-video-preview":"max-video-preview:-1"},"canonical":"https:\/\/transinfo.pl\/x\/infotram\/trwaja-prace-przy-budowie-linii-do-wilanowa-kolejne-zmiany-dla-kierowcow-i-pasazerow-od-12-kwietnia\/","og_locale":"pl_PL","og_type":"article","og_title":"Trwaj\u0105 prace przy budowie linii do Wilanowa. Kolejne zmiany dla kierowc\u00f3w i pasa\u017cer\u00f3w od 12 kwietnia","og_description":"Budowa kolektora i trasy tramwajowej na ulicy Jurija Gagarina dobiega ko\u0144ca. W pi\u0105tkowy wiecz\u00f3r rozpoczn\u0105 si\u0119 ostatnie prace asfaltowe.","og_url":"https:\/\/transinfo.pl\/x\/infotram\/trwaja-prace-przy-budowie-linii-do-wilanowa-kolejne-zmiany-dla-kierowcow-i-pasazerow-od-12-kwietnia\/","og_site_name":"TransInfo Archiwum","og_image":[{"url":"https:\/\/transinfo.pl\/x\/wp-content\/uploads\/2024\/04\/Gagarina_prace_kwiecien_01_fot.-S.-Pulcyn-UM-Warszawa.jpg","width":1,"height":1,"type":"image\/jpeg"}],"twitter_card":"summary_large_image","twitter_misc":{"Szacowany czas czytania":"3 minuty"},"schema":{"@context":"https:\/\/schema.org","@graph":[{"@type":"WebPage","@id":"https:\/\/transinfo.pl\/x\/infotram\/trwaja-prace-przy-budowie-linii-do-wilanowa-kolejne-zmiany-dla-kierowcow-i-pasazerow-od-12-kwietnia\/","url":"https:\/\/transinfo.pl\/x\/infotram\/trwaja-prace-przy-budowie-linii-do-wilanowa-kolejne-zmiany-dla-kierowcow-i-pasazerow-od-12-kwietnia\/","name":"Trwaj\u0105 prace przy budowie linii do Wilanowa. Kolejne zmiany dla kierowc\u00f3w i pasa\u017cer\u00f3w od 12 kwietnia - TransInfo Archiwum","isPartOf":{"@id":"https:\/\/transinfo.pl\/x\/#website"},"primaryImageOfPage":{"@id":"https:\/\/transinfo.pl\/x\/infotram\/trwaja-prace-przy-budowie-linii-do-wilanowa-kolejne-zmiany-dla-kierowcow-i-pasazerow-od-12-kwietnia\/#primaryimage"},"image":{"@id":"https:\/\/transinfo.pl\/x\/infotram\/trwaja-prace-przy-budowie-linii-do-wilanowa-kolejne-zmiany-dla-kierowcow-i-pasazerow-od-12-kwietnia\/#primaryimage"},"thumbnailUrl":"https:\/\/transinfo.pl\/x\/wp-content\/uploads\/2024\/04\/Gagarina_prace_kwiecien_01_fot.-S.-Pulcyn-UM-Warszawa.jpg","datePublished":"2024-04-10T16:45:00+00:00","dateModified":"2024-04-10T16:45:00+00:00","description":"Budowa kolektora i trasy tramwajowej na ulicy Jurija Gagarina dobiega ko\u0144ca. W pi\u0105tkowy wiecz\u00f3r rozpoczn\u0105 si\u0119 ostatnie prace asfaltowe.","breadcrumb":{"@id":"https:\/\/transinfo.pl\/x\/infotram\/trwaja-prace-przy-budowie-linii-do-wilanowa-kolejne-zmiany-dla-kierowcow-i-pasazerow-od-12-kwietnia\/#breadcrumb"},"inLanguage":"pl-PL","potentialAction":[{"@type":"ReadAction","target":["https:\/\/transinfo.pl\/x\/infotram\/trwaja-prace-przy-budowie-linii-do-wilanowa-kolejne-zmiany-dla-kierowcow-i-pasazerow-od-12-kwietnia\/"]}]},{"@type":"ImageObject","inLanguage":"pl-PL","@id":"https:\/\/transinfo.pl\/x\/infotram\/trwaja-prace-przy-budowie-linii-do-wilanowa-kolejne-zmiany-dla-kierowcow-i-pasazerow-od-12-kwietnia\/#primaryimage","url":"https:\/\/transinfo.pl\/x\/wp-content\/uploads\/2024\/04\/Gagarina_prace_kwiecien_01_fot.-S.-Pulcyn-UM-Warszawa.jpg","contentUrl":"https:\/\/transinfo.pl\/x\/wp-content\/uploads\/2024\/04\/Gagarina_prace_kwiecien_01_fot.-S.-Pulcyn-UM-Warszawa.jpg"},{"@type":"BreadcrumbList","@id":"https:\/\/transinfo.pl\/x\/infotram\/trwaja-prace-przy-budowie-linii-do-wilanowa-kolejne-zmiany-dla-kierowcow-i-pasazerow-od-12-kwietnia\/#breadcrumb","itemListElement":[{"@type":"ListItem","position":1,"name":"Home","item":"https:\/\/transinfo.pl\/x\/"},{"@type":"ListItem","position":2,"name":"Infotram","item":"https:\/\/transinfo.pl\/x\/infotram\/"},{"@type":"ListItem","position":3,"name":"Trwaj\u0105 prace przy budowie linii do Wilanowa. Kolejne zmiany dla kierowc\u00f3w i pasa\u017cer\u00f3w od 12 kwietnia"}]},{"@type":"WebSite","@id":"https:\/\/transinfo.pl\/x\/#website","url":"https:\/\/transinfo.pl\/x\/","name":"TransInfo Archiwum","description":"Ca\u0142y transport w jednym miejscu","publisher":{"@id":"https:\/\/transinfo.pl\/x\/#organization"},"potentialAction":[{"@type":"SearchAction","target":{"@type":"EntryPoint","urlTemplate":"https:\/\/transinfo.pl\/x\/?s={search_term_string}"},"query-input":{"@type":"PropertyValueSpecification","valueRequired":true,"valueName":"search_term_string"}}],"inLanguage":"pl-PL"},{"@type":"Organization","@id":"https:\/\/transinfo.pl\/x\/#organization","name":"TransInfo","url":"https:\/\/transinfo.pl\/x\/","logo":{"@type":"ImageObject","inLanguage":"pl-PL","@id":"https:\/\/transinfo.pl\/x\/#\/schema\/logo\/image\/","url":"https:\/\/transinfo.pl\/x\/wp-content\/uploads\/2024\/10\/favicon.png","contentUrl":"https:\/\/transinfo.pl\/x\/wp-content\/uploads\/2024\/10\/favicon.png","width":512,"height":512,"caption":"TransInfo"},"image":{"@id":"https:\/\/transinfo.pl\/x\/#\/schema\/logo\/image\/"}}]}},"_links":{"self":[{"href":"https:\/\/transinfo.pl\/x\/wp-json\/wp\/v2\/infotram\/267593","targetHints":{"allow":["GET"]}}],"collection":[{"href":"https:\/\/transinfo.pl\/x\/wp-json\/wp\/v2\/infotram"}],"about":[{"href":"https:\/\/transinfo.pl\/x\/wp-json\/wp\/v2\/types\/infotram"}],"author":[{"embeddable":true,"href":"https:\/\/transinfo.pl\/x\/wp-json\/wp\/v2\/users\/3"}],"replies":[{"embeddable":true,"href":"https:\/\/transinfo.pl\/x\/wp-json\/wp\/v2\/comments?post=267593"}],"wp:featuredmedia":[{"embeddable":true,"href":"https:\/\/transinfo.pl\/x\/wp-json\/wp\/v2\/media\/267594"}],"wp:attachment":[{"href":"https:\/\/transinfo.pl\/x\/wp-json\/wp\/v2\/media?parent=267593"}],"wp:term":[{"taxonomy":"category","embeddable":true,"href":"https:\/\/transinfo.pl\/x\/wp-json\/wp\/v2\/categories?post=267593"},{"taxonomy":"post_tag","embeddable":true,"href":"https:\/\/transinfo.pl\/x\/wp-json\/wp\/v2\/tags?post=267593"}],"curies":[{"name":"wp","href":"https:\/\/api.w.org\/{rel}","templated":true}]}}