{"id":267099,"date":"2024-04-02T13:45:00","date_gmt":"2024-04-02T13:45:00","guid":{"rendered":"https:\/\/transinfo.pl\/x\/infotram\/swiateczne-wzmocnienia-na-liniach-tramwajowych-mpk-krakow\/"},"modified":"2024-04-02T13:45:00","modified_gmt":"2024-04-02T13:45:00","slug":"swiateczne-wzmocnienia-na-liniach-tramwajowych-mpk-krakow","status":"publish","type":"infotram","link":"https:\/\/transinfo.pl\/x\/infotram\/swiateczne-wzmocnienia-na-liniach-tramwajowych-mpk-krakow\/","title":{"rendered":"\u015awi\u0105teczne wzmocnienia na liniach tramwajowych MPK Krak\u00f3w"},"content":{"rendered":"<style>h1,h2,h3,h4,h5,h6{margin:0 0 1.25rem;font-family:Arial,sans-serif;font-weight:600;color:#050505}h1{font-size:1.875rem;line-height:1.1em;text-transform:none}@media(min-width: 768px){h1{font-size:2.375rem}}h2{font-size:1.1875rem;line-height:1.2em;text-transform:uppercase}@media(min-width: 768px){h2{font-size:1.0625rem}}h3{font-size:0.9375rem;line-height:1.4em;font-weight:900;margin-bottom:0.9375rem}h4{font-size:0.875rem;line-height:1.2em;font-weight:500}h5{font-size:0.9375rem;line-height:1.6;font-weight:400}h6{font-size:0.9375rem;line-height:1.6;font-weight:600}\n<\/style>\n<h3 class=\"wp-block-heading\" id=\"h-w-niedziele-7-kwietnia-w-lagiewnikach-odbywac-sie-beda-uroczystosci-z-okazji-swieta-bozego-milosierdzia-w-zwiazku-ze-spodziewanym-zwiekszonym-zainteresowaniem-pasazerow-transportem-zbiorowym-oraz-w-celu-ulatwienia-dojazdu-wiernych-zostanie-wzmocniona-komunikacja-miejska\">W niedziel\u0119, 7 kwietnia, w \u0141agiewnikach odbywa\u0107 si\u0119 b\u0119d\u0105 uroczysto\u015bci z okazji \u015bwi\u0119ta Bo\u017cego Mi\u0142osierdzia. W zwi\u0105zku ze spodziewanym zwi\u0119kszonym zainteresowaniem pasa\u017cer\u00f3w transportem zbiorowym oraz w celu u\u0142atwienia dojazdu wiernych zostanie wzmocniona komunikacja miejska.<\/h3>\n\n\n<style>p{margin:0 0 1.5rem}p:last-child{margin:0}p.is-style-uppercase{text-transform:uppercase}p.is-style-preheading{color:#12406a;text-transform:uppercase}p.is-style-leadparagraph{font-size:1rem;line-height:1.625;font-weight:700}@media(min-width: 768px){p.is-style-leadparagraph{font-size:1.125rem;line-height:1.5555555556}}p.has-small-margin{margin-bottom:0.625rem}p.has-small-margin+h1,p.has-small-margin+h2,p.has-small-margin+h3{margin-top:1.875rem}\n<\/style>\n<p>Linie tramwajowe funkcjonowa\u0107 b\u0119d\u0105 wed\u0142ug podanego ni\u017cej porz\u0105dku.<\/p>\n\n\n\n<h2 class=\"wp-block-heading\" id=\"h-wiecej-tramwajow\">Wi\u0119cej tramwaj\u00f3w<\/h2>\n\n\n\n<p>Linie tramwajowe pojad\u0105 wed\u0142ug nast\u0119puj\u0105cych zasad:<\/p>\n\n\n<style>.page-content ul:not([class]),.acf-block ul:not([class]),.editor-rich-text ul,ol{padding-left:0.9375rem;margin-top:0;margin-bottom:1.5rem}.page-content ul:not([class]) ul,.page-content ul:not([class]) ol,.acf-block ul:not([class]) ul,.acf-block ul:not([class]) ol,.editor-rich-text ul ul,.editor-rich-text ul ol,ol ul,ol ol{margin:0}.page-content ul:not([class]) li,.acf-block ul:not([class]) li,.editor-rich-text ul li,ol li{margin-bottom:1.5rem}ul.with-icons{list-style:none;margin-left:0;padding-left:0}ul.with-icons li{margin-bottom:1.875rem}ul.with-icons li img{margin-bottom:15px}\n<\/style>\n<ul class=\"wp-block-list\">\n<li><strong>linia 8<\/strong>:\n<ul class=\"wp-block-list\">\n<li>b\u0119dzie kursowa\u0107 wed\u0142ug specjalnego rozk\u0142adu jazdy z cz\u0119stotliwo\u015bci\u0105 zwi\u0119kszon\u0105 do&nbsp;<strong>10 minut<\/strong>&nbsp;w godz. ok.&nbsp;<strong>7.00\u201320.00<\/strong><\/li>\n<\/ul>\n<\/li>\n\n\n\n<li><strong>linia 10<\/strong>:\n<ul class=\"wp-block-list\">\n<li>b\u0119dzie kursowa\u0107 wed\u0142ug specjalnego rozk\u0142adu jazdy z cz\u0119stotliwo\u015bci\u0105 zwi\u0119kszon\u0105 do&nbsp;<strong>20 minut<\/strong>&nbsp;w godz. ok.&nbsp;<strong>7.00\u20139.00<\/strong>&nbsp;i nast\u0119pnie ze zwyk\u0142\u0105 cz\u0119stotliwo\u015bci\u0105 (co&nbsp;<strong>20 minut<\/strong>)<\/li>\n\n\n\n<li>do obs\u0142ugi b\u0119dzie kierowany tabor o zwi\u0119kszonej pojemno\u015bci<\/li>\n<\/ul>\n<\/li>\n\n\n\n<li><strong>linia 11<\/strong>:\n<ul class=\"wp-block-list\">\n<li>b\u0119dzie kursowa\u0107 wed\u0142ug specjalnego rozk\u0142adu jazdy z cz\u0119stotliwo\u015bci\u0105 co&nbsp;<strong>20 minut<\/strong>&nbsp;w godz. ok.&nbsp;<strong>7.00\u20139.00<\/strong>&nbsp;i nast\u0119pnie ze zwyk\u0142\u0105 cz\u0119stotliwo\u015bci\u0105 (co&nbsp;<strong>20 minut<\/strong>)<\/li>\n<\/ul>\n<\/li>\n\n\n\n<li><strong>linia 22<\/strong>:\n<ul class=\"wp-block-list\">\n<li>b\u0119dzie kursowa\u0107 ze zwyk\u0142\u0105 cz\u0119stotliwo\u015bci\u0105 (co\u00a0<strong>20 minut<\/strong>)<\/li>\n<\/ul>\n<\/li>\n<\/ul>\n\n\n\n<p><\/p>\n\n\n<style>.wp-block-image{margin:1.25rem 0;text-align:center}.wp-block-image figcaption{padding:0 0.9375rem;text-align:center}\n<\/style>\n<figure class=\"wp-block-image size-full\"><a href=\"https:\/\/transinfo.pl\/wp-content\/uploads\/2023\/08\/tramwaj-krakow.jpg\"><img decoding=\"async\" src=\"https:\/\/transinfo.pl\/wp-content\/uploads\/2023\/08\/tramwaj-krakow.jpg\" alt=\"Tramwaj w Krakowie\" class=\"wp-image-441006\" \/><\/a><figcaption class=\"wp-element-caption\">Tramwaj MPK Krak\u00f3w<\/figcaption><\/figure>\n\n\n\n<p><\/p>\n\n\n\n<ul class=\"wp-block-list\">\n<li><strong>linia 24<\/strong>&nbsp;\u2013 zostanie zawieszona w godz. ok.&nbsp;<strong>7.00\u201320.00<\/strong>&nbsp;(w zamian b\u0119dzie kursowa\u0107&nbsp;<strong>linia 48<\/strong>)<\/li>\n\n\n\n<li><strong>linia 50<\/strong>:\n<ul class=\"wp-block-list\">\n<li>b\u0119dzie kursowa\u0107 wed\u0142ug specjalnego rozk\u0142adu jazdy z cz\u0119stotliwo\u015bci\u0105 zwi\u0119kszon\u0105 do&nbsp;<strong>10 minut<\/strong>&nbsp;w godz. ok.&nbsp;<strong>8.00\u201321.00<\/strong><\/li>\n\n\n\n<li>wszystkie kursy b\u0119d\u0105 realizowane po trasie \u201e<strong>Krowodrza G\u00f3rka\u201d \u2013 \u201eBorek Fa\u0142\u0119cki\u201d<\/strong><\/li>\n<\/ul>\n<\/li>\n\n\n\n<li><strong>linia 42<\/strong>\u00a0\u2013 specjalna linia tramwajowa kursuj\u0105ca po nast\u0119puj\u0105cej trasie:\u00a0<strong>\u201eOs. Piast\u00f3w<\/strong>\u201d \u2013 Piasta Ko\u0142odzieja \u2013 Miko\u0142ajczyka \u2013 al. Andersa \u2013 Bie\u0144czycka \u2013 al. Jana Paw\u0142a II \u2013 Mogilska \u2013 Lubicz \u2013 Westerplatte \u2013 Starowi\u015blna \u2013 Dietla \u2013 Monte Cassino \u2013 Kapelanka \u2013 Bro\u017cka \u2013 Zakopia\u0144ska \u2013 Trasa \u0141agiewnicka \u2013 \u201e<strong>Kurdwan\u00f3w P+R\u201d<\/strong>\n<ul class=\"wp-block-list\">\n<li>linia b\u0119dzie kursowa\u0107 w godz. ok.\u00a0<strong>7.00\u201320.00&nbsp;<\/strong>z nast\u0119puj\u0105c\u0105 cz\u0119stotliwo\u015bci\u0105:\n<ul class=\"wp-block-list\">\n<li>w godz. ok.&nbsp;<strong>7.00\u20138.00<\/strong>&nbsp;co&nbsp;<strong>20 minut<\/strong><\/li>\n\n\n\n<li>w godz. ok.&nbsp;<strong>8.00\u201317.00<\/strong>&nbsp;co&nbsp;<strong>10 minut<\/strong><\/li>\n\n\n\n<li>w godz. ok.&nbsp;<strong>17.00\u201320.00<\/strong>&nbsp;co&nbsp;<strong>20 minut<\/strong><\/li>\n<\/ul>\n<\/li>\n\n\n\n<li>linia wykona tak\u017ce jedn\u0105 par\u0119 kurs\u00f3w w nocy z\u00a0<strong>6 na 7 kwietnia (sobota\/niedziela)<\/strong>\u00a0(celem zapewnienia dojazdu na nocn\u0105 msz\u0119 \u015bw. i powrotu z niej):\n<ul class=\"wp-block-list\">\n<li>z \u201e<strong>Os. Piast\u00f3w<\/strong>\u201d oko\u0142o&nbsp;<strong>22.45<\/strong><\/li>\n\n\n\n<li>z&nbsp;<strong>\u201eKurdwanowa P+R<\/strong>\u201d oko\u0142o&nbsp;<strong>1.45<\/strong><\/li>\n<\/ul>\n<\/li>\n<\/ul>\n<\/li>\n\n\n\n<li><strong>linia 48<\/strong>\u00a0\u2013 specjalna linia tramwajowa kursuj\u0105ca po nast\u0119puj\u0105cej trasie:\u00a0<strong>\u201eBronowice Ma\u0142e\u201d<\/strong>\u00a0\u2013 Balicka \u2013 Bronowicka \u2013 Kr\u00f3lewska \u2013 Karmelicka \u2013 Dunajewskiego \u2013 Basztowa \u2013 Westerplatte \u2013 Starowi\u015blna \u2013 Na Zje\u017adzie \u2013 Wielicka \u2013 Nowos\u0105decka \u2013 Witosa \u2013 Trasa \u0141agiewnicka \u2013 Zakopia\u0144ska \u2013\u00a0<strong>\u201eBorek Fa\u0142\u0119cki\u201d<\/strong>\n<ul class=\"wp-block-list\">\n<li>linia b\u0119dzie kursowa\u0107 w godz. ok.&nbsp;<strong>7.00\u201320.00<\/strong>&nbsp;z cz\u0119stotliwo\u015bci\u0105 co&nbsp;<strong>20 minut<\/strong>.<\/li>\n<\/ul>\n<\/li>\n<\/ul>\n","protected":false},"author":3,"featured_media":267100,"comment_status":"","ping_status":"closed","template":"","categories":[28],"tags":[58,36,812,123,238],"class_list":["post-267099","infotram","type-infotram","status-publish","has-post-thumbnail","hentry","category-pasazer","tag-krakow","tag-linia","tag-mpk-krakow","tag-pasazer","tag-tramwaj"],"acf":[],"yoast_head":"<!-- This site is optimized with the Yoast SEO Premium plugin v21.8 (Yoast SEO v23.7) - https:\/\/yoast.com\/wordpress\/plugins\/seo\/ -->\n<title>\u015awi\u0105teczne wzmocnienia na liniach tramwajowych MPK Krak\u00f3w - TransInfo Archiwum<\/title>\n<meta name=\"description\" content=\"W zwi\u0105zku ze spodziewanym zwi\u0119kszonym zainteresowaniem pasa\u017cer\u00f3w transportem zbiorowym zostanie wzmocniona komunikacja miejska.\" \/>\n<meta name=\"robots\" content=\"index, follow, max-snippet:-1, max-image-preview:large, max-video-preview:-1\" \/>\n<link rel=\"canonical\" href=\"https:\/\/transinfo.pl\/x\/infotram\/swiateczne-wzmocnienia-na-liniach-tramwajowych-mpk-krakow\/\" \/>\n<meta property=\"og:locale\" content=\"pl_PL\" \/>\n<meta property=\"og:type\" content=\"article\" \/>\n<meta property=\"og:title\" content=\"\u015awi\u0105teczne wzmocnienia na liniach tramwajowych MPK Krak\u00f3w\" \/>\n<meta property=\"og:description\" content=\"W zwi\u0105zku ze spodziewanym zwi\u0119kszonym zainteresowaniem pasa\u017cer\u00f3w transportem zbiorowym zostanie wzmocniona komunikacja miejska.\" \/>\n<meta property=\"og:url\" content=\"https:\/\/transinfo.pl\/x\/infotram\/swiateczne-wzmocnienia-na-liniach-tramwajowych-mpk-krakow\/\" \/>\n<meta property=\"og:site_name\" content=\"TransInfo Archiwum\" \/>\n<meta property=\"og:image\" content=\"https:\/\/transinfo.pl\/x\/wp-content\/uploads\/2024\/02\/mpk-krakow-2.jpg\" \/>\n\t<meta property=\"og:image:width\" content=\"1\" \/>\n\t<meta property=\"og:image:height\" content=\"1\" \/>\n\t<meta property=\"og:image:type\" content=\"image\/jpeg\" \/>\n<meta name=\"twitter:card\" content=\"summary_large_image\" \/>\n<meta name=\"twitter:label1\" content=\"Szacowany czas czytania\" \/>\n\t<meta name=\"twitter:data1\" content=\"2 minuty\" \/>\n<script type=\"application\/ld+json\" class=\"yoast-schema-graph\">{\"@context\":\"https:\/\/schema.org\",\"@graph\":[{\"@type\":\"WebPage\",\"@id\":\"https:\/\/transinfo.pl\/x\/infotram\/swiateczne-wzmocnienia-na-liniach-tramwajowych-mpk-krakow\/\",\"url\":\"https:\/\/transinfo.pl\/x\/infotram\/swiateczne-wzmocnienia-na-liniach-tramwajowych-mpk-krakow\/\",\"name\":\"\u015awi\u0105teczne wzmocnienia na liniach tramwajowych MPK Krak\u00f3w - TransInfo Archiwum\",\"isPartOf\":{\"@id\":\"https:\/\/transinfo.pl\/x\/#website\"},\"primaryImageOfPage\":{\"@id\":\"https:\/\/transinfo.pl\/x\/infotram\/swiateczne-wzmocnienia-na-liniach-tramwajowych-mpk-krakow\/#primaryimage\"},\"image\":{\"@id\":\"https:\/\/transinfo.pl\/x\/infotram\/swiateczne-wzmocnienia-na-liniach-tramwajowych-mpk-krakow\/#primaryimage\"},\"thumbnailUrl\":\"https:\/\/transinfo.pl\/x\/wp-content\/uploads\/2024\/02\/mpk-krakow-2.jpg\",\"datePublished\":\"2024-04-02T13:45:00+00:00\",\"dateModified\":\"2024-04-02T13:45:00+00:00\",\"description\":\"W zwi\u0105zku ze spodziewanym zwi\u0119kszonym zainteresowaniem pasa\u017cer\u00f3w transportem zbiorowym zostanie wzmocniona komunikacja miejska.\",\"breadcrumb\":{\"@id\":\"https:\/\/transinfo.pl\/x\/infotram\/swiateczne-wzmocnienia-na-liniach-tramwajowych-mpk-krakow\/#breadcrumb\"},\"inLanguage\":\"pl-PL\",\"potentialAction\":[{\"@type\":\"ReadAction\",\"target\":[\"https:\/\/transinfo.pl\/x\/infotram\/swiateczne-wzmocnienia-na-liniach-tramwajowych-mpk-krakow\/\"]}]},{\"@type\":\"ImageObject\",\"inLanguage\":\"pl-PL\",\"@id\":\"https:\/\/transinfo.pl\/x\/infotram\/swiateczne-wzmocnienia-na-liniach-tramwajowych-mpk-krakow\/#primaryimage\",\"url\":\"https:\/\/transinfo.pl\/x\/wp-content\/uploads\/2024\/02\/mpk-krakow-2.jpg\",\"contentUrl\":\"https:\/\/transinfo.pl\/x\/wp-content\/uploads\/2024\/02\/mpk-krakow-2.jpg\"},{\"@type\":\"BreadcrumbList\",\"@id\":\"https:\/\/transinfo.pl\/x\/infotram\/swiateczne-wzmocnienia-na-liniach-tramwajowych-mpk-krakow\/#breadcrumb\",\"itemListElement\":[{\"@type\":\"ListItem\",\"position\":1,\"name\":\"Home\",\"item\":\"https:\/\/transinfo.pl\/x\/\"},{\"@type\":\"ListItem\",\"position\":2,\"name\":\"Infotram\",\"item\":\"https:\/\/transinfo.pl\/x\/infotram\/\"},{\"@type\":\"ListItem\",\"position\":3,\"name\":\"\u015awi\u0105teczne wzmocnienia na liniach tramwajowych MPK Krak\u00f3w\"}]},{\"@type\":\"WebSite\",\"@id\":\"https:\/\/transinfo.pl\/x\/#website\",\"url\":\"https:\/\/transinfo.pl\/x\/\",\"name\":\"TransInfo Archiwum\",\"description\":\"Ca\u0142y transport w jednym miejscu\",\"publisher\":{\"@id\":\"https:\/\/transinfo.pl\/x\/#organization\"},\"potentialAction\":[{\"@type\":\"SearchAction\",\"target\":{\"@type\":\"EntryPoint\",\"urlTemplate\":\"https:\/\/transinfo.pl\/x\/?s={search_term_string}\"},\"query-input\":{\"@type\":\"PropertyValueSpecification\",\"valueRequired\":true,\"valueName\":\"search_term_string\"}}],\"inLanguage\":\"pl-PL\"},{\"@type\":\"Organization\",\"@id\":\"https:\/\/transinfo.pl\/x\/#organization\",\"name\":\"TransInfo\",\"url\":\"https:\/\/transinfo.pl\/x\/\",\"logo\":{\"@type\":\"ImageObject\",\"inLanguage\":\"pl-PL\",\"@id\":\"https:\/\/transinfo.pl\/x\/#\/schema\/logo\/image\/\",\"url\":\"https:\/\/transinfo.pl\/x\/wp-content\/uploads\/2024\/10\/favicon.png\",\"contentUrl\":\"https:\/\/transinfo.pl\/x\/wp-content\/uploads\/2024\/10\/favicon.png\",\"width\":512,\"height\":512,\"caption\":\"TransInfo\"},\"image\":{\"@id\":\"https:\/\/transinfo.pl\/x\/#\/schema\/logo\/image\/\"}}]}<\/script>\n<!-- \/ Yoast SEO Premium plugin. -->","yoast_head_json":{"title":"\u015awi\u0105teczne wzmocnienia na liniach tramwajowych MPK Krak\u00f3w - TransInfo Archiwum","description":"W zwi\u0105zku ze spodziewanym zwi\u0119kszonym zainteresowaniem pasa\u017cer\u00f3w transportem zbiorowym zostanie wzmocniona komunikacja miejska.","robots":{"index":"index","follow":"follow","max-snippet":"max-snippet:-1","max-image-preview":"max-image-preview:large","max-video-preview":"max-video-preview:-1"},"canonical":"https:\/\/transinfo.pl\/x\/infotram\/swiateczne-wzmocnienia-na-liniach-tramwajowych-mpk-krakow\/","og_locale":"pl_PL","og_type":"article","og_title":"\u015awi\u0105teczne wzmocnienia na liniach tramwajowych MPK Krak\u00f3w","og_description":"W zwi\u0105zku ze spodziewanym zwi\u0119kszonym zainteresowaniem pasa\u017cer\u00f3w transportem zbiorowym zostanie wzmocniona komunikacja miejska.","og_url":"https:\/\/transinfo.pl\/x\/infotram\/swiateczne-wzmocnienia-na-liniach-tramwajowych-mpk-krakow\/","og_site_name":"TransInfo Archiwum","og_image":[{"url":"https:\/\/transinfo.pl\/x\/wp-content\/uploads\/2024\/02\/mpk-krakow-2.jpg","width":1,"height":1,"type":"image\/jpeg"}],"twitter_card":"summary_large_image","twitter_misc":{"Szacowany czas czytania":"2 minuty"},"schema":{"@context":"https:\/\/schema.org","@graph":[{"@type":"WebPage","@id":"https:\/\/transinfo.pl\/x\/infotram\/swiateczne-wzmocnienia-na-liniach-tramwajowych-mpk-krakow\/","url":"https:\/\/transinfo.pl\/x\/infotram\/swiateczne-wzmocnienia-na-liniach-tramwajowych-mpk-krakow\/","name":"\u015awi\u0105teczne wzmocnienia na liniach tramwajowych MPK Krak\u00f3w - TransInfo Archiwum","isPartOf":{"@id":"https:\/\/transinfo.pl\/x\/#website"},"primaryImageOfPage":{"@id":"https:\/\/transinfo.pl\/x\/infotram\/swiateczne-wzmocnienia-na-liniach-tramwajowych-mpk-krakow\/#primaryimage"},"image":{"@id":"https:\/\/transinfo.pl\/x\/infotram\/swiateczne-wzmocnienia-na-liniach-tramwajowych-mpk-krakow\/#primaryimage"},"thumbnailUrl":"https:\/\/transinfo.pl\/x\/wp-content\/uploads\/2024\/02\/mpk-krakow-2.jpg","datePublished":"2024-04-02T13:45:00+00:00","dateModified":"2024-04-02T13:45:00+00:00","description":"W zwi\u0105zku ze spodziewanym zwi\u0119kszonym zainteresowaniem pasa\u017cer\u00f3w transportem zbiorowym zostanie wzmocniona komunikacja miejska.","breadcrumb":{"@id":"https:\/\/transinfo.pl\/x\/infotram\/swiateczne-wzmocnienia-na-liniach-tramwajowych-mpk-krakow\/#breadcrumb"},"inLanguage":"pl-PL","potentialAction":[{"@type":"ReadAction","target":["https:\/\/transinfo.pl\/x\/infotram\/swiateczne-wzmocnienia-na-liniach-tramwajowych-mpk-krakow\/"]}]},{"@type":"ImageObject","inLanguage":"pl-PL","@id":"https:\/\/transinfo.pl\/x\/infotram\/swiateczne-wzmocnienia-na-liniach-tramwajowych-mpk-krakow\/#primaryimage","url":"https:\/\/transinfo.pl\/x\/wp-content\/uploads\/2024\/02\/mpk-krakow-2.jpg","contentUrl":"https:\/\/transinfo.pl\/x\/wp-content\/uploads\/2024\/02\/mpk-krakow-2.jpg"},{"@type":"BreadcrumbList","@id":"https:\/\/transinfo.pl\/x\/infotram\/swiateczne-wzmocnienia-na-liniach-tramwajowych-mpk-krakow\/#breadcrumb","itemListElement":[{"@type":"ListItem","position":1,"name":"Home","item":"https:\/\/transinfo.pl\/x\/"},{"@type":"ListItem","position":2,"name":"Infotram","item":"https:\/\/transinfo.pl\/x\/infotram\/"},{"@type":"ListItem","position":3,"name":"\u015awi\u0105teczne wzmocnienia na liniach tramwajowych MPK Krak\u00f3w"}]},{"@type":"WebSite","@id":"https:\/\/transinfo.pl\/x\/#website","url":"https:\/\/transinfo.pl\/x\/","name":"TransInfo Archiwum","description":"Ca\u0142y transport w jednym miejscu","publisher":{"@id":"https:\/\/transinfo.pl\/x\/#organization"},"potentialAction":[{"@type":"SearchAction","target":{"@type":"EntryPoint","urlTemplate":"https:\/\/transinfo.pl\/x\/?s={search_term_string}"},"query-input":{"@type":"PropertyValueSpecification","valueRequired":true,"valueName":"search_term_string"}}],"inLanguage":"pl-PL"},{"@type":"Organization","@id":"https:\/\/transinfo.pl\/x\/#organization","name":"TransInfo","url":"https:\/\/transinfo.pl\/x\/","logo":{"@type":"ImageObject","inLanguage":"pl-PL","@id":"https:\/\/transinfo.pl\/x\/#\/schema\/logo\/image\/","url":"https:\/\/transinfo.pl\/x\/wp-content\/uploads\/2024\/10\/favicon.png","contentUrl":"https:\/\/transinfo.pl\/x\/wp-content\/uploads\/2024\/10\/favicon.png","width":512,"height":512,"caption":"TransInfo"},"image":{"@id":"https:\/\/transinfo.pl\/x\/#\/schema\/logo\/image\/"}}]}},"_links":{"self":[{"href":"https:\/\/transinfo.pl\/x\/wp-json\/wp\/v2\/infotram\/267099","targetHints":{"allow":["GET"]}}],"collection":[{"href":"https:\/\/transinfo.pl\/x\/wp-json\/wp\/v2\/infotram"}],"about":[{"href":"https:\/\/transinfo.pl\/x\/wp-json\/wp\/v2\/types\/infotram"}],"author":[{"embeddable":true,"href":"https:\/\/transinfo.pl\/x\/wp-json\/wp\/v2\/users\/3"}],"replies":[{"embeddable":true,"href":"https:\/\/transinfo.pl\/x\/wp-json\/wp\/v2\/comments?post=267099"}],"wp:featuredmedia":[{"embeddable":true,"href":"https:\/\/transinfo.pl\/x\/wp-json\/wp\/v2\/media\/267100"}],"wp:attachment":[{"href":"https:\/\/transinfo.pl\/x\/wp-json\/wp\/v2\/media?parent=267099"}],"wp:term":[{"taxonomy":"category","embeddable":true,"href":"https:\/\/transinfo.pl\/x\/wp-json\/wp\/v2\/categories?post=267099"},{"taxonomy":"post_tag","embeddable":true,"href":"https:\/\/transinfo.pl\/x\/wp-json\/wp\/v2\/tags?post=267099"}],"curies":[{"name":"wp","href":"https:\/\/api.w.org\/{rel}","templated":true}]}}