{"id":266854,"date":"2024-03-27T10:45:00","date_gmt":"2024-03-27T10:45:00","guid":{"rendered":"https:\/\/transinfo.pl\/x\/infotram\/30-modersusow-gamma-w-nowej-zajezdni-mpk-lodz\/"},"modified":"2024-03-27T10:45:00","modified_gmt":"2024-03-27T10:45:00","slug":"30-modersusow-gamma-w-nowej-zajezdni-mpk-lodz","status":"publish","type":"infotram","link":"https:\/\/transinfo.pl\/x\/infotram\/30-modersusow-gamma-w-nowej-zajezdni-mpk-lodz\/","title":{"rendered":"30 Modersus\u00f3w Gamma w nowej zajezdni MPK \u0141\u00f3d\u017a"},"content":{"rendered":"<style>h1,h2,h3,h4,h5,h6{margin:0 0 1.25rem;font-family:Arial,sans-serif;font-weight:600;color:#050505}h1{font-size:1.875rem;line-height:1.1em;text-transform:none}@media(min-width: 768px){h1{font-size:2.375rem}}h2{font-size:1.1875rem;line-height:1.2em;text-transform:uppercase}@media(min-width: 768px){h2{font-size:1.0625rem}}h3{font-size:0.9375rem;line-height:1.4em;font-weight:900;margin-bottom:0.9375rem}h4{font-size:0.875rem;line-height:1.2em;font-weight:500}h5{font-size:0.9375rem;line-height:1.6;font-weight:400}h6{font-size:0.9375rem;line-height:1.6;font-weight:600}\n<\/style>\n<h3 class=\"wp-block-heading\" id=\"h-po-przebudowie-zajezdni-chocianowice-lodz-zyska-nowoczesne-centrum-obslugi-tramwajow-a-po-remoncie-trafi-do-niej-30-nowoczesnych-pojazdow-moderus-gamma\">Po przebudowie zajezdni Chocianowice \u0141\u00f3d\u017a zyska nowoczesne centrum obs\u0142ugi tramwaj\u00f3w, a po remoncie trafi do niej 30 nowoczesnych pojazd\u00f3w Moderus Gamma.<\/h3>\n\n\n<style>p{margin:0 0 1.5rem}p:last-child{margin:0}p.is-style-uppercase{text-transform:uppercase}p.is-style-preheading{color:#12406a;text-transform:uppercase}p.is-style-leadparagraph{font-size:1rem;line-height:1.625;font-weight:700}@media(min-width: 768px){p.is-style-leadparagraph{font-size:1.125rem;line-height:1.5555555556}}p.has-small-margin{margin-bottom:0.625rem}p.has-small-margin+h1,p.has-small-margin+h2,p.has-small-margin+h3{margin-top:1.875rem}\n<\/style>\n<p>W kwietniu cz\u0119\u015bciowo otwarty zostanie wjazd do zajezdni dla tramwaj\u00f3w codziennej obs\u0142ugi liniowej miasta.<\/p>\n\n\n\n<h2 class=\"wp-block-heading\" id=\"h-prace-trwaja\">Prace trwaj\u0105<\/h2>\n\n\n\n<p>Na placu budowy nieprzerwanie wykonywane s\u0105 dwa rodzaje rob\u00f3t. Pierwsze to oczywi\u015bcie torowe \u2013 tu uwaga wykonawcy skupia si\u0119 przede wszystkim na uk\u0142adzie nowych torowisk i rozjazd\u00f3w wok\u00f3\u0142 nowego budynku zajezdni. W przypadku prac budowlanych w g\u0142\u00f3wnym budynku montowane jest zadaszenie, trwaj\u0105 r\u00f3wnie\u017c roboty \u017celbetowe na g\u0142\u00f3wnej konstrukcji nowej hali. W budynku administracyjnym za kilka dni rozpoczn\u0105 si\u0119 prace przy przebudowie i odnowie zabytkowych wn\u0119trz. Wykonawca potwierdza, \u017ce w kwietniu cz\u0119\u015bciowo otwarty zostanie wjazd do zajezdni dla tramwaj\u00f3w codziennej obs\u0142ugi liniowej miasta.<\/p>\n\n\n\n<p><\/p>\n\n\n<style>.wp-block-image{margin:1.25rem 0;text-align:center}.wp-block-image figcaption{padding:0 0.9375rem;text-align:center}\n<\/style>\n<figure class=\"wp-block-image size-full\"><a href=\"https:\/\/transinfo.pl\/wp-content\/uploads\/2024\/03\/csm_zajezdnia-chocianowice-lodz-przebudowa__4__97dcb902fb.jpeg\"><img decoding=\"async\" src=\"https:\/\/transinfo.pl\/wp-content\/uploads\/2024\/03\/csm_zajezdnia-chocianowice-lodz-przebudowa__4__97dcb902fb.jpeg\" alt=\"\" class=\"wp-image-469083\" \/><\/a><figcaption class=\"wp-element-caption\">Przebudowa zajezdni MPK \u0141\u00f3d\u017a\/foto: UM \u0141\u00f3d\u017a<\/figcaption><\/figure>\n\n\n\n<p><\/p>\n\n\n\n<h2 class=\"wp-block-heading\" id=\"h-tramwaje-mpk-lodz-wroca-na-swoje-trasy\">Tramwaje MPK \u0141\u00f3d\u017a wr\u00f3c\u0105 na swoje trasy<\/h2>\n\n\n\n<p>Dzi\u0119ki wznowieniu obs\u0142ugi przez zajezdni\u0119 Chocianowice tramwaje zn\u00f3w pojad\u0105 swoimi trasami. Wraz z powrotem tramwaj\u00f3w do zajezdni mo\u017cliwe b\u0119dzie uruchomienie kolejnych linii tramwajowych. Na swoje trasy wr\u00f3c\u0105 linie 4 i 17. \u201eCzw\u00f3rka\u201d zn\u00f3w po\u0142\u0105czy Radogoszcz z D\u0105brow\u0105, przeje\u017cd\u017caj\u0105c przez dworzec \u0141\u00f3d\u017a Fabryczna i al. \u015amig\u0142ego-Rydza, a \u201esiedemnastka\u201d pojedzie z ul. Telefonicznej przez ul. Legion\u00f3w i al. Politechniki na Chocianowice. Dzi\u0119ki temu zyskamy wi\u0119cej kurs\u00f3w w wielu cz\u0119\u015bciach miasta i nowe bezpo\u015brednie po\u0142\u0105czenia, kt\u00f3re u\u0142atwi\u0105 podr\u00f3\u017cowanie po \u0141odzi.<\/p>\n\n\n\n<p><\/p>\n\n\n\n<figure class=\"wp-block-gallery has-nested-images columns-default is-cropped wp-block-gallery-1 is-layout-flex wp-block-gallery-is-layout-flex\">\n<figure class=\"wp-block-image size-large\"><img decoding=\"async\" data-id=\"469082\" src=\"https:\/\/transinfo.pl\/wp-content\/uploads\/2024\/03\/csm_zajezdnia-chocianowice-lodz-przebudowa__3__2623f6fb48.jpeg\" alt=\"Po przebudowie zajezdni Chocianowice \u0141\u00f3d\u017a zyska nowoczesne centrum obs\u0142ugi tramwaj\u00f3w, a po remoncie trafi do niej 30 nowoczesnych pojazd\u00f3w Moderus Gamma.\" class=\"wp-image-469082\" \/><figcaption class=\"wp-element-caption\">Przebudowa zajezdni MPK \u0141\u00f3d\u017a\/foto: UM \u0141\u00f3d\u017a<\/figcaption><\/figure>\n<\/figure>\n","protected":false},"author":3,"featured_media":266855,"comment_status":"","ping_status":"closed","template":"","categories":[23],"tags":[895,816,475,891],"class_list":["post-266854","infotram","type-infotram","status-publish","has-post-thumbnail","hentry","category-infrastruktura","tag-moderus-gamma","tag-mpk-lodz","tag-remont","tag-zajezdnia"],"acf":[],"yoast_head":"<!-- This site is optimized with the Yoast SEO Premium plugin v21.8 (Yoast SEO v23.7) - https:\/\/yoast.com\/wordpress\/plugins\/seo\/ -->\n<title>30 Modersus\u00f3w Gamma w nowej zajezdni MPK \u0141\u00f3d\u017a - TransInfo Archiwum<\/title>\n<meta name=\"description\" content=\"Po przebudowie zajezdni Chocianowice \u0141\u00f3d\u017a zyska nowoczesne centrum obs\u0142ugi tramwaj\u00f3w, a po remoncie trafi do niej 30 Moderus\u00f3w.\" \/>\n<meta name=\"robots\" content=\"index, follow, max-snippet:-1, max-image-preview:large, max-video-preview:-1\" \/>\n<link rel=\"canonical\" href=\"https:\/\/transinfo.pl\/x\/infotram\/30-modersusow-gamma-w-nowej-zajezdni-mpk-lodz\/\" \/>\n<meta property=\"og:locale\" content=\"pl_PL\" \/>\n<meta property=\"og:type\" content=\"article\" \/>\n<meta property=\"og:title\" content=\"30 Modersus\u00f3w Gamma w nowej zajezdni MPK \u0141\u00f3d\u017a\" \/>\n<meta property=\"og:description\" content=\"Po przebudowie zajezdni Chocianowice \u0141\u00f3d\u017a zyska nowoczesne centrum obs\u0142ugi tramwaj\u00f3w, a po remoncie trafi do niej 30 Moderus\u00f3w.\" \/>\n<meta property=\"og:url\" content=\"https:\/\/transinfo.pl\/x\/infotram\/30-modersusow-gamma-w-nowej-zajezdni-mpk-lodz\/\" \/>\n<meta property=\"og:site_name\" content=\"TransInfo Archiwum\" \/>\n<meta property=\"og:image\" content=\"https:\/\/transinfo.pl\/x\/wp-content\/uploads\/2024\/03\/csm_zajezdnia-chocianowice-lodz-przebudowa__26__e0f356e6a7.jpeg\" \/>\n\t<meta property=\"og:image:width\" content=\"1\" \/>\n\t<meta property=\"og:image:height\" content=\"1\" \/>\n\t<meta property=\"og:image:type\" content=\"image\/jpeg\" \/>\n<meta name=\"twitter:card\" content=\"summary_large_image\" \/>\n<meta name=\"twitter:label1\" content=\"Szacowany czas czytania\" \/>\n\t<meta name=\"twitter:data1\" content=\"1 minuta\" \/>\n<script type=\"application\/ld+json\" class=\"yoast-schema-graph\">{\"@context\":\"https:\/\/schema.org\",\"@graph\":[{\"@type\":\"WebPage\",\"@id\":\"https:\/\/transinfo.pl\/x\/infotram\/30-modersusow-gamma-w-nowej-zajezdni-mpk-lodz\/\",\"url\":\"https:\/\/transinfo.pl\/x\/infotram\/30-modersusow-gamma-w-nowej-zajezdni-mpk-lodz\/\",\"name\":\"30 Modersus\u00f3w Gamma w nowej zajezdni MPK \u0141\u00f3d\u017a - TransInfo Archiwum\",\"isPartOf\":{\"@id\":\"https:\/\/transinfo.pl\/x\/#website\"},\"primaryImageOfPage\":{\"@id\":\"https:\/\/transinfo.pl\/x\/infotram\/30-modersusow-gamma-w-nowej-zajezdni-mpk-lodz\/#primaryimage\"},\"image\":{\"@id\":\"https:\/\/transinfo.pl\/x\/infotram\/30-modersusow-gamma-w-nowej-zajezdni-mpk-lodz\/#primaryimage\"},\"thumbnailUrl\":\"https:\/\/transinfo.pl\/x\/wp-content\/uploads\/2024\/03\/csm_zajezdnia-chocianowice-lodz-przebudowa__26__e0f356e6a7.jpeg\",\"datePublished\":\"2024-03-27T10:45:00+00:00\",\"dateModified\":\"2024-03-27T10:45:00+00:00\",\"description\":\"Po przebudowie zajezdni Chocianowice \u0141\u00f3d\u017a zyska nowoczesne centrum obs\u0142ugi tramwaj\u00f3w, a po remoncie trafi do niej 30 Moderus\u00f3w.\",\"breadcrumb\":{\"@id\":\"https:\/\/transinfo.pl\/x\/infotram\/30-modersusow-gamma-w-nowej-zajezdni-mpk-lodz\/#breadcrumb\"},\"inLanguage\":\"pl-PL\",\"potentialAction\":[{\"@type\":\"ReadAction\",\"target\":[\"https:\/\/transinfo.pl\/x\/infotram\/30-modersusow-gamma-w-nowej-zajezdni-mpk-lodz\/\"]}]},{\"@type\":\"ImageObject\",\"inLanguage\":\"pl-PL\",\"@id\":\"https:\/\/transinfo.pl\/x\/infotram\/30-modersusow-gamma-w-nowej-zajezdni-mpk-lodz\/#primaryimage\",\"url\":\"https:\/\/transinfo.pl\/x\/wp-content\/uploads\/2024\/03\/csm_zajezdnia-chocianowice-lodz-przebudowa__26__e0f356e6a7.jpeg\",\"contentUrl\":\"https:\/\/transinfo.pl\/x\/wp-content\/uploads\/2024\/03\/csm_zajezdnia-chocianowice-lodz-przebudowa__26__e0f356e6a7.jpeg\"},{\"@type\":\"BreadcrumbList\",\"@id\":\"https:\/\/transinfo.pl\/x\/infotram\/30-modersusow-gamma-w-nowej-zajezdni-mpk-lodz\/#breadcrumb\",\"itemListElement\":[{\"@type\":\"ListItem\",\"position\":1,\"name\":\"Home\",\"item\":\"https:\/\/transinfo.pl\/x\/\"},{\"@type\":\"ListItem\",\"position\":2,\"name\":\"Infotram\",\"item\":\"https:\/\/transinfo.pl\/x\/infotram\/\"},{\"@type\":\"ListItem\",\"position\":3,\"name\":\"30 Modersus\u00f3w Gamma w nowej zajezdni MPK \u0141\u00f3d\u017a\"}]},{\"@type\":\"WebSite\",\"@id\":\"https:\/\/transinfo.pl\/x\/#website\",\"url\":\"https:\/\/transinfo.pl\/x\/\",\"name\":\"TransInfo Archiwum\",\"description\":\"Ca\u0142y transport w jednym miejscu\",\"publisher\":{\"@id\":\"https:\/\/transinfo.pl\/x\/#organization\"},\"potentialAction\":[{\"@type\":\"SearchAction\",\"target\":{\"@type\":\"EntryPoint\",\"urlTemplate\":\"https:\/\/transinfo.pl\/x\/?s={search_term_string}\"},\"query-input\":{\"@type\":\"PropertyValueSpecification\",\"valueRequired\":true,\"valueName\":\"search_term_string\"}}],\"inLanguage\":\"pl-PL\"},{\"@type\":\"Organization\",\"@id\":\"https:\/\/transinfo.pl\/x\/#organization\",\"name\":\"TransInfo\",\"url\":\"https:\/\/transinfo.pl\/x\/\",\"logo\":{\"@type\":\"ImageObject\",\"inLanguage\":\"pl-PL\",\"@id\":\"https:\/\/transinfo.pl\/x\/#\/schema\/logo\/image\/\",\"url\":\"https:\/\/transinfo.pl\/x\/wp-content\/uploads\/2024\/10\/favicon.png\",\"contentUrl\":\"https:\/\/transinfo.pl\/x\/wp-content\/uploads\/2024\/10\/favicon.png\",\"width\":512,\"height\":512,\"caption\":\"TransInfo\"},\"image\":{\"@id\":\"https:\/\/transinfo.pl\/x\/#\/schema\/logo\/image\/\"}}]}<\/script>\n<!-- \/ Yoast SEO Premium plugin. -->","yoast_head_json":{"title":"30 Modersus\u00f3w Gamma w nowej zajezdni MPK \u0141\u00f3d\u017a - TransInfo Archiwum","description":"Po przebudowie zajezdni Chocianowice \u0141\u00f3d\u017a zyska nowoczesne centrum obs\u0142ugi tramwaj\u00f3w, a po remoncie trafi do niej 30 Moderus\u00f3w.","robots":{"index":"index","follow":"follow","max-snippet":"max-snippet:-1","max-image-preview":"max-image-preview:large","max-video-preview":"max-video-preview:-1"},"canonical":"https:\/\/transinfo.pl\/x\/infotram\/30-modersusow-gamma-w-nowej-zajezdni-mpk-lodz\/","og_locale":"pl_PL","og_type":"article","og_title":"30 Modersus\u00f3w Gamma w nowej zajezdni MPK \u0141\u00f3d\u017a","og_description":"Po przebudowie zajezdni Chocianowice \u0141\u00f3d\u017a zyska nowoczesne centrum obs\u0142ugi tramwaj\u00f3w, a po remoncie trafi do niej 30 Moderus\u00f3w.","og_url":"https:\/\/transinfo.pl\/x\/infotram\/30-modersusow-gamma-w-nowej-zajezdni-mpk-lodz\/","og_site_name":"TransInfo Archiwum","og_image":[{"url":"https:\/\/transinfo.pl\/x\/wp-content\/uploads\/2024\/03\/csm_zajezdnia-chocianowice-lodz-przebudowa__26__e0f356e6a7.jpeg","width":1,"height":1,"type":"image\/jpeg"}],"twitter_card":"summary_large_image","twitter_misc":{"Szacowany czas czytania":"1 minuta"},"schema":{"@context":"https:\/\/schema.org","@graph":[{"@type":"WebPage","@id":"https:\/\/transinfo.pl\/x\/infotram\/30-modersusow-gamma-w-nowej-zajezdni-mpk-lodz\/","url":"https:\/\/transinfo.pl\/x\/infotram\/30-modersusow-gamma-w-nowej-zajezdni-mpk-lodz\/","name":"30 Modersus\u00f3w Gamma w nowej zajezdni MPK \u0141\u00f3d\u017a - TransInfo Archiwum","isPartOf":{"@id":"https:\/\/transinfo.pl\/x\/#website"},"primaryImageOfPage":{"@id":"https:\/\/transinfo.pl\/x\/infotram\/30-modersusow-gamma-w-nowej-zajezdni-mpk-lodz\/#primaryimage"},"image":{"@id":"https:\/\/transinfo.pl\/x\/infotram\/30-modersusow-gamma-w-nowej-zajezdni-mpk-lodz\/#primaryimage"},"thumbnailUrl":"https:\/\/transinfo.pl\/x\/wp-content\/uploads\/2024\/03\/csm_zajezdnia-chocianowice-lodz-przebudowa__26__e0f356e6a7.jpeg","datePublished":"2024-03-27T10:45:00+00:00","dateModified":"2024-03-27T10:45:00+00:00","description":"Po przebudowie zajezdni Chocianowice \u0141\u00f3d\u017a zyska nowoczesne centrum obs\u0142ugi tramwaj\u00f3w, a po remoncie trafi do niej 30 Moderus\u00f3w.","breadcrumb":{"@id":"https:\/\/transinfo.pl\/x\/infotram\/30-modersusow-gamma-w-nowej-zajezdni-mpk-lodz\/#breadcrumb"},"inLanguage":"pl-PL","potentialAction":[{"@type":"ReadAction","target":["https:\/\/transinfo.pl\/x\/infotram\/30-modersusow-gamma-w-nowej-zajezdni-mpk-lodz\/"]}]},{"@type":"ImageObject","inLanguage":"pl-PL","@id":"https:\/\/transinfo.pl\/x\/infotram\/30-modersusow-gamma-w-nowej-zajezdni-mpk-lodz\/#primaryimage","url":"https:\/\/transinfo.pl\/x\/wp-content\/uploads\/2024\/03\/csm_zajezdnia-chocianowice-lodz-przebudowa__26__e0f356e6a7.jpeg","contentUrl":"https:\/\/transinfo.pl\/x\/wp-content\/uploads\/2024\/03\/csm_zajezdnia-chocianowice-lodz-przebudowa__26__e0f356e6a7.jpeg"},{"@type":"BreadcrumbList","@id":"https:\/\/transinfo.pl\/x\/infotram\/30-modersusow-gamma-w-nowej-zajezdni-mpk-lodz\/#breadcrumb","itemListElement":[{"@type":"ListItem","position":1,"name":"Home","item":"https:\/\/transinfo.pl\/x\/"},{"@type":"ListItem","position":2,"name":"Infotram","item":"https:\/\/transinfo.pl\/x\/infotram\/"},{"@type":"ListItem","position":3,"name":"30 Modersus\u00f3w Gamma w nowej zajezdni MPK \u0141\u00f3d\u017a"}]},{"@type":"WebSite","@id":"https:\/\/transinfo.pl\/x\/#website","url":"https:\/\/transinfo.pl\/x\/","name":"TransInfo Archiwum","description":"Ca\u0142y transport w jednym miejscu","publisher":{"@id":"https:\/\/transinfo.pl\/x\/#organization"},"potentialAction":[{"@type":"SearchAction","target":{"@type":"EntryPoint","urlTemplate":"https:\/\/transinfo.pl\/x\/?s={search_term_string}"},"query-input":{"@type":"PropertyValueSpecification","valueRequired":true,"valueName":"search_term_string"}}],"inLanguage":"pl-PL"},{"@type":"Organization","@id":"https:\/\/transinfo.pl\/x\/#organization","name":"TransInfo","url":"https:\/\/transinfo.pl\/x\/","logo":{"@type":"ImageObject","inLanguage":"pl-PL","@id":"https:\/\/transinfo.pl\/x\/#\/schema\/logo\/image\/","url":"https:\/\/transinfo.pl\/x\/wp-content\/uploads\/2024\/10\/favicon.png","contentUrl":"https:\/\/transinfo.pl\/x\/wp-content\/uploads\/2024\/10\/favicon.png","width":512,"height":512,"caption":"TransInfo"},"image":{"@id":"https:\/\/transinfo.pl\/x\/#\/schema\/logo\/image\/"}}]}},"_links":{"self":[{"href":"https:\/\/transinfo.pl\/x\/wp-json\/wp\/v2\/infotram\/266854","targetHints":{"allow":["GET"]}}],"collection":[{"href":"https:\/\/transinfo.pl\/x\/wp-json\/wp\/v2\/infotram"}],"about":[{"href":"https:\/\/transinfo.pl\/x\/wp-json\/wp\/v2\/types\/infotram"}],"author":[{"embeddable":true,"href":"https:\/\/transinfo.pl\/x\/wp-json\/wp\/v2\/users\/3"}],"replies":[{"embeddable":true,"href":"https:\/\/transinfo.pl\/x\/wp-json\/wp\/v2\/comments?post=266854"}],"wp:featuredmedia":[{"embeddable":true,"href":"https:\/\/transinfo.pl\/x\/wp-json\/wp\/v2\/media\/266855"}],"wp:attachment":[{"href":"https:\/\/transinfo.pl\/x\/wp-json\/wp\/v2\/media?parent=266854"}],"wp:term":[{"taxonomy":"category","embeddable":true,"href":"https:\/\/transinfo.pl\/x\/wp-json\/wp\/v2\/categories?post=266854"},{"taxonomy":"post_tag","embeddable":true,"href":"https:\/\/transinfo.pl\/x\/wp-json\/wp\/v2\/tags?post=266854"}],"curies":[{"name":"wp","href":"https:\/\/api.w.org\/{rel}","templated":true}]}}