{"id":266657,"date":"2024-03-22T18:15:00","date_gmt":"2024-03-22T18:15:00","guid":{"rendered":"https:\/\/transinfo.pl\/x\/infotram\/trzy-linie-tramwajow-warszawskich-zmieniaja-trasy-w-zamian-tymczasowa-i-autobusowa\/"},"modified":"2024-03-22T18:15:00","modified_gmt":"2024-03-22T18:15:00","slug":"trzy-linie-tramwajow-warszawskich-zmieniaja-trasy-w-zamian-tymczasowa-i-autobusowa","status":"publish","type":"infotram","link":"https:\/\/transinfo.pl\/x\/infotram\/trzy-linie-tramwajow-warszawskich-zmieniaja-trasy-w-zamian-tymczasowa-i-autobusowa\/","title":{"rendered":"Objazdy dla trzech linii Tramwaj\u00f3w Warszawskich. W zamian tymczasowa i autobusowa"},"content":{"rendered":"<style>h1,h2,h3,h4,h5,h6{margin:0 0 1.25rem;font-family:Arial,sans-serif;font-weight:600;color:#050505}h1{font-size:1.875rem;line-height:1.1em;text-transform:none}@media(min-width: 768px){h1{font-size:2.375rem}}h2{font-size:1.1875rem;line-height:1.2em;text-transform:uppercase}@media(min-width: 768px){h2{font-size:1.0625rem}}h3{font-size:0.9375rem;line-height:1.4em;font-weight:900;margin-bottom:0.9375rem}h4{font-size:0.875rem;line-height:1.2em;font-weight:500}h5{font-size:0.9375rem;line-height:1.6;font-weight:400}h6{font-size:0.9375rem;line-height:1.6;font-weight:600}\n<\/style>\n<h3 class=\"wp-block-heading\" id=\"h-zarzad-transportu-miejskiego-poinformowal-ze-w-zwiazku-z-budowa-peronu-przystanku-dalibora-02-w-weekend-23-24-marca-wylaczony-bedzie-ruch-tramwajowy-w-ul-obozowej-linie-zostana-skierowane-na-trasy-zmienione\">Zarz\u0105d Transportu Miejskiego poinformowa\u0142, \u017ce w zwi\u0105zku z budow\u0105 peronu przystanku Dalibora 02 w weekend 23-24 marca wy\u0142\u0105czony b\u0119dzie ruch tramwajowy w ul. Obozowej. Linie zostan\u0105 skierowane na trasy zmienione.<\/h3>\n\n\n<style>p{margin:0 0 1.5rem}p:last-child{margin:0}p.is-style-uppercase{text-transform:uppercase}p.is-style-preheading{color:#12406a;text-transform:uppercase}p.is-style-leadparagraph{font-size:1rem;line-height:1.625;font-weight:700}@media(min-width: 768px){p.is-style-leadparagraph{font-size:1.125rem;line-height:1.5555555556}}p.has-small-margin{margin-bottom:0.625rem}p.has-small-margin+h1,p.has-small-margin+h2,p.has-small-margin+h3{margin-top:1.875rem}\n<\/style>\n<p>Linia 20 b\u0119dzie kursowa\u0142a na trasie \u017bera\u0144 FSO, Obozowa, Wawrzyszewska. Linia 23 z p\u0119tli Czynszowa, al. Solidarno\u015bci do Okopowej. Linia 24 z Goc\u0142awka, Okopow\u0105, al. Solidarno\u015bci do p\u0119tli Okopowa.<\/p>\n\n\n\n<h2 class=\"wp-block-heading\" id=\"h-zmiany-dla-pasazerow\">Zmiany dla pasa\u017cer\u00f3w<\/h2>\n\n\n\n<p>ZTM poinformowa\u0142, \u017ce uruchomi uzupe\u0142niaj\u0105c\u0105 lini\u0119 tramwajow\u0105 70 kursuj\u0105c\u0105 na trasie: Boernerowo, Kaliskiego, Lazurowa, Dywizjonu 303 do p\u0119tli Ko\u0142o, a tak\u017ce zast\u0119pcz\u0105 lini\u0119 autobusow\u0105 Z23 kursuj\u0105c\u0105 na trasie: w kierunku p\u0119tli Ostroroga: Powsta\u0144c\u00f3w \u015al\u0105skich, Radiowa, Dywizjonu 303, Obozowa, Ostroroga, a w kierunku p\u0119tli Nowe Bemowo: Ostroroga, Obozowa, Deotymy, G\u00f3rczewska, Cio\u0142ka, Newelska, Ksi\u0119cia Janusza, Dywizjonu 303, Radiowa i Powsta\u0144c\u00f3w \u015al\u0105skich.<\/p>\n\n\n\n<p><\/p>\n\n\n<style>.wp-block-image{margin:1.25rem 0;text-align:center}.wp-block-image figcaption{padding:0 0.9375rem;text-align:center}\n<\/style>\n<figure class=\"wp-block-image size-full\"><a href=\"https:\/\/transinfo.pl\/wp-content\/uploads\/2024\/03\/tramwaj-linii-10-edited.jpg\"><img decoding=\"async\" src=\"https:\/\/transinfo.pl\/wp-content\/uploads\/2024\/03\/tramwaj-linii-10-edited.jpg\" alt=\"Zarz\u0105d Transportu Miejskiego poinformowa\u0142, \u017ce w zwi\u0105zku z budow\u0105 peronu przystanku Dalibora 02 w weekend 23-24 marca wy\u0142\u0105czony b\u0119dzie ruch tramwajowy w ul. Obozowej. Linie zostan\u0105 skierowane na trasy zmienione.\" class=\"wp-image-468783\" \/><\/a><figcaption class=\"wp-element-caption\">Tramwaj w Warszawie\/foto: WTP<\/figcaption><\/figure>\n\n\n\n<p><\/p>\n\n\n\n<p>&#8222;Zawiesza si\u0119 funkcjonowanie przystank\u00f3w:&nbsp;PKP&nbsp;Ko\u0142o 03, 04 i Ko\u0142o 02. Uruchamia si\u0119 przystanek pl. Pole Elekcyjne 01, kt\u00f3ry obowi\u0105zywa\u0107 b\u0119dzie dla linii Z23 jako sta\u0142y. Na p\u0119tli Nowe Bemowo dla linii 201 jako kra\u0144cowy obowi\u0105zywa\u0142 b\u0119dzie przystanek Nowe Bemowo 14&#8221; \u2013 poinformowa\u0142 ZTM.<\/p>\n\n\n\n<p>Kursowanie linii 20, 23, 24, 70 i Z23 odbywa\u0107 si\u0119 b\u0119dzie wed\u0142ug specjalnych rozk\u0142ad\u00f3w jazdy.(PAP)<\/p>\n","protected":false},"author":3,"featured_media":266658,"comment_status":"","ping_status":"closed","template":"","categories":[28],"tags":[36,123,837,84],"class_list":["post-266657","infotram","type-infotram","status-publish","has-post-thumbnail","hentry","category-pasazer","tag-linia","tag-pasazer","tag-tramwaje-warszawskie","tag-warszawa"],"acf":[],"yoast_head":"<!-- This site is optimized with the Yoast SEO Premium plugin v21.8 (Yoast SEO v23.7) - https:\/\/yoast.com\/wordpress\/plugins\/seo\/ -->\n<title>Objazdy dla trzech linii Tramwaj\u00f3w Warszawskich. W zamian tymczasowa i autobusowa - TransInfo Archiwum<\/title>\n<meta name=\"description\" content=\"W weekend 23-24 marca wy\u0142\u0105czony b\u0119dzie ruch tramwajowy w ul. Obozowej. Linie zostan\u0105 skierowane na trasy zmienione.\" \/>\n<meta name=\"robots\" content=\"index, follow, max-snippet:-1, max-image-preview:large, max-video-preview:-1\" \/>\n<link rel=\"canonical\" href=\"https:\/\/transinfo.pl\/x\/infotram\/trzy-linie-tramwajow-warszawskich-zmieniaja-trasy-w-zamian-tymczasowa-i-autobusowa\/\" \/>\n<meta property=\"og:locale\" content=\"pl_PL\" \/>\n<meta property=\"og:type\" content=\"article\" \/>\n<meta property=\"og:title\" content=\"Objazdy dla trzech linii Tramwaj\u00f3w Warszawskich. W zamian tymczasowa i autobusowa\" \/>\n<meta property=\"og:description\" content=\"W weekend 23-24 marca wy\u0142\u0105czony b\u0119dzie ruch tramwajowy w ul. Obozowej. Linie zostan\u0105 skierowane na trasy zmienione.\" \/>\n<meta property=\"og:url\" content=\"https:\/\/transinfo.pl\/x\/infotram\/trzy-linie-tramwajow-warszawskich-zmieniaja-trasy-w-zamian-tymczasowa-i-autobusowa\/\" \/>\n<meta property=\"og:site_name\" content=\"TransInfo Archiwum\" \/>\n<meta property=\"og:image\" content=\"https:\/\/transinfo.pl\/x\/wp-content\/uploads\/2024\/03\/tramwaj-linii-24.jpg\" \/>\n\t<meta property=\"og:image:width\" content=\"1\" \/>\n\t<meta property=\"og:image:height\" content=\"1\" \/>\n\t<meta property=\"og:image:type\" content=\"image\/jpeg\" \/>\n<meta name=\"twitter:card\" content=\"summary_large_image\" \/>\n<meta name=\"twitter:label1\" content=\"Szacowany czas czytania\" \/>\n\t<meta name=\"twitter:data1\" content=\"1 minuta\" \/>\n<script type=\"application\/ld+json\" class=\"yoast-schema-graph\">{\"@context\":\"https:\/\/schema.org\",\"@graph\":[{\"@type\":\"WebPage\",\"@id\":\"https:\/\/transinfo.pl\/x\/infotram\/trzy-linie-tramwajow-warszawskich-zmieniaja-trasy-w-zamian-tymczasowa-i-autobusowa\/\",\"url\":\"https:\/\/transinfo.pl\/x\/infotram\/trzy-linie-tramwajow-warszawskich-zmieniaja-trasy-w-zamian-tymczasowa-i-autobusowa\/\",\"name\":\"Objazdy dla trzech linii Tramwaj\u00f3w Warszawskich. W zamian tymczasowa i autobusowa - TransInfo Archiwum\",\"isPartOf\":{\"@id\":\"https:\/\/transinfo.pl\/x\/#website\"},\"primaryImageOfPage\":{\"@id\":\"https:\/\/transinfo.pl\/x\/infotram\/trzy-linie-tramwajow-warszawskich-zmieniaja-trasy-w-zamian-tymczasowa-i-autobusowa\/#primaryimage\"},\"image\":{\"@id\":\"https:\/\/transinfo.pl\/x\/infotram\/trzy-linie-tramwajow-warszawskich-zmieniaja-trasy-w-zamian-tymczasowa-i-autobusowa\/#primaryimage\"},\"thumbnailUrl\":\"https:\/\/transinfo.pl\/x\/wp-content\/uploads\/2024\/03\/tramwaj-linii-24.jpg\",\"datePublished\":\"2024-03-22T18:15:00+00:00\",\"dateModified\":\"2024-03-22T18:15:00+00:00\",\"description\":\"W weekend 23-24 marca wy\u0142\u0105czony b\u0119dzie ruch tramwajowy w ul. Obozowej. Linie zostan\u0105 skierowane na trasy zmienione.\",\"breadcrumb\":{\"@id\":\"https:\/\/transinfo.pl\/x\/infotram\/trzy-linie-tramwajow-warszawskich-zmieniaja-trasy-w-zamian-tymczasowa-i-autobusowa\/#breadcrumb\"},\"inLanguage\":\"pl-PL\",\"potentialAction\":[{\"@type\":\"ReadAction\",\"target\":[\"https:\/\/transinfo.pl\/x\/infotram\/trzy-linie-tramwajow-warszawskich-zmieniaja-trasy-w-zamian-tymczasowa-i-autobusowa\/\"]}]},{\"@type\":\"ImageObject\",\"inLanguage\":\"pl-PL\",\"@id\":\"https:\/\/transinfo.pl\/x\/infotram\/trzy-linie-tramwajow-warszawskich-zmieniaja-trasy-w-zamian-tymczasowa-i-autobusowa\/#primaryimage\",\"url\":\"https:\/\/transinfo.pl\/x\/wp-content\/uploads\/2024\/03\/tramwaj-linii-24.jpg\",\"contentUrl\":\"https:\/\/transinfo.pl\/x\/wp-content\/uploads\/2024\/03\/tramwaj-linii-24.jpg\"},{\"@type\":\"BreadcrumbList\",\"@id\":\"https:\/\/transinfo.pl\/x\/infotram\/trzy-linie-tramwajow-warszawskich-zmieniaja-trasy-w-zamian-tymczasowa-i-autobusowa\/#breadcrumb\",\"itemListElement\":[{\"@type\":\"ListItem\",\"position\":1,\"name\":\"Home\",\"item\":\"https:\/\/transinfo.pl\/x\/\"},{\"@type\":\"ListItem\",\"position\":2,\"name\":\"Infotram\",\"item\":\"https:\/\/transinfo.pl\/x\/infotram\/\"},{\"@type\":\"ListItem\",\"position\":3,\"name\":\"Objazdy dla trzech linii Tramwaj\u00f3w Warszawskich. W zamian tymczasowa i autobusowa\"}]},{\"@type\":\"WebSite\",\"@id\":\"https:\/\/transinfo.pl\/x\/#website\",\"url\":\"https:\/\/transinfo.pl\/x\/\",\"name\":\"TransInfo Archiwum\",\"description\":\"Ca\u0142y transport w jednym miejscu\",\"publisher\":{\"@id\":\"https:\/\/transinfo.pl\/x\/#organization\"},\"potentialAction\":[{\"@type\":\"SearchAction\",\"target\":{\"@type\":\"EntryPoint\",\"urlTemplate\":\"https:\/\/transinfo.pl\/x\/?s={search_term_string}\"},\"query-input\":{\"@type\":\"PropertyValueSpecification\",\"valueRequired\":true,\"valueName\":\"search_term_string\"}}],\"inLanguage\":\"pl-PL\"},{\"@type\":\"Organization\",\"@id\":\"https:\/\/transinfo.pl\/x\/#organization\",\"name\":\"TransInfo\",\"url\":\"https:\/\/transinfo.pl\/x\/\",\"logo\":{\"@type\":\"ImageObject\",\"inLanguage\":\"pl-PL\",\"@id\":\"https:\/\/transinfo.pl\/x\/#\/schema\/logo\/image\/\",\"url\":\"https:\/\/transinfo.pl\/x\/wp-content\/uploads\/2024\/10\/favicon.png\",\"contentUrl\":\"https:\/\/transinfo.pl\/x\/wp-content\/uploads\/2024\/10\/favicon.png\",\"width\":512,\"height\":512,\"caption\":\"TransInfo\"},\"image\":{\"@id\":\"https:\/\/transinfo.pl\/x\/#\/schema\/logo\/image\/\"}}]}<\/script>\n<!-- \/ Yoast SEO Premium plugin. -->","yoast_head_json":{"title":"Objazdy dla trzech linii Tramwaj\u00f3w Warszawskich. W zamian tymczasowa i autobusowa - TransInfo Archiwum","description":"W weekend 23-24 marca wy\u0142\u0105czony b\u0119dzie ruch tramwajowy w ul. Obozowej. Linie zostan\u0105 skierowane na trasy zmienione.","robots":{"index":"index","follow":"follow","max-snippet":"max-snippet:-1","max-image-preview":"max-image-preview:large","max-video-preview":"max-video-preview:-1"},"canonical":"https:\/\/transinfo.pl\/x\/infotram\/trzy-linie-tramwajow-warszawskich-zmieniaja-trasy-w-zamian-tymczasowa-i-autobusowa\/","og_locale":"pl_PL","og_type":"article","og_title":"Objazdy dla trzech linii Tramwaj\u00f3w Warszawskich. W zamian tymczasowa i autobusowa","og_description":"W weekend 23-24 marca wy\u0142\u0105czony b\u0119dzie ruch tramwajowy w ul. Obozowej. Linie zostan\u0105 skierowane na trasy zmienione.","og_url":"https:\/\/transinfo.pl\/x\/infotram\/trzy-linie-tramwajow-warszawskich-zmieniaja-trasy-w-zamian-tymczasowa-i-autobusowa\/","og_site_name":"TransInfo Archiwum","og_image":[{"url":"https:\/\/transinfo.pl\/x\/wp-content\/uploads\/2024\/03\/tramwaj-linii-24.jpg","width":1,"height":1,"type":"image\/jpeg"}],"twitter_card":"summary_large_image","twitter_misc":{"Szacowany czas czytania":"1 minuta"},"schema":{"@context":"https:\/\/schema.org","@graph":[{"@type":"WebPage","@id":"https:\/\/transinfo.pl\/x\/infotram\/trzy-linie-tramwajow-warszawskich-zmieniaja-trasy-w-zamian-tymczasowa-i-autobusowa\/","url":"https:\/\/transinfo.pl\/x\/infotram\/trzy-linie-tramwajow-warszawskich-zmieniaja-trasy-w-zamian-tymczasowa-i-autobusowa\/","name":"Objazdy dla trzech linii Tramwaj\u00f3w Warszawskich. W zamian tymczasowa i autobusowa - TransInfo Archiwum","isPartOf":{"@id":"https:\/\/transinfo.pl\/x\/#website"},"primaryImageOfPage":{"@id":"https:\/\/transinfo.pl\/x\/infotram\/trzy-linie-tramwajow-warszawskich-zmieniaja-trasy-w-zamian-tymczasowa-i-autobusowa\/#primaryimage"},"image":{"@id":"https:\/\/transinfo.pl\/x\/infotram\/trzy-linie-tramwajow-warszawskich-zmieniaja-trasy-w-zamian-tymczasowa-i-autobusowa\/#primaryimage"},"thumbnailUrl":"https:\/\/transinfo.pl\/x\/wp-content\/uploads\/2024\/03\/tramwaj-linii-24.jpg","datePublished":"2024-03-22T18:15:00+00:00","dateModified":"2024-03-22T18:15:00+00:00","description":"W weekend 23-24 marca wy\u0142\u0105czony b\u0119dzie ruch tramwajowy w ul. Obozowej. Linie zostan\u0105 skierowane na trasy zmienione.","breadcrumb":{"@id":"https:\/\/transinfo.pl\/x\/infotram\/trzy-linie-tramwajow-warszawskich-zmieniaja-trasy-w-zamian-tymczasowa-i-autobusowa\/#breadcrumb"},"inLanguage":"pl-PL","potentialAction":[{"@type":"ReadAction","target":["https:\/\/transinfo.pl\/x\/infotram\/trzy-linie-tramwajow-warszawskich-zmieniaja-trasy-w-zamian-tymczasowa-i-autobusowa\/"]}]},{"@type":"ImageObject","inLanguage":"pl-PL","@id":"https:\/\/transinfo.pl\/x\/infotram\/trzy-linie-tramwajow-warszawskich-zmieniaja-trasy-w-zamian-tymczasowa-i-autobusowa\/#primaryimage","url":"https:\/\/transinfo.pl\/x\/wp-content\/uploads\/2024\/03\/tramwaj-linii-24.jpg","contentUrl":"https:\/\/transinfo.pl\/x\/wp-content\/uploads\/2024\/03\/tramwaj-linii-24.jpg"},{"@type":"BreadcrumbList","@id":"https:\/\/transinfo.pl\/x\/infotram\/trzy-linie-tramwajow-warszawskich-zmieniaja-trasy-w-zamian-tymczasowa-i-autobusowa\/#breadcrumb","itemListElement":[{"@type":"ListItem","position":1,"name":"Home","item":"https:\/\/transinfo.pl\/x\/"},{"@type":"ListItem","position":2,"name":"Infotram","item":"https:\/\/transinfo.pl\/x\/infotram\/"},{"@type":"ListItem","position":3,"name":"Objazdy dla trzech linii Tramwaj\u00f3w Warszawskich. W zamian tymczasowa i autobusowa"}]},{"@type":"WebSite","@id":"https:\/\/transinfo.pl\/x\/#website","url":"https:\/\/transinfo.pl\/x\/","name":"TransInfo Archiwum","description":"Ca\u0142y transport w jednym miejscu","publisher":{"@id":"https:\/\/transinfo.pl\/x\/#organization"},"potentialAction":[{"@type":"SearchAction","target":{"@type":"EntryPoint","urlTemplate":"https:\/\/transinfo.pl\/x\/?s={search_term_string}"},"query-input":{"@type":"PropertyValueSpecification","valueRequired":true,"valueName":"search_term_string"}}],"inLanguage":"pl-PL"},{"@type":"Organization","@id":"https:\/\/transinfo.pl\/x\/#organization","name":"TransInfo","url":"https:\/\/transinfo.pl\/x\/","logo":{"@type":"ImageObject","inLanguage":"pl-PL","@id":"https:\/\/transinfo.pl\/x\/#\/schema\/logo\/image\/","url":"https:\/\/transinfo.pl\/x\/wp-content\/uploads\/2024\/10\/favicon.png","contentUrl":"https:\/\/transinfo.pl\/x\/wp-content\/uploads\/2024\/10\/favicon.png","width":512,"height":512,"caption":"TransInfo"},"image":{"@id":"https:\/\/transinfo.pl\/x\/#\/schema\/logo\/image\/"}}]}},"_links":{"self":[{"href":"https:\/\/transinfo.pl\/x\/wp-json\/wp\/v2\/infotram\/266657","targetHints":{"allow":["GET"]}}],"collection":[{"href":"https:\/\/transinfo.pl\/x\/wp-json\/wp\/v2\/infotram"}],"about":[{"href":"https:\/\/transinfo.pl\/x\/wp-json\/wp\/v2\/types\/infotram"}],"author":[{"embeddable":true,"href":"https:\/\/transinfo.pl\/x\/wp-json\/wp\/v2\/users\/3"}],"replies":[{"embeddable":true,"href":"https:\/\/transinfo.pl\/x\/wp-json\/wp\/v2\/comments?post=266657"}],"wp:featuredmedia":[{"embeddable":true,"href":"https:\/\/transinfo.pl\/x\/wp-json\/wp\/v2\/media\/266658"}],"wp:attachment":[{"href":"https:\/\/transinfo.pl\/x\/wp-json\/wp\/v2\/media?parent=266657"}],"wp:term":[{"taxonomy":"category","embeddable":true,"href":"https:\/\/transinfo.pl\/x\/wp-json\/wp\/v2\/categories?post=266657"},{"taxonomy":"post_tag","embeddable":true,"href":"https:\/\/transinfo.pl\/x\/wp-json\/wp\/v2\/tags?post=266657"}],"curies":[{"name":"wp","href":"https:\/\/api.w.org\/{rel}","templated":true}]}}