{"id":266472,"date":"2024-03-19T12:15:00","date_gmt":"2024-03-19T12:15:00","guid":{"rendered":"https:\/\/transinfo.pl\/x\/infotram\/jest-przetarg-na-projekt-iv-linii-metra-w-warszawie\/"},"modified":"2024-03-19T12:15:00","modified_gmt":"2024-03-19T12:15:00","slug":"jest-przetarg-na-projekt-iv-linii-metra-w-warszawie","status":"publish","type":"infotram","link":"https:\/\/transinfo.pl\/x\/infotram\/jest-przetarg-na-projekt-iv-linii-metra-w-warszawie\/","title":{"rendered":"Jest przetarg na projekt IV linii metra w Warszawie"},"content":{"rendered":"<style>h1,h2,h3,h4,h5,h6{margin:0 0 1.25rem;font-family:Arial,sans-serif;font-weight:600;color:#050505}h1{font-size:1.875rem;line-height:1.1em;text-transform:none}@media(min-width: 768px){h1{font-size:2.375rem}}h2{font-size:1.1875rem;line-height:1.2em;text-transform:uppercase}@media(min-width: 768px){h2{font-size:1.0625rem}}h3{font-size:0.9375rem;line-height:1.4em;font-weight:900;margin-bottom:0.9375rem}h4{font-size:0.875rem;line-height:1.2em;font-weight:500}h5{font-size:0.9375rem;line-height:1.6;font-weight:400}h6{font-size:0.9375rem;line-height:1.6;font-weight:600}\n<\/style>\n<h3 class=\"wp-block-heading\" id=\"h-na-ostatniej-sesji-stoleczni-radni-podjeli-decyzje-o-przeznaczeniu-56-mln-zl-na-prace-przedprojektowe-dla-czwartej-linii-metra-bedzie-miec-ona-dlugosc-26-km-polaczy-tarchomin-z-wilanowem-a-na-jej-trasie-znajda-sie-23-stacje\"><strong>Na ostatniej sesji sto\u0142eczni radni podj\u0119li decyzj\u0119 o przeznaczeniu\u00a056 mln z\u0142\u00a0na prace przedprojektowe dla czwartej linii metra. B\u0119dzie mie\u0107 ona d\u0142ugo\u015b\u0107 26 km, po\u0142\u0105czy Tarchomin z Wilanowem, a na jej trasie znajd\u0105 si\u0119 23 stacje. <\/strong><\/h3>\n\n\n<style>p{margin:0 0 1.5rem}p:last-child{margin:0}p.is-style-uppercase{text-transform:uppercase}p.is-style-preheading{color:#12406a;text-transform:uppercase}p.is-style-leadparagraph{font-size:1rem;line-height:1.625;font-weight:700}@media(min-width: 768px){p.is-style-leadparagraph{font-size:1.125rem;line-height:1.5555555556}}p.has-small-margin{margin-bottom:0.625rem}p.has-small-margin+h1,p.has-small-margin+h2,p.has-small-margin+h3{margin-top:1.875rem}\n<\/style>\n<p>Od dzi\u015b firmy chc\u0105ce wykona\u0107 prace przedprojektowe nowej trasy mog\u0105 zg\u0142asza\u0107 si\u0119 do przetargu.<\/p>\n\n\n\n<h2 class=\"wp-block-heading\" id=\"h-o-zamowieniu\">O zam\u00f3wieniu<\/h2>\n\n\n\n<p>Metro Warszawskie Sp. z o.o. (pe\u0142ni\u0105ce rol\u0119 Inwestora Zast\u0119pczego) zgodnie z dyspozycj\u0105 art. 87 ust. 2 ustawy Prawo zam\u00f3wie\u0144 publicznych przekaza\u0142o dzi\u015b do Urz\u0119du Publikacji Unii Europejskiej og\u0142oszenie o zam\u00f3wieniu na prace przedprojektowe dla IV linii metra wraz ze Stacj\u0105 Techniczno-Postojow\u0105 w Warszawie. Prace przedprojektowe linii M4 powinny zako\u0144czy\u0107 si\u0119 do 2027 r.<\/p>\n\n\n\n<p><em>\u2013 Chcemy precyzyjnie zaplanowa\u0107 przebieg linii M4, lokalizacj\u0119 stacji, wyj\u015b\u0107 oraz powi\u0105za\u0144 pomi\u0119dzy metrem i komunikacj\u0105 naziemn\u0105. Czwarta linia metra b\u0119dzie wa\u017cnym elementem systemu komunikacyjnego miasta \u2013 po\u0142\u0105czy 9 dzielnic, pokona bariery komunikacyjne przecinaj\u0105ce miasto, w tym m.in. linie kolejowe i arterie drogowe, stworzy dogodne w\u0119z\u0142y przesiadkowe do innych \u015brodk\u00f3w transportu miejskiego&nbsp;<\/em>\u2013 m\u00f3wi Rafa\u0142 Trzaskowski. \u2013&nbsp;<em>Planuj\u0105c kolejne linie metra w Warszawie my\u015blimy o transporcie publicznym jako o siatce po\u0142\u0105cze\u0144 komunikacyjnych. Tylko w taki spos\u00f3b komunikacja miejska w stolicy mo\u017ce funkcjonowa\u0107 jako system naczy\u0144 po\u0142\u0105czonych&nbsp;<\/em>\u2013 dodaje prezydent Warszawy.<\/p>\n\n\n\n<p>Opracowanie projektu koncepcyjnego (raport wst\u0119pny), ustalenie stref wp\u0142ywu, dokumentacja hydrogeologiczna i geologiczno-in\u017cynierska oraz projekt koncepcyjny (raport ko\u0144cowy) \u2013 takie elementy zosta\u0142y uj\u0119te w og\u0142oszonym w\u0142a\u015bnie przetargu na wykonanie prac przedprojektowych dla IV linii metra wraz ze Stacj\u0105 Techniczno-Postojow\u0105. Dokument b\u0119dzie podstaw\u0105 do przygotowania projektu budowlanego i przetargu na budow\u0119.<\/p>\n\n\n\n<h2 class=\"wp-block-heading\" id=\"h-najdluzsza-linia-w-stolicy\"><strong>Najd\u0142u\u017csza linia w stolicy<\/strong><\/h2>\n\n\n\n<p>Wed\u0142ug przyj\u0119tych za\u0142o\u017ce\u0144 linia b\u0119dzie d\u0142u\u017csza od dotychczasowych M1 i M2 \u2013 ma liczy\u0107&nbsp; 26 kilometr\u00f3w i 23 stacje \u2013 w tym dwie wsp\u00f3lne z M2 i M3. Osiem stacji ma by\u0107 wyposa\u017conych w komory tor\u00f3w odstawczych. W ramach nowego odcinka ma powsta\u0107 r\u00f3wnie\u017c kolejna stacja techniczno-postojowa oraz nowa centralna dyspozytornia.<\/p>\n\n\n\n<p>Zadaniem wybranego w post\u0119powaniu projektanta b\u0119dzie wykonanie m.in.: opracowania stref wp\u0142ywu budowy obiekt\u00f3w metra na zabudow\u0119 s\u0105siaduj\u0105c\u0105; dokumentacji hydrogeologicznej i geologiczno-in\u017cynierskiej; projektu koncepcyjnego \u2013 raportu wst\u0119pnego i ko\u0144cowego.<\/p>\n\n\n\n<p>Realizuj\u0105c zam\u00f3wienie firma projektowa dokona analizy trasy IV linii metra, kt\u00f3ra obejmie lokalizacj\u0119 obiekt\u00f3w \u2013 usytuowanie w terenie, potencjalne miejsca kolizyjne lub wymagaj\u0105ce szczeg\u00f3lnego potraktowania, przy uwzgl\u0119dnieniu istniej\u0105cych obiekt\u00f3w budowlanych i budynk\u00f3w, istniej\u0105cej infrastruktury oraz naturalnych przeszk\u00f3d.<\/p>\n\n\n\n<p>Prace przedprojektowe maj\u0105 r\u00f3wnie\u017c da\u0107 odpowiedzi na pytanie, czy mo\u017cliwe b\u0119dzie zastosowanie prowadzenia ruchu pojazd\u00f3w autonomicznych (poruszaj\u0105cy si\u0119 bez udzia\u0142u maszynisty) oraz zastosowanie na stacjach systemu drzwi peronowych. Wa\u017cne b\u0119dzie r\u00f3wnie\u017c wykorzystanie rozwi\u0105za\u0144 proekologicznych \u2013 m.in. zwi\u0105zanych z zaopatrywaniem w energi\u0119 i ciep\u0142o oraz wykorzystanie w\u00f3d opadowych.<\/p>\n\n\n\n<p><strong>Jaki kolejny krok?<\/strong><\/p>\n\n\n\n<p>Wykonawca na wykonanie ca\u0142o\u015bci prac b\u0119dzie mie\u0107 38 miesi\u0119cy. Zamawiaj\u0105cy dokona wyboru oferty najkorzystniejszej \u2013 po rekomendacji komisji przetargowej sk\u0142adaj\u0105cej si\u0119 z przedstawicieli biur i jednostek miejskich oraz reprezentant\u00f3w dzielnic.<\/p>\n\n\n\n<p>Oferty oceniane b\u0119d\u0105 wed\u0142ug kryterium cenowego (60 proc.) oraz kryteri\u00f3w pozacenowych dot. dysponowania przez wykonawc\u00f3w osobami legitymuj\u0105cymi si\u0119 dodatkowym do\u015bwiadczeniem (ponad do\u015bwiadczenie wymagane na potwierdzenie spe\u0142nienia warunk\u00f3w udzia\u0142u w post\u0119powaniu).<\/p>\n\n\n\n<p>Przedmiot zam\u00f3wienia nie obejmuje wykonania koncepcji architektonicznej element\u00f3w wystroju (wyko\u0144czenia) hal peronowych i hal odpraw, szczeg\u00f3\u0142owej formy i kszta\u0142tu pawilon\u00f3w wyj\u015bciowych stacji metra oraz zagospodarowania terenu w rejonie projektowanych obiekt\u00f3w naziemnych linii metra. Takie elementy b\u0119d\u0105 przedmiotem odr\u0119bnego post\u0119powania prowadzonego przez m.st. Warszawa, kt\u00f3re planowane jest w trakcie trwaj\u0105cych prac przedprojektowych.<\/p>\n","protected":false},"author":3,"featured_media":266473,"comment_status":"","ping_status":"closed","template":"","categories":[1],"tags":[695,36,852,518,84],"class_list":["post-266472","infotram","type-infotram","status-publish","has-post-thumbnail","hentry","category-kontrakty","tag-budowa","tag-linia","tag-metro","tag-przetarg","tag-warszawa"],"acf":[],"yoast_head":"<!-- This site is optimized with the Yoast SEO Premium plugin v21.8 (Yoast SEO v23.7) - https:\/\/yoast.com\/wordpress\/plugins\/seo\/ -->\n<title>Jest przetarg na projekt IV linii metra w Warszawie - TransInfo Archiwum<\/title>\n<meta name=\"robots\" content=\"index, follow, max-snippet:-1, max-image-preview:large, max-video-preview:-1\" \/>\n<link rel=\"canonical\" href=\"https:\/\/transinfo.pl\/x\/infotram\/jest-przetarg-na-projekt-iv-linii-metra-w-warszawie\/\" \/>\n<meta property=\"og:locale\" content=\"pl_PL\" \/>\n<meta property=\"og:type\" content=\"article\" \/>\n<meta property=\"og:title\" content=\"Jest przetarg na projekt IV linii metra w Warszawie\" \/>\n<meta property=\"og:description\" content=\"Na ostatniej sesji sto\u0142eczni radni podj\u0119li decyzj\u0119 o przeznaczeniu\u00a056 mln z\u0142\u00a0na prace przedprojektowe dla...\" \/>\n<meta property=\"og:url\" content=\"https:\/\/transinfo.pl\/x\/infotram\/jest-przetarg-na-projekt-iv-linii-metra-w-warszawie\/\" \/>\n<meta property=\"og:site_name\" content=\"TransInfo Archiwum\" \/>\n<meta property=\"og:image\" content=\"http:\/\/default\" \/>\n<meta name=\"twitter:card\" content=\"summary_large_image\" \/>\n<meta name=\"twitter:label1\" content=\"Szacowany czas czytania\" \/>\n\t<meta name=\"twitter:data1\" content=\"3 minuty\" \/>\n<script type=\"application\/ld+json\" class=\"yoast-schema-graph\">{\"@context\":\"https:\/\/schema.org\",\"@graph\":[{\"@type\":\"WebPage\",\"@id\":\"https:\/\/transinfo.pl\/x\/infotram\/jest-przetarg-na-projekt-iv-linii-metra-w-warszawie\/\",\"url\":\"https:\/\/transinfo.pl\/x\/infotram\/jest-przetarg-na-projekt-iv-linii-metra-w-warszawie\/\",\"name\":\"Jest przetarg na projekt IV linii metra w Warszawie - TransInfo Archiwum\",\"isPartOf\":{\"@id\":\"https:\/\/transinfo.pl\/x\/#website\"},\"primaryImageOfPage\":{\"@id\":\"https:\/\/transinfo.pl\/x\/infotram\/jest-przetarg-na-projekt-iv-linii-metra-w-warszawie\/#primaryimage\"},\"image\":{\"@id\":\"https:\/\/transinfo.pl\/x\/infotram\/jest-przetarg-na-projekt-iv-linii-metra-w-warszawie\/#primaryimage\"},\"thumbnailUrl\":\"https:\/\/transinfo.pl\/x\/wp-content\/uploads\/2024\/03\/Skoda-Varsovia-na-I-linii-metra-1-851x550-1-1.jpg\",\"datePublished\":\"2024-03-19T12:15:00+00:00\",\"dateModified\":\"2024-03-19T12:15:00+00:00\",\"breadcrumb\":{\"@id\":\"https:\/\/transinfo.pl\/x\/infotram\/jest-przetarg-na-projekt-iv-linii-metra-w-warszawie\/#breadcrumb\"},\"inLanguage\":\"pl-PL\",\"potentialAction\":[{\"@type\":\"ReadAction\",\"target\":[\"https:\/\/transinfo.pl\/x\/infotram\/jest-przetarg-na-projekt-iv-linii-metra-w-warszawie\/\"]}]},{\"@type\":\"ImageObject\",\"inLanguage\":\"pl-PL\",\"@id\":\"https:\/\/transinfo.pl\/x\/infotram\/jest-przetarg-na-projekt-iv-linii-metra-w-warszawie\/#primaryimage\",\"url\":\"https:\/\/transinfo.pl\/x\/wp-content\/uploads\/2024\/03\/Skoda-Varsovia-na-I-linii-metra-1-851x550-1-1.jpg\",\"contentUrl\":\"https:\/\/transinfo.pl\/x\/wp-content\/uploads\/2024\/03\/Skoda-Varsovia-na-I-linii-metra-1-851x550-1-1.jpg\"},{\"@type\":\"BreadcrumbList\",\"@id\":\"https:\/\/transinfo.pl\/x\/infotram\/jest-przetarg-na-projekt-iv-linii-metra-w-warszawie\/#breadcrumb\",\"itemListElement\":[{\"@type\":\"ListItem\",\"position\":1,\"name\":\"Home\",\"item\":\"https:\/\/transinfo.pl\/x\/\"},{\"@type\":\"ListItem\",\"position\":2,\"name\":\"Infotram\",\"item\":\"https:\/\/transinfo.pl\/x\/infotram\/\"},{\"@type\":\"ListItem\",\"position\":3,\"name\":\"Jest przetarg na projekt IV linii metra w Warszawie\"}]},{\"@type\":\"WebSite\",\"@id\":\"https:\/\/transinfo.pl\/x\/#website\",\"url\":\"https:\/\/transinfo.pl\/x\/\",\"name\":\"TransInfo Archiwum\",\"description\":\"Ca\u0142y transport w jednym miejscu\",\"publisher\":{\"@id\":\"https:\/\/transinfo.pl\/x\/#organization\"},\"potentialAction\":[{\"@type\":\"SearchAction\",\"target\":{\"@type\":\"EntryPoint\",\"urlTemplate\":\"https:\/\/transinfo.pl\/x\/?s={search_term_string}\"},\"query-input\":{\"@type\":\"PropertyValueSpecification\",\"valueRequired\":true,\"valueName\":\"search_term_string\"}}],\"inLanguage\":\"pl-PL\"},{\"@type\":\"Organization\",\"@id\":\"https:\/\/transinfo.pl\/x\/#organization\",\"name\":\"TransInfo\",\"url\":\"https:\/\/transinfo.pl\/x\/\",\"logo\":{\"@type\":\"ImageObject\",\"inLanguage\":\"pl-PL\",\"@id\":\"https:\/\/transinfo.pl\/x\/#\/schema\/logo\/image\/\",\"url\":\"https:\/\/transinfo.pl\/x\/wp-content\/uploads\/2024\/10\/favicon.png\",\"contentUrl\":\"https:\/\/transinfo.pl\/x\/wp-content\/uploads\/2024\/10\/favicon.png\",\"width\":512,\"height\":512,\"caption\":\"TransInfo\"},\"image\":{\"@id\":\"https:\/\/transinfo.pl\/x\/#\/schema\/logo\/image\/\"}}]}<\/script>\n<!-- \/ Yoast SEO Premium plugin. -->","yoast_head_json":{"title":"Jest przetarg na projekt IV linii metra w Warszawie - TransInfo Archiwum","robots":{"index":"index","follow":"follow","max-snippet":"max-snippet:-1","max-image-preview":"max-image-preview:large","max-video-preview":"max-video-preview:-1"},"canonical":"https:\/\/transinfo.pl\/x\/infotram\/jest-przetarg-na-projekt-iv-linii-metra-w-warszawie\/","og_locale":"pl_PL","og_type":"article","og_title":"Jest przetarg na projekt IV linii metra w Warszawie","og_description":"Na ostatniej sesji sto\u0142eczni radni podj\u0119li decyzj\u0119 o przeznaczeniu\u00a056 mln z\u0142\u00a0na prace przedprojektowe dla...","og_url":"https:\/\/transinfo.pl\/x\/infotram\/jest-przetarg-na-projekt-iv-linii-metra-w-warszawie\/","og_site_name":"TransInfo Archiwum","og_image":[{"url":"default"}],"twitter_card":"summary_large_image","twitter_misc":{"Szacowany czas czytania":"3 minuty"},"schema":{"@context":"https:\/\/schema.org","@graph":[{"@type":"WebPage","@id":"https:\/\/transinfo.pl\/x\/infotram\/jest-przetarg-na-projekt-iv-linii-metra-w-warszawie\/","url":"https:\/\/transinfo.pl\/x\/infotram\/jest-przetarg-na-projekt-iv-linii-metra-w-warszawie\/","name":"Jest przetarg na projekt IV linii metra w Warszawie - TransInfo Archiwum","isPartOf":{"@id":"https:\/\/transinfo.pl\/x\/#website"},"primaryImageOfPage":{"@id":"https:\/\/transinfo.pl\/x\/infotram\/jest-przetarg-na-projekt-iv-linii-metra-w-warszawie\/#primaryimage"},"image":{"@id":"https:\/\/transinfo.pl\/x\/infotram\/jest-przetarg-na-projekt-iv-linii-metra-w-warszawie\/#primaryimage"},"thumbnailUrl":"https:\/\/transinfo.pl\/x\/wp-content\/uploads\/2024\/03\/Skoda-Varsovia-na-I-linii-metra-1-851x550-1-1.jpg","datePublished":"2024-03-19T12:15:00+00:00","dateModified":"2024-03-19T12:15:00+00:00","breadcrumb":{"@id":"https:\/\/transinfo.pl\/x\/infotram\/jest-przetarg-na-projekt-iv-linii-metra-w-warszawie\/#breadcrumb"},"inLanguage":"pl-PL","potentialAction":[{"@type":"ReadAction","target":["https:\/\/transinfo.pl\/x\/infotram\/jest-przetarg-na-projekt-iv-linii-metra-w-warszawie\/"]}]},{"@type":"ImageObject","inLanguage":"pl-PL","@id":"https:\/\/transinfo.pl\/x\/infotram\/jest-przetarg-na-projekt-iv-linii-metra-w-warszawie\/#primaryimage","url":"https:\/\/transinfo.pl\/x\/wp-content\/uploads\/2024\/03\/Skoda-Varsovia-na-I-linii-metra-1-851x550-1-1.jpg","contentUrl":"https:\/\/transinfo.pl\/x\/wp-content\/uploads\/2024\/03\/Skoda-Varsovia-na-I-linii-metra-1-851x550-1-1.jpg"},{"@type":"BreadcrumbList","@id":"https:\/\/transinfo.pl\/x\/infotram\/jest-przetarg-na-projekt-iv-linii-metra-w-warszawie\/#breadcrumb","itemListElement":[{"@type":"ListItem","position":1,"name":"Home","item":"https:\/\/transinfo.pl\/x\/"},{"@type":"ListItem","position":2,"name":"Infotram","item":"https:\/\/transinfo.pl\/x\/infotram\/"},{"@type":"ListItem","position":3,"name":"Jest przetarg na projekt IV linii metra w Warszawie"}]},{"@type":"WebSite","@id":"https:\/\/transinfo.pl\/x\/#website","url":"https:\/\/transinfo.pl\/x\/","name":"TransInfo Archiwum","description":"Ca\u0142y transport w jednym miejscu","publisher":{"@id":"https:\/\/transinfo.pl\/x\/#organization"},"potentialAction":[{"@type":"SearchAction","target":{"@type":"EntryPoint","urlTemplate":"https:\/\/transinfo.pl\/x\/?s={search_term_string}"},"query-input":{"@type":"PropertyValueSpecification","valueRequired":true,"valueName":"search_term_string"}}],"inLanguage":"pl-PL"},{"@type":"Organization","@id":"https:\/\/transinfo.pl\/x\/#organization","name":"TransInfo","url":"https:\/\/transinfo.pl\/x\/","logo":{"@type":"ImageObject","inLanguage":"pl-PL","@id":"https:\/\/transinfo.pl\/x\/#\/schema\/logo\/image\/","url":"https:\/\/transinfo.pl\/x\/wp-content\/uploads\/2024\/10\/favicon.png","contentUrl":"https:\/\/transinfo.pl\/x\/wp-content\/uploads\/2024\/10\/favicon.png","width":512,"height":512,"caption":"TransInfo"},"image":{"@id":"https:\/\/transinfo.pl\/x\/#\/schema\/logo\/image\/"}}]}},"_links":{"self":[{"href":"https:\/\/transinfo.pl\/x\/wp-json\/wp\/v2\/infotram\/266472","targetHints":{"allow":["GET"]}}],"collection":[{"href":"https:\/\/transinfo.pl\/x\/wp-json\/wp\/v2\/infotram"}],"about":[{"href":"https:\/\/transinfo.pl\/x\/wp-json\/wp\/v2\/types\/infotram"}],"author":[{"embeddable":true,"href":"https:\/\/transinfo.pl\/x\/wp-json\/wp\/v2\/users\/3"}],"replies":[{"embeddable":true,"href":"https:\/\/transinfo.pl\/x\/wp-json\/wp\/v2\/comments?post=266472"}],"wp:featuredmedia":[{"embeddable":true,"href":"https:\/\/transinfo.pl\/x\/wp-json\/wp\/v2\/media\/266473"}],"wp:attachment":[{"href":"https:\/\/transinfo.pl\/x\/wp-json\/wp\/v2\/media?parent=266472"}],"wp:term":[{"taxonomy":"category","embeddable":true,"href":"https:\/\/transinfo.pl\/x\/wp-json\/wp\/v2\/categories?post=266472"},{"taxonomy":"post_tag","embeddable":true,"href":"https:\/\/transinfo.pl\/x\/wp-json\/wp\/v2\/tags?post=266472"}],"curies":[{"name":"wp","href":"https:\/\/api.w.org\/{rel}","templated":true}]}}