{"id":266437,"date":"2024-03-18T15:45:00","date_gmt":"2024-03-18T15:45:00","guid":{"rendered":"https:\/\/transinfo.pl\/x\/infotram\/komplet-elektronow-dla-lwowa\/"},"modified":"2024-03-18T15:45:00","modified_gmt":"2024-03-18T15:45:00","slug":"komplet-elektronow-dla-lwowa","status":"publish","type":"infotram","link":"https:\/\/transinfo.pl\/x\/infotram\/komplet-elektronow-dla-lwowa\/","title":{"rendered":"Komplet Elektron\u00f3w dla Lwowa"},"content":{"rendered":"<style>h1,h2,h3,h4,h5,h6{margin:0 0 1.25rem;font-family:Arial,sans-serif;font-weight:600;color:#050505}h1{font-size:1.875rem;line-height:1.1em;text-transform:none}@media(min-width: 768px){h1{font-size:2.375rem}}h2{font-size:1.1875rem;line-height:1.2em;text-transform:uppercase}@media(min-width: 768px){h2{font-size:1.0625rem}}h3{font-size:0.9375rem;line-height:1.4em;font-weight:900;margin-bottom:0.9375rem}h4{font-size:0.875rem;line-height:1.2em;font-weight:500}h5{font-size:0.9375rem;line-height:1.6;font-weight:400}h6{font-size:0.9375rem;line-height:1.6;font-weight:600}\n<\/style>\n<h3 class=\"wp-block-heading\" id=\"h-rozpoczal-sie-proces-przekazywania-do-lwowa-dziesiatego-ostatniego-z-zakupionych-przez-miasto-piecioczlonowych-niskopodlogowych-tramwajow-electron\">Rozpocz\u0105\u0142 si\u0119 proces przekazywania do Lwowa dziesi\u0105tego, ostatniego z zakupionych przez miasto, pi\u0119ciocz\u0142onowych niskopod\u0142ogowych tramwaj\u00f3w \u201eElectron\u201d.<\/h3>\n\n\n<style>p{margin:0 0 1.5rem}p:last-child{margin:0}p.is-style-uppercase{text-transform:uppercase}p.is-style-preheading{color:#12406a;text-transform:uppercase}p.is-style-leadparagraph{font-size:1rem;line-height:1.625;font-weight:700}@media(min-width: 768px){p.is-style-leadparagraph{font-size:1.125rem;line-height:1.5555555556}}p.has-small-margin{margin-bottom:0.625rem}p.has-small-margin+h1,p.has-small-margin+h2,p.has-small-margin+h3{margin-top:1.875rem}\n<\/style>\n<p>Nast\u0119pnie zgodnie z procedur\u0105 nowy wagon musi przej\u015b\u0107 m.in. badania w\u0142a\u015bciwo\u015bci jezdnych oraz uk\u0142ad\u00f3w hamulcowych. W tym procesie zostanie wyposa\u017cony w urz\u0105dzenia automatycznego systemu p\u0142atno\u015bci za przejazd i otrzyma numer inwentarzowy.<\/p>\n\n\n\n<h2 class=\"wp-block-heading\" id=\"h-przy-wsparciu-ebi\">Przy wsparciu EBI<\/h2>\n\n\n<style>.wp-block-quote{border-left:0.1875rem solid var(--page-color);font-size:1rem;font-style:italic;margin:0 0 1.6875rem;padding:1.25rem}.wp-block-quote cite{color:#050505}.wp-block-quote.is-style-large p{margin-bottom:10px}.wp-block-quote.is-style-large cite{color:#12406a}\n<\/style>\n<blockquote class=\"wp-block-quote is-layout-flow wp-block-quote-is-layout-flow\">\n<p>\u201ePo przeprowadzeniu wszystkich prac przygotowawczych tramwaj b\u0119dzie m\u00f3g\u0142 kursowa\u0107 na linii \u2013 g\u0142\u00f3wnie na trasie nr 8, kt\u00f3ra \u0142\u0105czy Sich\u00f3w z centraln\u0105 cz\u0119\u015bci\u0105 miasta. Na tej trasie kursuje 9 podobnych tramwaj\u00f3w, otrzymanych w tym roku i w latach poprzednich\u201d \u2013 poinformowa\u0142 Lviv Electrotrans.<\/p>\n<\/blockquote>\n\n\n\n<p>Przypomnijmy, \u017ce odnowa taboru Lviv Electrotrans LLP odbywa si\u0119 ze \u015brodk\u00f3w kredytowych Europejskiego Banku Inwestycyjnego (EBI). Sta\u0142o si\u0119 to mo\u017cliwe dzi\u0119ki udzia\u0142owi Lwowa w projekcie \u201eMiejski transport publiczny Ukrainy\u201d, b\u0119d\u0105cym ramow\u0105 po\u017cyczk\u0105 z EBI. W ramach projektu miasto otrzyma\u0142o po\u017cyczk\u0119 w wysoko\u015bci 17,4 mln euro na zakup dziesi\u0119ciu pi\u0119ciocz\u0142onowych tramwaj\u00f3w.<\/p>\n\n\n\n<p><\/p>\n\n\n<style>.wp-block-image{margin:1.25rem 0;text-align:center}.wp-block-image figcaption{padding:0 0.9375rem;text-align:center}\n<\/style>\n<figure class=\"wp-block-image size-full\"><a href=\"https:\/\/transinfo.pl\/wp-content\/uploads\/2024\/03\/lwow2-851x550-1.jpg\"><img decoding=\"async\" src=\"https:\/\/transinfo.pl\/wp-content\/uploads\/2024\/03\/lwow2-851x550-1.jpg\" alt=\"Rozpocz\u0105\u0142 si\u0119 proces przekazywania do Lwowa dziesi\u0105tego, ostatniego z zakupionych przez miasto, pi\u0119ciocz\u0142onowych niskopod\u0142ogowych tramwaj\u00f3w \u201eElectron\u201d.\" class=\"wp-image-468093\" \/><\/a><figcaption class=\"wp-element-caption\">Dostawa tramwaju Elektron dla Lwowa<\/figcaption><\/figure>\n\n\n\n<p><\/p>\n\n\n\n<p>Umowa na dostaw\u0119 tych tramwaj\u00f3w zosta\u0142a zawarta przez LKP \u201eLvivelectrotrans\u201d we wrze\u015bniu 2020 roku. Przewiduje zakup cz\u0119\u015bci zamiennych i materia\u0142\u00f3w eksploatacyjnych, sprz\u0119tu i narz\u0119dzi do konserwacji i naprawy wagon\u00f3w. Zgodnie z harmonogramem pierwsza dostawa tramwaj\u00f3w mia\u0142a nast\u0105pi\u0107 w czerwcu 2022 r., ale pierwsze trzy tramwaje miasto otrzyma\u0142o wcze\u015bniej \u2013 w grudniu 2021 r. Trzy kolejne tramwaje dostarczono w 2022 r., dwa w 2023 r. i dwa kolejne w 2024 r.<\/p>\n\n\n\n<p>Projekt \u201eMiejski transport publiczny Ukrainy\u201d realizowany jest przez Ministerstwo Rozwoju Gmin, Terytori\u00f3w i Infrastruktury Ukrainy wsp\u00f3lnie z Ministerstwem Finans\u00f3w Ukrainy, w\u0142adzami miast i przedsi\u0119biorstwami komunalnymi. Wsparcie techniczne w wysoko\u015bci 3,5 mln euro zapewni\u0142a projektowi Unia Europejska.<\/p>\n\n\n\n<p>Tramwaj \u201eElectron\u201d T5L641 to pi\u0119ciocz\u0142onowy, jednoprzestrzenny, komfortowy wagon z systemem klimatyzacji, o obni\u017conym poziomie wibracji i ha\u0142asu, kt\u00f3rego poziom techniczny odpowiada wsp\u00f3\u0142czesnym europejskim wymaganiom dla miejskich pojazd\u00f3w elektrycznych. Szerokie drzwi i niski poziom pod\u0142ogi pozwalaj\u0105 przyspieszy\u0107 wsiadanie i wysiadanie pasa\u017cer\u00f3w, co jest szczeg\u00f3lnie wygodne dla pasa\u017cer\u00f3w z dzie\u0107mi i os\u00f3b o ograniczonej sprawno\u015bci ruchowej.<\/p>\n\n\n\n<p>Liczba miejsc siedz\u0105cych wynosi 58, a ca\u0142kowita pojemno\u015b\u0107 pasa\u017cerska wynosi 250 os\u00f3b.<\/p>\n\n\n\n<p>Pod\u0142oga samochodu w rejonie drzwi kabiny wyposa\u017cona jest w system ogrzewania, kt\u00f3ry zapobiega oblodzeniu i zamarzaniu \u015bniegu w okresie zimowym. Specjalna pow\u0142oka okienna zatrzymuje ciep\u0142o w zimnych porach roku i odbija promienie ultrafioletowe s\u0142o\u0144ca w upale. Tramwaj wyposa\u017cony jest w zewn\u0119trzne i wewn\u0119trzne kamery wideo umo\u017cliwiaj\u0105ce panoramiczny widok: kabiny pasa\u017cerskiej, obszar\u00f3w w pobli\u017cu drzwi pasa\u017cerskich i obszaru za wagonem, co zapewnia szersze pole widzenia i kontrol\u0119 motorniczego nad sytuacj\u0105 na drodze, wsiadaniem i wysiadania pasa\u017cer\u00f3w.<\/p>\n","protected":false},"author":3,"featured_media":266438,"comment_status":"","ping_status":"closed","template":"","categories":[25],"tags":[842,1061,863,238,211],"class_list":["post-266437","infotram","type-infotram","status-publish","has-post-thumbnail","hentry","category-producenci","tag-ebi","tag-elektron","tag-lwow","tag-tramwaj","tag-ukraina"],"acf":[],"yoast_head":"<!-- This site is optimized with the Yoast SEO Premium plugin v21.8 (Yoast SEO v23.7) - https:\/\/yoast.com\/wordpress\/plugins\/seo\/ -->\n<title>Komplet Elektron\u00f3w dla Lwowa - TransInfo Archiwum<\/title>\n<meta name=\"description\" content=\"Rozpocz\u0105\u0142 si\u0119 proces przekazywania do Lwowa dziesi\u0105tego, ostatniego z zakupionych przez miasto, pi\u0119ciocz\u0142onowych tramwaj\u00f3w \u201eElectron\u201d.\" \/>\n<meta name=\"robots\" content=\"index, follow, max-snippet:-1, max-image-preview:large, max-video-preview:-1\" \/>\n<link rel=\"canonical\" href=\"https:\/\/transinfo.pl\/x\/infotram\/komplet-elektronow-dla-lwowa\/\" \/>\n<meta property=\"og:locale\" content=\"pl_PL\" \/>\n<meta property=\"og:type\" content=\"article\" \/>\n<meta property=\"og:title\" content=\"Komplet Elektron\u00f3w dla Lwowa\" \/>\n<meta property=\"og:description\" content=\"Rozpocz\u0105\u0142 si\u0119 proces przekazywania do Lwowa dziesi\u0105tego, ostatniego z zakupionych przez miasto, pi\u0119ciocz\u0142onowych tramwaj\u00f3w \u201eElectron\u201d.\" \/>\n<meta property=\"og:url\" content=\"https:\/\/transinfo.pl\/x\/infotram\/komplet-elektronow-dla-lwowa\/\" \/>\n<meta property=\"og:site_name\" content=\"TransInfo Archiwum\" \/>\n<meta property=\"og:image\" content=\"https:\/\/transinfo.pl\/x\/wp-content\/uploads\/2024\/03\/elektron.jpg\" \/>\n\t<meta property=\"og:image:width\" content=\"1\" \/>\n\t<meta property=\"og:image:height\" content=\"1\" \/>\n\t<meta property=\"og:image:type\" content=\"image\/jpeg\" \/>\n<meta name=\"twitter:card\" content=\"summary_large_image\" \/>\n<meta name=\"twitter:label1\" content=\"Szacowany czas czytania\" \/>\n\t<meta name=\"twitter:data1\" content=\"2 minuty\" \/>\n<script type=\"application\/ld+json\" class=\"yoast-schema-graph\">{\"@context\":\"https:\/\/schema.org\",\"@graph\":[{\"@type\":\"WebPage\",\"@id\":\"https:\/\/transinfo.pl\/x\/infotram\/komplet-elektronow-dla-lwowa\/\",\"url\":\"https:\/\/transinfo.pl\/x\/infotram\/komplet-elektronow-dla-lwowa\/\",\"name\":\"Komplet Elektron\u00f3w dla Lwowa - TransInfo Archiwum\",\"isPartOf\":{\"@id\":\"https:\/\/transinfo.pl\/x\/#website\"},\"primaryImageOfPage\":{\"@id\":\"https:\/\/transinfo.pl\/x\/infotram\/komplet-elektronow-dla-lwowa\/#primaryimage\"},\"image\":{\"@id\":\"https:\/\/transinfo.pl\/x\/infotram\/komplet-elektronow-dla-lwowa\/#primaryimage\"},\"thumbnailUrl\":\"https:\/\/transinfo.pl\/x\/wp-content\/uploads\/2024\/03\/elektron.jpg\",\"datePublished\":\"2024-03-18T15:45:00+00:00\",\"dateModified\":\"2024-03-18T15:45:00+00:00\",\"description\":\"Rozpocz\u0105\u0142 si\u0119 proces przekazywania do Lwowa dziesi\u0105tego, ostatniego z zakupionych przez miasto, pi\u0119ciocz\u0142onowych tramwaj\u00f3w \u201eElectron\u201d.\",\"breadcrumb\":{\"@id\":\"https:\/\/transinfo.pl\/x\/infotram\/komplet-elektronow-dla-lwowa\/#breadcrumb\"},\"inLanguage\":\"pl-PL\",\"potentialAction\":[{\"@type\":\"ReadAction\",\"target\":[\"https:\/\/transinfo.pl\/x\/infotram\/komplet-elektronow-dla-lwowa\/\"]}]},{\"@type\":\"ImageObject\",\"inLanguage\":\"pl-PL\",\"@id\":\"https:\/\/transinfo.pl\/x\/infotram\/komplet-elektronow-dla-lwowa\/#primaryimage\",\"url\":\"https:\/\/transinfo.pl\/x\/wp-content\/uploads\/2024\/03\/elektron.jpg\",\"contentUrl\":\"https:\/\/transinfo.pl\/x\/wp-content\/uploads\/2024\/03\/elektron.jpg\"},{\"@type\":\"BreadcrumbList\",\"@id\":\"https:\/\/transinfo.pl\/x\/infotram\/komplet-elektronow-dla-lwowa\/#breadcrumb\",\"itemListElement\":[{\"@type\":\"ListItem\",\"position\":1,\"name\":\"Home\",\"item\":\"https:\/\/transinfo.pl\/x\/\"},{\"@type\":\"ListItem\",\"position\":2,\"name\":\"Infotram\",\"item\":\"https:\/\/transinfo.pl\/x\/infotram\/\"},{\"@type\":\"ListItem\",\"position\":3,\"name\":\"Komplet Elektron\u00f3w dla Lwowa\"}]},{\"@type\":\"WebSite\",\"@id\":\"https:\/\/transinfo.pl\/x\/#website\",\"url\":\"https:\/\/transinfo.pl\/x\/\",\"name\":\"TransInfo Archiwum\",\"description\":\"Ca\u0142y transport w jednym miejscu\",\"publisher\":{\"@id\":\"https:\/\/transinfo.pl\/x\/#organization\"},\"potentialAction\":[{\"@type\":\"SearchAction\",\"target\":{\"@type\":\"EntryPoint\",\"urlTemplate\":\"https:\/\/transinfo.pl\/x\/?s={search_term_string}\"},\"query-input\":{\"@type\":\"PropertyValueSpecification\",\"valueRequired\":true,\"valueName\":\"search_term_string\"}}],\"inLanguage\":\"pl-PL\"},{\"@type\":\"Organization\",\"@id\":\"https:\/\/transinfo.pl\/x\/#organization\",\"name\":\"TransInfo\",\"url\":\"https:\/\/transinfo.pl\/x\/\",\"logo\":{\"@type\":\"ImageObject\",\"inLanguage\":\"pl-PL\",\"@id\":\"https:\/\/transinfo.pl\/x\/#\/schema\/logo\/image\/\",\"url\":\"https:\/\/transinfo.pl\/x\/wp-content\/uploads\/2024\/10\/favicon.png\",\"contentUrl\":\"https:\/\/transinfo.pl\/x\/wp-content\/uploads\/2024\/10\/favicon.png\",\"width\":512,\"height\":512,\"caption\":\"TransInfo\"},\"image\":{\"@id\":\"https:\/\/transinfo.pl\/x\/#\/schema\/logo\/image\/\"}}]}<\/script>\n<!-- \/ Yoast SEO Premium plugin. -->","yoast_head_json":{"title":"Komplet Elektron\u00f3w dla Lwowa - TransInfo Archiwum","description":"Rozpocz\u0105\u0142 si\u0119 proces przekazywania do Lwowa dziesi\u0105tego, ostatniego z zakupionych przez miasto, pi\u0119ciocz\u0142onowych tramwaj\u00f3w \u201eElectron\u201d.","robots":{"index":"index","follow":"follow","max-snippet":"max-snippet:-1","max-image-preview":"max-image-preview:large","max-video-preview":"max-video-preview:-1"},"canonical":"https:\/\/transinfo.pl\/x\/infotram\/komplet-elektronow-dla-lwowa\/","og_locale":"pl_PL","og_type":"article","og_title":"Komplet Elektron\u00f3w dla Lwowa","og_description":"Rozpocz\u0105\u0142 si\u0119 proces przekazywania do Lwowa dziesi\u0105tego, ostatniego z zakupionych przez miasto, pi\u0119ciocz\u0142onowych tramwaj\u00f3w \u201eElectron\u201d.","og_url":"https:\/\/transinfo.pl\/x\/infotram\/komplet-elektronow-dla-lwowa\/","og_site_name":"TransInfo Archiwum","og_image":[{"url":"https:\/\/transinfo.pl\/x\/wp-content\/uploads\/2024\/03\/elektron.jpg","width":1,"height":1,"type":"image\/jpeg"}],"twitter_card":"summary_large_image","twitter_misc":{"Szacowany czas czytania":"2 minuty"},"schema":{"@context":"https:\/\/schema.org","@graph":[{"@type":"WebPage","@id":"https:\/\/transinfo.pl\/x\/infotram\/komplet-elektronow-dla-lwowa\/","url":"https:\/\/transinfo.pl\/x\/infotram\/komplet-elektronow-dla-lwowa\/","name":"Komplet Elektron\u00f3w dla Lwowa - TransInfo Archiwum","isPartOf":{"@id":"https:\/\/transinfo.pl\/x\/#website"},"primaryImageOfPage":{"@id":"https:\/\/transinfo.pl\/x\/infotram\/komplet-elektronow-dla-lwowa\/#primaryimage"},"image":{"@id":"https:\/\/transinfo.pl\/x\/infotram\/komplet-elektronow-dla-lwowa\/#primaryimage"},"thumbnailUrl":"https:\/\/transinfo.pl\/x\/wp-content\/uploads\/2024\/03\/elektron.jpg","datePublished":"2024-03-18T15:45:00+00:00","dateModified":"2024-03-18T15:45:00+00:00","description":"Rozpocz\u0105\u0142 si\u0119 proces przekazywania do Lwowa dziesi\u0105tego, ostatniego z zakupionych przez miasto, pi\u0119ciocz\u0142onowych tramwaj\u00f3w \u201eElectron\u201d.","breadcrumb":{"@id":"https:\/\/transinfo.pl\/x\/infotram\/komplet-elektronow-dla-lwowa\/#breadcrumb"},"inLanguage":"pl-PL","potentialAction":[{"@type":"ReadAction","target":["https:\/\/transinfo.pl\/x\/infotram\/komplet-elektronow-dla-lwowa\/"]}]},{"@type":"ImageObject","inLanguage":"pl-PL","@id":"https:\/\/transinfo.pl\/x\/infotram\/komplet-elektronow-dla-lwowa\/#primaryimage","url":"https:\/\/transinfo.pl\/x\/wp-content\/uploads\/2024\/03\/elektron.jpg","contentUrl":"https:\/\/transinfo.pl\/x\/wp-content\/uploads\/2024\/03\/elektron.jpg"},{"@type":"BreadcrumbList","@id":"https:\/\/transinfo.pl\/x\/infotram\/komplet-elektronow-dla-lwowa\/#breadcrumb","itemListElement":[{"@type":"ListItem","position":1,"name":"Home","item":"https:\/\/transinfo.pl\/x\/"},{"@type":"ListItem","position":2,"name":"Infotram","item":"https:\/\/transinfo.pl\/x\/infotram\/"},{"@type":"ListItem","position":3,"name":"Komplet Elektron\u00f3w dla Lwowa"}]},{"@type":"WebSite","@id":"https:\/\/transinfo.pl\/x\/#website","url":"https:\/\/transinfo.pl\/x\/","name":"TransInfo Archiwum","description":"Ca\u0142y transport w jednym miejscu","publisher":{"@id":"https:\/\/transinfo.pl\/x\/#organization"},"potentialAction":[{"@type":"SearchAction","target":{"@type":"EntryPoint","urlTemplate":"https:\/\/transinfo.pl\/x\/?s={search_term_string}"},"query-input":{"@type":"PropertyValueSpecification","valueRequired":true,"valueName":"search_term_string"}}],"inLanguage":"pl-PL"},{"@type":"Organization","@id":"https:\/\/transinfo.pl\/x\/#organization","name":"TransInfo","url":"https:\/\/transinfo.pl\/x\/","logo":{"@type":"ImageObject","inLanguage":"pl-PL","@id":"https:\/\/transinfo.pl\/x\/#\/schema\/logo\/image\/","url":"https:\/\/transinfo.pl\/x\/wp-content\/uploads\/2024\/10\/favicon.png","contentUrl":"https:\/\/transinfo.pl\/x\/wp-content\/uploads\/2024\/10\/favicon.png","width":512,"height":512,"caption":"TransInfo"},"image":{"@id":"https:\/\/transinfo.pl\/x\/#\/schema\/logo\/image\/"}}]}},"_links":{"self":[{"href":"https:\/\/transinfo.pl\/x\/wp-json\/wp\/v2\/infotram\/266437","targetHints":{"allow":["GET"]}}],"collection":[{"href":"https:\/\/transinfo.pl\/x\/wp-json\/wp\/v2\/infotram"}],"about":[{"href":"https:\/\/transinfo.pl\/x\/wp-json\/wp\/v2\/types\/infotram"}],"author":[{"embeddable":true,"href":"https:\/\/transinfo.pl\/x\/wp-json\/wp\/v2\/users\/3"}],"replies":[{"embeddable":true,"href":"https:\/\/transinfo.pl\/x\/wp-json\/wp\/v2\/comments?post=266437"}],"wp:featuredmedia":[{"embeddable":true,"href":"https:\/\/transinfo.pl\/x\/wp-json\/wp\/v2\/media\/266438"}],"wp:attachment":[{"href":"https:\/\/transinfo.pl\/x\/wp-json\/wp\/v2\/media?parent=266437"}],"wp:term":[{"taxonomy":"category","embeddable":true,"href":"https:\/\/transinfo.pl\/x\/wp-json\/wp\/v2\/categories?post=266437"},{"taxonomy":"post_tag","embeddable":true,"href":"https:\/\/transinfo.pl\/x\/wp-json\/wp\/v2\/tags?post=266437"}],"curies":[{"name":"wp","href":"https:\/\/api.w.org\/{rel}","templated":true}]}}