{"id":266259,"date":"2024-03-14T08:45:00","date_gmt":"2024-03-14T08:45:00","guid":{"rendered":"https:\/\/transinfo.pl\/x\/infotram\/mpk-krakow-modernizuje-kolejne-tramwaje-gt8n\/"},"modified":"2024-03-14T08:45:00","modified_gmt":"2024-03-14T08:45:00","slug":"mpk-krakow-modernizuje-kolejne-tramwaje-gt8n","status":"publish","type":"infotram","link":"https:\/\/transinfo.pl\/x\/infotram\/mpk-krakow-modernizuje-kolejne-tramwaje-gt8n\/","title":{"rendered":"MPK Krak\u00f3w modernizuje kolejne tramwaje GT8N"},"content":{"rendered":"<style>h1,h2,h3,h4,h5,h6{margin:0 0 1.25rem;font-family:Arial,sans-serif;font-weight:600;color:#050505}h1{font-size:1.875rem;line-height:1.1em;text-transform:none}@media(min-width: 768px){h1{font-size:2.375rem}}h2{font-size:1.1875rem;line-height:1.2em;text-transform:uppercase}@media(min-width: 768px){h2{font-size:1.0625rem}}h3{font-size:0.9375rem;line-height:1.4em;font-weight:900;margin-bottom:0.9375rem}h4{font-size:0.875rem;line-height:1.2em;font-weight:500}h5{font-size:0.9375rem;line-height:1.6;font-weight:400}h6{font-size:0.9375rem;line-height:1.6;font-weight:600}\n<\/style>\n<h3 class=\"wp-block-heading\" id=\"h-miejskie-przedsiebiorstwo-komunikacyjne-w-krakowie-modernizuje-kolejna-pule-dwukierunkowych-wagonow-gt8n-uzytkowanych-wczesniej-w-w-duesseldorfie\">Miejskie Przedsi\u0119biorstwo Komunikacyjne w Krakowie modernizuje kolejn\u0105 pul\u0119 dwukierunkowych wagon\u00f3w GT8N u\u017cytkowanych wcze\u015bniej w w Duesseldorfie. <\/h3>\n\n\n<style>p{margin:0 0 1.5rem}p:last-child{margin:0}p.is-style-uppercase{text-transform:uppercase}p.is-style-preheading{color:#12406a;text-transform:uppercase}p.is-style-leadparagraph{font-size:1rem;line-height:1.625;font-weight:700}@media(min-width: 768px){p.is-style-leadparagraph{font-size:1.125rem;line-height:1.5555555556}}p.has-small-margin{margin-bottom:0.625rem}p.has-small-margin+h1,p.has-small-margin+h2,p.has-small-margin+h3{margin-top:1.875rem}\n<\/style>\n<p>Przewo\u017anik skierowa\u0142 w\u0142a\u015bnie na tras\u0119 29 wagon tego typu; przydatne s\u0105 g\u0142\u00f3wnie na remontowanych liniach, gdzie nie ma mo\u017cliwo\u015bci zawr\u00f3cenia na p\u0119tli.<\/p>\n\n\n\n<h2 class=\"wp-block-heading\" id=\"h-autorski-program-modernizacji-tramwajow\">Autorski program modernizacji tramwaj\u00f3w<\/h2>\n\n\n\n<p>Pod koniec 2021 roku krakowskie MPK zako\u0144czy\u0142o autorski program modernizacji 28 wagon\u00f3w&nbsp;tramwajowych GT8 zakupionych w latach 2009\u20132013 w Duesseldorfie. W listopadzie 2022 roku przewo\u017anik zakupi\u0142 kolejnych pi\u0119\u0107 takich wagon\u00f3w, z kt\u00f3rych trzy przeznaczono do gruntownej modernizacji i skierowania na trasy.<\/p>\n\n\n\n<p>Rzecznik krakowskiego MPK Marek Gancarczyk poinformowa\u0142 PAP, \u017ce pierwszy\u00a0tramwaj\u00a0z tej puli wozi ju\u017c pasa\u017cer\u00f3w na trasie. W planie jest jeszcze oddanie do u\u017cytkowania dw\u00f3ch kolejnych zmodernizowanych wagon\u00f3w GT8N.<\/p>\n\n\n<style>.wp-block-quote{border-left:0.1875rem solid var(--page-color);font-size:1rem;font-style:italic;margin:0 0 1.6875rem;padding:1.25rem}.wp-block-quote cite{color:#050505}.wp-block-quote.is-style-large p{margin-bottom:10px}.wp-block-quote.is-style-large cite{color:#12406a}\n<\/style>\n<blockquote class=\"wp-block-quote is-layout-flow wp-block-quote-is-layout-flow\">\n<p>\u201eTo ju\u017c 29. wagon GT8N, kt\u00f3ry ma w swojej flocie MPK. Wszystkie zosta\u0142y sprowadzone z Duesseldorfu i przesz\u0142y modernizacj\u0119 w Stacji Obs\u0142ugi i Remont\u00f3w MPK\u201d &#8211; przekaza\u0142 przedstawiciel MPK.<\/p>\n<\/blockquote>\n\n\n\n<p><\/p>\n\n\n<style>.wp-block-image{margin:1.25rem 0;text-align:center}.wp-block-image figcaption{padding:0 0.9375rem;text-align:center}\n<\/style>\n<figure class=\"wp-block-image size-full\"><a href=\"https:\/\/transinfo.pl\/wp-content\/uploads\/2024\/03\/328-1.jpg\"><img decoding=\"async\" src=\"https:\/\/transinfo.pl\/wp-content\/uploads\/2024\/03\/328-1.jpg\" alt=\"\" class=\"wp-image-467565\" \/><\/a><figcaption class=\"wp-element-caption\">Zmodernizowany GT8N\/foto: MPK Krak\u00f3w<\/figcaption><\/figure>\n\n\n\n<p><\/p>\n\n\n\n<p>Dzi\u0119ki przebudowie w Stacji Obs\u0142ugi i Remont\u00f3w MPK\u00a0tramwaje te zyska\u0142y przede wszystkim umiejscowion\u0105 w \u015brodku pojazdu nisk\u0105 pod\u0142og\u0119 wraz ze specjaln\u0105 platform\u0105 umo\u017cliwiaj\u0105c\u0105 wsiadanie i wysiadanie osobom poruszaj\u0105cym si\u0119 na w\u00f3zkach, a tak\u017ce system klimatyzacji, nowe siedzenia, monitoring oraz antypo\u015blizgow\u0105 wyk\u0142adzin\u0119 na pod\u0142odze.<\/p>\n\n\n\n<p>Zachowana zosta\u0142a funkcja dwukierunkowej jazdy, kt\u00f3ra mo\u017ce by\u0107 wykorzystywana podczas remont\u00f3w lub budowy nowych torowisk, gdy nie ma mo\u017cliwo\u015bci dojazdu do p\u0119tli. Proces modernizacji&nbsp;tramwaj\u00f3w GT8 obejmowa\u0142 niemal wszystkie elementy wagonu, takie jak: w\u00f3zki, na kt\u00f3rych porusza si\u0119 wagon, silnik, uk\u0142ady hamulcowe, osie, obr\u0119cze k\u00f3\u0142, fotele, pod\u0142oga czy sufit.<\/p>\n\n\n\n<p>Wszystkie unowocze\u015bnione wagony maj\u0105 ponad 26 m d\u0142ugo\u015bci i jednocze\u015bnie mog\u0105 przewie\u017a\u0107 prawie 200 pasa\u017cer\u00f3w.<\/p>\n\n\n\n<p>Jak przypomniano, krakowskie MPK og\u0142osi\u0142o ju\u017c przetarg na zakup do 30 nowych dwukierunkowych&nbsp;tramwaj\u00f3w o d\u0142ugo\u015bci ponad 30 m. Realizacja tego kontraktu \u2013 zaznaczy\u0142 rzecznik &#8211; b\u0119dzie jednak wymaga\u0107 od dw\u00f3ch do trzech lat. St\u0105d decyzja MPK, aby nie rezygnowa\u0107 z projektu modernizacji wagon\u00f3w sprowadzonych z Duesseldorfu.(PAP)<\/p>\n","protected":false},"author":3,"featured_media":266260,"comment_status":"","ping_status":"closed","template":"","categories":[26],"tags":[58,915,812,238],"class_list":["post-266259","infotram","type-infotram","status-publish","has-post-thumbnail","hentry","category-przewoznicy","tag-krakow","tag-modernizacja","tag-mpk-krakow","tag-tramwaj"],"acf":[],"yoast_head":"<!-- This site is optimized with the Yoast SEO Premium plugin v21.8 (Yoast SEO v23.7) - https:\/\/yoast.com\/wordpress\/plugins\/seo\/ -->\n<title>MPK Krak\u00f3w modernizuje kolejne tramwaje GT8N - TransInfo Archiwum<\/title>\n<meta name=\"description\" content=\"Miejskie Przedsi\u0119biorstwo Komunikacyjne w Krakowie modernizuje kolejn\u0105 pul\u0119 dwukierunkowych wagon\u00f3w GT8N z Niemiec.\" \/>\n<meta name=\"robots\" content=\"index, follow, max-snippet:-1, max-image-preview:large, max-video-preview:-1\" \/>\n<link rel=\"canonical\" href=\"https:\/\/transinfo.pl\/x\/infotram\/mpk-krakow-modernizuje-kolejne-tramwaje-gt8n\/\" \/>\n<meta property=\"og:locale\" content=\"pl_PL\" \/>\n<meta property=\"og:type\" content=\"article\" \/>\n<meta property=\"og:title\" content=\"MPK Krak\u00f3w modernizuje kolejne tramwaje GT8N\" \/>\n<meta property=\"og:description\" content=\"Miejskie Przedsi\u0119biorstwo Komunikacyjne w Krakowie modernizuje kolejn\u0105 pul\u0119 dwukierunkowych wagon\u00f3w GT8N z Niemiec.\" \/>\n<meta property=\"og:url\" content=\"https:\/\/transinfo.pl\/x\/infotram\/mpk-krakow-modernizuje-kolejne-tramwaje-gt8n\/\" \/>\n<meta property=\"og:site_name\" content=\"TransInfo Archiwum\" \/>\n<meta property=\"og:image\" content=\"https:\/\/transinfo.pl\/x\/wp-content\/uploads\/2024\/03\/328.jpg\" \/>\n\t<meta property=\"og:image:width\" content=\"1\" \/>\n\t<meta property=\"og:image:height\" content=\"1\" \/>\n\t<meta property=\"og:image:type\" content=\"image\/jpeg\" \/>\n<meta name=\"twitter:card\" content=\"summary_large_image\" \/>\n<meta name=\"twitter:label1\" content=\"Szacowany czas czytania\" \/>\n\t<meta name=\"twitter:data1\" content=\"2 minuty\" \/>\n<script type=\"application\/ld+json\" class=\"yoast-schema-graph\">{\"@context\":\"https:\/\/schema.org\",\"@graph\":[{\"@type\":\"WebPage\",\"@id\":\"https:\/\/transinfo.pl\/x\/infotram\/mpk-krakow-modernizuje-kolejne-tramwaje-gt8n\/\",\"url\":\"https:\/\/transinfo.pl\/x\/infotram\/mpk-krakow-modernizuje-kolejne-tramwaje-gt8n\/\",\"name\":\"MPK Krak\u00f3w modernizuje kolejne tramwaje GT8N - TransInfo Archiwum\",\"isPartOf\":{\"@id\":\"https:\/\/transinfo.pl\/x\/#website\"},\"primaryImageOfPage\":{\"@id\":\"https:\/\/transinfo.pl\/x\/infotram\/mpk-krakow-modernizuje-kolejne-tramwaje-gt8n\/#primaryimage\"},\"image\":{\"@id\":\"https:\/\/transinfo.pl\/x\/infotram\/mpk-krakow-modernizuje-kolejne-tramwaje-gt8n\/#primaryimage\"},\"thumbnailUrl\":\"https:\/\/transinfo.pl\/x\/wp-content\/uploads\/2024\/03\/328.jpg\",\"datePublished\":\"2024-03-14T08:45:00+00:00\",\"dateModified\":\"2024-03-14T08:45:00+00:00\",\"description\":\"Miejskie Przedsi\u0119biorstwo Komunikacyjne w Krakowie modernizuje kolejn\u0105 pul\u0119 dwukierunkowych wagon\u00f3w GT8N z Niemiec.\",\"breadcrumb\":{\"@id\":\"https:\/\/transinfo.pl\/x\/infotram\/mpk-krakow-modernizuje-kolejne-tramwaje-gt8n\/#breadcrumb\"},\"inLanguage\":\"pl-PL\",\"potentialAction\":[{\"@type\":\"ReadAction\",\"target\":[\"https:\/\/transinfo.pl\/x\/infotram\/mpk-krakow-modernizuje-kolejne-tramwaje-gt8n\/\"]}]},{\"@type\":\"ImageObject\",\"inLanguage\":\"pl-PL\",\"@id\":\"https:\/\/transinfo.pl\/x\/infotram\/mpk-krakow-modernizuje-kolejne-tramwaje-gt8n\/#primaryimage\",\"url\":\"https:\/\/transinfo.pl\/x\/wp-content\/uploads\/2024\/03\/328.jpg\",\"contentUrl\":\"https:\/\/transinfo.pl\/x\/wp-content\/uploads\/2024\/03\/328.jpg\"},{\"@type\":\"BreadcrumbList\",\"@id\":\"https:\/\/transinfo.pl\/x\/infotram\/mpk-krakow-modernizuje-kolejne-tramwaje-gt8n\/#breadcrumb\",\"itemListElement\":[{\"@type\":\"ListItem\",\"position\":1,\"name\":\"Home\",\"item\":\"https:\/\/transinfo.pl\/x\/\"},{\"@type\":\"ListItem\",\"position\":2,\"name\":\"Infotram\",\"item\":\"https:\/\/transinfo.pl\/x\/infotram\/\"},{\"@type\":\"ListItem\",\"position\":3,\"name\":\"MPK Krak\u00f3w modernizuje kolejne tramwaje GT8N\"}]},{\"@type\":\"WebSite\",\"@id\":\"https:\/\/transinfo.pl\/x\/#website\",\"url\":\"https:\/\/transinfo.pl\/x\/\",\"name\":\"TransInfo Archiwum\",\"description\":\"Ca\u0142y transport w jednym miejscu\",\"publisher\":{\"@id\":\"https:\/\/transinfo.pl\/x\/#organization\"},\"potentialAction\":[{\"@type\":\"SearchAction\",\"target\":{\"@type\":\"EntryPoint\",\"urlTemplate\":\"https:\/\/transinfo.pl\/x\/?s={search_term_string}\"},\"query-input\":{\"@type\":\"PropertyValueSpecification\",\"valueRequired\":true,\"valueName\":\"search_term_string\"}}],\"inLanguage\":\"pl-PL\"},{\"@type\":\"Organization\",\"@id\":\"https:\/\/transinfo.pl\/x\/#organization\",\"name\":\"TransInfo\",\"url\":\"https:\/\/transinfo.pl\/x\/\",\"logo\":{\"@type\":\"ImageObject\",\"inLanguage\":\"pl-PL\",\"@id\":\"https:\/\/transinfo.pl\/x\/#\/schema\/logo\/image\/\",\"url\":\"https:\/\/transinfo.pl\/x\/wp-content\/uploads\/2024\/10\/favicon.png\",\"contentUrl\":\"https:\/\/transinfo.pl\/x\/wp-content\/uploads\/2024\/10\/favicon.png\",\"width\":512,\"height\":512,\"caption\":\"TransInfo\"},\"image\":{\"@id\":\"https:\/\/transinfo.pl\/x\/#\/schema\/logo\/image\/\"}}]}<\/script>\n<!-- \/ Yoast SEO Premium plugin. -->","yoast_head_json":{"title":"MPK Krak\u00f3w modernizuje kolejne tramwaje GT8N - TransInfo Archiwum","description":"Miejskie Przedsi\u0119biorstwo Komunikacyjne w Krakowie modernizuje kolejn\u0105 pul\u0119 dwukierunkowych wagon\u00f3w GT8N z Niemiec.","robots":{"index":"index","follow":"follow","max-snippet":"max-snippet:-1","max-image-preview":"max-image-preview:large","max-video-preview":"max-video-preview:-1"},"canonical":"https:\/\/transinfo.pl\/x\/infotram\/mpk-krakow-modernizuje-kolejne-tramwaje-gt8n\/","og_locale":"pl_PL","og_type":"article","og_title":"MPK Krak\u00f3w modernizuje kolejne tramwaje GT8N","og_description":"Miejskie Przedsi\u0119biorstwo Komunikacyjne w Krakowie modernizuje kolejn\u0105 pul\u0119 dwukierunkowych wagon\u00f3w GT8N z Niemiec.","og_url":"https:\/\/transinfo.pl\/x\/infotram\/mpk-krakow-modernizuje-kolejne-tramwaje-gt8n\/","og_site_name":"TransInfo Archiwum","og_image":[{"url":"https:\/\/transinfo.pl\/x\/wp-content\/uploads\/2024\/03\/328.jpg","width":1,"height":1,"type":"image\/jpeg"}],"twitter_card":"summary_large_image","twitter_misc":{"Szacowany czas czytania":"2 minuty"},"schema":{"@context":"https:\/\/schema.org","@graph":[{"@type":"WebPage","@id":"https:\/\/transinfo.pl\/x\/infotram\/mpk-krakow-modernizuje-kolejne-tramwaje-gt8n\/","url":"https:\/\/transinfo.pl\/x\/infotram\/mpk-krakow-modernizuje-kolejne-tramwaje-gt8n\/","name":"MPK Krak\u00f3w modernizuje kolejne tramwaje GT8N - TransInfo Archiwum","isPartOf":{"@id":"https:\/\/transinfo.pl\/x\/#website"},"primaryImageOfPage":{"@id":"https:\/\/transinfo.pl\/x\/infotram\/mpk-krakow-modernizuje-kolejne-tramwaje-gt8n\/#primaryimage"},"image":{"@id":"https:\/\/transinfo.pl\/x\/infotram\/mpk-krakow-modernizuje-kolejne-tramwaje-gt8n\/#primaryimage"},"thumbnailUrl":"https:\/\/transinfo.pl\/x\/wp-content\/uploads\/2024\/03\/328.jpg","datePublished":"2024-03-14T08:45:00+00:00","dateModified":"2024-03-14T08:45:00+00:00","description":"Miejskie Przedsi\u0119biorstwo Komunikacyjne w Krakowie modernizuje kolejn\u0105 pul\u0119 dwukierunkowych wagon\u00f3w GT8N z Niemiec.","breadcrumb":{"@id":"https:\/\/transinfo.pl\/x\/infotram\/mpk-krakow-modernizuje-kolejne-tramwaje-gt8n\/#breadcrumb"},"inLanguage":"pl-PL","potentialAction":[{"@type":"ReadAction","target":["https:\/\/transinfo.pl\/x\/infotram\/mpk-krakow-modernizuje-kolejne-tramwaje-gt8n\/"]}]},{"@type":"ImageObject","inLanguage":"pl-PL","@id":"https:\/\/transinfo.pl\/x\/infotram\/mpk-krakow-modernizuje-kolejne-tramwaje-gt8n\/#primaryimage","url":"https:\/\/transinfo.pl\/x\/wp-content\/uploads\/2024\/03\/328.jpg","contentUrl":"https:\/\/transinfo.pl\/x\/wp-content\/uploads\/2024\/03\/328.jpg"},{"@type":"BreadcrumbList","@id":"https:\/\/transinfo.pl\/x\/infotram\/mpk-krakow-modernizuje-kolejne-tramwaje-gt8n\/#breadcrumb","itemListElement":[{"@type":"ListItem","position":1,"name":"Home","item":"https:\/\/transinfo.pl\/x\/"},{"@type":"ListItem","position":2,"name":"Infotram","item":"https:\/\/transinfo.pl\/x\/infotram\/"},{"@type":"ListItem","position":3,"name":"MPK Krak\u00f3w modernizuje kolejne tramwaje GT8N"}]},{"@type":"WebSite","@id":"https:\/\/transinfo.pl\/x\/#website","url":"https:\/\/transinfo.pl\/x\/","name":"TransInfo Archiwum","description":"Ca\u0142y transport w jednym miejscu","publisher":{"@id":"https:\/\/transinfo.pl\/x\/#organization"},"potentialAction":[{"@type":"SearchAction","target":{"@type":"EntryPoint","urlTemplate":"https:\/\/transinfo.pl\/x\/?s={search_term_string}"},"query-input":{"@type":"PropertyValueSpecification","valueRequired":true,"valueName":"search_term_string"}}],"inLanguage":"pl-PL"},{"@type":"Organization","@id":"https:\/\/transinfo.pl\/x\/#organization","name":"TransInfo","url":"https:\/\/transinfo.pl\/x\/","logo":{"@type":"ImageObject","inLanguage":"pl-PL","@id":"https:\/\/transinfo.pl\/x\/#\/schema\/logo\/image\/","url":"https:\/\/transinfo.pl\/x\/wp-content\/uploads\/2024\/10\/favicon.png","contentUrl":"https:\/\/transinfo.pl\/x\/wp-content\/uploads\/2024\/10\/favicon.png","width":512,"height":512,"caption":"TransInfo"},"image":{"@id":"https:\/\/transinfo.pl\/x\/#\/schema\/logo\/image\/"}}]}},"_links":{"self":[{"href":"https:\/\/transinfo.pl\/x\/wp-json\/wp\/v2\/infotram\/266259","targetHints":{"allow":["GET"]}}],"collection":[{"href":"https:\/\/transinfo.pl\/x\/wp-json\/wp\/v2\/infotram"}],"about":[{"href":"https:\/\/transinfo.pl\/x\/wp-json\/wp\/v2\/types\/infotram"}],"author":[{"embeddable":true,"href":"https:\/\/transinfo.pl\/x\/wp-json\/wp\/v2\/users\/3"}],"replies":[{"embeddable":true,"href":"https:\/\/transinfo.pl\/x\/wp-json\/wp\/v2\/comments?post=266259"}],"wp:featuredmedia":[{"embeddable":true,"href":"https:\/\/transinfo.pl\/x\/wp-json\/wp\/v2\/media\/266260"}],"wp:attachment":[{"href":"https:\/\/transinfo.pl\/x\/wp-json\/wp\/v2\/media?parent=266259"}],"wp:term":[{"taxonomy":"category","embeddable":true,"href":"https:\/\/transinfo.pl\/x\/wp-json\/wp\/v2\/categories?post=266259"},{"taxonomy":"post_tag","embeddable":true,"href":"https:\/\/transinfo.pl\/x\/wp-json\/wp\/v2\/tags?post=266259"}],"curies":[{"name":"wp","href":"https:\/\/api.w.org\/{rel}","templated":true}]}}