{"id":265837,"date":"2024-03-06T08:45:00","date_gmt":"2024-03-06T08:45:00","guid":{"rendered":"https:\/\/transinfo.pl\/x\/infotram\/tramwaj-na-kasprzaka-z-masa-niedorobek-punktuja-je-stoleczni-kandydaci-na-radnych\/"},"modified":"2024-03-06T08:45:00","modified_gmt":"2024-03-06T08:45:00","slug":"tramwaj-na-kasprzaka-z-masa-niedorobek-punktuja-je-stoleczni-kandydaci-na-radnych","status":"publish","type":"infotram","link":"https:\/\/transinfo.pl\/x\/infotram\/tramwaj-na-kasprzaka-z-masa-niedorobek-punktuja-je-stoleczni-kandydaci-na-radnych\/","title":{"rendered":"Tramwaj na Kasprzaka z mas\u0105 niedor\u00f3bek? Punktuj\u0105 je sto\u0142eczni kandydaci na radnych"},"content":{"rendered":"<style>h1,h2,h3,h4,h5,h6{margin:0 0 1.25rem;font-family:Arial,sans-serif;font-weight:600;color:#050505}h1{font-size:1.875rem;line-height:1.1em;text-transform:none}@media(min-width: 768px){h1{font-size:2.375rem}}h2{font-size:1.1875rem;line-height:1.2em;text-transform:uppercase}@media(min-width: 768px){h2{font-size:1.0625rem}}h3{font-size:0.9375rem;line-height:1.4em;font-weight:900;margin-bottom:0.9375rem}h4{font-size:0.875rem;line-height:1.2em;font-weight:500}h5{font-size:0.9375rem;line-height:1.6;font-weight:400}h6{font-size:0.9375rem;line-height:1.6;font-weight:600}\n<\/style>\n<h3 class=\"wp-block-heading\" id=\"h-kandydaci-na-radnych-z-lewicy-wytykaja-niedorobki-na-nowo-otwartej-inwestycji-na-woli-nbsp-tramwaju-na-kasprzaka-zwracaja-uwage-na-likwidacje-naziemnego-przejscia-dla-pieszych-czy-zbyt-waska-pochylnie-dla-wozkow-osob-niepelnosprawnych\">Kandydaci na radnych z Lewicy wytykaj\u0105 niedor\u00f3bki na nowo otwartej inwestycji na Woli &#8211;&nbsp;Tramwaju na Kasprzaka. Zwracaj\u0105 uwag\u0119 na likwidacj\u0119 naziemnego przej\u015bcia dla pieszych, czy zbyt w\u0105sk\u0105 pochylni\u0119 dla w\u00f3zk\u00f3w os\u00f3b niepe\u0142nosprawnych.<\/h3>\n\n\n<style>p{margin:0 0 1.5rem}p:last-child{margin:0}p.is-style-uppercase{text-transform:uppercase}p.is-style-preheading{color:#12406a;text-transform:uppercase}p.is-style-leadparagraph{font-size:1rem;line-height:1.625;font-weight:700}@media(min-width: 768px){p.is-style-leadparagraph{font-size:1.125rem;line-height:1.5555555556}}p.has-small-margin{margin-bottom:0.625rem}p.has-small-margin+h1,p.has-small-margin+h2,p.has-small-margin+h3{margin-top:1.875rem}\n<\/style>\n<p>Na nowym, podziemnym przystanku\u00a0tramwajowym na Kasprzaka przy skrzy\u017cowaniu z Redutow\u0105, odby\u0142a si\u0119 konferencja kandydat\u00f3w na radnych z ramienia Lewicy.<\/p>\n\n\n\n<h2 class=\"wp-block-heading\" id=\"h-tramwajowa-porazka\">Tramwajowa pora\u017cka<\/h2>\n\n\n\n<p>Obecny radny Marek Szolc zaznaczy\u0142, \u017ce Lewica wspiera\u0142a, wspiera i b\u0119dzie wspiera\u0107 rozw\u00f3j infrastruktury\u00a0tramwajowej w Warszawie. <\/p>\n\n\n<style>.wp-block-quote{border-left:0.1875rem solid var(--page-color);font-size:1rem;font-style:italic;margin:0 0 1.6875rem;padding:1.25rem}.wp-block-quote cite{color:#050505}.wp-block-quote.is-style-large p{margin-bottom:10px}.wp-block-quote.is-style-large cite{color:#12406a}\n<\/style>\n<blockquote class=\"wp-block-quote is-layout-flow wp-block-quote-is-layout-flow\">\n<p>&#8222;Niestety ta kadencja, je\u015bli chodzi o\u00a0tramwaje, jest pora\u017ck\u0105. 5,5 roku kadencji, jedna sko\u0144czona inwestycja\u00a0tramwajowa &#8211; zaledwie nieca\u0142e 4 kilometry torowiska oddanego do u\u017cytku. I dwie linie\u00a0tramwajowe &#8211; na Bia\u0142o\u0142\u0119k\u0119 i Goc\u0142aw &#8211; prze\u0142o\u017cone na +\u015bwi\u0119te nigdy+. Nie mo\u017cemy pozwoli\u0107, \u017ceby w kolejnej kadencji zmarnowano zn\u00f3w tyle czasu&#8221; &#8211; doda\u0142.<\/p>\n<\/blockquote>\n\n\n\n<p>Jego zdaniem, by\u0107 mo\u017ce trzeba przenie\u015b\u0107 70 pracownik\u00f3w i 4 dyrektor\u00f3w z biura marketingu, zaj\u0119tych teraz g\u0142\u00f3wnie promocj\u0105 prezydenta miasta, do wydzia\u0142u projektowego, by pom\u00f3c rozwija\u0107 inwestycje\u00a0tramwajowe. <\/p>\n\n\n\n<blockquote class=\"wp-block-quote is-layout-flow wp-block-quote-is-layout-flow\">\n<p>&#8222;B\u0119dziemy te\u017c walczy\u0107 o to, \u017ceby Regionalna Dyrekcja Ochrony \u015arodowiska zosta\u0142a dofinansowana, \u017ceby sprawnie, pilnie i efektywnie wydawa\u0142a decyzje \u015brodowiskowe. Zadbamy o to, by\u00a0Tramwaje Warszawskie by\u0142y odpowiednio dofinansowane&#8221; &#8211; wyja\u015bni\u0142.<\/p>\n<\/blockquote>\n\n\n\n<p><\/p>\n\n\n<style>.wp-block-image{margin:1.25rem 0;text-align:center}.wp-block-image figcaption{padding:0 0.9375rem;text-align:center}\n<\/style>\n<figure class=\"wp-block-image size-large\"><a href=\"https:\/\/transinfo.pl\/wp-content\/uploads\/2024\/03\/szolc.jpg\"><img decoding=\"async\" src=\"https:\/\/transinfo.pl\/wp-content\/uploads\/2024\/03\/szolc-1024x578.jpg\" alt=\"Kandydaci na radnych z Lewicy wytykaj\u0105 niedor\u00f3bki na nowo otwartej inwestycji na Woli -\u00a0Tramwaju na Kasprzaka. Zwracaj\u0105 uwag\u0119 na likwidacj\u0119 naziemnego przej\u015bcia dla pieszych, czy zbyt w\u0105sk\u0105 pochylni\u0119 dla w\u00f3zk\u00f3w os\u00f3b niepe\u0142nosprawnych.\" class=\"wp-image-466401\" \/><\/a><figcaption class=\"wp-element-caption\">Marek Szolc\/foto: PAP<\/figcaption><\/figure>\n\n\n\n<p><\/p>\n\n\n\n<p>Ewa Latko, kandydatka Miasto Jest Nasze do rady dzielnicy Wola, podkre\u015bli\u0142a, \u017ce w skandaliczny spos\u00f3b rozwi\u0105zano przej\u015bcie przez ulic\u0119 Kasprzaka. <\/p>\n\n\n\n<blockquote class=\"wp-block-quote is-layout-flow wp-block-quote-is-layout-flow\">\n<p>&#8222;Tutaj by\u0142o przej\u015bcie naziemne, ludzie byli do niego przyzwyczajeni. A teraz zosta\u0142o zlikwidowane, co jest nieuzasadnione, bo s\u0105 tu \u015bwiat\u0142a i samochody stoj\u0105, wi\u0119c ludzie mogliby przechodzi\u0107&#8221; &#8211; wyja\u015bni\u0142a. &#8222;W tej chwili trzeba zej\u015b\u0107 schodami na d\u00f3\u0142, przej\u015b\u0107 przez tory do tunelu pod ulic\u0105 i schodami wej\u015b\u0107 na g\u00f3r\u0119. To dziwne, bo jest og\u00f3lna tendencja do budowania przej\u015b\u0107 naziemnych i zasypywania podziemnych&#8221; &#8211; doda\u0142a.<\/p>\n<\/blockquote>\n\n\n\n<p>Przypomnia\u0142a te\u017c kwesti\u0119 przej\u015bcia podziemnego przy by\u0142ym &#8222;pedecie&#8221; na Woli &#8211; mieszka\u0144cy od lat walcz\u0105 o wytyczenie tam przej\u015b\u0107 naziemnych.<\/p>\n\n\n\n<p>Niepe\u0142nosprawni kandydaci na w\u00f3zkach inwalidzkich zauwa\u017cyli, \u017ce dopiero otwarta inwestycja jest torem przeszk\u00f3d. Bartosz Tarnowski (kandydat z Woli) podkre\u015bli\u0142, \u017ce najwa\u017cniejsza jest dost\u0119pno\u015b\u0107 do najbli\u017cszego przystanku. <\/p>\n\n\n\n<blockquote class=\"wp-block-quote is-layout-flow wp-block-quote-is-layout-flow\">\n<p>&#8222;To jest sytuacja, w kt\u00f3rej nie musz\u0119 przechodzi\u0107 albo pod albo nad jezdni\u0105, tylko to jest sytuacja, kiedy mog\u0119 normalnie przej\u015b\u0107 na poziomie ulicy. Na tej dopiero co otwartej inwestycji jest tor przeszk\u00f3d. Nie jest to prawdziwa dost\u0119pno\u015b\u0107&#8221; &#8211; zaznaczy\u0142.<\/p>\n<\/blockquote>\n\n\n\n<p>Wt\u00f3rowa\u0142 mu Micha\u0142 Daszkowski (kandydat z Bemowa), kt\u00f3ry zaznaczy\u0142, \u017ce przej\u015bcie naziemne zosta\u0142o zlikwidowane i osoba taka jak on, musi pokona\u0107 kilkakrotnie d\u0142u\u017cszy odcinek. <\/p>\n\n\n\n<blockquote class=\"wp-block-quote is-layout-flow wp-block-quote-is-layout-flow\">\n<p>&#8222;Do tego nie dzia\u0142a winda, kt\u00f3ra pewnie kiedy\u015b b\u0119dzie dzia\u0142a\u0107. Ale nawet skorzystanie z tej windy nie pozwala na przedostanie si\u0119 bez pokonywania r\u00f3\u017cnic poziomu, bo na dole jest podjazd, kt\u00f3ry trzeba pokona\u0107. To kolejny przyk\u0142ad inwestycji nie do ko\u0144ca dopracowanej, bez konsultacji&#8221; &#8211; podkre\u015bli\u0142.<\/p>\n<\/blockquote>\n\n\n\n<p>Przekaza\u0142, \u017ce je\u015bli chodzi o pochylni\u0119 to w\u00f3zki mog\u0105 si\u0119 wymin\u0105\u0107 na tzw. spocznikach, ale problem mo\u017ce by\u0107 dla os\u00f3b poruszaj\u0105cych si\u0119 na w\u00f3zku elektrycznym lub z du\u017cym, dzieci\u0119cym w\u00f3zkiem.<\/p>\n\n\n\n<p>Od wtorku 5 marca&nbsp;tramwaje linii 10, 11, 26 i 27 je\u017cd\u017c\u0105 po nowych torach na ulicy Kasprzaka. Za trzy tygodnie, 25 marca,&nbsp;tramwaje wr\u00f3c\u0105 na Wolsk\u0105.<\/p>\n\n\n\n<p>Tramwajarze zbudowali ok. 2,3 km nowych tor\u00f3w mi\u0119dzy ulicami Wolsk\u0105 i Skierniewick\u0105 oraz zmodernizowali ok. 1,2 km istniej\u0105cego torowiska w ci\u0105gu Wolskiej i Kasprzaka. W ramach inwestycji&nbsp;tramwajarze zasadz\u0105 94 nowe drzewa. B\u0119d\u0105 tak\u017ce krzewy, trawy ozdobne i byliny przy peronach&nbsp;tramwajowych i skrzy\u017cowaniach, w pasach mi\u0119dzy jezdniami oraz wzd\u0142u\u017c Wolskiej. Drzewa zaprojektowano jako uzupe\u0142nienie szpaler\u00f3w wzd\u0142u\u017c Wolskiej i Kasprzaka, a tak\u017ce w obr\u0119bie inwestycji. Tory na Kasprzaka zosta\u0142y obsadzone rozchodnikiem. Na skraju torowiska i parku Powsta\u0144c\u00f3w Warszawy b\u0119dzie podw\u00f3jny, a miejscami nawet potr\u00f3jny szpaler drzew.<\/p>\n\n\n\n<p>W tej chwili w okolicy tor\u00f3w trwaj\u0105 jeszcze prace &#8211; uk\u0142adane s\u0105 chodniki, sadzone ro\u015bliny. (PAP)<\/p>\n","protected":false},"author":3,"featured_media":265838,"comment_status":"","ping_status":"closed","template":"","categories":[23],"tags":[1048,36,238,837,84],"class_list":["post-265837","infotram","type-infotram","status-publish","has-post-thumbnail","hentry","category-infrastruktura","tag-infrastruktura","tag-linia","tag-tramwaj","tag-tramwaje-warszawskie","tag-warszawa"],"acf":[],"yoast_head":"<!-- This site is optimized with the Yoast SEO Premium plugin v21.8 (Yoast SEO v23.7) - https:\/\/yoast.com\/wordpress\/plugins\/seo\/ -->\n<title>Tramwaj na Kasprzaka z mas\u0105 niedor\u00f3bek? Punktuj\u0105 je sto\u0142eczni kandydaci na radnych - TransInfo Archiwum<\/title>\n<meta name=\"description\" content=\"Kandydaci na radnych z Lewicy wytykaj\u0105 niedor\u00f3bki na nowo otwartej inwestycji na Woli -\u00a0Tramwaju na Kasprzaka.\" \/>\n<meta name=\"robots\" content=\"index, follow, max-snippet:-1, max-image-preview:large, max-video-preview:-1\" \/>\n<link rel=\"canonical\" href=\"https:\/\/transinfo.pl\/x\/infotram\/tramwaj-na-kasprzaka-z-masa-niedorobek-punktuja-je-stoleczni-kandydaci-na-radnych\/\" \/>\n<meta property=\"og:locale\" content=\"pl_PL\" \/>\n<meta property=\"og:type\" content=\"article\" \/>\n<meta property=\"og:title\" content=\"Tramwaj na Kasprzaka z mas\u0105 niedor\u00f3bek? Punktuj\u0105 je sto\u0142eczni kandydaci na radnych\" \/>\n<meta property=\"og:description\" content=\"Kandydaci na radnych z Lewicy wytykaj\u0105 niedor\u00f3bki na nowo otwartej inwestycji na Woli -\u00a0Tramwaju na Kasprzaka.\" \/>\n<meta property=\"og:url\" content=\"https:\/\/transinfo.pl\/x\/infotram\/tramwaj-na-kasprzaka-z-masa-niedorobek-punktuja-je-stoleczni-kandydaci-na-radnych\/\" \/>\n<meta property=\"og:site_name\" content=\"TransInfo Archiwum\" \/>\n<meta property=\"og:image\" content=\"https:\/\/transinfo.pl\/x\/wp-content\/uploads\/2024\/03\/kasprzaka-1.jpg\" \/>\n\t<meta property=\"og:image:width\" content=\"1\" \/>\n\t<meta property=\"og:image:height\" content=\"1\" \/>\n\t<meta property=\"og:image:type\" content=\"image\/jpeg\" \/>\n<meta name=\"twitter:card\" content=\"summary_large_image\" \/>\n<meta name=\"twitter:label1\" content=\"Szacowany czas czytania\" \/>\n\t<meta name=\"twitter:data1\" content=\"3 minuty\" \/>\n<script type=\"application\/ld+json\" class=\"yoast-schema-graph\">{\"@context\":\"https:\/\/schema.org\",\"@graph\":[{\"@type\":\"WebPage\",\"@id\":\"https:\/\/transinfo.pl\/x\/infotram\/tramwaj-na-kasprzaka-z-masa-niedorobek-punktuja-je-stoleczni-kandydaci-na-radnych\/\",\"url\":\"https:\/\/transinfo.pl\/x\/infotram\/tramwaj-na-kasprzaka-z-masa-niedorobek-punktuja-je-stoleczni-kandydaci-na-radnych\/\",\"name\":\"Tramwaj na Kasprzaka z mas\u0105 niedor\u00f3bek? Punktuj\u0105 je sto\u0142eczni kandydaci na radnych - TransInfo Archiwum\",\"isPartOf\":{\"@id\":\"https:\/\/transinfo.pl\/x\/#website\"},\"primaryImageOfPage\":{\"@id\":\"https:\/\/transinfo.pl\/x\/infotram\/tramwaj-na-kasprzaka-z-masa-niedorobek-punktuja-je-stoleczni-kandydaci-na-radnych\/#primaryimage\"},\"image\":{\"@id\":\"https:\/\/transinfo.pl\/x\/infotram\/tramwaj-na-kasprzaka-z-masa-niedorobek-punktuja-je-stoleczni-kandydaci-na-radnych\/#primaryimage\"},\"thumbnailUrl\":\"https:\/\/transinfo.pl\/x\/wp-content\/uploads\/2024\/03\/kasprzaka-1.jpg\",\"datePublished\":\"2024-03-06T08:45:00+00:00\",\"dateModified\":\"2024-03-06T08:45:00+00:00\",\"description\":\"Kandydaci na radnych z Lewicy wytykaj\u0105 niedor\u00f3bki na nowo otwartej inwestycji na Woli -\u00a0Tramwaju na Kasprzaka.\",\"breadcrumb\":{\"@id\":\"https:\/\/transinfo.pl\/x\/infotram\/tramwaj-na-kasprzaka-z-masa-niedorobek-punktuja-je-stoleczni-kandydaci-na-radnych\/#breadcrumb\"},\"inLanguage\":\"pl-PL\",\"potentialAction\":[{\"@type\":\"ReadAction\",\"target\":[\"https:\/\/transinfo.pl\/x\/infotram\/tramwaj-na-kasprzaka-z-masa-niedorobek-punktuja-je-stoleczni-kandydaci-na-radnych\/\"]}]},{\"@type\":\"ImageObject\",\"inLanguage\":\"pl-PL\",\"@id\":\"https:\/\/transinfo.pl\/x\/infotram\/tramwaj-na-kasprzaka-z-masa-niedorobek-punktuja-je-stoleczni-kandydaci-na-radnych\/#primaryimage\",\"url\":\"https:\/\/transinfo.pl\/x\/wp-content\/uploads\/2024\/03\/kasprzaka-1.jpg\",\"contentUrl\":\"https:\/\/transinfo.pl\/x\/wp-content\/uploads\/2024\/03\/kasprzaka-1.jpg\"},{\"@type\":\"BreadcrumbList\",\"@id\":\"https:\/\/transinfo.pl\/x\/infotram\/tramwaj-na-kasprzaka-z-masa-niedorobek-punktuja-je-stoleczni-kandydaci-na-radnych\/#breadcrumb\",\"itemListElement\":[{\"@type\":\"ListItem\",\"position\":1,\"name\":\"Home\",\"item\":\"https:\/\/transinfo.pl\/x\/\"},{\"@type\":\"ListItem\",\"position\":2,\"name\":\"Infotram\",\"item\":\"https:\/\/transinfo.pl\/x\/infotram\/\"},{\"@type\":\"ListItem\",\"position\":3,\"name\":\"Tramwaj na Kasprzaka z mas\u0105 niedor\u00f3bek? Punktuj\u0105 je sto\u0142eczni kandydaci na radnych\"}]},{\"@type\":\"WebSite\",\"@id\":\"https:\/\/transinfo.pl\/x\/#website\",\"url\":\"https:\/\/transinfo.pl\/x\/\",\"name\":\"TransInfo Archiwum\",\"description\":\"Ca\u0142y transport w jednym miejscu\",\"publisher\":{\"@id\":\"https:\/\/transinfo.pl\/x\/#organization\"},\"potentialAction\":[{\"@type\":\"SearchAction\",\"target\":{\"@type\":\"EntryPoint\",\"urlTemplate\":\"https:\/\/transinfo.pl\/x\/?s={search_term_string}\"},\"query-input\":{\"@type\":\"PropertyValueSpecification\",\"valueRequired\":true,\"valueName\":\"search_term_string\"}}],\"inLanguage\":\"pl-PL\"},{\"@type\":\"Organization\",\"@id\":\"https:\/\/transinfo.pl\/x\/#organization\",\"name\":\"TransInfo\",\"url\":\"https:\/\/transinfo.pl\/x\/\",\"logo\":{\"@type\":\"ImageObject\",\"inLanguage\":\"pl-PL\",\"@id\":\"https:\/\/transinfo.pl\/x\/#\/schema\/logo\/image\/\",\"url\":\"https:\/\/transinfo.pl\/x\/wp-content\/uploads\/2024\/10\/favicon.png\",\"contentUrl\":\"https:\/\/transinfo.pl\/x\/wp-content\/uploads\/2024\/10\/favicon.png\",\"width\":512,\"height\":512,\"caption\":\"TransInfo\"},\"image\":{\"@id\":\"https:\/\/transinfo.pl\/x\/#\/schema\/logo\/image\/\"}}]}<\/script>\n<!-- \/ Yoast SEO Premium plugin. -->","yoast_head_json":{"title":"Tramwaj na Kasprzaka z mas\u0105 niedor\u00f3bek? Punktuj\u0105 je sto\u0142eczni kandydaci na radnych - TransInfo Archiwum","description":"Kandydaci na radnych z Lewicy wytykaj\u0105 niedor\u00f3bki na nowo otwartej inwestycji na Woli -\u00a0Tramwaju na Kasprzaka.","robots":{"index":"index","follow":"follow","max-snippet":"max-snippet:-1","max-image-preview":"max-image-preview:large","max-video-preview":"max-video-preview:-1"},"canonical":"https:\/\/transinfo.pl\/x\/infotram\/tramwaj-na-kasprzaka-z-masa-niedorobek-punktuja-je-stoleczni-kandydaci-na-radnych\/","og_locale":"pl_PL","og_type":"article","og_title":"Tramwaj na Kasprzaka z mas\u0105 niedor\u00f3bek? Punktuj\u0105 je sto\u0142eczni kandydaci na radnych","og_description":"Kandydaci na radnych z Lewicy wytykaj\u0105 niedor\u00f3bki na nowo otwartej inwestycji na Woli -\u00a0Tramwaju na Kasprzaka.","og_url":"https:\/\/transinfo.pl\/x\/infotram\/tramwaj-na-kasprzaka-z-masa-niedorobek-punktuja-je-stoleczni-kandydaci-na-radnych\/","og_site_name":"TransInfo Archiwum","og_image":[{"url":"https:\/\/transinfo.pl\/x\/wp-content\/uploads\/2024\/03\/kasprzaka-1.jpg","width":1,"height":1,"type":"image\/jpeg"}],"twitter_card":"summary_large_image","twitter_misc":{"Szacowany czas czytania":"3 minuty"},"schema":{"@context":"https:\/\/schema.org","@graph":[{"@type":"WebPage","@id":"https:\/\/transinfo.pl\/x\/infotram\/tramwaj-na-kasprzaka-z-masa-niedorobek-punktuja-je-stoleczni-kandydaci-na-radnych\/","url":"https:\/\/transinfo.pl\/x\/infotram\/tramwaj-na-kasprzaka-z-masa-niedorobek-punktuja-je-stoleczni-kandydaci-na-radnych\/","name":"Tramwaj na Kasprzaka z mas\u0105 niedor\u00f3bek? Punktuj\u0105 je sto\u0142eczni kandydaci na radnych - TransInfo Archiwum","isPartOf":{"@id":"https:\/\/transinfo.pl\/x\/#website"},"primaryImageOfPage":{"@id":"https:\/\/transinfo.pl\/x\/infotram\/tramwaj-na-kasprzaka-z-masa-niedorobek-punktuja-je-stoleczni-kandydaci-na-radnych\/#primaryimage"},"image":{"@id":"https:\/\/transinfo.pl\/x\/infotram\/tramwaj-na-kasprzaka-z-masa-niedorobek-punktuja-je-stoleczni-kandydaci-na-radnych\/#primaryimage"},"thumbnailUrl":"https:\/\/transinfo.pl\/x\/wp-content\/uploads\/2024\/03\/kasprzaka-1.jpg","datePublished":"2024-03-06T08:45:00+00:00","dateModified":"2024-03-06T08:45:00+00:00","description":"Kandydaci na radnych z Lewicy wytykaj\u0105 niedor\u00f3bki na nowo otwartej inwestycji na Woli -\u00a0Tramwaju na Kasprzaka.","breadcrumb":{"@id":"https:\/\/transinfo.pl\/x\/infotram\/tramwaj-na-kasprzaka-z-masa-niedorobek-punktuja-je-stoleczni-kandydaci-na-radnych\/#breadcrumb"},"inLanguage":"pl-PL","potentialAction":[{"@type":"ReadAction","target":["https:\/\/transinfo.pl\/x\/infotram\/tramwaj-na-kasprzaka-z-masa-niedorobek-punktuja-je-stoleczni-kandydaci-na-radnych\/"]}]},{"@type":"ImageObject","inLanguage":"pl-PL","@id":"https:\/\/transinfo.pl\/x\/infotram\/tramwaj-na-kasprzaka-z-masa-niedorobek-punktuja-je-stoleczni-kandydaci-na-radnych\/#primaryimage","url":"https:\/\/transinfo.pl\/x\/wp-content\/uploads\/2024\/03\/kasprzaka-1.jpg","contentUrl":"https:\/\/transinfo.pl\/x\/wp-content\/uploads\/2024\/03\/kasprzaka-1.jpg"},{"@type":"BreadcrumbList","@id":"https:\/\/transinfo.pl\/x\/infotram\/tramwaj-na-kasprzaka-z-masa-niedorobek-punktuja-je-stoleczni-kandydaci-na-radnych\/#breadcrumb","itemListElement":[{"@type":"ListItem","position":1,"name":"Home","item":"https:\/\/transinfo.pl\/x\/"},{"@type":"ListItem","position":2,"name":"Infotram","item":"https:\/\/transinfo.pl\/x\/infotram\/"},{"@type":"ListItem","position":3,"name":"Tramwaj na Kasprzaka z mas\u0105 niedor\u00f3bek? Punktuj\u0105 je sto\u0142eczni kandydaci na radnych"}]},{"@type":"WebSite","@id":"https:\/\/transinfo.pl\/x\/#website","url":"https:\/\/transinfo.pl\/x\/","name":"TransInfo Archiwum","description":"Ca\u0142y transport w jednym miejscu","publisher":{"@id":"https:\/\/transinfo.pl\/x\/#organization"},"potentialAction":[{"@type":"SearchAction","target":{"@type":"EntryPoint","urlTemplate":"https:\/\/transinfo.pl\/x\/?s={search_term_string}"},"query-input":{"@type":"PropertyValueSpecification","valueRequired":true,"valueName":"search_term_string"}}],"inLanguage":"pl-PL"},{"@type":"Organization","@id":"https:\/\/transinfo.pl\/x\/#organization","name":"TransInfo","url":"https:\/\/transinfo.pl\/x\/","logo":{"@type":"ImageObject","inLanguage":"pl-PL","@id":"https:\/\/transinfo.pl\/x\/#\/schema\/logo\/image\/","url":"https:\/\/transinfo.pl\/x\/wp-content\/uploads\/2024\/10\/favicon.png","contentUrl":"https:\/\/transinfo.pl\/x\/wp-content\/uploads\/2024\/10\/favicon.png","width":512,"height":512,"caption":"TransInfo"},"image":{"@id":"https:\/\/transinfo.pl\/x\/#\/schema\/logo\/image\/"}}]}},"_links":{"self":[{"href":"https:\/\/transinfo.pl\/x\/wp-json\/wp\/v2\/infotram\/265837","targetHints":{"allow":["GET"]}}],"collection":[{"href":"https:\/\/transinfo.pl\/x\/wp-json\/wp\/v2\/infotram"}],"about":[{"href":"https:\/\/transinfo.pl\/x\/wp-json\/wp\/v2\/types\/infotram"}],"author":[{"embeddable":true,"href":"https:\/\/transinfo.pl\/x\/wp-json\/wp\/v2\/users\/3"}],"replies":[{"embeddable":true,"href":"https:\/\/transinfo.pl\/x\/wp-json\/wp\/v2\/comments?post=265837"}],"wp:featuredmedia":[{"embeddable":true,"href":"https:\/\/transinfo.pl\/x\/wp-json\/wp\/v2\/media\/265838"}],"wp:attachment":[{"href":"https:\/\/transinfo.pl\/x\/wp-json\/wp\/v2\/media?parent=265837"}],"wp:term":[{"taxonomy":"category","embeddable":true,"href":"https:\/\/transinfo.pl\/x\/wp-json\/wp\/v2\/categories?post=265837"},{"taxonomy":"post_tag","embeddable":true,"href":"https:\/\/transinfo.pl\/x\/wp-json\/wp\/v2\/tags?post=265837"}],"curies":[{"name":"wp","href":"https:\/\/api.w.org\/{rel}","templated":true}]}}