{"id":265741,"date":"2024-03-04T13:45:00","date_gmt":"2024-03-04T13:45:00","guid":{"rendered":"https:\/\/transinfo.pl\/x\/infotram\/tramwaje-mpk-lodz-wrocily-na-legionow\/"},"modified":"2024-03-04T13:45:00","modified_gmt":"2024-03-04T13:45:00","slug":"tramwaje-mpk-lodz-wrocily-na-legionow","status":"publish","type":"infotram","link":"https:\/\/transinfo.pl\/x\/infotram\/tramwaje-mpk-lodz-wrocily-na-legionow\/","title":{"rendered":"Tramwaje MPK \u0141\u00f3d\u017a wr\u00f3ci\u0142y na ul. Legion\u00f3w"},"content":{"rendered":"<style>h1,h2,h3,h4,h5,h6{margin:0 0 1.25rem;font-family:Arial,sans-serif;font-weight:600;color:#050505}h1{font-size:1.875rem;line-height:1.1em;text-transform:none}@media(min-width: 768px){h1{font-size:2.375rem}}h2{font-size:1.1875rem;line-height:1.2em;text-transform:uppercase}@media(min-width: 768px){h2{font-size:1.0625rem}}h3{font-size:0.9375rem;line-height:1.4em;font-weight:900;margin-bottom:0.9375rem}h4{font-size:0.875rem;line-height:1.2em;font-weight:500}h5{font-size:0.9375rem;line-height:1.6;font-weight:400}h6{font-size:0.9375rem;line-height:1.6;font-weight:600}\n<\/style>\n<h3 class=\"wp-block-heading\" id=\"h-pasazerowie-ponownie-moga-korzystac-z-tramwajow-na-ul-legionow-w-lodzi-na-swoja-trase-wrocila-linia-15-do-placu-wolnosci-dojada-rowniez-linia-17-i-86\"><strong>Pasa\u017cerowie ponownie mog\u0105 korzysta\u0107 z tramwaj\u00f3w na ul. Legion\u00f3w w \u0141odzi. Na swoj\u0105 tras\u0119 wr\u00f3ci\u0142a linia 15. Do placu Wolno\u015bci dojad\u0105 r\u00f3wnie\u017c lini\u0105 17 i 86. <\/strong><\/h3>\n\n\n<style>p{margin:0 0 1.5rem}p:last-child{margin:0}p.is-style-uppercase{text-transform:uppercase}p.is-style-preheading{color:#12406a;text-transform:uppercase}p.is-style-leadparagraph{font-size:1rem;line-height:1.625;font-weight:700}@media(min-width: 768px){p.is-style-leadparagraph{font-size:1.125rem;line-height:1.5555555556}}p.has-small-margin{margin-bottom:0.625rem}p.has-small-margin+h1,p.has-small-margin+h2,p.has-small-margin+h3{margin-top:1.875rem}\n<\/style>\n<p>Ponadto otwarta zosta\u0142a druga jezdnia ul. Zachodniej.<\/p>\n\n\n\n<h2 class=\"wp-block-heading\" id=\"h-zakonczenie-prac\">Zako\u0144czenie prac <\/h2>\n\n\n\n<p>Wraz z zako\u0144czeniem prac na placu Wolno\u015bci i udost\u0119pnieniem przejazdu przez ul. Legion\u00f3w od poniedzia\u0142ku, 4 marca w pe\u0142ni na swoj\u0105 tras\u0119 wr\u00f3ci\u0142a linia 15 i kursuje z Kurczak\u00f3w na Telefoniczn\u0105. Ponadto zmieni\u0142a si\u0119 trasa linii 17 i 86, kt\u00f3re r\u00f3wnie\u017c przeje\u017cd\u017caj\u0105 przez plac Wolno\u015bci. Dzi\u0119ki zlokalizowanym na samym placu przystankom mo\u017cemy komunikacj\u0105 miejsk\u0105 dojecha\u0107 bezpo\u015brednio na g\u0142\u00f3wny plac naszego miasta i wej\u015b\u0107 wprost w ul. Piotrkowsk\u0105. Zmieniona trasa linii 17 zapewnia r\u00f3wnie\u017c obs\u0142ug\u0119 ul. Nowomiejskiej i lepszy dojazd do parku Staromiejskiego. Natomiast linia 86 nadal b\u0119dzie zapewnia\u0107 wi\u0119cej kurs\u00f3w po ul. Pomorskiej, aby u\u0142atwi\u0107 dojazd do kampusu Uniwersytetu \u0141\u00f3dzkiego.<\/p>\n\n\n\n<p>Od poniedzia\u0142ku, 4 marca zasz\u0142y r\u00f3wnie\u017c zmiany na Zachodniej, gdzie ponownie odbywa si\u0119 ruch dwoma jezdniami. U\u0142atwi to przejazd w rejonie pa\u0142acu Pozna\u0144skiego. Jednak ze wzgl\u0119du na trwaj\u0105ca modernizacj\u0119 przystank\u00f3w przy skrzy\u017cowaniu z Legion\u00f3w kierowcy maj\u0105 do dyspozycji tylko jeden prawy pas ruchu. Ta organizacja ruchu dotyczy obu jezdni.<\/p>\n\n\n\n<p><\/p>\n\n\n<style>.wp-block-image{margin:1.25rem 0;text-align:center}.wp-block-image figcaption{padding:0 0.9375rem;text-align:center}\n<\/style>\n<figure class=\"wp-block-image size-full\"><a href=\"https:\/\/transinfo.pl\/wp-content\/uploads\/2024\/03\/legionow-lodz.jpg\"><img decoding=\"async\" src=\"https:\/\/transinfo.pl\/wp-content\/uploads\/2024\/03\/legionow-lodz.jpg\" alt=\"Pasa\u017cerowie ponownie mog\u0105 korzysta\u0107 z tramwaj\u00f3w na ul. Legion\u00f3w w \u0141odzi. Na swoj\u0105 tras\u0119 wr\u00f3ci\u0142a linia 15. Do placu Wolno\u015bci dojad\u0105 r\u00f3wnie\u017c lini\u0105 17 i 86. \" class=\"wp-image-466135\" \/><\/a><figcaption class=\"wp-element-caption\">Tramwaj MPK \u0141\u00f3d\u017a\/foto: UM \u0141\u00f3d\u017a<\/figcaption><\/figure>\n\n\n\n<p><\/p>\n\n\n\n<h2 class=\"wp-block-heading\" id=\"h-nowe-trasy-komunikacji-miejskiej\">Nowe trasy komunikacji miejskiej:<\/h2>\n\n\n\n<p><strong>Linia 15:<\/strong>&nbsp;CHOJNY KURCZAKI \u2013 Rzgowsk\u0105, Paderewskiego, Politechniki, \u017beromskiego, Kopernika, Gda\u0144ska, Legion\u00f3w, plac Wolno\u015bci, Pomorska, dzia\u0142ki \u2013 TELEFONICZNA ZAJEZDNIA<\/p>\n\n\n\n<p><strong>Linia 17:<\/strong>&nbsp;TELEFONICZNA ZAJEZDNIA \u2013 dzia\u0142ki, Pomorska, plac Wolno\u015bci, Nowomiejska, Zgierska \u2013 HELEN\u00d3WEK<\/p>\n\n\n\n<p><strong>Linia 86:<\/strong>&nbsp;RETKINIA KUSOCI\u0143SKIEGO \u2013 Kusoci\u0144skiego, Popie\u0142uszki, Marato\u0144ska, Bandurskiego, W\u0142\u00f3kniarzy, Kopernika, \u017beromskiego, Zielona, Gda\u0144ska, Pr\u00f3chnika, Zachodnia, Legion\u00f3w, plac Wolno\u015bci, Pomorska, Poroni\u0144ska \u2013 SZPITAL CKD<\/p>\n\n\n\n<p>SZPITAL CKD \u2013 Poroni\u0144ska, Pomorska, plac Wolno\u015bci, Legion\u00f3w, Zachodnia, Wi\u0119ckowskiego, Gda\u0144ska, Zielona, \u017beromskiego, Kopernika, W\u0142\u00f3kniarzy (zawraca na skrzy\u017cowaniu z Karolewsk\u0105), Bandurskiego, Marato\u0144ska, Popie\u0142uszki, Kusoci\u0144skiego \u2013 RETKINIA KUSOCI\u0143SKIEGO<\/p>\n\n\n\n<p>Na placu Wolno\u015bci linie 15, 17 i 86 jad\u0105ce w stron\u0119 Telefonicznej i do CKD zatrzymaj\u0105 si\u0119 na wschodnim przystanku (od strony ul. Pomorskiej). Tramwaje linii 15 i 86 jad\u0105c na Kurczaki i Retkini\u0119 zatrzymuj\u0105 si\u0119 na zachodnim przystanku (od strony ul. Legion\u00f3w). Natomiast linia 17 jad\u0105c na Helen\u00f3wek zatrzyma si\u0119 na wschodnim przystanku (od strony ul. Pomorskiej). Tramwaj linii 15 jad\u0105c ul. Legion\u00f3w zatrzyma si\u0119 na przystankach przy ul. Zachodniej w obu kierunkach oraz na tymczasowych na ul. Gda\u0144skiej pomi\u0119dzy Legion\u00f3w a Pr\u00f3chnika.<\/p>\n\n\n\n<p><a href=\"https:\/\/www.facebook.com\/sharer\/sharer.php?u=https:\/\/lodz.pl\/artykul\/tramwaje-mpk-lodz-wrocily-na-legionow-auta-jezdza-juz-po-zachodniej-dwiema-jezdniami-zdjecia-60822\/\"><\/a><a href=\"\/\/share\/?link=https:\/\/lodz.pl\/artykul\/tramwaje-mpk-lodz-wrocily-na-legionow-auta-jezdza-juz-po-zachodniej-dwiema-jezdniami-zdjecia-60822\/\"><\/a><a href=\"https:\/\/twitter.com\/intent\/tweet?text=https:\/\/lodz.pl\/artykul\/tramwaje-mpk-lodz-wrocily-na-legionow-auta-jezdza-juz-po-zachodniej-dwiema-jezdniami-zdjecia-60822\/\"><\/a><a href=\"https:\/\/wa.me\/?text=https:\/\/lodz.pl\/artykul\/tramwaje-mpk-lodz-wrocily-na-legionow-auta-jezdza-juz-po-zachodniej-dwiema-jezdniami-zdjecia-60822\/\"><\/a><\/p>\n","protected":false},"author":3,"featured_media":265742,"comment_status":"","ping_status":"closed","template":"","categories":[23],"tags":[36,816,123,475,824,238],"class_list":["post-265741","infotram","type-infotram","status-publish","has-post-thumbnail","hentry","category-infrastruktura","tag-linia","tag-mpk-lodz","tag-pasazer","tag-remont","tag-torowisko","tag-tramwaj"],"acf":[],"yoast_head":"<!-- This site is optimized with the Yoast SEO Premium plugin v21.8 (Yoast SEO v23.7) - https:\/\/yoast.com\/wordpress\/plugins\/seo\/ -->\n<title>Tramwaje MPK \u0141\u00f3d\u017a wr\u00f3ci\u0142y na ul. Legion\u00f3w - TransInfo Archiwum<\/title>\n<meta name=\"description\" content=\"Pasa\u017cerowie ponownie mog\u0105 korzysta\u0107 z tramwaj\u00f3w na ul. Legion\u00f3w w \u0141odzi. Na swoj\u0105 tras\u0119 wr\u00f3ci\u0142a linia 15. Zmiany obj\u0119\u0142y te\u017c inne linie.\" \/>\n<meta name=\"robots\" content=\"index, follow, max-snippet:-1, max-image-preview:large, max-video-preview:-1\" \/>\n<link rel=\"canonical\" href=\"https:\/\/transinfo.pl\/x\/infotram\/tramwaje-mpk-lodz-wrocily-na-legionow\/\" \/>\n<meta property=\"og:locale\" content=\"pl_PL\" \/>\n<meta property=\"og:type\" content=\"article\" \/>\n<meta property=\"og:title\" content=\"Tramwaje MPK \u0141\u00f3d\u017a wr\u00f3ci\u0142y na ul. Legion\u00f3w\" \/>\n<meta property=\"og:description\" content=\"Pasa\u017cerowie ponownie mog\u0105 korzysta\u0107 z tramwaj\u00f3w na ul. Legion\u00f3w w \u0141odzi. Na swoj\u0105 tras\u0119 wr\u00f3ci\u0142a linia 15. Zmiany obj\u0119\u0142y te\u017c inne linie.\" \/>\n<meta property=\"og:url\" content=\"https:\/\/transinfo.pl\/x\/infotram\/tramwaje-mpk-lodz-wrocily-na-legionow\/\" \/>\n<meta property=\"og:site_name\" content=\"TransInfo Archiwum\" \/>\n<meta property=\"og:image\" content=\"https:\/\/transinfo.pl\/x\/wp-content\/uploads\/2024\/03\/lodz-legionow.jpg\" \/>\n\t<meta property=\"og:image:width\" content=\"1\" \/>\n\t<meta property=\"og:image:height\" content=\"1\" \/>\n\t<meta property=\"og:image:type\" content=\"image\/jpeg\" \/>\n<meta name=\"twitter:card\" content=\"summary_large_image\" \/>\n<meta name=\"twitter:label1\" content=\"Szacowany czas czytania\" \/>\n\t<meta name=\"twitter:data1\" content=\"2 minuty\" \/>\n<script type=\"application\/ld+json\" class=\"yoast-schema-graph\">{\"@context\":\"https:\/\/schema.org\",\"@graph\":[{\"@type\":\"WebPage\",\"@id\":\"https:\/\/transinfo.pl\/x\/infotram\/tramwaje-mpk-lodz-wrocily-na-legionow\/\",\"url\":\"https:\/\/transinfo.pl\/x\/infotram\/tramwaje-mpk-lodz-wrocily-na-legionow\/\",\"name\":\"Tramwaje MPK \u0141\u00f3d\u017a wr\u00f3ci\u0142y na ul. Legion\u00f3w - TransInfo Archiwum\",\"isPartOf\":{\"@id\":\"https:\/\/transinfo.pl\/x\/#website\"},\"primaryImageOfPage\":{\"@id\":\"https:\/\/transinfo.pl\/x\/infotram\/tramwaje-mpk-lodz-wrocily-na-legionow\/#primaryimage\"},\"image\":{\"@id\":\"https:\/\/transinfo.pl\/x\/infotram\/tramwaje-mpk-lodz-wrocily-na-legionow\/#primaryimage\"},\"thumbnailUrl\":\"https:\/\/transinfo.pl\/x\/wp-content\/uploads\/2024\/03\/lodz-legionow.jpg\",\"datePublished\":\"2024-03-04T13:45:00+00:00\",\"dateModified\":\"2024-03-04T13:45:00+00:00\",\"description\":\"Pasa\u017cerowie ponownie mog\u0105 korzysta\u0107 z tramwaj\u00f3w na ul. Legion\u00f3w w \u0141odzi. Na swoj\u0105 tras\u0119 wr\u00f3ci\u0142a linia 15. Zmiany obj\u0119\u0142y te\u017c inne linie.\",\"breadcrumb\":{\"@id\":\"https:\/\/transinfo.pl\/x\/infotram\/tramwaje-mpk-lodz-wrocily-na-legionow\/#breadcrumb\"},\"inLanguage\":\"pl-PL\",\"potentialAction\":[{\"@type\":\"ReadAction\",\"target\":[\"https:\/\/transinfo.pl\/x\/infotram\/tramwaje-mpk-lodz-wrocily-na-legionow\/\"]}]},{\"@type\":\"ImageObject\",\"inLanguage\":\"pl-PL\",\"@id\":\"https:\/\/transinfo.pl\/x\/infotram\/tramwaje-mpk-lodz-wrocily-na-legionow\/#primaryimage\",\"url\":\"https:\/\/transinfo.pl\/x\/wp-content\/uploads\/2024\/03\/lodz-legionow.jpg\",\"contentUrl\":\"https:\/\/transinfo.pl\/x\/wp-content\/uploads\/2024\/03\/lodz-legionow.jpg\"},{\"@type\":\"BreadcrumbList\",\"@id\":\"https:\/\/transinfo.pl\/x\/infotram\/tramwaje-mpk-lodz-wrocily-na-legionow\/#breadcrumb\",\"itemListElement\":[{\"@type\":\"ListItem\",\"position\":1,\"name\":\"Home\",\"item\":\"https:\/\/transinfo.pl\/x\/\"},{\"@type\":\"ListItem\",\"position\":2,\"name\":\"Infotram\",\"item\":\"https:\/\/transinfo.pl\/x\/infotram\/\"},{\"@type\":\"ListItem\",\"position\":3,\"name\":\"Tramwaje MPK \u0141\u00f3d\u017a wr\u00f3ci\u0142y na ul. Legion\u00f3w\"}]},{\"@type\":\"WebSite\",\"@id\":\"https:\/\/transinfo.pl\/x\/#website\",\"url\":\"https:\/\/transinfo.pl\/x\/\",\"name\":\"TransInfo Archiwum\",\"description\":\"Ca\u0142y transport w jednym miejscu\",\"publisher\":{\"@id\":\"https:\/\/transinfo.pl\/x\/#organization\"},\"potentialAction\":[{\"@type\":\"SearchAction\",\"target\":{\"@type\":\"EntryPoint\",\"urlTemplate\":\"https:\/\/transinfo.pl\/x\/?s={search_term_string}\"},\"query-input\":{\"@type\":\"PropertyValueSpecification\",\"valueRequired\":true,\"valueName\":\"search_term_string\"}}],\"inLanguage\":\"pl-PL\"},{\"@type\":\"Organization\",\"@id\":\"https:\/\/transinfo.pl\/x\/#organization\",\"name\":\"TransInfo\",\"url\":\"https:\/\/transinfo.pl\/x\/\",\"logo\":{\"@type\":\"ImageObject\",\"inLanguage\":\"pl-PL\",\"@id\":\"https:\/\/transinfo.pl\/x\/#\/schema\/logo\/image\/\",\"url\":\"https:\/\/transinfo.pl\/x\/wp-content\/uploads\/2024\/10\/favicon.png\",\"contentUrl\":\"https:\/\/transinfo.pl\/x\/wp-content\/uploads\/2024\/10\/favicon.png\",\"width\":512,\"height\":512,\"caption\":\"TransInfo\"},\"image\":{\"@id\":\"https:\/\/transinfo.pl\/x\/#\/schema\/logo\/image\/\"}}]}<\/script>\n<!-- \/ Yoast SEO Premium plugin. -->","yoast_head_json":{"title":"Tramwaje MPK \u0141\u00f3d\u017a wr\u00f3ci\u0142y na ul. Legion\u00f3w - TransInfo Archiwum","description":"Pasa\u017cerowie ponownie mog\u0105 korzysta\u0107 z tramwaj\u00f3w na ul. Legion\u00f3w w \u0141odzi. Na swoj\u0105 tras\u0119 wr\u00f3ci\u0142a linia 15. Zmiany obj\u0119\u0142y te\u017c inne linie.","robots":{"index":"index","follow":"follow","max-snippet":"max-snippet:-1","max-image-preview":"max-image-preview:large","max-video-preview":"max-video-preview:-1"},"canonical":"https:\/\/transinfo.pl\/x\/infotram\/tramwaje-mpk-lodz-wrocily-na-legionow\/","og_locale":"pl_PL","og_type":"article","og_title":"Tramwaje MPK \u0141\u00f3d\u017a wr\u00f3ci\u0142y na ul. Legion\u00f3w","og_description":"Pasa\u017cerowie ponownie mog\u0105 korzysta\u0107 z tramwaj\u00f3w na ul. Legion\u00f3w w \u0141odzi. Na swoj\u0105 tras\u0119 wr\u00f3ci\u0142a linia 15. Zmiany obj\u0119\u0142y te\u017c inne linie.","og_url":"https:\/\/transinfo.pl\/x\/infotram\/tramwaje-mpk-lodz-wrocily-na-legionow\/","og_site_name":"TransInfo Archiwum","og_image":[{"url":"https:\/\/transinfo.pl\/x\/wp-content\/uploads\/2024\/03\/lodz-legionow.jpg","width":1,"height":1,"type":"image\/jpeg"}],"twitter_card":"summary_large_image","twitter_misc":{"Szacowany czas czytania":"2 minuty"},"schema":{"@context":"https:\/\/schema.org","@graph":[{"@type":"WebPage","@id":"https:\/\/transinfo.pl\/x\/infotram\/tramwaje-mpk-lodz-wrocily-na-legionow\/","url":"https:\/\/transinfo.pl\/x\/infotram\/tramwaje-mpk-lodz-wrocily-na-legionow\/","name":"Tramwaje MPK \u0141\u00f3d\u017a wr\u00f3ci\u0142y na ul. Legion\u00f3w - TransInfo Archiwum","isPartOf":{"@id":"https:\/\/transinfo.pl\/x\/#website"},"primaryImageOfPage":{"@id":"https:\/\/transinfo.pl\/x\/infotram\/tramwaje-mpk-lodz-wrocily-na-legionow\/#primaryimage"},"image":{"@id":"https:\/\/transinfo.pl\/x\/infotram\/tramwaje-mpk-lodz-wrocily-na-legionow\/#primaryimage"},"thumbnailUrl":"https:\/\/transinfo.pl\/x\/wp-content\/uploads\/2024\/03\/lodz-legionow.jpg","datePublished":"2024-03-04T13:45:00+00:00","dateModified":"2024-03-04T13:45:00+00:00","description":"Pasa\u017cerowie ponownie mog\u0105 korzysta\u0107 z tramwaj\u00f3w na ul. Legion\u00f3w w \u0141odzi. Na swoj\u0105 tras\u0119 wr\u00f3ci\u0142a linia 15. Zmiany obj\u0119\u0142y te\u017c inne linie.","breadcrumb":{"@id":"https:\/\/transinfo.pl\/x\/infotram\/tramwaje-mpk-lodz-wrocily-na-legionow\/#breadcrumb"},"inLanguage":"pl-PL","potentialAction":[{"@type":"ReadAction","target":["https:\/\/transinfo.pl\/x\/infotram\/tramwaje-mpk-lodz-wrocily-na-legionow\/"]}]},{"@type":"ImageObject","inLanguage":"pl-PL","@id":"https:\/\/transinfo.pl\/x\/infotram\/tramwaje-mpk-lodz-wrocily-na-legionow\/#primaryimage","url":"https:\/\/transinfo.pl\/x\/wp-content\/uploads\/2024\/03\/lodz-legionow.jpg","contentUrl":"https:\/\/transinfo.pl\/x\/wp-content\/uploads\/2024\/03\/lodz-legionow.jpg"},{"@type":"BreadcrumbList","@id":"https:\/\/transinfo.pl\/x\/infotram\/tramwaje-mpk-lodz-wrocily-na-legionow\/#breadcrumb","itemListElement":[{"@type":"ListItem","position":1,"name":"Home","item":"https:\/\/transinfo.pl\/x\/"},{"@type":"ListItem","position":2,"name":"Infotram","item":"https:\/\/transinfo.pl\/x\/infotram\/"},{"@type":"ListItem","position":3,"name":"Tramwaje MPK \u0141\u00f3d\u017a wr\u00f3ci\u0142y na ul. Legion\u00f3w"}]},{"@type":"WebSite","@id":"https:\/\/transinfo.pl\/x\/#website","url":"https:\/\/transinfo.pl\/x\/","name":"TransInfo Archiwum","description":"Ca\u0142y transport w jednym miejscu","publisher":{"@id":"https:\/\/transinfo.pl\/x\/#organization"},"potentialAction":[{"@type":"SearchAction","target":{"@type":"EntryPoint","urlTemplate":"https:\/\/transinfo.pl\/x\/?s={search_term_string}"},"query-input":{"@type":"PropertyValueSpecification","valueRequired":true,"valueName":"search_term_string"}}],"inLanguage":"pl-PL"},{"@type":"Organization","@id":"https:\/\/transinfo.pl\/x\/#organization","name":"TransInfo","url":"https:\/\/transinfo.pl\/x\/","logo":{"@type":"ImageObject","inLanguage":"pl-PL","@id":"https:\/\/transinfo.pl\/x\/#\/schema\/logo\/image\/","url":"https:\/\/transinfo.pl\/x\/wp-content\/uploads\/2024\/10\/favicon.png","contentUrl":"https:\/\/transinfo.pl\/x\/wp-content\/uploads\/2024\/10\/favicon.png","width":512,"height":512,"caption":"TransInfo"},"image":{"@id":"https:\/\/transinfo.pl\/x\/#\/schema\/logo\/image\/"}}]}},"_links":{"self":[{"href":"https:\/\/transinfo.pl\/x\/wp-json\/wp\/v2\/infotram\/265741","targetHints":{"allow":["GET"]}}],"collection":[{"href":"https:\/\/transinfo.pl\/x\/wp-json\/wp\/v2\/infotram"}],"about":[{"href":"https:\/\/transinfo.pl\/x\/wp-json\/wp\/v2\/types\/infotram"}],"author":[{"embeddable":true,"href":"https:\/\/transinfo.pl\/x\/wp-json\/wp\/v2\/users\/3"}],"replies":[{"embeddable":true,"href":"https:\/\/transinfo.pl\/x\/wp-json\/wp\/v2\/comments?post=265741"}],"wp:featuredmedia":[{"embeddable":true,"href":"https:\/\/transinfo.pl\/x\/wp-json\/wp\/v2\/media\/265742"}],"wp:attachment":[{"href":"https:\/\/transinfo.pl\/x\/wp-json\/wp\/v2\/media?parent=265741"}],"wp:term":[{"taxonomy":"category","embeddable":true,"href":"https:\/\/transinfo.pl\/x\/wp-json\/wp\/v2\/categories?post=265741"},{"taxonomy":"post_tag","embeddable":true,"href":"https:\/\/transinfo.pl\/x\/wp-json\/wp\/v2\/tags?post=265741"}],"curies":[{"name":"wp","href":"https:\/\/api.w.org\/{rel}","templated":true}]}}