{"id":265640,"date":"2024-03-01T16:45:00","date_gmt":"2024-03-01T16:45:00","guid":{"rendered":"https:\/\/transinfo.pl\/x\/infotram\/gdansk-chce-wydluzyc-perony-tramwajowe\/"},"modified":"2024-03-01T16:45:00","modified_gmt":"2024-03-01T16:45:00","slug":"gdansk-chce-wydluzyc-perony-tramwajowe","status":"publish","type":"infotram","link":"https:\/\/transinfo.pl\/x\/infotram\/gdansk-chce-wydluzyc-perony-tramwajowe\/","title":{"rendered":"Gda\u0144sk chce wyd\u0142u\u017cy\u0107 perony tramwajowe"},"content":{"rendered":"<style>h1,h2,h3,h4,h5,h6{margin:0 0 1.25rem;font-family:Arial,sans-serif;font-weight:600;color:#050505}h1{font-size:1.875rem;line-height:1.1em;text-transform:none}@media(min-width: 768px){h1{font-size:2.375rem}}h2{font-size:1.1875rem;line-height:1.2em;text-transform:uppercase}@media(min-width: 768px){h2{font-size:1.0625rem}}h3{font-size:0.9375rem;line-height:1.4em;font-weight:900;margin-bottom:0.9375rem}h4{font-size:0.875rem;line-height:1.2em;font-weight:500}h5{font-size:0.9375rem;line-height:1.6;font-weight:400}h6{font-size:0.9375rem;line-height:1.6;font-weight:600}\n<\/style>\n<h3 class=\"wp-block-heading\" id=\"h-perony-tramwajowe-na-trasie-miedzy-przystankami-traugutta-i-wojska-polskiego-maja-zostac-wydluzone-w-najblizszych-dniach-planowane-jest-ogloszenie-przetargu-na-opracowanie-projektu-same-prace-projektowe-maja-potrwac-1-5-roku-nbsp-od-daty-podpisania-umowy\"><strong>Perony tramwajowe na trasie mi\u0119dzy przystankami \u201eTraugutta\u201d i \u201eWojska Polskiego\u201d maj\u0105 zosta\u0107 wyd\u0142u\u017cone. W najbli\u017cszych dniach planowane jest og\u0142oszenie przetargu na opracowanie projektu. Same prace projektowe maj\u0105 potrwa\u0107 1,5 roku&nbsp;od daty podpisania umowy.<\/strong><\/h3>\n\n\n<style>p{margin:0 0 1.5rem}p:last-child{margin:0}p.is-style-uppercase{text-transform:uppercase}p.is-style-preheading{color:#12406a;text-transform:uppercase}p.is-style-leadparagraph{font-size:1rem;line-height:1.625;font-weight:700}@media(min-width: 768px){p.is-style-leadparagraph{font-size:1.125rem;line-height:1.5555555556}}p.has-small-margin{margin-bottom:0.625rem}p.has-small-margin+h1,p.has-small-margin+h2,p.has-small-margin+h3{margin-top:1.875rem}\n<\/style>\n<p>Projekt b\u0119dzie dotyczy\u0142 przebudowy peron\u00f3w tramwajowych pomi\u0119dzy przystankami Traugutta, a Wojska Polskiego.\u00a0 Zasadniczym celem realizacji zadania jest poprawa przepustowo\u015bci linii tramwajowych. <\/p>\n\n\n\n<h2 class=\"wp-block-heading\" id=\"h-szybsza-wymiana-pasazerska\">Szybsza wymiana pasa\u017cerska<\/h2>\n\n\n\n<p>Inwestycja\u00a0umo\u017cliwi w przysz\u0142o\u015bci\u00a0zwi\u0119kszenie pr\u0119dko\u015bci komunikacyjnej w zwi\u0105zku z obs\u0142ug\u0105 co najmniej dw\u00f3ch tramwaj\u00f3w jednocze\u015bnie na jednym przystanku,\u00a0co b\u0119dzie pozwala\u0142o na odjazd w ci\u0105gu tego samego cyklu sygnalizacji \u015bwietlnej.<\/p>\n\n\n\n<p>Wyd\u0142u\u017cenie przystank\u00f3w na odcinku Wojska Polskiego&nbsp;&#8211; Traugutta&nbsp;to zadanie komplementarne do projektowanej trasy Gda\u0144sk Po\u0142udnie &#8211; Wrzeszcz. Tramwaje od strony Piecek-Migowa wjad\u0105 na istniej\u0105ce tory na al. Grunwaldzkiej. Wyd\u0142u\u017cenie przystank\u00f3w umo\u017cliwi te\u017c korzystanie z tramwaj\u00f3w 45-metrowych.<\/p>\n\n\n\n<p>Zgodnie z za\u0142o\u017ceniami na przystanku \u201eOpera Ba\u0142tycka\u201d [2014] peron powinien by\u0107 wykonany w formie docelowej&nbsp;&#8211; jako peron autobusowo-tramwajowy (kraw\u0119\u017cniki przystankowe typu A+T), nawi\u0105zuj\u0105cy do Alei Lipowej.<\/p>\n\n\n\n<p>Ponadto projekt obejmie par\u0119 przystank\u00f3w \u201eJa\u015bkowa Dolina\u201d, \u201eGaleria Ba\u0142tycka\u201d, \u201eWojska Polskiego\u201d i \u201ePolitechnika\u201d. Na przystanku \u201eTraugutta\u201d w kierunku centrum peron mia\u0142by w przysz\u0142o\u015bci s\u0142u\u017cy\u0107 tak\u017ce autobusom.&nbsp; Przystanki \u201eKlonowa\u201d i \u201eMiszewskiego\u201d zosta\u0142y przeprojektowane w ramach Trasy Gda\u0144sk Po\u0142udnie-Wrzeszcz.<\/p>\n\n\n\n<p>Przetarg na opracowanie projektu zostanie og\u0142oszony w najbli\u017cszych dniach. Prace projektowe maj\u0105 potrwa\u0107 ok. 1,5 roku.<\/p>\n","protected":false},"author":3,"featured_media":224430,"comment_status":"","ping_status":"closed","template":"","categories":[23],"tags":[104,1230,1054,238],"class_list":["post-265640","infotram","type-infotram","status-publish","has-post-thumbnail","hentry","category-infrastruktura","tag-gdansk","tag-peron","tag-przystanek","tag-tramwaj"],"acf":[],"yoast_head":"<!-- This site is optimized with the Yoast SEO Premium plugin v21.8 (Yoast SEO v23.7) - https:\/\/yoast.com\/wordpress\/plugins\/seo\/ -->\n<title>Gda\u0144sk chce wyd\u0142u\u017cy\u0107 perony tramwajowe - TransInfo Archiwum<\/title>\n<meta name=\"description\" content=\"Perony tramwajowe na trasie mi\u0119dzy przystankami \u201eTraugutta\u201d i \u201eWojska Polskiego\u201d maj\u0105 zosta\u0107 wyd\u0142u\u017cone. Na pocz\u0105tek projekt.\" \/>\n<meta name=\"robots\" content=\"index, follow, max-snippet:-1, max-image-preview:large, max-video-preview:-1\" \/>\n<link rel=\"canonical\" href=\"https:\/\/transinfo.pl\/x\/infotram\/gdansk-chce-wydluzyc-perony-tramwajowe\/\" \/>\n<meta property=\"og:locale\" content=\"pl_PL\" \/>\n<meta property=\"og:type\" content=\"article\" \/>\n<meta property=\"og:title\" content=\"Gda\u0144sk chce wyd\u0142u\u017cy\u0107 perony tramwajowe\" \/>\n<meta property=\"og:description\" content=\"Perony tramwajowe na trasie mi\u0119dzy przystankami \u201eTraugutta\u201d i \u201eWojska Polskiego\u201d maj\u0105 zosta\u0107 wyd\u0142u\u017cone. Na pocz\u0105tek projekt.\" \/>\n<meta property=\"og:url\" content=\"https:\/\/transinfo.pl\/x\/infotram\/gdansk-chce-wydluzyc-perony-tramwajowe\/\" \/>\n<meta property=\"og:site_name\" content=\"TransInfo Archiwum\" \/>\n<meta property=\"og:image\" content=\"https:\/\/transinfo.pl\/x\/wp-content\/uploads\/2022\/01\/peron.jpg\" \/>\n\t<meta property=\"og:image:width\" content=\"1\" \/>\n\t<meta property=\"og:image:height\" content=\"1\" \/>\n\t<meta property=\"og:image:type\" content=\"image\/jpeg\" \/>\n<meta name=\"twitter:card\" content=\"summary_large_image\" \/>\n<meta name=\"twitter:label1\" content=\"Szacowany czas czytania\" \/>\n\t<meta name=\"twitter:data1\" content=\"1 minuta\" \/>\n<script type=\"application\/ld+json\" class=\"yoast-schema-graph\">{\"@context\":\"https:\/\/schema.org\",\"@graph\":[{\"@type\":\"WebPage\",\"@id\":\"https:\/\/transinfo.pl\/x\/infotram\/gdansk-chce-wydluzyc-perony-tramwajowe\/\",\"url\":\"https:\/\/transinfo.pl\/x\/infotram\/gdansk-chce-wydluzyc-perony-tramwajowe\/\",\"name\":\"Gda\u0144sk chce wyd\u0142u\u017cy\u0107 perony tramwajowe - TransInfo Archiwum\",\"isPartOf\":{\"@id\":\"https:\/\/transinfo.pl\/x\/#website\"},\"primaryImageOfPage\":{\"@id\":\"https:\/\/transinfo.pl\/x\/infotram\/gdansk-chce-wydluzyc-perony-tramwajowe\/#primaryimage\"},\"image\":{\"@id\":\"https:\/\/transinfo.pl\/x\/infotram\/gdansk-chce-wydluzyc-perony-tramwajowe\/#primaryimage\"},\"thumbnailUrl\":\"https:\/\/transinfo.pl\/x\/wp-content\/uploads\/2022\/01\/peron.jpg\",\"datePublished\":\"2024-03-01T16:45:00+00:00\",\"dateModified\":\"2024-03-01T16:45:00+00:00\",\"description\":\"Perony tramwajowe na trasie mi\u0119dzy przystankami \u201eTraugutta\u201d i \u201eWojska Polskiego\u201d maj\u0105 zosta\u0107 wyd\u0142u\u017cone. Na pocz\u0105tek projekt.\",\"breadcrumb\":{\"@id\":\"https:\/\/transinfo.pl\/x\/infotram\/gdansk-chce-wydluzyc-perony-tramwajowe\/#breadcrumb\"},\"inLanguage\":\"pl-PL\",\"potentialAction\":[{\"@type\":\"ReadAction\",\"target\":[\"https:\/\/transinfo.pl\/x\/infotram\/gdansk-chce-wydluzyc-perony-tramwajowe\/\"]}]},{\"@type\":\"ImageObject\",\"inLanguage\":\"pl-PL\",\"@id\":\"https:\/\/transinfo.pl\/x\/infotram\/gdansk-chce-wydluzyc-perony-tramwajowe\/#primaryimage\",\"url\":\"https:\/\/transinfo.pl\/x\/wp-content\/uploads\/2022\/01\/peron.jpg\",\"contentUrl\":\"https:\/\/transinfo.pl\/x\/wp-content\/uploads\/2022\/01\/peron.jpg\"},{\"@type\":\"BreadcrumbList\",\"@id\":\"https:\/\/transinfo.pl\/x\/infotram\/gdansk-chce-wydluzyc-perony-tramwajowe\/#breadcrumb\",\"itemListElement\":[{\"@type\":\"ListItem\",\"position\":1,\"name\":\"Home\",\"item\":\"https:\/\/transinfo.pl\/x\/\"},{\"@type\":\"ListItem\",\"position\":2,\"name\":\"Infotram\",\"item\":\"https:\/\/transinfo.pl\/x\/infotram\/\"},{\"@type\":\"ListItem\",\"position\":3,\"name\":\"Gda\u0144sk chce wyd\u0142u\u017cy\u0107 perony tramwajowe\"}]},{\"@type\":\"WebSite\",\"@id\":\"https:\/\/transinfo.pl\/x\/#website\",\"url\":\"https:\/\/transinfo.pl\/x\/\",\"name\":\"TransInfo Archiwum\",\"description\":\"Ca\u0142y transport w jednym miejscu\",\"publisher\":{\"@id\":\"https:\/\/transinfo.pl\/x\/#organization\"},\"potentialAction\":[{\"@type\":\"SearchAction\",\"target\":{\"@type\":\"EntryPoint\",\"urlTemplate\":\"https:\/\/transinfo.pl\/x\/?s={search_term_string}\"},\"query-input\":{\"@type\":\"PropertyValueSpecification\",\"valueRequired\":true,\"valueName\":\"search_term_string\"}}],\"inLanguage\":\"pl-PL\"},{\"@type\":\"Organization\",\"@id\":\"https:\/\/transinfo.pl\/x\/#organization\",\"name\":\"TransInfo\",\"url\":\"https:\/\/transinfo.pl\/x\/\",\"logo\":{\"@type\":\"ImageObject\",\"inLanguage\":\"pl-PL\",\"@id\":\"https:\/\/transinfo.pl\/x\/#\/schema\/logo\/image\/\",\"url\":\"https:\/\/transinfo.pl\/x\/wp-content\/uploads\/2024\/10\/favicon.png\",\"contentUrl\":\"https:\/\/transinfo.pl\/x\/wp-content\/uploads\/2024\/10\/favicon.png\",\"width\":512,\"height\":512,\"caption\":\"TransInfo\"},\"image\":{\"@id\":\"https:\/\/transinfo.pl\/x\/#\/schema\/logo\/image\/\"}}]}<\/script>\n<!-- \/ Yoast SEO Premium plugin. -->","yoast_head_json":{"title":"Gda\u0144sk chce wyd\u0142u\u017cy\u0107 perony tramwajowe - TransInfo Archiwum","description":"Perony tramwajowe na trasie mi\u0119dzy przystankami \u201eTraugutta\u201d i \u201eWojska Polskiego\u201d maj\u0105 zosta\u0107 wyd\u0142u\u017cone. Na pocz\u0105tek projekt.","robots":{"index":"index","follow":"follow","max-snippet":"max-snippet:-1","max-image-preview":"max-image-preview:large","max-video-preview":"max-video-preview:-1"},"canonical":"https:\/\/transinfo.pl\/x\/infotram\/gdansk-chce-wydluzyc-perony-tramwajowe\/","og_locale":"pl_PL","og_type":"article","og_title":"Gda\u0144sk chce wyd\u0142u\u017cy\u0107 perony tramwajowe","og_description":"Perony tramwajowe na trasie mi\u0119dzy przystankami \u201eTraugutta\u201d i \u201eWojska Polskiego\u201d maj\u0105 zosta\u0107 wyd\u0142u\u017cone. Na pocz\u0105tek projekt.","og_url":"https:\/\/transinfo.pl\/x\/infotram\/gdansk-chce-wydluzyc-perony-tramwajowe\/","og_site_name":"TransInfo Archiwum","og_image":[{"url":"https:\/\/transinfo.pl\/x\/wp-content\/uploads\/2022\/01\/peron.jpg","width":1,"height":1,"type":"image\/jpeg"}],"twitter_card":"summary_large_image","twitter_misc":{"Szacowany czas czytania":"1 minuta"},"schema":{"@context":"https:\/\/schema.org","@graph":[{"@type":"WebPage","@id":"https:\/\/transinfo.pl\/x\/infotram\/gdansk-chce-wydluzyc-perony-tramwajowe\/","url":"https:\/\/transinfo.pl\/x\/infotram\/gdansk-chce-wydluzyc-perony-tramwajowe\/","name":"Gda\u0144sk chce wyd\u0142u\u017cy\u0107 perony tramwajowe - TransInfo Archiwum","isPartOf":{"@id":"https:\/\/transinfo.pl\/x\/#website"},"primaryImageOfPage":{"@id":"https:\/\/transinfo.pl\/x\/infotram\/gdansk-chce-wydluzyc-perony-tramwajowe\/#primaryimage"},"image":{"@id":"https:\/\/transinfo.pl\/x\/infotram\/gdansk-chce-wydluzyc-perony-tramwajowe\/#primaryimage"},"thumbnailUrl":"https:\/\/transinfo.pl\/x\/wp-content\/uploads\/2022\/01\/peron.jpg","datePublished":"2024-03-01T16:45:00+00:00","dateModified":"2024-03-01T16:45:00+00:00","description":"Perony tramwajowe na trasie mi\u0119dzy przystankami \u201eTraugutta\u201d i \u201eWojska Polskiego\u201d maj\u0105 zosta\u0107 wyd\u0142u\u017cone. Na pocz\u0105tek projekt.","breadcrumb":{"@id":"https:\/\/transinfo.pl\/x\/infotram\/gdansk-chce-wydluzyc-perony-tramwajowe\/#breadcrumb"},"inLanguage":"pl-PL","potentialAction":[{"@type":"ReadAction","target":["https:\/\/transinfo.pl\/x\/infotram\/gdansk-chce-wydluzyc-perony-tramwajowe\/"]}]},{"@type":"ImageObject","inLanguage":"pl-PL","@id":"https:\/\/transinfo.pl\/x\/infotram\/gdansk-chce-wydluzyc-perony-tramwajowe\/#primaryimage","url":"https:\/\/transinfo.pl\/x\/wp-content\/uploads\/2022\/01\/peron.jpg","contentUrl":"https:\/\/transinfo.pl\/x\/wp-content\/uploads\/2022\/01\/peron.jpg"},{"@type":"BreadcrumbList","@id":"https:\/\/transinfo.pl\/x\/infotram\/gdansk-chce-wydluzyc-perony-tramwajowe\/#breadcrumb","itemListElement":[{"@type":"ListItem","position":1,"name":"Home","item":"https:\/\/transinfo.pl\/x\/"},{"@type":"ListItem","position":2,"name":"Infotram","item":"https:\/\/transinfo.pl\/x\/infotram\/"},{"@type":"ListItem","position":3,"name":"Gda\u0144sk chce wyd\u0142u\u017cy\u0107 perony tramwajowe"}]},{"@type":"WebSite","@id":"https:\/\/transinfo.pl\/x\/#website","url":"https:\/\/transinfo.pl\/x\/","name":"TransInfo Archiwum","description":"Ca\u0142y transport w jednym miejscu","publisher":{"@id":"https:\/\/transinfo.pl\/x\/#organization"},"potentialAction":[{"@type":"SearchAction","target":{"@type":"EntryPoint","urlTemplate":"https:\/\/transinfo.pl\/x\/?s={search_term_string}"},"query-input":{"@type":"PropertyValueSpecification","valueRequired":true,"valueName":"search_term_string"}}],"inLanguage":"pl-PL"},{"@type":"Organization","@id":"https:\/\/transinfo.pl\/x\/#organization","name":"TransInfo","url":"https:\/\/transinfo.pl\/x\/","logo":{"@type":"ImageObject","inLanguage":"pl-PL","@id":"https:\/\/transinfo.pl\/x\/#\/schema\/logo\/image\/","url":"https:\/\/transinfo.pl\/x\/wp-content\/uploads\/2024\/10\/favicon.png","contentUrl":"https:\/\/transinfo.pl\/x\/wp-content\/uploads\/2024\/10\/favicon.png","width":512,"height":512,"caption":"TransInfo"},"image":{"@id":"https:\/\/transinfo.pl\/x\/#\/schema\/logo\/image\/"}}]}},"_links":{"self":[{"href":"https:\/\/transinfo.pl\/x\/wp-json\/wp\/v2\/infotram\/265640","targetHints":{"allow":["GET"]}}],"collection":[{"href":"https:\/\/transinfo.pl\/x\/wp-json\/wp\/v2\/infotram"}],"about":[{"href":"https:\/\/transinfo.pl\/x\/wp-json\/wp\/v2\/types\/infotram"}],"author":[{"embeddable":true,"href":"https:\/\/transinfo.pl\/x\/wp-json\/wp\/v2\/users\/3"}],"replies":[{"embeddable":true,"href":"https:\/\/transinfo.pl\/x\/wp-json\/wp\/v2\/comments?post=265640"}],"wp:featuredmedia":[{"embeddable":true,"href":"https:\/\/transinfo.pl\/x\/wp-json\/wp\/v2\/media\/224430"}],"wp:attachment":[{"href":"https:\/\/transinfo.pl\/x\/wp-json\/wp\/v2\/media?parent=265640"}],"wp:term":[{"taxonomy":"category","embeddable":true,"href":"https:\/\/transinfo.pl\/x\/wp-json\/wp\/v2\/categories?post=265640"},{"taxonomy":"post_tag","embeddable":true,"href":"https:\/\/transinfo.pl\/x\/wp-json\/wp\/v2\/tags?post=265640"}],"curies":[{"name":"wp","href":"https:\/\/api.w.org\/{rel}","templated":true}]}}