{"id":265441,"date":"2024-02-27T11:45:00","date_gmt":"2024-02-27T11:45:00","guid":{"rendered":"https:\/\/transinfo.pl\/x\/infotram\/protest-rolnikow-w-warszawie-dziewiec-linii-tramwajowych-na-objazdach\/"},"modified":"2024-02-27T11:45:00","modified_gmt":"2024-02-27T11:45:00","slug":"protest-rolnikow-w-warszawie-dziewiec-linii-tramwajowych-na-objazdach","status":"publish","type":"infotram","link":"https:\/\/transinfo.pl\/x\/infotram\/protest-rolnikow-w-warszawie-dziewiec-linii-tramwajowych-na-objazdach\/","title":{"rendered":"Protest rolnik\u00f3w w Warszawie. Dziewi\u0119\u0107 linii tramwajowych na objazdach (aktualizacja)"},"content":{"rendered":"<style>h1,h2,h3,h4,h5,h6{margin:0 0 1.25rem;font-family:Arial,sans-serif;font-weight:600;color:#050505}h1{font-size:1.875rem;line-height:1.1em;text-transform:none}@media(min-width: 768px){h1{font-size:2.375rem}}h2{font-size:1.1875rem;line-height:1.2em;text-transform:uppercase}@media(min-width: 768px){h2{font-size:1.0625rem}}h3{font-size:0.9375rem;line-height:1.4em;font-weight:900;margin-bottom:0.9375rem}h4{font-size:0.875rem;line-height:1.2em;font-weight:500}h5{font-size:0.9375rem;line-height:1.6;font-weight:400}h6{font-size:0.9375rem;line-height:1.6;font-weight:600}\n<\/style>\n<h3 class=\"wp-block-heading\" id=\"h-w-zwiazku-z-protestem-rolnikow-tramwaje-nie-jezdza-al-jerozolimskimi-i-marszalkowska-zostaly-skierowane-na-trasy-objazdowe\"><strong>W zwi\u0105zku z protestem rolnik\u00f3w tramwaje nie je\u017cd\u017c\u0105 Al. Jerozolimskimi i Marsza\u0142kowsk\u0105. Zosta\u0142y skierowane na trasy objazdowe.<\/strong><\/h3>\n\n\n<style>p{margin:0 0 1.5rem}p:last-child{margin:0}p.is-style-uppercase{text-transform:uppercase}p.is-style-preheading{color:#12406a;text-transform:uppercase}p.is-style-leadparagraph{font-size:1rem;line-height:1.625;font-weight:700}@media(min-width: 768px){p.is-style-leadparagraph{font-size:1.125rem;line-height:1.5555555556}}p.has-small-margin{margin-bottom:0.625rem}p.has-small-margin+h1,p.has-small-margin+h2,p.has-small-margin+h3{margin-top:1.875rem}\n<\/style>\n<p>&#8222;Tramwaje wy\u0142\u0105czone zostaj\u0105 wzd\u0142u\u017c Al. Jerozolimskich i ul. Marsza\u0142kowskiej. Linie 4, 7, 9, 15, 18, 22, 24, 25 i 35 trafiaj\u0105 na trasy zmienione&#8221; \u2013 poinformowa\u0142 Zarz\u0105d Transportu Miejskiego.<\/p>\n\n\n\n<h2 class=\"wp-block-heading\" id=\"h-zmiany-dla-pasazerow\">Zmiany dla pasa\u017cer\u00f3w<\/h2>\n\n\n\n<p>Linia 4 w obu kierunkach kursuje przez most \u015al\u0105sko-D\u0105browski, al. Solidarno\u015bci, al. Jana Paw\u0142a II, Cha\u0142ubi\u0144skiego, al. Niepodleg\u0142o\u015bci, Nowowiejska, pl. Zbawiciela. Linie 7, 9, 22, 24, 25 po stronie Ochoty kursuj\u0105 do pl. Starynkiewicza, a po stronie Pragi P\u0142d. 7, 22 i 25 do ronda Wiatraczna, a 9 i 24 do al. Zielenieckiej.<\/p>\n\n\n\n<p><\/p>\n\n\n<style>.wp-block-image{margin:1.25rem 0;text-align:center}.wp-block-image figcaption{padding:0 0.9375rem;text-align:center}\n<\/style>\n<figure class=\"wp-block-image size-full\"><a href=\"https:\/\/transinfo.pl\/wp-content\/uploads\/2024\/02\/Tramwaje-Warszawskie-3.jpg\"><img decoding=\"async\" src=\"https:\/\/transinfo.pl\/wp-content\/uploads\/2024\/02\/Tramwaje-Warszawskie-3.jpg\" alt=\"W zwi\u0105zku z protestem rolnik\u00f3w tramwaje nie je\u017cd\u017c\u0105 Al. Jerozolimskimi i Marsza\u0142kowsk\u0105. Zosta\u0142y skierowane na trasy objazdowe.\" class=\"wp-image-465440\" \/><\/a><figcaption class=\"wp-element-caption\">Tramwaje w Warszawie\/foto: ZTM<\/figcaption><\/figure>\n\n\n\n<p><\/p>\n\n\n\n<p>Linia 15 po stronie \u017boliborza ko\u0144czy kurs na p\u0119tli Ratuszowa Zoo, a po stronie Mokotowa na p\u0119tli Metro Wilanowska. Z kolei linia 18 kursuje w kierunku kra\u0144ca \u017bera\u0144 FSO: pl. Zbawiciela, Nowowiejska, Cha\u0142ubi\u0144skiego, al. Jana Paw\u0142a II, Stawki, Andersa, a w kierunku kra\u0144ca&nbsp;PKP&nbsp;S\u0142u\u017cewiec: most Gda\u0144ski, S\u0142omi\u0144skiego, al. Jana Paw\u0142a II, Cha\u0142ubi\u0144skiego, al. Niepodleg\u0142o\u015bci, Nowowiejska, pl. Zbawiciela.<\/p>\n\n\n\n<p>Linia 35 w obu kierunkach kursuje przez rondo Zgrupowania AK \u201eRados\u0142aw\u201d, al. Jana Paw\u0142a II, Cha\u0142ubi\u0144skiego, al. Niepodleg\u0142o\u015bci, Nowowiejska.<\/p>\n\n\n\n<h2 class=\"wp-block-heading\">Przywracany jest ruch w Al. Jerozolimskich i na Marsza\u0142kowskiej<\/h2>\n\n\n\n<p>Przywracany jest ruch w Alejach Jerozolimskich i na Marsza\u0142kowskiej. Kursuj\u0105 ju\u017c\u00a0tramwaje, stopniowo na trasy podstawowe wracaj\u0105 autobusy komunikacji miejskiej \u2013 poinformowa\u0142 Zarz\u0105d Transportu Miejskiego.<\/p>\n\n\n\n<p>W Warszawie trwa protest rolnik\u00f3w, kt\u00f3rzy ruszyli z placu Defilad przed siedzib\u0119 Prezesa Rady Ministr\u00f3w tras\u0105 ul. Emilii Plater, Al. Jerozolimskie, Rondo de Gaulle&#8217;a, pl. Trzech Krzy\u017cy, ul. Wiejska, Al. Ujazdowskie. Na czas ich przemarszu zamkni\u0119te zosta\u0142y Al. Jerozolimskie i Marsza\u0142kowska.<\/p>\n\n\n\n<p>Przed godzin\u0105 13.00 ZTM poinformowa\u0142, \u017ce przywracane jest kursowanie&nbsp;tramwaj\u00f3w wzd\u0142u\u017c ul. Marsza\u0142kowskiej. Linie 4, 15, 18 i 35 wracaj\u0105 na swoje trasy.<\/p>\n\n\n\n<p>Autobusy sukcesywnie wracaj\u0105 na swoje trasy przez ul. Marsza\u0142kowsk\u0105 oraz w Al. Jerozolimskich od ronda Dmowskiego do Dworca Centralnego. Protesty trwaj\u0105 te\u017c pod Warszaw\u0105. Sto\u0142eczna policja poinformowa\u0142a, \u017ce protestuj\u0105 rolnicy na DK92. &#8222;Od miejscowo\u015bci Bieniewo-Parcela protestuj\u0105cy przejad\u0105 w kierunku Warszawy przez B\u0142onie, O\u017car\u00f3w Mazowiecki do Bronisz na ul. \u015awierkow\u0105. Nast\u0119pnie zawr\u00f3c\u0105 i t\u0105 sam\u0105 tras\u0105 powr\u00f3c\u0105 do Bieniewa-Parceli&#8221; \u2013 poda\u0142a policja.<\/p>\n","protected":false},"author":3,"featured_media":265442,"comment_status":"","ping_status":"closed","template":"","categories":[28],"tags":[36,123,238,4955,84,140],"class_list":["post-265441","infotram","type-infotram","status-publish","has-post-thumbnail","hentry","category-pasazer","tag-linia","tag-pasazer","tag-tramwaj","tag-utrudnienia","tag-warszawa","tag-ztm-warszawa"],"acf":[],"yoast_head":"<!-- This site is optimized with the Yoast SEO Premium plugin v21.8 (Yoast SEO v23.7) - https:\/\/yoast.com\/wordpress\/plugins\/seo\/ -->\n<title>Protest rolnik\u00f3w w Warszawie. Dziewi\u0119\u0107 linii tramwajowych na objazdach (aktualizacja) - TransInfo Archiwum<\/title>\n<meta name=\"description\" content=\"W zwi\u0105zku z protestem rolnik\u00f3w tramwaje nie je\u017cd\u017c\u0105 Al. Jerozolimskimi i Marsza\u0142kowsk\u0105. Zosta\u0142y skierowane na trasy objazdowe.\" \/>\n<meta name=\"robots\" content=\"index, follow, max-snippet:-1, max-image-preview:large, max-video-preview:-1\" \/>\n<link rel=\"canonical\" href=\"https:\/\/transinfo.pl\/x\/infotram\/protest-rolnikow-w-warszawie-dziewiec-linii-tramwajowych-na-objazdach\/\" \/>\n<meta property=\"og:locale\" content=\"pl_PL\" \/>\n<meta property=\"og:type\" content=\"article\" \/>\n<meta property=\"og:title\" content=\"Protest rolnik\u00f3w w Warszawie. Dziewi\u0119\u0107 linii tramwajowych na objazdach (aktualizacja)\" \/>\n<meta property=\"og:description\" content=\"W zwi\u0105zku z protestem rolnik\u00f3w tramwaje nie je\u017cd\u017c\u0105 Al. Jerozolimskimi i Marsza\u0142kowsk\u0105. Zosta\u0142y skierowane na trasy objazdowe.\" \/>\n<meta property=\"og:url\" content=\"https:\/\/transinfo.pl\/x\/infotram\/protest-rolnikow-w-warszawie-dziewiec-linii-tramwajowych-na-objazdach\/\" \/>\n<meta property=\"og:site_name\" content=\"TransInfo Archiwum\" \/>\n<meta property=\"og:image\" content=\"https:\/\/transinfo.pl\/x\/wp-content\/uploads\/2024\/02\/tramwaj-random-768x512-1.jpg\" \/>\n\t<meta property=\"og:image:width\" content=\"1\" \/>\n\t<meta property=\"og:image:height\" content=\"1\" \/>\n\t<meta property=\"og:image:type\" content=\"image\/jpeg\" \/>\n<meta name=\"twitter:card\" content=\"summary_large_image\" \/>\n<meta name=\"twitter:label1\" content=\"Szacowany czas czytania\" \/>\n\t<meta name=\"twitter:data1\" content=\"2 minuty\" \/>\n<script type=\"application\/ld+json\" class=\"yoast-schema-graph\">{\"@context\":\"https:\/\/schema.org\",\"@graph\":[{\"@type\":\"WebPage\",\"@id\":\"https:\/\/transinfo.pl\/x\/infotram\/protest-rolnikow-w-warszawie-dziewiec-linii-tramwajowych-na-objazdach\/\",\"url\":\"https:\/\/transinfo.pl\/x\/infotram\/protest-rolnikow-w-warszawie-dziewiec-linii-tramwajowych-na-objazdach\/\",\"name\":\"Protest rolnik\u00f3w w Warszawie. Dziewi\u0119\u0107 linii tramwajowych na objazdach (aktualizacja) - TransInfo Archiwum\",\"isPartOf\":{\"@id\":\"https:\/\/transinfo.pl\/x\/#website\"},\"primaryImageOfPage\":{\"@id\":\"https:\/\/transinfo.pl\/x\/infotram\/protest-rolnikow-w-warszawie-dziewiec-linii-tramwajowych-na-objazdach\/#primaryimage\"},\"image\":{\"@id\":\"https:\/\/transinfo.pl\/x\/infotram\/protest-rolnikow-w-warszawie-dziewiec-linii-tramwajowych-na-objazdach\/#primaryimage\"},\"thumbnailUrl\":\"https:\/\/transinfo.pl\/x\/wp-content\/uploads\/2024\/02\/tramwaj-random-768x512-1.jpg\",\"datePublished\":\"2024-02-27T11:45:00+00:00\",\"dateModified\":\"2024-02-27T11:45:00+00:00\",\"description\":\"W zwi\u0105zku z protestem rolnik\u00f3w tramwaje nie je\u017cd\u017c\u0105 Al. Jerozolimskimi i Marsza\u0142kowsk\u0105. Zosta\u0142y skierowane na trasy objazdowe.\",\"breadcrumb\":{\"@id\":\"https:\/\/transinfo.pl\/x\/infotram\/protest-rolnikow-w-warszawie-dziewiec-linii-tramwajowych-na-objazdach\/#breadcrumb\"},\"inLanguage\":\"pl-PL\",\"potentialAction\":[{\"@type\":\"ReadAction\",\"target\":[\"https:\/\/transinfo.pl\/x\/infotram\/protest-rolnikow-w-warszawie-dziewiec-linii-tramwajowych-na-objazdach\/\"]}]},{\"@type\":\"ImageObject\",\"inLanguage\":\"pl-PL\",\"@id\":\"https:\/\/transinfo.pl\/x\/infotram\/protest-rolnikow-w-warszawie-dziewiec-linii-tramwajowych-na-objazdach\/#primaryimage\",\"url\":\"https:\/\/transinfo.pl\/x\/wp-content\/uploads\/2024\/02\/tramwaj-random-768x512-1.jpg\",\"contentUrl\":\"https:\/\/transinfo.pl\/x\/wp-content\/uploads\/2024\/02\/tramwaj-random-768x512-1.jpg\"},{\"@type\":\"BreadcrumbList\",\"@id\":\"https:\/\/transinfo.pl\/x\/infotram\/protest-rolnikow-w-warszawie-dziewiec-linii-tramwajowych-na-objazdach\/#breadcrumb\",\"itemListElement\":[{\"@type\":\"ListItem\",\"position\":1,\"name\":\"Home\",\"item\":\"https:\/\/transinfo.pl\/x\/\"},{\"@type\":\"ListItem\",\"position\":2,\"name\":\"Infotram\",\"item\":\"https:\/\/transinfo.pl\/x\/infotram\/\"},{\"@type\":\"ListItem\",\"position\":3,\"name\":\"Protest rolnik\u00f3w w Warszawie. Dziewi\u0119\u0107 linii tramwajowych na objazdach (aktualizacja)\"}]},{\"@type\":\"WebSite\",\"@id\":\"https:\/\/transinfo.pl\/x\/#website\",\"url\":\"https:\/\/transinfo.pl\/x\/\",\"name\":\"TransInfo Archiwum\",\"description\":\"Ca\u0142y transport w jednym miejscu\",\"publisher\":{\"@id\":\"https:\/\/transinfo.pl\/x\/#organization\"},\"potentialAction\":[{\"@type\":\"SearchAction\",\"target\":{\"@type\":\"EntryPoint\",\"urlTemplate\":\"https:\/\/transinfo.pl\/x\/?s={search_term_string}\"},\"query-input\":{\"@type\":\"PropertyValueSpecification\",\"valueRequired\":true,\"valueName\":\"search_term_string\"}}],\"inLanguage\":\"pl-PL\"},{\"@type\":\"Organization\",\"@id\":\"https:\/\/transinfo.pl\/x\/#organization\",\"name\":\"TransInfo\",\"url\":\"https:\/\/transinfo.pl\/x\/\",\"logo\":{\"@type\":\"ImageObject\",\"inLanguage\":\"pl-PL\",\"@id\":\"https:\/\/transinfo.pl\/x\/#\/schema\/logo\/image\/\",\"url\":\"https:\/\/transinfo.pl\/x\/wp-content\/uploads\/2024\/10\/favicon.png\",\"contentUrl\":\"https:\/\/transinfo.pl\/x\/wp-content\/uploads\/2024\/10\/favicon.png\",\"width\":512,\"height\":512,\"caption\":\"TransInfo\"},\"image\":{\"@id\":\"https:\/\/transinfo.pl\/x\/#\/schema\/logo\/image\/\"}}]}<\/script>\n<!-- \/ Yoast SEO Premium plugin. -->","yoast_head_json":{"title":"Protest rolnik\u00f3w w Warszawie. Dziewi\u0119\u0107 linii tramwajowych na objazdach (aktualizacja) - TransInfo Archiwum","description":"W zwi\u0105zku z protestem rolnik\u00f3w tramwaje nie je\u017cd\u017c\u0105 Al. Jerozolimskimi i Marsza\u0142kowsk\u0105. Zosta\u0142y skierowane na trasy objazdowe.","robots":{"index":"index","follow":"follow","max-snippet":"max-snippet:-1","max-image-preview":"max-image-preview:large","max-video-preview":"max-video-preview:-1"},"canonical":"https:\/\/transinfo.pl\/x\/infotram\/protest-rolnikow-w-warszawie-dziewiec-linii-tramwajowych-na-objazdach\/","og_locale":"pl_PL","og_type":"article","og_title":"Protest rolnik\u00f3w w Warszawie. Dziewi\u0119\u0107 linii tramwajowych na objazdach (aktualizacja)","og_description":"W zwi\u0105zku z protestem rolnik\u00f3w tramwaje nie je\u017cd\u017c\u0105 Al. Jerozolimskimi i Marsza\u0142kowsk\u0105. Zosta\u0142y skierowane na trasy objazdowe.","og_url":"https:\/\/transinfo.pl\/x\/infotram\/protest-rolnikow-w-warszawie-dziewiec-linii-tramwajowych-na-objazdach\/","og_site_name":"TransInfo Archiwum","og_image":[{"url":"https:\/\/transinfo.pl\/x\/wp-content\/uploads\/2024\/02\/tramwaj-random-768x512-1.jpg","width":1,"height":1,"type":"image\/jpeg"}],"twitter_card":"summary_large_image","twitter_misc":{"Szacowany czas czytania":"2 minuty"},"schema":{"@context":"https:\/\/schema.org","@graph":[{"@type":"WebPage","@id":"https:\/\/transinfo.pl\/x\/infotram\/protest-rolnikow-w-warszawie-dziewiec-linii-tramwajowych-na-objazdach\/","url":"https:\/\/transinfo.pl\/x\/infotram\/protest-rolnikow-w-warszawie-dziewiec-linii-tramwajowych-na-objazdach\/","name":"Protest rolnik\u00f3w w Warszawie. Dziewi\u0119\u0107 linii tramwajowych na objazdach (aktualizacja) - TransInfo Archiwum","isPartOf":{"@id":"https:\/\/transinfo.pl\/x\/#website"},"primaryImageOfPage":{"@id":"https:\/\/transinfo.pl\/x\/infotram\/protest-rolnikow-w-warszawie-dziewiec-linii-tramwajowych-na-objazdach\/#primaryimage"},"image":{"@id":"https:\/\/transinfo.pl\/x\/infotram\/protest-rolnikow-w-warszawie-dziewiec-linii-tramwajowych-na-objazdach\/#primaryimage"},"thumbnailUrl":"https:\/\/transinfo.pl\/x\/wp-content\/uploads\/2024\/02\/tramwaj-random-768x512-1.jpg","datePublished":"2024-02-27T11:45:00+00:00","dateModified":"2024-02-27T11:45:00+00:00","description":"W zwi\u0105zku z protestem rolnik\u00f3w tramwaje nie je\u017cd\u017c\u0105 Al. Jerozolimskimi i Marsza\u0142kowsk\u0105. Zosta\u0142y skierowane na trasy objazdowe.","breadcrumb":{"@id":"https:\/\/transinfo.pl\/x\/infotram\/protest-rolnikow-w-warszawie-dziewiec-linii-tramwajowych-na-objazdach\/#breadcrumb"},"inLanguage":"pl-PL","potentialAction":[{"@type":"ReadAction","target":["https:\/\/transinfo.pl\/x\/infotram\/protest-rolnikow-w-warszawie-dziewiec-linii-tramwajowych-na-objazdach\/"]}]},{"@type":"ImageObject","inLanguage":"pl-PL","@id":"https:\/\/transinfo.pl\/x\/infotram\/protest-rolnikow-w-warszawie-dziewiec-linii-tramwajowych-na-objazdach\/#primaryimage","url":"https:\/\/transinfo.pl\/x\/wp-content\/uploads\/2024\/02\/tramwaj-random-768x512-1.jpg","contentUrl":"https:\/\/transinfo.pl\/x\/wp-content\/uploads\/2024\/02\/tramwaj-random-768x512-1.jpg"},{"@type":"BreadcrumbList","@id":"https:\/\/transinfo.pl\/x\/infotram\/protest-rolnikow-w-warszawie-dziewiec-linii-tramwajowych-na-objazdach\/#breadcrumb","itemListElement":[{"@type":"ListItem","position":1,"name":"Home","item":"https:\/\/transinfo.pl\/x\/"},{"@type":"ListItem","position":2,"name":"Infotram","item":"https:\/\/transinfo.pl\/x\/infotram\/"},{"@type":"ListItem","position":3,"name":"Protest rolnik\u00f3w w Warszawie. Dziewi\u0119\u0107 linii tramwajowych na objazdach (aktualizacja)"}]},{"@type":"WebSite","@id":"https:\/\/transinfo.pl\/x\/#website","url":"https:\/\/transinfo.pl\/x\/","name":"TransInfo Archiwum","description":"Ca\u0142y transport w jednym miejscu","publisher":{"@id":"https:\/\/transinfo.pl\/x\/#organization"},"potentialAction":[{"@type":"SearchAction","target":{"@type":"EntryPoint","urlTemplate":"https:\/\/transinfo.pl\/x\/?s={search_term_string}"},"query-input":{"@type":"PropertyValueSpecification","valueRequired":true,"valueName":"search_term_string"}}],"inLanguage":"pl-PL"},{"@type":"Organization","@id":"https:\/\/transinfo.pl\/x\/#organization","name":"TransInfo","url":"https:\/\/transinfo.pl\/x\/","logo":{"@type":"ImageObject","inLanguage":"pl-PL","@id":"https:\/\/transinfo.pl\/x\/#\/schema\/logo\/image\/","url":"https:\/\/transinfo.pl\/x\/wp-content\/uploads\/2024\/10\/favicon.png","contentUrl":"https:\/\/transinfo.pl\/x\/wp-content\/uploads\/2024\/10\/favicon.png","width":512,"height":512,"caption":"TransInfo"},"image":{"@id":"https:\/\/transinfo.pl\/x\/#\/schema\/logo\/image\/"}}]}},"_links":{"self":[{"href":"https:\/\/transinfo.pl\/x\/wp-json\/wp\/v2\/infotram\/265441","targetHints":{"allow":["GET"]}}],"collection":[{"href":"https:\/\/transinfo.pl\/x\/wp-json\/wp\/v2\/infotram"}],"about":[{"href":"https:\/\/transinfo.pl\/x\/wp-json\/wp\/v2\/types\/infotram"}],"author":[{"embeddable":true,"href":"https:\/\/transinfo.pl\/x\/wp-json\/wp\/v2\/users\/3"}],"replies":[{"embeddable":true,"href":"https:\/\/transinfo.pl\/x\/wp-json\/wp\/v2\/comments?post=265441"}],"wp:featuredmedia":[{"embeddable":true,"href":"https:\/\/transinfo.pl\/x\/wp-json\/wp\/v2\/media\/265442"}],"wp:attachment":[{"href":"https:\/\/transinfo.pl\/x\/wp-json\/wp\/v2\/media?parent=265441"}],"wp:term":[{"taxonomy":"category","embeddable":true,"href":"https:\/\/transinfo.pl\/x\/wp-json\/wp\/v2\/categories?post=265441"},{"taxonomy":"post_tag","embeddable":true,"href":"https:\/\/transinfo.pl\/x\/wp-json\/wp\/v2\/tags?post=265441"}],"curies":[{"name":"wp","href":"https:\/\/api.w.org\/{rel}","templated":true}]}}