{"id":265282,"date":"2024-02-22T15:45:00","date_gmt":"2024-02-22T15:45:00","guid":{"rendered":"https:\/\/transinfo.pl\/x\/infotram\/tramwaje-mzk-bydgoszcz-z-priorytetem-w-takcie-i-skoordynowanymi-rozkladami\/"},"modified":"2024-02-22T15:45:00","modified_gmt":"2024-02-22T15:45:00","slug":"tramwaje-mzk-bydgoszcz-z-priorytetem-w-takcie-i-skoordynowanymi-rozkladami","status":"publish","type":"infotram","link":"https:\/\/transinfo.pl\/x\/infotram\/tramwaje-mzk-bydgoszcz-z-priorytetem-w-takcie-i-skoordynowanymi-rozkladami\/","title":{"rendered":"Tramwaje MZK Bydgoszcz z priorytetem, w takcie i skoordynowanymi rozk\u0142adami"},"content":{"rendered":"<style>h1,h2,h3,h4,h5,h6{margin:0 0 1.25rem;font-family:Arial,sans-serif;font-weight:600;color:#050505}h1{font-size:1.875rem;line-height:1.1em;text-transform:none}@media(min-width: 768px){h1{font-size:2.375rem}}h2{font-size:1.1875rem;line-height:1.2em;text-transform:uppercase}@media(min-width: 768px){h2{font-size:1.0625rem}}h3{font-size:0.9375rem;line-height:1.4em;font-weight:900;margin-bottom:0.9375rem}h4{font-size:0.875rem;line-height:1.2em;font-weight:500}h5{font-size:0.9375rem;line-height:1.6;font-weight:400}h6{font-size:0.9375rem;line-height:1.6;font-weight:600}\n<\/style>\n<h3 class=\"wp-block-heading\" id=\"h-koniec-prac-naprawczych-na-moscie-pomorskim-oznaczac-bedzie-rowniez-zmiany-w-komunikacji-miejskiej-tramwaje-dostana-priorytet-na-kolejnych-skrzyzowaniach\">Koniec prac naprawczych na mo\u015bcie Pomorskim oznacza\u0107 b\u0119dzie r\u00f3wnie\u017c zmiany w komunikacji miejskiej. Tramwaje dostan\u0105 priorytet na kolejnych skrzy\u017cowaniach.<\/h3>\n\n\n<style>p{margin:0 0 1.5rem}p:last-child{margin:0}p.is-style-uppercase{text-transform:uppercase}p.is-style-preheading{color:#12406a;text-transform:uppercase}p.is-style-leadparagraph{font-size:1rem;line-height:1.625;font-weight:700}@media(min-width: 768px){p.is-style-leadparagraph{font-size:1.125rem;line-height:1.5555555556}}p.has-small-margin{margin-bottom:0.625rem}p.has-small-margin+h1,p.has-small-margin+h2,p.has-small-margin+h3{margin-top:1.875rem}\n<\/style>\n<p>Na wielu trasach tramwaje pojad\u0105 w r\u00f3wnych odst\u0119pach.<\/p>\n\n\n\n<h2 class=\"wp-block-heading\" id=\"h-te-tramwaje-pojada-w-rownych-odstepach\">Te tramwaje pojad\u0105 w r\u00f3wnych odst\u0119pach<\/h2>\n\n\n<style>.wp-block-quote{border-left:0.1875rem solid var(--page-color);font-size:1rem;font-style:italic;margin:0 0 1.6875rem;padding:1.25rem}.wp-block-quote cite{color:#050505}.wp-block-quote.is-style-large p{margin-bottom:10px}.wp-block-quote.is-style-large cite{color:#12406a}\n<\/style>\n<blockquote class=\"wp-block-quote is-layout-flow wp-block-quote-is-layout-flow\">\n<p>\u2013 Ws\u0142uchujemy si\u0119 w opinie pasa\u017cer\u00f3w \u2013 podkre\u015bla zast\u0119pca prezydenta Bydgoszczy Miros\u0142aw Koz\u0142owicz. \u2013 Zdajemy sobie spraw\u0119, \u017ce cz\u0119\u015b\u0107 tramwaj\u00f3w do Fordonu, mimo uruchomienia linii nr 11, jest jeszcze przepe\u0142niona. Dlatego od grudnia pracowali\u015bmy nad pakietem zmian m.in. w obs\u0142udze relacji Centrum-Fordon i poprawie obs\u0142ugi osiedla Le\u015bnego. Zale\u017cy nam, by wszystkie usprawnienia wprowadzi\u0107 jednym rozk\u0142adem jazdy. St\u0105d powi\u0105zali\u015bmy wszystkie najwa\u017cniejsze zmiany z planowanym na&nbsp;marzec zako\u0144czeniem naprawy na mo\u015bcie Pomorskim.<\/p>\n<\/blockquote>\n\n\n\n<p>W ZDMIKP analizowano czasy przejazdu i poziomu nape\u0142nie\u0144 w tramwajach. Badania obj\u0119\u0142y ostatnie dwa miesi\u0105ce. Na podstawie wyniku tych bada\u0144 przygotowano nowe rozk\u0142ady jazdy, wybrano te\u017c priorytetowe kierunki na kt\u00f3rych tramwaje w godzinach szczytu, z za\u0142o\u017cenia, b\u0119d\u0105 kursowa\u0107 w r\u00f3wnych odst\u0119pach.<\/p>\n\n\n<style>.page-content ul:not([class]),.acf-block ul:not([class]),.editor-rich-text ul,ol{padding-left:0.9375rem;margin-top:0;margin-bottom:1.5rem}.page-content ul:not([class]) ul,.page-content ul:not([class]) ol,.acf-block ul:not([class]) ul,.acf-block ul:not([class]) ol,.editor-rich-text ul ul,.editor-rich-text ul ol,ol ul,ol ol{margin:0}.page-content ul:not([class]) li,.acf-block ul:not([class]) li,.editor-rich-text ul li,ol li{margin-bottom:1.5rem}ul.with-icons{list-style:none;margin-left:0;padding-left:0}ul.with-icons li{margin-bottom:1.875rem}ul.with-icons li img{margin-bottom:15px}\n<\/style>\n<ul class=\"wp-block-list\">\n<li>Rondo Jagiellon\u00f3w \u2013 Jagiello\u0144ska \u2013 Fordon (co ok. 4-6 min. w szczycie)<\/li>\n\n\n\n<li>Fordon \u2013&nbsp;Jagiello\u0144ska \u2013 rondo Jagiellon\u00f3w (co ok. 4-6&nbsp; min. w szczycie)<\/li>\n\n\n\n<li>Rondo Jagiellon\u00f3w-Kujawska \u2013 W\u0119ze\u0142 Szarych Szereg\u00f3w (co ok. 6-8&nbsp; min. w szczycie)<\/li>\n\n\n\n<li>W\u0119ze\u0142 Szarych Szereg\u00f3w \u2013 Kujawska \u2013 rondo Jagiellon\u00f3w (co ok. 5-8 min. w szczycie)<\/li>\n\n\n\n<li>Rondo Jagiellon\u00f3w-Garbary&nbsp; (co ok. 4-7&nbsp; min. w szczycie)<\/li>\n\n\n\n<li>Garbary-rondo Jagiellon\u00f3w (co ok. 4-6&nbsp; min. w szczycie)<\/li>\n<\/ul>\n\n\n\n<p>Oznacza to, \u017ce w rozk\u0142adach jazdy na priorytetowych kierunkach znikn\u0105 kilkunastominutowe przerwy pomi\u0119dzy odjazdami, nawet w godzinach szczytu (np. w drodze z Fordonu do ronda Jagiellon\u00f3w to nawet 11 minut). To by\u0142 jeden z powod\u00f3w przepe\u0142nie\u0144 na wybranych kursach. Po zmianach na tym priorytetowym kierunku, z kt\u00f3rego korzysta najwi\u0119cej pasa\u017cer\u00f3w (linie nr 3, 5, 10) tramwaje b\u0119d\u0105 pojawia\u0107 si\u0119 co oko\u0142o 5 minut. Do koordynacji wybrane zosta\u0142y kierunki, na kt\u00f3rych podr\u00f3\u017cuje najwi\u0119cej pasa\u017cer\u00f3w. Dlatego na g\u00f3rnym tarasie tramwaje w r\u00f3wnych odst\u0119pach b\u0119d\u0105 porusza\u0107 si\u0119 od w\u0119z\u0142a Szarych Szereg\u00f3w w stron\u0119 centrum, a nie z p\u0119tli na Glinkach i Kapu\u015bciskach. Uda\u0142o si\u0119 jednak r\u00f3wnie\u017c na tych p\u0119tlach ograniczy\u0107 przerwy pomi\u0119dzy kursami tramwaj\u00f3w w kierunku ronda Jagiellon\u00f3w.<\/p>\n\n\n\n<p>Skoordynowane b\u0119d\u0105 te\u017c m.in. odjazdy:<\/p>\n\n\n\n<ul class=\"wp-block-list\">\n<li>linii nr 7 i 11 z Fordonu w kierunku w\u0119z\u0142a Szarych Szereg\u00f3w oraz w przeciwnym kierunku (co 9 -11 min w szczycie)<\/li>\n\n\n\n<li>linii nr 2 i 10 z Lasu Gda\u0144skiego w kierunku ronda Jagiellon\u00f3w (co 9 -11 min w szczycie)<\/li>\n\n\n\n<li>linie nr 2 i 8 z Kapu\u015bciska w stron\u0119 Centrum (co 9 -11 min w szczycie)<\/li>\n<\/ul>\n\n\n\n<p>Trwa weryfikacja szczeg\u00f3\u0142owych rozk\u0142ad\u00f3w jazdy. Mog\u0105 wyst\u0105pi\u0107 w zwi\u0105zku z tym minimalne korekty w przyj\u0119tych za\u0142o\u017ceniach.<\/p>\n\n\n\n<h2 class=\"wp-block-heading\" id=\"h-dziesiatka-bedzie-wzmocniona\"><a><\/a> \u201eDziesi\u0105tka\u201d b\u0119dzie wzmocniona<\/h2>\n\n\n\n<p>W dni powszednie wyd\u0142u\u017cone zostanie funkcjonowanie linii nr 10 \u0142\u0105cz\u0105cej Fordon z Lasem Gda\u0144skim. Tramwaje b\u0119d\u0105 kursowa\u0107 tak\u017ce po godzinie 19. Odjazdy z p\u0119tli w Lesie Gda\u0144skim b\u0119d\u0105 skoordynowane z lini\u0105 nr 2. Znacznie poprawi to obs\u0142ug\u0119 osiedla Le\u015bnego. O wprowadzenie tej zmiany apelowali m.in. pracownicy i pacjenci 10. Wojskowego Szpitala Klinicznego oraz Rada Osiedla Le\u015bne.<\/p>\n\n\n\n<p><\/p>\n\n\n<style>.wp-block-image{margin:1.25rem 0;text-align:center}.wp-block-image figcaption{padding:0 0.9375rem;text-align:center}\n<\/style>\n<figure class=\"wp-block-image size-full\"><a href=\"https:\/\/transinfo.pl\/wp-content\/uploads\/2024\/02\/mzk-bydgoscz.jpg\"><img decoding=\"async\" src=\"https:\/\/transinfo.pl\/wp-content\/uploads\/2024\/02\/mzk-bydgoscz.jpg\" alt=\"Koniec prac naprawczych na mo\u015bcie Pomorskim oznacza\u0107 b\u0119dzie r\u00f3wnie\u017c zmiany w komunikacji miejskiej. Tramwaje dostan\u0105 priorytet na kolejnych skrzy\u017cowaniach.\" class=\"wp-image-464928\" \/><\/a><figcaption class=\"wp-element-caption\">Przystanek wiede\u0144ski \/ Fot. B.Witkowski \/ UMB<\/figcaption><\/figure>\n\n\n\n<p><\/p>\n\n\n\n<h2 class=\"wp-block-heading\" id=\"h-na-tych-skrzyzowaniach-tramwaje-pojada-z-priorytetem\"><a><\/a> Na tych skrzy\u017cowaniach tramwaje pojad\u0105 z priorytetem<\/h2>\n\n\n\n<p>Na kolejnych 8 skrzy\u017cowaniach tramwaje b\u0119d\u0105 przeje\u017cd\u017ca\u0142y z priorytetem po wprowadzeniu zmian w dzia\u0142aniu sygnalizacji \u015bwietlnej.<\/p>\n\n\n\n<ul class=\"wp-block-list\">\n<li>Fordo\u0144ska \/ Ba\u0142tycka \u2013 prace programowe zako\u0144czone, trwaj\u0105 testy,<\/li>\n\n\n\n<li>Fordo\u0144ska \/ Fabryczna \u2013 prace programowe zako\u0144czone, trwaj\u0105 testy,<\/li>\n\n\n\n<li>Kr\u00f3lowej Jadwigi \/ Dworcowa \u2013 prace programowe zako\u0144czone, trwaj\u0105 testy,<\/li>\n\n\n\n<li>Gda\u0144ska \/ Mickiewicza \u2013 prace programowe zako\u0144czone,<\/li>\n\n\n\n<li>Dworcowa \/ Sobieskiego \u2013 trwaj\u0105 prace programowe,<\/li>\n\n\n\n<li>Su\u0142kowskiego \/ Chodkiewicza \u2013 trwaj\u0105 prace programowe,<\/li>\n\n\n\n<li>Wojska Polskiego \/ Ujejskiego \u2013 trwaj\u0105 prace programowe,<\/li>\n\n\n\n<li>Toru\u0144ska \/ Spokojna \u2013 trwaj\u0105 prace programowe.<\/li>\n<\/ul>\n\n\n\n<p>W przypadku cz\u0119\u015bci skrzy\u017cowa\u0144 analizowane s\u0105 jeszcze skutki wprowadzenia zmiana dla pozosta\u0142ych uczestnik\u00f3w ruchu (samochod\u00f3w, rowerzyst\u00f3w i pieszych), kt\u00f3re zadecyduj\u0105 o mo\u017cliwo\u015bci w\u0142\u0105czeniu wysokiego priorytetu dla tramwaj\u00f3w.<\/p>\n\n\n\n<h2 class=\"wp-block-heading\" id=\"h-tramwaje-znowu-na-moscie-pomorskim\"><a><\/a> Tramwaje znowu na mo\u015bcie Pomorskim<\/h2>\n\n\n\n<p>W marcu tramwaje wr\u00f3c\u0105 na most Pomorski. B\u0119dzie to mo\u017cliwe po zako\u0144czeniu trwaj\u0105cej naprawy nasypu prowadz\u0105cego na most od strony ronda Fordo\u0144skiego. To oznacza skr\u00f3cenie czasu przejazdu linii nr 4, 6 i 8. Rondo Toru\u0144skie ponownie b\u0119dzie pe\u0142ni\u0107 funkcj\u0119 wa\u017cnego w\u0119z\u0142a przesiadkowego. Zako\u0144czenie prac umo\u017cliwi te\u017c wprowadzenie w \u017cycie wszystkich powy\u017cszych zmian w rozk\u0142adach jazdy. Po zako\u0144czeniu prac MWIK w marcu na sta\u0142e trasy wr\u00f3c\u0105 te\u017c:<\/p>\n\n\n\n<ul class=\"wp-block-list\">\n<li>linia nr 61 (przez ul. Ugory-I. Skorupki)<\/li>\n\n\n\n<li>linie nr 52,59,60,64 (przez ul. Staszica-3 Maja)<\/li>\n\n\n\n<li>linii nr 71 i 77 (przez al. Mickiewicza)<\/li>\n\n\n\n<li>linii nr 55 (przez ul. I. Skorupki)<\/li>\n\n\n\n<li>linia nr 57 (przez ul. Stawow\u0105)<\/li>\n<\/ul>\n\n\n\n<p>Otwarcie powy\u017cszych ulic pozwoli te\u017c ograniczy\u0107 cz\u0119\u015b\u0107 op\u00f3\u017anie\u0144 odnotowywanych w godzinach szczytu. Po zako\u0144czeniu tych prac weryfikowane b\u0119d\u0105 czasy przejazdu i nape\u0142nienia autobus\u00f3w.<\/p>\n\n\n\n<p>Zmiany w komunikacji s\u0105 mo\u017cliwe dzi\u0119ki zabezpieczeniu przez Miasto dodatkowych \u015brodk\u00f3w. W bud\u017cecie na 2024 roku najbardziej wzros\u0142y wydatki na transport publiczny (o 17 procent do kwoty ponad 267 mln z\u0142). Zaplanowano zwi\u0119kszenie pracy przewozowej, kt\u00f3rej wielko\u015b\u0107 ma wynie\u015b\u0107 18 mln wozokilometr\u00f3w (w ubieg\u0142ym roku by\u0142o to 17,7 mln wzkm).<\/p>\n","protected":false},"author":3,"featured_media":265283,"comment_status":"","ping_status":"closed","template":"","categories":[28],"tags":[202,36,920,22710,186,238],"class_list":["post-265282","infotram","type-infotram","status-publish","has-post-thumbnail","hentry","category-pasazer","tag-bydgoszcz","tag-linia","tag-mzk-bydgoszcz","tag-priorytet-dla-tramwajow","tag-rozklad-jazdy","tag-tramwaj"],"acf":[],"yoast_head":"<!-- This site is optimized with the Yoast SEO Premium plugin v21.8 (Yoast SEO v23.7) - https:\/\/yoast.com\/wordpress\/plugins\/seo\/ -->\n<title>Tramwaje MZK Bydgoszcz z priorytetem, w takcie i skoordynowanymi rozk\u0142adami - TransInfo Archiwum<\/title>\n<meta name=\"description\" content=\"Koniec prac naprawczych na mo\u015bcie Pomorskim oznacza\u0107 b\u0119dzie r\u00f3wnie\u017c zmiany w komunikacji miejskiej. Tramwaje dostan\u0105 priorytet.\" \/>\n<meta name=\"robots\" content=\"index, follow, max-snippet:-1, max-image-preview:large, max-video-preview:-1\" \/>\n<link rel=\"canonical\" href=\"https:\/\/transinfo.pl\/x\/infotram\/tramwaje-mzk-bydgoszcz-z-priorytetem-w-takcie-i-skoordynowanymi-rozkladami\/\" \/>\n<meta property=\"og:locale\" content=\"pl_PL\" \/>\n<meta property=\"og:type\" content=\"article\" \/>\n<meta property=\"og:title\" content=\"Tramwaje MZK Bydgoszcz z priorytetem, w takcie i skoordynowanymi rozk\u0142adami\" \/>\n<meta property=\"og:description\" content=\"Koniec prac naprawczych na mo\u015bcie Pomorskim oznacza\u0107 b\u0119dzie r\u00f3wnie\u017c zmiany w komunikacji miejskiej. Tramwaje dostan\u0105 priorytet.\" \/>\n<meta property=\"og:url\" content=\"https:\/\/transinfo.pl\/x\/infotram\/tramwaje-mzk-bydgoszcz-z-priorytetem-w-takcie-i-skoordynowanymi-rozkladami\/\" \/>\n<meta property=\"og:site_name\" content=\"TransInfo Archiwum\" \/>\n<meta property=\"og:image\" content=\"https:\/\/transinfo.pl\/x\/wp-content\/uploads\/2024\/02\/Fordon-19.jpg\" \/>\n\t<meta property=\"og:image:width\" content=\"1\" \/>\n\t<meta property=\"og:image:height\" content=\"1\" \/>\n\t<meta property=\"og:image:type\" content=\"image\/jpeg\" \/>\n<meta name=\"twitter:card\" content=\"summary_large_image\" \/>\n<meta name=\"twitter:label1\" content=\"Szacowany czas czytania\" \/>\n\t<meta name=\"twitter:data1\" content=\"4 minuty\" \/>\n<script type=\"application\/ld+json\" class=\"yoast-schema-graph\">{\"@context\":\"https:\/\/schema.org\",\"@graph\":[{\"@type\":\"WebPage\",\"@id\":\"https:\/\/transinfo.pl\/x\/infotram\/tramwaje-mzk-bydgoszcz-z-priorytetem-w-takcie-i-skoordynowanymi-rozkladami\/\",\"url\":\"https:\/\/transinfo.pl\/x\/infotram\/tramwaje-mzk-bydgoszcz-z-priorytetem-w-takcie-i-skoordynowanymi-rozkladami\/\",\"name\":\"Tramwaje MZK Bydgoszcz z priorytetem, w takcie i skoordynowanymi rozk\u0142adami - TransInfo Archiwum\",\"isPartOf\":{\"@id\":\"https:\/\/transinfo.pl\/x\/#website\"},\"primaryImageOfPage\":{\"@id\":\"https:\/\/transinfo.pl\/x\/infotram\/tramwaje-mzk-bydgoszcz-z-priorytetem-w-takcie-i-skoordynowanymi-rozkladami\/#primaryimage\"},\"image\":{\"@id\":\"https:\/\/transinfo.pl\/x\/infotram\/tramwaje-mzk-bydgoszcz-z-priorytetem-w-takcie-i-skoordynowanymi-rozkladami\/#primaryimage\"},\"thumbnailUrl\":\"https:\/\/transinfo.pl\/x\/wp-content\/uploads\/2024\/02\/Fordon-19.jpg\",\"datePublished\":\"2024-02-22T15:45:00+00:00\",\"dateModified\":\"2024-02-22T15:45:00+00:00\",\"description\":\"Koniec prac naprawczych na mo\u015bcie Pomorskim oznacza\u0107 b\u0119dzie r\u00f3wnie\u017c zmiany w komunikacji miejskiej. Tramwaje dostan\u0105 priorytet.\",\"breadcrumb\":{\"@id\":\"https:\/\/transinfo.pl\/x\/infotram\/tramwaje-mzk-bydgoszcz-z-priorytetem-w-takcie-i-skoordynowanymi-rozkladami\/#breadcrumb\"},\"inLanguage\":\"pl-PL\",\"potentialAction\":[{\"@type\":\"ReadAction\",\"target\":[\"https:\/\/transinfo.pl\/x\/infotram\/tramwaje-mzk-bydgoszcz-z-priorytetem-w-takcie-i-skoordynowanymi-rozkladami\/\"]}]},{\"@type\":\"ImageObject\",\"inLanguage\":\"pl-PL\",\"@id\":\"https:\/\/transinfo.pl\/x\/infotram\/tramwaje-mzk-bydgoszcz-z-priorytetem-w-takcie-i-skoordynowanymi-rozkladami\/#primaryimage\",\"url\":\"https:\/\/transinfo.pl\/x\/wp-content\/uploads\/2024\/02\/Fordon-19.jpg\",\"contentUrl\":\"https:\/\/transinfo.pl\/x\/wp-content\/uploads\/2024\/02\/Fordon-19.jpg\"},{\"@type\":\"BreadcrumbList\",\"@id\":\"https:\/\/transinfo.pl\/x\/infotram\/tramwaje-mzk-bydgoszcz-z-priorytetem-w-takcie-i-skoordynowanymi-rozkladami\/#breadcrumb\",\"itemListElement\":[{\"@type\":\"ListItem\",\"position\":1,\"name\":\"Home\",\"item\":\"https:\/\/transinfo.pl\/x\/\"},{\"@type\":\"ListItem\",\"position\":2,\"name\":\"Infotram\",\"item\":\"https:\/\/transinfo.pl\/x\/infotram\/\"},{\"@type\":\"ListItem\",\"position\":3,\"name\":\"Tramwaje MZK Bydgoszcz z priorytetem, w takcie i skoordynowanymi rozk\u0142adami\"}]},{\"@type\":\"WebSite\",\"@id\":\"https:\/\/transinfo.pl\/x\/#website\",\"url\":\"https:\/\/transinfo.pl\/x\/\",\"name\":\"TransInfo Archiwum\",\"description\":\"Ca\u0142y transport w jednym miejscu\",\"publisher\":{\"@id\":\"https:\/\/transinfo.pl\/x\/#organization\"},\"potentialAction\":[{\"@type\":\"SearchAction\",\"target\":{\"@type\":\"EntryPoint\",\"urlTemplate\":\"https:\/\/transinfo.pl\/x\/?s={search_term_string}\"},\"query-input\":{\"@type\":\"PropertyValueSpecification\",\"valueRequired\":true,\"valueName\":\"search_term_string\"}}],\"inLanguage\":\"pl-PL\"},{\"@type\":\"Organization\",\"@id\":\"https:\/\/transinfo.pl\/x\/#organization\",\"name\":\"TransInfo\",\"url\":\"https:\/\/transinfo.pl\/x\/\",\"logo\":{\"@type\":\"ImageObject\",\"inLanguage\":\"pl-PL\",\"@id\":\"https:\/\/transinfo.pl\/x\/#\/schema\/logo\/image\/\",\"url\":\"https:\/\/transinfo.pl\/x\/wp-content\/uploads\/2024\/10\/favicon.png\",\"contentUrl\":\"https:\/\/transinfo.pl\/x\/wp-content\/uploads\/2024\/10\/favicon.png\",\"width\":512,\"height\":512,\"caption\":\"TransInfo\"},\"image\":{\"@id\":\"https:\/\/transinfo.pl\/x\/#\/schema\/logo\/image\/\"}}]}<\/script>\n<!-- \/ Yoast SEO Premium plugin. -->","yoast_head_json":{"title":"Tramwaje MZK Bydgoszcz z priorytetem, w takcie i skoordynowanymi rozk\u0142adami - TransInfo Archiwum","description":"Koniec prac naprawczych na mo\u015bcie Pomorskim oznacza\u0107 b\u0119dzie r\u00f3wnie\u017c zmiany w komunikacji miejskiej. Tramwaje dostan\u0105 priorytet.","robots":{"index":"index","follow":"follow","max-snippet":"max-snippet:-1","max-image-preview":"max-image-preview:large","max-video-preview":"max-video-preview:-1"},"canonical":"https:\/\/transinfo.pl\/x\/infotram\/tramwaje-mzk-bydgoszcz-z-priorytetem-w-takcie-i-skoordynowanymi-rozkladami\/","og_locale":"pl_PL","og_type":"article","og_title":"Tramwaje MZK Bydgoszcz z priorytetem, w takcie i skoordynowanymi rozk\u0142adami","og_description":"Koniec prac naprawczych na mo\u015bcie Pomorskim oznacza\u0107 b\u0119dzie r\u00f3wnie\u017c zmiany w komunikacji miejskiej. Tramwaje dostan\u0105 priorytet.","og_url":"https:\/\/transinfo.pl\/x\/infotram\/tramwaje-mzk-bydgoszcz-z-priorytetem-w-takcie-i-skoordynowanymi-rozkladami\/","og_site_name":"TransInfo Archiwum","og_image":[{"url":"https:\/\/transinfo.pl\/x\/wp-content\/uploads\/2024\/02\/Fordon-19.jpg","width":1,"height":1,"type":"image\/jpeg"}],"twitter_card":"summary_large_image","twitter_misc":{"Szacowany czas czytania":"4 minuty"},"schema":{"@context":"https:\/\/schema.org","@graph":[{"@type":"WebPage","@id":"https:\/\/transinfo.pl\/x\/infotram\/tramwaje-mzk-bydgoszcz-z-priorytetem-w-takcie-i-skoordynowanymi-rozkladami\/","url":"https:\/\/transinfo.pl\/x\/infotram\/tramwaje-mzk-bydgoszcz-z-priorytetem-w-takcie-i-skoordynowanymi-rozkladami\/","name":"Tramwaje MZK Bydgoszcz z priorytetem, w takcie i skoordynowanymi rozk\u0142adami - TransInfo Archiwum","isPartOf":{"@id":"https:\/\/transinfo.pl\/x\/#website"},"primaryImageOfPage":{"@id":"https:\/\/transinfo.pl\/x\/infotram\/tramwaje-mzk-bydgoszcz-z-priorytetem-w-takcie-i-skoordynowanymi-rozkladami\/#primaryimage"},"image":{"@id":"https:\/\/transinfo.pl\/x\/infotram\/tramwaje-mzk-bydgoszcz-z-priorytetem-w-takcie-i-skoordynowanymi-rozkladami\/#primaryimage"},"thumbnailUrl":"https:\/\/transinfo.pl\/x\/wp-content\/uploads\/2024\/02\/Fordon-19.jpg","datePublished":"2024-02-22T15:45:00+00:00","dateModified":"2024-02-22T15:45:00+00:00","description":"Koniec prac naprawczych na mo\u015bcie Pomorskim oznacza\u0107 b\u0119dzie r\u00f3wnie\u017c zmiany w komunikacji miejskiej. Tramwaje dostan\u0105 priorytet.","breadcrumb":{"@id":"https:\/\/transinfo.pl\/x\/infotram\/tramwaje-mzk-bydgoszcz-z-priorytetem-w-takcie-i-skoordynowanymi-rozkladami\/#breadcrumb"},"inLanguage":"pl-PL","potentialAction":[{"@type":"ReadAction","target":["https:\/\/transinfo.pl\/x\/infotram\/tramwaje-mzk-bydgoszcz-z-priorytetem-w-takcie-i-skoordynowanymi-rozkladami\/"]}]},{"@type":"ImageObject","inLanguage":"pl-PL","@id":"https:\/\/transinfo.pl\/x\/infotram\/tramwaje-mzk-bydgoszcz-z-priorytetem-w-takcie-i-skoordynowanymi-rozkladami\/#primaryimage","url":"https:\/\/transinfo.pl\/x\/wp-content\/uploads\/2024\/02\/Fordon-19.jpg","contentUrl":"https:\/\/transinfo.pl\/x\/wp-content\/uploads\/2024\/02\/Fordon-19.jpg"},{"@type":"BreadcrumbList","@id":"https:\/\/transinfo.pl\/x\/infotram\/tramwaje-mzk-bydgoszcz-z-priorytetem-w-takcie-i-skoordynowanymi-rozkladami\/#breadcrumb","itemListElement":[{"@type":"ListItem","position":1,"name":"Home","item":"https:\/\/transinfo.pl\/x\/"},{"@type":"ListItem","position":2,"name":"Infotram","item":"https:\/\/transinfo.pl\/x\/infotram\/"},{"@type":"ListItem","position":3,"name":"Tramwaje MZK Bydgoszcz z priorytetem, w takcie i skoordynowanymi rozk\u0142adami"}]},{"@type":"WebSite","@id":"https:\/\/transinfo.pl\/x\/#website","url":"https:\/\/transinfo.pl\/x\/","name":"TransInfo Archiwum","description":"Ca\u0142y transport w jednym miejscu","publisher":{"@id":"https:\/\/transinfo.pl\/x\/#organization"},"potentialAction":[{"@type":"SearchAction","target":{"@type":"EntryPoint","urlTemplate":"https:\/\/transinfo.pl\/x\/?s={search_term_string}"},"query-input":{"@type":"PropertyValueSpecification","valueRequired":true,"valueName":"search_term_string"}}],"inLanguage":"pl-PL"},{"@type":"Organization","@id":"https:\/\/transinfo.pl\/x\/#organization","name":"TransInfo","url":"https:\/\/transinfo.pl\/x\/","logo":{"@type":"ImageObject","inLanguage":"pl-PL","@id":"https:\/\/transinfo.pl\/x\/#\/schema\/logo\/image\/","url":"https:\/\/transinfo.pl\/x\/wp-content\/uploads\/2024\/10\/favicon.png","contentUrl":"https:\/\/transinfo.pl\/x\/wp-content\/uploads\/2024\/10\/favicon.png","width":512,"height":512,"caption":"TransInfo"},"image":{"@id":"https:\/\/transinfo.pl\/x\/#\/schema\/logo\/image\/"}}]}},"_links":{"self":[{"href":"https:\/\/transinfo.pl\/x\/wp-json\/wp\/v2\/infotram\/265282","targetHints":{"allow":["GET"]}}],"collection":[{"href":"https:\/\/transinfo.pl\/x\/wp-json\/wp\/v2\/infotram"}],"about":[{"href":"https:\/\/transinfo.pl\/x\/wp-json\/wp\/v2\/types\/infotram"}],"author":[{"embeddable":true,"href":"https:\/\/transinfo.pl\/x\/wp-json\/wp\/v2\/users\/3"}],"replies":[{"embeddable":true,"href":"https:\/\/transinfo.pl\/x\/wp-json\/wp\/v2\/comments?post=265282"}],"wp:featuredmedia":[{"embeddable":true,"href":"https:\/\/transinfo.pl\/x\/wp-json\/wp\/v2\/media\/265283"}],"wp:attachment":[{"href":"https:\/\/transinfo.pl\/x\/wp-json\/wp\/v2\/media?parent=265282"}],"wp:term":[{"taxonomy":"category","embeddable":true,"href":"https:\/\/transinfo.pl\/x\/wp-json\/wp\/v2\/categories?post=265282"},{"taxonomy":"post_tag","embeddable":true,"href":"https:\/\/transinfo.pl\/x\/wp-json\/wp\/v2\/tags?post=265282"}],"curies":[{"name":"wp","href":"https:\/\/api.w.org\/{rel}","templated":true}]}}