{"id":264887,"date":"2024-02-14T10:45:00","date_gmt":"2024-02-14T10:45:00","guid":{"rendered":"https:\/\/transinfo.pl\/x\/infotram\/dabrowa-gornicza-wiemy-kiedy-wroca-tramwaje\/"},"modified":"2024-02-14T10:45:00","modified_gmt":"2024-02-14T10:45:00","slug":"dabrowa-gornicza-wiemy-kiedy-wroca-tramwaje","status":"publish","type":"infotram","link":"https:\/\/transinfo.pl\/x\/infotram\/dabrowa-gornicza-wiemy-kiedy-wroca-tramwaje\/","title":{"rendered":"D\u0105browa G\u00f3rnicza: wiemy kiedy wr\u00f3c\u0105 tramwaje"},"content":{"rendered":"<style>h1,h2,h3,h4,h5,h6{margin:0 0 1.25rem;font-family:Arial,sans-serif;font-weight:600;color:#050505}h1{font-size:1.875rem;line-height:1.1em;text-transform:none}@media(min-width: 768px){h1{font-size:2.375rem}}h2{font-size:1.1875rem;line-height:1.2em;text-transform:uppercase}@media(min-width: 768px){h2{font-size:1.0625rem}}h3{font-size:0.9375rem;line-height:1.4em;font-weight:900;margin-bottom:0.9375rem}h4{font-size:0.875rem;line-height:1.2em;font-weight:500}h5{font-size:0.9375rem;line-height:1.6;font-weight:400}h6{font-size:0.9375rem;line-height:1.6;font-weight:600}\n<\/style>\n<h3 class=\"wp-block-heading\" id=\"h-od-wtorku-13-lutego-2024-roku-autobusy-rozpoczna-regularna-i-pelna-obsluge-dwoch-nowych-zintegrowanych-przystankow-autobusowo-tramwajowych\">Od wtorku 13 lutego 2024 roku autobusy rozpoczn\u0105 regularn\u0105 i pe\u0142n\u0105 obs\u0142ug\u0119 dw\u00f3ch nowych zintegrowanych przystank\u00f3w autobusowo-tramwajowych.<\/h3>\n\n\n<style>p{margin:0 0 1.5rem}p:last-child{margin:0}p.is-style-uppercase{text-transform:uppercase}p.is-style-preheading{color:#12406a;text-transform:uppercase}p.is-style-leadparagraph{font-size:1rem;line-height:1.625;font-weight:700}@media(min-width: 768px){p.is-style-leadparagraph{font-size:1.125rem;line-height:1.5555555556}}p.has-small-margin{margin-bottom:0.625rem}p.has-small-margin+h1,p.has-small-margin+h2,p.has-small-margin+h3{margin-top:1.875rem}\n<\/style>\n<p>ZTM przysta\u0142 na pro\u015bb\u0119 miasta i jeszcze przed zaplanowanym na 19 lutego powrotem tramwaj\u00f3w, ponad 20 linii autobusowych rozpocznie pe\u0142n\u0105 obs\u0142ug\u0119 nowych zintegrowanych przystank\u00f3w autobusowo-tramwajowych. <\/p>\n\n\n\n<h2 class=\"wp-block-heading\" id=\"h-do-czasu-powrotu-tramwajow\">Do czasu powrotu tramwaj\u00f3w<\/h2>\n\n\n\n<p>Tymczasowe przystanki \u2013 ulokowane przy al. Pi\u0142sudskiego i ul. Kr\u00f3lowej Jadwigi \u2013 zostan\u0105 zlikwidowane.<\/p>\n\n\n\n<p>Zintegrowane przystanki powsta\u0142y na Manhattanie i przy alei R\u00f3\u017c. Cel inwestycji by\u0142 prosty: sko\u0144czy\u0107 z niepotrzebnym stresem i bieganiem. Teraz tramwaj i autobus zatrzymaj\u0105 si\u0119 w tym samym miejscu. Dzi\u0119ki temu \u0142atwiej b\u0119dzie si\u0119 przesi\u0105\u015b\u0107, prostsze b\u0119dzie te\u017c wybranie najlepszego w danej chwili \u015brodka transportu.<\/p>\n\n\n\n<p><\/p>\n\n\n<style>.wp-block-image{margin:1.25rem 0;text-align:center}.wp-block-image figcaption{padding:0 0.9375rem;text-align:center}\n<\/style>\n<figure class=\"wp-block-image size-large\"><a href=\"https:\/\/transinfo.pl\/wp-content\/uploads\/2024\/02\/dabrowa-gornicza.jpg\"><img decoding=\"async\" src=\"https:\/\/transinfo.pl\/wp-content\/uploads\/2024\/02\/dabrowa-gornicza-1024x435.jpg\" alt=\"Od wtorku 13 lutego 2024 roku autobusy rozpoczn\u0105 regularn\u0105 i pe\u0142n\u0105 obs\u0142ug\u0119 dw\u00f3ch nowych zintegrowanych przystank\u00f3w autobusowo-tramwajowych.\" class=\"wp-image-463817\" \/><\/a><figcaption class=\"wp-element-caption\">D\u0105browa G\u00f3rnicza &#8211; przystanek autobusowo-tramwajowy\/foto: UM D\u0105browa G\u00f3rnicza<\/figcaption><\/figure>\n\n\n\n<p><\/p>\n\n\n\n<p>Na zintegrowanych przystankach zatrzymywa\u0107 si\u0119 b\u0119d\u0105 na sta\u0142e 22 linie autobusowe: M2 M019, 18, 27, 28, 49, 55, 84, 612, 637, 638, 640, 644, 656, 690, 716, 807, 808, 814, 903N, 904N, 928, 984 oraz \u2013 do czasu powrotu tramwaj\u00f3w \u2013 linia zast\u0119pcza T-21.<\/p>\n","protected":false},"author":3,"featured_media":264888,"comment_status":"","ping_status":"closed","template":"","categories":[28],"tags":[832,946,1054],"class_list":["post-264887","infotram","type-infotram","status-publish","has-post-thumbnail","hentry","category-pasazer","tag-dabrowa-gornicza","tag-linia-tramwajowa","tag-przystanek"],"acf":[],"yoast_head":"<!-- This site is optimized with the Yoast SEO Premium plugin v21.8 (Yoast SEO v23.7) - https:\/\/yoast.com\/wordpress\/plugins\/seo\/ -->\n<title>D\u0105browa G\u00f3rnicza: wiemy kiedy wr\u00f3c\u0105 tramwaje - TransInfo Archiwum<\/title>\n<meta name=\"description\" content=\"Od wtorku 13 lutego 2024 roku autobusy rozpoczn\u0105 regularn\u0105 i pe\u0142n\u0105 obs\u0142ug\u0119 dw\u00f3ch nowych zintegrowanych przystank\u00f3w autobusowo-tramwajowych.\" \/>\n<meta name=\"robots\" content=\"index, follow, max-snippet:-1, max-image-preview:large, max-video-preview:-1\" \/>\n<link rel=\"canonical\" href=\"https:\/\/transinfo.pl\/x\/infotram\/dabrowa-gornicza-wiemy-kiedy-wroca-tramwaje\/\" \/>\n<meta property=\"og:locale\" content=\"pl_PL\" \/>\n<meta property=\"og:type\" content=\"article\" \/>\n<meta property=\"og:title\" content=\"D\u0105browa G\u00f3rnicza: wiemy kiedy wr\u00f3c\u0105 tramwaje\" \/>\n<meta property=\"og:description\" content=\"Od wtorku 13 lutego 2024 roku autobusy rozpoczn\u0105 regularn\u0105 i pe\u0142n\u0105 obs\u0142ug\u0119 dw\u00f3ch nowych zintegrowanych przystank\u00f3w autobusowo-tramwajowych.\" \/>\n<meta property=\"og:url\" content=\"https:\/\/transinfo.pl\/x\/infotram\/dabrowa-gornicza-wiemy-kiedy-wroca-tramwaje\/\" \/>\n<meta property=\"og:site_name\" content=\"TransInfo Archiwum\" \/>\n<meta property=\"og:image\" content=\"https:\/\/transinfo.pl\/x\/wp-content\/uploads\/2024\/02\/20240210-045-pl-dg-golonog-przystanek-zintegrowany-manhattan-dron-1600x1067-1.jpg\" \/>\n\t<meta property=\"og:image:width\" content=\"1\" \/>\n\t<meta property=\"og:image:height\" content=\"1\" \/>\n\t<meta property=\"og:image:type\" content=\"image\/jpeg\" \/>\n<meta name=\"twitter:card\" content=\"summary_large_image\" \/>\n<meta name=\"twitter:label1\" content=\"Szacowany czas czytania\" \/>\n\t<meta name=\"twitter:data1\" content=\"1 minuta\" \/>\n<script type=\"application\/ld+json\" class=\"yoast-schema-graph\">{\"@context\":\"https:\/\/schema.org\",\"@graph\":[{\"@type\":\"WebPage\",\"@id\":\"https:\/\/transinfo.pl\/x\/infotram\/dabrowa-gornicza-wiemy-kiedy-wroca-tramwaje\/\",\"url\":\"https:\/\/transinfo.pl\/x\/infotram\/dabrowa-gornicza-wiemy-kiedy-wroca-tramwaje\/\",\"name\":\"D\u0105browa G\u00f3rnicza: wiemy kiedy wr\u00f3c\u0105 tramwaje - TransInfo Archiwum\",\"isPartOf\":{\"@id\":\"https:\/\/transinfo.pl\/x\/#website\"},\"primaryImageOfPage\":{\"@id\":\"https:\/\/transinfo.pl\/x\/infotram\/dabrowa-gornicza-wiemy-kiedy-wroca-tramwaje\/#primaryimage\"},\"image\":{\"@id\":\"https:\/\/transinfo.pl\/x\/infotram\/dabrowa-gornicza-wiemy-kiedy-wroca-tramwaje\/#primaryimage\"},\"thumbnailUrl\":\"https:\/\/transinfo.pl\/x\/wp-content\/uploads\/2024\/02\/20240210-045-pl-dg-golonog-przystanek-zintegrowany-manhattan-dron-1600x1067-1.jpg\",\"datePublished\":\"2024-02-14T10:45:00+00:00\",\"dateModified\":\"2024-02-14T10:45:00+00:00\",\"description\":\"Od wtorku 13 lutego 2024 roku autobusy rozpoczn\u0105 regularn\u0105 i pe\u0142n\u0105 obs\u0142ug\u0119 dw\u00f3ch nowych zintegrowanych przystank\u00f3w autobusowo-tramwajowych.\",\"breadcrumb\":{\"@id\":\"https:\/\/transinfo.pl\/x\/infotram\/dabrowa-gornicza-wiemy-kiedy-wroca-tramwaje\/#breadcrumb\"},\"inLanguage\":\"pl-PL\",\"potentialAction\":[{\"@type\":\"ReadAction\",\"target\":[\"https:\/\/transinfo.pl\/x\/infotram\/dabrowa-gornicza-wiemy-kiedy-wroca-tramwaje\/\"]}]},{\"@type\":\"ImageObject\",\"inLanguage\":\"pl-PL\",\"@id\":\"https:\/\/transinfo.pl\/x\/infotram\/dabrowa-gornicza-wiemy-kiedy-wroca-tramwaje\/#primaryimage\",\"url\":\"https:\/\/transinfo.pl\/x\/wp-content\/uploads\/2024\/02\/20240210-045-pl-dg-golonog-przystanek-zintegrowany-manhattan-dron-1600x1067-1.jpg\",\"contentUrl\":\"https:\/\/transinfo.pl\/x\/wp-content\/uploads\/2024\/02\/20240210-045-pl-dg-golonog-przystanek-zintegrowany-manhattan-dron-1600x1067-1.jpg\"},{\"@type\":\"BreadcrumbList\",\"@id\":\"https:\/\/transinfo.pl\/x\/infotram\/dabrowa-gornicza-wiemy-kiedy-wroca-tramwaje\/#breadcrumb\",\"itemListElement\":[{\"@type\":\"ListItem\",\"position\":1,\"name\":\"Home\",\"item\":\"https:\/\/transinfo.pl\/x\/\"},{\"@type\":\"ListItem\",\"position\":2,\"name\":\"Infotram\",\"item\":\"https:\/\/transinfo.pl\/x\/infotram\/\"},{\"@type\":\"ListItem\",\"position\":3,\"name\":\"D\u0105browa G\u00f3rnicza: wiemy kiedy wr\u00f3c\u0105 tramwaje\"}]},{\"@type\":\"WebSite\",\"@id\":\"https:\/\/transinfo.pl\/x\/#website\",\"url\":\"https:\/\/transinfo.pl\/x\/\",\"name\":\"TransInfo Archiwum\",\"description\":\"Ca\u0142y transport w jednym miejscu\",\"publisher\":{\"@id\":\"https:\/\/transinfo.pl\/x\/#organization\"},\"potentialAction\":[{\"@type\":\"SearchAction\",\"target\":{\"@type\":\"EntryPoint\",\"urlTemplate\":\"https:\/\/transinfo.pl\/x\/?s={search_term_string}\"},\"query-input\":{\"@type\":\"PropertyValueSpecification\",\"valueRequired\":true,\"valueName\":\"search_term_string\"}}],\"inLanguage\":\"pl-PL\"},{\"@type\":\"Organization\",\"@id\":\"https:\/\/transinfo.pl\/x\/#organization\",\"name\":\"TransInfo\",\"url\":\"https:\/\/transinfo.pl\/x\/\",\"logo\":{\"@type\":\"ImageObject\",\"inLanguage\":\"pl-PL\",\"@id\":\"https:\/\/transinfo.pl\/x\/#\/schema\/logo\/image\/\",\"url\":\"https:\/\/transinfo.pl\/x\/wp-content\/uploads\/2024\/10\/favicon.png\",\"contentUrl\":\"https:\/\/transinfo.pl\/x\/wp-content\/uploads\/2024\/10\/favicon.png\",\"width\":512,\"height\":512,\"caption\":\"TransInfo\"},\"image\":{\"@id\":\"https:\/\/transinfo.pl\/x\/#\/schema\/logo\/image\/\"}}]}<\/script>\n<!-- \/ Yoast SEO Premium plugin. -->","yoast_head_json":{"title":"D\u0105browa G\u00f3rnicza: wiemy kiedy wr\u00f3c\u0105 tramwaje - TransInfo Archiwum","description":"Od wtorku 13 lutego 2024 roku autobusy rozpoczn\u0105 regularn\u0105 i pe\u0142n\u0105 obs\u0142ug\u0119 dw\u00f3ch nowych zintegrowanych przystank\u00f3w autobusowo-tramwajowych.","robots":{"index":"index","follow":"follow","max-snippet":"max-snippet:-1","max-image-preview":"max-image-preview:large","max-video-preview":"max-video-preview:-1"},"canonical":"https:\/\/transinfo.pl\/x\/infotram\/dabrowa-gornicza-wiemy-kiedy-wroca-tramwaje\/","og_locale":"pl_PL","og_type":"article","og_title":"D\u0105browa G\u00f3rnicza: wiemy kiedy wr\u00f3c\u0105 tramwaje","og_description":"Od wtorku 13 lutego 2024 roku autobusy rozpoczn\u0105 regularn\u0105 i pe\u0142n\u0105 obs\u0142ug\u0119 dw\u00f3ch nowych zintegrowanych przystank\u00f3w autobusowo-tramwajowych.","og_url":"https:\/\/transinfo.pl\/x\/infotram\/dabrowa-gornicza-wiemy-kiedy-wroca-tramwaje\/","og_site_name":"TransInfo Archiwum","og_image":[{"url":"https:\/\/transinfo.pl\/x\/wp-content\/uploads\/2024\/02\/20240210-045-pl-dg-golonog-przystanek-zintegrowany-manhattan-dron-1600x1067-1.jpg","width":1,"height":1,"type":"image\/jpeg"}],"twitter_card":"summary_large_image","twitter_misc":{"Szacowany czas czytania":"1 minuta"},"schema":{"@context":"https:\/\/schema.org","@graph":[{"@type":"WebPage","@id":"https:\/\/transinfo.pl\/x\/infotram\/dabrowa-gornicza-wiemy-kiedy-wroca-tramwaje\/","url":"https:\/\/transinfo.pl\/x\/infotram\/dabrowa-gornicza-wiemy-kiedy-wroca-tramwaje\/","name":"D\u0105browa G\u00f3rnicza: wiemy kiedy wr\u00f3c\u0105 tramwaje - TransInfo Archiwum","isPartOf":{"@id":"https:\/\/transinfo.pl\/x\/#website"},"primaryImageOfPage":{"@id":"https:\/\/transinfo.pl\/x\/infotram\/dabrowa-gornicza-wiemy-kiedy-wroca-tramwaje\/#primaryimage"},"image":{"@id":"https:\/\/transinfo.pl\/x\/infotram\/dabrowa-gornicza-wiemy-kiedy-wroca-tramwaje\/#primaryimage"},"thumbnailUrl":"https:\/\/transinfo.pl\/x\/wp-content\/uploads\/2024\/02\/20240210-045-pl-dg-golonog-przystanek-zintegrowany-manhattan-dron-1600x1067-1.jpg","datePublished":"2024-02-14T10:45:00+00:00","dateModified":"2024-02-14T10:45:00+00:00","description":"Od wtorku 13 lutego 2024 roku autobusy rozpoczn\u0105 regularn\u0105 i pe\u0142n\u0105 obs\u0142ug\u0119 dw\u00f3ch nowych zintegrowanych przystank\u00f3w autobusowo-tramwajowych.","breadcrumb":{"@id":"https:\/\/transinfo.pl\/x\/infotram\/dabrowa-gornicza-wiemy-kiedy-wroca-tramwaje\/#breadcrumb"},"inLanguage":"pl-PL","potentialAction":[{"@type":"ReadAction","target":["https:\/\/transinfo.pl\/x\/infotram\/dabrowa-gornicza-wiemy-kiedy-wroca-tramwaje\/"]}]},{"@type":"ImageObject","inLanguage":"pl-PL","@id":"https:\/\/transinfo.pl\/x\/infotram\/dabrowa-gornicza-wiemy-kiedy-wroca-tramwaje\/#primaryimage","url":"https:\/\/transinfo.pl\/x\/wp-content\/uploads\/2024\/02\/20240210-045-pl-dg-golonog-przystanek-zintegrowany-manhattan-dron-1600x1067-1.jpg","contentUrl":"https:\/\/transinfo.pl\/x\/wp-content\/uploads\/2024\/02\/20240210-045-pl-dg-golonog-przystanek-zintegrowany-manhattan-dron-1600x1067-1.jpg"},{"@type":"BreadcrumbList","@id":"https:\/\/transinfo.pl\/x\/infotram\/dabrowa-gornicza-wiemy-kiedy-wroca-tramwaje\/#breadcrumb","itemListElement":[{"@type":"ListItem","position":1,"name":"Home","item":"https:\/\/transinfo.pl\/x\/"},{"@type":"ListItem","position":2,"name":"Infotram","item":"https:\/\/transinfo.pl\/x\/infotram\/"},{"@type":"ListItem","position":3,"name":"D\u0105browa G\u00f3rnicza: wiemy kiedy wr\u00f3c\u0105 tramwaje"}]},{"@type":"WebSite","@id":"https:\/\/transinfo.pl\/x\/#website","url":"https:\/\/transinfo.pl\/x\/","name":"TransInfo Archiwum","description":"Ca\u0142y transport w jednym miejscu","publisher":{"@id":"https:\/\/transinfo.pl\/x\/#organization"},"potentialAction":[{"@type":"SearchAction","target":{"@type":"EntryPoint","urlTemplate":"https:\/\/transinfo.pl\/x\/?s={search_term_string}"},"query-input":{"@type":"PropertyValueSpecification","valueRequired":true,"valueName":"search_term_string"}}],"inLanguage":"pl-PL"},{"@type":"Organization","@id":"https:\/\/transinfo.pl\/x\/#organization","name":"TransInfo","url":"https:\/\/transinfo.pl\/x\/","logo":{"@type":"ImageObject","inLanguage":"pl-PL","@id":"https:\/\/transinfo.pl\/x\/#\/schema\/logo\/image\/","url":"https:\/\/transinfo.pl\/x\/wp-content\/uploads\/2024\/10\/favicon.png","contentUrl":"https:\/\/transinfo.pl\/x\/wp-content\/uploads\/2024\/10\/favicon.png","width":512,"height":512,"caption":"TransInfo"},"image":{"@id":"https:\/\/transinfo.pl\/x\/#\/schema\/logo\/image\/"}}]}},"_links":{"self":[{"href":"https:\/\/transinfo.pl\/x\/wp-json\/wp\/v2\/infotram\/264887","targetHints":{"allow":["GET"]}}],"collection":[{"href":"https:\/\/transinfo.pl\/x\/wp-json\/wp\/v2\/infotram"}],"about":[{"href":"https:\/\/transinfo.pl\/x\/wp-json\/wp\/v2\/types\/infotram"}],"author":[{"embeddable":true,"href":"https:\/\/transinfo.pl\/x\/wp-json\/wp\/v2\/users\/3"}],"replies":[{"embeddable":true,"href":"https:\/\/transinfo.pl\/x\/wp-json\/wp\/v2\/comments?post=264887"}],"wp:featuredmedia":[{"embeddable":true,"href":"https:\/\/transinfo.pl\/x\/wp-json\/wp\/v2\/media\/264888"}],"wp:attachment":[{"href":"https:\/\/transinfo.pl\/x\/wp-json\/wp\/v2\/media?parent=264887"}],"wp:term":[{"taxonomy":"category","embeddable":true,"href":"https:\/\/transinfo.pl\/x\/wp-json\/wp\/v2\/categories?post=264887"},{"taxonomy":"post_tag","embeddable":true,"href":"https:\/\/transinfo.pl\/x\/wp-json\/wp\/v2\/tags?post=264887"}],"curies":[{"name":"wp","href":"https:\/\/api.w.org\/{rel}","templated":true}]}}