{"id":264780,"date":"2024-02-12T16:45:00","date_gmt":"2024-02-12T16:45:00","guid":{"rendered":"https:\/\/transinfo.pl\/x\/infotram\/tak-czyszczone-sa-siedzenia-w-tramwajach-mpk-krakow\/"},"modified":"2024-02-12T16:45:00","modified_gmt":"2024-02-12T16:45:00","slug":"tak-czyszczone-sa-siedzenia-w-tramwajach-mpk-krakow","status":"publish","type":"infotram","link":"https:\/\/transinfo.pl\/x\/infotram\/tak-czyszczone-sa-siedzenia-w-tramwajach-mpk-krakow\/","title":{"rendered":"Tak czyszczone s\u0105 siedzenia w tramwajach MPK Krak\u00f3w"},"content":{"rendered":"<style>h1,h2,h3,h4,h5,h6{margin:0 0 1.25rem;font-family:Arial,sans-serif;font-weight:600;color:#050505}h1{font-size:1.875rem;line-height:1.1em;text-transform:none}@media(min-width: 768px){h1{font-size:2.375rem}}h2{font-size:1.1875rem;line-height:1.2em;text-transform:uppercase}@media(min-width: 768px){h2{font-size:1.0625rem}}h3{font-size:0.9375rem;line-height:1.4em;font-weight:900;margin-bottom:0.9375rem}h4{font-size:0.875rem;line-height:1.2em;font-weight:500}h5{font-size:0.9375rem;line-height:1.6;font-weight:400}h6{font-size:0.9375rem;line-height:1.6;font-weight:600}\n<\/style>\n<h3 class=\"wp-block-heading\" id=\"h-wszystkie-pojazdy-mpk-sa-w-krakowie-po-kazdym-dniu-pracy-sa-myte-i-sprzatane-podaje-tamtejszy-ratusz\">Wszystkie pojazdy MPK SA w Krakowie po ka\u017cdym dniu pracy s\u0105 myte i sprz\u0105tane \u2013 podaje tamtejszy ratusz.<\/h3>\n\n\n<style>p{margin:0 0 1.5rem}p:last-child{margin:0}p.is-style-uppercase{text-transform:uppercase}p.is-style-preheading{color:#12406a;text-transform:uppercase}p.is-style-leadparagraph{font-size:1rem;line-height:1.625;font-weight:700}@media(min-width: 768px){p.is-style-leadparagraph{font-size:1.125rem;line-height:1.5555555556}}p.has-small-margin{margin-bottom:0.625rem}p.has-small-margin+h1,p.has-small-margin+h2,p.has-small-margin+h3{margin-top:1.875rem}\n<\/style>\n<p>Odbywa si\u0119 to bez wyj\u0105tku ka\u017cdej nocy, r\u00f3wnie\u017c w dni wolne i \u015bwi\u0105teczne.<\/p>\n\n\n\n<h2 class=\"wp-block-heading\" id=\"h-narazone-na-zabrudzenia\">Nara\u017cone na zabrudzenia<\/h2>\n\n\n\n<p>Ka\u017cdego dnia tabor MPK nara\u017cony jest na przer\u00f3\u017cne zabrudzenia. Jest to bezpo\u015brednio zwi\u0105zane z intensywn\u0105 eksploatacj\u0105. Ka\u017cdego dnia z autobus\u00f3w i tramwaj\u00f3w korzystaj\u0105 przecie\u017c tysi\u0105ce pasa\u017cer\u00f3w. Utrzymanie czysto\u015bci i odpowiedniego poziomu higieny w tego typu \u015brodkach transportu wymaga odpowiedniej organizacji uwzgl\u0119dniaj\u0105cej m.in. pory roku. Wymaga to r\u00f3wnie\u017c du\u017cego nak\u0142adu si\u0142 pracownik\u00f3w zajmuj\u0105cych si\u0119 sprz\u0105taniem.<\/p>\n\n\n\n<p>Jak podaje krakowski ratusz wa\u017cne jest nie tylko regularne i cykliczne sprz\u0105tanie pojazd\u00f3w, ale tak\u017ce zastosowanie wysokiej klasy preparat\u00f3w czyszcz\u0105cych, b\u0119d\u0105cych bardzo skutecznymi i jednocze\u015bnie bezpiecznymi dla pasa\u017cera i \u015brodowiska.<\/p>\n\n\n\n<p>Czyszczenie pojazd\u00f3w obejmuje takie elementy jak siedzenia, pod\u0142ogi, por\u0119cze i uchwyty. To one s\u0105 najbardziej nara\u017cone na zabrudzenia. Ka\u017cdego dnia tych cz\u0119\u015bci i element\u00f3w pojazdu dotykaj\u0105 setki os\u00f3b.<\/p>\n\n\n\n<p><\/p>\n\n\n\n\n","protected":false},"author":3,"featured_media":262094,"comment_status":"","ping_status":"closed","template":"","categories":[26],"tags":[58,812,238],"class_list":["post-264780","infotram","type-infotram","status-publish","has-post-thumbnail","hentry","category-przewoznicy","tag-krakow","tag-mpk-krakow","tag-tramwaj"],"acf":[],"yoast_head":"<!-- This site is optimized with the Yoast SEO Premium plugin v21.8 (Yoast SEO v23.7) - https:\/\/yoast.com\/wordpress\/plugins\/seo\/ -->\n<title>Tak czyszczone s\u0105 siedzenia w tramwajach MPK Krak\u00f3w - TransInfo Archiwum<\/title>\n<meta name=\"description\" content=\"Wszystkie pojazdy MPK SA w Krakowie po ka\u017cdym dniu pracy s\u0105 myte i sprz\u0105tane \u2013 podaje tamtejszy ratusz. Niezale\u017cnie od dnia.\" \/>\n<meta name=\"robots\" content=\"index, follow, max-snippet:-1, max-image-preview:large, max-video-preview:-1\" \/>\n<link rel=\"canonical\" href=\"https:\/\/transinfo.pl\/x\/infotram\/tak-czyszczone-sa-siedzenia-w-tramwajach-mpk-krakow\/\" \/>\n<meta property=\"og:locale\" content=\"pl_PL\" \/>\n<meta property=\"og:type\" content=\"article\" \/>\n<meta property=\"og:title\" content=\"Tak czyszczone s\u0105 siedzenia w tramwajach MPK Krak\u00f3w\" \/>\n<meta property=\"og:description\" content=\"Wszystkie pojazdy MPK SA w Krakowie po ka\u017cdym dniu pracy s\u0105 myte i sprz\u0105tane \u2013 podaje tamtejszy ratusz. Niezale\u017cnie od dnia.\" \/>\n<meta property=\"og:url\" content=\"https:\/\/transinfo.pl\/x\/infotram\/tak-czyszczone-sa-siedzenia-w-tramwajach-mpk-krakow\/\" \/>\n<meta property=\"og:site_name\" content=\"TransInfo Archiwum\" \/>\n<meta property=\"og:image\" content=\"https:\/\/transinfo.pl\/x\/wp-content\/uploads\/2023\/12\/Krakowiak.jpg\" \/>\n\t<meta property=\"og:image:width\" content=\"1\" \/>\n\t<meta property=\"og:image:height\" content=\"1\" \/>\n\t<meta property=\"og:image:type\" content=\"image\/jpeg\" \/>\n<meta name=\"twitter:card\" content=\"summary_large_image\" \/>\n<meta name=\"twitter:label1\" content=\"Szacowany czas czytania\" \/>\n\t<meta name=\"twitter:data1\" content=\"1 minuta\" \/>\n<script type=\"application\/ld+json\" class=\"yoast-schema-graph\">{\"@context\":\"https:\/\/schema.org\",\"@graph\":[{\"@type\":\"WebPage\",\"@id\":\"https:\/\/transinfo.pl\/x\/infotram\/tak-czyszczone-sa-siedzenia-w-tramwajach-mpk-krakow\/\",\"url\":\"https:\/\/transinfo.pl\/x\/infotram\/tak-czyszczone-sa-siedzenia-w-tramwajach-mpk-krakow\/\",\"name\":\"Tak czyszczone s\u0105 siedzenia w tramwajach MPK Krak\u00f3w - TransInfo Archiwum\",\"isPartOf\":{\"@id\":\"https:\/\/transinfo.pl\/x\/#website\"},\"primaryImageOfPage\":{\"@id\":\"https:\/\/transinfo.pl\/x\/infotram\/tak-czyszczone-sa-siedzenia-w-tramwajach-mpk-krakow\/#primaryimage\"},\"image\":{\"@id\":\"https:\/\/transinfo.pl\/x\/infotram\/tak-czyszczone-sa-siedzenia-w-tramwajach-mpk-krakow\/#primaryimage\"},\"thumbnailUrl\":\"https:\/\/transinfo.pl\/x\/wp-content\/uploads\/2023\/12\/Krakowiak.jpg\",\"datePublished\":\"2024-02-12T16:45:00+00:00\",\"dateModified\":\"2024-02-12T16:45:00+00:00\",\"description\":\"Wszystkie pojazdy MPK SA w Krakowie po ka\u017cdym dniu pracy s\u0105 myte i sprz\u0105tane \u2013 podaje tamtejszy ratusz. Niezale\u017cnie od dnia.\",\"breadcrumb\":{\"@id\":\"https:\/\/transinfo.pl\/x\/infotram\/tak-czyszczone-sa-siedzenia-w-tramwajach-mpk-krakow\/#breadcrumb\"},\"inLanguage\":\"pl-PL\",\"potentialAction\":[{\"@type\":\"ReadAction\",\"target\":[\"https:\/\/transinfo.pl\/x\/infotram\/tak-czyszczone-sa-siedzenia-w-tramwajach-mpk-krakow\/\"]}]},{\"@type\":\"ImageObject\",\"inLanguage\":\"pl-PL\",\"@id\":\"https:\/\/transinfo.pl\/x\/infotram\/tak-czyszczone-sa-siedzenia-w-tramwajach-mpk-krakow\/#primaryimage\",\"url\":\"https:\/\/transinfo.pl\/x\/wp-content\/uploads\/2023\/12\/Krakowiak.jpg\",\"contentUrl\":\"https:\/\/transinfo.pl\/x\/wp-content\/uploads\/2023\/12\/Krakowiak.jpg\"},{\"@type\":\"BreadcrumbList\",\"@id\":\"https:\/\/transinfo.pl\/x\/infotram\/tak-czyszczone-sa-siedzenia-w-tramwajach-mpk-krakow\/#breadcrumb\",\"itemListElement\":[{\"@type\":\"ListItem\",\"position\":1,\"name\":\"Home\",\"item\":\"https:\/\/transinfo.pl\/x\/\"},{\"@type\":\"ListItem\",\"position\":2,\"name\":\"Infotram\",\"item\":\"https:\/\/transinfo.pl\/x\/infotram\/\"},{\"@type\":\"ListItem\",\"position\":3,\"name\":\"Tak czyszczone s\u0105 siedzenia w tramwajach MPK Krak\u00f3w\"}]},{\"@type\":\"WebSite\",\"@id\":\"https:\/\/transinfo.pl\/x\/#website\",\"url\":\"https:\/\/transinfo.pl\/x\/\",\"name\":\"TransInfo Archiwum\",\"description\":\"Ca\u0142y transport w jednym miejscu\",\"publisher\":{\"@id\":\"https:\/\/transinfo.pl\/x\/#organization\"},\"potentialAction\":[{\"@type\":\"SearchAction\",\"target\":{\"@type\":\"EntryPoint\",\"urlTemplate\":\"https:\/\/transinfo.pl\/x\/?s={search_term_string}\"},\"query-input\":{\"@type\":\"PropertyValueSpecification\",\"valueRequired\":true,\"valueName\":\"search_term_string\"}}],\"inLanguage\":\"pl-PL\"},{\"@type\":\"Organization\",\"@id\":\"https:\/\/transinfo.pl\/x\/#organization\",\"name\":\"TransInfo\",\"url\":\"https:\/\/transinfo.pl\/x\/\",\"logo\":{\"@type\":\"ImageObject\",\"inLanguage\":\"pl-PL\",\"@id\":\"https:\/\/transinfo.pl\/x\/#\/schema\/logo\/image\/\",\"url\":\"https:\/\/transinfo.pl\/x\/wp-content\/uploads\/2024\/10\/favicon.png\",\"contentUrl\":\"https:\/\/transinfo.pl\/x\/wp-content\/uploads\/2024\/10\/favicon.png\",\"width\":512,\"height\":512,\"caption\":\"TransInfo\"},\"image\":{\"@id\":\"https:\/\/transinfo.pl\/x\/#\/schema\/logo\/image\/\"}}]}<\/script>\n<!-- \/ Yoast SEO Premium plugin. -->","yoast_head_json":{"title":"Tak czyszczone s\u0105 siedzenia w tramwajach MPK Krak\u00f3w - TransInfo Archiwum","description":"Wszystkie pojazdy MPK SA w Krakowie po ka\u017cdym dniu pracy s\u0105 myte i sprz\u0105tane \u2013 podaje tamtejszy ratusz. Niezale\u017cnie od dnia.","robots":{"index":"index","follow":"follow","max-snippet":"max-snippet:-1","max-image-preview":"max-image-preview:large","max-video-preview":"max-video-preview:-1"},"canonical":"https:\/\/transinfo.pl\/x\/infotram\/tak-czyszczone-sa-siedzenia-w-tramwajach-mpk-krakow\/","og_locale":"pl_PL","og_type":"article","og_title":"Tak czyszczone s\u0105 siedzenia w tramwajach MPK Krak\u00f3w","og_description":"Wszystkie pojazdy MPK SA w Krakowie po ka\u017cdym dniu pracy s\u0105 myte i sprz\u0105tane \u2013 podaje tamtejszy ratusz. Niezale\u017cnie od dnia.","og_url":"https:\/\/transinfo.pl\/x\/infotram\/tak-czyszczone-sa-siedzenia-w-tramwajach-mpk-krakow\/","og_site_name":"TransInfo Archiwum","og_image":[{"url":"https:\/\/transinfo.pl\/x\/wp-content\/uploads\/2023\/12\/Krakowiak.jpg","width":1,"height":1,"type":"image\/jpeg"}],"twitter_card":"summary_large_image","twitter_misc":{"Szacowany czas czytania":"1 minuta"},"schema":{"@context":"https:\/\/schema.org","@graph":[{"@type":"WebPage","@id":"https:\/\/transinfo.pl\/x\/infotram\/tak-czyszczone-sa-siedzenia-w-tramwajach-mpk-krakow\/","url":"https:\/\/transinfo.pl\/x\/infotram\/tak-czyszczone-sa-siedzenia-w-tramwajach-mpk-krakow\/","name":"Tak czyszczone s\u0105 siedzenia w tramwajach MPK Krak\u00f3w - TransInfo Archiwum","isPartOf":{"@id":"https:\/\/transinfo.pl\/x\/#website"},"primaryImageOfPage":{"@id":"https:\/\/transinfo.pl\/x\/infotram\/tak-czyszczone-sa-siedzenia-w-tramwajach-mpk-krakow\/#primaryimage"},"image":{"@id":"https:\/\/transinfo.pl\/x\/infotram\/tak-czyszczone-sa-siedzenia-w-tramwajach-mpk-krakow\/#primaryimage"},"thumbnailUrl":"https:\/\/transinfo.pl\/x\/wp-content\/uploads\/2023\/12\/Krakowiak.jpg","datePublished":"2024-02-12T16:45:00+00:00","dateModified":"2024-02-12T16:45:00+00:00","description":"Wszystkie pojazdy MPK SA w Krakowie po ka\u017cdym dniu pracy s\u0105 myte i sprz\u0105tane \u2013 podaje tamtejszy ratusz. Niezale\u017cnie od dnia.","breadcrumb":{"@id":"https:\/\/transinfo.pl\/x\/infotram\/tak-czyszczone-sa-siedzenia-w-tramwajach-mpk-krakow\/#breadcrumb"},"inLanguage":"pl-PL","potentialAction":[{"@type":"ReadAction","target":["https:\/\/transinfo.pl\/x\/infotram\/tak-czyszczone-sa-siedzenia-w-tramwajach-mpk-krakow\/"]}]},{"@type":"ImageObject","inLanguage":"pl-PL","@id":"https:\/\/transinfo.pl\/x\/infotram\/tak-czyszczone-sa-siedzenia-w-tramwajach-mpk-krakow\/#primaryimage","url":"https:\/\/transinfo.pl\/x\/wp-content\/uploads\/2023\/12\/Krakowiak.jpg","contentUrl":"https:\/\/transinfo.pl\/x\/wp-content\/uploads\/2023\/12\/Krakowiak.jpg"},{"@type":"BreadcrumbList","@id":"https:\/\/transinfo.pl\/x\/infotram\/tak-czyszczone-sa-siedzenia-w-tramwajach-mpk-krakow\/#breadcrumb","itemListElement":[{"@type":"ListItem","position":1,"name":"Home","item":"https:\/\/transinfo.pl\/x\/"},{"@type":"ListItem","position":2,"name":"Infotram","item":"https:\/\/transinfo.pl\/x\/infotram\/"},{"@type":"ListItem","position":3,"name":"Tak czyszczone s\u0105 siedzenia w tramwajach MPK Krak\u00f3w"}]},{"@type":"WebSite","@id":"https:\/\/transinfo.pl\/x\/#website","url":"https:\/\/transinfo.pl\/x\/","name":"TransInfo Archiwum","description":"Ca\u0142y transport w jednym miejscu","publisher":{"@id":"https:\/\/transinfo.pl\/x\/#organization"},"potentialAction":[{"@type":"SearchAction","target":{"@type":"EntryPoint","urlTemplate":"https:\/\/transinfo.pl\/x\/?s={search_term_string}"},"query-input":{"@type":"PropertyValueSpecification","valueRequired":true,"valueName":"search_term_string"}}],"inLanguage":"pl-PL"},{"@type":"Organization","@id":"https:\/\/transinfo.pl\/x\/#organization","name":"TransInfo","url":"https:\/\/transinfo.pl\/x\/","logo":{"@type":"ImageObject","inLanguage":"pl-PL","@id":"https:\/\/transinfo.pl\/x\/#\/schema\/logo\/image\/","url":"https:\/\/transinfo.pl\/x\/wp-content\/uploads\/2024\/10\/favicon.png","contentUrl":"https:\/\/transinfo.pl\/x\/wp-content\/uploads\/2024\/10\/favicon.png","width":512,"height":512,"caption":"TransInfo"},"image":{"@id":"https:\/\/transinfo.pl\/x\/#\/schema\/logo\/image\/"}}]}},"_links":{"self":[{"href":"https:\/\/transinfo.pl\/x\/wp-json\/wp\/v2\/infotram\/264780","targetHints":{"allow":["GET"]}}],"collection":[{"href":"https:\/\/transinfo.pl\/x\/wp-json\/wp\/v2\/infotram"}],"about":[{"href":"https:\/\/transinfo.pl\/x\/wp-json\/wp\/v2\/types\/infotram"}],"author":[{"embeddable":true,"href":"https:\/\/transinfo.pl\/x\/wp-json\/wp\/v2\/users\/3"}],"replies":[{"embeddable":true,"href":"https:\/\/transinfo.pl\/x\/wp-json\/wp\/v2\/comments?post=264780"}],"wp:featuredmedia":[{"embeddable":true,"href":"https:\/\/transinfo.pl\/x\/wp-json\/wp\/v2\/media\/262094"}],"wp:attachment":[{"href":"https:\/\/transinfo.pl\/x\/wp-json\/wp\/v2\/media?parent=264780"}],"wp:term":[{"taxonomy":"category","embeddable":true,"href":"https:\/\/transinfo.pl\/x\/wp-json\/wp\/v2\/categories?post=264780"},{"taxonomy":"post_tag","embeddable":true,"href":"https:\/\/transinfo.pl\/x\/wp-json\/wp\/v2\/tags?post=264780"}],"curies":[{"name":"wp","href":"https:\/\/api.w.org\/{rel}","templated":true}]}}