{"id":264547,"date":"2024-02-07T15:45:00","date_gmt":"2024-02-07T15:45:00","guid":{"rendered":"https:\/\/transinfo.pl\/x\/infotram\/wiekszosc-linii-tramwajowych-gait-zmienia-trasy\/"},"modified":"2024-02-07T15:45:00","modified_gmt":"2024-02-07T15:45:00","slug":"wiekszosc-linii-tramwajowych-gait-zmienia-trasy","status":"publish","type":"infotram","link":"https:\/\/transinfo.pl\/x\/infotram\/wiekszosc-linii-tramwajowych-gait-zmienia-trasy\/","title":{"rendered":"Wi\u0119kszo\u015b\u0107 linii tramwajowych GAiT zmienia trasy"},"content":{"rendered":"<style>h1,h2,h3,h4,h5,h6{margin:0 0 1.25rem;font-family:Arial,sans-serif;font-weight:600;color:#050505}h1{font-size:1.875rem;line-height:1.1em;text-transform:none}@media(min-width: 768px){h1{font-size:2.375rem}}h2{font-size:1.1875rem;line-height:1.2em;text-transform:uppercase}@media(min-width: 768px){h2{font-size:1.0625rem}}h3{font-size:0.9375rem;line-height:1.4em;font-weight:900;margin-bottom:0.9375rem}h4{font-size:0.875rem;line-height:1.2em;font-weight:500}h5{font-size:0.9375rem;line-height:1.6;font-weight:400}h6{font-size:0.9375rem;line-height:1.6;font-weight:600}\n<\/style>\n<h3 class=\"wp-block-heading\" id=\"h-w-zwiazku-z-realizacja-transportu-ponadgabarytowego-i-przejazdem-przez-miasto-trzech-ciezarowek-z-elementami-na-platformy-wiertnicze-w-nocy-z-srody-7-lutego-na-czwartek-8-lutego-obowiazywac-beda-zmiany-na-wiekszosci-linii-tramwajowych-oraz-autobusowej-158\">W zwi\u0105zku z realizacj\u0105 transportu ponadgabarytowego i przejazdem przez miasto trzech ci\u0119\u017car\u00f3wek z elementami na platformy wiertnicze, w nocy z \u015brody, 7 lutego na czwartek, 8 lutego obowi\u0105zywa\u0107 b\u0119d\u0105 zmiany na wi\u0119kszo\u015bci linii tramwajowych oraz autobusowej 158. <\/h3>\n\n\n<style>p{margin:0 0 1.5rem}p:last-child{margin:0}p.is-style-uppercase{text-transform:uppercase}p.is-style-preheading{color:#12406a;text-transform:uppercase}p.is-style-leadparagraph{font-size:1rem;line-height:1.625;font-weight:700}@media(min-width: 768px){p.is-style-leadparagraph{font-size:1.125rem;line-height:1.5555555556}}p.has-small-margin{margin-bottom:0.625rem}p.has-small-margin+h1,p.has-small-margin+h2,p.has-small-margin+h3{margin-top:1.875rem}\n<\/style>\n<p>Tramwaje nie dojad\u0105 m.in. na Stogi. Wprowadzona zostanie autobusowa komunikacja zast\u0119pcza.<\/p>\n\n\n\n<h2 class=\"wp-block-heading\" id=\"h-szczegoly-zmian\">Szczeg\u00f3\u0142y zmian<\/h2>\n\n\n\n<p>Ze wzgl\u0119du na konieczno\u015b\u0107 wy\u0142\u0105czenia zasilania tymczasowo zamkni\u0119te dla komunikacji tramwajowej b\u0119d\u0105:<\/p>\n\n\n\n<p>ul. Jana z Kolna (dotyczy zar\u00f3wno ostatnich, wieczornych kurs\u00f3w, od oko\u0142o godz. 22.00, w \u015brod\u0119 7 lutego, jak r\u00f3wnie\u017c pierwszych porannych kurs\u00f3w do oko\u0142o godz. 06.00, w czwartek 8 lutego);<br>W\u0119ze\u0142 Unii Europejskiej (dotyczy jedynie pierwszych porannych kurs\u00f3w do oko\u0142o godz. 06.00, w czwartek 8 lutego).<\/p>\n\n\n\n<p>Linie 2, 3, 6, 11<\/p>\n\n\n\n<p>Podczas pierwszych porannych kurs\u00f3w (do oko\u0142o godz. 06.00), w czwartek 8 lutego nast\u0105pi zmiana trasy: \u2026 \u2013 od Bramy Oliwskiej \u2013 3 Maja \u2013 al. Armii Krajowej \u2013 \u2026 (dalej po sta\u0142ej trasie);<\/p>\n\n\n\n<p>Linia 7<br>Podczas pierwszych porannych kurs\u00f3w do oko\u0142o godziny 06.00, w czwartek 8 lutego nast\u0105pi zmiana trasy \u2013 od Klinicznej \u2013 al. Hallera \u2013 al. Zwyci\u0119stwa \u2013 Dworzec G\u0142\u00f3wny\u2013 Hucisko \u2013 3 Maja \u2013 al. Armii Krajowej \u2013 \u2026 (dalej po sta\u0142ej trasie).<\/p>\n\n\n\n<p>Na trasie od przystanku Politechnika SKM 02 do Dworca G\u0142\u00f3wnego uruchomiona zostanie komunikacja zast\u0119pcza .<\/p>\n\n\n\n<p>Linia 8<br>Podczas ostatnich wieczornych kurs\u00f3w od oko\u0142o 22.00, w \u015brod\u0119 7 lutego nast\u0105pi zmiana trasy: \u2026 \u2013 od al. Hallera \u2013 al. Zwyci\u0119stwa \u2013 Dworzec G\u0142\u00f3wny \u2013 dalej po sta\u0142ej trasie,&nbsp;a podczas pierwszych porannych kurs\u00f3w do oko\u0142o godz. 06.00, w czwartek 8 lutego&nbsp;\u2013&nbsp;\u2026&nbsp;\u2013&nbsp;od al. Hallera \u2013 al. Zwyci\u0119stwa \u2013 Dworzec G\u0142\u00f3wny \u2013 Hucisko \u2013 Siedlce.<\/p>\n\n\n\n<p>W zale\u017cno\u015bci od bie\u017c\u0105cej sytuacji uruchamiana b\u0119dzie&nbsp;komunikacja zast\u0119pcza&nbsp;na nieczynnych odcinkach: na trasie od p\u0119tli Stogi Pla\u017ca do Dworca G\u0142\u00f3wnego lub od przystanku Politechnika SKM 02 do Dworca G\u0142\u00f3wnego.<\/p>\n\n\n\n<p>Linia 9<br>Podczas pierwszych porannych kurs\u00f3w, w czwartek 8 lutego nast\u0105pi zmiana trasy: \u2026&nbsp;\u2013&nbsp;od Dworca G\u0142\u00f3wnego \u2013 Hucisko \u2013 SIEDLCE.<\/p>\n\n\n\n<p>Na trasie od p\u0119tli Stogi Pla\u017ca do Dworca G\u0142\u00f3wnego uruchomiona zostanie komunikacja zast\u0119pcza.<\/p>\n\n\n\n<p>Do czasu przywr\u00f3cenia funkcjonowania komunikacji tramwajowej na Stogach autobusy linii 158 b\u0119d\u0105 doje\u017cd\u017ca\u0107 do p\u0119tli Stogi Pla\u017ca.<\/p>\n\n\n\n<p><\/p>\n\n\n<style>.wp-block-image{margin:1.25rem 0;text-align:center}.wp-block-image figcaption{padding:0 0.9375rem;text-align:center}\n<\/style>\n<figure class=\"wp-block-image size-large\"><a href=\"https:\/\/transinfo.pl\/wp-content\/uploads\/2024\/02\/gait-2.jpg\"><img decoding=\"async\" src=\"https:\/\/transinfo.pl\/wp-content\/uploads\/2024\/02\/gait-2-1024x768.jpg\" alt=\"W zwi\u0105zku z realizacj\u0105 transportu ponadgabarytowego i przejazdem przez miasto trzech ci\u0119\u017car\u00f3wek z elementami na platformy wiertnicze, w nocy z \u015brody, 7 lutego na czwartek, 8 lutego obowi\u0105zywa\u0107 b\u0119d\u0105 zmiany na wi\u0119kszo\u015bci linii tramwajowych oraz autobusowej 158. \" class=\"wp-image-462847\" \/><\/a><figcaption class=\"wp-element-caption\">Tramwaj GAiT<\/figcaption><\/figure>\n\n\n\n<p><\/p>\n\n\n\n<p>Linia 10<br>Podczas ostatnich wieczornych kurs\u00f3w od oko\u0142o 22.00, w \u015brod\u0119 7 lutego oraz pierwszych porannych kurs\u00f3w, w czwartek 8 lutego zmiana trasy: od Klinicznej \u2013 al. Hallera \u2013 al. Zwyci\u0119stwa \u2013 Dworzec G\u0142\u00f3wny \u2013 \u2026 (dalej po sta\u0142ej trasie).<\/p>\n\n\n\n<p>Na trasie od przystanku Politechnika SKM 02 do Dworca G\u0142\u00f3wnego uruchomiona zostanie komunikacja zast\u0119pcza.<\/p>\n\n\n\n<p>Linia 12<br>Podczas pierwszych porannych kurs\u00f3w, w czwartek 8 lutego nast\u0105pi zmiana trasy: \u2026&nbsp;&#8211;&nbsp;od Bramy Oliwskiej \u2013 3 Maja \u2013 Nowe Ogrody \u2013 \u2026 (dalej po sta\u0142ej trasie).<\/p>\n\n\n\n<p>Pozosta\u0142e linie \u2013 bez zmian.<\/p>\n","protected":false},"author":3,"featured_media":264548,"comment_status":"","ping_status":"closed","template":"","categories":[28],"tags":[854,104,946,4955],"class_list":["post-264547","infotram","type-infotram","status-publish","has-post-thumbnail","hentry","category-pasazer","tag-gait","tag-gdansk","tag-linia-tramwajowa","tag-utrudnienia"],"acf":[],"yoast_head":"<!-- This site is optimized with the Yoast SEO Premium plugin v21.8 (Yoast SEO v23.7) - https:\/\/yoast.com\/wordpress\/plugins\/seo\/ -->\n<title>Wi\u0119kszo\u015b\u0107 linii tramwajowych GAiT zmienia trasy - TransInfo Archiwum<\/title>\n<meta name=\"description\" content=\"W nocy z \u015brody, 7 lutego na czwartek, 8 lutego obowi\u0105zywa\u0107 b\u0119d\u0105 zmiany na wi\u0119kszo\u015bci linii tramwajowych oraz autobusowej 158.\" \/>\n<meta name=\"robots\" content=\"index, follow, max-snippet:-1, max-image-preview:large, max-video-preview:-1\" \/>\n<link rel=\"canonical\" href=\"https:\/\/transinfo.pl\/x\/infotram\/wiekszosc-linii-tramwajowych-gait-zmienia-trasy\/\" \/>\n<meta property=\"og:locale\" content=\"pl_PL\" \/>\n<meta property=\"og:type\" content=\"article\" \/>\n<meta property=\"og:title\" content=\"Wi\u0119kszo\u015b\u0107 linii tramwajowych GAiT zmienia trasy\" \/>\n<meta property=\"og:description\" content=\"W nocy z \u015brody, 7 lutego na czwartek, 8 lutego obowi\u0105zywa\u0107 b\u0119d\u0105 zmiany na wi\u0119kszo\u015bci linii tramwajowych oraz autobusowej 158.\" \/>\n<meta property=\"og:url\" content=\"https:\/\/transinfo.pl\/x\/infotram\/wiekszosc-linii-tramwajowych-gait-zmienia-trasy\/\" \/>\n<meta property=\"og:site_name\" content=\"TransInfo Archiwum\" \/>\n<meta property=\"og:image\" content=\"https:\/\/transinfo.pl\/x\/wp-content\/uploads\/2024\/02\/gait-1-1.jpg\" \/>\n\t<meta property=\"og:image:width\" content=\"1\" \/>\n\t<meta property=\"og:image:height\" content=\"1\" \/>\n\t<meta property=\"og:image:type\" content=\"image\/jpeg\" \/>\n<meta name=\"twitter:card\" content=\"summary_large_image\" \/>\n<meta name=\"twitter:label1\" content=\"Szacowany czas czytania\" \/>\n\t<meta name=\"twitter:data1\" content=\"2 minuty\" \/>\n<script type=\"application\/ld+json\" class=\"yoast-schema-graph\">{\"@context\":\"https:\/\/schema.org\",\"@graph\":[{\"@type\":\"WebPage\",\"@id\":\"https:\/\/transinfo.pl\/x\/infotram\/wiekszosc-linii-tramwajowych-gait-zmienia-trasy\/\",\"url\":\"https:\/\/transinfo.pl\/x\/infotram\/wiekszosc-linii-tramwajowych-gait-zmienia-trasy\/\",\"name\":\"Wi\u0119kszo\u015b\u0107 linii tramwajowych GAiT zmienia trasy - TransInfo Archiwum\",\"isPartOf\":{\"@id\":\"https:\/\/transinfo.pl\/x\/#website\"},\"primaryImageOfPage\":{\"@id\":\"https:\/\/transinfo.pl\/x\/infotram\/wiekszosc-linii-tramwajowych-gait-zmienia-trasy\/#primaryimage\"},\"image\":{\"@id\":\"https:\/\/transinfo.pl\/x\/infotram\/wiekszosc-linii-tramwajowych-gait-zmienia-trasy\/#primaryimage\"},\"thumbnailUrl\":\"https:\/\/transinfo.pl\/x\/wp-content\/uploads\/2024\/02\/gait-1-1.jpg\",\"datePublished\":\"2024-02-07T15:45:00+00:00\",\"dateModified\":\"2024-02-07T15:45:00+00:00\",\"description\":\"W nocy z \u015brody, 7 lutego na czwartek, 8 lutego obowi\u0105zywa\u0107 b\u0119d\u0105 zmiany na wi\u0119kszo\u015bci linii tramwajowych oraz autobusowej 158.\",\"breadcrumb\":{\"@id\":\"https:\/\/transinfo.pl\/x\/infotram\/wiekszosc-linii-tramwajowych-gait-zmienia-trasy\/#breadcrumb\"},\"inLanguage\":\"pl-PL\",\"potentialAction\":[{\"@type\":\"ReadAction\",\"target\":[\"https:\/\/transinfo.pl\/x\/infotram\/wiekszosc-linii-tramwajowych-gait-zmienia-trasy\/\"]}]},{\"@type\":\"ImageObject\",\"inLanguage\":\"pl-PL\",\"@id\":\"https:\/\/transinfo.pl\/x\/infotram\/wiekszosc-linii-tramwajowych-gait-zmienia-trasy\/#primaryimage\",\"url\":\"https:\/\/transinfo.pl\/x\/wp-content\/uploads\/2024\/02\/gait-1-1.jpg\",\"contentUrl\":\"https:\/\/transinfo.pl\/x\/wp-content\/uploads\/2024\/02\/gait-1-1.jpg\"},{\"@type\":\"BreadcrumbList\",\"@id\":\"https:\/\/transinfo.pl\/x\/infotram\/wiekszosc-linii-tramwajowych-gait-zmienia-trasy\/#breadcrumb\",\"itemListElement\":[{\"@type\":\"ListItem\",\"position\":1,\"name\":\"Home\",\"item\":\"https:\/\/transinfo.pl\/x\/\"},{\"@type\":\"ListItem\",\"position\":2,\"name\":\"Infotram\",\"item\":\"https:\/\/transinfo.pl\/x\/infotram\/\"},{\"@type\":\"ListItem\",\"position\":3,\"name\":\"Wi\u0119kszo\u015b\u0107 linii tramwajowych GAiT zmienia trasy\"}]},{\"@type\":\"WebSite\",\"@id\":\"https:\/\/transinfo.pl\/x\/#website\",\"url\":\"https:\/\/transinfo.pl\/x\/\",\"name\":\"TransInfo Archiwum\",\"description\":\"Ca\u0142y transport w jednym miejscu\",\"publisher\":{\"@id\":\"https:\/\/transinfo.pl\/x\/#organization\"},\"potentialAction\":[{\"@type\":\"SearchAction\",\"target\":{\"@type\":\"EntryPoint\",\"urlTemplate\":\"https:\/\/transinfo.pl\/x\/?s={search_term_string}\"},\"query-input\":{\"@type\":\"PropertyValueSpecification\",\"valueRequired\":true,\"valueName\":\"search_term_string\"}}],\"inLanguage\":\"pl-PL\"},{\"@type\":\"Organization\",\"@id\":\"https:\/\/transinfo.pl\/x\/#organization\",\"name\":\"TransInfo\",\"url\":\"https:\/\/transinfo.pl\/x\/\",\"logo\":{\"@type\":\"ImageObject\",\"inLanguage\":\"pl-PL\",\"@id\":\"https:\/\/transinfo.pl\/x\/#\/schema\/logo\/image\/\",\"url\":\"https:\/\/transinfo.pl\/x\/wp-content\/uploads\/2024\/10\/favicon.png\",\"contentUrl\":\"https:\/\/transinfo.pl\/x\/wp-content\/uploads\/2024\/10\/favicon.png\",\"width\":512,\"height\":512,\"caption\":\"TransInfo\"},\"image\":{\"@id\":\"https:\/\/transinfo.pl\/x\/#\/schema\/logo\/image\/\"}}]}<\/script>\n<!-- \/ Yoast SEO Premium plugin. -->","yoast_head_json":{"title":"Wi\u0119kszo\u015b\u0107 linii tramwajowych GAiT zmienia trasy - TransInfo Archiwum","description":"W nocy z \u015brody, 7 lutego na czwartek, 8 lutego obowi\u0105zywa\u0107 b\u0119d\u0105 zmiany na wi\u0119kszo\u015bci linii tramwajowych oraz autobusowej 158.","robots":{"index":"index","follow":"follow","max-snippet":"max-snippet:-1","max-image-preview":"max-image-preview:large","max-video-preview":"max-video-preview:-1"},"canonical":"https:\/\/transinfo.pl\/x\/infotram\/wiekszosc-linii-tramwajowych-gait-zmienia-trasy\/","og_locale":"pl_PL","og_type":"article","og_title":"Wi\u0119kszo\u015b\u0107 linii tramwajowych GAiT zmienia trasy","og_description":"W nocy z \u015brody, 7 lutego na czwartek, 8 lutego obowi\u0105zywa\u0107 b\u0119d\u0105 zmiany na wi\u0119kszo\u015bci linii tramwajowych oraz autobusowej 158.","og_url":"https:\/\/transinfo.pl\/x\/infotram\/wiekszosc-linii-tramwajowych-gait-zmienia-trasy\/","og_site_name":"TransInfo Archiwum","og_image":[{"url":"https:\/\/transinfo.pl\/x\/wp-content\/uploads\/2024\/02\/gait-1-1.jpg","width":1,"height":1,"type":"image\/jpeg"}],"twitter_card":"summary_large_image","twitter_misc":{"Szacowany czas czytania":"2 minuty"},"schema":{"@context":"https:\/\/schema.org","@graph":[{"@type":"WebPage","@id":"https:\/\/transinfo.pl\/x\/infotram\/wiekszosc-linii-tramwajowych-gait-zmienia-trasy\/","url":"https:\/\/transinfo.pl\/x\/infotram\/wiekszosc-linii-tramwajowych-gait-zmienia-trasy\/","name":"Wi\u0119kszo\u015b\u0107 linii tramwajowych GAiT zmienia trasy - TransInfo Archiwum","isPartOf":{"@id":"https:\/\/transinfo.pl\/x\/#website"},"primaryImageOfPage":{"@id":"https:\/\/transinfo.pl\/x\/infotram\/wiekszosc-linii-tramwajowych-gait-zmienia-trasy\/#primaryimage"},"image":{"@id":"https:\/\/transinfo.pl\/x\/infotram\/wiekszosc-linii-tramwajowych-gait-zmienia-trasy\/#primaryimage"},"thumbnailUrl":"https:\/\/transinfo.pl\/x\/wp-content\/uploads\/2024\/02\/gait-1-1.jpg","datePublished":"2024-02-07T15:45:00+00:00","dateModified":"2024-02-07T15:45:00+00:00","description":"W nocy z \u015brody, 7 lutego na czwartek, 8 lutego obowi\u0105zywa\u0107 b\u0119d\u0105 zmiany na wi\u0119kszo\u015bci linii tramwajowych oraz autobusowej 158.","breadcrumb":{"@id":"https:\/\/transinfo.pl\/x\/infotram\/wiekszosc-linii-tramwajowych-gait-zmienia-trasy\/#breadcrumb"},"inLanguage":"pl-PL","potentialAction":[{"@type":"ReadAction","target":["https:\/\/transinfo.pl\/x\/infotram\/wiekszosc-linii-tramwajowych-gait-zmienia-trasy\/"]}]},{"@type":"ImageObject","inLanguage":"pl-PL","@id":"https:\/\/transinfo.pl\/x\/infotram\/wiekszosc-linii-tramwajowych-gait-zmienia-trasy\/#primaryimage","url":"https:\/\/transinfo.pl\/x\/wp-content\/uploads\/2024\/02\/gait-1-1.jpg","contentUrl":"https:\/\/transinfo.pl\/x\/wp-content\/uploads\/2024\/02\/gait-1-1.jpg"},{"@type":"BreadcrumbList","@id":"https:\/\/transinfo.pl\/x\/infotram\/wiekszosc-linii-tramwajowych-gait-zmienia-trasy\/#breadcrumb","itemListElement":[{"@type":"ListItem","position":1,"name":"Home","item":"https:\/\/transinfo.pl\/x\/"},{"@type":"ListItem","position":2,"name":"Infotram","item":"https:\/\/transinfo.pl\/x\/infotram\/"},{"@type":"ListItem","position":3,"name":"Wi\u0119kszo\u015b\u0107 linii tramwajowych GAiT zmienia trasy"}]},{"@type":"WebSite","@id":"https:\/\/transinfo.pl\/x\/#website","url":"https:\/\/transinfo.pl\/x\/","name":"TransInfo Archiwum","description":"Ca\u0142y transport w jednym miejscu","publisher":{"@id":"https:\/\/transinfo.pl\/x\/#organization"},"potentialAction":[{"@type":"SearchAction","target":{"@type":"EntryPoint","urlTemplate":"https:\/\/transinfo.pl\/x\/?s={search_term_string}"},"query-input":{"@type":"PropertyValueSpecification","valueRequired":true,"valueName":"search_term_string"}}],"inLanguage":"pl-PL"},{"@type":"Organization","@id":"https:\/\/transinfo.pl\/x\/#organization","name":"TransInfo","url":"https:\/\/transinfo.pl\/x\/","logo":{"@type":"ImageObject","inLanguage":"pl-PL","@id":"https:\/\/transinfo.pl\/x\/#\/schema\/logo\/image\/","url":"https:\/\/transinfo.pl\/x\/wp-content\/uploads\/2024\/10\/favicon.png","contentUrl":"https:\/\/transinfo.pl\/x\/wp-content\/uploads\/2024\/10\/favicon.png","width":512,"height":512,"caption":"TransInfo"},"image":{"@id":"https:\/\/transinfo.pl\/x\/#\/schema\/logo\/image\/"}}]}},"_links":{"self":[{"href":"https:\/\/transinfo.pl\/x\/wp-json\/wp\/v2\/infotram\/264547","targetHints":{"allow":["GET"]}}],"collection":[{"href":"https:\/\/transinfo.pl\/x\/wp-json\/wp\/v2\/infotram"}],"about":[{"href":"https:\/\/transinfo.pl\/x\/wp-json\/wp\/v2\/types\/infotram"}],"author":[{"embeddable":true,"href":"https:\/\/transinfo.pl\/x\/wp-json\/wp\/v2\/users\/3"}],"replies":[{"embeddable":true,"href":"https:\/\/transinfo.pl\/x\/wp-json\/wp\/v2\/comments?post=264547"}],"wp:featuredmedia":[{"embeddable":true,"href":"https:\/\/transinfo.pl\/x\/wp-json\/wp\/v2\/media\/264548"}],"wp:attachment":[{"href":"https:\/\/transinfo.pl\/x\/wp-json\/wp\/v2\/media?parent=264547"}],"wp:term":[{"taxonomy":"category","embeddable":true,"href":"https:\/\/transinfo.pl\/x\/wp-json\/wp\/v2\/categories?post=264547"},{"taxonomy":"post_tag","embeddable":true,"href":"https:\/\/transinfo.pl\/x\/wp-json\/wp\/v2\/tags?post=264547"}],"curies":[{"name":"wp","href":"https:\/\/api.w.org\/{rel}","templated":true}]}}