{"id":264372,"date":"2024-02-04T14:45:00","date_gmt":"2024-02-04T14:45:00","guid":{"rendered":"https:\/\/transinfo.pl\/x\/infotram\/linia-nr-16-mpk-wroclaw-zmienila-trase\/"},"modified":"2024-02-04T14:45:00","modified_gmt":"2024-02-04T14:45:00","slug":"linia-nr-16-mpk-wroclaw-zmienila-trase","status":"publish","type":"infotram","link":"https:\/\/transinfo.pl\/x\/infotram\/linia-nr-16-mpk-wroclaw-zmienila-trase\/","title":{"rendered":"Linia nr 16 MPK Wroc\u0142aw zmieni\u0142a tras\u0119"},"content":{"rendered":"<style>h1,h2,h3,h4,h5,h6{margin:0 0 1.25rem;font-family:Arial,sans-serif;font-weight:600;color:#050505}h1{font-size:1.875rem;line-height:1.1em;text-transform:none}@media(min-width: 768px){h1{font-size:2.375rem}}h2{font-size:1.1875rem;line-height:1.2em;text-transform:uppercase}@media(min-width: 768px){h2{font-size:1.0625rem}}h3{font-size:0.9375rem;line-height:1.4em;font-weight:900;margin-bottom:0.9375rem}h4{font-size:0.875rem;line-height:1.2em;font-weight:500}h5{font-size:0.9375rem;line-height:1.6;font-weight:400}h6{font-size:0.9375rem;line-height:1.6;font-weight:600}\n<\/style>\n<h3 class=\"wp-block-heading\" id=\"h-od-3-lutego-2024-roku-spore-zmiany-czekaja-pasazerow-podrozujacych-linia-16-obslugiwana-przez-mpk-wroclaw\">Od 3 lutego 2024 roku, spore zmiany czekaj\u0105 pasa\u017cer\u00f3w podr\u00f3\u017cuj\u0105cych lini\u0105 16, obs\u0142ugiwan\u0105 przez MPK Wroc\u0142aw. <\/h3>\n\n\n<style>p{margin:0 0 1.5rem}p:last-child{margin:0}p.is-style-uppercase{text-transform:uppercase}p.is-style-preheading{color:#12406a;text-transform:uppercase}p.is-style-leadparagraph{font-size:1rem;line-height:1.625;font-weight:700}@media(min-width: 768px){p.is-style-leadparagraph{font-size:1.125rem;line-height:1.5555555556}}p.has-small-margin{margin-bottom:0.625rem}p.has-small-margin+h1,p.has-small-margin+h2,p.has-small-margin+h3{margin-top:1.875rem}\n<\/style>\n<p>Z pl. Grunwaldzkiego kursowa\u0107 b\u0119dzie do zoo, zamiast na Kar\u0142owice przez O\u0142bin, Nadodrze i Kleczk\u00f3w.<\/p>\n\n\n\n<h2 class=\"wp-block-heading\" id=\"h-zmiany-dla-pasazerow\">Zmiany dla pasa\u017cer\u00f3w<\/h2>\n\n\n\n<p>Do dyspozycji pasa\u017cer\u00f3w zostanie &#8222;jedynka&#8221;, do kt\u00f3rej z &#8222;szesnastki&#8221; b\u0119dzie mo\u017cna si\u0119 przesi\u0105\u015b\u0107 na rondzie Reagana, aby dojecha\u0107 na Kar\u0142owice. W przeciwnym kierunku podr\u00f3\u017c r\u00f3wnie\u017c b\u0119dzie wi\u0105za\u0142a si\u0119 z przesiadk\u0105.\u00a0<\/p>\n\n\n\n<p>Mniejsze komplikacje wynikn\u0105 dla pasa\u017cer\u00f3w &#8222;czw\u00f3rki&#8221;. B\u0119d\u0105 korzysta\u0107 z peronu 1., a tramwaj nie zmieni trasy. Podobnie autobusy\u00a0D,\u00a0145,\u00a0146,\u00a0149\u00a0i kursy nocne linii\u00a0240,\u00a0253\u00a0i\u00a0255\u00a0w kierunku pl. Wr\u00f3blewskiego lub pl. Dominika\u0144skiego b\u0119d\u0105 realizowane z peronu 1.<\/p>\n\n\n\n<p>Aby 1. peron si\u0119 nie zakorkowa\u0142, autobusy linii 111, 115, 121, 131, 151\u00a0i\u00a0315\u00a0nadal b\u0119d\u0105 kursowa\u0107 wytyczonymi objazdami\u00a0w rejonie pl. Grunwaldzkiego.<\/p>\n\n\n\n<p><\/p>\n\n\n<style>.wp-block-image{margin:1.25rem 0;text-align:center}.wp-block-image figcaption{padding:0 0.9375rem;text-align:center}\n<\/style>\n<figure class=\"wp-block-image size-full\"><a href=\"https:\/\/transinfo.pl\/wp-content\/uploads\/2024\/02\/linia-16.jpg\"><img decoding=\"async\" src=\"https:\/\/transinfo.pl\/wp-content\/uploads\/2024\/02\/linia-16.jpg\" alt=\"Od 3 lutego 2024 roku, spore zmiany czekaj\u0105 pasa\u017cer\u00f3w podr\u00f3\u017cuj\u0105cych lini\u0105 16, obs\u0142ugiwan\u0105 przez MPK Wroc\u0142aw. \" class=\"wp-image-462519\" \/><\/a><figcaption class=\"wp-element-caption\">Objazd dla linii nr 16<\/figcaption><\/figure>\n\n\n\n<p><\/p>\n\n\n\n<p>MPK zako\u0144czy\u0142o pierwszy etap wymiany zwrotnic w rozje\u017adzie od strony most\u00f3w M\u0142y\u0144skich i od razu rozpocz\u0119\u0142o prace na odcinku od strony Sienkiewicza. Trwa wymiana zwrotnic w rozje\u017adzie dwutorowym.<\/p>\n\n\n\n<p>To powoduje objazdy linii\u00a09\u00a0i\u00a017. Aby z po\u0142udnia miasta dojecha\u0107 do pl. Bema, na Dominika\u0144skim nale\u017cy si\u0119 przesi\u0105\u015b\u0107 w &#8222;\u00f3semk\u0119&#8221;, &#8222;jedenastk\u0119&#8221; lub 23.<\/p>\n","protected":false},"author":3,"featured_media":144057,"comment_status":"","ping_status":"closed","template":"","categories":[28],"tags":[946,880,1133,123,4955],"class_list":["post-264372","infotram","type-infotram","status-publish","has-post-thumbnail","hentry","category-pasazer","tag-linia-tramwajowa","tag-mpk-wroclaw","tag-objazd","tag-pasazer","tag-utrudnienia"],"acf":[],"yoast_head":"<!-- This site is optimized with the Yoast SEO Premium plugin v21.8 (Yoast SEO v23.7) - https:\/\/yoast.com\/wordpress\/plugins\/seo\/ -->\n<title>Linia nr 16 MPK Wroc\u0142aw zmieni\u0142a tras\u0119 - TransInfo Archiwum<\/title>\n<meta name=\"description\" content=\"Od 3 lutego 2024 roku, spore zmiany czekaj\u0105 pasa\u017cer\u00f3w podr\u00f3\u017cuj\u0105cych lini\u0105 16, obs\u0142ugiwan\u0105 przez MPK Wroc\u0142aw.\" \/>\n<meta name=\"robots\" content=\"index, follow, max-snippet:-1, max-image-preview:large, max-video-preview:-1\" \/>\n<link rel=\"canonical\" href=\"https:\/\/transinfo.pl\/x\/infotram\/linia-nr-16-mpk-wroclaw-zmienila-trase\/\" \/>\n<meta property=\"og:locale\" content=\"pl_PL\" \/>\n<meta property=\"og:type\" content=\"article\" \/>\n<meta property=\"og:title\" content=\"Linia nr 16 MPK Wroc\u0142aw zmieni\u0142a tras\u0119\" \/>\n<meta property=\"og:description\" content=\"Od 3 lutego 2024 roku, spore zmiany czekaj\u0105 pasa\u017cer\u00f3w podr\u00f3\u017cuj\u0105cych lini\u0105 16, obs\u0142ugiwan\u0105 przez MPK Wroc\u0142aw.\" \/>\n<meta property=\"og:url\" content=\"https:\/\/transinfo.pl\/x\/infotram\/linia-nr-16-mpk-wroclaw-zmienila-trase\/\" \/>\n<meta property=\"og:site_name\" content=\"TransInfo Archiwum\" \/>\n<meta property=\"og:image\" content=\"https:\/\/transinfo.pl\/x\/wp-content\/uploads\/2022\/01\/wroclaw.jpg\" \/>\n\t<meta property=\"og:image:width\" content=\"1\" \/>\n\t<meta property=\"og:image:height\" content=\"1\" \/>\n\t<meta property=\"og:image:type\" content=\"image\/jpeg\" \/>\n<meta name=\"twitter:card\" content=\"summary_large_image\" \/>\n<meta name=\"twitter:label1\" content=\"Szacowany czas czytania\" \/>\n\t<meta name=\"twitter:data1\" content=\"1 minuta\" \/>\n<script type=\"application\/ld+json\" class=\"yoast-schema-graph\">{\"@context\":\"https:\/\/schema.org\",\"@graph\":[{\"@type\":\"WebPage\",\"@id\":\"https:\/\/transinfo.pl\/x\/infotram\/linia-nr-16-mpk-wroclaw-zmienila-trase\/\",\"url\":\"https:\/\/transinfo.pl\/x\/infotram\/linia-nr-16-mpk-wroclaw-zmienila-trase\/\",\"name\":\"Linia nr 16 MPK Wroc\u0142aw zmieni\u0142a tras\u0119 - TransInfo Archiwum\",\"isPartOf\":{\"@id\":\"https:\/\/transinfo.pl\/x\/#website\"},\"primaryImageOfPage\":{\"@id\":\"https:\/\/transinfo.pl\/x\/infotram\/linia-nr-16-mpk-wroclaw-zmienila-trase\/#primaryimage\"},\"image\":{\"@id\":\"https:\/\/transinfo.pl\/x\/infotram\/linia-nr-16-mpk-wroclaw-zmienila-trase\/#primaryimage\"},\"thumbnailUrl\":\"https:\/\/transinfo.pl\/x\/wp-content\/uploads\/2022\/01\/wroclaw.jpg\",\"datePublished\":\"2024-02-04T14:45:00+00:00\",\"dateModified\":\"2024-02-04T14:45:00+00:00\",\"description\":\"Od 3 lutego 2024 roku, spore zmiany czekaj\u0105 pasa\u017cer\u00f3w podr\u00f3\u017cuj\u0105cych lini\u0105 16, obs\u0142ugiwan\u0105 przez MPK Wroc\u0142aw.\",\"breadcrumb\":{\"@id\":\"https:\/\/transinfo.pl\/x\/infotram\/linia-nr-16-mpk-wroclaw-zmienila-trase\/#breadcrumb\"},\"inLanguage\":\"pl-PL\",\"potentialAction\":[{\"@type\":\"ReadAction\",\"target\":[\"https:\/\/transinfo.pl\/x\/infotram\/linia-nr-16-mpk-wroclaw-zmienila-trase\/\"]}]},{\"@type\":\"ImageObject\",\"inLanguage\":\"pl-PL\",\"@id\":\"https:\/\/transinfo.pl\/x\/infotram\/linia-nr-16-mpk-wroclaw-zmienila-trase\/#primaryimage\",\"url\":\"https:\/\/transinfo.pl\/x\/wp-content\/uploads\/2022\/01\/wroclaw.jpg\",\"contentUrl\":\"https:\/\/transinfo.pl\/x\/wp-content\/uploads\/2022\/01\/wroclaw.jpg\"},{\"@type\":\"BreadcrumbList\",\"@id\":\"https:\/\/transinfo.pl\/x\/infotram\/linia-nr-16-mpk-wroclaw-zmienila-trase\/#breadcrumb\",\"itemListElement\":[{\"@type\":\"ListItem\",\"position\":1,\"name\":\"Home\",\"item\":\"https:\/\/transinfo.pl\/x\/\"},{\"@type\":\"ListItem\",\"position\":2,\"name\":\"Infotram\",\"item\":\"https:\/\/transinfo.pl\/x\/infotram\/\"},{\"@type\":\"ListItem\",\"position\":3,\"name\":\"Linia nr 16 MPK Wroc\u0142aw zmieni\u0142a tras\u0119\"}]},{\"@type\":\"WebSite\",\"@id\":\"https:\/\/transinfo.pl\/x\/#website\",\"url\":\"https:\/\/transinfo.pl\/x\/\",\"name\":\"TransInfo Archiwum\",\"description\":\"Ca\u0142y transport w jednym miejscu\",\"publisher\":{\"@id\":\"https:\/\/transinfo.pl\/x\/#organization\"},\"potentialAction\":[{\"@type\":\"SearchAction\",\"target\":{\"@type\":\"EntryPoint\",\"urlTemplate\":\"https:\/\/transinfo.pl\/x\/?s={search_term_string}\"},\"query-input\":{\"@type\":\"PropertyValueSpecification\",\"valueRequired\":true,\"valueName\":\"search_term_string\"}}],\"inLanguage\":\"pl-PL\"},{\"@type\":\"Organization\",\"@id\":\"https:\/\/transinfo.pl\/x\/#organization\",\"name\":\"TransInfo\",\"url\":\"https:\/\/transinfo.pl\/x\/\",\"logo\":{\"@type\":\"ImageObject\",\"inLanguage\":\"pl-PL\",\"@id\":\"https:\/\/transinfo.pl\/x\/#\/schema\/logo\/image\/\",\"url\":\"https:\/\/transinfo.pl\/x\/wp-content\/uploads\/2024\/10\/favicon.png\",\"contentUrl\":\"https:\/\/transinfo.pl\/x\/wp-content\/uploads\/2024\/10\/favicon.png\",\"width\":512,\"height\":512,\"caption\":\"TransInfo\"},\"image\":{\"@id\":\"https:\/\/transinfo.pl\/x\/#\/schema\/logo\/image\/\"}}]}<\/script>\n<!-- \/ Yoast SEO Premium plugin. -->","yoast_head_json":{"title":"Linia nr 16 MPK Wroc\u0142aw zmieni\u0142a tras\u0119 - TransInfo Archiwum","description":"Od 3 lutego 2024 roku, spore zmiany czekaj\u0105 pasa\u017cer\u00f3w podr\u00f3\u017cuj\u0105cych lini\u0105 16, obs\u0142ugiwan\u0105 przez MPK Wroc\u0142aw.","robots":{"index":"index","follow":"follow","max-snippet":"max-snippet:-1","max-image-preview":"max-image-preview:large","max-video-preview":"max-video-preview:-1"},"canonical":"https:\/\/transinfo.pl\/x\/infotram\/linia-nr-16-mpk-wroclaw-zmienila-trase\/","og_locale":"pl_PL","og_type":"article","og_title":"Linia nr 16 MPK Wroc\u0142aw zmieni\u0142a tras\u0119","og_description":"Od 3 lutego 2024 roku, spore zmiany czekaj\u0105 pasa\u017cer\u00f3w podr\u00f3\u017cuj\u0105cych lini\u0105 16, obs\u0142ugiwan\u0105 przez MPK Wroc\u0142aw.","og_url":"https:\/\/transinfo.pl\/x\/infotram\/linia-nr-16-mpk-wroclaw-zmienila-trase\/","og_site_name":"TransInfo Archiwum","og_image":[{"url":"https:\/\/transinfo.pl\/x\/wp-content\/uploads\/2022\/01\/wroclaw.jpg","width":1,"height":1,"type":"image\/jpeg"}],"twitter_card":"summary_large_image","twitter_misc":{"Szacowany czas czytania":"1 minuta"},"schema":{"@context":"https:\/\/schema.org","@graph":[{"@type":"WebPage","@id":"https:\/\/transinfo.pl\/x\/infotram\/linia-nr-16-mpk-wroclaw-zmienila-trase\/","url":"https:\/\/transinfo.pl\/x\/infotram\/linia-nr-16-mpk-wroclaw-zmienila-trase\/","name":"Linia nr 16 MPK Wroc\u0142aw zmieni\u0142a tras\u0119 - TransInfo Archiwum","isPartOf":{"@id":"https:\/\/transinfo.pl\/x\/#website"},"primaryImageOfPage":{"@id":"https:\/\/transinfo.pl\/x\/infotram\/linia-nr-16-mpk-wroclaw-zmienila-trase\/#primaryimage"},"image":{"@id":"https:\/\/transinfo.pl\/x\/infotram\/linia-nr-16-mpk-wroclaw-zmienila-trase\/#primaryimage"},"thumbnailUrl":"https:\/\/transinfo.pl\/x\/wp-content\/uploads\/2022\/01\/wroclaw.jpg","datePublished":"2024-02-04T14:45:00+00:00","dateModified":"2024-02-04T14:45:00+00:00","description":"Od 3 lutego 2024 roku, spore zmiany czekaj\u0105 pasa\u017cer\u00f3w podr\u00f3\u017cuj\u0105cych lini\u0105 16, obs\u0142ugiwan\u0105 przez MPK Wroc\u0142aw.","breadcrumb":{"@id":"https:\/\/transinfo.pl\/x\/infotram\/linia-nr-16-mpk-wroclaw-zmienila-trase\/#breadcrumb"},"inLanguage":"pl-PL","potentialAction":[{"@type":"ReadAction","target":["https:\/\/transinfo.pl\/x\/infotram\/linia-nr-16-mpk-wroclaw-zmienila-trase\/"]}]},{"@type":"ImageObject","inLanguage":"pl-PL","@id":"https:\/\/transinfo.pl\/x\/infotram\/linia-nr-16-mpk-wroclaw-zmienila-trase\/#primaryimage","url":"https:\/\/transinfo.pl\/x\/wp-content\/uploads\/2022\/01\/wroclaw.jpg","contentUrl":"https:\/\/transinfo.pl\/x\/wp-content\/uploads\/2022\/01\/wroclaw.jpg"},{"@type":"BreadcrumbList","@id":"https:\/\/transinfo.pl\/x\/infotram\/linia-nr-16-mpk-wroclaw-zmienila-trase\/#breadcrumb","itemListElement":[{"@type":"ListItem","position":1,"name":"Home","item":"https:\/\/transinfo.pl\/x\/"},{"@type":"ListItem","position":2,"name":"Infotram","item":"https:\/\/transinfo.pl\/x\/infotram\/"},{"@type":"ListItem","position":3,"name":"Linia nr 16 MPK Wroc\u0142aw zmieni\u0142a tras\u0119"}]},{"@type":"WebSite","@id":"https:\/\/transinfo.pl\/x\/#website","url":"https:\/\/transinfo.pl\/x\/","name":"TransInfo Archiwum","description":"Ca\u0142y transport w jednym miejscu","publisher":{"@id":"https:\/\/transinfo.pl\/x\/#organization"},"potentialAction":[{"@type":"SearchAction","target":{"@type":"EntryPoint","urlTemplate":"https:\/\/transinfo.pl\/x\/?s={search_term_string}"},"query-input":{"@type":"PropertyValueSpecification","valueRequired":true,"valueName":"search_term_string"}}],"inLanguage":"pl-PL"},{"@type":"Organization","@id":"https:\/\/transinfo.pl\/x\/#organization","name":"TransInfo","url":"https:\/\/transinfo.pl\/x\/","logo":{"@type":"ImageObject","inLanguage":"pl-PL","@id":"https:\/\/transinfo.pl\/x\/#\/schema\/logo\/image\/","url":"https:\/\/transinfo.pl\/x\/wp-content\/uploads\/2024\/10\/favicon.png","contentUrl":"https:\/\/transinfo.pl\/x\/wp-content\/uploads\/2024\/10\/favicon.png","width":512,"height":512,"caption":"TransInfo"},"image":{"@id":"https:\/\/transinfo.pl\/x\/#\/schema\/logo\/image\/"}}]}},"_links":{"self":[{"href":"https:\/\/transinfo.pl\/x\/wp-json\/wp\/v2\/infotram\/264372","targetHints":{"allow":["GET"]}}],"collection":[{"href":"https:\/\/transinfo.pl\/x\/wp-json\/wp\/v2\/infotram"}],"about":[{"href":"https:\/\/transinfo.pl\/x\/wp-json\/wp\/v2\/types\/infotram"}],"author":[{"embeddable":true,"href":"https:\/\/transinfo.pl\/x\/wp-json\/wp\/v2\/users\/3"}],"replies":[{"embeddable":true,"href":"https:\/\/transinfo.pl\/x\/wp-json\/wp\/v2\/comments?post=264372"}],"wp:featuredmedia":[{"embeddable":true,"href":"https:\/\/transinfo.pl\/x\/wp-json\/wp\/v2\/media\/144057"}],"wp:attachment":[{"href":"https:\/\/transinfo.pl\/x\/wp-json\/wp\/v2\/media?parent=264372"}],"wp:term":[{"taxonomy":"category","embeddable":true,"href":"https:\/\/transinfo.pl\/x\/wp-json\/wp\/v2\/categories?post=264372"},{"taxonomy":"post_tag","embeddable":true,"href":"https:\/\/transinfo.pl\/x\/wp-json\/wp\/v2\/tags?post=264372"}],"curies":[{"name":"wp","href":"https:\/\/api.w.org\/{rel}","templated":true}]}}