{"id":264199,"date":"2024-01-31T13:45:00","date_gmt":"2024-01-31T13:45:00","guid":{"rendered":"https:\/\/transinfo.pl\/x\/infotram\/siedem-linii-tramwajow-slaskich-zmienia-trasy\/"},"modified":"2024-01-31T13:45:00","modified_gmt":"2024-01-31T13:45:00","slug":"siedem-linii-tramwajow-slaskich-zmienia-trasy","status":"publish","type":"infotram","link":"https:\/\/transinfo.pl\/x\/infotram\/siedem-linii-tramwajow-slaskich-zmienia-trasy\/","title":{"rendered":"Tramwaje \u015al\u0105skie pojad\u0105 inaczej w \u015awi\u0119toch\u0142owicach i Rudzie \u015al\u0105skiej"},"content":{"rendered":"<style>h1,h2,h3,h4,h5,h6{margin:0 0 1.25rem;font-family:Arial,sans-serif;font-weight:600;color:#050505}h1{font-size:1.875rem;line-height:1.1em;text-transform:none}@media(min-width: 768px){h1{font-size:2.375rem}}h2{font-size:1.1875rem;line-height:1.2em;text-transform:uppercase}@media(min-width: 768px){h2{font-size:1.0625rem}}h3{font-size:0.9375rem;line-height:1.4em;font-weight:900;margin-bottom:0.9375rem}h4{font-size:0.875rem;line-height:1.2em;font-weight:500}h5{font-size:0.9375rem;line-height:1.6;font-weight:400}h6{font-size:0.9375rem;line-height:1.6;font-weight:600}\n<\/style>\n<h3 class=\"wp-block-heading\" id=\"h-zakonczenie-przebudowy-infrastruktury-tramwajowej-w-swietochlowicach-oraz-przebudowa-petli-tramwajowej-w-rudzie-slaskiej-wiaze-sie-ze-zmianami-w-funkcjonowaniu-komunikacji-miejskiej\">Zako\u0144czenie przebudowy infrastruktury tramwajowej w \u015awi\u0119toch\u0142owicach oraz przebudowa p\u0119tli tramwajowej w Rudzie \u015al\u0105skiej wi\u0105\u017ce si\u0119 ze zmianami w funkcjonowaniu komunikacji miejskiej.<\/h3>\n\n\n<style>p{margin:0 0 1.5rem}p:last-child{margin:0}p.is-style-uppercase{text-transform:uppercase}p.is-style-preheading{color:#12406a;text-transform:uppercase}p.is-style-leadparagraph{font-size:1rem;line-height:1.625;font-weight:700}@media(min-width: 768px){p.is-style-leadparagraph{font-size:1.125rem;line-height:1.5555555556}}p.has-small-margin{margin-bottom:0.625rem}p.has-small-margin+h1,p.has-small-margin+h2,p.has-small-margin+h3{margin-top:1.875rem}\n<\/style>\n<p>Inaczej pojedzie 9 linii tramwajowych.<\/p>\n\n\n\n<h2 class=\"wp-block-heading\" id=\"h-zmiany-tras\">Zmiany tras<\/h2>\n\n\n\n<p>Od 3 lutego wprowadzone zostan\u0105 nast\u0119puj\u0105ce zmiany:<\/p>\n\n\n\n<p>trasa linii tramwajowej 9 zostanie skr\u00f3cona do przystanku Nowy Bytom Os. Kaufhaus;<\/p>\n\n\n\n<p>trasa linii tramwajowej 10 zostanie skr\u00f3cona do relacji Bytom Pl. Sikorskiego \u2013 Chebzie Paw\u0142a;<\/p>\n\n\n\n<p>wprowadzona zostanie nowa trasa linii tramwajowej 17 w relacji Chorz\u00f3w Rynek \u2013 \u0141agiewniki Targowisko \u2013 Lipiny Mijanka;<\/p>\n\n\n\n<p>trasa linii tramwajowej 29 zostanie skr\u00f3cona do przystanku Chebzie Paw\u0142a;<\/p>\n\n\n\n<p>wznowione zostanie kursowanie linii 56 na trasie Bytom Szko\u0142a Medyczna \u2013 \u0141agiewniki Zajezdnia;<\/p>\n\n\n\n<p>tramwaje linii 6 i 25 kursowa\u0107 b\u0119d\u0105 zgodnie z nowymi rozk\u0142adami jazdy;<\/p>\n\n\n\n<p>zawieszona zostanie autobusowa komunikacja zast\u0119pcza T-47;<\/p>\n\n\n\n<p>uruchomione zostan\u0105 nowe linie autobusowej komunikacji zast\u0119pczej: T-1 w relacji Chebzie Rondo \u2013 Zaborze P\u0119tla oraz T-9 w relacji Orzeg\u00f3w Waniora \u2013 Wirek Kopalnia Pok\u00f3j.<\/p>\n\n\n\n<p><\/p>\n\n\n<style>.wp-block-image{margin:1.25rem 0;text-align:center}.wp-block-image figcaption{padding:0 0.9375rem;text-align:center}\n<\/style>\n<figure class=\"wp-block-image size-large\"><a href=\"https:\/\/transinfo.pl\/wp-content\/uploads\/2024\/01\/tram-network.jpg\"><img decoding=\"async\" src=\"https:\/\/transinfo.pl\/wp-content\/uploads\/2024\/01\/tram-network-1024x724.jpg\" alt=\"Zako\u0144czenie przebudowy infrastruktury tramwajowej w \u015awi\u0119toch\u0142owicach oraz przebudowa p\u0119tli tramwajowej w Rudzie \u015al\u0105skiej wi\u0105\u017ce si\u0119 ze zmianami w funkcjonowaniu komunikacji miejskiej.\" class=\"wp-image-462176\" \/><\/a><figcaption class=\"wp-element-caption\">Schemat komunikacji tramwajowej<\/figcaption><\/figure>\n\n\n\n<p><\/p>\n\n\n\n<p>Trasa linii autobusowej komunikacji zast\u0119pczej&nbsp;T-1&nbsp;w kierunku przystanku Zaborze P\u0119tla:<\/p>\n\n\n\n<p>Chebzie Rondo 01 \u2013 Chebzie Dworcowa 01 \u2013 Chebzie Styczy\u0144skiego 01 \u2013 Ruda Urz\u0105d Skarbowy 04 \u2013 Ruda Po\u0142udniowa 01 \u2013 Ruda Klary 01 \u2013 Zaborze Wolno\u015bci 02 \u2013 Zaborze P\u0119tla 31.<\/p>\n\n\n\n<p>Trasa linii autobusowej komunikacji zast\u0119pczej&nbsp;T-1&nbsp;w kierunku przystanku Chebzie Rondo:<\/p>\n\n\n\n<p>Zaborze P\u0119tla 02t \u2013 Zaborze Wolno\u015bci 01 \u2013 Ruda Klary 02 \u2013 Ruda Po\u0142udniowa 02 \u2013 Ruda Urz\u0105d Skarbowy 05 \u2013 Chebzie Styczy\u0144skiego 02 \u2013 Chebzie W\u0119glowa 01 \u2013 Chebzie Rondo 01.<\/p>\n\n\n\n<p>Trasa linii autobusowej komunikacji zast\u0119pczej&nbsp;T-9&nbsp;w kierunku przystanku Wirek Kopalnia Pok\u00f3j:<\/p>\n\n\n\n<p>Orzeg\u00f3w Waniora 01 \u2013 Godula Inkubator 02 \u2013 Godula Pl. Niepodleg\u0142o\u015bci \u2013 Chebzie Paw\u0142a n\u017c 01 \u2013 Chebzie Rondo 02 \u2013 Nowy Bytom Os. Kaufhaus 01 \u2013 Bytom Huta Pok\u00f3j 01 \u2013 Nowy Bytom Urz\u0105d Miasta 01 \u2013 Nowy Bytom Centrum 01 \u2013 Wirek Kopalnia Pok\u00f3j 01 \u2013 Wirek Kopalnia Pok\u00f3j 02.<\/p>\n\n\n\n<p>Trasa linii autobusowej komunikacji zast\u0119pczej&nbsp;T-9&nbsp;w kierunku przystanku Orzeg\u00f3w Waniora:<\/p>\n\n\n\n<p>Wirek Kopalnia Pok\u00f3j 02 \u2013 Nowy Bytom Urz\u0105d Miasta 02 \u2013 Nowy Bytom Huta Pok\u00f3j 02 \u2013 Nowy Bytom Os. Kaufhaus 02 \u2013 Chebzie Rondo 01 \u2013 Chebzie Paw\u0142a n\u017c 02 \u2013 Godula Pl. Niepodleg\u0142o\u015bci 02 \u2013 Godula Inkubator 01 \u2013 Orzeg\u00f3w Waniora 01.<\/p>\n\n\n\n<p>Na trasie linii tramwajowej&nbsp;17&nbsp;uruchomiony zostanie nowy przystanek tramwajowy Chropacz\u00f3w Os. Wiechaczka 01t i 02t, zlokalizowany w pobli\u017cu osiedla mieszkaniowego mi\u0119dzy ul. \u0141agiewnick\u0105 a ul. Wiktora Wiechaczka.<\/p>\n","protected":false},"author":3,"featured_media":264200,"comment_status":"","ping_status":"closed","template":"","categories":[28],"tags":[946,123,826],"class_list":["post-264199","infotram","type-infotram","status-publish","has-post-thumbnail","hentry","category-pasazer","tag-linia-tramwajowa","tag-pasazer","tag-tramwaje-slaskie"],"acf":[],"yoast_head":"<!-- This site is optimized with the Yoast SEO Premium plugin v21.8 (Yoast SEO v23.7) - https:\/\/yoast.com\/wordpress\/plugins\/seo\/ -->\n<title>Tramwaje \u015al\u0105skie pojad\u0105 inaczej w \u015awi\u0119toch\u0142owicach i Rudzie \u015al\u0105skiej - TransInfo Archiwum<\/title>\n<meta name=\"description\" content=\"Zako\u0144czenie przebudowy infrastruktury tramwajowej w \u015awi\u0119toch\u0142owicach wi\u0105\u017ce si\u0119 ze zmianami w funkcjonowaniu komunikacji miejskiej.\" \/>\n<meta name=\"robots\" content=\"index, follow, max-snippet:-1, max-image-preview:large, max-video-preview:-1\" \/>\n<link rel=\"canonical\" href=\"https:\/\/transinfo.pl\/x\/infotram\/siedem-linii-tramwajow-slaskich-zmienia-trasy\/\" \/>\n<meta property=\"og:locale\" content=\"pl_PL\" \/>\n<meta property=\"og:type\" content=\"article\" \/>\n<meta property=\"og:title\" content=\"Tramwaje \u015al\u0105skie pojad\u0105 inaczej w \u015awi\u0119toch\u0142owicach i Rudzie \u015al\u0105skiej\" \/>\n<meta property=\"og:description\" content=\"Zako\u0144czenie przebudowy infrastruktury tramwajowej w \u015awi\u0119toch\u0142owicach wi\u0105\u017ce si\u0119 ze zmianami w funkcjonowaniu komunikacji miejskiej.\" \/>\n<meta property=\"og:url\" content=\"https:\/\/transinfo.pl\/x\/infotram\/siedem-linii-tramwajow-slaskich-zmienia-trasy\/\" \/>\n<meta property=\"og:site_name\" content=\"TransInfo Archiwum\" \/>\n<meta property=\"og:image\" content=\"https:\/\/transinfo.pl\/x\/wp-content\/uploads\/2024\/01\/tram-slaskie.jpg\" \/>\n\t<meta property=\"og:image:width\" content=\"1\" \/>\n\t<meta property=\"og:image:height\" content=\"1\" \/>\n\t<meta property=\"og:image:type\" content=\"image\/jpeg\" \/>\n<meta name=\"twitter:card\" content=\"summary_large_image\" \/>\n<meta name=\"twitter:label1\" content=\"Szacowany czas czytania\" \/>\n\t<meta name=\"twitter:data1\" content=\"2 minuty\" \/>\n<script type=\"application\/ld+json\" class=\"yoast-schema-graph\">{\"@context\":\"https:\/\/schema.org\",\"@graph\":[{\"@type\":\"WebPage\",\"@id\":\"https:\/\/transinfo.pl\/x\/infotram\/siedem-linii-tramwajow-slaskich-zmienia-trasy\/\",\"url\":\"https:\/\/transinfo.pl\/x\/infotram\/siedem-linii-tramwajow-slaskich-zmienia-trasy\/\",\"name\":\"Tramwaje \u015al\u0105skie pojad\u0105 inaczej w \u015awi\u0119toch\u0142owicach i Rudzie \u015al\u0105skiej - TransInfo Archiwum\",\"isPartOf\":{\"@id\":\"https:\/\/transinfo.pl\/x\/#website\"},\"primaryImageOfPage\":{\"@id\":\"https:\/\/transinfo.pl\/x\/infotram\/siedem-linii-tramwajow-slaskich-zmienia-trasy\/#primaryimage\"},\"image\":{\"@id\":\"https:\/\/transinfo.pl\/x\/infotram\/siedem-linii-tramwajow-slaskich-zmienia-trasy\/#primaryimage\"},\"thumbnailUrl\":\"https:\/\/transinfo.pl\/x\/wp-content\/uploads\/2024\/01\/tram-slaskie.jpg\",\"datePublished\":\"2024-01-31T13:45:00+00:00\",\"dateModified\":\"2024-01-31T13:45:00+00:00\",\"description\":\"Zako\u0144czenie przebudowy infrastruktury tramwajowej w \u015awi\u0119toch\u0142owicach wi\u0105\u017ce si\u0119 ze zmianami w funkcjonowaniu komunikacji miejskiej.\",\"breadcrumb\":{\"@id\":\"https:\/\/transinfo.pl\/x\/infotram\/siedem-linii-tramwajow-slaskich-zmienia-trasy\/#breadcrumb\"},\"inLanguage\":\"pl-PL\",\"potentialAction\":[{\"@type\":\"ReadAction\",\"target\":[\"https:\/\/transinfo.pl\/x\/infotram\/siedem-linii-tramwajow-slaskich-zmienia-trasy\/\"]}]},{\"@type\":\"ImageObject\",\"inLanguage\":\"pl-PL\",\"@id\":\"https:\/\/transinfo.pl\/x\/infotram\/siedem-linii-tramwajow-slaskich-zmienia-trasy\/#primaryimage\",\"url\":\"https:\/\/transinfo.pl\/x\/wp-content\/uploads\/2024\/01\/tram-slaskie.jpg\",\"contentUrl\":\"https:\/\/transinfo.pl\/x\/wp-content\/uploads\/2024\/01\/tram-slaskie.jpg\"},{\"@type\":\"BreadcrumbList\",\"@id\":\"https:\/\/transinfo.pl\/x\/infotram\/siedem-linii-tramwajow-slaskich-zmienia-trasy\/#breadcrumb\",\"itemListElement\":[{\"@type\":\"ListItem\",\"position\":1,\"name\":\"Home\",\"item\":\"https:\/\/transinfo.pl\/x\/\"},{\"@type\":\"ListItem\",\"position\":2,\"name\":\"Infotram\",\"item\":\"https:\/\/transinfo.pl\/x\/infotram\/\"},{\"@type\":\"ListItem\",\"position\":3,\"name\":\"Tramwaje \u015al\u0105skie pojad\u0105 inaczej w \u015awi\u0119toch\u0142owicach i Rudzie \u015al\u0105skiej\"}]},{\"@type\":\"WebSite\",\"@id\":\"https:\/\/transinfo.pl\/x\/#website\",\"url\":\"https:\/\/transinfo.pl\/x\/\",\"name\":\"TransInfo Archiwum\",\"description\":\"Ca\u0142y transport w jednym miejscu\",\"publisher\":{\"@id\":\"https:\/\/transinfo.pl\/x\/#organization\"},\"potentialAction\":[{\"@type\":\"SearchAction\",\"target\":{\"@type\":\"EntryPoint\",\"urlTemplate\":\"https:\/\/transinfo.pl\/x\/?s={search_term_string}\"},\"query-input\":{\"@type\":\"PropertyValueSpecification\",\"valueRequired\":true,\"valueName\":\"search_term_string\"}}],\"inLanguage\":\"pl-PL\"},{\"@type\":\"Organization\",\"@id\":\"https:\/\/transinfo.pl\/x\/#organization\",\"name\":\"TransInfo\",\"url\":\"https:\/\/transinfo.pl\/x\/\",\"logo\":{\"@type\":\"ImageObject\",\"inLanguage\":\"pl-PL\",\"@id\":\"https:\/\/transinfo.pl\/x\/#\/schema\/logo\/image\/\",\"url\":\"https:\/\/transinfo.pl\/x\/wp-content\/uploads\/2024\/10\/favicon.png\",\"contentUrl\":\"https:\/\/transinfo.pl\/x\/wp-content\/uploads\/2024\/10\/favicon.png\",\"width\":512,\"height\":512,\"caption\":\"TransInfo\"},\"image\":{\"@id\":\"https:\/\/transinfo.pl\/x\/#\/schema\/logo\/image\/\"}}]}<\/script>\n<!-- \/ Yoast SEO Premium plugin. -->","yoast_head_json":{"title":"Tramwaje \u015al\u0105skie pojad\u0105 inaczej w \u015awi\u0119toch\u0142owicach i Rudzie \u015al\u0105skiej - TransInfo Archiwum","description":"Zako\u0144czenie przebudowy infrastruktury tramwajowej w \u015awi\u0119toch\u0142owicach wi\u0105\u017ce si\u0119 ze zmianami w funkcjonowaniu komunikacji miejskiej.","robots":{"index":"index","follow":"follow","max-snippet":"max-snippet:-1","max-image-preview":"max-image-preview:large","max-video-preview":"max-video-preview:-1"},"canonical":"https:\/\/transinfo.pl\/x\/infotram\/siedem-linii-tramwajow-slaskich-zmienia-trasy\/","og_locale":"pl_PL","og_type":"article","og_title":"Tramwaje \u015al\u0105skie pojad\u0105 inaczej w \u015awi\u0119toch\u0142owicach i Rudzie \u015al\u0105skiej","og_description":"Zako\u0144czenie przebudowy infrastruktury tramwajowej w \u015awi\u0119toch\u0142owicach wi\u0105\u017ce si\u0119 ze zmianami w funkcjonowaniu komunikacji miejskiej.","og_url":"https:\/\/transinfo.pl\/x\/infotram\/siedem-linii-tramwajow-slaskich-zmienia-trasy\/","og_site_name":"TransInfo Archiwum","og_image":[{"url":"https:\/\/transinfo.pl\/x\/wp-content\/uploads\/2024\/01\/tram-slaskie.jpg","width":1,"height":1,"type":"image\/jpeg"}],"twitter_card":"summary_large_image","twitter_misc":{"Szacowany czas czytania":"2 minuty"},"schema":{"@context":"https:\/\/schema.org","@graph":[{"@type":"WebPage","@id":"https:\/\/transinfo.pl\/x\/infotram\/siedem-linii-tramwajow-slaskich-zmienia-trasy\/","url":"https:\/\/transinfo.pl\/x\/infotram\/siedem-linii-tramwajow-slaskich-zmienia-trasy\/","name":"Tramwaje \u015al\u0105skie pojad\u0105 inaczej w \u015awi\u0119toch\u0142owicach i Rudzie \u015al\u0105skiej - TransInfo Archiwum","isPartOf":{"@id":"https:\/\/transinfo.pl\/x\/#website"},"primaryImageOfPage":{"@id":"https:\/\/transinfo.pl\/x\/infotram\/siedem-linii-tramwajow-slaskich-zmienia-trasy\/#primaryimage"},"image":{"@id":"https:\/\/transinfo.pl\/x\/infotram\/siedem-linii-tramwajow-slaskich-zmienia-trasy\/#primaryimage"},"thumbnailUrl":"https:\/\/transinfo.pl\/x\/wp-content\/uploads\/2024\/01\/tram-slaskie.jpg","datePublished":"2024-01-31T13:45:00+00:00","dateModified":"2024-01-31T13:45:00+00:00","description":"Zako\u0144czenie przebudowy infrastruktury tramwajowej w \u015awi\u0119toch\u0142owicach wi\u0105\u017ce si\u0119 ze zmianami w funkcjonowaniu komunikacji miejskiej.","breadcrumb":{"@id":"https:\/\/transinfo.pl\/x\/infotram\/siedem-linii-tramwajow-slaskich-zmienia-trasy\/#breadcrumb"},"inLanguage":"pl-PL","potentialAction":[{"@type":"ReadAction","target":["https:\/\/transinfo.pl\/x\/infotram\/siedem-linii-tramwajow-slaskich-zmienia-trasy\/"]}]},{"@type":"ImageObject","inLanguage":"pl-PL","@id":"https:\/\/transinfo.pl\/x\/infotram\/siedem-linii-tramwajow-slaskich-zmienia-trasy\/#primaryimage","url":"https:\/\/transinfo.pl\/x\/wp-content\/uploads\/2024\/01\/tram-slaskie.jpg","contentUrl":"https:\/\/transinfo.pl\/x\/wp-content\/uploads\/2024\/01\/tram-slaskie.jpg"},{"@type":"BreadcrumbList","@id":"https:\/\/transinfo.pl\/x\/infotram\/siedem-linii-tramwajow-slaskich-zmienia-trasy\/#breadcrumb","itemListElement":[{"@type":"ListItem","position":1,"name":"Home","item":"https:\/\/transinfo.pl\/x\/"},{"@type":"ListItem","position":2,"name":"Infotram","item":"https:\/\/transinfo.pl\/x\/infotram\/"},{"@type":"ListItem","position":3,"name":"Tramwaje \u015al\u0105skie pojad\u0105 inaczej w \u015awi\u0119toch\u0142owicach i Rudzie \u015al\u0105skiej"}]},{"@type":"WebSite","@id":"https:\/\/transinfo.pl\/x\/#website","url":"https:\/\/transinfo.pl\/x\/","name":"TransInfo Archiwum","description":"Ca\u0142y transport w jednym miejscu","publisher":{"@id":"https:\/\/transinfo.pl\/x\/#organization"},"potentialAction":[{"@type":"SearchAction","target":{"@type":"EntryPoint","urlTemplate":"https:\/\/transinfo.pl\/x\/?s={search_term_string}"},"query-input":{"@type":"PropertyValueSpecification","valueRequired":true,"valueName":"search_term_string"}}],"inLanguage":"pl-PL"},{"@type":"Organization","@id":"https:\/\/transinfo.pl\/x\/#organization","name":"TransInfo","url":"https:\/\/transinfo.pl\/x\/","logo":{"@type":"ImageObject","inLanguage":"pl-PL","@id":"https:\/\/transinfo.pl\/x\/#\/schema\/logo\/image\/","url":"https:\/\/transinfo.pl\/x\/wp-content\/uploads\/2024\/10\/favicon.png","contentUrl":"https:\/\/transinfo.pl\/x\/wp-content\/uploads\/2024\/10\/favicon.png","width":512,"height":512,"caption":"TransInfo"},"image":{"@id":"https:\/\/transinfo.pl\/x\/#\/schema\/logo\/image\/"}}]}},"_links":{"self":[{"href":"https:\/\/transinfo.pl\/x\/wp-json\/wp\/v2\/infotram\/264199","targetHints":{"allow":["GET"]}}],"collection":[{"href":"https:\/\/transinfo.pl\/x\/wp-json\/wp\/v2\/infotram"}],"about":[{"href":"https:\/\/transinfo.pl\/x\/wp-json\/wp\/v2\/types\/infotram"}],"author":[{"embeddable":true,"href":"https:\/\/transinfo.pl\/x\/wp-json\/wp\/v2\/users\/3"}],"replies":[{"embeddable":true,"href":"https:\/\/transinfo.pl\/x\/wp-json\/wp\/v2\/comments?post=264199"}],"wp:featuredmedia":[{"embeddable":true,"href":"https:\/\/transinfo.pl\/x\/wp-json\/wp\/v2\/media\/264200"}],"wp:attachment":[{"href":"https:\/\/transinfo.pl\/x\/wp-json\/wp\/v2\/media?parent=264199"}],"wp:term":[{"taxonomy":"category","embeddable":true,"href":"https:\/\/transinfo.pl\/x\/wp-json\/wp\/v2\/categories?post=264199"},{"taxonomy":"post_tag","embeddable":true,"href":"https:\/\/transinfo.pl\/x\/wp-json\/wp\/v2\/tags?post=264199"}],"curies":[{"name":"wp","href":"https:\/\/api.w.org\/{rel}","templated":true}]}}