{"id":264095,"date":"2024-01-29T11:45:00","date_gmt":"2024-01-29T11:45:00","guid":{"rendered":"https:\/\/transinfo.pl\/x\/infotram\/trzy-linie-tramwajowe-mpk-krakow-zmieniaja-trasy\/"},"modified":"2024-01-29T11:45:00","modified_gmt":"2024-01-29T11:45:00","slug":"trzy-linie-tramwajowe-mpk-krakow-zmieniaja-trasy","status":"publish","type":"infotram","link":"https:\/\/transinfo.pl\/x\/infotram\/trzy-linie-tramwajowe-mpk-krakow-zmieniaja-trasy\/","title":{"rendered":"Trzy linie tramwajowe MPK Krak\u00f3w zmieniaj\u0105 trasy"},"content":{"rendered":"<style>h1,h2,h3,h4,h5,h6{margin:0 0 1.25rem;font-family:Arial,sans-serif;font-weight:600;color:#050505}h1{font-size:1.875rem;line-height:1.1em;text-transform:none}@media(min-width: 768px){h1{font-size:2.375rem}}h2{font-size:1.1875rem;line-height:1.2em;text-transform:uppercase}@media(min-width: 768px){h2{font-size:1.0625rem}}h3{font-size:0.9375rem;line-height:1.4em;font-weight:900;margin-bottom:0.9375rem}h4{font-size:0.875rem;line-height:1.2em;font-weight:500}h5{font-size:0.9375rem;line-height:1.6;font-weight:400}h6{font-size:0.9375rem;line-height:1.6;font-weight:600}\n<\/style>\n<h3 class=\"wp-block-heading\" id=\"h-w-zwiazku-z-pracami-torowymi-w-dniach-29-31-stycznia-od-ok-godz-21-00-do-konca-kursow-zostanie-wylaczony-ruch-tramwajowy-na-ul-starowislnej-na-odcinku-od-ul-dietla-do-placu-bohaterow-getta\">W zwi\u0105zku z pracami torowymi, w dniach 29\u201331 stycznia, od ok. godz. 21.00 do ko\u0144ca kurs\u00f3w, zostanie wy\u0142\u0105czony ruch tramwajowy na ul. Starowi\u015blnej, na odcinku od ul. Dietla do placu Bohater\u00f3w Getta.<\/h3>\n\n\n<style>p{margin:0 0 1.5rem}p:last-child{margin:0}p.is-style-uppercase{text-transform:uppercase}p.is-style-preheading{color:#12406a;text-transform:uppercase}p.is-style-leadparagraph{font-size:1rem;line-height:1.625;font-weight:700}@media(min-width: 768px){p.is-style-leadparagraph{font-size:1.125rem;line-height:1.5555555556}}p.has-small-margin{margin-bottom:0.625rem}p.has-small-margin+h1,p.has-small-margin+h2,p.has-small-margin+h3{margin-top:1.875rem}\n<\/style>\n<p>Rozk\u0142ady jazdy nie zostan\u0105 zmienione.<\/p>\n\n\n\n<h2 class=\"wp-block-heading\" id=\"h-zmiany-tras\">Zmiany tras<\/h2>\n\n\n\n<p>W tym czasie b\u0119d\u0105 wprowadzone nast\u0119puj\u0105ce zmiany w funkcjonowaniu komunikacji miejskiej w Krakowie:<\/p>\n\n\n<style>.page-content ul:not([class]),.acf-block ul:not([class]),.editor-rich-text ul,ol{padding-left:0.9375rem;margin-top:0;margin-bottom:1.5rem}.page-content ul:not([class]) ul,.page-content ul:not([class]) ol,.acf-block ul:not([class]) ul,.acf-block ul:not([class]) ol,.editor-rich-text ul ul,.editor-rich-text ul ol,ol ul,ol ol{margin:0}.page-content ul:not([class]) li,.acf-block ul:not([class]) li,.editor-rich-text ul li,ol li{margin-bottom:1.5rem}ul.with-icons{list-style:none;margin-left:0;padding-left:0}ul.with-icons li{margin-bottom:1.875rem}ul.with-icons li img{margin-bottom:15px}\n<\/style>\n<ul class=\"wp-block-list\">\n<li>linie 3 i 24\u00a0b\u0119d\u0105 kursowa\u0107 po trasach czasowo zmienionych:\u00a0\u201eKrowodrza G\u00f3rka P+R\u201d \/ \u201eBronowice Ma\u0142e\u201d\u00a0\u2013 \u2026 \u2013 ul. Westerplatte, ul. Starowi\u015blna,\u00a0ul. Dietla, ul. Krakowska, ul. Legion\u00f3w Pi\u0142sudskiego, ul. Limanowskiego, ul. Wielicka \u2013 \u2026 \u2013\u00a0\u201eNowy Bie\u017can\u00f3w P+R\u201d \/ \u201eKurdwan\u00f3w P+R\u201d<\/li>\n\n\n\n<li>linia 17\u00a0b\u0119dzie kursowa\u0107 po trasie czasowo zmienionej:\u00a0\u201eDworzec Towarowy\u201d\u00a0\u2013 \u2026 \u2013 ul. Grzeg\u00f3rzecka,\u00a0ul. Dietla, ul. Krakowska, ul. Legion\u00f3w Pi\u0142sudskiego, ul. Kalwaryjska \u2013 \u2026 \u2013\u00a0\u201eCzerwone Maki P+R\u201d.<\/li>\n<\/ul>\n\n\n\n<p><\/p>\n\n\n<style>.wp-block-image{margin:1.25rem 0;text-align:center}.wp-block-image figcaption{padding:0 0.9375rem;text-align:center}\n<\/style>\n<figure class=\"wp-block-image size-full\"><a href=\"https:\/\/transinfo.pl\/wp-content\/uploads\/2024\/01\/Krakowiak-1-scaled-4-851x550-1.jpg\"><img decoding=\"async\" src=\"https:\/\/transinfo.pl\/wp-content\/uploads\/2024\/01\/Krakowiak-1-scaled-4-851x550-1.jpg\" alt=\"W zwi\u0105zku z pracami torowymi, w dniach 29\u201331 stycznia, od ok. godz. 21.00 do ko\u0144ca kurs\u00f3w, zostanie wy\u0142\u0105czony ruch tramwajowy na ul. Starowi\u015blnej, na odcinku od ul. Dietla do placu Bohater\u00f3w Getta.\" class=\"wp-image-461587\" \/><\/a><figcaption class=\"wp-element-caption\">Tramwaj MPK Krak\u00f3w<\/figcaption><\/figure>\n\n\n\n<p><\/p>\n\n\n\n<p>Zostanie uruchomiona zast\u0119pcza komunikacja autobusowa za tramwaj, kursuj\u0105ca po nast\u0119puj\u0105cej trasie:\u00a0\u201eStarowi\u015blna\u201d\u00a0\u2013 ul. Starowi\u015blna, ul. Na Zje\u017adzie, ul. Limanowskiego \u2013\u00a0\u201ePodg\u00f3rze SKA\u201d.<\/p>\n\n\n\n<p>Zast\u0119pcza linia autobusowa b\u0119dzie kursowa\u0107 w godz. ok. 21.00\u201323.20 co ok. 20\u201330 minut.<\/p>\n","protected":false},"author":3,"featured_media":264096,"comment_status":"","ping_status":"closed","template":"","categories":[28],"tags":[58,946,812,475,4955],"class_list":["post-264095","infotram","type-infotram","status-publish","has-post-thumbnail","hentry","category-pasazer","tag-krakow","tag-linia-tramwajowa","tag-mpk-krakow","tag-remont","tag-utrudnienia"],"acf":[],"yoast_head":"<!-- This site is optimized with the Yoast SEO Premium plugin v21.8 (Yoast SEO v23.7) - https:\/\/yoast.com\/wordpress\/plugins\/seo\/ -->\n<title>Trzy linie tramwajowe MPK Krak\u00f3w zmieniaj\u0105 trasy - TransInfo Archiwum<\/title>\n<meta name=\"description\" content=\"W dniach 29\u201331 stycznia, od ok. godz. 21.00 do ko\u0144ca kurs\u00f3w, zostanie wy\u0142\u0105czony ruch tramwajowy na ul. Starowi\u015blnej.\" \/>\n<meta name=\"robots\" content=\"index, follow, max-snippet:-1, max-image-preview:large, max-video-preview:-1\" \/>\n<link rel=\"canonical\" href=\"https:\/\/transinfo.pl\/x\/infotram\/trzy-linie-tramwajowe-mpk-krakow-zmieniaja-trasy\/\" \/>\n<meta property=\"og:locale\" content=\"pl_PL\" \/>\n<meta property=\"og:type\" content=\"article\" \/>\n<meta property=\"og:title\" content=\"Trzy linie tramwajowe MPK Krak\u00f3w zmieniaj\u0105 trasy\" \/>\n<meta property=\"og:description\" content=\"W dniach 29\u201331 stycznia, od ok. godz. 21.00 do ko\u0144ca kurs\u00f3w, zostanie wy\u0142\u0105czony ruch tramwajowy na ul. Starowi\u015blnej.\" \/>\n<meta property=\"og:url\" content=\"https:\/\/transinfo.pl\/x\/infotram\/trzy-linie-tramwajowe-mpk-krakow-zmieniaja-trasy\/\" \/>\n<meta property=\"og:site_name\" content=\"TransInfo Archiwum\" \/>\n<meta property=\"og:image\" content=\"https:\/\/transinfo.pl\/x\/wp-content\/uploads\/2023\/11\/lajkoniki-krakow.jpg\" \/>\n\t<meta property=\"og:image:width\" content=\"1\" \/>\n\t<meta property=\"og:image:height\" content=\"1\" \/>\n\t<meta property=\"og:image:type\" content=\"image\/jpeg\" \/>\n<meta name=\"twitter:card\" content=\"summary_large_image\" \/>\n<meta name=\"twitter:label1\" content=\"Szacowany czas czytania\" \/>\n\t<meta name=\"twitter:data1\" content=\"1 minuta\" \/>\n<script type=\"application\/ld+json\" class=\"yoast-schema-graph\">{\"@context\":\"https:\/\/schema.org\",\"@graph\":[{\"@type\":\"WebPage\",\"@id\":\"https:\/\/transinfo.pl\/x\/infotram\/trzy-linie-tramwajowe-mpk-krakow-zmieniaja-trasy\/\",\"url\":\"https:\/\/transinfo.pl\/x\/infotram\/trzy-linie-tramwajowe-mpk-krakow-zmieniaja-trasy\/\",\"name\":\"Trzy linie tramwajowe MPK Krak\u00f3w zmieniaj\u0105 trasy - TransInfo Archiwum\",\"isPartOf\":{\"@id\":\"https:\/\/transinfo.pl\/x\/#website\"},\"primaryImageOfPage\":{\"@id\":\"https:\/\/transinfo.pl\/x\/infotram\/trzy-linie-tramwajowe-mpk-krakow-zmieniaja-trasy\/#primaryimage\"},\"image\":{\"@id\":\"https:\/\/transinfo.pl\/x\/infotram\/trzy-linie-tramwajowe-mpk-krakow-zmieniaja-trasy\/#primaryimage\"},\"thumbnailUrl\":\"https:\/\/transinfo.pl\/x\/wp-content\/uploads\/2023\/11\/lajkoniki-krakow.jpg\",\"datePublished\":\"2024-01-29T11:45:00+00:00\",\"dateModified\":\"2024-01-29T11:45:00+00:00\",\"description\":\"W dniach 29\u201331 stycznia, od ok. godz. 21.00 do ko\u0144ca kurs\u00f3w, zostanie wy\u0142\u0105czony ruch tramwajowy na ul. Starowi\u015blnej.\",\"breadcrumb\":{\"@id\":\"https:\/\/transinfo.pl\/x\/infotram\/trzy-linie-tramwajowe-mpk-krakow-zmieniaja-trasy\/#breadcrumb\"},\"inLanguage\":\"pl-PL\",\"potentialAction\":[{\"@type\":\"ReadAction\",\"target\":[\"https:\/\/transinfo.pl\/x\/infotram\/trzy-linie-tramwajowe-mpk-krakow-zmieniaja-trasy\/\"]}]},{\"@type\":\"ImageObject\",\"inLanguage\":\"pl-PL\",\"@id\":\"https:\/\/transinfo.pl\/x\/infotram\/trzy-linie-tramwajowe-mpk-krakow-zmieniaja-trasy\/#primaryimage\",\"url\":\"https:\/\/transinfo.pl\/x\/wp-content\/uploads\/2023\/11\/lajkoniki-krakow.jpg\",\"contentUrl\":\"https:\/\/transinfo.pl\/x\/wp-content\/uploads\/2023\/11\/lajkoniki-krakow.jpg\"},{\"@type\":\"BreadcrumbList\",\"@id\":\"https:\/\/transinfo.pl\/x\/infotram\/trzy-linie-tramwajowe-mpk-krakow-zmieniaja-trasy\/#breadcrumb\",\"itemListElement\":[{\"@type\":\"ListItem\",\"position\":1,\"name\":\"Home\",\"item\":\"https:\/\/transinfo.pl\/x\/\"},{\"@type\":\"ListItem\",\"position\":2,\"name\":\"Infotram\",\"item\":\"https:\/\/transinfo.pl\/x\/infotram\/\"},{\"@type\":\"ListItem\",\"position\":3,\"name\":\"Trzy linie tramwajowe MPK Krak\u00f3w zmieniaj\u0105 trasy\"}]},{\"@type\":\"WebSite\",\"@id\":\"https:\/\/transinfo.pl\/x\/#website\",\"url\":\"https:\/\/transinfo.pl\/x\/\",\"name\":\"TransInfo Archiwum\",\"description\":\"Ca\u0142y transport w jednym miejscu\",\"publisher\":{\"@id\":\"https:\/\/transinfo.pl\/x\/#organization\"},\"potentialAction\":[{\"@type\":\"SearchAction\",\"target\":{\"@type\":\"EntryPoint\",\"urlTemplate\":\"https:\/\/transinfo.pl\/x\/?s={search_term_string}\"},\"query-input\":{\"@type\":\"PropertyValueSpecification\",\"valueRequired\":true,\"valueName\":\"search_term_string\"}}],\"inLanguage\":\"pl-PL\"},{\"@type\":\"Organization\",\"@id\":\"https:\/\/transinfo.pl\/x\/#organization\",\"name\":\"TransInfo\",\"url\":\"https:\/\/transinfo.pl\/x\/\",\"logo\":{\"@type\":\"ImageObject\",\"inLanguage\":\"pl-PL\",\"@id\":\"https:\/\/transinfo.pl\/x\/#\/schema\/logo\/image\/\",\"url\":\"https:\/\/transinfo.pl\/x\/wp-content\/uploads\/2024\/10\/favicon.png\",\"contentUrl\":\"https:\/\/transinfo.pl\/x\/wp-content\/uploads\/2024\/10\/favicon.png\",\"width\":512,\"height\":512,\"caption\":\"TransInfo\"},\"image\":{\"@id\":\"https:\/\/transinfo.pl\/x\/#\/schema\/logo\/image\/\"}}]}<\/script>\n<!-- \/ Yoast SEO Premium plugin. -->","yoast_head_json":{"title":"Trzy linie tramwajowe MPK Krak\u00f3w zmieniaj\u0105 trasy - TransInfo Archiwum","description":"W dniach 29\u201331 stycznia, od ok. godz. 21.00 do ko\u0144ca kurs\u00f3w, zostanie wy\u0142\u0105czony ruch tramwajowy na ul. Starowi\u015blnej.","robots":{"index":"index","follow":"follow","max-snippet":"max-snippet:-1","max-image-preview":"max-image-preview:large","max-video-preview":"max-video-preview:-1"},"canonical":"https:\/\/transinfo.pl\/x\/infotram\/trzy-linie-tramwajowe-mpk-krakow-zmieniaja-trasy\/","og_locale":"pl_PL","og_type":"article","og_title":"Trzy linie tramwajowe MPK Krak\u00f3w zmieniaj\u0105 trasy","og_description":"W dniach 29\u201331 stycznia, od ok. godz. 21.00 do ko\u0144ca kurs\u00f3w, zostanie wy\u0142\u0105czony ruch tramwajowy na ul. Starowi\u015blnej.","og_url":"https:\/\/transinfo.pl\/x\/infotram\/trzy-linie-tramwajowe-mpk-krakow-zmieniaja-trasy\/","og_site_name":"TransInfo Archiwum","og_image":[{"url":"https:\/\/transinfo.pl\/x\/wp-content\/uploads\/2023\/11\/lajkoniki-krakow.jpg","width":1,"height":1,"type":"image\/jpeg"}],"twitter_card":"summary_large_image","twitter_misc":{"Szacowany czas czytania":"1 minuta"},"schema":{"@context":"https:\/\/schema.org","@graph":[{"@type":"WebPage","@id":"https:\/\/transinfo.pl\/x\/infotram\/trzy-linie-tramwajowe-mpk-krakow-zmieniaja-trasy\/","url":"https:\/\/transinfo.pl\/x\/infotram\/trzy-linie-tramwajowe-mpk-krakow-zmieniaja-trasy\/","name":"Trzy linie tramwajowe MPK Krak\u00f3w zmieniaj\u0105 trasy - TransInfo Archiwum","isPartOf":{"@id":"https:\/\/transinfo.pl\/x\/#website"},"primaryImageOfPage":{"@id":"https:\/\/transinfo.pl\/x\/infotram\/trzy-linie-tramwajowe-mpk-krakow-zmieniaja-trasy\/#primaryimage"},"image":{"@id":"https:\/\/transinfo.pl\/x\/infotram\/trzy-linie-tramwajowe-mpk-krakow-zmieniaja-trasy\/#primaryimage"},"thumbnailUrl":"https:\/\/transinfo.pl\/x\/wp-content\/uploads\/2023\/11\/lajkoniki-krakow.jpg","datePublished":"2024-01-29T11:45:00+00:00","dateModified":"2024-01-29T11:45:00+00:00","description":"W dniach 29\u201331 stycznia, od ok. godz. 21.00 do ko\u0144ca kurs\u00f3w, zostanie wy\u0142\u0105czony ruch tramwajowy na ul. Starowi\u015blnej.","breadcrumb":{"@id":"https:\/\/transinfo.pl\/x\/infotram\/trzy-linie-tramwajowe-mpk-krakow-zmieniaja-trasy\/#breadcrumb"},"inLanguage":"pl-PL","potentialAction":[{"@type":"ReadAction","target":["https:\/\/transinfo.pl\/x\/infotram\/trzy-linie-tramwajowe-mpk-krakow-zmieniaja-trasy\/"]}]},{"@type":"ImageObject","inLanguage":"pl-PL","@id":"https:\/\/transinfo.pl\/x\/infotram\/trzy-linie-tramwajowe-mpk-krakow-zmieniaja-trasy\/#primaryimage","url":"https:\/\/transinfo.pl\/x\/wp-content\/uploads\/2023\/11\/lajkoniki-krakow.jpg","contentUrl":"https:\/\/transinfo.pl\/x\/wp-content\/uploads\/2023\/11\/lajkoniki-krakow.jpg"},{"@type":"BreadcrumbList","@id":"https:\/\/transinfo.pl\/x\/infotram\/trzy-linie-tramwajowe-mpk-krakow-zmieniaja-trasy\/#breadcrumb","itemListElement":[{"@type":"ListItem","position":1,"name":"Home","item":"https:\/\/transinfo.pl\/x\/"},{"@type":"ListItem","position":2,"name":"Infotram","item":"https:\/\/transinfo.pl\/x\/infotram\/"},{"@type":"ListItem","position":3,"name":"Trzy linie tramwajowe MPK Krak\u00f3w zmieniaj\u0105 trasy"}]},{"@type":"WebSite","@id":"https:\/\/transinfo.pl\/x\/#website","url":"https:\/\/transinfo.pl\/x\/","name":"TransInfo Archiwum","description":"Ca\u0142y transport w jednym miejscu","publisher":{"@id":"https:\/\/transinfo.pl\/x\/#organization"},"potentialAction":[{"@type":"SearchAction","target":{"@type":"EntryPoint","urlTemplate":"https:\/\/transinfo.pl\/x\/?s={search_term_string}"},"query-input":{"@type":"PropertyValueSpecification","valueRequired":true,"valueName":"search_term_string"}}],"inLanguage":"pl-PL"},{"@type":"Organization","@id":"https:\/\/transinfo.pl\/x\/#organization","name":"TransInfo","url":"https:\/\/transinfo.pl\/x\/","logo":{"@type":"ImageObject","inLanguage":"pl-PL","@id":"https:\/\/transinfo.pl\/x\/#\/schema\/logo\/image\/","url":"https:\/\/transinfo.pl\/x\/wp-content\/uploads\/2024\/10\/favicon.png","contentUrl":"https:\/\/transinfo.pl\/x\/wp-content\/uploads\/2024\/10\/favicon.png","width":512,"height":512,"caption":"TransInfo"},"image":{"@id":"https:\/\/transinfo.pl\/x\/#\/schema\/logo\/image\/"}}]}},"_links":{"self":[{"href":"https:\/\/transinfo.pl\/x\/wp-json\/wp\/v2\/infotram\/264095","targetHints":{"allow":["GET"]}}],"collection":[{"href":"https:\/\/transinfo.pl\/x\/wp-json\/wp\/v2\/infotram"}],"about":[{"href":"https:\/\/transinfo.pl\/x\/wp-json\/wp\/v2\/types\/infotram"}],"author":[{"embeddable":true,"href":"https:\/\/transinfo.pl\/x\/wp-json\/wp\/v2\/users\/3"}],"replies":[{"embeddable":true,"href":"https:\/\/transinfo.pl\/x\/wp-json\/wp\/v2\/comments?post=264095"}],"wp:featuredmedia":[{"embeddable":true,"href":"https:\/\/transinfo.pl\/x\/wp-json\/wp\/v2\/media\/264096"}],"wp:attachment":[{"href":"https:\/\/transinfo.pl\/x\/wp-json\/wp\/v2\/media?parent=264095"}],"wp:term":[{"taxonomy":"category","embeddable":true,"href":"https:\/\/transinfo.pl\/x\/wp-json\/wp\/v2\/categories?post=264095"},{"taxonomy":"post_tag","embeddable":true,"href":"https:\/\/transinfo.pl\/x\/wp-json\/wp\/v2\/tags?post=264095"}],"curies":[{"name":"wp","href":"https:\/\/api.w.org\/{rel}","templated":true}]}}