{"id":263527,"date":"2024-01-17T12:45:00","date_gmt":"2024-01-17T12:45:00","guid":{"rendered":"https:\/\/transinfo.pl\/x\/infotram\/ile-nowych-pojazdow-kupia-tramwaje-warszawskie-padly-liczby\/"},"modified":"2024-01-17T12:45:00","modified_gmt":"2024-01-17T12:45:00","slug":"ile-nowych-pojazdow-kupia-tramwaje-warszawskie-padly-liczby","status":"publish","type":"infotram","link":"https:\/\/transinfo.pl\/x\/infotram\/ile-nowych-pojazdow-kupia-tramwaje-warszawskie-padly-liczby\/","title":{"rendered":"Ile nowych pojazd\u00f3w kupi\u0105 Tramwaje Warszawskie? Pad\u0142y liczby"},"content":{"rendered":"<style>h1,h2,h3,h4,h5,h6{margin:0 0 1.25rem;font-family:Arial,sans-serif;font-weight:600;color:#050505}h1{font-size:1.875rem;line-height:1.1em;text-transform:none}@media(min-width: 768px){h1{font-size:2.375rem}}h2{font-size:1.1875rem;line-height:1.2em;text-transform:uppercase}@media(min-width: 768px){h2{font-size:1.0625rem}}h3{font-size:0.9375rem;line-height:1.4em;font-weight:900;margin-bottom:0.9375rem}h4{font-size:0.875rem;line-height:1.2em;font-weight:500}h5{font-size:0.9375rem;line-height:1.6;font-weight:400}h6{font-size:0.9375rem;line-height:1.6;font-weight:600}\n<\/style>\n<h3 class=\"wp-block-heading\" id=\"h-prezydent-warszawy-rafal-trzaskowski-podkreslil-ze-beda-kontynuowane-zakupy-pojazdow-niskoemisyjnych-dla-komunikacji-miejskiej\"><strong>Prezydent Warszawy Rafa\u0142 Trzaskowski podkre\u015bli\u0142, \u017ce b\u0119d\u0105 kontynuowane zakupy pojazd\u00f3w niskoemisyjnych dla komunikacji miejskiej.<\/strong><\/h3>\n\n\n<style>.wp-block-quote{border-left:0.1875rem solid var(--page-color);font-size:1rem;font-style:italic;margin:0 0 1.6875rem;padding:1.25rem}.wp-block-quote cite{color:#050505}.wp-block-quote.is-style-large p{margin-bottom:10px}.wp-block-quote.is-style-large cite{color:#12406a}\n<\/style>\n<blockquote class=\"wp-block-quote is-layout-flow wp-block-quote-is-layout-flow\"><style>p{margin:0 0 1.5rem}p:last-child{margin:0}p.is-style-uppercase{text-transform:uppercase}p.is-style-preheading{color:#12406a;text-transform:uppercase}p.is-style-leadparagraph{font-size:1rem;line-height:1.625;font-weight:700}@media(min-width: 768px){p.is-style-leadparagraph{font-size:1.125rem;line-height:1.5555555556}}p.has-small-margin{margin-bottom:0.625rem}p.has-small-margin+h1,p.has-small-margin+h2,p.has-small-margin+h3{margin-top:1.875rem}\n<\/style>\n<p>&#8222;Realizujemy plan, by jak najwi\u0119kszy odsetek komunikacji miejskiej by\u0142 przyjazny dla \u015brodowiska&#8221; \u2013 powiedzia\u0142.<\/p>\n<\/blockquote>\n\n\n\n<h2 class=\"wp-block-heading\" id=\"h-prezydent-liczb-nie-podal\"><strong>Prezydent liczb nie poda\u0142<\/strong><\/h2>\n\n\n\n<p>Pod koniec roku do Warszawy dotar\u0142o 137&nbsp;tramwaj\u00f3w Hyundai, 30 poci\u0105g\u00f3w Skody dla metra oraz 21 nowych sk\u0142ad\u00f3w dla SKM.<\/p>\n\n\n\n<blockquote class=\"wp-block-quote is-layout-flow wp-block-quote-is-layout-flow\">\n<p>&#8222;W tej chwili ju\u017c prawie 40 proc. autobus\u00f3w, kt\u00f3re poruszaj\u0105 si\u0119 po ulicach miasta, s\u0105 to autobusy bardziej przyjazne dla \u015brodowiska czyli gazowe, elektryczne i hybrydowe. B\u0119dziemy kontynuowali te zakupy. W najbli\u017cszych tygodniach b\u0119dziemy podpisywali nowe zam\u00f3wienia na kilkana\u015bcie nowych +elektryk\u00f3w+ a w perspektywie nawet na sto nowych autobus\u00f3w elektrycznych. Realizujemy plan, by jak najwi\u0119kszy odsetek komunikacji miejskiej by\u0142 przyjazny dla \u015brodowiska&#8221; &#8211; powiedzia\u0142 Trzaskowski.<\/p>\n<\/blockquote>\n\n\n\n<p><\/p>\n\n\n<style>.wp-block-image{margin:1.25rem 0;text-align:center}.wp-block-image figcaption{padding:0 0.9375rem;text-align:center}\n<\/style>\n<figure class=\"wp-block-image size-full\"><a href=\"https:\/\/transinfo.pl\/wp-content\/uploads\/2024\/01\/swing-warszawa.jpg\"><img decoding=\"async\" src=\"https:\/\/transinfo.pl\/wp-content\/uploads\/2024\/01\/swing-warszawa.jpg\" alt=\"Prezydent Warszawy Rafa\u0142 Trzaskowski podkre\u015bli\u0142, \u017ce b\u0119d\u0105 kontynuowane zakupy pojazd\u00f3w niskoemisyjnych dla komunikacji miejskiej.\" class=\"wp-image-460833\" \/><\/a><figcaption class=\"wp-element-caption\">Warszawski Swing<\/figcaption><\/figure>\n\n\n\n<p><\/p>\n\n\n\n<p>Zaznaczy\u0142, \u017ce gdy wszystkie \u015brodki z KPO zostan\u0105 odblokowane to miasto ma szans\u0119 kontynuowa\u0107 takie zakupy aby skutecznie walczy\u0107 z ociepleniem klimatycznym i katastrof\u0105 klimatyczn\u0105, ale r\u00f3wnie\u017c przyczyni\u0107 si\u0119 do tego, \u017ceby komunikacja miejska w Warszawie by\u0142a jeszcze bardziej nowoczesna i wygodna.<\/p>\n\n\n\n<p>Wiceprzewodnicz\u0105cy Rady Warszawy S\u0142awomir Potapowicz przypomnia\u0142, \u017ce w bud\u017cecie na 2024 rok zaplanowano ponad 4,5 mld z\u0142otych na rozw\u00f3j komunikacji miejskiej. <\/p>\n\n\n\n<blockquote class=\"wp-block-quote is-layout-flow wp-block-quote-is-layout-flow\">\n<p>&#8222;Jest to jedna z najwa\u017cniejszych pozycji w bud\u017cecie, zaraz po o\u015bwiacie&#8221; &#8211; podkre\u015bli\u0142.<\/p>\n<\/blockquote>\n\n\n\n<p>Rzecznik&nbsp;Tramwaj\u00f3w Warszawskich Maciej Dutkiewicz przekaza\u0142, \u017ce sp\u00f3\u0142ka jest zainteresowana kupnem \u0142\u0105cznie nawet 160&nbsp;tramwaj\u00f3w. W pierwszej kolejno\u015bci planowany jest zakup 20&nbsp;tramwaj\u00f3w jednokierunkowych.(PAP)<\/p>\n","protected":false},"author":3,"featured_media":263528,"comment_status":"","ping_status":"closed","template":"","categories":[26],"tags":[238,837,84],"class_list":["post-263527","infotram","type-infotram","status-publish","has-post-thumbnail","hentry","category-przewoznicy","tag-tramwaj","tag-tramwaje-warszawskie","tag-warszawa"],"acf":[],"yoast_head":"<!-- This site is optimized with the Yoast SEO Premium plugin v21.8 (Yoast SEO v23.7) - https:\/\/yoast.com\/wordpress\/plugins\/seo\/ -->\n<title>Ile nowych pojazd\u00f3w kupi\u0105 Tramwaje Warszawskie? Pad\u0142y liczby - TransInfo Archiwum<\/title>\n<meta name=\"description\" content=\"Prezydent Warszawy Rafa\u0142 Trzaskowski podkre\u015bli\u0142, \u017ce b\u0119d\u0105 kontynuowane zakupy pojazd\u00f3w niskoemisyjnych dla komunikacji miejskiej.\" \/>\n<meta name=\"robots\" content=\"index, follow, max-snippet:-1, max-image-preview:large, max-video-preview:-1\" \/>\n<link rel=\"canonical\" href=\"https:\/\/transinfo.pl\/x\/infotram\/ile-nowych-pojazdow-kupia-tramwaje-warszawskie-padly-liczby\/\" \/>\n<meta property=\"og:locale\" content=\"pl_PL\" \/>\n<meta property=\"og:type\" content=\"article\" \/>\n<meta property=\"og:title\" content=\"Ile nowych pojazd\u00f3w kupi\u0105 Tramwaje Warszawskie? Pad\u0142y liczby\" \/>\n<meta property=\"og:description\" content=\"Prezydent Warszawy Rafa\u0142 Trzaskowski podkre\u015bli\u0142, \u017ce b\u0119d\u0105 kontynuowane zakupy pojazd\u00f3w niskoemisyjnych dla komunikacji miejskiej.\" \/>\n<meta property=\"og:url\" content=\"https:\/\/transinfo.pl\/x\/infotram\/ile-nowych-pojazdow-kupia-tramwaje-warszawskie-padly-liczby\/\" \/>\n<meta property=\"og:site_name\" content=\"TransInfo Archiwum\" \/>\n<meta property=\"og:image\" content=\"https:\/\/transinfo.pl\/x\/wp-content\/uploads\/2024\/01\/pesa-warszawa.jpg\" \/>\n\t<meta property=\"og:image:width\" content=\"1\" \/>\n\t<meta property=\"og:image:height\" content=\"1\" \/>\n\t<meta property=\"og:image:type\" content=\"image\/jpeg\" \/>\n<meta name=\"twitter:card\" content=\"summary_large_image\" \/>\n<meta name=\"twitter:label1\" content=\"Szacowany czas czytania\" \/>\n\t<meta name=\"twitter:data1\" content=\"1 minuta\" \/>\n<script type=\"application\/ld+json\" class=\"yoast-schema-graph\">{\"@context\":\"https:\/\/schema.org\",\"@graph\":[{\"@type\":\"WebPage\",\"@id\":\"https:\/\/transinfo.pl\/x\/infotram\/ile-nowych-pojazdow-kupia-tramwaje-warszawskie-padly-liczby\/\",\"url\":\"https:\/\/transinfo.pl\/x\/infotram\/ile-nowych-pojazdow-kupia-tramwaje-warszawskie-padly-liczby\/\",\"name\":\"Ile nowych pojazd\u00f3w kupi\u0105 Tramwaje Warszawskie? Pad\u0142y liczby - TransInfo Archiwum\",\"isPartOf\":{\"@id\":\"https:\/\/transinfo.pl\/x\/#website\"},\"primaryImageOfPage\":{\"@id\":\"https:\/\/transinfo.pl\/x\/infotram\/ile-nowych-pojazdow-kupia-tramwaje-warszawskie-padly-liczby\/#primaryimage\"},\"image\":{\"@id\":\"https:\/\/transinfo.pl\/x\/infotram\/ile-nowych-pojazdow-kupia-tramwaje-warszawskie-padly-liczby\/#primaryimage\"},\"thumbnailUrl\":\"https:\/\/transinfo.pl\/x\/wp-content\/uploads\/2024\/01\/pesa-warszawa.jpg\",\"datePublished\":\"2024-01-17T12:45:00+00:00\",\"dateModified\":\"2024-01-17T12:45:00+00:00\",\"description\":\"Prezydent Warszawy Rafa\u0142 Trzaskowski podkre\u015bli\u0142, \u017ce b\u0119d\u0105 kontynuowane zakupy pojazd\u00f3w niskoemisyjnych dla komunikacji miejskiej.\",\"breadcrumb\":{\"@id\":\"https:\/\/transinfo.pl\/x\/infotram\/ile-nowych-pojazdow-kupia-tramwaje-warszawskie-padly-liczby\/#breadcrumb\"},\"inLanguage\":\"pl-PL\",\"potentialAction\":[{\"@type\":\"ReadAction\",\"target\":[\"https:\/\/transinfo.pl\/x\/infotram\/ile-nowych-pojazdow-kupia-tramwaje-warszawskie-padly-liczby\/\"]}]},{\"@type\":\"ImageObject\",\"inLanguage\":\"pl-PL\",\"@id\":\"https:\/\/transinfo.pl\/x\/infotram\/ile-nowych-pojazdow-kupia-tramwaje-warszawskie-padly-liczby\/#primaryimage\",\"url\":\"https:\/\/transinfo.pl\/x\/wp-content\/uploads\/2024\/01\/pesa-warszawa.jpg\",\"contentUrl\":\"https:\/\/transinfo.pl\/x\/wp-content\/uploads\/2024\/01\/pesa-warszawa.jpg\"},{\"@type\":\"BreadcrumbList\",\"@id\":\"https:\/\/transinfo.pl\/x\/infotram\/ile-nowych-pojazdow-kupia-tramwaje-warszawskie-padly-liczby\/#breadcrumb\",\"itemListElement\":[{\"@type\":\"ListItem\",\"position\":1,\"name\":\"Home\",\"item\":\"https:\/\/transinfo.pl\/x\/\"},{\"@type\":\"ListItem\",\"position\":2,\"name\":\"Infotram\",\"item\":\"https:\/\/transinfo.pl\/x\/infotram\/\"},{\"@type\":\"ListItem\",\"position\":3,\"name\":\"Ile nowych pojazd\u00f3w kupi\u0105 Tramwaje Warszawskie? Pad\u0142y liczby\"}]},{\"@type\":\"WebSite\",\"@id\":\"https:\/\/transinfo.pl\/x\/#website\",\"url\":\"https:\/\/transinfo.pl\/x\/\",\"name\":\"TransInfo Archiwum\",\"description\":\"Ca\u0142y transport w jednym miejscu\",\"publisher\":{\"@id\":\"https:\/\/transinfo.pl\/x\/#organization\"},\"potentialAction\":[{\"@type\":\"SearchAction\",\"target\":{\"@type\":\"EntryPoint\",\"urlTemplate\":\"https:\/\/transinfo.pl\/x\/?s={search_term_string}\"},\"query-input\":{\"@type\":\"PropertyValueSpecification\",\"valueRequired\":true,\"valueName\":\"search_term_string\"}}],\"inLanguage\":\"pl-PL\"},{\"@type\":\"Organization\",\"@id\":\"https:\/\/transinfo.pl\/x\/#organization\",\"name\":\"TransInfo\",\"url\":\"https:\/\/transinfo.pl\/x\/\",\"logo\":{\"@type\":\"ImageObject\",\"inLanguage\":\"pl-PL\",\"@id\":\"https:\/\/transinfo.pl\/x\/#\/schema\/logo\/image\/\",\"url\":\"https:\/\/transinfo.pl\/x\/wp-content\/uploads\/2024\/10\/favicon.png\",\"contentUrl\":\"https:\/\/transinfo.pl\/x\/wp-content\/uploads\/2024\/10\/favicon.png\",\"width\":512,\"height\":512,\"caption\":\"TransInfo\"},\"image\":{\"@id\":\"https:\/\/transinfo.pl\/x\/#\/schema\/logo\/image\/\"}}]}<\/script>\n<!-- \/ Yoast SEO Premium plugin. -->","yoast_head_json":{"title":"Ile nowych pojazd\u00f3w kupi\u0105 Tramwaje Warszawskie? Pad\u0142y liczby - TransInfo Archiwum","description":"Prezydent Warszawy Rafa\u0142 Trzaskowski podkre\u015bli\u0142, \u017ce b\u0119d\u0105 kontynuowane zakupy pojazd\u00f3w niskoemisyjnych dla komunikacji miejskiej.","robots":{"index":"index","follow":"follow","max-snippet":"max-snippet:-1","max-image-preview":"max-image-preview:large","max-video-preview":"max-video-preview:-1"},"canonical":"https:\/\/transinfo.pl\/x\/infotram\/ile-nowych-pojazdow-kupia-tramwaje-warszawskie-padly-liczby\/","og_locale":"pl_PL","og_type":"article","og_title":"Ile nowych pojazd\u00f3w kupi\u0105 Tramwaje Warszawskie? Pad\u0142y liczby","og_description":"Prezydent Warszawy Rafa\u0142 Trzaskowski podkre\u015bli\u0142, \u017ce b\u0119d\u0105 kontynuowane zakupy pojazd\u00f3w niskoemisyjnych dla komunikacji miejskiej.","og_url":"https:\/\/transinfo.pl\/x\/infotram\/ile-nowych-pojazdow-kupia-tramwaje-warszawskie-padly-liczby\/","og_site_name":"TransInfo Archiwum","og_image":[{"url":"https:\/\/transinfo.pl\/x\/wp-content\/uploads\/2024\/01\/pesa-warszawa.jpg","width":1,"height":1,"type":"image\/jpeg"}],"twitter_card":"summary_large_image","twitter_misc":{"Szacowany czas czytania":"1 minuta"},"schema":{"@context":"https:\/\/schema.org","@graph":[{"@type":"WebPage","@id":"https:\/\/transinfo.pl\/x\/infotram\/ile-nowych-pojazdow-kupia-tramwaje-warszawskie-padly-liczby\/","url":"https:\/\/transinfo.pl\/x\/infotram\/ile-nowych-pojazdow-kupia-tramwaje-warszawskie-padly-liczby\/","name":"Ile nowych pojazd\u00f3w kupi\u0105 Tramwaje Warszawskie? Pad\u0142y liczby - TransInfo Archiwum","isPartOf":{"@id":"https:\/\/transinfo.pl\/x\/#website"},"primaryImageOfPage":{"@id":"https:\/\/transinfo.pl\/x\/infotram\/ile-nowych-pojazdow-kupia-tramwaje-warszawskie-padly-liczby\/#primaryimage"},"image":{"@id":"https:\/\/transinfo.pl\/x\/infotram\/ile-nowych-pojazdow-kupia-tramwaje-warszawskie-padly-liczby\/#primaryimage"},"thumbnailUrl":"https:\/\/transinfo.pl\/x\/wp-content\/uploads\/2024\/01\/pesa-warszawa.jpg","datePublished":"2024-01-17T12:45:00+00:00","dateModified":"2024-01-17T12:45:00+00:00","description":"Prezydent Warszawy Rafa\u0142 Trzaskowski podkre\u015bli\u0142, \u017ce b\u0119d\u0105 kontynuowane zakupy pojazd\u00f3w niskoemisyjnych dla komunikacji miejskiej.","breadcrumb":{"@id":"https:\/\/transinfo.pl\/x\/infotram\/ile-nowych-pojazdow-kupia-tramwaje-warszawskie-padly-liczby\/#breadcrumb"},"inLanguage":"pl-PL","potentialAction":[{"@type":"ReadAction","target":["https:\/\/transinfo.pl\/x\/infotram\/ile-nowych-pojazdow-kupia-tramwaje-warszawskie-padly-liczby\/"]}]},{"@type":"ImageObject","inLanguage":"pl-PL","@id":"https:\/\/transinfo.pl\/x\/infotram\/ile-nowych-pojazdow-kupia-tramwaje-warszawskie-padly-liczby\/#primaryimage","url":"https:\/\/transinfo.pl\/x\/wp-content\/uploads\/2024\/01\/pesa-warszawa.jpg","contentUrl":"https:\/\/transinfo.pl\/x\/wp-content\/uploads\/2024\/01\/pesa-warszawa.jpg"},{"@type":"BreadcrumbList","@id":"https:\/\/transinfo.pl\/x\/infotram\/ile-nowych-pojazdow-kupia-tramwaje-warszawskie-padly-liczby\/#breadcrumb","itemListElement":[{"@type":"ListItem","position":1,"name":"Home","item":"https:\/\/transinfo.pl\/x\/"},{"@type":"ListItem","position":2,"name":"Infotram","item":"https:\/\/transinfo.pl\/x\/infotram\/"},{"@type":"ListItem","position":3,"name":"Ile nowych pojazd\u00f3w kupi\u0105 Tramwaje Warszawskie? Pad\u0142y liczby"}]},{"@type":"WebSite","@id":"https:\/\/transinfo.pl\/x\/#website","url":"https:\/\/transinfo.pl\/x\/","name":"TransInfo Archiwum","description":"Ca\u0142y transport w jednym miejscu","publisher":{"@id":"https:\/\/transinfo.pl\/x\/#organization"},"potentialAction":[{"@type":"SearchAction","target":{"@type":"EntryPoint","urlTemplate":"https:\/\/transinfo.pl\/x\/?s={search_term_string}"},"query-input":{"@type":"PropertyValueSpecification","valueRequired":true,"valueName":"search_term_string"}}],"inLanguage":"pl-PL"},{"@type":"Organization","@id":"https:\/\/transinfo.pl\/x\/#organization","name":"TransInfo","url":"https:\/\/transinfo.pl\/x\/","logo":{"@type":"ImageObject","inLanguage":"pl-PL","@id":"https:\/\/transinfo.pl\/x\/#\/schema\/logo\/image\/","url":"https:\/\/transinfo.pl\/x\/wp-content\/uploads\/2024\/10\/favicon.png","contentUrl":"https:\/\/transinfo.pl\/x\/wp-content\/uploads\/2024\/10\/favicon.png","width":512,"height":512,"caption":"TransInfo"},"image":{"@id":"https:\/\/transinfo.pl\/x\/#\/schema\/logo\/image\/"}}]}},"_links":{"self":[{"href":"https:\/\/transinfo.pl\/x\/wp-json\/wp\/v2\/infotram\/263527","targetHints":{"allow":["GET"]}}],"collection":[{"href":"https:\/\/transinfo.pl\/x\/wp-json\/wp\/v2\/infotram"}],"about":[{"href":"https:\/\/transinfo.pl\/x\/wp-json\/wp\/v2\/types\/infotram"}],"author":[{"embeddable":true,"href":"https:\/\/transinfo.pl\/x\/wp-json\/wp\/v2\/users\/3"}],"replies":[{"embeddable":true,"href":"https:\/\/transinfo.pl\/x\/wp-json\/wp\/v2\/comments?post=263527"}],"wp:featuredmedia":[{"embeddable":true,"href":"https:\/\/transinfo.pl\/x\/wp-json\/wp\/v2\/media\/263528"}],"wp:attachment":[{"href":"https:\/\/transinfo.pl\/x\/wp-json\/wp\/v2\/media?parent=263527"}],"wp:term":[{"taxonomy":"category","embeddable":true,"href":"https:\/\/transinfo.pl\/x\/wp-json\/wp\/v2\/categories?post=263527"},{"taxonomy":"post_tag","embeddable":true,"href":"https:\/\/transinfo.pl\/x\/wp-json\/wp\/v2\/tags?post=263527"}],"curies":[{"name":"wp","href":"https:\/\/api.w.org\/{rel}","templated":true}]}}