{"id":262641,"date":"2023-12-30T15:45:00","date_gmt":"2023-12-30T15:45:00","guid":{"rendered":"https:\/\/transinfo.pl\/x\/infotram\/na-zadanie-pasazera-i-poza-przystankiem-mpk-krakow-mowi-stanowcze-nie\/"},"modified":"2023-12-30T15:45:00","modified_gmt":"2023-12-30T15:45:00","slug":"na-zadanie-pasazera-i-poza-przystankiem-mpk-krakow-mowi-stanowcze-nie","status":"publish","type":"infotram","link":"https:\/\/transinfo.pl\/x\/infotram\/na-zadanie-pasazera-i-poza-przystankiem-mpk-krakow-mowi-stanowcze-nie\/","title":{"rendered":"Na \u017c\u0105danie pasa\u017cera i poza przystankiem. MPK Krak\u00f3w m\u00f3wi stanowcze nie!"},"content":{"rendered":"<style>h1,h2,h3,h4,h5,h6{margin:0 0 1.25rem;font-family:Arial,sans-serif;font-weight:600;color:#050505}h1{font-size:1.875rem;line-height:1.1em;text-transform:none}@media(min-width: 768px){h1{font-size:2.375rem}}h2{font-size:1.1875rem;line-height:1.2em;text-transform:uppercase}@media(min-width: 768px){h2{font-size:1.0625rem}}h3{font-size:0.9375rem;line-height:1.4em;font-weight:900;margin-bottom:0.9375rem}h4{font-size:0.875rem;line-height:1.2em;font-weight:500}h5{font-size:0.9375rem;line-height:1.6;font-weight:400}h6{font-size:0.9375rem;line-height:1.6;font-weight:600}\n<\/style>\n<h3 class=\"wp-block-heading\" id=\"h-krzysztof-kwarciak-ze-stowarzyszenia-ulepszamy-krakow-zwrocil-sie-do-mpk-sa-w-krakowie-z-apelem-o-to-aby-kierowcy-autobusow-ktore-stoja-w-korku-otwierali-drzwi-na-prosbe-pasazerow-poza-przystankami\">Krzysztof Kwarciak ze stowarzyszenia \u201eUlepszamy Krak\u00f3w\u201d zwr\u00f3ci\u0142 si\u0119 do MPK SA w Krakowie z apelem o to, aby kierowcy autobus\u00f3w, kt\u00f3re stoj\u0105 w korku, otwierali drzwi na pro\u015bb\u0119 pasa\u017cer\u00f3w poza przystankami.<\/h3>\n\n\n<style>p{margin:0 0 1.5rem}p:last-child{margin:0}p.is-style-uppercase{text-transform:uppercase}p.is-style-preheading{color:#12406a;text-transform:uppercase}p.is-style-leadparagraph{font-size:1rem;line-height:1.625;font-weight:700}@media(min-width: 768px){p.is-style-leadparagraph{font-size:1.125rem;line-height:1.5555555556}}p.has-small-margin{margin-bottom:0.625rem}p.has-small-margin+h1,p.has-small-margin+h2,p.has-small-margin+h3{margin-top:1.875rem}\n<\/style>\n<p>I motorniczowie tramwaj\u00f3w mo\u017ce te\u017c. &nbsp;<\/p>\n\n\n\n<h2 class=\"wp-block-heading\" id=\"h-nie-od-mpk-krakow\">NIE od MPK Krak\u00f3w<\/h2>\n\n\n<style>.wp-block-quote{border-left:0.1875rem solid var(--page-color);font-size:1rem;font-style:italic;margin:0 0 1.6875rem;padding:1.25rem}.wp-block-quote cite{color:#050505}.wp-block-quote.is-style-large p{margin-bottom:10px}.wp-block-quote.is-style-large cite{color:#12406a}\n<\/style>\n<blockquote class=\"wp-block-quote is-layout-flow wp-block-quote-is-layout-flow\">\n<p>Dotychczasowe post\u0119powanie naszych prowadz\u0105cych, kt\u00f3rzy umo\u017cliwiaj\u0105 wysiadanie pasa\u017cerom tylko na przystankach, uzna\u0142 za \u201ebiurokratyczne absurdy\u201d. Nie w\u0105tpimy w to, \u017ce Krzysztof Kwarciak mia\u0142 dobre ch\u0119ci, wykaza\u0142 si\u0119 jednak ca\u0142kowitym brakiem znajomo\u015bci obowi\u0105zuj\u0105cego w Polsce prawa. Zasady wykonywania krajowego transportu, a do nich nale\u017cy \u015bwiadczenie us\u0142ugi przez MPK SA w Krakowie, okre\u015bla ustawa o transporcie drogowym. Ustawa, podczas wykonywania przewoz\u00f3w regularnych, zabrania \u201ezabierania i wysadzania pasa\u017cer\u00f3w poza przystankami okre\u015blonymi w rozk\u0142adzie jazdy\u201d (art. 18b ust. 2 pkt. 3). Nie zastosowanie si\u0119 do tej zasady wi\u0105\u017ce si\u0119 r\u00f3wnie\u017c z kar\u0105 w wysoko\u015bci 3 000 z\u0142 \u2013 odpowiada MPK Krak\u00f3w.<\/p>\n<\/blockquote>\n\n\n\n<blockquote class=\"wp-block-quote is-layout-flow wp-block-quote-is-layout-flow\">\n<p>Je\u017celi wi\u0119c Krzysztof Kwarciak rzeczywi\u015bcie chce zmieni\u0107 te \u201ebiurokratyczne absurdy\u201d, sw\u00f3j apel powinien skierowa\u0107 nie do MPK SA w Krakowie, tylko do organ\u00f3w stanowi\u0105cych w Polsce prawo \u2013 stwierdza krakowski przewo\u017anik.<\/p>\n<\/blockquote>\n\n\n\n<p><\/p>\n\n\n<style>.wp-block-image{margin:1.25rem 0;text-align:center}.wp-block-image figcaption{padding:0 0.9375rem;text-align:center}\n<\/style>\n<figure class=\"wp-block-image size-full\"><img decoding=\"async\" src=\"https:\/\/transinfo.pl\/wp-content\/uploads\/2023\/12\/krakow-witosa.jpg\" alt=\"Krzysztof Kwarciak ze stowarzyszenia \u201eUlepszamy Krak\u00f3w\u201d zwr\u00f3ci\u0142 si\u0119 do MPK SA w Krakowie z apelem o to, aby kierowcy autobus\u00f3w, kt\u00f3re stoj\u0105 w korku, otwierali drzwi na pro\u015bb\u0119 pasa\u017cer\u00f3w poza przystankami.\" class=\"wp-image-458300\" \/><figcaption class=\"wp-element-caption\">Krakowski przystanek\/foto: MPK Krak\u00f3w<\/figcaption><\/figure>\n\n\n\n<p><\/p>\n\n\n\n<p>Odnosz\u0105c si\u0119 do pomys\u0142u Krzysztofa Kwarciaka warto zwr\u00f3ci\u0107 uwag\u0119 tak\u017ce na aspekt podstawowych zasad bezpiecze\u0144stwa przewozu pasa\u017cer\u00f3w. Prowadz\u0105cy otwieraj\u0105 drzwi autobus\u00f3w i tramwaj\u00f3w na wyznaczonych w tym celu przystankach, bo to miejsca zapewniaj\u0105ce pasa\u017cerom bezpieczne wsiadanie i wysiadanie z pojazdu. Warto tak\u017ce, aby pomys\u0142odawca odpowiedzia\u0142 sobie na pytanie, kto poniesie odpowiedzialno\u015b\u0107 w sytuacji, gdy z powodu kork\u00f3w pasa\u017cerowie wysi\u0105d\u0105 w niedozwolonym miejscu i komu\u015b stanie si\u0119 krzywda?<\/p>\n\n\n\n<blockquote class=\"wp-block-quote is-layout-flow wp-block-quote-is-layout-flow\">\n<p>Oczywi\u015bcie rozumiemy zdenerwowanie pasa\u017cer\u00f3w, kt\u00f3rzy podr\u00f3\u017cuj\u0105 w autobusie stoj\u0105cym w korku. Dla nas jednak rozwi\u0105zaniem tego problemu nie jest \u0142amanie obowi\u0105zuj\u0105cego prawa i jednocze\u015bnie nara\u017cenie pasa\u017cer\u00f3w, w tym dzieci i osoby z ograniczon\u0105 mobilno\u015bci\u0105 na niebezpiecze\u0144stwo poprzez&nbsp; umo\u017cliwianie im wysiadania z autobus\u00f3w w dowolnym, niedostosowanym do tego miejscu \u2013 wyja\u015bnia MPK Krak\u00f3w.<\/p>\n<\/blockquote>\n","protected":false},"author":3,"featured_media":262642,"comment_status":"","ping_status":"closed","template":"","categories":[24],"tags":[58,883,812,1054],"class_list":["post-262641","infotram","type-infotram","status-publish","has-post-thumbnail","hentry","category-prawo","tag-krakow","tag-motorniczy","tag-mpk-krakow","tag-przystanek"],"acf":[],"yoast_head":"<!-- This site is optimized with the Yoast SEO Premium plugin v21.8 (Yoast SEO v23.7) - https:\/\/yoast.com\/wordpress\/plugins\/seo\/ -->\n<title>Na \u017c\u0105danie pasa\u017cera i poza przystankiem. MPK Krak\u00f3w m\u00f3wi stanowcze nie! - TransInfo Archiwum<\/title>\n<meta name=\"description\" content=\"Krzysztof Kwarciak ze stowarzyszenia \u201eUlepszamy Krak\u00f3w\u201d zwr\u00f3ci\u0142 si\u0119 do MPK SA w Krakowie z apelem o to, aby kierowcy otwierali drzwi.\" \/>\n<meta name=\"robots\" content=\"index, follow, max-snippet:-1, max-image-preview:large, max-video-preview:-1\" \/>\n<link rel=\"canonical\" href=\"https:\/\/transinfo.pl\/x\/infotram\/na-zadanie-pasazera-i-poza-przystankiem-mpk-krakow-mowi-stanowcze-nie\/\" \/>\n<meta property=\"og:locale\" content=\"pl_PL\" \/>\n<meta property=\"og:type\" content=\"article\" \/>\n<meta property=\"og:title\" content=\"Na \u017c\u0105danie pasa\u017cera i poza przystankiem. MPK Krak\u00f3w m\u00f3wi stanowcze nie!\" \/>\n<meta property=\"og:description\" content=\"Krzysztof Kwarciak ze stowarzyszenia \u201eUlepszamy Krak\u00f3w\u201d zwr\u00f3ci\u0142 si\u0119 do MPK SA w Krakowie z apelem o to, aby kierowcy otwierali drzwi.\" \/>\n<meta property=\"og:url\" content=\"https:\/\/transinfo.pl\/x\/infotram\/na-zadanie-pasazera-i-poza-przystankiem-mpk-krakow-mowi-stanowcze-nie\/\" \/>\n<meta property=\"og:site_name\" content=\"TransInfo Archiwum\" \/>\n<meta property=\"og:image\" content=\"https:\/\/transinfo.pl\/x\/wp-content\/uploads\/2023\/12\/MPK-Krakow.jpg\" \/>\n\t<meta property=\"og:image:width\" content=\"1\" \/>\n\t<meta property=\"og:image:height\" content=\"1\" \/>\n\t<meta property=\"og:image:type\" content=\"image\/jpeg\" \/>\n<meta name=\"twitter:card\" content=\"summary_large_image\" \/>\n<meta name=\"twitter:label1\" content=\"Szacowany czas czytania\" \/>\n\t<meta name=\"twitter:data1\" content=\"2 minuty\" \/>\n<script type=\"application\/ld+json\" class=\"yoast-schema-graph\">{\"@context\":\"https:\/\/schema.org\",\"@graph\":[{\"@type\":\"WebPage\",\"@id\":\"https:\/\/transinfo.pl\/x\/infotram\/na-zadanie-pasazera-i-poza-przystankiem-mpk-krakow-mowi-stanowcze-nie\/\",\"url\":\"https:\/\/transinfo.pl\/x\/infotram\/na-zadanie-pasazera-i-poza-przystankiem-mpk-krakow-mowi-stanowcze-nie\/\",\"name\":\"Na \u017c\u0105danie pasa\u017cera i poza przystankiem. MPK Krak\u00f3w m\u00f3wi stanowcze nie! - TransInfo Archiwum\",\"isPartOf\":{\"@id\":\"https:\/\/transinfo.pl\/x\/#website\"},\"primaryImageOfPage\":{\"@id\":\"https:\/\/transinfo.pl\/x\/infotram\/na-zadanie-pasazera-i-poza-przystankiem-mpk-krakow-mowi-stanowcze-nie\/#primaryimage\"},\"image\":{\"@id\":\"https:\/\/transinfo.pl\/x\/infotram\/na-zadanie-pasazera-i-poza-przystankiem-mpk-krakow-mowi-stanowcze-nie\/#primaryimage\"},\"thumbnailUrl\":\"https:\/\/transinfo.pl\/x\/wp-content\/uploads\/2023\/12\/MPK-Krakow.jpg\",\"datePublished\":\"2023-12-30T15:45:00+00:00\",\"dateModified\":\"2023-12-30T15:45:00+00:00\",\"description\":\"Krzysztof Kwarciak ze stowarzyszenia \u201eUlepszamy Krak\u00f3w\u201d zwr\u00f3ci\u0142 si\u0119 do MPK SA w Krakowie z apelem o to, aby kierowcy otwierali drzwi.\",\"breadcrumb\":{\"@id\":\"https:\/\/transinfo.pl\/x\/infotram\/na-zadanie-pasazera-i-poza-przystankiem-mpk-krakow-mowi-stanowcze-nie\/#breadcrumb\"},\"inLanguage\":\"pl-PL\",\"potentialAction\":[{\"@type\":\"ReadAction\",\"target\":[\"https:\/\/transinfo.pl\/x\/infotram\/na-zadanie-pasazera-i-poza-przystankiem-mpk-krakow-mowi-stanowcze-nie\/\"]}]},{\"@type\":\"ImageObject\",\"inLanguage\":\"pl-PL\",\"@id\":\"https:\/\/transinfo.pl\/x\/infotram\/na-zadanie-pasazera-i-poza-przystankiem-mpk-krakow-mowi-stanowcze-nie\/#primaryimage\",\"url\":\"https:\/\/transinfo.pl\/x\/wp-content\/uploads\/2023\/12\/MPK-Krakow.jpg\",\"contentUrl\":\"https:\/\/transinfo.pl\/x\/wp-content\/uploads\/2023\/12\/MPK-Krakow.jpg\"},{\"@type\":\"BreadcrumbList\",\"@id\":\"https:\/\/transinfo.pl\/x\/infotram\/na-zadanie-pasazera-i-poza-przystankiem-mpk-krakow-mowi-stanowcze-nie\/#breadcrumb\",\"itemListElement\":[{\"@type\":\"ListItem\",\"position\":1,\"name\":\"Home\",\"item\":\"https:\/\/transinfo.pl\/x\/\"},{\"@type\":\"ListItem\",\"position\":2,\"name\":\"Infotram\",\"item\":\"https:\/\/transinfo.pl\/x\/infotram\/\"},{\"@type\":\"ListItem\",\"position\":3,\"name\":\"Na \u017c\u0105danie pasa\u017cera i poza przystankiem. MPK Krak\u00f3w m\u00f3wi stanowcze nie!\"}]},{\"@type\":\"WebSite\",\"@id\":\"https:\/\/transinfo.pl\/x\/#website\",\"url\":\"https:\/\/transinfo.pl\/x\/\",\"name\":\"TransInfo Archiwum\",\"description\":\"Ca\u0142y transport w jednym miejscu\",\"publisher\":{\"@id\":\"https:\/\/transinfo.pl\/x\/#organization\"},\"potentialAction\":[{\"@type\":\"SearchAction\",\"target\":{\"@type\":\"EntryPoint\",\"urlTemplate\":\"https:\/\/transinfo.pl\/x\/?s={search_term_string}\"},\"query-input\":{\"@type\":\"PropertyValueSpecification\",\"valueRequired\":true,\"valueName\":\"search_term_string\"}}],\"inLanguage\":\"pl-PL\"},{\"@type\":\"Organization\",\"@id\":\"https:\/\/transinfo.pl\/x\/#organization\",\"name\":\"TransInfo\",\"url\":\"https:\/\/transinfo.pl\/x\/\",\"logo\":{\"@type\":\"ImageObject\",\"inLanguage\":\"pl-PL\",\"@id\":\"https:\/\/transinfo.pl\/x\/#\/schema\/logo\/image\/\",\"url\":\"https:\/\/transinfo.pl\/x\/wp-content\/uploads\/2024\/10\/favicon.png\",\"contentUrl\":\"https:\/\/transinfo.pl\/x\/wp-content\/uploads\/2024\/10\/favicon.png\",\"width\":512,\"height\":512,\"caption\":\"TransInfo\"},\"image\":{\"@id\":\"https:\/\/transinfo.pl\/x\/#\/schema\/logo\/image\/\"}}]}<\/script>\n<!-- \/ Yoast SEO Premium plugin. -->","yoast_head_json":{"title":"Na \u017c\u0105danie pasa\u017cera i poza przystankiem. MPK Krak\u00f3w m\u00f3wi stanowcze nie! - TransInfo Archiwum","description":"Krzysztof Kwarciak ze stowarzyszenia \u201eUlepszamy Krak\u00f3w\u201d zwr\u00f3ci\u0142 si\u0119 do MPK SA w Krakowie z apelem o to, aby kierowcy otwierali drzwi.","robots":{"index":"index","follow":"follow","max-snippet":"max-snippet:-1","max-image-preview":"max-image-preview:large","max-video-preview":"max-video-preview:-1"},"canonical":"https:\/\/transinfo.pl\/x\/infotram\/na-zadanie-pasazera-i-poza-przystankiem-mpk-krakow-mowi-stanowcze-nie\/","og_locale":"pl_PL","og_type":"article","og_title":"Na \u017c\u0105danie pasa\u017cera i poza przystankiem. MPK Krak\u00f3w m\u00f3wi stanowcze nie!","og_description":"Krzysztof Kwarciak ze stowarzyszenia \u201eUlepszamy Krak\u00f3w\u201d zwr\u00f3ci\u0142 si\u0119 do MPK SA w Krakowie z apelem o to, aby kierowcy otwierali drzwi.","og_url":"https:\/\/transinfo.pl\/x\/infotram\/na-zadanie-pasazera-i-poza-przystankiem-mpk-krakow-mowi-stanowcze-nie\/","og_site_name":"TransInfo Archiwum","og_image":[{"url":"https:\/\/transinfo.pl\/x\/wp-content\/uploads\/2023\/12\/MPK-Krakow.jpg","width":1,"height":1,"type":"image\/jpeg"}],"twitter_card":"summary_large_image","twitter_misc":{"Szacowany czas czytania":"2 minuty"},"schema":{"@context":"https:\/\/schema.org","@graph":[{"@type":"WebPage","@id":"https:\/\/transinfo.pl\/x\/infotram\/na-zadanie-pasazera-i-poza-przystankiem-mpk-krakow-mowi-stanowcze-nie\/","url":"https:\/\/transinfo.pl\/x\/infotram\/na-zadanie-pasazera-i-poza-przystankiem-mpk-krakow-mowi-stanowcze-nie\/","name":"Na \u017c\u0105danie pasa\u017cera i poza przystankiem. MPK Krak\u00f3w m\u00f3wi stanowcze nie! - TransInfo Archiwum","isPartOf":{"@id":"https:\/\/transinfo.pl\/x\/#website"},"primaryImageOfPage":{"@id":"https:\/\/transinfo.pl\/x\/infotram\/na-zadanie-pasazera-i-poza-przystankiem-mpk-krakow-mowi-stanowcze-nie\/#primaryimage"},"image":{"@id":"https:\/\/transinfo.pl\/x\/infotram\/na-zadanie-pasazera-i-poza-przystankiem-mpk-krakow-mowi-stanowcze-nie\/#primaryimage"},"thumbnailUrl":"https:\/\/transinfo.pl\/x\/wp-content\/uploads\/2023\/12\/MPK-Krakow.jpg","datePublished":"2023-12-30T15:45:00+00:00","dateModified":"2023-12-30T15:45:00+00:00","description":"Krzysztof Kwarciak ze stowarzyszenia \u201eUlepszamy Krak\u00f3w\u201d zwr\u00f3ci\u0142 si\u0119 do MPK SA w Krakowie z apelem o to, aby kierowcy otwierali drzwi.","breadcrumb":{"@id":"https:\/\/transinfo.pl\/x\/infotram\/na-zadanie-pasazera-i-poza-przystankiem-mpk-krakow-mowi-stanowcze-nie\/#breadcrumb"},"inLanguage":"pl-PL","potentialAction":[{"@type":"ReadAction","target":["https:\/\/transinfo.pl\/x\/infotram\/na-zadanie-pasazera-i-poza-przystankiem-mpk-krakow-mowi-stanowcze-nie\/"]}]},{"@type":"ImageObject","inLanguage":"pl-PL","@id":"https:\/\/transinfo.pl\/x\/infotram\/na-zadanie-pasazera-i-poza-przystankiem-mpk-krakow-mowi-stanowcze-nie\/#primaryimage","url":"https:\/\/transinfo.pl\/x\/wp-content\/uploads\/2023\/12\/MPK-Krakow.jpg","contentUrl":"https:\/\/transinfo.pl\/x\/wp-content\/uploads\/2023\/12\/MPK-Krakow.jpg"},{"@type":"BreadcrumbList","@id":"https:\/\/transinfo.pl\/x\/infotram\/na-zadanie-pasazera-i-poza-przystankiem-mpk-krakow-mowi-stanowcze-nie\/#breadcrumb","itemListElement":[{"@type":"ListItem","position":1,"name":"Home","item":"https:\/\/transinfo.pl\/x\/"},{"@type":"ListItem","position":2,"name":"Infotram","item":"https:\/\/transinfo.pl\/x\/infotram\/"},{"@type":"ListItem","position":3,"name":"Na \u017c\u0105danie pasa\u017cera i poza przystankiem. MPK Krak\u00f3w m\u00f3wi stanowcze nie!"}]},{"@type":"WebSite","@id":"https:\/\/transinfo.pl\/x\/#website","url":"https:\/\/transinfo.pl\/x\/","name":"TransInfo Archiwum","description":"Ca\u0142y transport w jednym miejscu","publisher":{"@id":"https:\/\/transinfo.pl\/x\/#organization"},"potentialAction":[{"@type":"SearchAction","target":{"@type":"EntryPoint","urlTemplate":"https:\/\/transinfo.pl\/x\/?s={search_term_string}"},"query-input":{"@type":"PropertyValueSpecification","valueRequired":true,"valueName":"search_term_string"}}],"inLanguage":"pl-PL"},{"@type":"Organization","@id":"https:\/\/transinfo.pl\/x\/#organization","name":"TransInfo","url":"https:\/\/transinfo.pl\/x\/","logo":{"@type":"ImageObject","inLanguage":"pl-PL","@id":"https:\/\/transinfo.pl\/x\/#\/schema\/logo\/image\/","url":"https:\/\/transinfo.pl\/x\/wp-content\/uploads\/2024\/10\/favicon.png","contentUrl":"https:\/\/transinfo.pl\/x\/wp-content\/uploads\/2024\/10\/favicon.png","width":512,"height":512,"caption":"TransInfo"},"image":{"@id":"https:\/\/transinfo.pl\/x\/#\/schema\/logo\/image\/"}}]}},"_links":{"self":[{"href":"https:\/\/transinfo.pl\/x\/wp-json\/wp\/v2\/infotram\/262641","targetHints":{"allow":["GET"]}}],"collection":[{"href":"https:\/\/transinfo.pl\/x\/wp-json\/wp\/v2\/infotram"}],"about":[{"href":"https:\/\/transinfo.pl\/x\/wp-json\/wp\/v2\/types\/infotram"}],"author":[{"embeddable":true,"href":"https:\/\/transinfo.pl\/x\/wp-json\/wp\/v2\/users\/3"}],"replies":[{"embeddable":true,"href":"https:\/\/transinfo.pl\/x\/wp-json\/wp\/v2\/comments?post=262641"}],"wp:featuredmedia":[{"embeddable":true,"href":"https:\/\/transinfo.pl\/x\/wp-json\/wp\/v2\/media\/262642"}],"wp:attachment":[{"href":"https:\/\/transinfo.pl\/x\/wp-json\/wp\/v2\/media?parent=262641"}],"wp:term":[{"taxonomy":"category","embeddable":true,"href":"https:\/\/transinfo.pl\/x\/wp-json\/wp\/v2\/categories?post=262641"},{"taxonomy":"post_tag","embeddable":true,"href":"https:\/\/transinfo.pl\/x\/wp-json\/wp\/v2\/tags?post=262641"}],"curies":[{"name":"wp","href":"https:\/\/api.w.org\/{rel}","templated":true}]}}