{"id":262441,"date":"2023-12-26T14:45:00","date_gmt":"2023-12-26T14:45:00","guid":{"rendered":"https:\/\/transinfo.pl\/x\/infotram\/przez-trzy-dni-tramwaje-warszawskie-pojada-rzadziej\/"},"modified":"2023-12-26T14:45:00","modified_gmt":"2023-12-26T14:45:00","slug":"przez-trzy-dni-tramwaje-warszawskie-pojada-rzadziej","status":"publish","type":"infotram","link":"https:\/\/transinfo.pl\/x\/infotram\/przez-trzy-dni-tramwaje-warszawskie-pojada-rzadziej\/","title":{"rendered":"Przez trzy dni tramwaje warszawskie pojad\u0105 rzadziej"},"content":{"rendered":"<style>h1,h2,h3,h4,h5,h6{margin:0 0 1.25rem;font-family:Arial,sans-serif;font-weight:600;color:#050505}h1{font-size:1.875rem;line-height:1.1em;text-transform:none}@media(min-width: 768px){h1{font-size:2.375rem}}h2{font-size:1.1875rem;line-height:1.2em;text-transform:uppercase}@media(min-width: 768px){h2{font-size:1.0625rem}}h3{font-size:0.9375rem;line-height:1.4em;font-weight:900;margin-bottom:0.9375rem}h4{font-size:0.875rem;line-height:1.2em;font-weight:500}h5{font-size:0.9375rem;line-height:1.6;font-weight:400}h6{font-size:0.9375rem;line-height:1.6;font-weight:600}\n<\/style>\n<h3 class=\"wp-block-heading\" id=\"h-w-dniach-od-27-do-29-grudnia-warszawskie-autobusy-zasadniczo-beda-jezdzily-wedlug-rozkladow-dnia-powszedniego-z-zawieszeniem-kursowania-lub-korekta-rozkladow-i-tras-wybranych-linii\">W dniach, od 27 do 29 grudnia warszawskie autobusy zasadniczo b\u0119d\u0105 je\u017adzi\u0142y wed\u0142ug rozk\u0142ad\u00f3w dnia powszedniego, z zawieszeniem kursowania lub korekt\u0105 rozk\u0142ad\u00f3w i tras wybranych linii.<\/h3>\n\n\n<style>p{margin:0 0 1.5rem}p:last-child{margin:0}p.is-style-uppercase{text-transform:uppercase}p.is-style-preheading{color:#12406a;text-transform:uppercase}p.is-style-leadparagraph{font-size:1rem;line-height:1.625;font-weight:700}@media(min-width: 768px){p.is-style-leadparagraph{font-size:1.125rem;line-height:1.5555555556}}p.has-small-margin{margin-bottom:0.625rem}p.has-small-margin+h1,p.has-small-margin+h2,p.has-small-margin+h3{margin-top:1.875rem}\n<\/style>\n<p>Nie b\u0119dzie kurs\u00f3w szkolnych i podjazd\u00f3w pod szko\u0142y.<\/p>\n\n\n\n<h2 class=\"wp-block-heading\" id=\"h-specjalny-rozklad-jazdy\">Specjalny rozk\u0142ad jazdy<\/h2>\n\n\n\n<p>W Warszawie wprowadzony zostanie specjalny rozk\u0142ad tramwajowy. Tramwaje b\u0119d\u0105 kursowa\u0142y rzadziej, w godzinach szczytu z 4 min. do 5 min. i z 8 min. do 10 min. a w mi\u0119dzyszczycie z 6 min. do 7,5 min. i z 12 min. do 15 min.<\/p>\n\n\n\n<p>R\u00f3wnie\u017c metro b\u0119dzie kursowa\u0142o rzadziej: w godzinach szczytu do 3,5 min. W noc 29\/30.12 uruchomione zostaj\u0105 kursy nocne.<\/p>\n\n\n\n<p><\/p>\n\n\n<style>.wp-block-image{margin:1.25rem 0;text-align:center}.wp-block-image figcaption{padding:0 0.9375rem;text-align:center}\n<\/style>\n<figure class=\"wp-block-image size-full\"><a href=\"https:\/\/transinfo.pl\/wp-content\/uploads\/2023\/12\/warszawa-tramwaj.jpg\"><img decoding=\"async\" src=\"https:\/\/transinfo.pl\/wp-content\/uploads\/2023\/12\/warszawa-tramwaj.jpg\" alt=\"Wprowadzony zostanie specjalny rozk\u0142ad tramwajowy. Tramwaje b\u0119d\u0105 kursowa\u0142y rzadziej, w godzinach szczytu z 4 min. do 5 min. i z 8 min. do 10 min. a w mi\u0119dzyszczycie z 6 min. do 7,5 min. i z 12 min. do 15 min.\" class=\"wp-image-457953\" \/><\/a><figcaption class=\"wp-element-caption\">Tramwaje w Warszawie <\/figcaption><\/figure>\n\n\n\n<p><\/p>\n\n\n\n<p>Inaczej pojad\u0105 te\u017c autobusy. W dniach 27-29 grudnia (\u015broda-pi\u0105tek) zmieni\u0105 si\u0119 trasy autobus\u00f3w. Linia 134 w obu kierunkach pojedzie ulicami: Toru\u0144sk\u0105, \u0141abiszy\u0144sk\u0105, Kondratowicza, Bazylia\u0144sk\u0105, Wysockiego, Toru\u0144sk\u0105. Linia 326 pojedzie tras\u0105 skr\u00f3con\u0105 Metro Marymont &#8211; Olesin. R\u00f3wnie\u017c autobusy linii 401 zostan\u0105 skierowane na tras\u0119 skr\u00f3con\u0105: Ursus Nied\u017awiadek &#8211; Metro S\u0142u\u017cew a tak\u017ce L24 pojedzie na kr\u00f3tszej trasie: Zgoda-Chylicka-Kazimierzowska.<\/p>\n\n\n\n<p>Wprowadzony zostanie specjalny rozk\u0142adu jazdy linii: 105, 106, 122, 125, 131, 132, 135, 150, 154, 170, 173, 174, 177, 179, 181, 182, 183, 184, 188, 193, 194, 197, 201, 204, 209, 207, 212, 222, 314, 317, 319, 338, 414, 500, 503, 507, 509, 519, 522, 523, 739, 750, L27, L45. Ograniczone zostanie kursowanie linii 326 do godzin szczytu. Zawieszone zostanie funkcjonowanie kurs\u00f3w wykonywanych tylko w dni nauki szkolnej oraz akademickiej na liniach: 114, 121, 142, 150, 164, 211, 401, 502 a tak\u017ce podjazd\u00f3w szkolnych na liniach: 163, 164, 201.<\/p>\n\n\n\n<p>Zawieszone zostanie funkcjonowanie kurs\u00f3w skr\u00f3conych na linii 518 (Nowodwory \u2013 Metro Marymont) a tak\u017ce zawieszone zostanie kursowanie linii: 192, 196, 200, 221, 249, 256, 320, 332, 339, 340, 356, 379, 501, 809, 815, E-2.<\/p>\n","protected":false},"author":3,"featured_media":262442,"comment_status":"","ping_status":"closed","template":"","categories":[26],"tags":[852,186,22649,238,84],"class_list":["post-262441","infotram","type-infotram","status-publish","has-post-thumbnail","hentry","category-przewoznicy","tag-metro","tag-rozklad-jazdy","tag-specjalny-rozklad-jazdy","tag-tramwaj","tag-warszawa"],"acf":[],"yoast_head":"<!-- This site is optimized with the Yoast SEO Premium plugin v21.8 (Yoast SEO v23.7) - https:\/\/yoast.com\/wordpress\/plugins\/seo\/ -->\n<title>Przez trzy dni tramwaje warszawskie pojad\u0105 rzadziej - TransInfo Archiwum<\/title>\n<meta name=\"description\" content=\"W dniach, od 27 do 29 grudnia autobusy zasadniczo b\u0119d\u0105 je\u017adzi\u0142y wed\u0142ug rozk\u0142ad\u00f3w dnia powszedniego, z zawieszeniem kursowania lub korekt\u0105.\" \/>\n<meta name=\"robots\" content=\"index, follow, max-snippet:-1, max-image-preview:large, max-video-preview:-1\" \/>\n<link rel=\"canonical\" href=\"https:\/\/transinfo.pl\/x\/infotram\/przez-trzy-dni-tramwaje-warszawskie-pojada-rzadziej\/\" \/>\n<meta property=\"og:locale\" content=\"pl_PL\" \/>\n<meta property=\"og:type\" content=\"article\" \/>\n<meta property=\"og:title\" content=\"Przez trzy dni tramwaje warszawskie pojad\u0105 rzadziej\" \/>\n<meta property=\"og:description\" content=\"W dniach, od 27 do 29 grudnia autobusy zasadniczo b\u0119d\u0105 je\u017adzi\u0142y wed\u0142ug rozk\u0142ad\u00f3w dnia powszedniego, z zawieszeniem kursowania lub korekt\u0105.\" \/>\n<meta property=\"og:url\" content=\"https:\/\/transinfo.pl\/x\/infotram\/przez-trzy-dni-tramwaje-warszawskie-pojada-rzadziej\/\" \/>\n<meta property=\"og:site_name\" content=\"TransInfo Archiwum\" \/>\n<meta property=\"og:image\" content=\"https:\/\/transinfo.pl\/x\/wp-content\/uploads\/2023\/12\/Tramwaje-Warszawskie-3.jpg\" \/>\n\t<meta property=\"og:image:width\" content=\"1\" \/>\n\t<meta property=\"og:image:height\" content=\"1\" \/>\n\t<meta property=\"og:image:type\" content=\"image\/jpeg\" \/>\n<meta name=\"twitter:card\" content=\"summary_large_image\" \/>\n<meta name=\"twitter:label1\" content=\"Szacowany czas czytania\" \/>\n\t<meta name=\"twitter:data1\" content=\"1 minuta\" \/>\n<script type=\"application\/ld+json\" class=\"yoast-schema-graph\">{\"@context\":\"https:\/\/schema.org\",\"@graph\":[{\"@type\":\"WebPage\",\"@id\":\"https:\/\/transinfo.pl\/x\/infotram\/przez-trzy-dni-tramwaje-warszawskie-pojada-rzadziej\/\",\"url\":\"https:\/\/transinfo.pl\/x\/infotram\/przez-trzy-dni-tramwaje-warszawskie-pojada-rzadziej\/\",\"name\":\"Przez trzy dni tramwaje warszawskie pojad\u0105 rzadziej - TransInfo Archiwum\",\"isPartOf\":{\"@id\":\"https:\/\/transinfo.pl\/x\/#website\"},\"primaryImageOfPage\":{\"@id\":\"https:\/\/transinfo.pl\/x\/infotram\/przez-trzy-dni-tramwaje-warszawskie-pojada-rzadziej\/#primaryimage\"},\"image\":{\"@id\":\"https:\/\/transinfo.pl\/x\/infotram\/przez-trzy-dni-tramwaje-warszawskie-pojada-rzadziej\/#primaryimage\"},\"thumbnailUrl\":\"https:\/\/transinfo.pl\/x\/wp-content\/uploads\/2023\/12\/Tramwaje-Warszawskie-3.jpg\",\"datePublished\":\"2023-12-26T14:45:00+00:00\",\"dateModified\":\"2023-12-26T14:45:00+00:00\",\"description\":\"W dniach, od 27 do 29 grudnia autobusy zasadniczo b\u0119d\u0105 je\u017adzi\u0142y wed\u0142ug rozk\u0142ad\u00f3w dnia powszedniego, z zawieszeniem kursowania lub korekt\u0105.\",\"breadcrumb\":{\"@id\":\"https:\/\/transinfo.pl\/x\/infotram\/przez-trzy-dni-tramwaje-warszawskie-pojada-rzadziej\/#breadcrumb\"},\"inLanguage\":\"pl-PL\",\"potentialAction\":[{\"@type\":\"ReadAction\",\"target\":[\"https:\/\/transinfo.pl\/x\/infotram\/przez-trzy-dni-tramwaje-warszawskie-pojada-rzadziej\/\"]}]},{\"@type\":\"ImageObject\",\"inLanguage\":\"pl-PL\",\"@id\":\"https:\/\/transinfo.pl\/x\/infotram\/przez-trzy-dni-tramwaje-warszawskie-pojada-rzadziej\/#primaryimage\",\"url\":\"https:\/\/transinfo.pl\/x\/wp-content\/uploads\/2023\/12\/Tramwaje-Warszawskie-3.jpg\",\"contentUrl\":\"https:\/\/transinfo.pl\/x\/wp-content\/uploads\/2023\/12\/Tramwaje-Warszawskie-3.jpg\"},{\"@type\":\"BreadcrumbList\",\"@id\":\"https:\/\/transinfo.pl\/x\/infotram\/przez-trzy-dni-tramwaje-warszawskie-pojada-rzadziej\/#breadcrumb\",\"itemListElement\":[{\"@type\":\"ListItem\",\"position\":1,\"name\":\"Home\",\"item\":\"https:\/\/transinfo.pl\/x\/\"},{\"@type\":\"ListItem\",\"position\":2,\"name\":\"Infotram\",\"item\":\"https:\/\/transinfo.pl\/x\/infotram\/\"},{\"@type\":\"ListItem\",\"position\":3,\"name\":\"Przez trzy dni tramwaje warszawskie pojad\u0105 rzadziej\"}]},{\"@type\":\"WebSite\",\"@id\":\"https:\/\/transinfo.pl\/x\/#website\",\"url\":\"https:\/\/transinfo.pl\/x\/\",\"name\":\"TransInfo Archiwum\",\"description\":\"Ca\u0142y transport w jednym miejscu\",\"publisher\":{\"@id\":\"https:\/\/transinfo.pl\/x\/#organization\"},\"potentialAction\":[{\"@type\":\"SearchAction\",\"target\":{\"@type\":\"EntryPoint\",\"urlTemplate\":\"https:\/\/transinfo.pl\/x\/?s={search_term_string}\"},\"query-input\":{\"@type\":\"PropertyValueSpecification\",\"valueRequired\":true,\"valueName\":\"search_term_string\"}}],\"inLanguage\":\"pl-PL\"},{\"@type\":\"Organization\",\"@id\":\"https:\/\/transinfo.pl\/x\/#organization\",\"name\":\"TransInfo\",\"url\":\"https:\/\/transinfo.pl\/x\/\",\"logo\":{\"@type\":\"ImageObject\",\"inLanguage\":\"pl-PL\",\"@id\":\"https:\/\/transinfo.pl\/x\/#\/schema\/logo\/image\/\",\"url\":\"https:\/\/transinfo.pl\/x\/wp-content\/uploads\/2024\/10\/favicon.png\",\"contentUrl\":\"https:\/\/transinfo.pl\/x\/wp-content\/uploads\/2024\/10\/favicon.png\",\"width\":512,\"height\":512,\"caption\":\"TransInfo\"},\"image\":{\"@id\":\"https:\/\/transinfo.pl\/x\/#\/schema\/logo\/image\/\"}}]}<\/script>\n<!-- \/ Yoast SEO Premium plugin. -->","yoast_head_json":{"title":"Przez trzy dni tramwaje warszawskie pojad\u0105 rzadziej - TransInfo Archiwum","description":"W dniach, od 27 do 29 grudnia autobusy zasadniczo b\u0119d\u0105 je\u017adzi\u0142y wed\u0142ug rozk\u0142ad\u00f3w dnia powszedniego, z zawieszeniem kursowania lub korekt\u0105.","robots":{"index":"index","follow":"follow","max-snippet":"max-snippet:-1","max-image-preview":"max-image-preview:large","max-video-preview":"max-video-preview:-1"},"canonical":"https:\/\/transinfo.pl\/x\/infotram\/przez-trzy-dni-tramwaje-warszawskie-pojada-rzadziej\/","og_locale":"pl_PL","og_type":"article","og_title":"Przez trzy dni tramwaje warszawskie pojad\u0105 rzadziej","og_description":"W dniach, od 27 do 29 grudnia autobusy zasadniczo b\u0119d\u0105 je\u017adzi\u0142y wed\u0142ug rozk\u0142ad\u00f3w dnia powszedniego, z zawieszeniem kursowania lub korekt\u0105.","og_url":"https:\/\/transinfo.pl\/x\/infotram\/przez-trzy-dni-tramwaje-warszawskie-pojada-rzadziej\/","og_site_name":"TransInfo Archiwum","og_image":[{"url":"https:\/\/transinfo.pl\/x\/wp-content\/uploads\/2023\/12\/Tramwaje-Warszawskie-3.jpg","width":1,"height":1,"type":"image\/jpeg"}],"twitter_card":"summary_large_image","twitter_misc":{"Szacowany czas czytania":"1 minuta"},"schema":{"@context":"https:\/\/schema.org","@graph":[{"@type":"WebPage","@id":"https:\/\/transinfo.pl\/x\/infotram\/przez-trzy-dni-tramwaje-warszawskie-pojada-rzadziej\/","url":"https:\/\/transinfo.pl\/x\/infotram\/przez-trzy-dni-tramwaje-warszawskie-pojada-rzadziej\/","name":"Przez trzy dni tramwaje warszawskie pojad\u0105 rzadziej - TransInfo Archiwum","isPartOf":{"@id":"https:\/\/transinfo.pl\/x\/#website"},"primaryImageOfPage":{"@id":"https:\/\/transinfo.pl\/x\/infotram\/przez-trzy-dni-tramwaje-warszawskie-pojada-rzadziej\/#primaryimage"},"image":{"@id":"https:\/\/transinfo.pl\/x\/infotram\/przez-trzy-dni-tramwaje-warszawskie-pojada-rzadziej\/#primaryimage"},"thumbnailUrl":"https:\/\/transinfo.pl\/x\/wp-content\/uploads\/2023\/12\/Tramwaje-Warszawskie-3.jpg","datePublished":"2023-12-26T14:45:00+00:00","dateModified":"2023-12-26T14:45:00+00:00","description":"W dniach, od 27 do 29 grudnia autobusy zasadniczo b\u0119d\u0105 je\u017adzi\u0142y wed\u0142ug rozk\u0142ad\u00f3w dnia powszedniego, z zawieszeniem kursowania lub korekt\u0105.","breadcrumb":{"@id":"https:\/\/transinfo.pl\/x\/infotram\/przez-trzy-dni-tramwaje-warszawskie-pojada-rzadziej\/#breadcrumb"},"inLanguage":"pl-PL","potentialAction":[{"@type":"ReadAction","target":["https:\/\/transinfo.pl\/x\/infotram\/przez-trzy-dni-tramwaje-warszawskie-pojada-rzadziej\/"]}]},{"@type":"ImageObject","inLanguage":"pl-PL","@id":"https:\/\/transinfo.pl\/x\/infotram\/przez-trzy-dni-tramwaje-warszawskie-pojada-rzadziej\/#primaryimage","url":"https:\/\/transinfo.pl\/x\/wp-content\/uploads\/2023\/12\/Tramwaje-Warszawskie-3.jpg","contentUrl":"https:\/\/transinfo.pl\/x\/wp-content\/uploads\/2023\/12\/Tramwaje-Warszawskie-3.jpg"},{"@type":"BreadcrumbList","@id":"https:\/\/transinfo.pl\/x\/infotram\/przez-trzy-dni-tramwaje-warszawskie-pojada-rzadziej\/#breadcrumb","itemListElement":[{"@type":"ListItem","position":1,"name":"Home","item":"https:\/\/transinfo.pl\/x\/"},{"@type":"ListItem","position":2,"name":"Infotram","item":"https:\/\/transinfo.pl\/x\/infotram\/"},{"@type":"ListItem","position":3,"name":"Przez trzy dni tramwaje warszawskie pojad\u0105 rzadziej"}]},{"@type":"WebSite","@id":"https:\/\/transinfo.pl\/x\/#website","url":"https:\/\/transinfo.pl\/x\/","name":"TransInfo Archiwum","description":"Ca\u0142y transport w jednym miejscu","publisher":{"@id":"https:\/\/transinfo.pl\/x\/#organization"},"potentialAction":[{"@type":"SearchAction","target":{"@type":"EntryPoint","urlTemplate":"https:\/\/transinfo.pl\/x\/?s={search_term_string}"},"query-input":{"@type":"PropertyValueSpecification","valueRequired":true,"valueName":"search_term_string"}}],"inLanguage":"pl-PL"},{"@type":"Organization","@id":"https:\/\/transinfo.pl\/x\/#organization","name":"TransInfo","url":"https:\/\/transinfo.pl\/x\/","logo":{"@type":"ImageObject","inLanguage":"pl-PL","@id":"https:\/\/transinfo.pl\/x\/#\/schema\/logo\/image\/","url":"https:\/\/transinfo.pl\/x\/wp-content\/uploads\/2024\/10\/favicon.png","contentUrl":"https:\/\/transinfo.pl\/x\/wp-content\/uploads\/2024\/10\/favicon.png","width":512,"height":512,"caption":"TransInfo"},"image":{"@id":"https:\/\/transinfo.pl\/x\/#\/schema\/logo\/image\/"}}]}},"_links":{"self":[{"href":"https:\/\/transinfo.pl\/x\/wp-json\/wp\/v2\/infotram\/262441","targetHints":{"allow":["GET"]}}],"collection":[{"href":"https:\/\/transinfo.pl\/x\/wp-json\/wp\/v2\/infotram"}],"about":[{"href":"https:\/\/transinfo.pl\/x\/wp-json\/wp\/v2\/types\/infotram"}],"author":[{"embeddable":true,"href":"https:\/\/transinfo.pl\/x\/wp-json\/wp\/v2\/users\/3"}],"replies":[{"embeddable":true,"href":"https:\/\/transinfo.pl\/x\/wp-json\/wp\/v2\/comments?post=262441"}],"wp:featuredmedia":[{"embeddable":true,"href":"https:\/\/transinfo.pl\/x\/wp-json\/wp\/v2\/media\/262442"}],"wp:attachment":[{"href":"https:\/\/transinfo.pl\/x\/wp-json\/wp\/v2\/media?parent=262441"}],"wp:term":[{"taxonomy":"category","embeddable":true,"href":"https:\/\/transinfo.pl\/x\/wp-json\/wp\/v2\/categories?post=262441"},{"taxonomy":"post_tag","embeddable":true,"href":"https:\/\/transinfo.pl\/x\/wp-json\/wp\/v2\/tags?post=262441"}],"curies":[{"name":"wp","href":"https:\/\/api.w.org\/{rel}","templated":true}]}}