{"id":262366,"date":"2023-12-23T10:45:00","date_gmt":"2023-12-23T10:45:00","guid":{"rendered":"https:\/\/transinfo.pl\/x\/infotram\/mpk-poznan-po-raz-ostatni-obsluzy-dzis-tramwajowa-linie-24\/"},"modified":"2023-12-23T10:45:00","modified_gmt":"2023-12-23T10:45:00","slug":"mpk-poznan-po-raz-ostatni-obsluzy-dzis-tramwajowa-linie-24","status":"publish","type":"infotram","link":"https:\/\/transinfo.pl\/x\/infotram\/mpk-poznan-po-raz-ostatni-obsluzy-dzis-tramwajowa-linie-24\/","title":{"rendered":"MPK Pozna\u0144 po raz ostatni obs\u0142u\u017cy dzi\u015b tramwajow\u0105 lini\u0119 24"},"content":{"rendered":"<style>h1,h2,h3,h4,h5,h6{margin:0 0 1.25rem;font-family:Arial,sans-serif;font-weight:600;color:#050505}h1{font-size:1.875rem;line-height:1.1em;text-transform:none}@media(min-width: 768px){h1{font-size:2.375rem}}h2{font-size:1.1875rem;line-height:1.2em;text-transform:uppercase}@media(min-width: 768px){h2{font-size:1.0625rem}}h3{font-size:0.9375rem;line-height:1.4em;font-weight:900;margin-bottom:0.9375rem}h4{font-size:0.875rem;line-height:1.2em;font-weight:500}h5{font-size:0.9375rem;line-height:1.6;font-weight:400}h6{font-size:0.9375rem;line-height:1.6;font-weight:600}\n<\/style>\n<h3 class=\"wp-block-heading\" id=\"h-to-juz-ostatni-dzien-funkcjonowania-linii-24-tramwaj-z-tym-numerem-po-raz-ostatni-wyjedzie-na-trase-w-sobote-23-grudnia\"><strong>To ju\u017c ostatni dzie\u0144 funkcjonowania linii 24 \u2013 tramwaj z tym numerem po raz ostatni wyjedzie na tras\u0119 w sobot\u0119, 23 grudnia. <\/strong><\/h3>\n\n\n<style>p{margin:0 0 1.5rem}p:last-child{margin:0}p.is-style-uppercase{text-transform:uppercase}p.is-style-preheading{color:#12406a;text-transform:uppercase}p.is-style-leadparagraph{font-size:1rem;line-height:1.625;font-weight:700}@media(min-width: 768px){p.is-style-leadparagraph{font-size:1.125rem;line-height:1.5555555556}}p.has-small-margin{margin-bottom:0.625rem}p.has-small-margin+h1,p.has-small-margin+h2,p.has-small-margin+h3{margin-top:1.875rem}\n<\/style>\n<p>Nie oznacza to jednak, \u017ce roz\u015bwietlony lampkami tramwaj zje\u017cd\u017ca do zajezdni: a\u017c do \u015bwi\u0119ta Trzech Kr\u00f3li b\u0119dzie kierowany do obs\u0142ugi innych linii komunikacyjnych.<\/p>\n\n\n\n<h2 class=\"wp-block-heading\" id=\"h-specjalnie-ozdobiony-wagon\">Specjalnie ozdobiony wagon<\/h2>\n\n\n\n<p>Zadaniem linii 24 by\u0142o u\u0142atwienie dojazdu w miejsca, w kt\u00f3rych odbywaj\u0105 si\u0119 jarmarki \u015bwi\u0105teczne: na Mi\u0119dzynarodowe Targi Pozna\u0144skie oraz plac Wolno\u015bci. Wraz z nadej\u015bciem \u015bwi\u0105t linia przestanie funkcjonowa\u0107 (po raz ostatni tramwaj z numerem 24 wyjedzie na tras\u0119 w sobot\u0119, 23 grudnia br.). Specjalnie ozdobiony wagon, kt\u00f3ry by\u0142 przeznaczony do jej obs\u0142ugi, nadal jednak b\u0119dzie przewozi\u0142 pasa\u017cer\u00f3w roztaczaj\u0105c sw\u00f3j \u015bwi\u0105teczny blask.<\/p>\n\n\n\n<p><\/p>\n\n\n<style>.wp-block-image{margin:1.25rem 0;text-align:center}.wp-block-image figcaption{padding:0 0.9375rem;text-align:center}\n<\/style>\n<figure class=\"wp-block-image size-large\"><a href=\"https:\/\/transinfo.pl\/wp-content\/uploads\/2023\/12\/swiateczny-tram-2.jpg\"><img decoding=\"async\" src=\"https:\/\/transinfo.pl\/wp-content\/uploads\/2023\/12\/swiateczny-tram-2-1024x683.jpg\" alt=\"To ju\u017c ostatni dzie\u0144 funkcjonowania linii 24 \u2013 tramwaj z tym numerem po raz ostatni wyjedzie na tras\u0119 w sobot\u0119, 23 grudnia. \" class=\"wp-image-457816\" \/><\/a><figcaption class=\"wp-element-caption\">\u015awi\u0105teczny tramwaj MPK Pozna\u0144 \/ foto: MPK<\/figcaption><\/figure>\n\n\n\n<p><\/p>\n\n\n\n<p>Lampkami udekorowany zosta\u0142 tramwaj Siemens Combino z numerem bocznym 507. Do jego ozdobienia zu\u017cyto niemal 1000 metr\u00f3w \u0142a\u0144cucha \u015bwietlnego, na kt\u00f3rym jest prawie 10 000 lampek ledowych! Ju\u017c od ponad miesi\u0105ca ten wyj\u0105tkowy wagon wprowadza \u015bwi\u0105teczn\u0105 atmosfer\u0119 i\u2026 jeszcze przez kilkana\u015bcie dni to si\u0119 nie zmieni: od Wigilii Bo\u017cego Narodzenia a\u017c do \u015bwi\u0119ta Trzech Kr\u00f3li (6 stycznia 2024 roku) przystrojony tramwaj b\u0119dzie kierowany do obs\u0142ugi regularnych linii komunikacyjnych.<\/p>\n","protected":false},"author":3,"featured_media":262367,"comment_status":"","ping_status":"closed","template":"","categories":[26],"tags":[881,106,22548,238],"class_list":["post-262366","infotram","type-infotram","status-publish","has-post-thumbnail","hentry","category-przewoznicy","tag-mpk-poznan","tag-poznan","tag-swiateczny-tramwaj","tag-tramwaj"],"acf":[],"yoast_head":"<!-- This site is optimized with the Yoast SEO Premium plugin v21.8 (Yoast SEO v23.7) - https:\/\/yoast.com\/wordpress\/plugins\/seo\/ -->\n<title>MPK Pozna\u0144 po raz ostatni obs\u0142u\u017cy dzi\u015b tramwajow\u0105 lini\u0119 24 - TransInfo Archiwum<\/title>\n<meta name=\"description\" content=\"To ju\u017c ostatni dzie\u0144 funkcjonowania linii 24 \u2013 tramwaj z tym numerem po raz ostatni wyjedzie na tras\u0119 w sobot\u0119, 23 grudnia.\" \/>\n<meta name=\"robots\" content=\"index, follow, max-snippet:-1, max-image-preview:large, max-video-preview:-1\" \/>\n<link rel=\"canonical\" href=\"https:\/\/transinfo.pl\/x\/infotram\/mpk-poznan-po-raz-ostatni-obsluzy-dzis-tramwajowa-linie-24\/\" \/>\n<meta property=\"og:locale\" content=\"pl_PL\" \/>\n<meta property=\"og:type\" content=\"article\" \/>\n<meta property=\"og:title\" content=\"MPK Pozna\u0144 po raz ostatni obs\u0142u\u017cy dzi\u015b tramwajow\u0105 lini\u0119 24\" \/>\n<meta property=\"og:description\" content=\"To ju\u017c ostatni dzie\u0144 funkcjonowania linii 24 \u2013 tramwaj z tym numerem po raz ostatni wyjedzie na tras\u0119 w sobot\u0119, 23 grudnia.\" \/>\n<meta property=\"og:url\" content=\"https:\/\/transinfo.pl\/x\/infotram\/mpk-poznan-po-raz-ostatni-obsluzy-dzis-tramwajowa-linie-24\/\" \/>\n<meta property=\"og:site_name\" content=\"TransInfo Archiwum\" \/>\n<meta property=\"og:image\" content=\"https:\/\/transinfo.pl\/x\/wp-content\/uploads\/2023\/12\/swiateczna-bimba-przyozdobiona-prawie-10-tysiacami-lampek-bedziepic11016216784384779show2-1024x682-1.jpg\" \/>\n\t<meta property=\"og:image:width\" content=\"1\" \/>\n\t<meta property=\"og:image:height\" content=\"1\" \/>\n\t<meta property=\"og:image:type\" content=\"image\/jpeg\" \/>\n<meta name=\"twitter:card\" content=\"summary_large_image\" \/>\n<meta name=\"twitter:label1\" content=\"Szacowany czas czytania\" \/>\n\t<meta name=\"twitter:data1\" content=\"1 minuta\" \/>\n<script type=\"application\/ld+json\" class=\"yoast-schema-graph\">{\"@context\":\"https:\/\/schema.org\",\"@graph\":[{\"@type\":\"WebPage\",\"@id\":\"https:\/\/transinfo.pl\/x\/infotram\/mpk-poznan-po-raz-ostatni-obsluzy-dzis-tramwajowa-linie-24\/\",\"url\":\"https:\/\/transinfo.pl\/x\/infotram\/mpk-poznan-po-raz-ostatni-obsluzy-dzis-tramwajowa-linie-24\/\",\"name\":\"MPK Pozna\u0144 po raz ostatni obs\u0142u\u017cy dzi\u015b tramwajow\u0105 lini\u0119 24 - TransInfo Archiwum\",\"isPartOf\":{\"@id\":\"https:\/\/transinfo.pl\/x\/#website\"},\"primaryImageOfPage\":{\"@id\":\"https:\/\/transinfo.pl\/x\/infotram\/mpk-poznan-po-raz-ostatni-obsluzy-dzis-tramwajowa-linie-24\/#primaryimage\"},\"image\":{\"@id\":\"https:\/\/transinfo.pl\/x\/infotram\/mpk-poznan-po-raz-ostatni-obsluzy-dzis-tramwajowa-linie-24\/#primaryimage\"},\"thumbnailUrl\":\"https:\/\/transinfo.pl\/x\/wp-content\/uploads\/2023\/12\/swiateczna-bimba-przyozdobiona-prawie-10-tysiacami-lampek-bedziepic11016216784384779show2-1024x682-1.jpg\",\"datePublished\":\"2023-12-23T10:45:00+00:00\",\"dateModified\":\"2023-12-23T10:45:00+00:00\",\"description\":\"To ju\u017c ostatni dzie\u0144 funkcjonowania linii 24 \u2013 tramwaj z tym numerem po raz ostatni wyjedzie na tras\u0119 w sobot\u0119, 23 grudnia.\",\"breadcrumb\":{\"@id\":\"https:\/\/transinfo.pl\/x\/infotram\/mpk-poznan-po-raz-ostatni-obsluzy-dzis-tramwajowa-linie-24\/#breadcrumb\"},\"inLanguage\":\"pl-PL\",\"potentialAction\":[{\"@type\":\"ReadAction\",\"target\":[\"https:\/\/transinfo.pl\/x\/infotram\/mpk-poznan-po-raz-ostatni-obsluzy-dzis-tramwajowa-linie-24\/\"]}]},{\"@type\":\"ImageObject\",\"inLanguage\":\"pl-PL\",\"@id\":\"https:\/\/transinfo.pl\/x\/infotram\/mpk-poznan-po-raz-ostatni-obsluzy-dzis-tramwajowa-linie-24\/#primaryimage\",\"url\":\"https:\/\/transinfo.pl\/x\/wp-content\/uploads\/2023\/12\/swiateczna-bimba-przyozdobiona-prawie-10-tysiacami-lampek-bedziepic11016216784384779show2-1024x682-1.jpg\",\"contentUrl\":\"https:\/\/transinfo.pl\/x\/wp-content\/uploads\/2023\/12\/swiateczna-bimba-przyozdobiona-prawie-10-tysiacami-lampek-bedziepic11016216784384779show2-1024x682-1.jpg\"},{\"@type\":\"BreadcrumbList\",\"@id\":\"https:\/\/transinfo.pl\/x\/infotram\/mpk-poznan-po-raz-ostatni-obsluzy-dzis-tramwajowa-linie-24\/#breadcrumb\",\"itemListElement\":[{\"@type\":\"ListItem\",\"position\":1,\"name\":\"Home\",\"item\":\"https:\/\/transinfo.pl\/x\/\"},{\"@type\":\"ListItem\",\"position\":2,\"name\":\"Infotram\",\"item\":\"https:\/\/transinfo.pl\/x\/infotram\/\"},{\"@type\":\"ListItem\",\"position\":3,\"name\":\"MPK Pozna\u0144 po raz ostatni obs\u0142u\u017cy dzi\u015b tramwajow\u0105 lini\u0119 24\"}]},{\"@type\":\"WebSite\",\"@id\":\"https:\/\/transinfo.pl\/x\/#website\",\"url\":\"https:\/\/transinfo.pl\/x\/\",\"name\":\"TransInfo Archiwum\",\"description\":\"Ca\u0142y transport w jednym miejscu\",\"publisher\":{\"@id\":\"https:\/\/transinfo.pl\/x\/#organization\"},\"potentialAction\":[{\"@type\":\"SearchAction\",\"target\":{\"@type\":\"EntryPoint\",\"urlTemplate\":\"https:\/\/transinfo.pl\/x\/?s={search_term_string}\"},\"query-input\":{\"@type\":\"PropertyValueSpecification\",\"valueRequired\":true,\"valueName\":\"search_term_string\"}}],\"inLanguage\":\"pl-PL\"},{\"@type\":\"Organization\",\"@id\":\"https:\/\/transinfo.pl\/x\/#organization\",\"name\":\"TransInfo\",\"url\":\"https:\/\/transinfo.pl\/x\/\",\"logo\":{\"@type\":\"ImageObject\",\"inLanguage\":\"pl-PL\",\"@id\":\"https:\/\/transinfo.pl\/x\/#\/schema\/logo\/image\/\",\"url\":\"https:\/\/transinfo.pl\/x\/wp-content\/uploads\/2024\/10\/favicon.png\",\"contentUrl\":\"https:\/\/transinfo.pl\/x\/wp-content\/uploads\/2024\/10\/favicon.png\",\"width\":512,\"height\":512,\"caption\":\"TransInfo\"},\"image\":{\"@id\":\"https:\/\/transinfo.pl\/x\/#\/schema\/logo\/image\/\"}}]}<\/script>\n<!-- \/ Yoast SEO Premium plugin. -->","yoast_head_json":{"title":"MPK Pozna\u0144 po raz ostatni obs\u0142u\u017cy dzi\u015b tramwajow\u0105 lini\u0119 24 - TransInfo Archiwum","description":"To ju\u017c ostatni dzie\u0144 funkcjonowania linii 24 \u2013 tramwaj z tym numerem po raz ostatni wyjedzie na tras\u0119 w sobot\u0119, 23 grudnia.","robots":{"index":"index","follow":"follow","max-snippet":"max-snippet:-1","max-image-preview":"max-image-preview:large","max-video-preview":"max-video-preview:-1"},"canonical":"https:\/\/transinfo.pl\/x\/infotram\/mpk-poznan-po-raz-ostatni-obsluzy-dzis-tramwajowa-linie-24\/","og_locale":"pl_PL","og_type":"article","og_title":"MPK Pozna\u0144 po raz ostatni obs\u0142u\u017cy dzi\u015b tramwajow\u0105 lini\u0119 24","og_description":"To ju\u017c ostatni dzie\u0144 funkcjonowania linii 24 \u2013 tramwaj z tym numerem po raz ostatni wyjedzie na tras\u0119 w sobot\u0119, 23 grudnia.","og_url":"https:\/\/transinfo.pl\/x\/infotram\/mpk-poznan-po-raz-ostatni-obsluzy-dzis-tramwajowa-linie-24\/","og_site_name":"TransInfo Archiwum","og_image":[{"url":"https:\/\/transinfo.pl\/x\/wp-content\/uploads\/2023\/12\/swiateczna-bimba-przyozdobiona-prawie-10-tysiacami-lampek-bedziepic11016216784384779show2-1024x682-1.jpg","width":1,"height":1,"type":"image\/jpeg"}],"twitter_card":"summary_large_image","twitter_misc":{"Szacowany czas czytania":"1 minuta"},"schema":{"@context":"https:\/\/schema.org","@graph":[{"@type":"WebPage","@id":"https:\/\/transinfo.pl\/x\/infotram\/mpk-poznan-po-raz-ostatni-obsluzy-dzis-tramwajowa-linie-24\/","url":"https:\/\/transinfo.pl\/x\/infotram\/mpk-poznan-po-raz-ostatni-obsluzy-dzis-tramwajowa-linie-24\/","name":"MPK Pozna\u0144 po raz ostatni obs\u0142u\u017cy dzi\u015b tramwajow\u0105 lini\u0119 24 - TransInfo Archiwum","isPartOf":{"@id":"https:\/\/transinfo.pl\/x\/#website"},"primaryImageOfPage":{"@id":"https:\/\/transinfo.pl\/x\/infotram\/mpk-poznan-po-raz-ostatni-obsluzy-dzis-tramwajowa-linie-24\/#primaryimage"},"image":{"@id":"https:\/\/transinfo.pl\/x\/infotram\/mpk-poznan-po-raz-ostatni-obsluzy-dzis-tramwajowa-linie-24\/#primaryimage"},"thumbnailUrl":"https:\/\/transinfo.pl\/x\/wp-content\/uploads\/2023\/12\/swiateczna-bimba-przyozdobiona-prawie-10-tysiacami-lampek-bedziepic11016216784384779show2-1024x682-1.jpg","datePublished":"2023-12-23T10:45:00+00:00","dateModified":"2023-12-23T10:45:00+00:00","description":"To ju\u017c ostatni dzie\u0144 funkcjonowania linii 24 \u2013 tramwaj z tym numerem po raz ostatni wyjedzie na tras\u0119 w sobot\u0119, 23 grudnia.","breadcrumb":{"@id":"https:\/\/transinfo.pl\/x\/infotram\/mpk-poznan-po-raz-ostatni-obsluzy-dzis-tramwajowa-linie-24\/#breadcrumb"},"inLanguage":"pl-PL","potentialAction":[{"@type":"ReadAction","target":["https:\/\/transinfo.pl\/x\/infotram\/mpk-poznan-po-raz-ostatni-obsluzy-dzis-tramwajowa-linie-24\/"]}]},{"@type":"ImageObject","inLanguage":"pl-PL","@id":"https:\/\/transinfo.pl\/x\/infotram\/mpk-poznan-po-raz-ostatni-obsluzy-dzis-tramwajowa-linie-24\/#primaryimage","url":"https:\/\/transinfo.pl\/x\/wp-content\/uploads\/2023\/12\/swiateczna-bimba-przyozdobiona-prawie-10-tysiacami-lampek-bedziepic11016216784384779show2-1024x682-1.jpg","contentUrl":"https:\/\/transinfo.pl\/x\/wp-content\/uploads\/2023\/12\/swiateczna-bimba-przyozdobiona-prawie-10-tysiacami-lampek-bedziepic11016216784384779show2-1024x682-1.jpg"},{"@type":"BreadcrumbList","@id":"https:\/\/transinfo.pl\/x\/infotram\/mpk-poznan-po-raz-ostatni-obsluzy-dzis-tramwajowa-linie-24\/#breadcrumb","itemListElement":[{"@type":"ListItem","position":1,"name":"Home","item":"https:\/\/transinfo.pl\/x\/"},{"@type":"ListItem","position":2,"name":"Infotram","item":"https:\/\/transinfo.pl\/x\/infotram\/"},{"@type":"ListItem","position":3,"name":"MPK Pozna\u0144 po raz ostatni obs\u0142u\u017cy dzi\u015b tramwajow\u0105 lini\u0119 24"}]},{"@type":"WebSite","@id":"https:\/\/transinfo.pl\/x\/#website","url":"https:\/\/transinfo.pl\/x\/","name":"TransInfo Archiwum","description":"Ca\u0142y transport w jednym miejscu","publisher":{"@id":"https:\/\/transinfo.pl\/x\/#organization"},"potentialAction":[{"@type":"SearchAction","target":{"@type":"EntryPoint","urlTemplate":"https:\/\/transinfo.pl\/x\/?s={search_term_string}"},"query-input":{"@type":"PropertyValueSpecification","valueRequired":true,"valueName":"search_term_string"}}],"inLanguage":"pl-PL"},{"@type":"Organization","@id":"https:\/\/transinfo.pl\/x\/#organization","name":"TransInfo","url":"https:\/\/transinfo.pl\/x\/","logo":{"@type":"ImageObject","inLanguage":"pl-PL","@id":"https:\/\/transinfo.pl\/x\/#\/schema\/logo\/image\/","url":"https:\/\/transinfo.pl\/x\/wp-content\/uploads\/2024\/10\/favicon.png","contentUrl":"https:\/\/transinfo.pl\/x\/wp-content\/uploads\/2024\/10\/favicon.png","width":512,"height":512,"caption":"TransInfo"},"image":{"@id":"https:\/\/transinfo.pl\/x\/#\/schema\/logo\/image\/"}}]}},"_links":{"self":[{"href":"https:\/\/transinfo.pl\/x\/wp-json\/wp\/v2\/infotram\/262366","targetHints":{"allow":["GET"]}}],"collection":[{"href":"https:\/\/transinfo.pl\/x\/wp-json\/wp\/v2\/infotram"}],"about":[{"href":"https:\/\/transinfo.pl\/x\/wp-json\/wp\/v2\/types\/infotram"}],"author":[{"embeddable":true,"href":"https:\/\/transinfo.pl\/x\/wp-json\/wp\/v2\/users\/3"}],"replies":[{"embeddable":true,"href":"https:\/\/transinfo.pl\/x\/wp-json\/wp\/v2\/comments?post=262366"}],"wp:featuredmedia":[{"embeddable":true,"href":"https:\/\/transinfo.pl\/x\/wp-json\/wp\/v2\/media\/262367"}],"wp:attachment":[{"href":"https:\/\/transinfo.pl\/x\/wp-json\/wp\/v2\/media?parent=262366"}],"wp:term":[{"taxonomy":"category","embeddable":true,"href":"https:\/\/transinfo.pl\/x\/wp-json\/wp\/v2\/categories?post=262366"},{"taxonomy":"post_tag","embeddable":true,"href":"https:\/\/transinfo.pl\/x\/wp-json\/wp\/v2\/tags?post=262366"}],"curies":[{"name":"wp","href":"https:\/\/api.w.org\/{rel}","templated":true}]}}