{"id":260182,"date":"2023-11-14T08:45:00","date_gmt":"2023-11-14T08:45:00","guid":{"rendered":"https:\/\/transinfo.pl\/x\/infotram\/wiecej-czasu-na-dostawe-moderusow-gamma-dla-lodzi-do-kiedy\/"},"modified":"2023-11-14T08:45:00","modified_gmt":"2023-11-14T08:45:00","slug":"wiecej-czasu-na-dostawe-moderusow-gamma-dla-lodzi-do-kiedy","status":"publish","type":"infotram","link":"https:\/\/transinfo.pl\/x\/infotram\/wiecej-czasu-na-dostawe-moderusow-gamma-dla-lodzi-do-kiedy\/","title":{"rendered":"Wi\u0119cej czasu na dostaw\u0119 Moderus\u00f3w Gamma dla \u0141odzi. Do kiedy?"},"content":{"rendered":"<style>h1,h2,h3,h4,h5,h6{margin:0 0 1.25rem;font-family:Arial,sans-serif;font-weight:600;color:#050505}h1{font-size:1.875rem;line-height:1.1em;text-transform:none}@media(min-width: 768px){h1{font-size:2.375rem}}h2{font-size:1.1875rem;line-height:1.2em;text-transform:uppercase}@media(min-width: 768px){h2{font-size:1.0625rem}}h3{font-size:0.9375rem;line-height:1.4em;font-weight:900;margin-bottom:0.9375rem}h4{font-size:0.875rem;line-height:1.2em;font-weight:500}h5{font-size:0.9375rem;line-height:1.6;font-weight:400}h6{font-size:0.9375rem;line-height:1.6;font-weight:600}\n<\/style>\n<h3 class=\"wp-block-heading\" id=\"h-lodzki-zarzad-inwestycji-miejskich-wydluzyl-termin-dostawy-tramwajow-moderus-gamma\">\u0141\u00f3dzki Zarz\u0105d Inwestycji Miejskich wyd\u0142u\u017cy\u0142 termin dostawy tramwaj\u00f3w Moderus Gamma.<\/h3>\n\n\n<style>p{margin:0 0 1.5rem}p:last-child{margin:0}p.is-style-uppercase{text-transform:uppercase}p.is-style-preheading{color:#12406a;text-transform:uppercase}p.is-style-leadparagraph{font-size:1rem;line-height:1.625;font-weight:700}@media(min-width: 768px){p.is-style-leadparagraph{font-size:1.125rem;line-height:1.5555555556}}p.has-small-margin{margin-bottom:0.625rem}p.has-small-margin+h1,p.has-small-margin+h2,p.has-small-margin+h3{margin-top:1.875rem}\n<\/style>\n<p>Ich zakup realizowany jest w ramach projektu \u201eKompleksowy program integracji sieci niskoemisyjnego transportu publicznego w \u0141odzi\u201d.<\/p>\n\n\n\n<h2 class=\"wp-block-heading\" id=\"h-wiecej-czasu\">Wi\u0119cej czasu<\/h2>\n\n\n\n<p>Jak podano w uzasadnieniu decyzji konieczno\u015b\u0107 modyfikacji spowodowana jest okoliczno\u015bciami, kt\u00f3rych zamawiaj\u0105cy, dzia\u0142aj\u0105c z nale\u017cyt\u0105 staranno\u015bci\u0105, nie m\u00f3g\u0142 przewidzie\u0107. W dniu 8 maja 2023 roku Wykonawca MODERTRANS POZNA\u0143 sp. z o.o. wyst\u0105pi\u0142 do zamawiaj\u0105cego z wnioskiem o wyd\u0142u\u017cenie terminu realizacji umowy na podstawie art. 15r ust. 1 oraz 1a ustawy z dnia 2 marca 2020 r. o szczeg\u00f3lnych rozwi\u0105zaniach zwi\u0105zanych z zapobieganiem, przeciwdzia\u0142aniem i zwalczaniem COVID-19, innych chor\u00f3b zaka\u017anych oraz wywo\u0142anych nimi sytuacji kryzysowych. Zamawiaj\u0105cy wyd\u0142u\u017cy\u0142 termin zako\u0144czenia kontraktu do dnia 30 listopada 2023 roku, tj. o 168 dni. Wykonawca nie wyczerpa\u0142 w pe\u0142nym wymiarze okresu jaki przys\u0142ugiwa\u0142 mu na przed\u0142u\u017cenie kontraktu, w zwi\u0105zku z czym w dniu 29 wrze\u015bnia 2023 roku wyst\u0105pi\u0142 do zamawiaj\u0105cego o przed\u0142u\u017cenie terminu zako\u0144czenia o pozosta\u0142e 19 dni, tj. do dnia 19 grudnia 2023 roku.<\/p>\n\n\n\n<p>Umowa na dostaw\u0119 30 tramwaj\u00f3w dla \u0141odzi zosta\u0142a podpisana 26 lutego 2020 roku.<\/p>\n\n\n\n<p><\/p>\n\n\n<style>.wp-block-image{margin:1.25rem 0;text-align:center}.wp-block-image figcaption{padding:0 0.9375rem;text-align:center}\n<\/style>\n<figure class=\"wp-block-image size-full\"><a href=\"https:\/\/transinfo.pl\/wp-content\/uploads\/2023\/11\/gamma-lodz.jpg\"><img decoding=\"async\" src=\"https:\/\/transinfo.pl\/wp-content\/uploads\/2023\/11\/gamma-lodz.jpg\" alt=\"\u0141\u00f3dzki Zarz\u0105d Inwestycji Miejskich wyd\u0142u\u017cy\u0142 termin dostawy tramwaj\u00f3w Moderus Gamma.\" class=\"wp-image-452382\" \/><\/a><figcaption class=\"wp-element-caption\">Moderus Gamma dla \u0141odzi<\/figcaption><\/figure>\n\n\n\n<p><\/p>\n\n\n\n<p>Dostarczane do \u0141odzi tramwaje to Moderusy Gamma LF 06 AC. Jest to konstrukcja pi\u0119ciocz\u0142onowa, w ponad 80% niskopod\u0142ogowa,&nbsp; zabudowana na czterech w\u00f3zkach. Wszystkie s\u0105 nap\u0119dowe, zamienne mi\u0119dzy sob\u0105, a dwa skrajne obrotowe. Dzi\u0119ki zastosowaniu wszystkich osi, kt\u00f3re nap\u0119dzaj\u0105 i hamuj\u0105 uzyskane zostan\u0105 optymalne w\u0142a\u015bciwo\u015bci biegowe pojazdu, ze zdecydowanie mniejsz\u0105 tendencj\u0105 do generowania po\u015blizg\u00f3w. Do wn\u0119trza pojazdu pasa\u017cerowie dostan\u0105 si\u0119 przez 5 par dwuskrzyd\u0142owych drzwi. Przedzia\u0142 pasa\u017cerski jest w pe\u0142ni klimatyzowany, design wn\u0119trza zosta\u0142 wykonany w jasnych barwach, a o\u015bwietlenie w technologii ledowej. Tramwaj wa\u017cy oko\u0142o 43 ton, do jego produkcji zu\u017cyto m.in. 18 ton stali i 16 km przewod\u00f3w.<\/p>\n\n\n\n<p>Tramwaj zosta\u0142 wyposa\u017cony w ramp\u0119 u\u0142atwiaj\u0105c\u0105 wjazd w\u00f3zkom inwalidzkim. W wydzielonej kabinie motorniczego znalaz\u0142 si\u0119 komfortowy fotel pneumatyczny. Najwa\u017cniejsze elementy steruj\u0105ce pojazd zabudowane zosta\u0142y w dw\u00f3ch pod\u0142okietnikach. Kabina jest klimatyzowana, warunki termiczne motorniczy ustawia samodzielnie, niezale\u017cnie od tych panuj\u0105cych w przedziale pasa\u017cerskim. Ca\u0142kowita d\u0142ugo\u015b\u0107 tramwaju to ponad 32 m.<\/p>\n","protected":false},"author":3,"featured_media":260183,"comment_status":"","ping_status":"closed","template":"","categories":[1],"tags":[124,870,895,238,425],"class_list":["post-260182","infotram","type-infotram","status-publish","has-post-thumbnail","hentry","category-kontrakty","tag-lodz","tag-modertrans","tag-moderus-gamma","tag-tramwaj","tag-umowa"],"acf":[],"yoast_head":"<!-- This site is optimized with the Yoast SEO Premium plugin v21.8 (Yoast SEO v23.7) - https:\/\/yoast.com\/wordpress\/plugins\/seo\/ -->\n<title>Wi\u0119cej czasu na dostaw\u0119 Moderus\u00f3w Gamma dla \u0141odzi. Do kiedy? - TransInfo Archiwum<\/title>\n<meta name=\"description\" content=\"\u0141\u00f3dzki Zarz\u0105d Inwestycji Miejskich wyd\u0142u\u017cy\u0142 termin dostawy tramwaj\u00f3w Moderus Gamma. Nowy termin to grudzie\u0144 2023 roku.\" \/>\n<meta name=\"robots\" content=\"index, follow, max-snippet:-1, max-image-preview:large, max-video-preview:-1\" \/>\n<link rel=\"canonical\" href=\"https:\/\/transinfo.pl\/x\/infotram\/wiecej-czasu-na-dostawe-moderusow-gamma-dla-lodzi-do-kiedy\/\" \/>\n<meta property=\"og:locale\" content=\"pl_PL\" \/>\n<meta property=\"og:type\" content=\"article\" \/>\n<meta property=\"og:title\" content=\"Wi\u0119cej czasu na dostaw\u0119 Moderus\u00f3w Gamma dla \u0141odzi. Do kiedy?\" \/>\n<meta property=\"og:description\" content=\"\u0141\u00f3dzki Zarz\u0105d Inwestycji Miejskich wyd\u0142u\u017cy\u0142 termin dostawy tramwaj\u00f3w Moderus Gamma. Nowy termin to grudzie\u0144 2023 roku.\" \/>\n<meta property=\"og:url\" content=\"https:\/\/transinfo.pl\/x\/infotram\/wiecej-czasu-na-dostawe-moderusow-gamma-dla-lodzi-do-kiedy\/\" \/>\n<meta property=\"og:site_name\" content=\"TransInfo Archiwum\" \/>\n<meta property=\"og:image\" content=\"https:\/\/transinfo.pl\/x\/wp-content\/uploads\/2023\/11\/moderus-gamma.jpg\" \/>\n\t<meta property=\"og:image:width\" content=\"1\" \/>\n\t<meta property=\"og:image:height\" content=\"1\" \/>\n\t<meta property=\"og:image:type\" content=\"image\/jpeg\" \/>\n<meta name=\"twitter:card\" content=\"summary_large_image\" \/>\n<meta name=\"twitter:label1\" content=\"Szacowany czas czytania\" \/>\n\t<meta name=\"twitter:data1\" content=\"2 minuty\" \/>\n<script type=\"application\/ld+json\" class=\"yoast-schema-graph\">{\"@context\":\"https:\/\/schema.org\",\"@graph\":[{\"@type\":\"WebPage\",\"@id\":\"https:\/\/transinfo.pl\/x\/infotram\/wiecej-czasu-na-dostawe-moderusow-gamma-dla-lodzi-do-kiedy\/\",\"url\":\"https:\/\/transinfo.pl\/x\/infotram\/wiecej-czasu-na-dostawe-moderusow-gamma-dla-lodzi-do-kiedy\/\",\"name\":\"Wi\u0119cej czasu na dostaw\u0119 Moderus\u00f3w Gamma dla \u0141odzi. Do kiedy? - TransInfo Archiwum\",\"isPartOf\":{\"@id\":\"https:\/\/transinfo.pl\/x\/#website\"},\"primaryImageOfPage\":{\"@id\":\"https:\/\/transinfo.pl\/x\/infotram\/wiecej-czasu-na-dostawe-moderusow-gamma-dla-lodzi-do-kiedy\/#primaryimage\"},\"image\":{\"@id\":\"https:\/\/transinfo.pl\/x\/infotram\/wiecej-czasu-na-dostawe-moderusow-gamma-dla-lodzi-do-kiedy\/#primaryimage\"},\"thumbnailUrl\":\"https:\/\/transinfo.pl\/x\/wp-content\/uploads\/2023\/11\/moderus-gamma.jpg\",\"datePublished\":\"2023-11-14T08:45:00+00:00\",\"dateModified\":\"2023-11-14T08:45:00+00:00\",\"description\":\"\u0141\u00f3dzki Zarz\u0105d Inwestycji Miejskich wyd\u0142u\u017cy\u0142 termin dostawy tramwaj\u00f3w Moderus Gamma. Nowy termin to grudzie\u0144 2023 roku.\",\"breadcrumb\":{\"@id\":\"https:\/\/transinfo.pl\/x\/infotram\/wiecej-czasu-na-dostawe-moderusow-gamma-dla-lodzi-do-kiedy\/#breadcrumb\"},\"inLanguage\":\"pl-PL\",\"potentialAction\":[{\"@type\":\"ReadAction\",\"target\":[\"https:\/\/transinfo.pl\/x\/infotram\/wiecej-czasu-na-dostawe-moderusow-gamma-dla-lodzi-do-kiedy\/\"]}]},{\"@type\":\"ImageObject\",\"inLanguage\":\"pl-PL\",\"@id\":\"https:\/\/transinfo.pl\/x\/infotram\/wiecej-czasu-na-dostawe-moderusow-gamma-dla-lodzi-do-kiedy\/#primaryimage\",\"url\":\"https:\/\/transinfo.pl\/x\/wp-content\/uploads\/2023\/11\/moderus-gamma.jpg\",\"contentUrl\":\"https:\/\/transinfo.pl\/x\/wp-content\/uploads\/2023\/11\/moderus-gamma.jpg\"},{\"@type\":\"BreadcrumbList\",\"@id\":\"https:\/\/transinfo.pl\/x\/infotram\/wiecej-czasu-na-dostawe-moderusow-gamma-dla-lodzi-do-kiedy\/#breadcrumb\",\"itemListElement\":[{\"@type\":\"ListItem\",\"position\":1,\"name\":\"Home\",\"item\":\"https:\/\/transinfo.pl\/x\/\"},{\"@type\":\"ListItem\",\"position\":2,\"name\":\"Infotram\",\"item\":\"https:\/\/transinfo.pl\/x\/infotram\/\"},{\"@type\":\"ListItem\",\"position\":3,\"name\":\"Wi\u0119cej czasu na dostaw\u0119 Moderus\u00f3w Gamma dla \u0141odzi. Do kiedy?\"}]},{\"@type\":\"WebSite\",\"@id\":\"https:\/\/transinfo.pl\/x\/#website\",\"url\":\"https:\/\/transinfo.pl\/x\/\",\"name\":\"TransInfo Archiwum\",\"description\":\"Ca\u0142y transport w jednym miejscu\",\"publisher\":{\"@id\":\"https:\/\/transinfo.pl\/x\/#organization\"},\"potentialAction\":[{\"@type\":\"SearchAction\",\"target\":{\"@type\":\"EntryPoint\",\"urlTemplate\":\"https:\/\/transinfo.pl\/x\/?s={search_term_string}\"},\"query-input\":{\"@type\":\"PropertyValueSpecification\",\"valueRequired\":true,\"valueName\":\"search_term_string\"}}],\"inLanguage\":\"pl-PL\"},{\"@type\":\"Organization\",\"@id\":\"https:\/\/transinfo.pl\/x\/#organization\",\"name\":\"TransInfo\",\"url\":\"https:\/\/transinfo.pl\/x\/\",\"logo\":{\"@type\":\"ImageObject\",\"inLanguage\":\"pl-PL\",\"@id\":\"https:\/\/transinfo.pl\/x\/#\/schema\/logo\/image\/\",\"url\":\"https:\/\/transinfo.pl\/x\/wp-content\/uploads\/2024\/10\/favicon.png\",\"contentUrl\":\"https:\/\/transinfo.pl\/x\/wp-content\/uploads\/2024\/10\/favicon.png\",\"width\":512,\"height\":512,\"caption\":\"TransInfo\"},\"image\":{\"@id\":\"https:\/\/transinfo.pl\/x\/#\/schema\/logo\/image\/\"}}]}<\/script>\n<!-- \/ Yoast SEO Premium plugin. -->","yoast_head_json":{"title":"Wi\u0119cej czasu na dostaw\u0119 Moderus\u00f3w Gamma dla \u0141odzi. Do kiedy? - TransInfo Archiwum","description":"\u0141\u00f3dzki Zarz\u0105d Inwestycji Miejskich wyd\u0142u\u017cy\u0142 termin dostawy tramwaj\u00f3w Moderus Gamma. Nowy termin to grudzie\u0144 2023 roku.","robots":{"index":"index","follow":"follow","max-snippet":"max-snippet:-1","max-image-preview":"max-image-preview:large","max-video-preview":"max-video-preview:-1"},"canonical":"https:\/\/transinfo.pl\/x\/infotram\/wiecej-czasu-na-dostawe-moderusow-gamma-dla-lodzi-do-kiedy\/","og_locale":"pl_PL","og_type":"article","og_title":"Wi\u0119cej czasu na dostaw\u0119 Moderus\u00f3w Gamma dla \u0141odzi. Do kiedy?","og_description":"\u0141\u00f3dzki Zarz\u0105d Inwestycji Miejskich wyd\u0142u\u017cy\u0142 termin dostawy tramwaj\u00f3w Moderus Gamma. Nowy termin to grudzie\u0144 2023 roku.","og_url":"https:\/\/transinfo.pl\/x\/infotram\/wiecej-czasu-na-dostawe-moderusow-gamma-dla-lodzi-do-kiedy\/","og_site_name":"TransInfo Archiwum","og_image":[{"url":"https:\/\/transinfo.pl\/x\/wp-content\/uploads\/2023\/11\/moderus-gamma.jpg","width":1,"height":1,"type":"image\/jpeg"}],"twitter_card":"summary_large_image","twitter_misc":{"Szacowany czas czytania":"2 minuty"},"schema":{"@context":"https:\/\/schema.org","@graph":[{"@type":"WebPage","@id":"https:\/\/transinfo.pl\/x\/infotram\/wiecej-czasu-na-dostawe-moderusow-gamma-dla-lodzi-do-kiedy\/","url":"https:\/\/transinfo.pl\/x\/infotram\/wiecej-czasu-na-dostawe-moderusow-gamma-dla-lodzi-do-kiedy\/","name":"Wi\u0119cej czasu na dostaw\u0119 Moderus\u00f3w Gamma dla \u0141odzi. Do kiedy? - TransInfo Archiwum","isPartOf":{"@id":"https:\/\/transinfo.pl\/x\/#website"},"primaryImageOfPage":{"@id":"https:\/\/transinfo.pl\/x\/infotram\/wiecej-czasu-na-dostawe-moderusow-gamma-dla-lodzi-do-kiedy\/#primaryimage"},"image":{"@id":"https:\/\/transinfo.pl\/x\/infotram\/wiecej-czasu-na-dostawe-moderusow-gamma-dla-lodzi-do-kiedy\/#primaryimage"},"thumbnailUrl":"https:\/\/transinfo.pl\/x\/wp-content\/uploads\/2023\/11\/moderus-gamma.jpg","datePublished":"2023-11-14T08:45:00+00:00","dateModified":"2023-11-14T08:45:00+00:00","description":"\u0141\u00f3dzki Zarz\u0105d Inwestycji Miejskich wyd\u0142u\u017cy\u0142 termin dostawy tramwaj\u00f3w Moderus Gamma. Nowy termin to grudzie\u0144 2023 roku.","breadcrumb":{"@id":"https:\/\/transinfo.pl\/x\/infotram\/wiecej-czasu-na-dostawe-moderusow-gamma-dla-lodzi-do-kiedy\/#breadcrumb"},"inLanguage":"pl-PL","potentialAction":[{"@type":"ReadAction","target":["https:\/\/transinfo.pl\/x\/infotram\/wiecej-czasu-na-dostawe-moderusow-gamma-dla-lodzi-do-kiedy\/"]}]},{"@type":"ImageObject","inLanguage":"pl-PL","@id":"https:\/\/transinfo.pl\/x\/infotram\/wiecej-czasu-na-dostawe-moderusow-gamma-dla-lodzi-do-kiedy\/#primaryimage","url":"https:\/\/transinfo.pl\/x\/wp-content\/uploads\/2023\/11\/moderus-gamma.jpg","contentUrl":"https:\/\/transinfo.pl\/x\/wp-content\/uploads\/2023\/11\/moderus-gamma.jpg"},{"@type":"BreadcrumbList","@id":"https:\/\/transinfo.pl\/x\/infotram\/wiecej-czasu-na-dostawe-moderusow-gamma-dla-lodzi-do-kiedy\/#breadcrumb","itemListElement":[{"@type":"ListItem","position":1,"name":"Home","item":"https:\/\/transinfo.pl\/x\/"},{"@type":"ListItem","position":2,"name":"Infotram","item":"https:\/\/transinfo.pl\/x\/infotram\/"},{"@type":"ListItem","position":3,"name":"Wi\u0119cej czasu na dostaw\u0119 Moderus\u00f3w Gamma dla \u0141odzi. Do kiedy?"}]},{"@type":"WebSite","@id":"https:\/\/transinfo.pl\/x\/#website","url":"https:\/\/transinfo.pl\/x\/","name":"TransInfo Archiwum","description":"Ca\u0142y transport w jednym miejscu","publisher":{"@id":"https:\/\/transinfo.pl\/x\/#organization"},"potentialAction":[{"@type":"SearchAction","target":{"@type":"EntryPoint","urlTemplate":"https:\/\/transinfo.pl\/x\/?s={search_term_string}"},"query-input":{"@type":"PropertyValueSpecification","valueRequired":true,"valueName":"search_term_string"}}],"inLanguage":"pl-PL"},{"@type":"Organization","@id":"https:\/\/transinfo.pl\/x\/#organization","name":"TransInfo","url":"https:\/\/transinfo.pl\/x\/","logo":{"@type":"ImageObject","inLanguage":"pl-PL","@id":"https:\/\/transinfo.pl\/x\/#\/schema\/logo\/image\/","url":"https:\/\/transinfo.pl\/x\/wp-content\/uploads\/2024\/10\/favicon.png","contentUrl":"https:\/\/transinfo.pl\/x\/wp-content\/uploads\/2024\/10\/favicon.png","width":512,"height":512,"caption":"TransInfo"},"image":{"@id":"https:\/\/transinfo.pl\/x\/#\/schema\/logo\/image\/"}}]}},"_links":{"self":[{"href":"https:\/\/transinfo.pl\/x\/wp-json\/wp\/v2\/infotram\/260182","targetHints":{"allow":["GET"]}}],"collection":[{"href":"https:\/\/transinfo.pl\/x\/wp-json\/wp\/v2\/infotram"}],"about":[{"href":"https:\/\/transinfo.pl\/x\/wp-json\/wp\/v2\/types\/infotram"}],"author":[{"embeddable":true,"href":"https:\/\/transinfo.pl\/x\/wp-json\/wp\/v2\/users\/3"}],"replies":[{"embeddable":true,"href":"https:\/\/transinfo.pl\/x\/wp-json\/wp\/v2\/comments?post=260182"}],"wp:featuredmedia":[{"embeddable":true,"href":"https:\/\/transinfo.pl\/x\/wp-json\/wp\/v2\/media\/260183"}],"wp:attachment":[{"href":"https:\/\/transinfo.pl\/x\/wp-json\/wp\/v2\/media?parent=260182"}],"wp:term":[{"taxonomy":"category","embeddable":true,"href":"https:\/\/transinfo.pl\/x\/wp-json\/wp\/v2\/categories?post=260182"},{"taxonomy":"post_tag","embeddable":true,"href":"https:\/\/transinfo.pl\/x\/wp-json\/wp\/v2\/tags?post=260182"}],"curies":[{"name":"wp","href":"https:\/\/api.w.org\/{rel}","templated":true}]}}