{"id":25862,"date":"2009-02-17T11:08:18","date_gmt":"2009-02-17T11:08:18","guid":{"rendered":"https:\/\/transinfo.pl\/x\/?post_type=infotram&#038;p=25862"},"modified":"2025-01-19T10:23:50","modified_gmt":"2025-01-19T09:23:50","slug":"olsztyn-znow-beda-tramwaje","status":"publish","type":"infotram","link":"https:\/\/transinfo.pl\/x\/infotram\/olsztyn-znow-beda-tramwaje\/","title":{"rendered":"Olsztyn: Zn\u00f3w b\u0119d\u0105 tramwaje"},"content":{"rendered":"<p>Transport szynowy jest lepszy od autobus&oacute;w. To wniosek z opracowania, kt&oacute;re ma zdecydowa\u0107 o przysz\u0142o\u015bci publicznej komunikacji w Olsztynie. W przysz\u0142ym roku ratusz chce zam&oacute;wi\u0107 projekt i wykonanie tras tramwajowych &#8211; pisze Gazeta Wyborcza.&nbsp;Wynaj\u0119ci przez ratusz specjali\u015bci z krakowskiej firmy konsultingowej IMS sprawdzali przez wiele miesi\u0119cy, jak powinien wygl\u0105da\u0107 transport publiczny w Olsztynie. Miasto ubiega si\u0119 o prawie p&oacute;\u0142 miliarda z\u0142otych z funduszy europejskich w\u0142a\u015bnie na ten cel. Cho\u0107 studium wykonalno\u015bci jeszcze nie jest uko\u0144czone, to ju\u017c wiadomo, \u017ce za najefektywniejszy uznany zosta\u0142 transport szynowy. &#8211; Przewa\u017cy\u0142y tutaj dwie jego cechy: oszcz\u0119dno\u015b\u0107 czasu i ekologia &#8211; m&oacute;wi Jan Friedberg z IMS. <br \/>Fachowcy rozpatrywali te\u017c mo\u017cliwo\u015b\u0107 budowy wydzielonych pas&oacute;w dla szybkich autobus&oacute;w. Ich s\u0142abo\u015bciami okaza\u0142y si\u0119 zanieczyszczenie \u015brodowiska, a tak\u017ce koszty wynikaj\u0105ce z wypadk&oacute;w, kt&oacute;re przy tym \u015brodku transportu s\u0105 cz\u0119stsze. <br \/>Nie ma jeszcze ostatecznej decyzji co do przebiegu linii, jednak rekomendowana trasa bieg\u0142aby od ul. Janowicza-Witosa na Jarotach, dalej Sikorskiego, now\u0105 ul. Obiegow\u0105 (ma by\u0107 wybudowana od skrzy\u017cowania ulic Sikorskiego i Pstrowskiego, za budynkiem sanepidu, tunelem pod ul. \u017bo\u0142niersk\u0105 i po\u0142\u0105czy\u0107 si\u0119 z al. Pi\u0142sudskiego w pobli\u017cu hali Urania), dalej ul. Ko\u015bciuszki do Dworca G\u0142&oacute;wnego. Od tej trasy maj\u0105 biec odga\u0142\u0119zienia: ulic\u0105 Tuwima do Kortowa, a tak\u017ce al. Pi\u0142sudskiego a\u017c pod Wysok\u0105 Bram\u0119. &#8211; Zdajmy sobie spraw\u0119, \u017ce ten ostatni odcinek mo\u017ce wywo\u0142a\u0107 najwi\u0119ksze emocje w\u015br&oacute;d mieszka\u0144c&oacute;w ze wzgl\u0119du na przeci\u0119cie \u015bcis\u0142ego centrum miasta &#8211; przyznaje Friedberg. <br \/>10 sk\u0142ad&oacute;w tramwajowych zast\u0105pi\u0142oby 30 autobus&oacute;w. Oczywi\u015bcie z tych ostatnich miasto nie mog\u0142oby zupe\u0142nie zrezygnowa\u0107, bo obs\u0142uguj\u0105 wiele innych linii. Tramwaje je\u017adzi\u0142yby co 7,5 min g\u0142&oacute;wn\u0105 tras\u0105, a w przypadku odga\u0142\u0119zie\u0144 co kwadrans. <br \/>Na skutek sugestii w\u0142adz miasta upad\u0142 wariant przebiegu linii wzd\u0142u\u017c \u0141yny od mostu przy ul. Tuwima do centrum. Chodzi\u0142o o oszcz\u0119dzenie cennych teren&oacute;w wypoczynkowych, cho\u0107 analitycy sugerowali, \u017ce tramwaj nad rzek\u0105 by\u0142by rozwi\u0105zaniem ekologicznym i atrakcyjnym. Nadal nie ma odpowiedzi na pytanie, czy pojazdem szynowym ma by\u0107 klasyczny tramwaj, czy poruszaj\u0105cy si\u0119 na gumowych ko\u0142ach i prowadnicy pojazd systemu Translohr, kt&oacute;ry zastosowano m.in. we francuskim Clermont-Ferrand. B\u0119dzie to zale\u017ca\u0142o od wyniku przetargu, w trybie 'zaprojektuj i zbuduj&#8217;, kt&oacute;ry b\u0119dzie rozpisany prawdopodobnie w przysz\u0142ym roku. Warunki zam&oacute;wienia b\u0119d\u0105 tak skonstruowane, aby mogli wzi\u0105\u0107 w nim udzia\u0142 wykonawcy obydwu system&oacute;w, a wtedy decyduj\u0105cym czynnikiem oka\u017ce si\u0119 oferowana przez nich cena. <br \/>W przypadku Translohra koszty s\u0105 bardzo trudne do wyliczenia, bo nie jest on tak powszechny. Ponadto niekt&oacute;rzy maj\u0105 obawy, \u017ce mo\u017ce on by\u0107 bardziej nara\u017cony na awarie w przypadku trudnych warunk&oacute;w zimowych. <br \/>Do tego czasu miasto b\u0119dzie prowadzi\u0142o konsultacje z mieszka\u0144cami Olsztyna na temat projektu. B\u0119dzie te\u017c wykupywa\u0142o potrzebne pod budow\u0119 linii grunty. <br \/>Ju\u017c podczas prowadzonych w 2006 r. bada\u0144 wynika\u0142o, \u017ce nowy \u015brodek transportu budzi du\u017ce zainteresowanie. A\u017c 60 proc. kierowc&oacute;w z Jarot stwierdzi\u0142o w&oacute;wczas, \u017ce przesiad\u0142oby si\u0119 z samochodu do tramwaju, gdyby taki w Olsztynie powsta\u0142. Urz\u0119dnicy licz\u0105, \u017ce pojazdy szynowe zrewolucjonizuj\u0105 miasto. &#8211; Ten projekt to nie tylko trasy i \u015brodki transportu, to tak\u017ce system informacji, zintegrowanie r&oacute;\u017cnych rozwi\u0105za\u0144 komunikacyjnych i po\u0142\u0105czenie s\u0105siednich gmin z Olsztynem &#8211; m&oacute;wi Andrzej Jurkowski, wicedyrektor wydzia\u0142u obs\u0142ugi funduszy europejskich Urz\u0119du Miasta. <br \/>Ostateczn\u0105 rekomendacj\u0119 dla planowanych tras tramwajowych poznamy 25 lutego. Te wyniki otrzymaj\u0105 te\u017c miejscy radni. <br \/>Warto\u015b\u0107 ca\u0142ego przedsi\u0119wzi\u0119cia zosta\u0142a okre\u015blona na poziomie 480 mln z\u0142. Projekt jest na li\u015bcie programu Rozw&oacute;j Polski Wschodniej. Unia Europejska ma da\u0107 miastu 85 proc. tej sumy. Linie tramwajowe maj\u0105 by\u0107 gotowe do 2015 roku. Wszystko zale\u017cy od tego, czy urz\u0119dnicy zd\u0105\u017c\u0105 za\u0142atwi\u0107 wszystkie formalno\u015bci, napisz\u0105 prawid\u0142owy wniosek o dofinansowanie i znajd\u0105 w bud\u017cecie miasta pieni\u0105dze na tzw. wk\u0142ad w\u0142asny &#8211; ale bior\u0105c pod uwag\u0119, \u017ce jest on tak ma\u0142y nie powinno by\u0107 z tym problemu.<\/p>\n","protected":false},"author":2,"featured_media":0,"comment_status":"closed","ping_status":"closed","template":"","categories":[26],"tags":[695,36,149],"class_list":["post-25862","infotram","type-infotram","status-publish","hentry","category-przewoznicy","tag-budowa","tag-linia","tag-olsztyn"],"acf":[],"yoast_head":"<!-- This site is optimized with the Yoast SEO Premium plugin v21.8 (Yoast SEO v23.7) - https:\/\/yoast.com\/wordpress\/plugins\/seo\/ -->\n<title>Olsztyn: Zn\u00f3w b\u0119d\u0105 tramwaje - TransInfo Archiwum<\/title>\n<meta name=\"robots\" content=\"index, follow, max-snippet:-1, max-image-preview:large, max-video-preview:-1\" \/>\n<link rel=\"canonical\" href=\"https:\/\/transinfo.pl\/x\/infotram\/olsztyn-znow-beda-tramwaje\/\" \/>\n<meta property=\"og:locale\" content=\"pl_PL\" \/>\n<meta property=\"og:type\" content=\"article\" \/>\n<meta property=\"og:title\" content=\"Olsztyn: Zn\u00f3w b\u0119d\u0105 tramwaje\" \/>\n<meta property=\"og:description\" content=\"Transport szynowy jest lepszy od autobus&oacute;w. To wniosek z opracowania, kt&oacute;re ma zdecydowa\u0107 o...\" \/>\n<meta property=\"og:url\" content=\"https:\/\/transinfo.pl\/x\/infotram\/olsztyn-znow-beda-tramwaje\/\" \/>\n<meta property=\"og:site_name\" content=\"TransInfo Archiwum\" \/>\n<meta property=\"article:modified_time\" content=\"2025-01-19T09:23:50+00:00\" \/>\n<meta property=\"og:image\" content=\"http:\/\/default\" \/>\n<meta name=\"twitter:card\" content=\"summary_large_image\" \/>\n<meta name=\"twitter:label1\" content=\"Szacowany czas czytania\" \/>\n\t<meta name=\"twitter:data1\" content=\"4 minuty\" \/>\n<script type=\"application\/ld+json\" class=\"yoast-schema-graph\">{\"@context\":\"https:\/\/schema.org\",\"@graph\":[{\"@type\":\"WebPage\",\"@id\":\"https:\/\/transinfo.pl\/x\/infotram\/olsztyn-znow-beda-tramwaje\/\",\"url\":\"https:\/\/transinfo.pl\/x\/infotram\/olsztyn-znow-beda-tramwaje\/\",\"name\":\"Olsztyn: Zn\u00f3w b\u0119d\u0105 tramwaje - TransInfo Archiwum\",\"isPartOf\":{\"@id\":\"https:\/\/transinfo.pl\/x\/#website\"},\"datePublished\":\"2009-02-17T11:08:18+00:00\",\"dateModified\":\"2025-01-19T09:23:50+00:00\",\"breadcrumb\":{\"@id\":\"https:\/\/transinfo.pl\/x\/infotram\/olsztyn-znow-beda-tramwaje\/#breadcrumb\"},\"inLanguage\":\"pl-PL\",\"potentialAction\":[{\"@type\":\"ReadAction\",\"target\":[\"https:\/\/transinfo.pl\/x\/infotram\/olsztyn-znow-beda-tramwaje\/\"]}]},{\"@type\":\"BreadcrumbList\",\"@id\":\"https:\/\/transinfo.pl\/x\/infotram\/olsztyn-znow-beda-tramwaje\/#breadcrumb\",\"itemListElement\":[{\"@type\":\"ListItem\",\"position\":1,\"name\":\"Home\",\"item\":\"https:\/\/transinfo.pl\/x\/\"},{\"@type\":\"ListItem\",\"position\":2,\"name\":\"Infotram\",\"item\":\"https:\/\/transinfo.pl\/x\/infotram\/\"},{\"@type\":\"ListItem\",\"position\":3,\"name\":\"Olsztyn: Zn\u00f3w b\u0119d\u0105 tramwaje\"}]},{\"@type\":\"WebSite\",\"@id\":\"https:\/\/transinfo.pl\/x\/#website\",\"url\":\"https:\/\/transinfo.pl\/x\/\",\"name\":\"TransInfo Archiwum\",\"description\":\"Ca\u0142y transport w jednym miejscu\",\"publisher\":{\"@id\":\"https:\/\/transinfo.pl\/x\/#organization\"},\"potentialAction\":[{\"@type\":\"SearchAction\",\"target\":{\"@type\":\"EntryPoint\",\"urlTemplate\":\"https:\/\/transinfo.pl\/x\/?s={search_term_string}\"},\"query-input\":{\"@type\":\"PropertyValueSpecification\",\"valueRequired\":true,\"valueName\":\"search_term_string\"}}],\"inLanguage\":\"pl-PL\"},{\"@type\":\"Organization\",\"@id\":\"https:\/\/transinfo.pl\/x\/#organization\",\"name\":\"TransInfo\",\"url\":\"https:\/\/transinfo.pl\/x\/\",\"logo\":{\"@type\":\"ImageObject\",\"inLanguage\":\"pl-PL\",\"@id\":\"https:\/\/transinfo.pl\/x\/#\/schema\/logo\/image\/\",\"url\":\"https:\/\/transinfo.pl\/x\/wp-content\/uploads\/2024\/10\/favicon.png\",\"contentUrl\":\"https:\/\/transinfo.pl\/x\/wp-content\/uploads\/2024\/10\/favicon.png\",\"width\":512,\"height\":512,\"caption\":\"TransInfo\"},\"image\":{\"@id\":\"https:\/\/transinfo.pl\/x\/#\/schema\/logo\/image\/\"}}]}<\/script>\n<!-- \/ Yoast SEO Premium plugin. -->","yoast_head_json":{"title":"Olsztyn: Zn\u00f3w b\u0119d\u0105 tramwaje - TransInfo Archiwum","robots":{"index":"index","follow":"follow","max-snippet":"max-snippet:-1","max-image-preview":"max-image-preview:large","max-video-preview":"max-video-preview:-1"},"canonical":"https:\/\/transinfo.pl\/x\/infotram\/olsztyn-znow-beda-tramwaje\/","og_locale":"pl_PL","og_type":"article","og_title":"Olsztyn: Zn\u00f3w b\u0119d\u0105 tramwaje","og_description":"Transport szynowy jest lepszy od autobus&oacute;w. To wniosek z opracowania, kt&oacute;re ma zdecydowa\u0107 o...","og_url":"https:\/\/transinfo.pl\/x\/infotram\/olsztyn-znow-beda-tramwaje\/","og_site_name":"TransInfo Archiwum","article_modified_time":"2025-01-19T09:23:50+00:00","og_image":[{"url":"default"}],"twitter_card":"summary_large_image","twitter_misc":{"Szacowany czas czytania":"4 minuty"},"schema":{"@context":"https:\/\/schema.org","@graph":[{"@type":"WebPage","@id":"https:\/\/transinfo.pl\/x\/infotram\/olsztyn-znow-beda-tramwaje\/","url":"https:\/\/transinfo.pl\/x\/infotram\/olsztyn-znow-beda-tramwaje\/","name":"Olsztyn: Zn\u00f3w b\u0119d\u0105 tramwaje - TransInfo Archiwum","isPartOf":{"@id":"https:\/\/transinfo.pl\/x\/#website"},"datePublished":"2009-02-17T11:08:18+00:00","dateModified":"2025-01-19T09:23:50+00:00","breadcrumb":{"@id":"https:\/\/transinfo.pl\/x\/infotram\/olsztyn-znow-beda-tramwaje\/#breadcrumb"},"inLanguage":"pl-PL","potentialAction":[{"@type":"ReadAction","target":["https:\/\/transinfo.pl\/x\/infotram\/olsztyn-znow-beda-tramwaje\/"]}]},{"@type":"BreadcrumbList","@id":"https:\/\/transinfo.pl\/x\/infotram\/olsztyn-znow-beda-tramwaje\/#breadcrumb","itemListElement":[{"@type":"ListItem","position":1,"name":"Home","item":"https:\/\/transinfo.pl\/x\/"},{"@type":"ListItem","position":2,"name":"Infotram","item":"https:\/\/transinfo.pl\/x\/infotram\/"},{"@type":"ListItem","position":3,"name":"Olsztyn: Zn\u00f3w b\u0119d\u0105 tramwaje"}]},{"@type":"WebSite","@id":"https:\/\/transinfo.pl\/x\/#website","url":"https:\/\/transinfo.pl\/x\/","name":"TransInfo Archiwum","description":"Ca\u0142y transport w jednym miejscu","publisher":{"@id":"https:\/\/transinfo.pl\/x\/#organization"},"potentialAction":[{"@type":"SearchAction","target":{"@type":"EntryPoint","urlTemplate":"https:\/\/transinfo.pl\/x\/?s={search_term_string}"},"query-input":{"@type":"PropertyValueSpecification","valueRequired":true,"valueName":"search_term_string"}}],"inLanguage":"pl-PL"},{"@type":"Organization","@id":"https:\/\/transinfo.pl\/x\/#organization","name":"TransInfo","url":"https:\/\/transinfo.pl\/x\/","logo":{"@type":"ImageObject","inLanguage":"pl-PL","@id":"https:\/\/transinfo.pl\/x\/#\/schema\/logo\/image\/","url":"https:\/\/transinfo.pl\/x\/wp-content\/uploads\/2024\/10\/favicon.png","contentUrl":"https:\/\/transinfo.pl\/x\/wp-content\/uploads\/2024\/10\/favicon.png","width":512,"height":512,"caption":"TransInfo"},"image":{"@id":"https:\/\/transinfo.pl\/x\/#\/schema\/logo\/image\/"}}]}},"_links":{"self":[{"href":"https:\/\/transinfo.pl\/x\/wp-json\/wp\/v2\/infotram\/25862","targetHints":{"allow":["GET"]}}],"collection":[{"href":"https:\/\/transinfo.pl\/x\/wp-json\/wp\/v2\/infotram"}],"about":[{"href":"https:\/\/transinfo.pl\/x\/wp-json\/wp\/v2\/types\/infotram"}],"author":[{"embeddable":true,"href":"https:\/\/transinfo.pl\/x\/wp-json\/wp\/v2\/users\/2"}],"replies":[{"embeddable":true,"href":"https:\/\/transinfo.pl\/x\/wp-json\/wp\/v2\/comments?post=25862"}],"wp:attachment":[{"href":"https:\/\/transinfo.pl\/x\/wp-json\/wp\/v2\/media?parent=25862"}],"wp:term":[{"taxonomy":"category","embeddable":true,"href":"https:\/\/transinfo.pl\/x\/wp-json\/wp\/v2\/categories?post=25862"},{"taxonomy":"post_tag","embeddable":true,"href":"https:\/\/transinfo.pl\/x\/wp-json\/wp\/v2\/tags?post=25862"}],"curies":[{"name":"wp","href":"https:\/\/api.w.org\/{rel}","templated":true}]}}