{"id":258063,"date":"2023-09-28T10:45:00","date_gmt":"2023-09-28T10:45:00","guid":{"rendered":"https:\/\/transinfo.pl\/x\/infotram\/wracaja-poznanskie-nocne-tramwaje-na-nowej-trasie\/"},"modified":"2023-09-28T10:45:00","modified_gmt":"2023-09-28T10:45:00","slug":"wracaja-poznanskie-nocne-tramwaje-na-nowej-trasie","status":"publish","type":"infotram","link":"https:\/\/transinfo.pl\/x\/infotram\/wracaja-poznanskie-nocne-tramwaje-na-nowej-trasie\/","title":{"rendered":"Wracaj\u0105 pozna\u0144skie nocne tramwaje. Na nowej trasie"},"content":{"rendered":"<style>h1,h2,h3,h4,h5,h6{margin:0 0 1.25rem;font-family:Arial,sans-serif;font-weight:600;color:#050505}h1{font-size:1.875rem;line-height:1.1em;text-transform:none}@media(min-width: 768px){h1{font-size:2.375rem}}h2{font-size:1.1875rem;line-height:1.2em;text-transform:uppercase}@media(min-width: 768px){h2{font-size:1.0625rem}}h3{font-size:0.9375rem;line-height:1.4em;font-weight:900;margin-bottom:0.9375rem}h4{font-size:0.875rem;line-height:1.2em;font-weight:500}h5{font-size:0.9375rem;line-height:1.6;font-weight:400}h6{font-size:0.9375rem;line-height:1.6;font-weight:600}\n<\/style>\n<h3 class=\"wp-block-heading\" id=\"h-w-zwiazku-z-rozpoczeciem-roku-akademickiego-w-celu-poprawy-dostepnosci-komunikacji-dla-studentek-i-studentow-zostana-wprowadzone-stale-zmiany-w-funkcjonowaniu-komunikacji-w-poznaniu\"><strong>W zwi\u0105zku z rozpocz\u0119ciem roku akademickiego, w celu poprawy dost\u0119pno\u015bci komunikacji dla studentek i student\u00f3w zostan\u0105 wprowadzone sta\u0142e zmiany w funkcjonowaniu komunikacji w Poznaniu. <\/strong><\/h3>\n\n\n<style>p{margin:0 0 1.5rem}p:last-child{margin:0}p.is-style-uppercase{text-transform:uppercase}p.is-style-preheading{color:#12406a;text-transform:uppercase}p.is-style-leadparagraph{font-size:1rem;line-height:1.625;font-weight:700}@media(min-width: 768px){p.is-style-leadparagraph{font-size:1.125rem;line-height:1.5555555556}}p.has-small-margin{margin-bottom:0.625rem}p.has-small-margin+h1,p.has-small-margin+h2,p.has-small-margin+h3{margin-top:1.875rem}\n<\/style>\n<p>Od 1 pa\u017adziernika tramwajem linii numer 14 b\u0119dzie mo\u017cna dojecha\u0107 do Os. Sobieskiego w ka\u017cd\u0105 niedziel\u0119 i \u015bwi\u0119to w godzinach 23:00-23:30. Ponadto, od nocy z 6 na 7 pa\u017adziernika (pi\u0105tek\/sobota) zostanie wznowione funkcjonowanie linii nocnej nr 201. <\/p>\n\n\n\n<h2 class=\"wp-block-heading\" id=\"h-nowa-trasa\">Nowa trasa<\/h2>\n\n\n\n<p>Tramwaje tej linii b\u0119d\u0105 je\u017adzi\u0142y now\u0105, wyd\u0142u\u017con\u0105 tras\u0105 poprzez ulice: Jana Paw\u0142a II, Hetma\u0144sk\u0105 i \u017begrze a\u017c do Franowa. W dalszym ci\u0105gu na zmienionej trasie funkcjonowa\u0107 b\u0119dzie autobusowa linia nocna nr 220. Ponadto zawieszona pozostanie autobusowa linia nocna nr 231.<\/p>\n\n\n\n<p><\/p>\n\n\n<style>.wp-block-image{margin:1.25rem 0;text-align:center}.wp-block-image figcaption{padding:0 0.9375rem;text-align:center}\n<\/style>\n<figure class=\"wp-block-image size-large\"><a href=\"https:\/\/transinfo.pl\/wp-content\/uploads\/2023\/10\/Nocny-tramwaj-poznan.jpg\"><img decoding=\"async\" src=\"https:\/\/transinfo.pl\/wp-content\/uploads\/2023\/10\/Nocny-tramwaj-poznan-1024x701.jpg\" alt=\"W zwi\u0105zku z rozpocz\u0119ciem roku akademickiego, w celu poprawy dost\u0119pno\u015bci komunikacji dla studentek i student\u00f3w zostan\u0105 wprowadzone sta\u0142e zmiany w funkcjonowaniu komunikacji w Poznaniu. \" class=\"wp-image-449123\" \/><\/a><figcaption class=\"wp-element-caption\">Nocny tramwaj w Poznaniu \/ foto: ZTM Pozna\u0144<\/figcaption><\/figure>\n\n\n\n<p><\/p>\n\n\n\n<p>Zmiany na liniach nr 201 i 220 od nocy z 6 na 7 pa\u017adziernika&nbsp;(pi\u0105tek\/sobota) \u2013 wyt\u0142uszczonym drukiem zmienione fragmenty tras:<\/p>\n\n\n\n<p><strong>Linia nr 201<\/strong><\/p>\n\n\n\n<p><a href=\"https:\/\/www.ztm.poznan.pl\/assets\/Uploads\/201-2024.09.04.pdf\">OS. SOBIESKIEGO \u2013 Trasa PST \u2013 Roosevelta \u2013 Fredry \u2013 pl. Ratajskiego \u2013 pl. Wielkopolski \u2013 Ma\u0142e Garbary \u2013 Estkowskiego \u2013 Wyszy\u0144skiego \u2013&nbsp;<strong>Jana Paw\u0142a II \u2013 Zamenhofa \u2013 Hetma\u0144ska \u2013 \u017begrze \u2013 Chartowo \u2013 Pia\u015bnicka \u2013 Szwedzka \u2013 Szwajcarska \u2013 FRANOWO<\/strong><\/a><\/p>\n\n\n\n<p>Tramwaj kursuje we wszystkie dni tygodnia poza noc\u0105 z poniedzia\u0142ku na wtorek.<\/p>\n\n\n\n<p><strong>Linia nr 220<\/strong><\/p>\n\n\n\n<p><a href=\"https:\/\/www.ztm.poznan.pl\/assets\/Uploads\/220-2024.10.01.pdf\">GARBARY PKM \u2013 \u2026 \u2013 Jana Paw\u0142a II \u2013 Krzywoustego \u2013&nbsp;<strong>Jantar \u2013 Brne\u0144ska \u2013 Milcza\u0144ska \u2013 Inflancka \u2013 Bobrza\u0144ska<\/strong>&nbsp;\u2013 Krzywoustego \u2013 \u2026 \u2013 KRZESINY \u2013 \u2026 \u2013 Krzywoustego \u2013&nbsp;<strong>Wiatraczna \u2013 Milcza\u0144ska \u2013 Brne\u0144ska \u2013 Jantar<\/strong>&nbsp;\u2013 Krzywoustego \u2013 Jana Paw\u0142a II \u2013 \u2026&nbsp; \u2013 GARBARY PKM<\/a><\/p>\n\n\n\n<p><strong>Linia nr 231<\/strong>&nbsp;\u2013 linia zawieszona<\/p>\n\n\n\n<p>Dodatkowo, w celu u\u0142atwienia dojazdu na Kampus UAM Morasko, od 1 pa\u017adziernika, w ka\u017cd\u0105 niedziel\u0119 i \u015bwi\u0119to, na&nbsp;<strong>linii tramwajowej nr 14<\/strong>&nbsp;mi\u0119dzy godzin\u0105 23:00 a 23:30, b\u0119d\u0105 wykonane dodatkowe dwa kursy w relacji Dworzec Zachodni PST &#8211; Os. Sobieskiego.<\/p>\n","protected":false},"author":3,"featured_media":258064,"comment_status":"","ping_status":"closed","template":"","categories":[28],"tags":[36,106,873],"class_list":["post-258063","infotram","type-infotram","status-publish","has-post-thumbnail","hentry","category-pasazer","tag-linia","tag-poznan","tag-ztm-poznan"],"acf":[],"yoast_head":"<!-- This site is optimized with the Yoast SEO Premium plugin v21.8 (Yoast SEO v23.7) - https:\/\/yoast.com\/wordpress\/plugins\/seo\/ -->\n<title>Wracaj\u0105 pozna\u0144skie nocne tramwaje. Na nowej trasie - TransInfo Archiwum<\/title>\n<meta name=\"description\" content=\"W celu poprawy dost\u0119pno\u015bci komunikacji dla studentek i student\u00f3w zostan\u0105 wprowadzone sta\u0142e zmiany w funkcjonowaniu komunikacji w Poznaniu.\" \/>\n<meta name=\"robots\" content=\"index, follow, max-snippet:-1, max-image-preview:large, max-video-preview:-1\" \/>\n<link rel=\"canonical\" href=\"https:\/\/transinfo.pl\/x\/infotram\/wracaja-poznanskie-nocne-tramwaje-na-nowej-trasie\/\" \/>\n<meta property=\"og:locale\" content=\"pl_PL\" \/>\n<meta property=\"og:type\" content=\"article\" \/>\n<meta property=\"og:title\" content=\"Wracaj\u0105 pozna\u0144skie nocne tramwaje. Na nowej trasie\" \/>\n<meta property=\"og:description\" content=\"W celu poprawy dost\u0119pno\u015bci komunikacji dla studentek i student\u00f3w zostan\u0105 wprowadzone sta\u0142e zmiany w funkcjonowaniu komunikacji w Poznaniu.\" \/>\n<meta property=\"og:url\" content=\"https:\/\/transinfo.pl\/x\/infotram\/wracaja-poznanskie-nocne-tramwaje-na-nowej-trasie\/\" \/>\n<meta property=\"og:site_name\" content=\"TransInfo Archiwum\" \/>\n<meta property=\"og:image\" content=\"https:\/\/transinfo.pl\/x\/wp-content\/uploads\/2023\/09\/linia-tramwajwa-nr-201-3.jpg\" \/>\n\t<meta property=\"og:image:width\" content=\"1\" \/>\n\t<meta property=\"og:image:height\" content=\"1\" \/>\n\t<meta property=\"og:image:type\" content=\"image\/jpeg\" \/>\n<meta name=\"twitter:card\" content=\"summary_large_image\" \/>\n<meta name=\"twitter:label1\" content=\"Szacowany czas czytania\" \/>\n\t<meta name=\"twitter:data1\" content=\"1 minuta\" \/>\n<script type=\"application\/ld+json\" class=\"yoast-schema-graph\">{\"@context\":\"https:\/\/schema.org\",\"@graph\":[{\"@type\":\"WebPage\",\"@id\":\"https:\/\/transinfo.pl\/x\/infotram\/wracaja-poznanskie-nocne-tramwaje-na-nowej-trasie\/\",\"url\":\"https:\/\/transinfo.pl\/x\/infotram\/wracaja-poznanskie-nocne-tramwaje-na-nowej-trasie\/\",\"name\":\"Wracaj\u0105 pozna\u0144skie nocne tramwaje. Na nowej trasie - TransInfo Archiwum\",\"isPartOf\":{\"@id\":\"https:\/\/transinfo.pl\/x\/#website\"},\"primaryImageOfPage\":{\"@id\":\"https:\/\/transinfo.pl\/x\/infotram\/wracaja-poznanskie-nocne-tramwaje-na-nowej-trasie\/#primaryimage\"},\"image\":{\"@id\":\"https:\/\/transinfo.pl\/x\/infotram\/wracaja-poznanskie-nocne-tramwaje-na-nowej-trasie\/#primaryimage\"},\"thumbnailUrl\":\"https:\/\/transinfo.pl\/x\/wp-content\/uploads\/2023\/09\/linia-tramwajwa-nr-201-3.jpg\",\"datePublished\":\"2023-09-28T10:45:00+00:00\",\"dateModified\":\"2023-09-28T10:45:00+00:00\",\"description\":\"W celu poprawy dost\u0119pno\u015bci komunikacji dla studentek i student\u00f3w zostan\u0105 wprowadzone sta\u0142e zmiany w funkcjonowaniu komunikacji w Poznaniu.\",\"breadcrumb\":{\"@id\":\"https:\/\/transinfo.pl\/x\/infotram\/wracaja-poznanskie-nocne-tramwaje-na-nowej-trasie\/#breadcrumb\"},\"inLanguage\":\"pl-PL\",\"potentialAction\":[{\"@type\":\"ReadAction\",\"target\":[\"https:\/\/transinfo.pl\/x\/infotram\/wracaja-poznanskie-nocne-tramwaje-na-nowej-trasie\/\"]}]},{\"@type\":\"ImageObject\",\"inLanguage\":\"pl-PL\",\"@id\":\"https:\/\/transinfo.pl\/x\/infotram\/wracaja-poznanskie-nocne-tramwaje-na-nowej-trasie\/#primaryimage\",\"url\":\"https:\/\/transinfo.pl\/x\/wp-content\/uploads\/2023\/09\/linia-tramwajwa-nr-201-3.jpg\",\"contentUrl\":\"https:\/\/transinfo.pl\/x\/wp-content\/uploads\/2023\/09\/linia-tramwajwa-nr-201-3.jpg\"},{\"@type\":\"BreadcrumbList\",\"@id\":\"https:\/\/transinfo.pl\/x\/infotram\/wracaja-poznanskie-nocne-tramwaje-na-nowej-trasie\/#breadcrumb\",\"itemListElement\":[{\"@type\":\"ListItem\",\"position\":1,\"name\":\"Home\",\"item\":\"https:\/\/transinfo.pl\/x\/\"},{\"@type\":\"ListItem\",\"position\":2,\"name\":\"Infotram\",\"item\":\"https:\/\/transinfo.pl\/x\/infotram\/\"},{\"@type\":\"ListItem\",\"position\":3,\"name\":\"Wracaj\u0105 pozna\u0144skie nocne tramwaje. Na nowej trasie\"}]},{\"@type\":\"WebSite\",\"@id\":\"https:\/\/transinfo.pl\/x\/#website\",\"url\":\"https:\/\/transinfo.pl\/x\/\",\"name\":\"TransInfo Archiwum\",\"description\":\"Ca\u0142y transport w jednym miejscu\",\"publisher\":{\"@id\":\"https:\/\/transinfo.pl\/x\/#organization\"},\"potentialAction\":[{\"@type\":\"SearchAction\",\"target\":{\"@type\":\"EntryPoint\",\"urlTemplate\":\"https:\/\/transinfo.pl\/x\/?s={search_term_string}\"},\"query-input\":{\"@type\":\"PropertyValueSpecification\",\"valueRequired\":true,\"valueName\":\"search_term_string\"}}],\"inLanguage\":\"pl-PL\"},{\"@type\":\"Organization\",\"@id\":\"https:\/\/transinfo.pl\/x\/#organization\",\"name\":\"TransInfo\",\"url\":\"https:\/\/transinfo.pl\/x\/\",\"logo\":{\"@type\":\"ImageObject\",\"inLanguage\":\"pl-PL\",\"@id\":\"https:\/\/transinfo.pl\/x\/#\/schema\/logo\/image\/\",\"url\":\"https:\/\/transinfo.pl\/x\/wp-content\/uploads\/2024\/10\/favicon.png\",\"contentUrl\":\"https:\/\/transinfo.pl\/x\/wp-content\/uploads\/2024\/10\/favicon.png\",\"width\":512,\"height\":512,\"caption\":\"TransInfo\"},\"image\":{\"@id\":\"https:\/\/transinfo.pl\/x\/#\/schema\/logo\/image\/\"}}]}<\/script>\n<!-- \/ Yoast SEO Premium plugin. -->","yoast_head_json":{"title":"Wracaj\u0105 pozna\u0144skie nocne tramwaje. Na nowej trasie - TransInfo Archiwum","description":"W celu poprawy dost\u0119pno\u015bci komunikacji dla studentek i student\u00f3w zostan\u0105 wprowadzone sta\u0142e zmiany w funkcjonowaniu komunikacji w Poznaniu.","robots":{"index":"index","follow":"follow","max-snippet":"max-snippet:-1","max-image-preview":"max-image-preview:large","max-video-preview":"max-video-preview:-1"},"canonical":"https:\/\/transinfo.pl\/x\/infotram\/wracaja-poznanskie-nocne-tramwaje-na-nowej-trasie\/","og_locale":"pl_PL","og_type":"article","og_title":"Wracaj\u0105 pozna\u0144skie nocne tramwaje. Na nowej trasie","og_description":"W celu poprawy dost\u0119pno\u015bci komunikacji dla studentek i student\u00f3w zostan\u0105 wprowadzone sta\u0142e zmiany w funkcjonowaniu komunikacji w Poznaniu.","og_url":"https:\/\/transinfo.pl\/x\/infotram\/wracaja-poznanskie-nocne-tramwaje-na-nowej-trasie\/","og_site_name":"TransInfo Archiwum","og_image":[{"url":"https:\/\/transinfo.pl\/x\/wp-content\/uploads\/2023\/09\/linia-tramwajwa-nr-201-3.jpg","width":1,"height":1,"type":"image\/jpeg"}],"twitter_card":"summary_large_image","twitter_misc":{"Szacowany czas czytania":"1 minuta"},"schema":{"@context":"https:\/\/schema.org","@graph":[{"@type":"WebPage","@id":"https:\/\/transinfo.pl\/x\/infotram\/wracaja-poznanskie-nocne-tramwaje-na-nowej-trasie\/","url":"https:\/\/transinfo.pl\/x\/infotram\/wracaja-poznanskie-nocne-tramwaje-na-nowej-trasie\/","name":"Wracaj\u0105 pozna\u0144skie nocne tramwaje. Na nowej trasie - TransInfo Archiwum","isPartOf":{"@id":"https:\/\/transinfo.pl\/x\/#website"},"primaryImageOfPage":{"@id":"https:\/\/transinfo.pl\/x\/infotram\/wracaja-poznanskie-nocne-tramwaje-na-nowej-trasie\/#primaryimage"},"image":{"@id":"https:\/\/transinfo.pl\/x\/infotram\/wracaja-poznanskie-nocne-tramwaje-na-nowej-trasie\/#primaryimage"},"thumbnailUrl":"https:\/\/transinfo.pl\/x\/wp-content\/uploads\/2023\/09\/linia-tramwajwa-nr-201-3.jpg","datePublished":"2023-09-28T10:45:00+00:00","dateModified":"2023-09-28T10:45:00+00:00","description":"W celu poprawy dost\u0119pno\u015bci komunikacji dla studentek i student\u00f3w zostan\u0105 wprowadzone sta\u0142e zmiany w funkcjonowaniu komunikacji w Poznaniu.","breadcrumb":{"@id":"https:\/\/transinfo.pl\/x\/infotram\/wracaja-poznanskie-nocne-tramwaje-na-nowej-trasie\/#breadcrumb"},"inLanguage":"pl-PL","potentialAction":[{"@type":"ReadAction","target":["https:\/\/transinfo.pl\/x\/infotram\/wracaja-poznanskie-nocne-tramwaje-na-nowej-trasie\/"]}]},{"@type":"ImageObject","inLanguage":"pl-PL","@id":"https:\/\/transinfo.pl\/x\/infotram\/wracaja-poznanskie-nocne-tramwaje-na-nowej-trasie\/#primaryimage","url":"https:\/\/transinfo.pl\/x\/wp-content\/uploads\/2023\/09\/linia-tramwajwa-nr-201-3.jpg","contentUrl":"https:\/\/transinfo.pl\/x\/wp-content\/uploads\/2023\/09\/linia-tramwajwa-nr-201-3.jpg"},{"@type":"BreadcrumbList","@id":"https:\/\/transinfo.pl\/x\/infotram\/wracaja-poznanskie-nocne-tramwaje-na-nowej-trasie\/#breadcrumb","itemListElement":[{"@type":"ListItem","position":1,"name":"Home","item":"https:\/\/transinfo.pl\/x\/"},{"@type":"ListItem","position":2,"name":"Infotram","item":"https:\/\/transinfo.pl\/x\/infotram\/"},{"@type":"ListItem","position":3,"name":"Wracaj\u0105 pozna\u0144skie nocne tramwaje. Na nowej trasie"}]},{"@type":"WebSite","@id":"https:\/\/transinfo.pl\/x\/#website","url":"https:\/\/transinfo.pl\/x\/","name":"TransInfo Archiwum","description":"Ca\u0142y transport w jednym miejscu","publisher":{"@id":"https:\/\/transinfo.pl\/x\/#organization"},"potentialAction":[{"@type":"SearchAction","target":{"@type":"EntryPoint","urlTemplate":"https:\/\/transinfo.pl\/x\/?s={search_term_string}"},"query-input":{"@type":"PropertyValueSpecification","valueRequired":true,"valueName":"search_term_string"}}],"inLanguage":"pl-PL"},{"@type":"Organization","@id":"https:\/\/transinfo.pl\/x\/#organization","name":"TransInfo","url":"https:\/\/transinfo.pl\/x\/","logo":{"@type":"ImageObject","inLanguage":"pl-PL","@id":"https:\/\/transinfo.pl\/x\/#\/schema\/logo\/image\/","url":"https:\/\/transinfo.pl\/x\/wp-content\/uploads\/2024\/10\/favicon.png","contentUrl":"https:\/\/transinfo.pl\/x\/wp-content\/uploads\/2024\/10\/favicon.png","width":512,"height":512,"caption":"TransInfo"},"image":{"@id":"https:\/\/transinfo.pl\/x\/#\/schema\/logo\/image\/"}}]}},"_links":{"self":[{"href":"https:\/\/transinfo.pl\/x\/wp-json\/wp\/v2\/infotram\/258063","targetHints":{"allow":["GET"]}}],"collection":[{"href":"https:\/\/transinfo.pl\/x\/wp-json\/wp\/v2\/infotram"}],"about":[{"href":"https:\/\/transinfo.pl\/x\/wp-json\/wp\/v2\/types\/infotram"}],"author":[{"embeddable":true,"href":"https:\/\/transinfo.pl\/x\/wp-json\/wp\/v2\/users\/3"}],"replies":[{"embeddable":true,"href":"https:\/\/transinfo.pl\/x\/wp-json\/wp\/v2\/comments?post=258063"}],"wp:featuredmedia":[{"embeddable":true,"href":"https:\/\/transinfo.pl\/x\/wp-json\/wp\/v2\/media\/258064"}],"wp:attachment":[{"href":"https:\/\/transinfo.pl\/x\/wp-json\/wp\/v2\/media?parent=258063"}],"wp:term":[{"taxonomy":"category","embeddable":true,"href":"https:\/\/transinfo.pl\/x\/wp-json\/wp\/v2\/categories?post=258063"},{"taxonomy":"post_tag","embeddable":true,"href":"https:\/\/transinfo.pl\/x\/wp-json\/wp\/v2\/tags?post=258063"}],"curies":[{"name":"wp","href":"https:\/\/api.w.org\/{rel}","templated":true}]}}