{"id":257147,"date":"2023-09-04T16:15:00","date_gmt":"2023-09-04T16:15:00","guid":{"rendered":"https:\/\/transinfo.pl\/x\/infotram\/21-lodzka-gamma-setna-modertransu-do-zobaczenia-na-targach-w-gdansku\/"},"modified":"2023-09-04T16:15:00","modified_gmt":"2023-09-04T16:15:00","slug":"21-lodzka-gamma-setna-modertransu-do-zobaczenia-na-targach-w-gdansku","status":"publish","type":"infotram","link":"https:\/\/transinfo.pl\/x\/infotram\/21-lodzka-gamma-setna-modertransu-do-zobaczenia-na-targach-w-gdansku\/","title":{"rendered":"21. \u0142\u00f3dzka Gamma, setna Modertransu; do zobaczenia na targach w Gda\u0144sku"},"content":{"rendered":"<style>h1,h2,h3,h4,h5,h6{margin:0 0 1.25rem;font-family:Arial,sans-serif;font-weight:600;color:#050505}h1{font-size:1.875rem;line-height:1.1em;text-transform:none}@media(min-width: 768px){h1{font-size:2.375rem}}h2{font-size:1.1875rem;line-height:1.2em;text-transform:uppercase}@media(min-width: 768px){h2{font-size:1.0625rem}}h3{font-size:0.9375rem;line-height:1.4em;font-weight:900;margin-bottom:0.9375rem}h4{font-size:0.875rem;line-height:1.2em;font-weight:500}h5{font-size:0.9375rem;line-height:1.6;font-weight:400}h6{font-size:0.9375rem;line-height:1.6;font-weight:600}\n<\/style>\n<h3 class=\"wp-block-heading\" id=\"h-po-lodzkich-torach-jezdza-juz-pierwsze-nowoczesne-tramwaje-moderus-gamma\">Po \u0142\u00f3dzkich torach je\u017cd\u017c\u0105 ju\u017c pierwsze nowoczesne tramwaje Moderus Gamma.<\/h3>\n\n\n<style>p{margin:0 0 1.5rem}p:last-child{margin:0}p.is-style-uppercase{text-transform:uppercase}p.is-style-preheading{color:#12406a;text-transform:uppercase}p.is-style-leadparagraph{font-size:1rem;line-height:1.625;font-weight:700}@media(min-width: 768px){p.is-style-leadparagraph{font-size:1.125rem;line-height:1.5555555556}}p.has-small-margin{margin-bottom:0.625rem}p.has-small-margin+h1,p.has-small-margin+h2,p.has-small-margin+h3{margin-top:1.875rem}\n<\/style>\n<p>To nowa jako\u015b\u0107 w <a href=\"https:\/\/www.mpk.lodz.pl\/\">MPK \u0141\u00f3d\u017a<\/a>. Pojazdy s\u0105 komfortowe, niskopod\u0142ogowe, klimatyzowane i dostosowane do os\u00f3b starszych i niepe\u0142nosprawnych.<\/p>\n\n\n\n<h2 class=\"wp-block-heading\" id=\"h-lacznie-30-wagonow\">\u0141\u0105cznie 30 wagon\u00f3w<\/h2>\n\n\n<style>.wp-block-quote{border-left:0.1875rem solid var(--page-color);font-size:1rem;font-style:italic;margin:0 0 1.6875rem;padding:1.25rem}.wp-block-quote cite{color:#050505}.wp-block-quote.is-style-large p{margin-bottom:10px}.wp-block-quote.is-style-large cite{color:#12406a}\n<\/style>\n<blockquote class=\"wp-block-quote is-layout-flow wp-block-quote-is-layout-flow\">\n<p>\u2013 Po \u0141odzi je\u017adzi ju\u017c 20 pojazd\u00f3w Moderus Gamma LF 06 AC. 21. w\u0142a\u015bnie zosta\u0142 dostarczony. Do ko\u0144ca listopada planujemy, \u017ce przyjedzie do \u0141odzi pozosta\u0142ych 10, co zako\u0144czy ca\u0142\u0105 dostaw\u0119 \u2013 w sumie 30 nowoczesnych Moderus\u00f3w \u2013 m\u00f3wi Agnieszka Kowalewska-W\u00f3jcik, dyrektorka Zarz\u0105du Inwestycji Miejskich \u0141odzi.<\/p>\n<\/blockquote>\n\n\n\n<p>Tramwaj Moderus Gamma LF 06 AC to konstrukcja pi\u0119ciocz\u0142onowa (w 85% niskopod\u0142ogowa). Zastosowano w nim 4 w\u00f3zki \u2013 dwa sztywne i dwa skr\u0119tne, kt\u00f3re mo\u017cna stosowa\u0107 wymiennie. Dzi\u0119ki zastosowaniu wszystkich osi nap\u0119dowych uzyskano optymalne w\u0142a\u015bciwo\u015bci biegowe pojazdu, ze zdecydowanie mniejsz\u0105 tendencj\u0105 do po\u015blizg\u00f3w.<\/p>\n\n\n\n<p><\/p>\n\n\n<style>.wp-block-image{margin:1.25rem 0;text-align:center}.wp-block-image figcaption{padding:0 0.9375rem;text-align:center}\n<\/style>\n<figure class=\"wp-block-image size-full\"><a href=\"https:\/\/transinfo.pl\/wp-content\/uploads\/2023\/09\/gamma-lodz.jpg\"><img decoding=\"async\" src=\"https:\/\/transinfo.pl\/wp-content\/uploads\/2023\/09\/gamma-lodz.jpg\" alt=\"Setna Gamma\" class=\"wp-image-443277\" \/><\/a><\/figure>\n\n\n\n<p><\/p>\n\n\n\n<h2 class=\"wp-block-heading\" id=\"h-nowoczesna-bryla-i-funkcjonalnosc-tramwaju\">Nowoczesna bry\u0142a i funkcjonalno\u015b\u0107 tramwaju<\/h2>\n\n\n\n<p>Moderus Gamma posiada pi\u0119\u0107 par dwuskrzyd\u0142owych drzwi. Przedzia\u0142 pasa\u017cerski: w pe\u0142ni klimatyzowany, projekt wn\u0119trza wykonany w jasnych barwach, a o\u015bwietlenie w technologii led. Tramwaj wyposa\u017cono w ramp\u0119 dla w\u00f3zk\u00f3w inwalidzkich. W kabinie motorniczego znajduje si\u0119 komfortowy fotel pneumatyczny. Najwa\u017cniejsze elementy steruj\u0105ce pojazdem s\u0105 wbudowane w pod\u0142okietniki.<\/p>\n\n\n\n<blockquote class=\"wp-block-quote is-layout-flow wp-block-quote-is-layout-flow\">\n<p>\u2013 Bardzo si\u0119 cieszymy, \u017ce dostawy naszych tramwaj\u00f3w pokrywaj\u0105 si\u0119 z tak wa\u017cnym wydarzeniem jak 600. Urodziny \u0141odzi. R\u00f3wnie\u017c dla Modertrans Pozna\u0144 jest to wyj\u0105tkowy czas, poniewa\u017c wyprodukowali\u015bmy nasz 100. tramwaj Moderus Gamma i jest to ju\u017c 21. tramwaj dostarczony do \u0141odzi. W zwi\u0105zku z obiema okazjami tramwaj ten zosta\u0142 wyr\u00f3\u017cniony specjalnym oklejeniem dotycz\u0105cym jubileuszu \u0141odzi oraz naszej setnej Gammy \u2013 m\u00f3wi Dyrektor Operacyjny Modertrans Pozna\u0144 Maciej Kin. \u2013 Pojazd b\u0119dzie mo\u017cna obejrze\u0107 na Targach Trako 2023 w Gda\u0144sku.<\/p>\n<\/blockquote>\n\n\n\n<p>Warto\u015b\u0107 zakupu 30 tramwaj\u00f3w to 268,5 mln z\u0142.<\/p>\n","protected":false},"author":3,"featured_media":0,"comment_status":"","ping_status":"closed","template":"","categories":[25],"tags":[1032,124,870,895,816],"class_list":["post-257147","infotram","type-infotram","status-publish","hentry","category-producenci","tag-gamma","tag-lodz","tag-modertrans","tag-moderus-gamma","tag-mpk-lodz"],"acf":[],"yoast_head":"<!-- This site is optimized with the Yoast SEO Premium plugin v21.8 (Yoast SEO v23.7) - https:\/\/yoast.com\/wordpress\/plugins\/seo\/ -->\n<title>21 Moderus Gamma w \u0141odzi<\/title>\n<meta name=\"description\" content=\"Po \u0142\u00f3dzkich torach je\u017cd\u017c\u0105 ju\u017c pierwsze nowoczesne tramwaje Moderus Gamma. W mie\u015bcie jest ich ju\u017c 21, kolejne w drodze.\" \/>\n<meta name=\"robots\" content=\"index, follow, max-snippet:-1, max-image-preview:large, max-video-preview:-1\" \/>\n<link rel=\"canonical\" href=\"https:\/\/transinfo.pl\/x\/infotram\/21-lodzka-gamma-setna-modertransu-do-zobaczenia-na-targach-w-gdansku\/\" \/>\n<meta property=\"og:locale\" content=\"pl_PL\" \/>\n<meta property=\"og:type\" content=\"article\" \/>\n<meta property=\"og:title\" content=\"21. \u0142\u00f3dzka Gamma, setna Modertransu; do zobaczenia na targach w Gda\u0144sku\" \/>\n<meta property=\"og:description\" content=\"Po \u0142\u00f3dzkich torach je\u017cd\u017c\u0105 ju\u017c pierwsze nowoczesne tramwaje Moderus Gamma. W mie\u015bcie jest ich ju\u017c 21, kolejne w drodze.\" \/>\n<meta property=\"og:url\" content=\"https:\/\/transinfo.pl\/x\/infotram\/21-lodzka-gamma-setna-modertransu-do-zobaczenia-na-targach-w-gdansku\/\" \/>\n<meta property=\"og:site_name\" content=\"TransInfo Archiwum\" \/>\n<meta property=\"og:image\" content=\"http:\/\/default\" \/>\n<meta name=\"twitter:card\" content=\"summary_large_image\" \/>\n<meta name=\"twitter:label1\" content=\"Szacowany czas czytania\" \/>\n\t<meta name=\"twitter:data1\" content=\"1 minuta\" \/>\n<script type=\"application\/ld+json\" class=\"yoast-schema-graph\">{\"@context\":\"https:\/\/schema.org\",\"@graph\":[{\"@type\":\"WebPage\",\"@id\":\"https:\/\/transinfo.pl\/x\/infotram\/21-lodzka-gamma-setna-modertransu-do-zobaczenia-na-targach-w-gdansku\/\",\"url\":\"https:\/\/transinfo.pl\/x\/infotram\/21-lodzka-gamma-setna-modertransu-do-zobaczenia-na-targach-w-gdansku\/\",\"name\":\"21 Moderus Gamma w \u0141odzi\",\"isPartOf\":{\"@id\":\"https:\/\/transinfo.pl\/x\/#website\"},\"primaryImageOfPage\":{\"@id\":\"https:\/\/transinfo.pl\/x\/infotram\/21-lodzka-gamma-setna-modertransu-do-zobaczenia-na-targach-w-gdansku\/#primaryimage\"},\"image\":{\"@id\":\"https:\/\/transinfo.pl\/x\/infotram\/21-lodzka-gamma-setna-modertransu-do-zobaczenia-na-targach-w-gdansku\/#primaryimage\"},\"thumbnailUrl\":\"https:\/\/transinfo.pl\/wp-content\/uploads\/2023\/09\/gamma-lodz.jpg\",\"datePublished\":\"2023-09-04T16:15:00+00:00\",\"dateModified\":\"2023-09-04T16:15:00+00:00\",\"description\":\"Po \u0142\u00f3dzkich torach je\u017cd\u017c\u0105 ju\u017c pierwsze nowoczesne tramwaje Moderus Gamma. W mie\u015bcie jest ich ju\u017c 21, kolejne w drodze.\",\"breadcrumb\":{\"@id\":\"https:\/\/transinfo.pl\/x\/infotram\/21-lodzka-gamma-setna-modertransu-do-zobaczenia-na-targach-w-gdansku\/#breadcrumb\"},\"inLanguage\":\"pl-PL\",\"potentialAction\":[{\"@type\":\"ReadAction\",\"target\":[\"https:\/\/transinfo.pl\/x\/infotram\/21-lodzka-gamma-setna-modertransu-do-zobaczenia-na-targach-w-gdansku\/\"]}]},{\"@type\":\"ImageObject\",\"inLanguage\":\"pl-PL\",\"@id\":\"https:\/\/transinfo.pl\/x\/infotram\/21-lodzka-gamma-setna-modertransu-do-zobaczenia-na-targach-w-gdansku\/#primaryimage\",\"url\":\"https:\/\/transinfo.pl\/wp-content\/uploads\/2023\/09\/gamma-lodz.jpg\",\"contentUrl\":\"https:\/\/transinfo.pl\/wp-content\/uploads\/2023\/09\/gamma-lodz.jpg\"},{\"@type\":\"BreadcrumbList\",\"@id\":\"https:\/\/transinfo.pl\/x\/infotram\/21-lodzka-gamma-setna-modertransu-do-zobaczenia-na-targach-w-gdansku\/#breadcrumb\",\"itemListElement\":[{\"@type\":\"ListItem\",\"position\":1,\"name\":\"Home\",\"item\":\"https:\/\/transinfo.pl\/x\/\"},{\"@type\":\"ListItem\",\"position\":2,\"name\":\"Infotram\",\"item\":\"https:\/\/transinfo.pl\/x\/infotram\/\"},{\"@type\":\"ListItem\",\"position\":3,\"name\":\"21. \u0142\u00f3dzka Gamma, setna Modertransu; do zobaczenia na targach w Gda\u0144sku\"}]},{\"@type\":\"WebSite\",\"@id\":\"https:\/\/transinfo.pl\/x\/#website\",\"url\":\"https:\/\/transinfo.pl\/x\/\",\"name\":\"TransInfo Archiwum\",\"description\":\"Ca\u0142y transport w jednym miejscu\",\"publisher\":{\"@id\":\"https:\/\/transinfo.pl\/x\/#organization\"},\"potentialAction\":[{\"@type\":\"SearchAction\",\"target\":{\"@type\":\"EntryPoint\",\"urlTemplate\":\"https:\/\/transinfo.pl\/x\/?s={search_term_string}\"},\"query-input\":{\"@type\":\"PropertyValueSpecification\",\"valueRequired\":true,\"valueName\":\"search_term_string\"}}],\"inLanguage\":\"pl-PL\"},{\"@type\":\"Organization\",\"@id\":\"https:\/\/transinfo.pl\/x\/#organization\",\"name\":\"TransInfo\",\"url\":\"https:\/\/transinfo.pl\/x\/\",\"logo\":{\"@type\":\"ImageObject\",\"inLanguage\":\"pl-PL\",\"@id\":\"https:\/\/transinfo.pl\/x\/#\/schema\/logo\/image\/\",\"url\":\"https:\/\/transinfo.pl\/x\/wp-content\/uploads\/2024\/10\/favicon.png\",\"contentUrl\":\"https:\/\/transinfo.pl\/x\/wp-content\/uploads\/2024\/10\/favicon.png\",\"width\":512,\"height\":512,\"caption\":\"TransInfo\"},\"image\":{\"@id\":\"https:\/\/transinfo.pl\/x\/#\/schema\/logo\/image\/\"}}]}<\/script>\n<!-- \/ Yoast SEO Premium plugin. -->","yoast_head_json":{"title":"21 Moderus Gamma w \u0141odzi","description":"Po \u0142\u00f3dzkich torach je\u017cd\u017c\u0105 ju\u017c pierwsze nowoczesne tramwaje Moderus Gamma. W mie\u015bcie jest ich ju\u017c 21, kolejne w drodze.","robots":{"index":"index","follow":"follow","max-snippet":"max-snippet:-1","max-image-preview":"max-image-preview:large","max-video-preview":"max-video-preview:-1"},"canonical":"https:\/\/transinfo.pl\/x\/infotram\/21-lodzka-gamma-setna-modertransu-do-zobaczenia-na-targach-w-gdansku\/","og_locale":"pl_PL","og_type":"article","og_title":"21. \u0142\u00f3dzka Gamma, setna Modertransu; do zobaczenia na targach w Gda\u0144sku","og_description":"Po \u0142\u00f3dzkich torach je\u017cd\u017c\u0105 ju\u017c pierwsze nowoczesne tramwaje Moderus Gamma. W mie\u015bcie jest ich ju\u017c 21, kolejne w drodze.","og_url":"https:\/\/transinfo.pl\/x\/infotram\/21-lodzka-gamma-setna-modertransu-do-zobaczenia-na-targach-w-gdansku\/","og_site_name":"TransInfo Archiwum","og_image":[{"url":"default"}],"twitter_card":"summary_large_image","twitter_misc":{"Szacowany czas czytania":"1 minuta"},"schema":{"@context":"https:\/\/schema.org","@graph":[{"@type":"WebPage","@id":"https:\/\/transinfo.pl\/x\/infotram\/21-lodzka-gamma-setna-modertransu-do-zobaczenia-na-targach-w-gdansku\/","url":"https:\/\/transinfo.pl\/x\/infotram\/21-lodzka-gamma-setna-modertransu-do-zobaczenia-na-targach-w-gdansku\/","name":"21 Moderus Gamma w \u0141odzi","isPartOf":{"@id":"https:\/\/transinfo.pl\/x\/#website"},"primaryImageOfPage":{"@id":"https:\/\/transinfo.pl\/x\/infotram\/21-lodzka-gamma-setna-modertransu-do-zobaczenia-na-targach-w-gdansku\/#primaryimage"},"image":{"@id":"https:\/\/transinfo.pl\/x\/infotram\/21-lodzka-gamma-setna-modertransu-do-zobaczenia-na-targach-w-gdansku\/#primaryimage"},"thumbnailUrl":"https:\/\/transinfo.pl\/wp-content\/uploads\/2023\/09\/gamma-lodz.jpg","datePublished":"2023-09-04T16:15:00+00:00","dateModified":"2023-09-04T16:15:00+00:00","description":"Po \u0142\u00f3dzkich torach je\u017cd\u017c\u0105 ju\u017c pierwsze nowoczesne tramwaje Moderus Gamma. W mie\u015bcie jest ich ju\u017c 21, kolejne w drodze.","breadcrumb":{"@id":"https:\/\/transinfo.pl\/x\/infotram\/21-lodzka-gamma-setna-modertransu-do-zobaczenia-na-targach-w-gdansku\/#breadcrumb"},"inLanguage":"pl-PL","potentialAction":[{"@type":"ReadAction","target":["https:\/\/transinfo.pl\/x\/infotram\/21-lodzka-gamma-setna-modertransu-do-zobaczenia-na-targach-w-gdansku\/"]}]},{"@type":"ImageObject","inLanguage":"pl-PL","@id":"https:\/\/transinfo.pl\/x\/infotram\/21-lodzka-gamma-setna-modertransu-do-zobaczenia-na-targach-w-gdansku\/#primaryimage","url":"https:\/\/transinfo.pl\/wp-content\/uploads\/2023\/09\/gamma-lodz.jpg","contentUrl":"https:\/\/transinfo.pl\/wp-content\/uploads\/2023\/09\/gamma-lodz.jpg"},{"@type":"BreadcrumbList","@id":"https:\/\/transinfo.pl\/x\/infotram\/21-lodzka-gamma-setna-modertransu-do-zobaczenia-na-targach-w-gdansku\/#breadcrumb","itemListElement":[{"@type":"ListItem","position":1,"name":"Home","item":"https:\/\/transinfo.pl\/x\/"},{"@type":"ListItem","position":2,"name":"Infotram","item":"https:\/\/transinfo.pl\/x\/infotram\/"},{"@type":"ListItem","position":3,"name":"21. \u0142\u00f3dzka Gamma, setna Modertransu; do zobaczenia na targach w Gda\u0144sku"}]},{"@type":"WebSite","@id":"https:\/\/transinfo.pl\/x\/#website","url":"https:\/\/transinfo.pl\/x\/","name":"TransInfo Archiwum","description":"Ca\u0142y transport w jednym miejscu","publisher":{"@id":"https:\/\/transinfo.pl\/x\/#organization"},"potentialAction":[{"@type":"SearchAction","target":{"@type":"EntryPoint","urlTemplate":"https:\/\/transinfo.pl\/x\/?s={search_term_string}"},"query-input":{"@type":"PropertyValueSpecification","valueRequired":true,"valueName":"search_term_string"}}],"inLanguage":"pl-PL"},{"@type":"Organization","@id":"https:\/\/transinfo.pl\/x\/#organization","name":"TransInfo","url":"https:\/\/transinfo.pl\/x\/","logo":{"@type":"ImageObject","inLanguage":"pl-PL","@id":"https:\/\/transinfo.pl\/x\/#\/schema\/logo\/image\/","url":"https:\/\/transinfo.pl\/x\/wp-content\/uploads\/2024\/10\/favicon.png","contentUrl":"https:\/\/transinfo.pl\/x\/wp-content\/uploads\/2024\/10\/favicon.png","width":512,"height":512,"caption":"TransInfo"},"image":{"@id":"https:\/\/transinfo.pl\/x\/#\/schema\/logo\/image\/"}}]}},"_links":{"self":[{"href":"https:\/\/transinfo.pl\/x\/wp-json\/wp\/v2\/infotram\/257147","targetHints":{"allow":["GET"]}}],"collection":[{"href":"https:\/\/transinfo.pl\/x\/wp-json\/wp\/v2\/infotram"}],"about":[{"href":"https:\/\/transinfo.pl\/x\/wp-json\/wp\/v2\/types\/infotram"}],"author":[{"embeddable":true,"href":"https:\/\/transinfo.pl\/x\/wp-json\/wp\/v2\/users\/3"}],"replies":[{"embeddable":true,"href":"https:\/\/transinfo.pl\/x\/wp-json\/wp\/v2\/comments?post=257147"}],"wp:attachment":[{"href":"https:\/\/transinfo.pl\/x\/wp-json\/wp\/v2\/media?parent=257147"}],"wp:term":[{"taxonomy":"category","embeddable":true,"href":"https:\/\/transinfo.pl\/x\/wp-json\/wp\/v2\/categories?post=257147"},{"taxonomy":"post_tag","embeddable":true,"href":"https:\/\/transinfo.pl\/x\/wp-json\/wp\/v2\/tags?post=257147"}],"curies":[{"name":"wp","href":"https:\/\/api.w.org\/{rel}","templated":true}]}}