{"id":256120,"date":"2023-08-05T16:45:00","date_gmt":"2023-08-05T16:45:00","guid":{"rendered":"https:\/\/transinfo.pl\/x\/infotram\/linia-turystyczna-ponownie-wyrusza-na-szczecinskie-ulice\/"},"modified":"2023-08-05T16:45:00","modified_gmt":"2023-08-05T16:45:00","slug":"linia-turystyczna-ponownie-wyrusza-na-szczecinskie-ulice","status":"publish","type":"infotram","link":"https:\/\/transinfo.pl\/x\/infotram\/linia-turystyczna-ponownie-wyrusza-na-szczecinskie-ulice\/","title":{"rendered":"Linia turystyczna ponownie wyrusza na szczeci\u0144skie ulice"},"content":{"rendered":"<style>h1,h2,h3,h4,h5,h6{margin:0 0 1.25rem;font-family:Arial,sans-serif;font-weight:600;color:#050505}h1{font-size:1.875rem;line-height:1.1em;text-transform:none}@media(min-width: 768px){h1{font-size:2.375rem}}h2{font-size:1.1875rem;line-height:1.2em;text-transform:uppercase}@media(min-width: 768px){h2{font-size:1.0625rem}}h3{font-size:0.9375rem;line-height:1.4em;font-weight:900;margin-bottom:0.9375rem}h4{font-size:0.875rem;line-height:1.2em;font-weight:500}h5{font-size:0.9375rem;line-height:1.6;font-weight:400}h6{font-size:0.9375rem;line-height:1.6;font-weight:600}\n<\/style>\n<h3 class=\"wp-block-heading\" id=\"h-w-niedziele-6-sierpnia-2023-roku-ulicami-szczecina-bedzie-kursowala-linia-turystyczna-0-obslugiwana-taborem-historycznym-przez-tramwaje-szczecinskie\">W niedziel\u0119 6 sierpnia 2023 roku ulicami Szczecina b\u0119dzie kursowa\u0142a linia turystyczna 0\u00a0obs\u0142ugiwana\u00a0taborem historycznym przez Tramwaje Szczeci\u0144skie. <\/h3>\n\n\n<style>p{margin:0 0 1.5rem}p:last-child{margin:0}p.is-style-uppercase{text-transform:uppercase}p.is-style-preheading{color:#12406a;text-transform:uppercase}p.is-style-leadparagraph{font-size:1rem;line-height:1.625;font-weight:700}@media(min-width: 768px){p.is-style-leadparagraph{font-size:1.125rem;line-height:1.5555555556}}p.has-small-margin{margin-bottom:0.625rem}p.has-small-margin+h1,p.has-small-margin+h2,p.has-small-margin+h3{margin-top:1.875rem}\n<\/style>\n<p>Obowi\u0105zuje na niej taryfa dla linii turystycznych, cena biletu normalnego 3,50 z\u0142, ulgowego 2,50 z\u0142. Sprzeda\u017c bilet\u00f3w odbywa si\u0119 bezpo\u015brednio w\u00a0pojazdach u konduktor\u00f3w. Linia kursuje wy\u0142\u0105cznie w wakacyjne niedziele do 27 sierpnia.<\/p>\n\n\n\n<h2 class=\"wp-block-heading\" id=\"h-trasa-przejazdu\">Trasa przejazdu<\/h2>\n\n\n\n<p>Trasa linii: Potulicka \u2013 Narutowicza \u2013 3 Maja \u2013 aleja Niepodleg\u0142o\u015bci \u2013 plac Brama Portowa \u2013 aleja Niepodleg\u0142o\u015bci \u2013 plac \u017bo\u0142nierza Polskiego \u2013 plac Ho\u0142du Pruskiego \u2013 Matejki \u2013 Malczewskiego \u2013 Parkowa \u2013 Dubois \u2013 Firlika \u2013 Antosiewicza \u2013 Nocznickiego \u2013 Firlika \u2013 \u0141ady \u2013 Jana z Kolna \u2013 Nabrze\u017ce Wieleckie \u2013 Wyszy\u0144skiego \u2013 plac Brama Portowa \u2013 plac Zwyci\u0119stwa \u2013 Krzywoustego \u2013 plac Ko\u015bciuszki \u2013 Krzywoustego \u2013 aleja Bohater\u00f3w Warszawy \u2013 Wawrzyniaka \u2013 aleja Wojska Polskiego \u2013 plac Szarych Szereg\u00f3w \u2013 Pi\u0142sudskiego \u2013 plac Odrodzenia \u2013 Pi\u0142sudskiego \u2013 plac Grunwaldzki \u2013 Pi\u0142sudskiego \u2013 plac Rod\u0142a \u2013 aleja Wyzwolenia \u2013 plac \u017bo\u0142nierza Polskiego \u2013 aleja Niepodleg\u0142o\u015bci \u2013 plac Brama Portowa \u2013 aleja Niepodleg\u0142o\u015bci \u2013 3 Maja \u2013 Narutowicza \u2013 Potulicka.<\/p>\n\n\n\n<p>Na linii obowi\u0105zuj\u0105 przystanki: Potulicka (tor rezerwowy), Brama Portowa, Plac \u017bo\u0142nierza Polskiego, Stocznia Szczeci\u0144ska, Wyszy\u0144skiego (10921), Brama Portowa, Plac Ko\u015bciuszki, Plac Ga\u0142czy\u0144skiego, Plac Szarych Szereg\u00f3w, Plac Grunwaldzki, Plac Rod\u0142a, Plac \u017bo\u0142nierza Polskiego, Brama Portowa, Potulicka.<\/p>\n\n\n\n<p>Godziny odjazdu z przystanku Potulicka: 14:02, 15:22, 16:42.<\/p>\n","protected":false},"author":3,"featured_media":0,"comment_status":"","ping_status":"closed","template":"","categories":[1],"tags":[36,191,860],"class_list":["post-256120","infotram","type-infotram","status-publish","hentry","category-kontrakty","tag-linia","tag-szczecin","tag-zabytek"],"acf":[],"yoast_head":"<!-- This site is optimized with the Yoast SEO Premium plugin v21.8 (Yoast SEO v23.7) - https:\/\/yoast.com\/wordpress\/plugins\/seo\/ -->\n<title>Linia turystyczna ponownie wyrusza na szczeci\u0144skie ulice - TransInfo Archiwum<\/title>\n<meta name=\"robots\" content=\"index, follow, max-snippet:-1, max-image-preview:large, max-video-preview:-1\" \/>\n<link rel=\"canonical\" href=\"https:\/\/transinfo.pl\/x\/infotram\/linia-turystyczna-ponownie-wyrusza-na-szczecinskie-ulice\/\" \/>\n<meta property=\"og:locale\" content=\"pl_PL\" \/>\n<meta property=\"og:type\" content=\"article\" \/>\n<meta property=\"og:title\" content=\"Linia turystyczna ponownie wyrusza na szczeci\u0144skie ulice\" \/>\n<meta property=\"og:description\" content=\"W niedziel\u0119 6 sierpnia 2023 roku ulicami Szczecina b\u0119dzie kursowa\u0142a linia turystyczna 0\u00a0obs\u0142ugiwana\u00a0taborem historycznym...\" \/>\n<meta property=\"og:url\" content=\"https:\/\/transinfo.pl\/x\/infotram\/linia-turystyczna-ponownie-wyrusza-na-szczecinskie-ulice\/\" \/>\n<meta property=\"og:site_name\" content=\"TransInfo Archiwum\" \/>\n<meta property=\"og:image\" content=\"http:\/\/default\" \/>\n<meta name=\"twitter:card\" content=\"summary_large_image\" \/>\n<meta name=\"twitter:label1\" content=\"Szacowany czas czytania\" \/>\n\t<meta name=\"twitter:data1\" content=\"1 minuta\" \/>\n<script type=\"application\/ld+json\" class=\"yoast-schema-graph\">{\"@context\":\"https:\/\/schema.org\",\"@graph\":[{\"@type\":\"WebPage\",\"@id\":\"https:\/\/transinfo.pl\/x\/infotram\/linia-turystyczna-ponownie-wyrusza-na-szczecinskie-ulice\/\",\"url\":\"https:\/\/transinfo.pl\/x\/infotram\/linia-turystyczna-ponownie-wyrusza-na-szczecinskie-ulice\/\",\"name\":\"Linia turystyczna ponownie wyrusza na szczeci\u0144skie ulice - TransInfo Archiwum\",\"isPartOf\":{\"@id\":\"https:\/\/transinfo.pl\/x\/#website\"},\"datePublished\":\"2023-08-05T16:45:00+00:00\",\"dateModified\":\"2023-08-05T16:45:00+00:00\",\"breadcrumb\":{\"@id\":\"https:\/\/transinfo.pl\/x\/infotram\/linia-turystyczna-ponownie-wyrusza-na-szczecinskie-ulice\/#breadcrumb\"},\"inLanguage\":\"pl-PL\",\"potentialAction\":[{\"@type\":\"ReadAction\",\"target\":[\"https:\/\/transinfo.pl\/x\/infotram\/linia-turystyczna-ponownie-wyrusza-na-szczecinskie-ulice\/\"]}]},{\"@type\":\"BreadcrumbList\",\"@id\":\"https:\/\/transinfo.pl\/x\/infotram\/linia-turystyczna-ponownie-wyrusza-na-szczecinskie-ulice\/#breadcrumb\",\"itemListElement\":[{\"@type\":\"ListItem\",\"position\":1,\"name\":\"Home\",\"item\":\"https:\/\/transinfo.pl\/x\/\"},{\"@type\":\"ListItem\",\"position\":2,\"name\":\"Infotram\",\"item\":\"https:\/\/transinfo.pl\/x\/infotram\/\"},{\"@type\":\"ListItem\",\"position\":3,\"name\":\"Linia turystyczna ponownie wyrusza na szczeci\u0144skie ulice\"}]},{\"@type\":\"WebSite\",\"@id\":\"https:\/\/transinfo.pl\/x\/#website\",\"url\":\"https:\/\/transinfo.pl\/x\/\",\"name\":\"TransInfo Archiwum\",\"description\":\"Ca\u0142y transport w jednym miejscu\",\"publisher\":{\"@id\":\"https:\/\/transinfo.pl\/x\/#organization\"},\"potentialAction\":[{\"@type\":\"SearchAction\",\"target\":{\"@type\":\"EntryPoint\",\"urlTemplate\":\"https:\/\/transinfo.pl\/x\/?s={search_term_string}\"},\"query-input\":{\"@type\":\"PropertyValueSpecification\",\"valueRequired\":true,\"valueName\":\"search_term_string\"}}],\"inLanguage\":\"pl-PL\"},{\"@type\":\"Organization\",\"@id\":\"https:\/\/transinfo.pl\/x\/#organization\",\"name\":\"TransInfo\",\"url\":\"https:\/\/transinfo.pl\/x\/\",\"logo\":{\"@type\":\"ImageObject\",\"inLanguage\":\"pl-PL\",\"@id\":\"https:\/\/transinfo.pl\/x\/#\/schema\/logo\/image\/\",\"url\":\"https:\/\/transinfo.pl\/x\/wp-content\/uploads\/2024\/10\/favicon.png\",\"contentUrl\":\"https:\/\/transinfo.pl\/x\/wp-content\/uploads\/2024\/10\/favicon.png\",\"width\":512,\"height\":512,\"caption\":\"TransInfo\"},\"image\":{\"@id\":\"https:\/\/transinfo.pl\/x\/#\/schema\/logo\/image\/\"}}]}<\/script>\n<!-- \/ Yoast SEO Premium plugin. -->","yoast_head_json":{"title":"Linia turystyczna ponownie wyrusza na szczeci\u0144skie ulice - TransInfo Archiwum","robots":{"index":"index","follow":"follow","max-snippet":"max-snippet:-1","max-image-preview":"max-image-preview:large","max-video-preview":"max-video-preview:-1"},"canonical":"https:\/\/transinfo.pl\/x\/infotram\/linia-turystyczna-ponownie-wyrusza-na-szczecinskie-ulice\/","og_locale":"pl_PL","og_type":"article","og_title":"Linia turystyczna ponownie wyrusza na szczeci\u0144skie ulice","og_description":"W niedziel\u0119 6 sierpnia 2023 roku ulicami Szczecina b\u0119dzie kursowa\u0142a linia turystyczna 0\u00a0obs\u0142ugiwana\u00a0taborem historycznym...","og_url":"https:\/\/transinfo.pl\/x\/infotram\/linia-turystyczna-ponownie-wyrusza-na-szczecinskie-ulice\/","og_site_name":"TransInfo Archiwum","og_image":[{"url":"default"}],"twitter_card":"summary_large_image","twitter_misc":{"Szacowany czas czytania":"1 minuta"},"schema":{"@context":"https:\/\/schema.org","@graph":[{"@type":"WebPage","@id":"https:\/\/transinfo.pl\/x\/infotram\/linia-turystyczna-ponownie-wyrusza-na-szczecinskie-ulice\/","url":"https:\/\/transinfo.pl\/x\/infotram\/linia-turystyczna-ponownie-wyrusza-na-szczecinskie-ulice\/","name":"Linia turystyczna ponownie wyrusza na szczeci\u0144skie ulice - TransInfo Archiwum","isPartOf":{"@id":"https:\/\/transinfo.pl\/x\/#website"},"datePublished":"2023-08-05T16:45:00+00:00","dateModified":"2023-08-05T16:45:00+00:00","breadcrumb":{"@id":"https:\/\/transinfo.pl\/x\/infotram\/linia-turystyczna-ponownie-wyrusza-na-szczecinskie-ulice\/#breadcrumb"},"inLanguage":"pl-PL","potentialAction":[{"@type":"ReadAction","target":["https:\/\/transinfo.pl\/x\/infotram\/linia-turystyczna-ponownie-wyrusza-na-szczecinskie-ulice\/"]}]},{"@type":"BreadcrumbList","@id":"https:\/\/transinfo.pl\/x\/infotram\/linia-turystyczna-ponownie-wyrusza-na-szczecinskie-ulice\/#breadcrumb","itemListElement":[{"@type":"ListItem","position":1,"name":"Home","item":"https:\/\/transinfo.pl\/x\/"},{"@type":"ListItem","position":2,"name":"Infotram","item":"https:\/\/transinfo.pl\/x\/infotram\/"},{"@type":"ListItem","position":3,"name":"Linia turystyczna ponownie wyrusza na szczeci\u0144skie ulice"}]},{"@type":"WebSite","@id":"https:\/\/transinfo.pl\/x\/#website","url":"https:\/\/transinfo.pl\/x\/","name":"TransInfo Archiwum","description":"Ca\u0142y transport w jednym miejscu","publisher":{"@id":"https:\/\/transinfo.pl\/x\/#organization"},"potentialAction":[{"@type":"SearchAction","target":{"@type":"EntryPoint","urlTemplate":"https:\/\/transinfo.pl\/x\/?s={search_term_string}"},"query-input":{"@type":"PropertyValueSpecification","valueRequired":true,"valueName":"search_term_string"}}],"inLanguage":"pl-PL"},{"@type":"Organization","@id":"https:\/\/transinfo.pl\/x\/#organization","name":"TransInfo","url":"https:\/\/transinfo.pl\/x\/","logo":{"@type":"ImageObject","inLanguage":"pl-PL","@id":"https:\/\/transinfo.pl\/x\/#\/schema\/logo\/image\/","url":"https:\/\/transinfo.pl\/x\/wp-content\/uploads\/2024\/10\/favicon.png","contentUrl":"https:\/\/transinfo.pl\/x\/wp-content\/uploads\/2024\/10\/favicon.png","width":512,"height":512,"caption":"TransInfo"},"image":{"@id":"https:\/\/transinfo.pl\/x\/#\/schema\/logo\/image\/"}}]}},"_links":{"self":[{"href":"https:\/\/transinfo.pl\/x\/wp-json\/wp\/v2\/infotram\/256120","targetHints":{"allow":["GET"]}}],"collection":[{"href":"https:\/\/transinfo.pl\/x\/wp-json\/wp\/v2\/infotram"}],"about":[{"href":"https:\/\/transinfo.pl\/x\/wp-json\/wp\/v2\/types\/infotram"}],"author":[{"embeddable":true,"href":"https:\/\/transinfo.pl\/x\/wp-json\/wp\/v2\/users\/3"}],"replies":[{"embeddable":true,"href":"https:\/\/transinfo.pl\/x\/wp-json\/wp\/v2\/comments?post=256120"}],"wp:attachment":[{"href":"https:\/\/transinfo.pl\/x\/wp-json\/wp\/v2\/media?parent=256120"}],"wp:term":[{"taxonomy":"category","embeddable":true,"href":"https:\/\/transinfo.pl\/x\/wp-json\/wp\/v2\/categories?post=256120"},{"taxonomy":"post_tag","embeddable":true,"href":"https:\/\/transinfo.pl\/x\/wp-json\/wp\/v2\/tags?post=256120"}],"curies":[{"name":"wp","href":"https:\/\/api.w.org\/{rel}","templated":true}]}}