{"id":252184,"date":"2023-04-14T12:15:00","date_gmt":"2023-04-14T12:15:00","guid":{"rendered":"https:\/\/transinfo.pl\/x\/infotram\/motorniczy-z-zarzutami-po-wypadku-na-jagiellonskiej-w-warszawie-zginal-chlopiec\/"},"modified":"2023-04-14T12:15:00","modified_gmt":"2023-04-14T12:15:00","slug":"motorniczy-z-zarzutami-po-wypadku-na-jagiellonskiej-w-warszawie-zginal-chlopiec","status":"publish","type":"infotram","link":"https:\/\/transinfo.pl\/x\/infotram\/motorniczy-z-zarzutami-po-wypadku-na-jagiellonskiej-w-warszawie-zginal-chlopiec\/","title":{"rendered":"Motorniczy z zarzutami po wypadku na Jagiello\u0144skiej w Warszawie; zgin\u0105\u0142 ch\u0142opiec \u00a0"},"content":{"rendered":"<style>h1,h2,h3,h4,h5,h6{margin:0 0 1.25rem;font-family:Arial,sans-serif;font-weight:600;color:#050505}h1{font-size:1.875rem;line-height:1.1em;text-transform:none}@media(min-width: 768px){h1{font-size:2.375rem}}h2{font-size:1.1875rem;line-height:1.2em;text-transform:uppercase}@media(min-width: 768px){h2{font-size:1.0625rem}}h3{font-size:0.9375rem;line-height:1.4em;font-weight:900;margin-bottom:0.9375rem}h4{font-size:0.875rem;line-height:1.2em;font-weight:500}h5{font-size:0.9375rem;line-height:1.6;font-weight:400}h6{font-size:0.9375rem;line-height:1.6;font-weight:600}\n<\/style>\n<h3 class=\"wp-block-heading\">Motorniczy tramwaju, pod kt\u00f3rym zgin\u0105\u0142 ch\u0142opiec us\u0142ysza\u0142 zarzut umy\u015blnego naruszenia zasad bezpiecze\u0144stwa w ruchu l\u0105dowym i przepis\u00f3w Instrukcji dla pracownik\u00f3w Tramwaj\u00f3w Warszawskich oraz nieumy\u015blne spowodowanie wypadku ze skutkiem \u015bmiertelnym.<\/h3>\n\n\n<style>p{margin:0 0 1.5rem}p:last-child{margin:0}p.is-style-uppercase{text-transform:uppercase}p.is-style-preheading{color:#12406a;text-transform:uppercase}p.is-style-leadparagraph{font-size:1rem;line-height:1.625;font-weight:700}@media(min-width: 768px){p.is-style-leadparagraph{font-size:1.125rem;line-height:1.5555555556}}p.has-small-margin{margin-bottom:0.625rem}p.has-small-margin+h1,p.has-small-margin+h2,p.has-small-margin+h3{margin-top:1.875rem}\n<\/style>\n<p>Takie informacje przekaza\u0142a PAP rzecznik Prokuratury Okr\u0119gowej Warszawa-Praga prok. Katarzyna Skrzeczkowska.<\/p>\n\n\n\n<h2 class=\"wp-block-heading\">Wypadek<\/h2>\n\n\n<style>.wp-block-quote{border-left:0.1875rem solid var(--page-color);font-size:1rem;font-style:italic;margin:0 0 1.6875rem;padding:1.25rem}.wp-block-quote cite{color:#050505}.wp-block-quote.is-style-large p{margin-bottom:10px}.wp-block-quote.is-style-large cite{color:#12406a}\n<\/style>\n<blockquote class=\"wp-block-quote is-layout-flow wp-block-quote-is-layout-flow\"><p>&#8222;13 kwietnia w Prokuraturze Rejonowej Praga P\u00f3\u0142noc przedstawiono kieruj\u0105cemu tramwajem m\u0119\u017cczy\u017anie zarzut z art. 177 par. 2 kk (wypadek komunikacyjny &#8211; PAP). Zarzucono mu umy\u015blne naruszenie zasad bezpiecze\u0144stwa w ruchu l\u0105dowym i przepis\u00f3w Instrukcji dla pracownik\u00f3w Tramwaj\u00f3w Warszawskich i nieumy\u015blne spowodowanie wypadku ze skutkiem \u015bmiertelnym&#8221; &#8211; poda\u0142a prokurator.<\/p><\/blockquote>\n\n\n\n<p>Wed\u0142ug ustale\u0144 \u015bledczych, m\u0119\u017cczyzna w trakcie jazdy korzysta\u0142 z telefonu i s\u0142uchawek. &#8222;Nieprawid\u0142owo obserwowa\u0142 zdarzenia zachodz\u0105ce w obr\u0119bie ostatnich drzwi, a po zamkni\u0119ciu drzwi nie upewni\u0142 si\u0119 czy ruszenie z przystanku nie spowoduje zagro\u017cenia dla pasa\u017cer\u00f3w wysiadaj\u0105cych i znajduj\u0105cych si\u0119 na przystanku&#8221; &#8211; wyja\u015bni\u0142a Skrzeczkowska. &#8222;Na ocen\u0119 sytuacji wok\u00f3\u0142 tramwaju po\u015bwieci\u0142 zbyt ma\u0142o czasu&#8221; &#8211; doda\u0142a.<\/p>\n\n\n\n<p>Podejrzany nie przyzna\u0142 si\u0119 i odm\u00f3wi\u0142 sk\u0142adania wyja\u015bnie\u0144.<\/p>\n\n\n\n<p>Do tragedii dosz\u0142o w po\u0142owie sierpnia na linii 18 na ul. Jagiello\u0144skiej przy przystanku Batalionu &#8222;Plater\u00f3wek&#8221;. Uczestniczy\u0142 w nim tramwaj starego typu &#8211; Konstal 105Na &#8211; jad\u0105cy w kierunku p\u0119tli \u017bera\u0144 FSO. 4-letnie dziecko zosta\u0142o poci\u0105gni\u0119te przez tramwaj wzd\u0142u\u017c torowiska. Prawdopodobnie zosta\u0142o przytrza\u015bni\u0119te drzwiami. Ch\u0142opiec zmar\u0142.<\/p>\n\n\n\n<p>Do tragedii dosz\u0142o w momencie, kiedy dziecko wysiada\u0142o razem z babci\u0105 z ostatniego wagonu.<\/p>\n\n\n\n<p>Motorniczy ma za sob\u0105 14 lat do\u015bwiadczenia w pracy. (PAP)<\/p>\n","protected":false},"author":3,"featured_media":0,"comment_status":"","ping_status":"closed","template":"","categories":[24],"tags":[883,837,84,375],"class_list":["post-252184","infotram","type-infotram","status-publish","hentry","category-prawo","tag-motorniczy","tag-tramwaje-warszawskie","tag-warszawa","tag-wypadek"],"acf":[],"yoast_head":"<!-- This site is optimized with the Yoast SEO Premium plugin v21.8 (Yoast SEO v23.7) - https:\/\/yoast.com\/wordpress\/plugins\/seo\/ -->\n<title>Motorniczy z zarzutami po wypadku na Jagiello\u0144skiej w Warszawie; zgin\u0105\u0142 ch\u0142opiec \u00a0 - TransInfo Archiwum<\/title>\n<meta name=\"description\" content=\"Motorniczy tramwaju, pod kt\u00f3rym zgin\u0105\u0142 ch\u0142opiec us\u0142ysza\u0142 zarzut umy\u015blnego naruszenia zasad bezpiecze\u0144stwa w ruchu l\u0105dowym.\" \/>\n<meta name=\"robots\" content=\"index, follow, max-snippet:-1, max-image-preview:large, max-video-preview:-1\" \/>\n<link rel=\"canonical\" href=\"https:\/\/transinfo.pl\/x\/infotram\/motorniczy-z-zarzutami-po-wypadku-na-jagiellonskiej-w-warszawie-zginal-chlopiec\/\" \/>\n<meta property=\"og:locale\" content=\"pl_PL\" \/>\n<meta property=\"og:type\" content=\"article\" \/>\n<meta property=\"og:title\" content=\"Motorniczy z zarzutami po wypadku na Jagiello\u0144skiej w Warszawie; zgin\u0105\u0142 ch\u0142opiec \u00a0\" \/>\n<meta property=\"og:description\" content=\"Motorniczy tramwaju, pod kt\u00f3rym zgin\u0105\u0142 ch\u0142opiec us\u0142ysza\u0142 zarzut umy\u015blnego naruszenia zasad bezpiecze\u0144stwa w ruchu l\u0105dowym.\" \/>\n<meta property=\"og:url\" content=\"https:\/\/transinfo.pl\/x\/infotram\/motorniczy-z-zarzutami-po-wypadku-na-jagiellonskiej-w-warszawie-zginal-chlopiec\/\" \/>\n<meta property=\"og:site_name\" content=\"TransInfo Archiwum\" \/>\n<meta property=\"og:image\" content=\"http:\/\/default\" \/>\n<meta name=\"twitter:card\" content=\"summary_large_image\" \/>\n<meta name=\"twitter:label1\" content=\"Szacowany czas czytania\" \/>\n\t<meta name=\"twitter:data1\" content=\"1 minuta\" \/>\n<script type=\"application\/ld+json\" class=\"yoast-schema-graph\">{\"@context\":\"https:\/\/schema.org\",\"@graph\":[{\"@type\":\"WebPage\",\"@id\":\"https:\/\/transinfo.pl\/x\/infotram\/motorniczy-z-zarzutami-po-wypadku-na-jagiellonskiej-w-warszawie-zginal-chlopiec\/\",\"url\":\"https:\/\/transinfo.pl\/x\/infotram\/motorniczy-z-zarzutami-po-wypadku-na-jagiellonskiej-w-warszawie-zginal-chlopiec\/\",\"name\":\"Motorniczy z zarzutami po wypadku na Jagiello\u0144skiej w Warszawie; zgin\u0105\u0142 ch\u0142opiec \u00a0 - TransInfo Archiwum\",\"isPartOf\":{\"@id\":\"https:\/\/transinfo.pl\/x\/#website\"},\"datePublished\":\"2023-04-14T12:15:00+00:00\",\"dateModified\":\"2023-04-14T12:15:00+00:00\",\"description\":\"Motorniczy tramwaju, pod kt\u00f3rym zgin\u0105\u0142 ch\u0142opiec us\u0142ysza\u0142 zarzut umy\u015blnego naruszenia zasad bezpiecze\u0144stwa w ruchu l\u0105dowym.\",\"breadcrumb\":{\"@id\":\"https:\/\/transinfo.pl\/x\/infotram\/motorniczy-z-zarzutami-po-wypadku-na-jagiellonskiej-w-warszawie-zginal-chlopiec\/#breadcrumb\"},\"inLanguage\":\"pl-PL\",\"potentialAction\":[{\"@type\":\"ReadAction\",\"target\":[\"https:\/\/transinfo.pl\/x\/infotram\/motorniczy-z-zarzutami-po-wypadku-na-jagiellonskiej-w-warszawie-zginal-chlopiec\/\"]}]},{\"@type\":\"BreadcrumbList\",\"@id\":\"https:\/\/transinfo.pl\/x\/infotram\/motorniczy-z-zarzutami-po-wypadku-na-jagiellonskiej-w-warszawie-zginal-chlopiec\/#breadcrumb\",\"itemListElement\":[{\"@type\":\"ListItem\",\"position\":1,\"name\":\"Home\",\"item\":\"https:\/\/transinfo.pl\/x\/\"},{\"@type\":\"ListItem\",\"position\":2,\"name\":\"Infotram\",\"item\":\"https:\/\/transinfo.pl\/x\/infotram\/\"},{\"@type\":\"ListItem\",\"position\":3,\"name\":\"Motorniczy z zarzutami po wypadku na Jagiello\u0144skiej w Warszawie; zgin\u0105\u0142 ch\u0142opiec \u00a0\"}]},{\"@type\":\"WebSite\",\"@id\":\"https:\/\/transinfo.pl\/x\/#website\",\"url\":\"https:\/\/transinfo.pl\/x\/\",\"name\":\"TransInfo Archiwum\",\"description\":\"Ca\u0142y transport w jednym miejscu\",\"publisher\":{\"@id\":\"https:\/\/transinfo.pl\/x\/#organization\"},\"potentialAction\":[{\"@type\":\"SearchAction\",\"target\":{\"@type\":\"EntryPoint\",\"urlTemplate\":\"https:\/\/transinfo.pl\/x\/?s={search_term_string}\"},\"query-input\":{\"@type\":\"PropertyValueSpecification\",\"valueRequired\":true,\"valueName\":\"search_term_string\"}}],\"inLanguage\":\"pl-PL\"},{\"@type\":\"Organization\",\"@id\":\"https:\/\/transinfo.pl\/x\/#organization\",\"name\":\"TransInfo\",\"url\":\"https:\/\/transinfo.pl\/x\/\",\"logo\":{\"@type\":\"ImageObject\",\"inLanguage\":\"pl-PL\",\"@id\":\"https:\/\/transinfo.pl\/x\/#\/schema\/logo\/image\/\",\"url\":\"https:\/\/transinfo.pl\/x\/wp-content\/uploads\/2024\/10\/favicon.png\",\"contentUrl\":\"https:\/\/transinfo.pl\/x\/wp-content\/uploads\/2024\/10\/favicon.png\",\"width\":512,\"height\":512,\"caption\":\"TransInfo\"},\"image\":{\"@id\":\"https:\/\/transinfo.pl\/x\/#\/schema\/logo\/image\/\"}}]}<\/script>\n<!-- \/ Yoast SEO Premium plugin. -->","yoast_head_json":{"title":"Motorniczy z zarzutami po wypadku na Jagiello\u0144skiej w Warszawie; zgin\u0105\u0142 ch\u0142opiec \u00a0 - TransInfo Archiwum","description":"Motorniczy tramwaju, pod kt\u00f3rym zgin\u0105\u0142 ch\u0142opiec us\u0142ysza\u0142 zarzut umy\u015blnego naruszenia zasad bezpiecze\u0144stwa w ruchu l\u0105dowym.","robots":{"index":"index","follow":"follow","max-snippet":"max-snippet:-1","max-image-preview":"max-image-preview:large","max-video-preview":"max-video-preview:-1"},"canonical":"https:\/\/transinfo.pl\/x\/infotram\/motorniczy-z-zarzutami-po-wypadku-na-jagiellonskiej-w-warszawie-zginal-chlopiec\/","og_locale":"pl_PL","og_type":"article","og_title":"Motorniczy z zarzutami po wypadku na Jagiello\u0144skiej w Warszawie; zgin\u0105\u0142 ch\u0142opiec \u00a0","og_description":"Motorniczy tramwaju, pod kt\u00f3rym zgin\u0105\u0142 ch\u0142opiec us\u0142ysza\u0142 zarzut umy\u015blnego naruszenia zasad bezpiecze\u0144stwa w ruchu l\u0105dowym.","og_url":"https:\/\/transinfo.pl\/x\/infotram\/motorniczy-z-zarzutami-po-wypadku-na-jagiellonskiej-w-warszawie-zginal-chlopiec\/","og_site_name":"TransInfo Archiwum","og_image":[{"url":"default"}],"twitter_card":"summary_large_image","twitter_misc":{"Szacowany czas czytania":"1 minuta"},"schema":{"@context":"https:\/\/schema.org","@graph":[{"@type":"WebPage","@id":"https:\/\/transinfo.pl\/x\/infotram\/motorniczy-z-zarzutami-po-wypadku-na-jagiellonskiej-w-warszawie-zginal-chlopiec\/","url":"https:\/\/transinfo.pl\/x\/infotram\/motorniczy-z-zarzutami-po-wypadku-na-jagiellonskiej-w-warszawie-zginal-chlopiec\/","name":"Motorniczy z zarzutami po wypadku na Jagiello\u0144skiej w Warszawie; zgin\u0105\u0142 ch\u0142opiec \u00a0 - TransInfo Archiwum","isPartOf":{"@id":"https:\/\/transinfo.pl\/x\/#website"},"datePublished":"2023-04-14T12:15:00+00:00","dateModified":"2023-04-14T12:15:00+00:00","description":"Motorniczy tramwaju, pod kt\u00f3rym zgin\u0105\u0142 ch\u0142opiec us\u0142ysza\u0142 zarzut umy\u015blnego naruszenia zasad bezpiecze\u0144stwa w ruchu l\u0105dowym.","breadcrumb":{"@id":"https:\/\/transinfo.pl\/x\/infotram\/motorniczy-z-zarzutami-po-wypadku-na-jagiellonskiej-w-warszawie-zginal-chlopiec\/#breadcrumb"},"inLanguage":"pl-PL","potentialAction":[{"@type":"ReadAction","target":["https:\/\/transinfo.pl\/x\/infotram\/motorniczy-z-zarzutami-po-wypadku-na-jagiellonskiej-w-warszawie-zginal-chlopiec\/"]}]},{"@type":"BreadcrumbList","@id":"https:\/\/transinfo.pl\/x\/infotram\/motorniczy-z-zarzutami-po-wypadku-na-jagiellonskiej-w-warszawie-zginal-chlopiec\/#breadcrumb","itemListElement":[{"@type":"ListItem","position":1,"name":"Home","item":"https:\/\/transinfo.pl\/x\/"},{"@type":"ListItem","position":2,"name":"Infotram","item":"https:\/\/transinfo.pl\/x\/infotram\/"},{"@type":"ListItem","position":3,"name":"Motorniczy z zarzutami po wypadku na Jagiello\u0144skiej w Warszawie; zgin\u0105\u0142 ch\u0142opiec \u00a0"}]},{"@type":"WebSite","@id":"https:\/\/transinfo.pl\/x\/#website","url":"https:\/\/transinfo.pl\/x\/","name":"TransInfo Archiwum","description":"Ca\u0142y transport w jednym miejscu","publisher":{"@id":"https:\/\/transinfo.pl\/x\/#organization"},"potentialAction":[{"@type":"SearchAction","target":{"@type":"EntryPoint","urlTemplate":"https:\/\/transinfo.pl\/x\/?s={search_term_string}"},"query-input":{"@type":"PropertyValueSpecification","valueRequired":true,"valueName":"search_term_string"}}],"inLanguage":"pl-PL"},{"@type":"Organization","@id":"https:\/\/transinfo.pl\/x\/#organization","name":"TransInfo","url":"https:\/\/transinfo.pl\/x\/","logo":{"@type":"ImageObject","inLanguage":"pl-PL","@id":"https:\/\/transinfo.pl\/x\/#\/schema\/logo\/image\/","url":"https:\/\/transinfo.pl\/x\/wp-content\/uploads\/2024\/10\/favicon.png","contentUrl":"https:\/\/transinfo.pl\/x\/wp-content\/uploads\/2024\/10\/favicon.png","width":512,"height":512,"caption":"TransInfo"},"image":{"@id":"https:\/\/transinfo.pl\/x\/#\/schema\/logo\/image\/"}}]}},"_links":{"self":[{"href":"https:\/\/transinfo.pl\/x\/wp-json\/wp\/v2\/infotram\/252184","targetHints":{"allow":["GET"]}}],"collection":[{"href":"https:\/\/transinfo.pl\/x\/wp-json\/wp\/v2\/infotram"}],"about":[{"href":"https:\/\/transinfo.pl\/x\/wp-json\/wp\/v2\/types\/infotram"}],"author":[{"embeddable":true,"href":"https:\/\/transinfo.pl\/x\/wp-json\/wp\/v2\/users\/3"}],"replies":[{"embeddable":true,"href":"https:\/\/transinfo.pl\/x\/wp-json\/wp\/v2\/comments?post=252184"}],"wp:attachment":[{"href":"https:\/\/transinfo.pl\/x\/wp-json\/wp\/v2\/media?parent=252184"}],"wp:term":[{"taxonomy":"category","embeddable":true,"href":"https:\/\/transinfo.pl\/x\/wp-json\/wp\/v2\/categories?post=252184"},{"taxonomy":"post_tag","embeddable":true,"href":"https:\/\/transinfo.pl\/x\/wp-json\/wp\/v2\/tags?post=252184"}],"curies":[{"name":"wp","href":"https:\/\/api.w.org\/{rel}","templated":true}]}}