{"id":24642,"date":"2008-12-18T13:53:46","date_gmt":"2008-12-18T13:53:46","guid":{"rendered":"https:\/\/transinfo.pl\/x\/?post_type=infotram&#038;p=24642"},"modified":"2025-01-18T14:00:45","modified_gmt":"2025-01-18T13:00:45","slug":"budapeszt-rzad-popiera-pomysl-bkv-przekazania-w-rece-mav-start-kolei-bhev","status":"publish","type":"infotram","link":"https:\/\/transinfo.pl\/x\/infotram\/budapeszt-rzad-popiera-pomysl-bkv-przekazania-w-rece-mav-start-kolei-bhev\/","title":{"rendered":"Budapeszt: Rz\u0105d popiera pomys\u0142 BKV przekazania w r\u0119ce M\u00c1V Start kolei BH\u00c9V"},"content":{"rendered":"<p>Wed\u0142ug informacji gazety N&eacute;pszabads&aacute;g oraz telewizji Echo TV i agencji H&iacute;r Extra, rz\u0105d w\u0119gierski popiera pomys\u0142 budapeszte\u0144skich zak\u0142ad&oacute;w Komuniakcyjnych Budapesti K&ouml;zleked&eacute;si V&aacute;llalat (BKV) przekazania w r\u0119ce kolei pasa\u017cerskich M&Aacute;V Start ponad 100 &#8211; kilometrowej sieci kolei dojazdowych Budapesti Helyi&eacute;rdek\u0171 Vas&uacute;t (BH&Eacute;V). Problem jest tylko jeden: magistrat Budapesztu podobno s\u0142ysze\u0107 nie chce o tym, obawiaj\u0105c si\u0119 o to, \u017ce rz\u0105d jeszcze bardziej okroi dotacje dla BKV powo\u0142uj\u0105c si\u0119 na przekazaie podbudapeszte\u0144kich linii osobie trzeciej. Wielu czo\u0142owych kierownik&oacute;w stolicy ju\u017c zamierza wnie\u015b\u0107 do Parlamentu kolejny projekt ustawy o zwi\u0119kszeniu dotacji dla BKV chocia\u017cby cen\u0105 odj\u0119cia jej od M&Aacute;V. Wed\u0142ug nadburmistrza G&aacute;bora Demszkyego, &bdquo;jedynie na liniach tramwajowych 4 i 6 oraz wszystkich liniach metra przewozi si\u0119 tyle pasa\u017cer&oacute;w, co M&Aacute;V i firmy autobusowe Vol&aacute;n razem wzi\u0119te na terenie ca\u0142ego kraju! Dlatego stolica \u017c\u0105da dodatkowej subwencji dla BKV w ilo\u015bci 18,5 miliard&oacute;w forint&oacute;w. <br \/>Prawdopodobnie razem z przekazaniem kolei BH&Eacute;V w r\u0119ce M&Aacute;V Start, szybka kolej miejska BH&Eacute;V na wysp\u0119 Csepel r&oacute;wnie\u017c trafi do M&Aacute;V, chyba \u017ce BKV przemianuje j\u0105 na lini\u0119 tramwajow\u0105 i oznaczy numerem. Linia ta \u0142\u0105czy plac Bor&aacute;ros przy mo\u015bcie Pet\u0151fiego z ulic\u0105 Poszt&oacute;gy&aacute;r utca w centrum dzielnicy XXI (Csepel). W dalszych planach linia ta zostanie jednak przed\u0142u\u017cona do stacji kolei BH&Eacute;V Szigetszentmikl&oacute;s na 40 &#8211; kilometrowej linii BH&Eacute;V nr 252 (Budapeszt-K&ouml;zv&aacute;g&oacute;h&iacute;d &#8211; R&aacute;ckeve). BKV najp&oacute;\u017aniej do 1. stycznia 2010 chce pozby\u0107 si\u0119 linii BH&Eacute;V. <br \/>Sto\u0142eczni politycy pomys\u0142 ten pi\u0119tnuj\u0105 r&oacute;wnie\u017c z tego wzgl\u0119du, \u017ce BKV dzia\u0142a wielokrotnie lepiej od M&Aacute;V i je\u017celi dojdzie do pozbycia si\u0119 podsto\u0142ecznych linii, mo\u017ce to doprowadzi\u0107 do dalszego pogorszenia si\u0119 podsto\u0142ecznych przewoz&oacute;w i przez to zalania sto\u0142ecznych ulic samochodami. A przecie\u017c do ko\u0144ca drugiej wojny \u015bwiatowej takie dzielnice jak: Csepel, R&aacute;kospalota, &Uacute;jpest, Kispest, K\u0151b&aacute;nya, Pestszentl\u0151rinc, R&aacute;kosszentmih&aacute;ly, czy Pestszenterzs&eacute;bet posiada\u0142y po kilka linii tramwajowych czy BH&Eacute;V \u0142\u0105cz\u0105cych je ze stolic\u0105, z kt&oacute;rych wiele niepotrzebnie skasowano. Od tego czasu nie zbudowano ani jednego kilometra podmiejskich linii tramwajowych i BH&Eacute;V &#8211; oponuj\u0105 zwolennicy projektu. <\/p>\n","protected":false},"author":2,"featured_media":0,"comment_status":"closed","ping_status":"closed","template":"","categories":[26],"tags":[9799,1193,632,5401,513],"class_list":["post-24642","infotram","type-infotram","status-publish","hentry","category-przewoznicy","tag-bhev","tag-bkv","tag-budapeszt","tag-mav-start","tag-wegry"],"acf":[],"yoast_head":"<!-- This site is optimized with the Yoast SEO Premium plugin v21.8 (Yoast SEO v23.7) - https:\/\/yoast.com\/wordpress\/plugins\/seo\/ -->\n<title>Budapeszt: Rz\u0105d popiera pomys\u0142 BKV przekazania w r\u0119ce M\u00c1V Start kolei BH\u00c9V - TransInfo Archiwum<\/title>\n<meta name=\"robots\" content=\"index, follow, max-snippet:-1, max-image-preview:large, max-video-preview:-1\" \/>\n<link rel=\"canonical\" href=\"https:\/\/transinfo.pl\/x\/infotram\/budapeszt-rzad-popiera-pomysl-bkv-przekazania-w-rece-mav-start-kolei-bhev\/\" \/>\n<meta property=\"og:locale\" content=\"pl_PL\" \/>\n<meta property=\"og:type\" content=\"article\" \/>\n<meta property=\"og:title\" content=\"Budapeszt: Rz\u0105d popiera pomys\u0142 BKV przekazania w r\u0119ce M\u00c1V Start kolei BH\u00c9V\" \/>\n<meta property=\"og:description\" content=\"Wed\u0142ug informacji gazety N&eacute;pszabads&aacute;g oraz telewizji Echo TV i agencji H&iacute;r Extra, rz\u0105d w\u0119gierski...\" \/>\n<meta property=\"og:url\" content=\"https:\/\/transinfo.pl\/x\/infotram\/budapeszt-rzad-popiera-pomysl-bkv-przekazania-w-rece-mav-start-kolei-bhev\/\" \/>\n<meta property=\"og:site_name\" content=\"TransInfo Archiwum\" \/>\n<meta property=\"article:modified_time\" content=\"2025-01-18T13:00:45+00:00\" \/>\n<meta property=\"og:image\" content=\"http:\/\/default\" \/>\n<meta name=\"twitter:card\" content=\"summary_large_image\" \/>\n<meta name=\"twitter:label1\" content=\"Szacowany czas czytania\" \/>\n\t<meta name=\"twitter:data1\" content=\"2 minuty\" \/>\n<script type=\"application\/ld+json\" class=\"yoast-schema-graph\">{\"@context\":\"https:\/\/schema.org\",\"@graph\":[{\"@type\":\"WebPage\",\"@id\":\"https:\/\/transinfo.pl\/x\/infotram\/budapeszt-rzad-popiera-pomysl-bkv-przekazania-w-rece-mav-start-kolei-bhev\/\",\"url\":\"https:\/\/transinfo.pl\/x\/infotram\/budapeszt-rzad-popiera-pomysl-bkv-przekazania-w-rece-mav-start-kolei-bhev\/\",\"name\":\"Budapeszt: Rz\u0105d popiera pomys\u0142 BKV przekazania w r\u0119ce M\u00c1V Start kolei BH\u00c9V - TransInfo Archiwum\",\"isPartOf\":{\"@id\":\"https:\/\/transinfo.pl\/x\/#website\"},\"datePublished\":\"2008-12-18T13:53:46+00:00\",\"dateModified\":\"2025-01-18T13:00:45+00:00\",\"breadcrumb\":{\"@id\":\"https:\/\/transinfo.pl\/x\/infotram\/budapeszt-rzad-popiera-pomysl-bkv-przekazania-w-rece-mav-start-kolei-bhev\/#breadcrumb\"},\"inLanguage\":\"pl-PL\",\"potentialAction\":[{\"@type\":\"ReadAction\",\"target\":[\"https:\/\/transinfo.pl\/x\/infotram\/budapeszt-rzad-popiera-pomysl-bkv-przekazania-w-rece-mav-start-kolei-bhev\/\"]}]},{\"@type\":\"BreadcrumbList\",\"@id\":\"https:\/\/transinfo.pl\/x\/infotram\/budapeszt-rzad-popiera-pomysl-bkv-przekazania-w-rece-mav-start-kolei-bhev\/#breadcrumb\",\"itemListElement\":[{\"@type\":\"ListItem\",\"position\":1,\"name\":\"Home\",\"item\":\"https:\/\/transinfo.pl\/x\/\"},{\"@type\":\"ListItem\",\"position\":2,\"name\":\"Infotram\",\"item\":\"https:\/\/transinfo.pl\/x\/infotram\/\"},{\"@type\":\"ListItem\",\"position\":3,\"name\":\"Budapeszt: Rz\u0105d popiera pomys\u0142 BKV przekazania w r\u0119ce M\u00c1V Start kolei BH\u00c9V\"}]},{\"@type\":\"WebSite\",\"@id\":\"https:\/\/transinfo.pl\/x\/#website\",\"url\":\"https:\/\/transinfo.pl\/x\/\",\"name\":\"TransInfo Archiwum\",\"description\":\"Ca\u0142y transport w jednym miejscu\",\"publisher\":{\"@id\":\"https:\/\/transinfo.pl\/x\/#organization\"},\"potentialAction\":[{\"@type\":\"SearchAction\",\"target\":{\"@type\":\"EntryPoint\",\"urlTemplate\":\"https:\/\/transinfo.pl\/x\/?s={search_term_string}\"},\"query-input\":{\"@type\":\"PropertyValueSpecification\",\"valueRequired\":true,\"valueName\":\"search_term_string\"}}],\"inLanguage\":\"pl-PL\"},{\"@type\":\"Organization\",\"@id\":\"https:\/\/transinfo.pl\/x\/#organization\",\"name\":\"TransInfo\",\"url\":\"https:\/\/transinfo.pl\/x\/\",\"logo\":{\"@type\":\"ImageObject\",\"inLanguage\":\"pl-PL\",\"@id\":\"https:\/\/transinfo.pl\/x\/#\/schema\/logo\/image\/\",\"url\":\"https:\/\/transinfo.pl\/x\/wp-content\/uploads\/2024\/10\/favicon.png\",\"contentUrl\":\"https:\/\/transinfo.pl\/x\/wp-content\/uploads\/2024\/10\/favicon.png\",\"width\":512,\"height\":512,\"caption\":\"TransInfo\"},\"image\":{\"@id\":\"https:\/\/transinfo.pl\/x\/#\/schema\/logo\/image\/\"}}]}<\/script>\n<!-- \/ Yoast SEO Premium plugin. -->","yoast_head_json":{"title":"Budapeszt: Rz\u0105d popiera pomys\u0142 BKV przekazania w r\u0119ce M\u00c1V Start kolei BH\u00c9V - TransInfo Archiwum","robots":{"index":"index","follow":"follow","max-snippet":"max-snippet:-1","max-image-preview":"max-image-preview:large","max-video-preview":"max-video-preview:-1"},"canonical":"https:\/\/transinfo.pl\/x\/infotram\/budapeszt-rzad-popiera-pomysl-bkv-przekazania-w-rece-mav-start-kolei-bhev\/","og_locale":"pl_PL","og_type":"article","og_title":"Budapeszt: Rz\u0105d popiera pomys\u0142 BKV przekazania w r\u0119ce M\u00c1V Start kolei BH\u00c9V","og_description":"Wed\u0142ug informacji gazety N&eacute;pszabads&aacute;g oraz telewizji Echo TV i agencji H&iacute;r Extra, rz\u0105d w\u0119gierski...","og_url":"https:\/\/transinfo.pl\/x\/infotram\/budapeszt-rzad-popiera-pomysl-bkv-przekazania-w-rece-mav-start-kolei-bhev\/","og_site_name":"TransInfo Archiwum","article_modified_time":"2025-01-18T13:00:45+00:00","og_image":[{"url":"default"}],"twitter_card":"summary_large_image","twitter_misc":{"Szacowany czas czytania":"2 minuty"},"schema":{"@context":"https:\/\/schema.org","@graph":[{"@type":"WebPage","@id":"https:\/\/transinfo.pl\/x\/infotram\/budapeszt-rzad-popiera-pomysl-bkv-przekazania-w-rece-mav-start-kolei-bhev\/","url":"https:\/\/transinfo.pl\/x\/infotram\/budapeszt-rzad-popiera-pomysl-bkv-przekazania-w-rece-mav-start-kolei-bhev\/","name":"Budapeszt: Rz\u0105d popiera pomys\u0142 BKV przekazania w r\u0119ce M\u00c1V Start kolei BH\u00c9V - TransInfo Archiwum","isPartOf":{"@id":"https:\/\/transinfo.pl\/x\/#website"},"datePublished":"2008-12-18T13:53:46+00:00","dateModified":"2025-01-18T13:00:45+00:00","breadcrumb":{"@id":"https:\/\/transinfo.pl\/x\/infotram\/budapeszt-rzad-popiera-pomysl-bkv-przekazania-w-rece-mav-start-kolei-bhev\/#breadcrumb"},"inLanguage":"pl-PL","potentialAction":[{"@type":"ReadAction","target":["https:\/\/transinfo.pl\/x\/infotram\/budapeszt-rzad-popiera-pomysl-bkv-przekazania-w-rece-mav-start-kolei-bhev\/"]}]},{"@type":"BreadcrumbList","@id":"https:\/\/transinfo.pl\/x\/infotram\/budapeszt-rzad-popiera-pomysl-bkv-przekazania-w-rece-mav-start-kolei-bhev\/#breadcrumb","itemListElement":[{"@type":"ListItem","position":1,"name":"Home","item":"https:\/\/transinfo.pl\/x\/"},{"@type":"ListItem","position":2,"name":"Infotram","item":"https:\/\/transinfo.pl\/x\/infotram\/"},{"@type":"ListItem","position":3,"name":"Budapeszt: Rz\u0105d popiera pomys\u0142 BKV przekazania w r\u0119ce M\u00c1V Start kolei BH\u00c9V"}]},{"@type":"WebSite","@id":"https:\/\/transinfo.pl\/x\/#website","url":"https:\/\/transinfo.pl\/x\/","name":"TransInfo Archiwum","description":"Ca\u0142y transport w jednym miejscu","publisher":{"@id":"https:\/\/transinfo.pl\/x\/#organization"},"potentialAction":[{"@type":"SearchAction","target":{"@type":"EntryPoint","urlTemplate":"https:\/\/transinfo.pl\/x\/?s={search_term_string}"},"query-input":{"@type":"PropertyValueSpecification","valueRequired":true,"valueName":"search_term_string"}}],"inLanguage":"pl-PL"},{"@type":"Organization","@id":"https:\/\/transinfo.pl\/x\/#organization","name":"TransInfo","url":"https:\/\/transinfo.pl\/x\/","logo":{"@type":"ImageObject","inLanguage":"pl-PL","@id":"https:\/\/transinfo.pl\/x\/#\/schema\/logo\/image\/","url":"https:\/\/transinfo.pl\/x\/wp-content\/uploads\/2024\/10\/favicon.png","contentUrl":"https:\/\/transinfo.pl\/x\/wp-content\/uploads\/2024\/10\/favicon.png","width":512,"height":512,"caption":"TransInfo"},"image":{"@id":"https:\/\/transinfo.pl\/x\/#\/schema\/logo\/image\/"}}]}},"_links":{"self":[{"href":"https:\/\/transinfo.pl\/x\/wp-json\/wp\/v2\/infotram\/24642","targetHints":{"allow":["GET"]}}],"collection":[{"href":"https:\/\/transinfo.pl\/x\/wp-json\/wp\/v2\/infotram"}],"about":[{"href":"https:\/\/transinfo.pl\/x\/wp-json\/wp\/v2\/types\/infotram"}],"author":[{"embeddable":true,"href":"https:\/\/transinfo.pl\/x\/wp-json\/wp\/v2\/users\/2"}],"replies":[{"embeddable":true,"href":"https:\/\/transinfo.pl\/x\/wp-json\/wp\/v2\/comments?post=24642"}],"wp:attachment":[{"href":"https:\/\/transinfo.pl\/x\/wp-json\/wp\/v2\/media?parent=24642"}],"wp:term":[{"taxonomy":"category","embeddable":true,"href":"https:\/\/transinfo.pl\/x\/wp-json\/wp\/v2\/categories?post=24642"},{"taxonomy":"post_tag","embeddable":true,"href":"https:\/\/transinfo.pl\/x\/wp-json\/wp\/v2\/tags?post=24642"}],"curies":[{"name":"wp","href":"https:\/\/api.w.org\/{rel}","templated":true}]}}