{"id":245191,"date":"2022-09-13T14:15:00","date_gmt":"2022-09-13T14:15:00","guid":{"rendered":"https:\/\/transinfo.pl\/x\/infotram\/hyundai-ucieka-z-warszawy\/"},"modified":"2022-09-13T14:15:00","modified_gmt":"2022-09-13T14:15:00","slug":"hyundai-ucieka-z-warszawy","status":"publish","type":"infotram","link":"https:\/\/transinfo.pl\/x\/infotram\/hyundai-ucieka-z-warszawy\/","title":{"rendered":"Hyundai ucieka z Warszawy"},"content":{"rendered":"<style>h1,h2,h3,h4,h5,h6{margin:0 0 1.25rem;font-family:Arial,sans-serif;font-weight:600;color:#050505}h1{font-size:1.875rem;line-height:1.1em;text-transform:none}@media(min-width: 768px){h1{font-size:2.375rem}}h2{font-size:1.1875rem;line-height:1.2em;text-transform:uppercase}@media(min-width: 768px){h2{font-size:1.0625rem}}h3{font-size:0.9375rem;line-height:1.4em;font-weight:900;margin-bottom:0.9375rem}h4{font-size:0.875rem;line-height:1.2em;font-weight:500}h5{font-size:0.9375rem;line-height:1.6;font-weight:400}h6{font-size:0.9375rem;line-height:1.6;font-weight:600}\n<\/style>\n<h3 class=\"wp-block-heading\">Opcja na dostaw\u0119 dodatkowych Hyundai\u00f3w dla Warszawy by\u0142a ju\u017c praktycznie klepni\u0119ta.<\/h3>\n\n\n<style>p{margin:0 0 1.5rem}p:last-child{margin:0}p.is-style-uppercase{text-transform:uppercase}p.is-style-preheading{color:#12406a;text-transform:uppercase}p.is-style-leadparagraph{font-size:1rem;line-height:1.625;font-weight:700}@media(min-width: 768px){p.is-style-leadparagraph{font-size:1.125rem;line-height:1.5555555556}}p.has-small-margin{margin-bottom:0.625rem}p.has-small-margin+h1,p.has-small-margin+h2,p.has-small-margin+h3{margin-top:1.875rem}\n<\/style>\n<p>Tymczasem okazuje si\u0119, \u017ce korea\u0144ski producent ma do\u015b\u0107.<\/p>\n\n\n\n<h2 class=\"wp-block-heading\">Mia\u0142a by\u0107 fabryka<\/h2>\n\n\n\n<p>Plany by\u0142y ambitne. Mia\u0142a by\u0107 fabryka, w kt\u00f3rej powstawa\u0142yby tramwaje dla ca\u0142ej Europy. A tymczasem sko\u0144czy si\u0119 by\u0107 mo\u017ce na 123 wagonach, nie do ko\u0144ca odpowiadaj\u0105cych warszawskim realiom. Wszystko bowiem wskazuje na to, \u017ce w d\u0142u\u017cszej perspektywie czasowej budowa tramwaj\u00f3w w Korei i ich transport statkami, trwaj\u0105cy miesi\u0105cami, do Polski s\u0105 nie do ko\u0144ca nieop\u0142acalne. Ale tego mo\u017cna by\u0142o si\u0119 spodziewa\u0107, zw\u0142aszcza w czasach, w kt\u00f3rych wszystko dro\u017ceje, pocz\u0105wszy od koszt\u00f3w produkcji, poprzez komponenty a\u017c po koszty transportu.<\/p>\n\n\n\n<p>Dodatkowo tramwaje produkowane przez korea\u0144sk\u0105 firm\u0119 nie do ko\u0144ca spe\u0142niaj\u0105 oczekiwania pasa\u017cer\u00f3w. O ma\u0142ej liczbie miejsce siedz\u0105cych ju\u017c pisali\u015bmy na \u0142amach InfoTram.pl. Mimo \u017ce s\u0105 d\u0142u\u017csze od wagon\u00f3w PESY miejsc siedz\u0105cych jest prawie tyle samo. Dodatkowo wiele do \u017cyczenia pozostawia toporny standard wyko\u0144czenia, zupe\u0142nie nieeuropejski czy nieczytelna informacja pasa\u017cerska. W\u0105tpliwy jest tak\u017ce uk\u0142ad wn\u0119trza, zam\u00f3wiony przez Tramwaje Warszawskie. Co wi\u0119cej pasa\u017cerowie skar\u017c\u0105 si\u0119 na nieprzyjemny zapach plastik\u00f3w, kt\u00f3ry czu\u0107 nawet po kilku miesi\u0105cach od dostawy.<\/p>\n\n\n\n<p>Nowe wagony nadal nie mog\u0105 kursowa\u0107 na wszystkich liniach. Dost\u0119pne dla nich s\u0105: 1, 2, 9, 24 i 26. P\u00f3ki co trwa nocne szlifowanie, kt\u00f3re by\u0107 mo\u017ce umo\u017cliwi ich eksploatacje tak\u017ce na innych trasach.<\/p>\n\n\n\n<p>Wszystko to sprawia, \u017ce kontrakt warszawski dla Hyundaia okaza\u0142 si\u0119 kontraktem trudnym. Mimo to osi\u0105gni\u0119ty zosta\u0142 podstawowy cel, a wi\u0119c zdobycie do\u015bwiadczenia na rynku unijnym. Warszawa zostanie z 123 tramwajami, a to oznacza, \u017ce w ruchu na bli\u017cej nieznany czas pozostan\u0105 wysokopod\u0142ogowe Konstale i Hipolity. Nowych wagon\u00f3w, z nowego przetargu, nie kupi si\u0119 przecie\u017c w cenie, kt\u00f3r\u0105 zaproponowa\u0142 Hyundai. A na dro\u017csze tramwaje stolicy chyba nie sta\u0107. &nbsp;&nbsp;<\/p>\n","protected":false},"author":3,"featured_media":0,"comment_status":"","ping_status":"closed","template":"","categories":[25],"tags":[834,837,84],"class_list":["post-245191","infotram","type-infotram","status-publish","hentry","category-producenci","tag-hyundai","tag-tramwaje-warszawskie","tag-warszawa"],"acf":[],"yoast_head":"<!-- This site is optimized with the Yoast SEO Premium plugin v21.8 (Yoast SEO v23.7) - https:\/\/yoast.com\/wordpress\/plugins\/seo\/ -->\n<title>Hyundai ucieka z Warszawy - TransInfo Archiwum<\/title>\n<meta name=\"description\" content=\"Opcja na dostaw\u0119 dodatkowych Hyundai\u00f3w dla Warszawy by\u0142a ju\u017c praktycznie klepni\u0119ta.\" \/>\n<meta name=\"robots\" content=\"index, follow, max-snippet:-1, max-image-preview:large, max-video-preview:-1\" \/>\n<link rel=\"canonical\" href=\"https:\/\/transinfo.pl\/x\/infotram\/hyundai-ucieka-z-warszawy\/\" \/>\n<meta property=\"og:locale\" content=\"pl_PL\" \/>\n<meta property=\"og:type\" content=\"article\" \/>\n<meta property=\"og:title\" content=\"Hyundai ucieka z Warszawy\" \/>\n<meta property=\"og:description\" content=\"Opcja na dostaw\u0119 dodatkowych Hyundai\u00f3w dla Warszawy by\u0142a ju\u017c praktycznie klepni\u0119ta.\" \/>\n<meta property=\"og:url\" content=\"https:\/\/transinfo.pl\/x\/infotram\/hyundai-ucieka-z-warszawy\/\" \/>\n<meta property=\"og:site_name\" content=\"TransInfo Archiwum\" \/>\n<meta property=\"og:image\" content=\"http:\/\/default\" \/>\n<meta name=\"twitter:card\" content=\"summary_large_image\" \/>\n<meta name=\"twitter:label1\" content=\"Szacowany czas czytania\" \/>\n\t<meta name=\"twitter:data1\" content=\"2 minuty\" \/>\n<script type=\"application\/ld+json\" class=\"yoast-schema-graph\">{\"@context\":\"https:\/\/schema.org\",\"@graph\":[{\"@type\":\"WebPage\",\"@id\":\"https:\/\/transinfo.pl\/x\/infotram\/hyundai-ucieka-z-warszawy\/\",\"url\":\"https:\/\/transinfo.pl\/x\/infotram\/hyundai-ucieka-z-warszawy\/\",\"name\":\"Hyundai ucieka z Warszawy - TransInfo Archiwum\",\"isPartOf\":{\"@id\":\"https:\/\/transinfo.pl\/x\/#website\"},\"datePublished\":\"2022-09-13T14:15:00+00:00\",\"dateModified\":\"2022-09-13T14:15:00+00:00\",\"description\":\"Opcja na dostaw\u0119 dodatkowych Hyundai\u00f3w dla Warszawy by\u0142a ju\u017c praktycznie klepni\u0119ta.\",\"breadcrumb\":{\"@id\":\"https:\/\/transinfo.pl\/x\/infotram\/hyundai-ucieka-z-warszawy\/#breadcrumb\"},\"inLanguage\":\"pl-PL\",\"potentialAction\":[{\"@type\":\"ReadAction\",\"target\":[\"https:\/\/transinfo.pl\/x\/infotram\/hyundai-ucieka-z-warszawy\/\"]}]},{\"@type\":\"BreadcrumbList\",\"@id\":\"https:\/\/transinfo.pl\/x\/infotram\/hyundai-ucieka-z-warszawy\/#breadcrumb\",\"itemListElement\":[{\"@type\":\"ListItem\",\"position\":1,\"name\":\"Home\",\"item\":\"https:\/\/transinfo.pl\/x\/\"},{\"@type\":\"ListItem\",\"position\":2,\"name\":\"Infotram\",\"item\":\"https:\/\/transinfo.pl\/x\/infotram\/\"},{\"@type\":\"ListItem\",\"position\":3,\"name\":\"Hyundai ucieka z Warszawy\"}]},{\"@type\":\"WebSite\",\"@id\":\"https:\/\/transinfo.pl\/x\/#website\",\"url\":\"https:\/\/transinfo.pl\/x\/\",\"name\":\"TransInfo Archiwum\",\"description\":\"Ca\u0142y transport w jednym miejscu\",\"publisher\":{\"@id\":\"https:\/\/transinfo.pl\/x\/#organization\"},\"potentialAction\":[{\"@type\":\"SearchAction\",\"target\":{\"@type\":\"EntryPoint\",\"urlTemplate\":\"https:\/\/transinfo.pl\/x\/?s={search_term_string}\"},\"query-input\":{\"@type\":\"PropertyValueSpecification\",\"valueRequired\":true,\"valueName\":\"search_term_string\"}}],\"inLanguage\":\"pl-PL\"},{\"@type\":\"Organization\",\"@id\":\"https:\/\/transinfo.pl\/x\/#organization\",\"name\":\"TransInfo\",\"url\":\"https:\/\/transinfo.pl\/x\/\",\"logo\":{\"@type\":\"ImageObject\",\"inLanguage\":\"pl-PL\",\"@id\":\"https:\/\/transinfo.pl\/x\/#\/schema\/logo\/image\/\",\"url\":\"https:\/\/transinfo.pl\/x\/wp-content\/uploads\/2024\/10\/favicon.png\",\"contentUrl\":\"https:\/\/transinfo.pl\/x\/wp-content\/uploads\/2024\/10\/favicon.png\",\"width\":512,\"height\":512,\"caption\":\"TransInfo\"},\"image\":{\"@id\":\"https:\/\/transinfo.pl\/x\/#\/schema\/logo\/image\/\"}}]}<\/script>\n<!-- \/ Yoast SEO Premium plugin. -->","yoast_head_json":{"title":"Hyundai ucieka z Warszawy - TransInfo Archiwum","description":"Opcja na dostaw\u0119 dodatkowych Hyundai\u00f3w dla Warszawy by\u0142a ju\u017c praktycznie klepni\u0119ta.","robots":{"index":"index","follow":"follow","max-snippet":"max-snippet:-1","max-image-preview":"max-image-preview:large","max-video-preview":"max-video-preview:-1"},"canonical":"https:\/\/transinfo.pl\/x\/infotram\/hyundai-ucieka-z-warszawy\/","og_locale":"pl_PL","og_type":"article","og_title":"Hyundai ucieka z Warszawy","og_description":"Opcja na dostaw\u0119 dodatkowych Hyundai\u00f3w dla Warszawy by\u0142a ju\u017c praktycznie klepni\u0119ta.","og_url":"https:\/\/transinfo.pl\/x\/infotram\/hyundai-ucieka-z-warszawy\/","og_site_name":"TransInfo Archiwum","og_image":[{"url":"default"}],"twitter_card":"summary_large_image","twitter_misc":{"Szacowany czas czytania":"2 minuty"},"schema":{"@context":"https:\/\/schema.org","@graph":[{"@type":"WebPage","@id":"https:\/\/transinfo.pl\/x\/infotram\/hyundai-ucieka-z-warszawy\/","url":"https:\/\/transinfo.pl\/x\/infotram\/hyundai-ucieka-z-warszawy\/","name":"Hyundai ucieka z Warszawy - TransInfo Archiwum","isPartOf":{"@id":"https:\/\/transinfo.pl\/x\/#website"},"datePublished":"2022-09-13T14:15:00+00:00","dateModified":"2022-09-13T14:15:00+00:00","description":"Opcja na dostaw\u0119 dodatkowych Hyundai\u00f3w dla Warszawy by\u0142a ju\u017c praktycznie klepni\u0119ta.","breadcrumb":{"@id":"https:\/\/transinfo.pl\/x\/infotram\/hyundai-ucieka-z-warszawy\/#breadcrumb"},"inLanguage":"pl-PL","potentialAction":[{"@type":"ReadAction","target":["https:\/\/transinfo.pl\/x\/infotram\/hyundai-ucieka-z-warszawy\/"]}]},{"@type":"BreadcrumbList","@id":"https:\/\/transinfo.pl\/x\/infotram\/hyundai-ucieka-z-warszawy\/#breadcrumb","itemListElement":[{"@type":"ListItem","position":1,"name":"Home","item":"https:\/\/transinfo.pl\/x\/"},{"@type":"ListItem","position":2,"name":"Infotram","item":"https:\/\/transinfo.pl\/x\/infotram\/"},{"@type":"ListItem","position":3,"name":"Hyundai ucieka z Warszawy"}]},{"@type":"WebSite","@id":"https:\/\/transinfo.pl\/x\/#website","url":"https:\/\/transinfo.pl\/x\/","name":"TransInfo Archiwum","description":"Ca\u0142y transport w jednym miejscu","publisher":{"@id":"https:\/\/transinfo.pl\/x\/#organization"},"potentialAction":[{"@type":"SearchAction","target":{"@type":"EntryPoint","urlTemplate":"https:\/\/transinfo.pl\/x\/?s={search_term_string}"},"query-input":{"@type":"PropertyValueSpecification","valueRequired":true,"valueName":"search_term_string"}}],"inLanguage":"pl-PL"},{"@type":"Organization","@id":"https:\/\/transinfo.pl\/x\/#organization","name":"TransInfo","url":"https:\/\/transinfo.pl\/x\/","logo":{"@type":"ImageObject","inLanguage":"pl-PL","@id":"https:\/\/transinfo.pl\/x\/#\/schema\/logo\/image\/","url":"https:\/\/transinfo.pl\/x\/wp-content\/uploads\/2024\/10\/favicon.png","contentUrl":"https:\/\/transinfo.pl\/x\/wp-content\/uploads\/2024\/10\/favicon.png","width":512,"height":512,"caption":"TransInfo"},"image":{"@id":"https:\/\/transinfo.pl\/x\/#\/schema\/logo\/image\/"}}]}},"_links":{"self":[{"href":"https:\/\/transinfo.pl\/x\/wp-json\/wp\/v2\/infotram\/245191","targetHints":{"allow":["GET"]}}],"collection":[{"href":"https:\/\/transinfo.pl\/x\/wp-json\/wp\/v2\/infotram"}],"about":[{"href":"https:\/\/transinfo.pl\/x\/wp-json\/wp\/v2\/types\/infotram"}],"author":[{"embeddable":true,"href":"https:\/\/transinfo.pl\/x\/wp-json\/wp\/v2\/users\/3"}],"replies":[{"embeddable":true,"href":"https:\/\/transinfo.pl\/x\/wp-json\/wp\/v2\/comments?post=245191"}],"wp:attachment":[{"href":"https:\/\/transinfo.pl\/x\/wp-json\/wp\/v2\/media?parent=245191"}],"wp:term":[{"taxonomy":"category","embeddable":true,"href":"https:\/\/transinfo.pl\/x\/wp-json\/wp\/v2\/categories?post=245191"},{"taxonomy":"post_tag","embeddable":true,"href":"https:\/\/transinfo.pl\/x\/wp-json\/wp\/v2\/tags?post=245191"}],"curies":[{"name":"wp","href":"https:\/\/api.w.org\/{rel}","templated":true}]}}