{"id":244275,"date":"2022-08-11T16:15:00","date_gmt":"2022-08-11T16:15:00","guid":{"rendered":"https:\/\/transinfo.pl\/x\/infotram\/jest-pozwolenie-na-budowe-metra-na-bemowie-do-stp-mory\/"},"modified":"2022-08-11T16:15:00","modified_gmt":"2022-08-11T16:15:00","slug":"jest-pozwolenie-na-budowe-metra-na-bemowie-do-stp-mory","status":"publish","type":"infotram","link":"https:\/\/transinfo.pl\/x\/infotram\/jest-pozwolenie-na-budowe-metra-na-bemowie-do-stp-mory\/","title":{"rendered":"Jest pozwolenie na budow\u0119 metra na Bemowie do STP Mory"},"content":{"rendered":"<style>h1,h2,h3,h4,h5,h6{margin:0 0 1.25rem;font-family:Arial,sans-serif;font-weight:600;color:#050505}h1{font-size:1.875rem;line-height:1.1em;text-transform:none}@media(min-width: 768px){h1{font-size:2.375rem}}h2{font-size:1.1875rem;line-height:1.2em;text-transform:uppercase}@media(min-width: 768px){h2{font-size:1.0625rem}}h3{font-size:0.9375rem;line-height:1.4em;font-weight:900;margin-bottom:0.9375rem}h4{font-size:0.875rem;line-height:1.2em;font-weight:500}h5{font-size:0.9375rem;line-height:1.6;font-weight:400}h6{font-size:0.9375rem;line-height:1.6;font-weight:600}\n<\/style>\n<h3 class=\"wp-block-heading\">11 sierpnia br. Wojewoda Mazowiecki wyda\u0142 pozwolenie na budow\u0119 dotycz\u0105c\u0105 II linii metra w Warszawie (III etap realizacji odcinka zachodniego od szlaku za stacj\u0105 C04 \u201ePowsta\u0144c\u00f3w \u015al\u0105skich\u201d do stacji Techniczno-Postojowej (STP) \u201eMory\u201d wraz z STP \u201eMory\u201d.<\/h3>\n\n\n<style>p{margin:0 0 1.5rem}p:last-child{margin:0}p.is-style-uppercase{text-transform:uppercase}p.is-style-preheading{color:#12406a;text-transform:uppercase}p.is-style-leadparagraph{font-size:1rem;line-height:1.625;font-weight:700}@media(min-width: 768px){p.is-style-leadparagraph{font-size:1.125rem;line-height:1.5555555556}}p.has-small-margin{margin-bottom:0.625rem}p.has-small-margin+h1,p.has-small-margin+h2,p.has-small-margin+h3{margin-top:1.875rem}\n<\/style>\n<p>Pozwolenie dotyczy budowy stacji C03 (ul. Lazurowa\/ul. G\u00f3rczewska \u2013 rejon Urz\u0119du Dzielnicy Bemowo), budowy tuneli wraz z \u0142\u0105cznikiem tunelowym, budowie i przebudowie infrastruktury technicznej i obiekt\u00f3w towarzysz\u0105cych. Decyzja ma rygor natychmiastowej wykonalno\u015bci. Inwestorem jest Miasto Sto\u0142eczne Warszawa.<\/p>\n\n\n\n<h2 class=\"wp-block-heading\">Procedura<\/h2>\n\n\n\n<p>14 grudnia 2020 r. inwestor z\u0142o\u017cy\u0142 wniosek do Wojewody Mazowieckiego o wydanie decyzji na pozwolenie na budow\u0119 dla realizacji inwestycji pod nazw\u0105 \u201eBudowa II linii metra w Warszawie \u2013 III etap realizacji odcinka zachodniego od szlaku za stacj\u0105 C04 \u201ePowsta\u0144c\u00f3w \u015al\u0105skich\u201d do stacji Techniczno-Postojowej (STP) \u201eMory\u201d wraz z STP \u201eMory\u201d. Zamierzenie budowlane polega na budowie stacji C03 (ul. Lazurowa\/ul. G\u00f3rczewska \u2013 rejon Urz\u0119du Dzielnicy Bemowo), budowie tuneli wraz z \u0142\u0105cznikiem tunelowym, budowie i przebudowie infrastruktury technicznej i obiekt\u00f3w towarzysz\u0105cych w tym: budowie wej\u015b\u0107, wind, czerpnio-wyrzutni, wyrzutni i przebudowie sieci uzbrojenia terenu, dr\u00f3g i uk\u0142adu drogowego wynikaj\u0105cego z budowy metra oraz rozbi\u00f3rka budynku ekspedycji zlokalizowanego przy ul. G\u00f3rczewskiej 249 i masztu stacji bazowej telefonii kom\u00f3rkowej w ramach zamierzenia budowlanego polegaj\u0105cego na budowie stacji C03 (ul. Lazurowa\/ ul. G\u00f3rczewska \u2013 rejon Urz\u0119du Dzielnicy Bemowo).<\/p>\n\n\n\n<p>Wojewoda Mazowiecki dokona\u0142 sprawdzenia kompletno\u015bci wniosku pod wzgl\u0119dem formalno-prawnym i w tym zakresie stwierdzi\u0142 nieprawid\u0142owo\u015bci. 28 grudnia 2020 r. wezwa\u0142 pe\u0142nomocnika inwestora do uzupe\u0142nienia wniosku. 29 stycznia 2021 r. wniosek zosta\u0142 uzupe\u0142niony.<\/p>\n\n\n\n<p>Nast\u0119pnie 2 lutego 2021 r. Wojewoda Mazowiecki przekaza\u0142 raport o oddzia\u0142ywaniu na \u015brodowisko Regionalnemu Dyrektorowi Ochrony \u015arodowiska w Warszawie (RDO\u015a) w celu uzgodnienia warunk\u00f3w realizacji inwestycji.<\/p>\n\n\n\n<p>6 maja 2022 r. do Wojewody Mazowieckiego wp\u0142yn\u0119\u0142o pismo Regionalnego Dyrektora Ochrony \u015arodowiska w Warszawie dotycz\u0105ce zapewnienia mo\u017cliwo\u015bci udzia\u0142u spo\u0142ecze\u0144stwa w trakcie przeprowadzania ponownej oceny oddzia\u0142ywania inwestycji na \u015brodowisko. Mieszka\u0144cy mogli sk\u0142ada\u0107 wnioski od 25 maja br. do 24 czerwca br. (\u017cadne wnioski nie wp\u0142yn\u0119\u0142y).<\/p>\n\n\n\n<p>6 lipca 2022 r. pe\u0142nomocnik inwestora zwr\u00f3ci\u0142 si\u0119 z pro\u015bb\u0105 o sprostowanie oczywistej omy\u0142ki pisarskiej pope\u0142nionej w nazwie inwestycji w zakresie hektometra\u017cu zamierzenia budowlanego. Uwzgl\u0119dniaj\u0105c ten wniosek 7 lipca 2022 r. Wojewoda Mazowiecki przekaza\u0142 wniosek inwestora do Regionalnego Dyrektora Ochrony \u015arodowiska w Warszawie w celu uwzgl\u0119dnienia w prowadzonym postepowaniu przeprowadzenia ponownej oceny oddzia\u0142ywania przedsi\u0119wzi\u0119cia na \u015brodowisko w ramach post\u0119powania o wydanie decyzji o pozwoleniu na budow\u0119.<\/p>\n\n\n\n<p>Postanowieniem z 1 sierpnia 2022 r. RDO\u015a uzgodni\u0142 realizacj\u0119 przedsi\u0119wzi\u0119cia w zwi\u0105zku z przeprowadzonym post\u0119powaniem w sprawie ponownej oceny oddzia\u0142ywania na \u015brodowisko, wskazuj\u0105c okre\u015blone warunki do spe\u0142nienia.<\/p>\n\n\n\n<p>Nast\u0119pnie Wojewoda Mazowiecki dokona\u0142 sprawdzenia projektu budowlanego pod wzgl\u0119dem materialno-prawnym, zgodnie z przepisami Prawa budowlanego tj.:<\/p>\n\n\n\n<p>&#8211; zgodno\u015b\u0107 projektu budowlanego z warunkami okre\u015blonymi w decyzjach Wojewody Mazowieckiego oraz w postanowieniu RDO\u015a uzgadniaj\u0105cym realizacj\u0119 przedsi\u0119wzi\u0119cia w zwi\u0105zku z przeprowadzonym postepowaniem w sprawie ponownej oceny oddzia\u0142ywania na \u015brodowisko;<\/p>\n\n\n\n<p>&#8211; zgodno\u015bci projektu zagospodarowania terenu z przepisami techniczno-budowlanymi;<\/p>\n\n\n\n<p>&#8211; kompletno\u015b\u0107 projektu budowlanego i posiadanie wymaganych opinii, uzgodnie\u0144, pozwole\u0144 i sprawdze\u0144 oraz informacji dotycz\u0105cej bezpiecze\u0144stwa i ochrony zdrowia;<\/p>\n\n\n\n<p>&#8211; wykonanie, a w przypadku obowi\u0105zku sprawdzenia projektu, tak\u017ce sprawdzenie projektu&nbsp; przez osob\u0119 posiadaj\u0105c\u0105 uprawnienia budowlane i legitymuj\u0105c\u0105 si\u0119 aktualnym na dzie\u0144 opracowania projektu odpowiednim za\u015bwiadczeniem.<\/p>\n\n\n\n<p>Po analizie dokument\u00f3w nie stwierdzono nieprawid\u0142owo\u015bci i brak\u00f3w w za\u0142\u0105czonym projekcie budowlanym.<\/p>\n\n\n\n<p>Nadaj\u0105c decyzji rygor natychmiastowej wykonalno\u015bci, Wojewoda przychyli\u0142 si\u0119 do wniosku inwestora, kt\u00f3ry argumentowa\u0142 ten wniosek tym, \u017ce \u201ePrzedmiotowa inwestycja, uwa\u017cana za najwi\u0119ksz\u0105 inwestycj\u0119 samorz\u0105dow\u0105 w Polsce, jest zadaniem wpisanym w \u201eStrategi\u0119 Rozwoju Miasta Sto\u0142ecznego Warszawy do 2020 roku\u201d stanowi jeden z g\u0142\u00f3wnych cel\u00f3w operacyjnych ww. strategii. Przedsi\u0119wzi\u0119cie jest niezb\u0119dne do poprawy jako\u015bci zintegrowanego systemu komunikacji publicznej m.st. Warszawy, kt\u00f3re przyczyni si\u0119 do wzrostu jako\u015bci \u017cycia mieszka\u0144c\u00f3w Warszawy, zmniejszenia ruchu samochodowego i ha\u0142asu, co przyczyni si\u0119 r\u00f3wnie\u017c do poprawy jako\u015bci \u015brodowiska.\u201d<\/p>\n","protected":false},"author":3,"featured_media":0,"comment_status":"","ping_status":"closed","template":"","categories":[24],"tags":[695,852,84],"class_list":["post-244275","infotram","type-infotram","status-publish","hentry","category-prawo","tag-budowa","tag-metro","tag-warszawa"],"acf":[],"yoast_head":"<!-- This site is optimized with the Yoast SEO Premium plugin v21.8 (Yoast SEO v23.7) - https:\/\/yoast.com\/wordpress\/plugins\/seo\/ -->\n<title>Jest pozwolenie na budow\u0119 metra na Bemowie do STP Mory - TransInfo Archiwum<\/title>\n<meta name=\"description\" content=\"11 sierpnia br. Wojewoda Mazowiecki wyda\u0142 pozwolenie na budow\u0119 dotycz\u0105c\u0105 II linii metra w Warszawie (III etap realizacji odcinka zachodniego od szlaku za stacj\u0105 C04 \u201ePowsta\u0144c\u00f3w \u015al\u0105skich\u201d do stacji Techniczno-Postojowej (STP) \u201eMory\u201d wraz z STP \u201eMory\u201d.\" \/>\n<meta name=\"robots\" content=\"index, follow, max-snippet:-1, max-image-preview:large, max-video-preview:-1\" \/>\n<link rel=\"canonical\" href=\"https:\/\/transinfo.pl\/x\/infotram\/jest-pozwolenie-na-budowe-metra-na-bemowie-do-stp-mory\/\" \/>\n<meta property=\"og:locale\" content=\"pl_PL\" \/>\n<meta property=\"og:type\" content=\"article\" \/>\n<meta property=\"og:title\" content=\"Jest pozwolenie na budow\u0119 metra na Bemowie do STP Mory\" \/>\n<meta property=\"og:description\" content=\"11 sierpnia br. Wojewoda Mazowiecki wyda\u0142 pozwolenie na budow\u0119 dotycz\u0105c\u0105 II linii metra w Warszawie (III etap realizacji odcinka zachodniego od szlaku za stacj\u0105 C04 \u201ePowsta\u0144c\u00f3w \u015al\u0105skich\u201d do stacji Techniczno-Postojowej (STP) \u201eMory\u201d wraz z STP \u201eMory\u201d.\" \/>\n<meta property=\"og:url\" content=\"https:\/\/transinfo.pl\/x\/infotram\/jest-pozwolenie-na-budowe-metra-na-bemowie-do-stp-mory\/\" \/>\n<meta property=\"og:site_name\" content=\"TransInfo Archiwum\" \/>\n<meta property=\"og:image\" content=\"http:\/\/default\" \/>\n<meta name=\"twitter:card\" content=\"summary_large_image\" \/>\n<meta name=\"twitter:label1\" content=\"Szacowany czas czytania\" \/>\n\t<meta name=\"twitter:data1\" content=\"3 minuty\" \/>\n<script type=\"application\/ld+json\" class=\"yoast-schema-graph\">{\"@context\":\"https:\/\/schema.org\",\"@graph\":[{\"@type\":\"WebPage\",\"@id\":\"https:\/\/transinfo.pl\/x\/infotram\/jest-pozwolenie-na-budowe-metra-na-bemowie-do-stp-mory\/\",\"url\":\"https:\/\/transinfo.pl\/x\/infotram\/jest-pozwolenie-na-budowe-metra-na-bemowie-do-stp-mory\/\",\"name\":\"Jest pozwolenie na budow\u0119 metra na Bemowie do STP Mory - TransInfo Archiwum\",\"isPartOf\":{\"@id\":\"https:\/\/transinfo.pl\/x\/#website\"},\"datePublished\":\"2022-08-11T16:15:00+00:00\",\"dateModified\":\"2022-08-11T16:15:00+00:00\",\"description\":\"11 sierpnia br. Wojewoda Mazowiecki wyda\u0142 pozwolenie na budow\u0119 dotycz\u0105c\u0105 II linii metra w Warszawie (III etap realizacji odcinka zachodniego od szlaku za stacj\u0105 C04 \u201ePowsta\u0144c\u00f3w \u015al\u0105skich\u201d do stacji Techniczno-Postojowej (STP) \u201eMory\u201d wraz z STP \u201eMory\u201d.\",\"breadcrumb\":{\"@id\":\"https:\/\/transinfo.pl\/x\/infotram\/jest-pozwolenie-na-budowe-metra-na-bemowie-do-stp-mory\/#breadcrumb\"},\"inLanguage\":\"pl-PL\",\"potentialAction\":[{\"@type\":\"ReadAction\",\"target\":[\"https:\/\/transinfo.pl\/x\/infotram\/jest-pozwolenie-na-budowe-metra-na-bemowie-do-stp-mory\/\"]}]},{\"@type\":\"BreadcrumbList\",\"@id\":\"https:\/\/transinfo.pl\/x\/infotram\/jest-pozwolenie-na-budowe-metra-na-bemowie-do-stp-mory\/#breadcrumb\",\"itemListElement\":[{\"@type\":\"ListItem\",\"position\":1,\"name\":\"Home\",\"item\":\"https:\/\/transinfo.pl\/x\/\"},{\"@type\":\"ListItem\",\"position\":2,\"name\":\"Infotram\",\"item\":\"https:\/\/transinfo.pl\/x\/infotram\/\"},{\"@type\":\"ListItem\",\"position\":3,\"name\":\"Jest pozwolenie na budow\u0119 metra na Bemowie do STP Mory\"}]},{\"@type\":\"WebSite\",\"@id\":\"https:\/\/transinfo.pl\/x\/#website\",\"url\":\"https:\/\/transinfo.pl\/x\/\",\"name\":\"TransInfo Archiwum\",\"description\":\"Ca\u0142y transport w jednym miejscu\",\"publisher\":{\"@id\":\"https:\/\/transinfo.pl\/x\/#organization\"},\"potentialAction\":[{\"@type\":\"SearchAction\",\"target\":{\"@type\":\"EntryPoint\",\"urlTemplate\":\"https:\/\/transinfo.pl\/x\/?s={search_term_string}\"},\"query-input\":{\"@type\":\"PropertyValueSpecification\",\"valueRequired\":true,\"valueName\":\"search_term_string\"}}],\"inLanguage\":\"pl-PL\"},{\"@type\":\"Organization\",\"@id\":\"https:\/\/transinfo.pl\/x\/#organization\",\"name\":\"TransInfo\",\"url\":\"https:\/\/transinfo.pl\/x\/\",\"logo\":{\"@type\":\"ImageObject\",\"inLanguage\":\"pl-PL\",\"@id\":\"https:\/\/transinfo.pl\/x\/#\/schema\/logo\/image\/\",\"url\":\"https:\/\/transinfo.pl\/x\/wp-content\/uploads\/2024\/10\/favicon.png\",\"contentUrl\":\"https:\/\/transinfo.pl\/x\/wp-content\/uploads\/2024\/10\/favicon.png\",\"width\":512,\"height\":512,\"caption\":\"TransInfo\"},\"image\":{\"@id\":\"https:\/\/transinfo.pl\/x\/#\/schema\/logo\/image\/\"}}]}<\/script>\n<!-- \/ Yoast SEO Premium plugin. -->","yoast_head_json":{"title":"Jest pozwolenie na budow\u0119 metra na Bemowie do STP Mory - TransInfo Archiwum","description":"11 sierpnia br. Wojewoda Mazowiecki wyda\u0142 pozwolenie na budow\u0119 dotycz\u0105c\u0105 II linii metra w Warszawie (III etap realizacji odcinka zachodniego od szlaku za stacj\u0105 C04 \u201ePowsta\u0144c\u00f3w \u015al\u0105skich\u201d do stacji Techniczno-Postojowej (STP) \u201eMory\u201d wraz z STP \u201eMory\u201d.","robots":{"index":"index","follow":"follow","max-snippet":"max-snippet:-1","max-image-preview":"max-image-preview:large","max-video-preview":"max-video-preview:-1"},"canonical":"https:\/\/transinfo.pl\/x\/infotram\/jest-pozwolenie-na-budowe-metra-na-bemowie-do-stp-mory\/","og_locale":"pl_PL","og_type":"article","og_title":"Jest pozwolenie na budow\u0119 metra na Bemowie do STP Mory","og_description":"11 sierpnia br. Wojewoda Mazowiecki wyda\u0142 pozwolenie na budow\u0119 dotycz\u0105c\u0105 II linii metra w Warszawie (III etap realizacji odcinka zachodniego od szlaku za stacj\u0105 C04 \u201ePowsta\u0144c\u00f3w \u015al\u0105skich\u201d do stacji Techniczno-Postojowej (STP) \u201eMory\u201d wraz z STP \u201eMory\u201d.","og_url":"https:\/\/transinfo.pl\/x\/infotram\/jest-pozwolenie-na-budowe-metra-na-bemowie-do-stp-mory\/","og_site_name":"TransInfo Archiwum","og_image":[{"url":"default"}],"twitter_card":"summary_large_image","twitter_misc":{"Szacowany czas czytania":"3 minuty"},"schema":{"@context":"https:\/\/schema.org","@graph":[{"@type":"WebPage","@id":"https:\/\/transinfo.pl\/x\/infotram\/jest-pozwolenie-na-budowe-metra-na-bemowie-do-stp-mory\/","url":"https:\/\/transinfo.pl\/x\/infotram\/jest-pozwolenie-na-budowe-metra-na-bemowie-do-stp-mory\/","name":"Jest pozwolenie na budow\u0119 metra na Bemowie do STP Mory - TransInfo Archiwum","isPartOf":{"@id":"https:\/\/transinfo.pl\/x\/#website"},"datePublished":"2022-08-11T16:15:00+00:00","dateModified":"2022-08-11T16:15:00+00:00","description":"11 sierpnia br. Wojewoda Mazowiecki wyda\u0142 pozwolenie na budow\u0119 dotycz\u0105c\u0105 II linii metra w Warszawie (III etap realizacji odcinka zachodniego od szlaku za stacj\u0105 C04 \u201ePowsta\u0144c\u00f3w \u015al\u0105skich\u201d do stacji Techniczno-Postojowej (STP) \u201eMory\u201d wraz z STP \u201eMory\u201d.","breadcrumb":{"@id":"https:\/\/transinfo.pl\/x\/infotram\/jest-pozwolenie-na-budowe-metra-na-bemowie-do-stp-mory\/#breadcrumb"},"inLanguage":"pl-PL","potentialAction":[{"@type":"ReadAction","target":["https:\/\/transinfo.pl\/x\/infotram\/jest-pozwolenie-na-budowe-metra-na-bemowie-do-stp-mory\/"]}]},{"@type":"BreadcrumbList","@id":"https:\/\/transinfo.pl\/x\/infotram\/jest-pozwolenie-na-budowe-metra-na-bemowie-do-stp-mory\/#breadcrumb","itemListElement":[{"@type":"ListItem","position":1,"name":"Home","item":"https:\/\/transinfo.pl\/x\/"},{"@type":"ListItem","position":2,"name":"Infotram","item":"https:\/\/transinfo.pl\/x\/infotram\/"},{"@type":"ListItem","position":3,"name":"Jest pozwolenie na budow\u0119 metra na Bemowie do STP Mory"}]},{"@type":"WebSite","@id":"https:\/\/transinfo.pl\/x\/#website","url":"https:\/\/transinfo.pl\/x\/","name":"TransInfo Archiwum","description":"Ca\u0142y transport w jednym miejscu","publisher":{"@id":"https:\/\/transinfo.pl\/x\/#organization"},"potentialAction":[{"@type":"SearchAction","target":{"@type":"EntryPoint","urlTemplate":"https:\/\/transinfo.pl\/x\/?s={search_term_string}"},"query-input":{"@type":"PropertyValueSpecification","valueRequired":true,"valueName":"search_term_string"}}],"inLanguage":"pl-PL"},{"@type":"Organization","@id":"https:\/\/transinfo.pl\/x\/#organization","name":"TransInfo","url":"https:\/\/transinfo.pl\/x\/","logo":{"@type":"ImageObject","inLanguage":"pl-PL","@id":"https:\/\/transinfo.pl\/x\/#\/schema\/logo\/image\/","url":"https:\/\/transinfo.pl\/x\/wp-content\/uploads\/2024\/10\/favicon.png","contentUrl":"https:\/\/transinfo.pl\/x\/wp-content\/uploads\/2024\/10\/favicon.png","width":512,"height":512,"caption":"TransInfo"},"image":{"@id":"https:\/\/transinfo.pl\/x\/#\/schema\/logo\/image\/"}}]}},"_links":{"self":[{"href":"https:\/\/transinfo.pl\/x\/wp-json\/wp\/v2\/infotram\/244275","targetHints":{"allow":["GET"]}}],"collection":[{"href":"https:\/\/transinfo.pl\/x\/wp-json\/wp\/v2\/infotram"}],"about":[{"href":"https:\/\/transinfo.pl\/x\/wp-json\/wp\/v2\/types\/infotram"}],"author":[{"embeddable":true,"href":"https:\/\/transinfo.pl\/x\/wp-json\/wp\/v2\/users\/3"}],"replies":[{"embeddable":true,"href":"https:\/\/transinfo.pl\/x\/wp-json\/wp\/v2\/comments?post=244275"}],"wp:attachment":[{"href":"https:\/\/transinfo.pl\/x\/wp-json\/wp\/v2\/media?parent=244275"}],"wp:term":[{"taxonomy":"category","embeddable":true,"href":"https:\/\/transinfo.pl\/x\/wp-json\/wp\/v2\/categories?post=244275"},{"taxonomy":"post_tag","embeddable":true,"href":"https:\/\/transinfo.pl\/x\/wp-json\/wp\/v2\/tags?post=244275"}],"curies":[{"name":"wp","href":"https:\/\/api.w.org\/{rel}","templated":true}]}}