{"id":235118,"date":"2021-12-08T10:15:00","date_gmt":"2021-12-08T10:15:00","guid":{"rendered":"https:\/\/transinfo.pl\/x\/infotram\/motorniczy-z-poznania-z-zarzutem-nieumyslnego-spowodowania-katastrofy-w-ruchu-ladowym\/"},"modified":"2021-12-08T10:15:00","modified_gmt":"2021-12-08T10:15:00","slug":"motorniczy-z-poznania-z-zarzutem-nieumyslnego-spowodowania-katastrofy-w-ruchu-ladowym","status":"publish","type":"infotram","link":"https:\/\/transinfo.pl\/x\/infotram\/motorniczy-z-poznania-z-zarzutem-nieumyslnego-spowodowania-katastrofy-w-ruchu-ladowym\/","title":{"rendered":"Motorniczy z Poznania z zarzutem nieumy\u015blnego spowodowania katastrofy w ruchu l\u0105dowym"},"content":{"rendered":"<style>h1,h2,h3,h4,h5,h6{margin:0 0 1.25rem;font-family:Arial,sans-serif;font-weight:600;color:#050505}h1{font-size:1.875rem;line-height:1.1em;text-transform:none}@media(min-width: 768px){h1{font-size:2.375rem}}h2{font-size:1.1875rem;line-height:1.2em;text-transform:uppercase}@media(min-width: 768px){h2{font-size:1.0625rem}}h3{font-size:0.9375rem;line-height:1.4em;font-weight:900;margin-bottom:0.9375rem}h4{font-size:0.875rem;line-height:1.2em;font-weight:500}h5{font-size:0.9375rem;line-height:1.6;font-weight:400}h6{font-size:0.9375rem;line-height:1.6;font-weight:600}\n<\/style>\n<h6 class=\"wp-block-heading\">Do pi\u0119ciu lat wi\u0119zienia grozi motorniczemu, kt\u00f3ry w sierpniu w Poznaniu doprowadzi\u0142 do zderzenia dw\u00f3ch tramwaj\u00f3w przy rondzie Staro\u0142\u0119ka.<\/h6>\n\n\n<style>p{margin:0 0 1.5rem}p:last-child{margin:0}p.is-style-uppercase{text-transform:uppercase}p.is-style-preheading{color:#12406a;text-transform:uppercase}p.is-style-leadparagraph{font-size:1rem;line-height:1.625;font-weight:700}@media(min-width: 768px){p.is-style-leadparagraph{font-size:1.125rem;line-height:1.5555555556}}p.has-small-margin{margin-bottom:0.625rem}p.has-small-margin+h1,p.has-small-margin+h2,p.has-small-margin+h3{margin-top:1.875rem}\n<\/style>\n<p>M\u0119\u017cczy\u017anie przedstawiono zarzut nieumy\u015blnego spowodowania katastrofy w ruchu l\u0105dowym \u2013 poda\u0142a PAP prokuratura.<\/p>\n\n\n\n<h2 class=\"wp-block-heading\">Wypadek z sierpnia 2021 roku<\/h2>\n\n\n\n<p>Do wypadku dosz\u0142o 5 sierpnia 2021 r. przed po\u0142udniem przy pozna\u0144skim rondzie Staro\u0142\u0119ka. Kieruj\u0105cy tramwajem linii nr 12 najecha\u0142 na ty\u0142 poprzedzaj\u0105cego go tramwaju linii nr 7. W wyniku wypadku poszkodowanych zosta\u0142o \u0142\u0105cznie 31 os\u00f3b; 29 z nich zosta\u0142o przetransportowanych do kilku pozna\u0144skich szpitali, a tak\u017ce do plac\u00f3wki w podpozna\u0144skim Puszczykowie. Najpowa\u017cniej ranny zosta\u0142 motorniczy, kt\u00f3ry na skutek wypadku zosta\u0142 uwi\u0119ziony w poje\u017adzie.<\/p>\n\n\n<style>.wp-block-quote{border-left:0.1875rem solid var(--page-color);font-size:1rem;font-style:italic;margin:0 0 1.6875rem;padding:1.25rem}.wp-block-quote cite{color:#050505}.wp-block-quote.is-style-large p{margin-bottom:10px}.wp-block-quote.is-style-large cite{color:#12406a}\n<\/style>\n<blockquote class=\"wp-block-quote is-layout-flow wp-block-quote-is-layout-flow\"><p>Rzecznik prasowy Prokuratury Okr\u0119gowej w Poznaniu prok. \u0141ukasz Wawrzyniak poinformowa\u0142 we wtorek PAP, \u017ce pod koniec listopada motorniczemu przedstawiono zarzut nieumy\u015blnego spowodowania katastrofy w ruchu l\u0105dowym. &#8222;Podejrzany nie przyzna\u0142 si\u0119 do stawianego zarzutu i kr\u00f3tko o\u015bwiadczy\u0142, \u017ce nie pami\u0119ta tego zdarzenia&#8221; \u2013 powiedzia\u0142 prok. Wawrzyniak.<\/p><\/blockquote>\n\n\n\n<h2 class=\"wp-block-heading\">Nie obserwowa\u0142 przedpola<\/h2>\n\n\n\n<p>Wed\u0142ug \u015bledczych motorniczy doje\u017cd\u017caj\u0105c do przystanku &#8222;nie obserwowa\u0142 nale\u017cycie przedpola jazdy, nie podj\u0105\u0142 hamowania i w konsekwencji uderzy\u0142 w ty\u0142 stoj\u0105cego na przystanku tramwaju linii nr 7&#8221;.<\/p>\n\n\n\n<p>Prok. Wawrzyniak przyzna\u0142, \u017ce \u015bledczy b\u0119d\u0105 bada\u0107, czy m\u0119\u017cczyzna zas\u0142ab\u0142 w czasie jazdy. &#8222;To b\u0119dzie przedmiotem dalszej analizy tego post\u0119powania. Sprowadzili\u015bmy dokumentacj\u0119 medyczn\u0105 podejrzanego. Niewykluczone, \u017ce b\u0119dzie trzeba powo\u0142a\u0107 bieg\u0142ego z Zak\u0142adu Medycyny S\u0105dowej, kt\u00f3ry okre\u015bli, czy podejrzany rzeczywi\u015bcie cierpi na jakie\u015b schorzenia, a je\u017celi tak, to czy te schorzenia mog\u0142y mie\u0107 wp\u0142yw na jego zdolno\u015bci percepcji czy oceny zdarze\u0144 w zwi\u0105zku z t\u0105 katastrof\u0105\u201d \u2013 powiedzia\u0142 prokurator.<\/p>\n\n\n\n<p>Warto\u015b\u0107 spowodowanych zderzeniem uszkodze\u0144 tramwaj\u00f3w wyceniono na co najmniej 4 mln z\u0142.<\/p>\n\n\n\n<p>Motorniczemu grozi do pi\u0119ciu lat wi\u0119zienia.(PAP)<\/p>\n","protected":false},"author":1,"featured_media":235119,"comment_status":"","ping_status":"closed","template":"","categories":[24],"tags":[883,106,375],"class_list":["post-235118","infotram","type-infotram","status-publish","has-post-thumbnail","hentry","category-prawo","tag-motorniczy","tag-poznan","tag-wypadek"],"acf":[],"yoast_head":"<!-- This site is optimized with the Yoast SEO Premium plugin v21.8 (Yoast SEO v23.7) - https:\/\/yoast.com\/wordpress\/plugins\/seo\/ -->\n<title>Motorniczy z Poznania z zarzutem nieumy\u015blnego spowodowania katastrofy w ruchu l\u0105dowym - TransInfo Archiwum<\/title>\n<meta name=\"robots\" content=\"index, follow, max-snippet:-1, max-image-preview:large, max-video-preview:-1\" \/>\n<link rel=\"canonical\" href=\"https:\/\/transinfo.pl\/x\/infotram\/motorniczy-z-poznania-z-zarzutem-nieumyslnego-spowodowania-katastrofy-w-ruchu-ladowym\/\" \/>\n<meta property=\"og:locale\" content=\"pl_PL\" \/>\n<meta property=\"og:type\" content=\"article\" \/>\n<meta property=\"og:title\" content=\"Motorniczy z Poznania z zarzutem nieumy\u015blnego spowodowania katastrofy w ruchu l\u0105dowym\" \/>\n<meta property=\"og:description\" content=\"Do pi\u0119ciu lat wi\u0119zienia grozi motorniczemu, kt\u00f3ry w sierpniu w Poznaniu doprowadzi\u0142 do zderzenia...\" \/>\n<meta property=\"og:url\" content=\"https:\/\/transinfo.pl\/x\/infotram\/motorniczy-z-poznania-z-zarzutem-nieumyslnego-spowodowania-katastrofy-w-ruchu-ladowym\/\" \/>\n<meta property=\"og:site_name\" content=\"TransInfo Archiwum\" \/>\n<meta property=\"og:image\" content=\"http:\/\/default\" \/>\n<meta name=\"twitter:card\" content=\"summary_large_image\" \/>\n<meta name=\"twitter:label1\" content=\"Szacowany czas czytania\" \/>\n\t<meta name=\"twitter:data1\" content=\"2 minuty\" \/>\n<script type=\"application\/ld+json\" class=\"yoast-schema-graph\">{\"@context\":\"https:\/\/schema.org\",\"@graph\":[{\"@type\":\"WebPage\",\"@id\":\"https:\/\/transinfo.pl\/x\/infotram\/motorniczy-z-poznania-z-zarzutem-nieumyslnego-spowodowania-katastrofy-w-ruchu-ladowym\/\",\"url\":\"https:\/\/transinfo.pl\/x\/infotram\/motorniczy-z-poznania-z-zarzutem-nieumyslnego-spowodowania-katastrofy-w-ruchu-ladowym\/\",\"name\":\"Motorniczy z Poznania z zarzutem nieumy\u015blnego spowodowania katastrofy w ruchu l\u0105dowym - TransInfo Archiwum\",\"isPartOf\":{\"@id\":\"https:\/\/transinfo.pl\/x\/#website\"},\"primaryImageOfPage\":{\"@id\":\"https:\/\/transinfo.pl\/x\/infotram\/motorniczy-z-poznania-z-zarzutem-nieumyslnego-spowodowania-katastrofy-w-ruchu-ladowym\/#primaryimage\"},\"image\":{\"@id\":\"https:\/\/transinfo.pl\/x\/infotram\/motorniczy-z-poznania-z-zarzutem-nieumyslnego-spowodowania-katastrofy-w-ruchu-ladowym\/#primaryimage\"},\"thumbnailUrl\":\"https:\/\/transinfo.pl\/x\/wp-content\/uploads\/2022\/01\/wypadek-9.jpg\",\"datePublished\":\"2021-12-08T10:15:00+00:00\",\"dateModified\":\"2021-12-08T10:15:00+00:00\",\"breadcrumb\":{\"@id\":\"https:\/\/transinfo.pl\/x\/infotram\/motorniczy-z-poznania-z-zarzutem-nieumyslnego-spowodowania-katastrofy-w-ruchu-ladowym\/#breadcrumb\"},\"inLanguage\":\"pl-PL\",\"potentialAction\":[{\"@type\":\"ReadAction\",\"target\":[\"https:\/\/transinfo.pl\/x\/infotram\/motorniczy-z-poznania-z-zarzutem-nieumyslnego-spowodowania-katastrofy-w-ruchu-ladowym\/\"]}]},{\"@type\":\"ImageObject\",\"inLanguage\":\"pl-PL\",\"@id\":\"https:\/\/transinfo.pl\/x\/infotram\/motorniczy-z-poznania-z-zarzutem-nieumyslnego-spowodowania-katastrofy-w-ruchu-ladowym\/#primaryimage\",\"url\":\"https:\/\/transinfo.pl\/x\/wp-content\/uploads\/2022\/01\/wypadek-9.jpg\",\"contentUrl\":\"https:\/\/transinfo.pl\/x\/wp-content\/uploads\/2022\/01\/wypadek-9.jpg\"},{\"@type\":\"BreadcrumbList\",\"@id\":\"https:\/\/transinfo.pl\/x\/infotram\/motorniczy-z-poznania-z-zarzutem-nieumyslnego-spowodowania-katastrofy-w-ruchu-ladowym\/#breadcrumb\",\"itemListElement\":[{\"@type\":\"ListItem\",\"position\":1,\"name\":\"Home\",\"item\":\"https:\/\/transinfo.pl\/x\/\"},{\"@type\":\"ListItem\",\"position\":2,\"name\":\"Infotram\",\"item\":\"https:\/\/transinfo.pl\/x\/infotram\/\"},{\"@type\":\"ListItem\",\"position\":3,\"name\":\"Motorniczy z Poznania z zarzutem nieumy\u015blnego spowodowania katastrofy w ruchu l\u0105dowym\"}]},{\"@type\":\"WebSite\",\"@id\":\"https:\/\/transinfo.pl\/x\/#website\",\"url\":\"https:\/\/transinfo.pl\/x\/\",\"name\":\"TransInfo Archiwum\",\"description\":\"Ca\u0142y transport w jednym miejscu\",\"publisher\":{\"@id\":\"https:\/\/transinfo.pl\/x\/#organization\"},\"potentialAction\":[{\"@type\":\"SearchAction\",\"target\":{\"@type\":\"EntryPoint\",\"urlTemplate\":\"https:\/\/transinfo.pl\/x\/?s={search_term_string}\"},\"query-input\":{\"@type\":\"PropertyValueSpecification\",\"valueRequired\":true,\"valueName\":\"search_term_string\"}}],\"inLanguage\":\"pl-PL\"},{\"@type\":\"Organization\",\"@id\":\"https:\/\/transinfo.pl\/x\/#organization\",\"name\":\"TransInfo\",\"url\":\"https:\/\/transinfo.pl\/x\/\",\"logo\":{\"@type\":\"ImageObject\",\"inLanguage\":\"pl-PL\",\"@id\":\"https:\/\/transinfo.pl\/x\/#\/schema\/logo\/image\/\",\"url\":\"https:\/\/transinfo.pl\/x\/wp-content\/uploads\/2024\/10\/favicon.png\",\"contentUrl\":\"https:\/\/transinfo.pl\/x\/wp-content\/uploads\/2024\/10\/favicon.png\",\"width\":512,\"height\":512,\"caption\":\"TransInfo\"},\"image\":{\"@id\":\"https:\/\/transinfo.pl\/x\/#\/schema\/logo\/image\/\"}}]}<\/script>\n<!-- \/ Yoast SEO Premium plugin. -->","yoast_head_json":{"title":"Motorniczy z Poznania z zarzutem nieumy\u015blnego spowodowania katastrofy w ruchu l\u0105dowym - TransInfo Archiwum","robots":{"index":"index","follow":"follow","max-snippet":"max-snippet:-1","max-image-preview":"max-image-preview:large","max-video-preview":"max-video-preview:-1"},"canonical":"https:\/\/transinfo.pl\/x\/infotram\/motorniczy-z-poznania-z-zarzutem-nieumyslnego-spowodowania-katastrofy-w-ruchu-ladowym\/","og_locale":"pl_PL","og_type":"article","og_title":"Motorniczy z Poznania z zarzutem nieumy\u015blnego spowodowania katastrofy w ruchu l\u0105dowym","og_description":"Do pi\u0119ciu lat wi\u0119zienia grozi motorniczemu, kt\u00f3ry w sierpniu w Poznaniu doprowadzi\u0142 do zderzenia...","og_url":"https:\/\/transinfo.pl\/x\/infotram\/motorniczy-z-poznania-z-zarzutem-nieumyslnego-spowodowania-katastrofy-w-ruchu-ladowym\/","og_site_name":"TransInfo Archiwum","og_image":[{"url":"default"}],"twitter_card":"summary_large_image","twitter_misc":{"Szacowany czas czytania":"2 minuty"},"schema":{"@context":"https:\/\/schema.org","@graph":[{"@type":"WebPage","@id":"https:\/\/transinfo.pl\/x\/infotram\/motorniczy-z-poznania-z-zarzutem-nieumyslnego-spowodowania-katastrofy-w-ruchu-ladowym\/","url":"https:\/\/transinfo.pl\/x\/infotram\/motorniczy-z-poznania-z-zarzutem-nieumyslnego-spowodowania-katastrofy-w-ruchu-ladowym\/","name":"Motorniczy z Poznania z zarzutem nieumy\u015blnego spowodowania katastrofy w ruchu l\u0105dowym - TransInfo Archiwum","isPartOf":{"@id":"https:\/\/transinfo.pl\/x\/#website"},"primaryImageOfPage":{"@id":"https:\/\/transinfo.pl\/x\/infotram\/motorniczy-z-poznania-z-zarzutem-nieumyslnego-spowodowania-katastrofy-w-ruchu-ladowym\/#primaryimage"},"image":{"@id":"https:\/\/transinfo.pl\/x\/infotram\/motorniczy-z-poznania-z-zarzutem-nieumyslnego-spowodowania-katastrofy-w-ruchu-ladowym\/#primaryimage"},"thumbnailUrl":"https:\/\/transinfo.pl\/x\/wp-content\/uploads\/2022\/01\/wypadek-9.jpg","datePublished":"2021-12-08T10:15:00+00:00","dateModified":"2021-12-08T10:15:00+00:00","breadcrumb":{"@id":"https:\/\/transinfo.pl\/x\/infotram\/motorniczy-z-poznania-z-zarzutem-nieumyslnego-spowodowania-katastrofy-w-ruchu-ladowym\/#breadcrumb"},"inLanguage":"pl-PL","potentialAction":[{"@type":"ReadAction","target":["https:\/\/transinfo.pl\/x\/infotram\/motorniczy-z-poznania-z-zarzutem-nieumyslnego-spowodowania-katastrofy-w-ruchu-ladowym\/"]}]},{"@type":"ImageObject","inLanguage":"pl-PL","@id":"https:\/\/transinfo.pl\/x\/infotram\/motorniczy-z-poznania-z-zarzutem-nieumyslnego-spowodowania-katastrofy-w-ruchu-ladowym\/#primaryimage","url":"https:\/\/transinfo.pl\/x\/wp-content\/uploads\/2022\/01\/wypadek-9.jpg","contentUrl":"https:\/\/transinfo.pl\/x\/wp-content\/uploads\/2022\/01\/wypadek-9.jpg"},{"@type":"BreadcrumbList","@id":"https:\/\/transinfo.pl\/x\/infotram\/motorniczy-z-poznania-z-zarzutem-nieumyslnego-spowodowania-katastrofy-w-ruchu-ladowym\/#breadcrumb","itemListElement":[{"@type":"ListItem","position":1,"name":"Home","item":"https:\/\/transinfo.pl\/x\/"},{"@type":"ListItem","position":2,"name":"Infotram","item":"https:\/\/transinfo.pl\/x\/infotram\/"},{"@type":"ListItem","position":3,"name":"Motorniczy z Poznania z zarzutem nieumy\u015blnego spowodowania katastrofy w ruchu l\u0105dowym"}]},{"@type":"WebSite","@id":"https:\/\/transinfo.pl\/x\/#website","url":"https:\/\/transinfo.pl\/x\/","name":"TransInfo Archiwum","description":"Ca\u0142y transport w jednym miejscu","publisher":{"@id":"https:\/\/transinfo.pl\/x\/#organization"},"potentialAction":[{"@type":"SearchAction","target":{"@type":"EntryPoint","urlTemplate":"https:\/\/transinfo.pl\/x\/?s={search_term_string}"},"query-input":{"@type":"PropertyValueSpecification","valueRequired":true,"valueName":"search_term_string"}}],"inLanguage":"pl-PL"},{"@type":"Organization","@id":"https:\/\/transinfo.pl\/x\/#organization","name":"TransInfo","url":"https:\/\/transinfo.pl\/x\/","logo":{"@type":"ImageObject","inLanguage":"pl-PL","@id":"https:\/\/transinfo.pl\/x\/#\/schema\/logo\/image\/","url":"https:\/\/transinfo.pl\/x\/wp-content\/uploads\/2024\/10\/favicon.png","contentUrl":"https:\/\/transinfo.pl\/x\/wp-content\/uploads\/2024\/10\/favicon.png","width":512,"height":512,"caption":"TransInfo"},"image":{"@id":"https:\/\/transinfo.pl\/x\/#\/schema\/logo\/image\/"}}]}},"_links":{"self":[{"href":"https:\/\/transinfo.pl\/x\/wp-json\/wp\/v2\/infotram\/235118","targetHints":{"allow":["GET"]}}],"collection":[{"href":"https:\/\/transinfo.pl\/x\/wp-json\/wp\/v2\/infotram"}],"about":[{"href":"https:\/\/transinfo.pl\/x\/wp-json\/wp\/v2\/types\/infotram"}],"author":[{"embeddable":true,"href":"https:\/\/transinfo.pl\/x\/wp-json\/wp\/v2\/users\/1"}],"replies":[{"embeddable":true,"href":"https:\/\/transinfo.pl\/x\/wp-json\/wp\/v2\/comments?post=235118"}],"wp:featuredmedia":[{"embeddable":true,"href":"https:\/\/transinfo.pl\/x\/wp-json\/wp\/v2\/media\/235119"}],"wp:attachment":[{"href":"https:\/\/transinfo.pl\/x\/wp-json\/wp\/v2\/media?parent=235118"}],"wp:term":[{"taxonomy":"category","embeddable":true,"href":"https:\/\/transinfo.pl\/x\/wp-json\/wp\/v2\/categories?post=235118"},{"taxonomy":"post_tag","embeddable":true,"href":"https:\/\/transinfo.pl\/x\/wp-json\/wp\/v2\/tags?post=235118"}],"curies":[{"name":"wp","href":"https:\/\/api.w.org\/{rel}","templated":true}]}}