{"id":230651,"date":"2021-08-09T14:45:00","date_gmt":"2021-08-09T14:45:00","guid":{"rendered":"https:\/\/transinfo.pl\/x\/infotram\/wszczeto-sledztwo-ws-zderzenia-tramwajow-w-poznaniu\/"},"modified":"2021-08-09T14:45:00","modified_gmt":"2021-08-09T14:45:00","slug":"wszczeto-sledztwo-ws-zderzenia-tramwajow-w-poznaniu","status":"publish","type":"infotram","link":"https:\/\/transinfo.pl\/x\/infotram\/wszczeto-sledztwo-ws-zderzenia-tramwajow-w-poznaniu\/","title":{"rendered":"Wszcz\u0119to \u015bledztwo ws. zderzenia tramwaj\u00f3w w Poznaniu"},"content":{"rendered":"<style>h1,h2,h3,h4,h5,h6{margin:0 0 1.25rem;font-family:Arial,sans-serif;font-weight:600;color:#050505}h1{font-size:1.875rem;line-height:1.1em;text-transform:none}@media(min-width: 768px){h1{font-size:2.375rem}}h2{font-size:1.1875rem;line-height:1.2em;text-transform:uppercase}@media(min-width: 768px){h2{font-size:1.0625rem}}h3{font-size:0.9375rem;line-height:1.4em;font-weight:900;margin-bottom:0.9375rem}h4{font-size:0.875rem;line-height:1.2em;font-weight:500}h5{font-size:0.9375rem;line-height:1.6;font-weight:400}h6{font-size:0.9375rem;line-height:1.6;font-weight:600}\n<\/style>\n<h6 class=\"wp-block-heading\">Pozna\u0144ska policja bada pod nadzorem prokuratury okoliczno\u015bci zderzenia tramwaj\u00f3w, do kt\u00f3rego dosz\u0142o w czwartek oko\u0142o po\u0142udnia w Poznaniu. W zdarzeniu poszkodowanych zosta\u0142o 31 os\u00f3b.<\/h6>\n\n\n<style>p{margin:0 0 1.5rem}p:last-child{margin:0}p.is-style-uppercase{text-transform:uppercase}p.is-style-preheading{color:#12406a;text-transform:uppercase}p.is-style-leadparagraph{font-size:1rem;line-height:1.625;font-weight:700}@media(min-width: 768px){p.is-style-leadparagraph{font-size:1.125rem;line-height:1.5555555556}}p.has-small-margin{margin-bottom:0.625rem}p.has-small-margin+h1,p.has-small-margin+h2,p.has-small-margin+h3{margin-top:1.875rem}\n<\/style>\n<p>Rzecznik prasowy Prokuratury Okr\u0119gowej w Poznaniu prok. \u0141ukasz Wawrzyniak powiedzia\u0142 PAP, \u017ce wszcz\u0119te w pi\u0105tek \u015bledztwo prowadzone jest pod k\u0105tem mo\u017cliwo\u015bci sprowadzenia katastrofy w ruchu l\u0105dowym. Ewentualnym winnym grozi kara do 10 lat wi\u0119zienia.<\/p>\n\n\n\n<h2 class=\"wp-block-heading\">Materia\u0142 dowodowy<\/h2>\n\n\n\n<p>Rzecznik poda\u0142, \u017ce w ramach post\u0119powania gromadzony jest materia\u0142 dowodowy, ustalani s\u0105 \u015bwiadkowie zdarzenia. Wiadomo, \u017ce obaj kieruj\u0105cy tramwajami byli trze\u017awi.<\/p>\n\n\n\n<p>Sier\u017c. sztab. Marta Mr\u00f3z z biura prasowego pozna\u0144skiej policji powiedzia\u0142a PAP w pi\u0105tek, \u017ce zabezpieczone zosta\u0142y ju\u017c nagrania z miejskiego systemu monitoringu wizyjnego oraz rejestratory jazdy z tramwaj\u00f3w. Jak doda\u0142a, w ramach post\u0119powania zweryfikowane zostanie m.in., czy powodem zderzenia tramwaj\u00f3w nie by\u0142a usterka techniczna.<\/p>\n\n\n\n<h2 class=\"wp-block-heading\">Wst\u0119pne ustalenia<\/h2>\n\n\n\n<p>Do zdarzenia dosz\u0142o w czwartek (5 sierpnia 2021 roku) przed po\u0142udniem przy rondzie Staro\u0142\u0119ka. Ze wst\u0119pnych ustale\u0144 wynika, \u017ce motorniczy kieruj\u0105cy tramwajem linii nr 12 najecha\u0142 na ty\u0142 poprzedzaj\u0105cego go tramwaju linii nr 7. Poszkodowanych zosta\u0142o 31 os\u00f3b, blisko 30 os\u00f3b trafi\u0142o do szpitali; cz\u0119\u015b\u0107 poszkodowanych jeszcze w czwartek opu\u015bci\u0142a lecznice.<\/p>\n\n\n\n<p>W czwartek w\u0142adze miasta informowa\u0142y, \u017ce w zdarzeniu ci\u0119\u017cko ranne zosta\u0142y dwie osoby, kolejnych pi\u0119\u0107 os\u00f3b jest \u015brednio rannych.<\/p>\n\n\n\n<p>Motorniczy kieruj\u0105cy pojazdem, kt\u00f3ry mia\u0142 najecha\u0107 na ty\u0142 drugiego tramwaju, by\u0142 pracownikiem MPK z wieloletnim do\u015bwiadczeniem; w chwili zdarzenia by\u0142 trze\u017awy. (PAP)<\/p>\n","protected":false},"author":1,"featured_media":230652,"comment_status":"","ping_status":"closed","template":"","categories":[24],"tags":[883,106,375],"class_list":["post-230651","infotram","type-infotram","status-publish","has-post-thumbnail","hentry","category-prawo","tag-motorniczy","tag-poznan","tag-wypadek"],"acf":[],"yoast_head":"<!-- This site is optimized with the Yoast SEO Premium plugin v21.8 (Yoast SEO v23.7) - https:\/\/yoast.com\/wordpress\/plugins\/seo\/ -->\n<title>Wszcz\u0119to \u015bledztwo ws. zderzenia tramwaj\u00f3w w Poznaniu - TransInfo Archiwum<\/title>\n<meta name=\"robots\" content=\"index, follow, max-snippet:-1, max-image-preview:large, max-video-preview:-1\" \/>\n<link rel=\"canonical\" href=\"https:\/\/transinfo.pl\/x\/infotram\/wszczeto-sledztwo-ws-zderzenia-tramwajow-w-poznaniu\/\" \/>\n<meta property=\"og:locale\" content=\"pl_PL\" \/>\n<meta property=\"og:type\" content=\"article\" \/>\n<meta property=\"og:title\" content=\"Wszcz\u0119to \u015bledztwo ws. zderzenia tramwaj\u00f3w w Poznaniu\" \/>\n<meta property=\"og:description\" content=\"Pozna\u0144ska policja bada pod nadzorem prokuratury okoliczno\u015bci zderzenia tramwaj\u00f3w, do kt\u00f3rego dosz\u0142o w czwartek...\" \/>\n<meta property=\"og:url\" content=\"https:\/\/transinfo.pl\/x\/infotram\/wszczeto-sledztwo-ws-zderzenia-tramwajow-w-poznaniu\/\" \/>\n<meta property=\"og:site_name\" content=\"TransInfo Archiwum\" \/>\n<meta property=\"og:image\" content=\"http:\/\/default\" \/>\n<meta name=\"twitter:card\" content=\"summary_large_image\" \/>\n<meta name=\"twitter:label1\" content=\"Szacowany czas czytania\" \/>\n\t<meta name=\"twitter:data1\" content=\"1 minuta\" \/>\n<script type=\"application\/ld+json\" class=\"yoast-schema-graph\">{\"@context\":\"https:\/\/schema.org\",\"@graph\":[{\"@type\":\"WebPage\",\"@id\":\"https:\/\/transinfo.pl\/x\/infotram\/wszczeto-sledztwo-ws-zderzenia-tramwajow-w-poznaniu\/\",\"url\":\"https:\/\/transinfo.pl\/x\/infotram\/wszczeto-sledztwo-ws-zderzenia-tramwajow-w-poznaniu\/\",\"name\":\"Wszcz\u0119to \u015bledztwo ws. zderzenia tramwaj\u00f3w w Poznaniu - TransInfo Archiwum\",\"isPartOf\":{\"@id\":\"https:\/\/transinfo.pl\/x\/#website\"},\"primaryImageOfPage\":{\"@id\":\"https:\/\/transinfo.pl\/x\/infotram\/wszczeto-sledztwo-ws-zderzenia-tramwajow-w-poznaniu\/#primaryimage\"},\"image\":{\"@id\":\"https:\/\/transinfo.pl\/x\/infotram\/wszczeto-sledztwo-ws-zderzenia-tramwajow-w-poznaniu\/#primaryimage\"},\"thumbnailUrl\":\"https:\/\/transinfo.pl\/x\/wp-content\/uploads\/2022\/01\/poznan-1.jpg\",\"datePublished\":\"2021-08-09T14:45:00+00:00\",\"dateModified\":\"2021-08-09T14:45:00+00:00\",\"breadcrumb\":{\"@id\":\"https:\/\/transinfo.pl\/x\/infotram\/wszczeto-sledztwo-ws-zderzenia-tramwajow-w-poznaniu\/#breadcrumb\"},\"inLanguage\":\"pl-PL\",\"potentialAction\":[{\"@type\":\"ReadAction\",\"target\":[\"https:\/\/transinfo.pl\/x\/infotram\/wszczeto-sledztwo-ws-zderzenia-tramwajow-w-poznaniu\/\"]}]},{\"@type\":\"ImageObject\",\"inLanguage\":\"pl-PL\",\"@id\":\"https:\/\/transinfo.pl\/x\/infotram\/wszczeto-sledztwo-ws-zderzenia-tramwajow-w-poznaniu\/#primaryimage\",\"url\":\"https:\/\/transinfo.pl\/x\/wp-content\/uploads\/2022\/01\/poznan-1.jpg\",\"contentUrl\":\"https:\/\/transinfo.pl\/x\/wp-content\/uploads\/2022\/01\/poznan-1.jpg\"},{\"@type\":\"BreadcrumbList\",\"@id\":\"https:\/\/transinfo.pl\/x\/infotram\/wszczeto-sledztwo-ws-zderzenia-tramwajow-w-poznaniu\/#breadcrumb\",\"itemListElement\":[{\"@type\":\"ListItem\",\"position\":1,\"name\":\"Home\",\"item\":\"https:\/\/transinfo.pl\/x\/\"},{\"@type\":\"ListItem\",\"position\":2,\"name\":\"Infotram\",\"item\":\"https:\/\/transinfo.pl\/x\/infotram\/\"},{\"@type\":\"ListItem\",\"position\":3,\"name\":\"Wszcz\u0119to \u015bledztwo ws. zderzenia tramwaj\u00f3w w Poznaniu\"}]},{\"@type\":\"WebSite\",\"@id\":\"https:\/\/transinfo.pl\/x\/#website\",\"url\":\"https:\/\/transinfo.pl\/x\/\",\"name\":\"TransInfo Archiwum\",\"description\":\"Ca\u0142y transport w jednym miejscu\",\"publisher\":{\"@id\":\"https:\/\/transinfo.pl\/x\/#organization\"},\"potentialAction\":[{\"@type\":\"SearchAction\",\"target\":{\"@type\":\"EntryPoint\",\"urlTemplate\":\"https:\/\/transinfo.pl\/x\/?s={search_term_string}\"},\"query-input\":{\"@type\":\"PropertyValueSpecification\",\"valueRequired\":true,\"valueName\":\"search_term_string\"}}],\"inLanguage\":\"pl-PL\"},{\"@type\":\"Organization\",\"@id\":\"https:\/\/transinfo.pl\/x\/#organization\",\"name\":\"TransInfo\",\"url\":\"https:\/\/transinfo.pl\/x\/\",\"logo\":{\"@type\":\"ImageObject\",\"inLanguage\":\"pl-PL\",\"@id\":\"https:\/\/transinfo.pl\/x\/#\/schema\/logo\/image\/\",\"url\":\"https:\/\/transinfo.pl\/x\/wp-content\/uploads\/2024\/10\/favicon.png\",\"contentUrl\":\"https:\/\/transinfo.pl\/x\/wp-content\/uploads\/2024\/10\/favicon.png\",\"width\":512,\"height\":512,\"caption\":\"TransInfo\"},\"image\":{\"@id\":\"https:\/\/transinfo.pl\/x\/#\/schema\/logo\/image\/\"}}]}<\/script>\n<!-- \/ Yoast SEO Premium plugin. -->","yoast_head_json":{"title":"Wszcz\u0119to \u015bledztwo ws. zderzenia tramwaj\u00f3w w Poznaniu - TransInfo Archiwum","robots":{"index":"index","follow":"follow","max-snippet":"max-snippet:-1","max-image-preview":"max-image-preview:large","max-video-preview":"max-video-preview:-1"},"canonical":"https:\/\/transinfo.pl\/x\/infotram\/wszczeto-sledztwo-ws-zderzenia-tramwajow-w-poznaniu\/","og_locale":"pl_PL","og_type":"article","og_title":"Wszcz\u0119to \u015bledztwo ws. zderzenia tramwaj\u00f3w w Poznaniu","og_description":"Pozna\u0144ska policja bada pod nadzorem prokuratury okoliczno\u015bci zderzenia tramwaj\u00f3w, do kt\u00f3rego dosz\u0142o w czwartek...","og_url":"https:\/\/transinfo.pl\/x\/infotram\/wszczeto-sledztwo-ws-zderzenia-tramwajow-w-poznaniu\/","og_site_name":"TransInfo Archiwum","og_image":[{"url":"default"}],"twitter_card":"summary_large_image","twitter_misc":{"Szacowany czas czytania":"1 minuta"},"schema":{"@context":"https:\/\/schema.org","@graph":[{"@type":"WebPage","@id":"https:\/\/transinfo.pl\/x\/infotram\/wszczeto-sledztwo-ws-zderzenia-tramwajow-w-poznaniu\/","url":"https:\/\/transinfo.pl\/x\/infotram\/wszczeto-sledztwo-ws-zderzenia-tramwajow-w-poznaniu\/","name":"Wszcz\u0119to \u015bledztwo ws. zderzenia tramwaj\u00f3w w Poznaniu - TransInfo Archiwum","isPartOf":{"@id":"https:\/\/transinfo.pl\/x\/#website"},"primaryImageOfPage":{"@id":"https:\/\/transinfo.pl\/x\/infotram\/wszczeto-sledztwo-ws-zderzenia-tramwajow-w-poznaniu\/#primaryimage"},"image":{"@id":"https:\/\/transinfo.pl\/x\/infotram\/wszczeto-sledztwo-ws-zderzenia-tramwajow-w-poznaniu\/#primaryimage"},"thumbnailUrl":"https:\/\/transinfo.pl\/x\/wp-content\/uploads\/2022\/01\/poznan-1.jpg","datePublished":"2021-08-09T14:45:00+00:00","dateModified":"2021-08-09T14:45:00+00:00","breadcrumb":{"@id":"https:\/\/transinfo.pl\/x\/infotram\/wszczeto-sledztwo-ws-zderzenia-tramwajow-w-poznaniu\/#breadcrumb"},"inLanguage":"pl-PL","potentialAction":[{"@type":"ReadAction","target":["https:\/\/transinfo.pl\/x\/infotram\/wszczeto-sledztwo-ws-zderzenia-tramwajow-w-poznaniu\/"]}]},{"@type":"ImageObject","inLanguage":"pl-PL","@id":"https:\/\/transinfo.pl\/x\/infotram\/wszczeto-sledztwo-ws-zderzenia-tramwajow-w-poznaniu\/#primaryimage","url":"https:\/\/transinfo.pl\/x\/wp-content\/uploads\/2022\/01\/poznan-1.jpg","contentUrl":"https:\/\/transinfo.pl\/x\/wp-content\/uploads\/2022\/01\/poznan-1.jpg"},{"@type":"BreadcrumbList","@id":"https:\/\/transinfo.pl\/x\/infotram\/wszczeto-sledztwo-ws-zderzenia-tramwajow-w-poznaniu\/#breadcrumb","itemListElement":[{"@type":"ListItem","position":1,"name":"Home","item":"https:\/\/transinfo.pl\/x\/"},{"@type":"ListItem","position":2,"name":"Infotram","item":"https:\/\/transinfo.pl\/x\/infotram\/"},{"@type":"ListItem","position":3,"name":"Wszcz\u0119to \u015bledztwo ws. zderzenia tramwaj\u00f3w w Poznaniu"}]},{"@type":"WebSite","@id":"https:\/\/transinfo.pl\/x\/#website","url":"https:\/\/transinfo.pl\/x\/","name":"TransInfo Archiwum","description":"Ca\u0142y transport w jednym miejscu","publisher":{"@id":"https:\/\/transinfo.pl\/x\/#organization"},"potentialAction":[{"@type":"SearchAction","target":{"@type":"EntryPoint","urlTemplate":"https:\/\/transinfo.pl\/x\/?s={search_term_string}"},"query-input":{"@type":"PropertyValueSpecification","valueRequired":true,"valueName":"search_term_string"}}],"inLanguage":"pl-PL"},{"@type":"Organization","@id":"https:\/\/transinfo.pl\/x\/#organization","name":"TransInfo","url":"https:\/\/transinfo.pl\/x\/","logo":{"@type":"ImageObject","inLanguage":"pl-PL","@id":"https:\/\/transinfo.pl\/x\/#\/schema\/logo\/image\/","url":"https:\/\/transinfo.pl\/x\/wp-content\/uploads\/2024\/10\/favicon.png","contentUrl":"https:\/\/transinfo.pl\/x\/wp-content\/uploads\/2024\/10\/favicon.png","width":512,"height":512,"caption":"TransInfo"},"image":{"@id":"https:\/\/transinfo.pl\/x\/#\/schema\/logo\/image\/"}}]}},"_links":{"self":[{"href":"https:\/\/transinfo.pl\/x\/wp-json\/wp\/v2\/infotram\/230651","targetHints":{"allow":["GET"]}}],"collection":[{"href":"https:\/\/transinfo.pl\/x\/wp-json\/wp\/v2\/infotram"}],"about":[{"href":"https:\/\/transinfo.pl\/x\/wp-json\/wp\/v2\/types\/infotram"}],"author":[{"embeddable":true,"href":"https:\/\/transinfo.pl\/x\/wp-json\/wp\/v2\/users\/1"}],"replies":[{"embeddable":true,"href":"https:\/\/transinfo.pl\/x\/wp-json\/wp\/v2\/comments?post=230651"}],"wp:featuredmedia":[{"embeddable":true,"href":"https:\/\/transinfo.pl\/x\/wp-json\/wp\/v2\/media\/230652"}],"wp:attachment":[{"href":"https:\/\/transinfo.pl\/x\/wp-json\/wp\/v2\/media?parent=230651"}],"wp:term":[{"taxonomy":"category","embeddable":true,"href":"https:\/\/transinfo.pl\/x\/wp-json\/wp\/v2\/categories?post=230651"},{"taxonomy":"post_tag","embeddable":true,"href":"https:\/\/transinfo.pl\/x\/wp-json\/wp\/v2\/tags?post=230651"}],"curies":[{"name":"wp","href":"https:\/\/api.w.org\/{rel}","templated":true}]}}