{"id":267701,"date":"2024-04-11T16:45:00","date_gmt":"2024-04-11T16:45:00","guid":{"rendered":"https:\/\/transinfo.pl\/x\/inforail\/kilka-miesiecy-bez-przejazdu-kolejowego-w-radzionkowie\/"},"modified":"2024-04-11T16:45:00","modified_gmt":"2024-04-11T16:45:00","slug":"kilka-miesiecy-bez-przejazdu-kolejowego-w-radzionkowie","status":"publish","type":"inforail","link":"https:\/\/transinfo.pl\/x\/inforail\/kilka-miesiecy-bez-przejazdu-kolejowego-w-radzionkowie\/","title":{"rendered":"Kilka miesi\u0119cy bez przejazdu kolejowego. W Radzionkowie"},"content":{"rendered":"<style>h1,h2,h3,h4,h5,h6{margin:0 0 1.25rem;font-family:Arial,sans-serif;font-weight:600;color:#050505}h1{font-size:1.875rem;line-height:1.1em;text-transform:none}@media(min-width: 768px){h1{font-size:2.375rem}}h2{font-size:1.1875rem;line-height:1.2em;text-transform:uppercase}@media(min-width: 768px){h2{font-size:1.0625rem}}h3{font-size:0.9375rem;line-height:1.4em;font-weight:900;margin-bottom:0.9375rem}h4{font-size:0.875rem;line-height:1.2em;font-weight:500}h5{font-size:0.9375rem;line-height:1.6;font-weight:400}h6{font-size:0.9375rem;line-height:1.6;font-weight:600}\n<\/style>\n<h3 class=\"wp-block-heading\" id=\"h-pkp-plk-poinformowalo-ze-w-piatek-12-kwietnia-2024-roku-wieczorem-rozpoczna-sie-prace-na-przejezdzie-kolejowym-na-ul-sw-wojciecha-w-radzionkowie\">PKP PLK poinformowa\u0142o, \u017ce w pi\u0105tek, 12 kwietnia 2024 roku, wieczorem rozpoczn\u0105 si\u0119 prace na przeje\u017adzie kolejowym na ul. \u015aw. Wojciecha w Radzionkowie.<\/h3>\n\n\n<style>p{margin:0 0 1.5rem}p:last-child{margin:0}p.is-style-uppercase{text-transform:uppercase}p.is-style-preheading{color:#12406a;text-transform:uppercase}p.is-style-leadparagraph{font-size:1rem;line-height:1.625;font-weight:700}@media(min-width: 768px){p.is-style-leadparagraph{font-size:1.125rem;line-height:1.5555555556}}p.has-small-margin{margin-bottom:0.625rem}p.has-small-margin+h1,p.has-small-margin+h2,p.has-small-margin+h3{margin-top:1.875rem}\n<\/style>\n<p>Ma on zosta\u0107 zamkni\u0119ty do ko\u0144ca 2024 r. W\u00f3wczas planowane jest otwarcie tunelu pod torami kolejowymi, kt\u00f3ry zast\u0105pi przejazd z rogatkami.<\/p>\n\n\n\n<h2 class=\"wp-block-heading\" id=\"h-szybciej-przez-tory\">Szybciej przez tory<\/h2>\n\n\n<style>.wp-block-quote{border-left:0.1875rem solid var(--page-color);font-size:1rem;font-style:italic;margin:0 0 1.6875rem;padding:1.25rem}.wp-block-quote cite{color:#050505}.wp-block-quote.is-style-large p{margin-bottom:10px}.wp-block-quote.is-style-large cite{color:#12406a}\n<\/style>\n<blockquote class=\"wp-block-quote is-layout-flow wp-block-quote-is-layout-flow\">\n<p>\u201eNowe rozwi\u0105zanie usprawni komunikacj\u0119 drogow\u0105 i skr\u00f3ci czas przejazdu na drug\u0105 stron\u0119 tor\u00f3w &#8211; bez konieczno\u015bci oczekiwania na przeje\u017adzie kolejowo-drogowym\u201d \u2013 wskaza\u0142a rzeczniczka PKP Polskich Linii Kolejowych Katarzyna G\u0142owacka w informacji o zmianie organizacji ruchu.<\/p>\n<\/blockquote>\n\n\n\n<p>W czasie rob\u00f3t kierowcy b\u0119d\u0105 mogli skorzysta\u0107 z przejazd\u00f3w na ul. Jana Ku\u017caja (Radzionk\u00f3w &#8211; Rojca) i Jana Zejera (Radzionk\u00f3w \u2013 Ksi\u0119\u017ca G\u00f3ra). Natomiast pasa\u017cerowie autobus\u00f3w od soboty musz\u0105 liczy\u0107 si\u0119 ze zmianami w kursowaniu linii 17 i 173.<\/p>\n\n\n\n<p>Zwi\u0105zek Transportu Metropolitalnego poinformowa\u0142, \u017ce autobusy linii 17 nie b\u0119d\u0105 obs\u0142ugiwa\u0142y dotychczasowych przystank\u00f3w od Radzionk\u00f3w Dworzec PKP do D\u0105browa Miejska Ko\u015bci\u00f3\u0142. Zamiast tego pojad\u0105 tras\u0105: Orzech Kolejowa N\u017b \u2013 Radzionk\u00f3w Anieli Krzywo\u0144 31 \u2013 Szarlej Przemys\u0142owa \u2013 Szarlej Dworzec PKP \u2013 Bytom Dworska N\u017b \u2013 Bytom Baza Transportowa N\u017b \u2013 Bytom Dom Pogrzebowy \u2013 Bytom Odrza\u0144ska N\u017b.<\/p>\n\n\n\n<p>Z kolei autobusy linii 173 omin\u0105 przystanki od Radzionk\u00f3w Dworzec PKP do Stroszek Stadion. Zamiast tego pojad\u0105 tras\u0105: Stroszek Narutowicza \u2013 Rojca Sikorskiego \u2013 Rojca Nieznanego \u017bo\u0142nierza \u2013 Rojca Muzeum Chleba N\u017b \u2013 Rojca Baza Paliw \u2013 Rojca Szarlejka \u2013 Szarlej Dworzec PKP \u2013 Szarlej Przemys\u0142owa \u2013 Radzionk\u00f3w Anieli Krzywo\u0144 \u2013 Orzech Kolejowa N\u017b.<\/p>\n\n\n\n<p>Na terenie Radzionkowa kursowa\u0142a b\u0119dzie linia zast\u0119pcza 741. Obs\u0142u\u017cy tras\u0119: Radzionk\u00f3w Dworzec PKP \u2013 Radzionk\u00f3w Norwida \u2013 Radzionk\u00f3w Knosa\u0142y \u2013 Radzionk\u00f3w Pl. Letoch\u00f3w \u2013 Radzionk\u00f3w Targowisko \u2013 Radzionk\u00f3w Plac Letoch\u00f3w \u2013 Radzionk\u00f3w Anieli Krzywo\u0144 31. B\u0119dzie funkcjonowa\u0142a tak\u017ce w ruchu okr\u0119\u017cnym: Radzionk\u00f3w Anieli Krzywo\u0144 31 \u2013 Radzionk\u00f3w Ko\u015bci\u00f3\u0142 \u2013 Radzionk\u00f3w \u015aw. Wojciecha N\u017b \u2013 Radzionk\u00f3w Norwida \u2013 Radzionk\u00f3w Knosa\u0142y \u2013 Radzionk\u00f3w Pl. Letoch\u00f3w \u2013 Radzionk\u00f3w Targowisko \u2013 Radzionk\u00f3w Pl. Letoch\u00f3w \u2013 Radzionk\u00f3w Anieli Krzywo\u0144 31.<\/p>\n\n\n\n<p>Wiadukt na ul. Jana Zejera zosta\u0142 ju\u017c cz\u0119\u015bciowo przebudowany, ale przejazd pod nim jest obecnie mo\u017cliwy tylko jednym pasem. PKP PLK nie zako\u0144czy\u0142o jeszcze prac nad jego poszerzeniem.<\/p>\n\n\n\n<p>Dodatkowo Urz\u0105d Miasta Radzionk\u00f3w zapowiedzia\u0142 wyburzenie jednego z budynk\u00f3w pomi\u0119dzy ul. \u015aw. Wojciecha i wiaduktem, aby poszerzy\u0107 w\u0105sk\u0105 jezdni\u0119, na kt\u00f3rej ruch od lat odbywa si\u0119 wahad\u0142owo. Trwa procedura zwi\u0105zana z wyborem wykonawcy.<\/p>\n\n\n\n<p>Prowadzone w Radzionkowie prace to cz\u0119\u015b\u0107 przebudowy linii kolejowej 131 Chorz\u00f3w Batory \u2013 Nak\u0142o \u015al\u0105skie, czyli tzw. magistrali w\u0119glowej w centralnej cz\u0119\u015bci woj. \u015bl\u0105skiego. Ca\u0142a inwestycja jest warta ponad 1,5 mld z\u0142. (PAP).<\/p>\n","protected":false},"author":3,"featured_media":267702,"comment_status":"","ping_status":"closed","template":"","categories":[23],"tags":[100,2948,4840,229,260],"class_list":["post-267701","inforail","type-inforail","status-publish","has-post-thumbnail","hentry","category-infrastruktura","tag-pkp-plk","tag-przejazd-kolejowy","tag-radzionkow","tag-slaskie","tag-tunel"],"acf":[],"yoast_head":"<!-- This site is optimized with the Yoast SEO Premium plugin v21.8 (Yoast SEO v23.7) - https:\/\/yoast.com\/wordpress\/plugins\/seo\/ -->\n<title>Kilka miesi\u0119cy bez przejazdu kolejowego. W Radzionkowie - TransInfo Archiwum<\/title>\n<meta name=\"description\" content=\"PKP PLK poinformowa\u0142o, \u017ce w pi\u0105tek, 12 kwietnia 2024 roku, wieczorem rozpoczn\u0105 si\u0119 prace na przeje\u017adzie kolejowym w Radzionkowie.\" \/>\n<meta name=\"robots\" content=\"index, follow, max-snippet:-1, max-image-preview:large, max-video-preview:-1\" \/>\n<link rel=\"canonical\" href=\"https:\/\/transinfo.pl\/x\/inforail\/kilka-miesiecy-bez-przejazdu-kolejowego-w-radzionkowie\/\" \/>\n<meta property=\"og:locale\" content=\"pl_PL\" \/>\n<meta property=\"og:type\" content=\"article\" \/>\n<meta property=\"og:title\" content=\"Kilka miesi\u0119cy bez przejazdu kolejowego. W Radzionkowie\" \/>\n<meta property=\"og:description\" content=\"PKP PLK poinformowa\u0142o, \u017ce w pi\u0105tek, 12 kwietnia 2024 roku, wieczorem rozpoczn\u0105 si\u0119 prace na przeje\u017adzie kolejowym w Radzionkowie.\" \/>\n<meta property=\"og:url\" content=\"https:\/\/transinfo.pl\/x\/inforail\/kilka-miesiecy-bez-przejazdu-kolejowego-w-radzionkowie\/\" \/>\n<meta property=\"og:site_name\" content=\"TransInfo Archiwum\" \/>\n<meta property=\"og:image\" content=\"https:\/\/transinfo.pl\/x\/wp-content\/uploads\/2024\/04\/csm_Krzyz_sw._Andrzeja_u_sygnalizator_swietlny_na_przejezdzie_kolejowo-drogowym__fot._PLK_938728de5c-1.jpg\" \/>\n\t<meta property=\"og:image:width\" content=\"1\" \/>\n\t<meta property=\"og:image:height\" content=\"1\" \/>\n\t<meta property=\"og:image:type\" content=\"image\/jpeg\" \/>\n<meta name=\"twitter:card\" content=\"summary_large_image\" \/>\n<meta name=\"twitter:label1\" content=\"Szacowany czas czytania\" \/>\n\t<meta name=\"twitter:data1\" content=\"2 minuty\" \/>\n<script type=\"application\/ld+json\" class=\"yoast-schema-graph\">{\"@context\":\"https:\/\/schema.org\",\"@graph\":[{\"@type\":\"WebPage\",\"@id\":\"https:\/\/transinfo.pl\/x\/inforail\/kilka-miesiecy-bez-przejazdu-kolejowego-w-radzionkowie\/\",\"url\":\"https:\/\/transinfo.pl\/x\/inforail\/kilka-miesiecy-bez-przejazdu-kolejowego-w-radzionkowie\/\",\"name\":\"Kilka miesi\u0119cy bez przejazdu kolejowego. W Radzionkowie - TransInfo Archiwum\",\"isPartOf\":{\"@id\":\"https:\/\/transinfo.pl\/x\/#website\"},\"primaryImageOfPage\":{\"@id\":\"https:\/\/transinfo.pl\/x\/inforail\/kilka-miesiecy-bez-przejazdu-kolejowego-w-radzionkowie\/#primaryimage\"},\"image\":{\"@id\":\"https:\/\/transinfo.pl\/x\/inforail\/kilka-miesiecy-bez-przejazdu-kolejowego-w-radzionkowie\/#primaryimage\"},\"thumbnailUrl\":\"https:\/\/transinfo.pl\/x\/wp-content\/uploads\/2024\/04\/csm_Krzyz_sw._Andrzeja_u_sygnalizator_swietlny_na_przejezdzie_kolejowo-drogowym__fot._PLK_938728de5c-1.jpg\",\"datePublished\":\"2024-04-11T16:45:00+00:00\",\"dateModified\":\"2024-04-11T16:45:00+00:00\",\"description\":\"PKP PLK poinformowa\u0142o, \u017ce w pi\u0105tek, 12 kwietnia 2024 roku, wieczorem rozpoczn\u0105 si\u0119 prace na przeje\u017adzie kolejowym w Radzionkowie.\",\"breadcrumb\":{\"@id\":\"https:\/\/transinfo.pl\/x\/inforail\/kilka-miesiecy-bez-przejazdu-kolejowego-w-radzionkowie\/#breadcrumb\"},\"inLanguage\":\"pl-PL\",\"potentialAction\":[{\"@type\":\"ReadAction\",\"target\":[\"https:\/\/transinfo.pl\/x\/inforail\/kilka-miesiecy-bez-przejazdu-kolejowego-w-radzionkowie\/\"]}]},{\"@type\":\"ImageObject\",\"inLanguage\":\"pl-PL\",\"@id\":\"https:\/\/transinfo.pl\/x\/inforail\/kilka-miesiecy-bez-przejazdu-kolejowego-w-radzionkowie\/#primaryimage\",\"url\":\"https:\/\/transinfo.pl\/x\/wp-content\/uploads\/2024\/04\/csm_Krzyz_sw._Andrzeja_u_sygnalizator_swietlny_na_przejezdzie_kolejowo-drogowym__fot._PLK_938728de5c-1.jpg\",\"contentUrl\":\"https:\/\/transinfo.pl\/x\/wp-content\/uploads\/2024\/04\/csm_Krzyz_sw._Andrzeja_u_sygnalizator_swietlny_na_przejezdzie_kolejowo-drogowym__fot._PLK_938728de5c-1.jpg\"},{\"@type\":\"BreadcrumbList\",\"@id\":\"https:\/\/transinfo.pl\/x\/inforail\/kilka-miesiecy-bez-przejazdu-kolejowego-w-radzionkowie\/#breadcrumb\",\"itemListElement\":[{\"@type\":\"ListItem\",\"position\":1,\"name\":\"Home\",\"item\":\"https:\/\/transinfo.pl\/x\/\"},{\"@type\":\"ListItem\",\"position\":2,\"name\":\"Inforail\",\"item\":\"https:\/\/transinfo.pl\/x\/inforail\/\"},{\"@type\":\"ListItem\",\"position\":3,\"name\":\"Kilka miesi\u0119cy bez przejazdu kolejowego. W Radzionkowie\"}]},{\"@type\":\"WebSite\",\"@id\":\"https:\/\/transinfo.pl\/x\/#website\",\"url\":\"https:\/\/transinfo.pl\/x\/\",\"name\":\"TransInfo Archiwum\",\"description\":\"Ca\u0142y transport w jednym miejscu\",\"publisher\":{\"@id\":\"https:\/\/transinfo.pl\/x\/#organization\"},\"potentialAction\":[{\"@type\":\"SearchAction\",\"target\":{\"@type\":\"EntryPoint\",\"urlTemplate\":\"https:\/\/transinfo.pl\/x\/?s={search_term_string}\"},\"query-input\":{\"@type\":\"PropertyValueSpecification\",\"valueRequired\":true,\"valueName\":\"search_term_string\"}}],\"inLanguage\":\"pl-PL\"},{\"@type\":\"Organization\",\"@id\":\"https:\/\/transinfo.pl\/x\/#organization\",\"name\":\"TransInfo\",\"url\":\"https:\/\/transinfo.pl\/x\/\",\"logo\":{\"@type\":\"ImageObject\",\"inLanguage\":\"pl-PL\",\"@id\":\"https:\/\/transinfo.pl\/x\/#\/schema\/logo\/image\/\",\"url\":\"https:\/\/transinfo.pl\/x\/wp-content\/uploads\/2024\/10\/favicon.png\",\"contentUrl\":\"https:\/\/transinfo.pl\/x\/wp-content\/uploads\/2024\/10\/favicon.png\",\"width\":512,\"height\":512,\"caption\":\"TransInfo\"},\"image\":{\"@id\":\"https:\/\/transinfo.pl\/x\/#\/schema\/logo\/image\/\"}}]}<\/script>\n<!-- \/ Yoast SEO Premium plugin. -->","yoast_head_json":{"title":"Kilka miesi\u0119cy bez przejazdu kolejowego. W Radzionkowie - TransInfo Archiwum","description":"PKP PLK poinformowa\u0142o, \u017ce w pi\u0105tek, 12 kwietnia 2024 roku, wieczorem rozpoczn\u0105 si\u0119 prace na przeje\u017adzie kolejowym w Radzionkowie.","robots":{"index":"index","follow":"follow","max-snippet":"max-snippet:-1","max-image-preview":"max-image-preview:large","max-video-preview":"max-video-preview:-1"},"canonical":"https:\/\/transinfo.pl\/x\/inforail\/kilka-miesiecy-bez-przejazdu-kolejowego-w-radzionkowie\/","og_locale":"pl_PL","og_type":"article","og_title":"Kilka miesi\u0119cy bez przejazdu kolejowego. W Radzionkowie","og_description":"PKP PLK poinformowa\u0142o, \u017ce w pi\u0105tek, 12 kwietnia 2024 roku, wieczorem rozpoczn\u0105 si\u0119 prace na przeje\u017adzie kolejowym w Radzionkowie.","og_url":"https:\/\/transinfo.pl\/x\/inforail\/kilka-miesiecy-bez-przejazdu-kolejowego-w-radzionkowie\/","og_site_name":"TransInfo Archiwum","og_image":[{"url":"https:\/\/transinfo.pl\/x\/wp-content\/uploads\/2024\/04\/csm_Krzyz_sw._Andrzeja_u_sygnalizator_swietlny_na_przejezdzie_kolejowo-drogowym__fot._PLK_938728de5c-1.jpg","width":1,"height":1,"type":"image\/jpeg"}],"twitter_card":"summary_large_image","twitter_misc":{"Szacowany czas czytania":"2 minuty"},"schema":{"@context":"https:\/\/schema.org","@graph":[{"@type":"WebPage","@id":"https:\/\/transinfo.pl\/x\/inforail\/kilka-miesiecy-bez-przejazdu-kolejowego-w-radzionkowie\/","url":"https:\/\/transinfo.pl\/x\/inforail\/kilka-miesiecy-bez-przejazdu-kolejowego-w-radzionkowie\/","name":"Kilka miesi\u0119cy bez przejazdu kolejowego. W Radzionkowie - TransInfo Archiwum","isPartOf":{"@id":"https:\/\/transinfo.pl\/x\/#website"},"primaryImageOfPage":{"@id":"https:\/\/transinfo.pl\/x\/inforail\/kilka-miesiecy-bez-przejazdu-kolejowego-w-radzionkowie\/#primaryimage"},"image":{"@id":"https:\/\/transinfo.pl\/x\/inforail\/kilka-miesiecy-bez-przejazdu-kolejowego-w-radzionkowie\/#primaryimage"},"thumbnailUrl":"https:\/\/transinfo.pl\/x\/wp-content\/uploads\/2024\/04\/csm_Krzyz_sw._Andrzeja_u_sygnalizator_swietlny_na_przejezdzie_kolejowo-drogowym__fot._PLK_938728de5c-1.jpg","datePublished":"2024-04-11T16:45:00+00:00","dateModified":"2024-04-11T16:45:00+00:00","description":"PKP PLK poinformowa\u0142o, \u017ce w pi\u0105tek, 12 kwietnia 2024 roku, wieczorem rozpoczn\u0105 si\u0119 prace na przeje\u017adzie kolejowym w Radzionkowie.","breadcrumb":{"@id":"https:\/\/transinfo.pl\/x\/inforail\/kilka-miesiecy-bez-przejazdu-kolejowego-w-radzionkowie\/#breadcrumb"},"inLanguage":"pl-PL","potentialAction":[{"@type":"ReadAction","target":["https:\/\/transinfo.pl\/x\/inforail\/kilka-miesiecy-bez-przejazdu-kolejowego-w-radzionkowie\/"]}]},{"@type":"ImageObject","inLanguage":"pl-PL","@id":"https:\/\/transinfo.pl\/x\/inforail\/kilka-miesiecy-bez-przejazdu-kolejowego-w-radzionkowie\/#primaryimage","url":"https:\/\/transinfo.pl\/x\/wp-content\/uploads\/2024\/04\/csm_Krzyz_sw._Andrzeja_u_sygnalizator_swietlny_na_przejezdzie_kolejowo-drogowym__fot._PLK_938728de5c-1.jpg","contentUrl":"https:\/\/transinfo.pl\/x\/wp-content\/uploads\/2024\/04\/csm_Krzyz_sw._Andrzeja_u_sygnalizator_swietlny_na_przejezdzie_kolejowo-drogowym__fot._PLK_938728de5c-1.jpg"},{"@type":"BreadcrumbList","@id":"https:\/\/transinfo.pl\/x\/inforail\/kilka-miesiecy-bez-przejazdu-kolejowego-w-radzionkowie\/#breadcrumb","itemListElement":[{"@type":"ListItem","position":1,"name":"Home","item":"https:\/\/transinfo.pl\/x\/"},{"@type":"ListItem","position":2,"name":"Inforail","item":"https:\/\/transinfo.pl\/x\/inforail\/"},{"@type":"ListItem","position":3,"name":"Kilka miesi\u0119cy bez przejazdu kolejowego. W Radzionkowie"}]},{"@type":"WebSite","@id":"https:\/\/transinfo.pl\/x\/#website","url":"https:\/\/transinfo.pl\/x\/","name":"TransInfo Archiwum","description":"Ca\u0142y transport w jednym miejscu","publisher":{"@id":"https:\/\/transinfo.pl\/x\/#organization"},"potentialAction":[{"@type":"SearchAction","target":{"@type":"EntryPoint","urlTemplate":"https:\/\/transinfo.pl\/x\/?s={search_term_string}"},"query-input":{"@type":"PropertyValueSpecification","valueRequired":true,"valueName":"search_term_string"}}],"inLanguage":"pl-PL"},{"@type":"Organization","@id":"https:\/\/transinfo.pl\/x\/#organization","name":"TransInfo","url":"https:\/\/transinfo.pl\/x\/","logo":{"@type":"ImageObject","inLanguage":"pl-PL","@id":"https:\/\/transinfo.pl\/x\/#\/schema\/logo\/image\/","url":"https:\/\/transinfo.pl\/x\/wp-content\/uploads\/2024\/10\/favicon.png","contentUrl":"https:\/\/transinfo.pl\/x\/wp-content\/uploads\/2024\/10\/favicon.png","width":512,"height":512,"caption":"TransInfo"},"image":{"@id":"https:\/\/transinfo.pl\/x\/#\/schema\/logo\/image\/"}}]}},"_links":{"self":[{"href":"https:\/\/transinfo.pl\/x\/wp-json\/wp\/v2\/inforail\/267701","targetHints":{"allow":["GET"]}}],"collection":[{"href":"https:\/\/transinfo.pl\/x\/wp-json\/wp\/v2\/inforail"}],"about":[{"href":"https:\/\/transinfo.pl\/x\/wp-json\/wp\/v2\/types\/inforail"}],"author":[{"embeddable":true,"href":"https:\/\/transinfo.pl\/x\/wp-json\/wp\/v2\/users\/3"}],"replies":[{"embeddable":true,"href":"https:\/\/transinfo.pl\/x\/wp-json\/wp\/v2\/comments?post=267701"}],"wp:featuredmedia":[{"embeddable":true,"href":"https:\/\/transinfo.pl\/x\/wp-json\/wp\/v2\/media\/267702"}],"wp:attachment":[{"href":"https:\/\/transinfo.pl\/x\/wp-json\/wp\/v2\/media?parent=267701"}],"wp:term":[{"taxonomy":"category","embeddable":true,"href":"https:\/\/transinfo.pl\/x\/wp-json\/wp\/v2\/categories?post=267701"},{"taxonomy":"post_tag","embeddable":true,"href":"https:\/\/transinfo.pl\/x\/wp-json\/wp\/v2\/tags?post=267701"}],"curies":[{"name":"wp","href":"https:\/\/api.w.org\/{rel}","templated":true}]}}