{"id":267660,"date":"2024-04-11T11:45:00","date_gmt":"2024-04-11T11:45:00","guid":{"rendered":"https:\/\/transinfo.pl\/x\/inforail\/arriva-pokazala-jeden-ze-zmodernizowanych-pociagow-pasazerow-zabierze-w-grudniu\/"},"modified":"2024-04-11T11:45:00","modified_gmt":"2024-04-11T11:45:00","slug":"arriva-pokazala-jeden-ze-zmodernizowanych-pociagow-pasazerow-zabierze-w-grudniu","status":"publish","type":"inforail","link":"https:\/\/transinfo.pl\/x\/inforail\/arriva-pokazala-jeden-ze-zmodernizowanych-pociagow-pasazerow-zabierze-w-grudniu\/","title":{"rendered":"Arriva pokaza\u0142a jeden ze zmodernizowanych poci\u0105g\u00f3w. Pasa\u017cer\u00f3w zabierze w grudniu"},"content":{"rendered":"<style>h1,h2,h3,h4,h5,h6{margin:0 0 1.25rem;font-family:Arial,sans-serif;font-weight:600;color:#050505}h1{font-size:1.875rem;line-height:1.1em;text-transform:none}@media(min-width: 768px){h1{font-size:2.375rem}}h2{font-size:1.1875rem;line-height:1.2em;text-transform:uppercase}@media(min-width: 768px){h2{font-size:1.0625rem}}h3{font-size:0.9375rem;line-height:1.4em;font-weight:900;margin-bottom:0.9375rem}h4{font-size:0.875rem;line-height:1.2em;font-weight:500}h5{font-size:0.9375rem;line-height:1.6;font-weight:400}h6{font-size:0.9375rem;line-height:1.6;font-weight:600}\n<\/style>\n<h3 class=\"wp-block-heading\" id=\"h-w-breclaviu-arriva-pokazala-jeden-ze-zmodernizowanych-pociagow-dla-regionu-poludniowomorawskiego-na-trasy-wyjada-w-polowie-grudnia\">W B\u0159eclaviu Arriva pokaza\u0142a jeden ze zmodernizowanych poci\u0105g\u00f3w dla regionu po\u0142udniowomorawskiego. Na trasy wyjad\u0105 w po\u0142owie grudnia.<\/h3>\n\n\n<style>p{margin:0 0 1.5rem}p:last-child{margin:0}p.is-style-uppercase{text-transform:uppercase}p.is-style-preheading{color:#12406a;text-transform:uppercase}p.is-style-leadparagraph{font-size:1rem;line-height:1.625;font-weight:700}@media(min-width: 768px){p.is-style-leadparagraph{font-size:1.125rem;line-height:1.5555555556}}p.has-small-margin{margin-bottom:0.625rem}p.has-small-margin+h1,p.has-small-margin+h2,p.has-small-margin+h3{margin-top:1.875rem}\n<\/style>\n<p>Przewo\u017anik w zesz\u0142ym roku podpisa\u0142 umow\u0119 z Krajem Po\u0142udniowomorawskim na obs\u0142ug\u0119 funkcjonowania trzech linii kolejowych w B\u0159eclaviu, Hodon\u00ednie i Znojmie.<\/p>\n\n\n\n<h2 class=\"wp-block-heading\" id=\"h-zmodernizowany-tabor\">Zmodernizowany tabor<\/h2>\n\n\n\n<p>Cz\u0119\u015bci\u0105 umowy jest m.in. wym\u00f3g modernizacji eksploatowanych sk\u0142ad\u00f3w Stadler GTW, kt\u00f3re zakupione zosta\u0142y w Niemczech i kt\u00f3re b\u0119d\u0105 wdra\u017cane na liniach. W \u015brod\u0119, 10 kwietnia 2024 roku, na stacji w B\u0159eclaviu zmodernizowany poci\u0105g zaprezentowano przedstawicielom Kraju Po\u0142udniowomorawskiego, dziennikarzom i pasa\u017cerom.<\/p>\n\n\n\n<p><\/p>\n\n\n<style>.wp-block-image{margin:1.25rem 0;text-align:center}.wp-block-image figcaption{padding:0 0.9375rem;text-align:center}\n<\/style>\n<figure class=\"wp-block-image size-large\"><a href=\"https:\/\/transinfo.pl\/wp-content\/uploads\/2024\/04\/arriva1.jpg\"><img decoding=\"async\" src=\"https:\/\/transinfo.pl\/wp-content\/uploads\/2024\/04\/arriva1-1024x682.jpg\" alt=\"W B\u0159eclaviu Arriva pokaza\u0142a jeden ze zmodernizowanych poci\u0105g\u00f3w dla regionu po\u0142udniowomorawskiego. Na trasy wyjad\u0105 w po\u0142owie grudnia.\" class=\"wp-image-470983\" \/><\/a><figcaption class=\"wp-element-caption\">Sk\u0142ad Arrivy<\/figcaption><\/figure>\n\n\n\n<p><\/p>\n\n\n\n<p>13 zmodernizowanych, klimatyzowanych i niskopod\u0142ogowych poci\u0105g\u00f3w b\u0119dzie kursowa\u0107 na liniach S8 Znojmo \u2013 Mikulov \u2013 B\u0159eclav, S52 Zaje\u010d\u00ed \u2013 Kobyl\u00ed (\u2013 Hodon\u00edn) i S91 Hodon\u00edn \u2013 Vesel\u00ed nad Moravou \u2013 Velk\u00e1 nad Veli\u010dkou \u2013 Vrbovce (\u2013 Myjava) od 15 grudnia 2024 roku.<\/p>\n\n\n\n<p>Poci\u0105gi nie maj\u0105 schod\u00f3w przy drzwiach, wi\u0119c wsiadanie i wysiadanie b\u0119dzie \u0142atwiejsze. Sama podr\u00f3\u017c b\u0119dzie komfortowa \u2013 poci\u0105gi maj\u0105 klimatyzowane wn\u0119trze, \u0142\u0105cze WiFi, gniazdka i porty USB do \u0142adowania elektroniki czy czytelny system informacji. Poci\u0105gi \u2013 i np. siedzenia \u2013 s\u0105 w barwach Kraju Po\u0142udniowomorawskiego.<\/p>\n\n\n\n<p><\/p>\n\n\n\n<figure class=\"wp-block-gallery has-nested-images columns-default is-cropped wp-block-gallery-1 is-layout-flex wp-block-gallery-is-layout-flex\">\n<figure class=\"wp-block-image size-large\"><a href=\"https:\/\/transinfo.pl\/wp-content\/uploads\/2024\/04\/arriva3.jpg\"><img decoding=\"async\" data-id=\"470985\" src=\"https:\/\/transinfo.pl\/wp-content\/uploads\/2024\/04\/arriva3-1024x682.jpg\" alt=\"W B\u0159eclaviu Arriva pokaza\u0142a jeden ze zmodernizowanych poci\u0105g\u00f3w dla regionu po\u0142udniowomorawskiego. Na trasy wyjad\u0105 w po\u0142owie grudnia.\" class=\"wp-image-470985\" \/><\/a><figcaption class=\"wp-element-caption\">Sk\u0142ad Arrivy<\/figcaption><\/figure>\n\n\n\n<figure class=\"wp-block-image size-large\"><a href=\"https:\/\/transinfo.pl\/wp-content\/uploads\/2024\/04\/arriva4.jpg\"><img decoding=\"async\" data-id=\"470986\" src=\"https:\/\/transinfo.pl\/wp-content\/uploads\/2024\/04\/arriva4-1024x682.jpg\" alt=\"W B\u0159eclaviu Arriva pokaza\u0142a jeden ze zmodernizowanych poci\u0105g\u00f3w dla regionu po\u0142udniowomorawskiego. Na trasy wyjad\u0105 w po\u0142owie grudnia.\" class=\"wp-image-470986\" \/><\/a><figcaption class=\"wp-element-caption\">Sk\u0142ad Arrivy<\/figcaption><\/figure>\n<\/figure>\n\n\n\n<p><\/p>\n\n\n\n<p>Sk\u0142ady te b\u0119d\u0105 kursowa\u0107 w rejonie, w kt\u00f3rym jest du\u017co rowerzyst\u00f3w, dlatego podczas modernizacji zmieniono rozmieszczenie siedze\u0144 i tym samym zwi\u0119kszono przestrze\u0144 do przewozu rower\u00f3w i w\u00f3zk\u00f3w dzieci\u0119cych. W poci\u0105gu pojawi si\u0119 tak\u017ce automat do zakupu bilet\u00f3w IDS JMK oraz bilet\u00f3w OneTicket. W ramach modyfikacji technicznych zostanie w nich zamontowany system ETCS, z kt\u00f3rym b\u0119d\u0105 je\u017adzi\u0107 od grudnia 2025 roku.<\/p>\n\n\n\n<p><\/p>\n\n\n\n<figure class=\"wp-block-image size-large\"><a href=\"https:\/\/transinfo.pl\/wp-content\/uploads\/2024\/04\/arriva2.jpg\"><img decoding=\"async\" src=\"https:\/\/transinfo.pl\/wp-content\/uploads\/2024\/04\/arriva2-682x1024.jpg\" alt=\"W B\u0159eclaviu Arriva pokaza\u0142a jeden ze zmodernizowanych poci\u0105g\u00f3w dla regionu po\u0142udniowomorawskiego. Na trasy wyjad\u0105 w po\u0142owie grudnia.\" class=\"wp-image-470984\" \/><\/a><figcaption class=\"wp-element-caption\">Sk\u0142ad Arrivy<\/figcaption><\/figure>\n","protected":false},"author":3,"featured_media":92486,"comment_status":"","ping_status":"closed","template":"","categories":[26],"tags":[595,506,61,915,66],"class_list":["post-267660","inforail","type-inforail","status-publish","has-post-thumbnail","hentry","category-przewoznicy","tag-arriva","tag-czechy","tag-kolej","tag-modernizacja","tag-pociag"],"acf":[],"yoast_head":"<!-- This site is optimized with the Yoast SEO Premium plugin v21.8 (Yoast SEO v23.7) - https:\/\/yoast.com\/wordpress\/plugins\/seo\/ -->\n<title>Arriva pokaza\u0142a jeden ze zmodernizowanych poci\u0105g\u00f3w. Pasa\u017cer\u00f3w zabierze w grudniu - TransInfo Archiwum<\/title>\n<meta name=\"description\" content=\"W B\u0159eclaviu Arriva pokaza\u0142a jeden ze zmodernizowanych poci\u0105g\u00f3w dla regionu po\u0142udniowomorawskiego. Na trasy wyjad\u0105 w po\u0142owie grudnia.\" \/>\n<meta name=\"robots\" content=\"index, follow, max-snippet:-1, max-image-preview:large, max-video-preview:-1\" \/>\n<link rel=\"canonical\" href=\"https:\/\/transinfo.pl\/x\/inforail\/arriva-pokazala-jeden-ze-zmodernizowanych-pociagow-pasazerow-zabierze-w-grudniu\/\" \/>\n<meta property=\"og:locale\" content=\"pl_PL\" \/>\n<meta property=\"og:type\" content=\"article\" \/>\n<meta property=\"og:title\" content=\"Arriva pokaza\u0142a jeden ze zmodernizowanych poci\u0105g\u00f3w. Pasa\u017cer\u00f3w zabierze w grudniu\" \/>\n<meta property=\"og:description\" content=\"W B\u0159eclaviu Arriva pokaza\u0142a jeden ze zmodernizowanych poci\u0105g\u00f3w dla regionu po\u0142udniowomorawskiego. Na trasy wyjad\u0105 w po\u0142owie grudnia.\" \/>\n<meta property=\"og:url\" content=\"https:\/\/transinfo.pl\/x\/inforail\/arriva-pokazala-jeden-ze-zmodernizowanych-pociagow-pasazerow-zabierze-w-grudniu\/\" \/>\n<meta property=\"og:site_name\" content=\"TransInfo Archiwum\" \/>\n<meta property=\"og:image\" content=\"https:\/\/transinfo.pl\/x\/wp-content\/uploads\/2023\/05\/arriva.jpg\" \/>\n\t<meta property=\"og:image:width\" content=\"1\" \/>\n\t<meta property=\"og:image:height\" content=\"1\" \/>\n\t<meta property=\"og:image:type\" content=\"image\/jpeg\" \/>\n<meta name=\"twitter:card\" content=\"summary_large_image\" \/>\n<meta name=\"twitter:label1\" content=\"Szacowany czas czytania\" \/>\n\t<meta name=\"twitter:data1\" content=\"1 minuta\" \/>\n<script type=\"application\/ld+json\" class=\"yoast-schema-graph\">{\"@context\":\"https:\/\/schema.org\",\"@graph\":[{\"@type\":\"WebPage\",\"@id\":\"https:\/\/transinfo.pl\/x\/inforail\/arriva-pokazala-jeden-ze-zmodernizowanych-pociagow-pasazerow-zabierze-w-grudniu\/\",\"url\":\"https:\/\/transinfo.pl\/x\/inforail\/arriva-pokazala-jeden-ze-zmodernizowanych-pociagow-pasazerow-zabierze-w-grudniu\/\",\"name\":\"Arriva pokaza\u0142a jeden ze zmodernizowanych poci\u0105g\u00f3w. Pasa\u017cer\u00f3w zabierze w grudniu - TransInfo Archiwum\",\"isPartOf\":{\"@id\":\"https:\/\/transinfo.pl\/x\/#website\"},\"primaryImageOfPage\":{\"@id\":\"https:\/\/transinfo.pl\/x\/inforail\/arriva-pokazala-jeden-ze-zmodernizowanych-pociagow-pasazerow-zabierze-w-grudniu\/#primaryimage\"},\"image\":{\"@id\":\"https:\/\/transinfo.pl\/x\/inforail\/arriva-pokazala-jeden-ze-zmodernizowanych-pociagow-pasazerow-zabierze-w-grudniu\/#primaryimage\"},\"thumbnailUrl\":\"https:\/\/transinfo.pl\/x\/wp-content\/uploads\/2023\/05\/arriva.jpg\",\"datePublished\":\"2024-04-11T11:45:00+00:00\",\"dateModified\":\"2024-04-11T11:45:00+00:00\",\"description\":\"W B\u0159eclaviu Arriva pokaza\u0142a jeden ze zmodernizowanych poci\u0105g\u00f3w dla regionu po\u0142udniowomorawskiego. Na trasy wyjad\u0105 w po\u0142owie grudnia.\",\"breadcrumb\":{\"@id\":\"https:\/\/transinfo.pl\/x\/inforail\/arriva-pokazala-jeden-ze-zmodernizowanych-pociagow-pasazerow-zabierze-w-grudniu\/#breadcrumb\"},\"inLanguage\":\"pl-PL\",\"potentialAction\":[{\"@type\":\"ReadAction\",\"target\":[\"https:\/\/transinfo.pl\/x\/inforail\/arriva-pokazala-jeden-ze-zmodernizowanych-pociagow-pasazerow-zabierze-w-grudniu\/\"]}]},{\"@type\":\"ImageObject\",\"inLanguage\":\"pl-PL\",\"@id\":\"https:\/\/transinfo.pl\/x\/inforail\/arriva-pokazala-jeden-ze-zmodernizowanych-pociagow-pasazerow-zabierze-w-grudniu\/#primaryimage\",\"url\":\"https:\/\/transinfo.pl\/x\/wp-content\/uploads\/2023\/05\/arriva.jpg\",\"contentUrl\":\"https:\/\/transinfo.pl\/x\/wp-content\/uploads\/2023\/05\/arriva.jpg\"},{\"@type\":\"BreadcrumbList\",\"@id\":\"https:\/\/transinfo.pl\/x\/inforail\/arriva-pokazala-jeden-ze-zmodernizowanych-pociagow-pasazerow-zabierze-w-grudniu\/#breadcrumb\",\"itemListElement\":[{\"@type\":\"ListItem\",\"position\":1,\"name\":\"Home\",\"item\":\"https:\/\/transinfo.pl\/x\/\"},{\"@type\":\"ListItem\",\"position\":2,\"name\":\"Inforail\",\"item\":\"https:\/\/transinfo.pl\/x\/inforail\/\"},{\"@type\":\"ListItem\",\"position\":3,\"name\":\"Arriva pokaza\u0142a jeden ze zmodernizowanych poci\u0105g\u00f3w. Pasa\u017cer\u00f3w zabierze w grudniu\"}]},{\"@type\":\"WebSite\",\"@id\":\"https:\/\/transinfo.pl\/x\/#website\",\"url\":\"https:\/\/transinfo.pl\/x\/\",\"name\":\"TransInfo Archiwum\",\"description\":\"Ca\u0142y transport w jednym miejscu\",\"publisher\":{\"@id\":\"https:\/\/transinfo.pl\/x\/#organization\"},\"potentialAction\":[{\"@type\":\"SearchAction\",\"target\":{\"@type\":\"EntryPoint\",\"urlTemplate\":\"https:\/\/transinfo.pl\/x\/?s={search_term_string}\"},\"query-input\":{\"@type\":\"PropertyValueSpecification\",\"valueRequired\":true,\"valueName\":\"search_term_string\"}}],\"inLanguage\":\"pl-PL\"},{\"@type\":\"Organization\",\"@id\":\"https:\/\/transinfo.pl\/x\/#organization\",\"name\":\"TransInfo\",\"url\":\"https:\/\/transinfo.pl\/x\/\",\"logo\":{\"@type\":\"ImageObject\",\"inLanguage\":\"pl-PL\",\"@id\":\"https:\/\/transinfo.pl\/x\/#\/schema\/logo\/image\/\",\"url\":\"https:\/\/transinfo.pl\/x\/wp-content\/uploads\/2024\/10\/favicon.png\",\"contentUrl\":\"https:\/\/transinfo.pl\/x\/wp-content\/uploads\/2024\/10\/favicon.png\",\"width\":512,\"height\":512,\"caption\":\"TransInfo\"},\"image\":{\"@id\":\"https:\/\/transinfo.pl\/x\/#\/schema\/logo\/image\/\"}}]}<\/script>\n<!-- \/ Yoast SEO Premium plugin. -->","yoast_head_json":{"title":"Arriva pokaza\u0142a jeden ze zmodernizowanych poci\u0105g\u00f3w. Pasa\u017cer\u00f3w zabierze w grudniu - TransInfo Archiwum","description":"W B\u0159eclaviu Arriva pokaza\u0142a jeden ze zmodernizowanych poci\u0105g\u00f3w dla regionu po\u0142udniowomorawskiego. Na trasy wyjad\u0105 w po\u0142owie grudnia.","robots":{"index":"index","follow":"follow","max-snippet":"max-snippet:-1","max-image-preview":"max-image-preview:large","max-video-preview":"max-video-preview:-1"},"canonical":"https:\/\/transinfo.pl\/x\/inforail\/arriva-pokazala-jeden-ze-zmodernizowanych-pociagow-pasazerow-zabierze-w-grudniu\/","og_locale":"pl_PL","og_type":"article","og_title":"Arriva pokaza\u0142a jeden ze zmodernizowanych poci\u0105g\u00f3w. Pasa\u017cer\u00f3w zabierze w grudniu","og_description":"W B\u0159eclaviu Arriva pokaza\u0142a jeden ze zmodernizowanych poci\u0105g\u00f3w dla regionu po\u0142udniowomorawskiego. Na trasy wyjad\u0105 w po\u0142owie grudnia.","og_url":"https:\/\/transinfo.pl\/x\/inforail\/arriva-pokazala-jeden-ze-zmodernizowanych-pociagow-pasazerow-zabierze-w-grudniu\/","og_site_name":"TransInfo Archiwum","og_image":[{"url":"https:\/\/transinfo.pl\/x\/wp-content\/uploads\/2023\/05\/arriva.jpg","width":1,"height":1,"type":"image\/jpeg"}],"twitter_card":"summary_large_image","twitter_misc":{"Szacowany czas czytania":"1 minuta"},"schema":{"@context":"https:\/\/schema.org","@graph":[{"@type":"WebPage","@id":"https:\/\/transinfo.pl\/x\/inforail\/arriva-pokazala-jeden-ze-zmodernizowanych-pociagow-pasazerow-zabierze-w-grudniu\/","url":"https:\/\/transinfo.pl\/x\/inforail\/arriva-pokazala-jeden-ze-zmodernizowanych-pociagow-pasazerow-zabierze-w-grudniu\/","name":"Arriva pokaza\u0142a jeden ze zmodernizowanych poci\u0105g\u00f3w. Pasa\u017cer\u00f3w zabierze w grudniu - TransInfo Archiwum","isPartOf":{"@id":"https:\/\/transinfo.pl\/x\/#website"},"primaryImageOfPage":{"@id":"https:\/\/transinfo.pl\/x\/inforail\/arriva-pokazala-jeden-ze-zmodernizowanych-pociagow-pasazerow-zabierze-w-grudniu\/#primaryimage"},"image":{"@id":"https:\/\/transinfo.pl\/x\/inforail\/arriva-pokazala-jeden-ze-zmodernizowanych-pociagow-pasazerow-zabierze-w-grudniu\/#primaryimage"},"thumbnailUrl":"https:\/\/transinfo.pl\/x\/wp-content\/uploads\/2023\/05\/arriva.jpg","datePublished":"2024-04-11T11:45:00+00:00","dateModified":"2024-04-11T11:45:00+00:00","description":"W B\u0159eclaviu Arriva pokaza\u0142a jeden ze zmodernizowanych poci\u0105g\u00f3w dla regionu po\u0142udniowomorawskiego. Na trasy wyjad\u0105 w po\u0142owie grudnia.","breadcrumb":{"@id":"https:\/\/transinfo.pl\/x\/inforail\/arriva-pokazala-jeden-ze-zmodernizowanych-pociagow-pasazerow-zabierze-w-grudniu\/#breadcrumb"},"inLanguage":"pl-PL","potentialAction":[{"@type":"ReadAction","target":["https:\/\/transinfo.pl\/x\/inforail\/arriva-pokazala-jeden-ze-zmodernizowanych-pociagow-pasazerow-zabierze-w-grudniu\/"]}]},{"@type":"ImageObject","inLanguage":"pl-PL","@id":"https:\/\/transinfo.pl\/x\/inforail\/arriva-pokazala-jeden-ze-zmodernizowanych-pociagow-pasazerow-zabierze-w-grudniu\/#primaryimage","url":"https:\/\/transinfo.pl\/x\/wp-content\/uploads\/2023\/05\/arriva.jpg","contentUrl":"https:\/\/transinfo.pl\/x\/wp-content\/uploads\/2023\/05\/arriva.jpg"},{"@type":"BreadcrumbList","@id":"https:\/\/transinfo.pl\/x\/inforail\/arriva-pokazala-jeden-ze-zmodernizowanych-pociagow-pasazerow-zabierze-w-grudniu\/#breadcrumb","itemListElement":[{"@type":"ListItem","position":1,"name":"Home","item":"https:\/\/transinfo.pl\/x\/"},{"@type":"ListItem","position":2,"name":"Inforail","item":"https:\/\/transinfo.pl\/x\/inforail\/"},{"@type":"ListItem","position":3,"name":"Arriva pokaza\u0142a jeden ze zmodernizowanych poci\u0105g\u00f3w. Pasa\u017cer\u00f3w zabierze w grudniu"}]},{"@type":"WebSite","@id":"https:\/\/transinfo.pl\/x\/#website","url":"https:\/\/transinfo.pl\/x\/","name":"TransInfo Archiwum","description":"Ca\u0142y transport w jednym miejscu","publisher":{"@id":"https:\/\/transinfo.pl\/x\/#organization"},"potentialAction":[{"@type":"SearchAction","target":{"@type":"EntryPoint","urlTemplate":"https:\/\/transinfo.pl\/x\/?s={search_term_string}"},"query-input":{"@type":"PropertyValueSpecification","valueRequired":true,"valueName":"search_term_string"}}],"inLanguage":"pl-PL"},{"@type":"Organization","@id":"https:\/\/transinfo.pl\/x\/#organization","name":"TransInfo","url":"https:\/\/transinfo.pl\/x\/","logo":{"@type":"ImageObject","inLanguage":"pl-PL","@id":"https:\/\/transinfo.pl\/x\/#\/schema\/logo\/image\/","url":"https:\/\/transinfo.pl\/x\/wp-content\/uploads\/2024\/10\/favicon.png","contentUrl":"https:\/\/transinfo.pl\/x\/wp-content\/uploads\/2024\/10\/favicon.png","width":512,"height":512,"caption":"TransInfo"},"image":{"@id":"https:\/\/transinfo.pl\/x\/#\/schema\/logo\/image\/"}}]}},"_links":{"self":[{"href":"https:\/\/transinfo.pl\/x\/wp-json\/wp\/v2\/inforail\/267660","targetHints":{"allow":["GET"]}}],"collection":[{"href":"https:\/\/transinfo.pl\/x\/wp-json\/wp\/v2\/inforail"}],"about":[{"href":"https:\/\/transinfo.pl\/x\/wp-json\/wp\/v2\/types\/inforail"}],"author":[{"embeddable":true,"href":"https:\/\/transinfo.pl\/x\/wp-json\/wp\/v2\/users\/3"}],"replies":[{"embeddable":true,"href":"https:\/\/transinfo.pl\/x\/wp-json\/wp\/v2\/comments?post=267660"}],"wp:featuredmedia":[{"embeddable":true,"href":"https:\/\/transinfo.pl\/x\/wp-json\/wp\/v2\/media\/92486"}],"wp:attachment":[{"href":"https:\/\/transinfo.pl\/x\/wp-json\/wp\/v2\/media?parent=267660"}],"wp:term":[{"taxonomy":"category","embeddable":true,"href":"https:\/\/transinfo.pl\/x\/wp-json\/wp\/v2\/categories?post=267660"},{"taxonomy":"post_tag","embeddable":true,"href":"https:\/\/transinfo.pl\/x\/wp-json\/wp\/v2\/tags?post=267660"}],"curies":[{"name":"wp","href":"https:\/\/api.w.org\/{rel}","templated":true}]}}